{"id":3521,"date":"2024-10-10T13:20:10","date_gmt":"2024-10-10T11:20:10","guid":{"rendered":"https:\/\/www.spaziomuseovespa.com\/entdecken-sie-rom-und-seine-denkmaeler\/colonna-di-marco-aurelio\/"},"modified":"2024-10-25T13:54:31","modified_gmt":"2024-10-25T11:54:31","slug":"colonna-di-marco-aurelio","status":"publish","type":"page","link":"https:\/\/www.spaziomuseovespa.com\/de\/entdecken-sie-rom-und-seine-denkmaeler\/colonna-di-marco-aurelio\/","title":{"rendered":"Colonna di Marco Aurelio"},"content":{"rendered":"\t\t<div data-elementor-type=\"wp-page\" data-elementor-id=\"3521\" class=\"elementor elementor-3521 elementor-1583\" data-elementor-post-type=\"page\">\n\t\t\t\t<div class=\"elementor-element elementor-element-a2c7424 e-flex e-con-boxed e-con e-parent\" data-id=\"a2c7424\" data-element_type=\"container\" data-settings=\"{&quot;background_background&quot;:&quot;classic&quot;}\">\n\t\t\t\t\t<div class=\"e-con-inner\">\n\t\t\t\t<div class=\"elementor-element elementor-element-495600d elementor-widget elementor-widget-heading\" data-id=\"495600d\" data-element_type=\"widget\" data-widget_type=\"heading.default\">\n\t\t\t\t<div class=\"elementor-widget-container\">\n\t\t\t\t\t<h1 class=\"elementor-heading-title elementor-size-default\">Colonna di Marco Aurelio<\/h1>\t\t\t\t<\/div>\n\t\t\t\t<\/div>\n\t\t\t\t\t<\/div>\n\t\t\t\t<\/div>\n\t\t<div class=\"elementor-element elementor-element-fb4dc40 e-flex e-con-boxed e-con e-parent\" data-id=\"fb4dc40\" data-element_type=\"container\">\n\t\t\t\t\t<div class=\"e-con-inner\">\n\t\t\t\t<div class=\"elementor-element elementor-element-e2c4372 elementor-widget elementor-widget-text-editor\" data-id=\"e2c4372\" data-element_type=\"widget\" data-widget_type=\"text-editor.default\">\n\t\t\t\t<div class=\"elementor-widget-container\">\n\t\t\t\t\t\t\t\t\t<p>Erkunden Sie Rom auf zwei R\u00e4dern: Fahrradtour, um die S\u00e4ule des Marc Aurel und historische Denkm\u00e4ler zu entdecken! Erleben Sie Rom wie ein echter Einheimischer! Vespa-Tour zur S\u00e4ule des Marcus Aurel, eine Reise in das Herz der r\u00f6mischen Geschichte. Entdecken Sie Rom auf eine einzigartige Art und Weise mit einer Tuk-Tuk-Tour: von der S\u00e4ule des Marcus Aurel bis zu den verborgenen Sch\u00e4tzen der Ewigen Stadt!   <\/p>\n\t\t\t\t\t\t\t\t<\/div>\n\t\t\t\t<\/div>\n\t\t\t\t\t<\/div>\n\t\t\t\t<\/div>\n\t\t<div class=\"elementor-element elementor-element-c43058d e-flex e-con-boxed e-con e-parent\" data-id=\"c43058d\" data-element_type=\"container\">\n\t\t\t\t\t<div class=\"e-con-inner\">\n\t\t\t\t<div class=\"elementor-element elementor-element-7b26ddd elementor-align-center elementor-mobile-align-center elementor-widget elementor-widget-button\" data-id=\"7b26ddd\" data-element_type=\"widget\" data-widget_type=\"button.default\">\n\t\t\t\t<div class=\"elementor-widget-container\">\n\t\t\t\t\t\t\t\t\t<div class=\"elementor-button-wrapper\">\n\t\t\t\t\t<a class=\"elementor-button elementor-button-link elementor-size-sm\" href=\"https:\/\/bicibaci.com\/de\/\" target=\"_blank\">\n\t\t\t\t\t\t<span class=\"elementor-button-content-wrapper\">\n\t\t\t\t\t\t\t\t\t<span class=\"elementor-button-text\">Bici Baci Ihr idealer Partner, um Rom zu entdecken - Tour und Verleih mit Vespa, Fahrrad, E-Bike, Roller, Tuk Tuk - Erfahren Sie mehr  <\/span>\n\t\t\t\t\t<\/span>\n\t\t\t\t\t<\/a>\n\t\t\t\t<\/div>\n\t\t\t\t\t\t\t\t<\/div>\n\t\t\t\t<\/div>\n\t\t\t\t\t<\/div>\n\t\t\t\t<\/div>\n\t\t<div class=\"elementor-element elementor-element-c1f16f6 e-flex e-con-boxed e-con e-parent\" data-id=\"c1f16f6\" data-element_type=\"container\">\n\t\t\t\t\t<div class=\"e-con-inner\">\n\t\t\t\t<div class=\"elementor-element elementor-element-bd6e412 elementor-widget elementor-widget-image\" data-id=\"bd6e412\" data-element_type=\"widget\" data-widget_type=\"image.default\">\n\t\t\t\t<div class=\"elementor-widget-container\">\n\t\t\t\t\t\t\t\t\t\t\t\t<figure class=\"wp-caption\">\n\t\t\t\t\t\t\t\t\t\t\t<a href=\"https:\/\/www.spaziomuseovespa.com\/wp-content\/uploads\/Colonna-di-Marco-Aurelio-0.jpg\" data-elementor-open-lightbox=\"yes\" data-e-action-hash=\"#elementor-action%3Aaction%3Dlightbox%26settings%3DeyJpZCI6NDM0NCwidXJsIjoiaHR0cHM6XC9cL3d3dy5zcGF6aW9tdXNlb3Zlc3BhLmNvbVwvd3AtY29udGVudFwvdXBsb2Fkc1wvQ29sb25uYS1kaS1NYXJjby1BdXJlbGlvLTAuanBnIn0%3D\">\n\t\t\t\t\t\t\t<img fetchpriority=\"high\" decoding=\"async\" width=\"1920\" height=\"1080\" src=\"https:\/\/www.spaziomuseovespa.com\/wp-content\/uploads\/Colonna-di-Marco-Aurelio-0.jpg\" class=\"attachment-full size-full wp-image-4344\" alt=\"Colonna di Marco Aurelio\" srcset=\"https:\/\/www.spaziomuseovespa.com\/wp-content\/uploads\/Colonna-di-Marco-Aurelio-0.jpg 1920w, https:\/\/www.spaziomuseovespa.com\/wp-content\/uploads\/Colonna-di-Marco-Aurelio-0-300x169.jpg 300w, https:\/\/www.spaziomuseovespa.com\/wp-content\/uploads\/Colonna-di-Marco-Aurelio-0-1024x576.jpg 1024w, https:\/\/www.spaziomuseovespa.com\/wp-content\/uploads\/Colonna-di-Marco-Aurelio-0-768x432.jpg 768w, https:\/\/www.spaziomuseovespa.com\/wp-content\/uploads\/Colonna-di-Marco-Aurelio-0-1536x864.jpg 1536w\" sizes=\"(max-width: 1920px) 100vw, 1920px\" \/>\t\t\t\t\t\t\t\t<\/a>\n\t\t\t\t\t\t\t\t\t\t\t<figcaption class=\"widget-image-caption wp-caption-text\"><\/figcaption>\n\t\t\t\t\t\t\t\t\t\t<\/figure>\n\t\t\t\t\t\t\t\t\t<\/div>\n\t\t\t\t<\/div>\n\t\t\t\t\t<\/div>\n\t\t\t\t<\/div>\n\t\t<div class=\"elementor-element elementor-element-c10a9b9 e-flex e-con-boxed e-con e-parent\" data-id=\"c10a9b9\" data-element_type=\"container\">\n\t\t\t\t\t<div class=\"e-con-inner\">\n\t\t\t\t<div class=\"elementor-element elementor-element-1e06551 elementor-widget elementor-widget-heading\" data-id=\"1e06551\" data-element_type=\"widget\" data-widget_type=\"heading.default\">\n\t\t\t\t<div class=\"elementor-widget-container\">\n\t\t\t\t\t<h2 class=\"elementor-heading-title elementor-size-default\">Was Sie \u00fcber die S\u00e4ule des Marc Aurel wissen m\u00fcssen<\/h2>\t\t\t\t<\/div>\n\t\t\t\t<\/div>\n\t\t\t\t<div class=\"elementor-element elementor-element-e7f071c elementor-widget elementor-widget-text-editor\" data-id=\"e7f071c\" data-element_type=\"widget\" data-widget_type=\"text-editor.default\">\n\t\t\t\t<div class=\"elementor-widget-container\">\n\t\t\t\t\t\t\t\t\t<p>Die S\u00e4ule des Marcus Aurelius ist eines der beeindruckendsten und historisch bedeutendsten Denkm\u00e4ler Roms und befindet sich auf der Piazza Colonna. Sie wurde erbaut, um die milit\u00e4rischen Siege von Kaiser Marc Aurel \u00fcber die germanische und sarmatische Bev\u00f6lkerung zwischen 172 und 175 n. Chr. zu feiern. <\/p>\n<p><strong>Struktur<\/strong>: Die etwa 29,6 Meter hohe S\u00e4ule besteht aus 27 Bl\u00f6cken aus Carrara-Marmor, die Szenen aus den Feldz\u00fcgen des Kaisers darstellen sollen. Die Szenen sind in einem durchgehenden spiralf\u00f6rmigen Relief angeordnet und veranschaulichen die Schlachten und Siege. <\/p>\n<p><strong>Stil<\/strong>: Die S\u00e4ule ist von der ber\u00fchmten Trajanss\u00e4ule inspiriert, hat aber einen sp\u00e4teren Kunststil und eine andere Ausdruckssprache. Die skulpturalen Figuren sind gr\u00f6\u00dfer und weniger detailliert als in der Trajanss\u00e4ule, wobei die Energie der Szenen und die dramatische Intensit\u00e4t der dargestellten Ereignisse st\u00e4rker betont werden. <\/p>\n<p><strong>Inschrift und Restaurierung<\/strong>: Trotz Restaurierungen im Laufe der Zeit gibt es keine originalen Inschriften, die die urspr\u00fcngliche Widmung mit Sicherheit best\u00e4tigen k\u00f6nnen. Die S\u00e4ule wurde jedoch eindeutig zu Ehren von Marc Aurel errichtet, und 1589 lie\u00df Papst Sixtus V. eine Statue des Heiligen Paulus auf der Spitze aufstellen, die die urspr\u00fcngliche Statue des Kaisers ersetzte, die heute verloren ist. <\/p>\n<p><strong>Ikonographie und Skulpturen: <\/strong>Die S\u00e4ule zeigt eine Reihe von Reliefs, die die Markomannenkriege beschreiben, eine Reihe von Konflikten, die entlang der Nordgrenze des R\u00f6mischen Reiches ausgetragen wurden. Die Reliefs sind in ein spiralf\u00f6rmiges Band geschnitzt, das sich 21 Mal um die S\u00e4ule wickelt und so eine kontinuierliche visuelle Erz\u00e4hlung schafft. Die Szenen zeigen Schlachten, Opfer, Reden und Momente der Ruhe der r\u00f6mischen Truppen. Insbesondere werden Momente von gro\u00dfer emotionaler und symbolischer Wirkung hervorgehoben, wie die Episode des Wunders des Regens, in der ein wundersamer Sturm die r\u00f6mische Armee vor der Belagerung durch die Barbaren rettet. Dieses Wunder, das auf g\u00f6ttliches Eingreifen zur\u00fcckgef\u00fchrt wird, wird oft als Beweis f\u00fcr die Unterst\u00fctzung des Kaisers durch die G\u00f6tter gedeutet.    <\/p>\n<p><strong>Innere Struktur: <\/strong>Im Inneren der S\u00e4ule befindet sich eine Wendeltreppe mit 203 Stufen, die es Ihnen erm\u00f6glicht, die Spitze zu erreichen. Die Treppe diente als Zugang zur urspr\u00fcnglichen Statue des Marcus Aurelius und f\u00fcr die Instandhaltung der S\u00e4ule selbst. Die S\u00e4ule wird durch eine Reihe von kleinen Fenstern entlang des Treppenhauses beleuchtet, die dazu dienten, nat\u00fcrliches Licht ins Innere zu lassen.  <\/p>\n<p><strong>K\u00fcnstlerische Einfl\u00fcsse und Geschichte der Restaurierung:<\/strong> Die S\u00e4ule des Marc Aurel wird aufgrund der \u00c4hnlichkeit in Struktur und Relieferz\u00e4hlung oft mit der Trajanss\u00e4ule verglichen. Im Vergleich zur Trajanss\u00e4ule sind die Figuren auf der S\u00e4ule des Marcus Aurelius jedoch gr\u00f6\u00dfer und weniger raffiniert und repr\u00e4sentieren einen ausdrucksst\u00e4rkeren Stil, der die k\u00fcnstlerischen und kulturellen Ver\u00e4nderungen der Zeit widerspiegelt. Im Laufe der Jahrhunderte wurde die S\u00e4ule mehrfach restauriert. Im Mittelalter wurde sie teilweise verlassen, aber dann von Papst Sixtus V. im Jahr 1589 restauriert, der eine Statue des Heiligen Paulus an der Spitze der S\u00e4ule anf\u00fcgte und die urspr\u00fcngliche Statue des Kaisers ersetzte, die heute verloren ist.   <\/p>\n<p><strong>Historische Bedeutung: <\/strong>Die S\u00e4ule stellt nicht nur ein feierliches Denkmal dar, sondern auch eine detaillierte historische Quelle, die uns von den milit\u00e4rischen Taktiken, Br\u00e4uchen und politischen Visionen der Zeit von Marc Aurel erz\u00e4hlt. Es ist ein Zeugnis f\u00fcr die Widerstandsf\u00e4higkeit und die milit\u00e4rischen F\u00e4higkeiten der R\u00f6mer sowie f\u00fcr den Wert, den der Kaiser auf sein Image als F\u00fchrer und Besch\u00fctzer des Reiches legte. Dar\u00fcber hinaus spiegelt das Denkmal eine wichtige Phase in der Geschichte Roms wider, in der die Verteidigung des Reiches entlang der n\u00f6rdlichen Grenzen immer dringlicher wurde. Diese Konflikte und die visuelle Erz\u00e4hlung der S\u00e4ule betonen die Schwierigkeiten, mit denen Marcus Aurelius bei dem Versuch konfrontiert war, die Stabilit\u00e4t des Reiches aufrechtzuerhalten.   <\/p>\n<\/p>\n<p>Die S\u00e4ule des Marcus Aurelius ist daher nicht nur ein architektonisches und k\u00fcnstlerisches Wunderwerk, sondern auch ein Symbol r\u00f6mischer Macht und Spiritualit\u00e4t, das Gelehrte und Besucher aus aller Welt nach wie vor fasziniert.<\/p>\n\t\t\t\t\t\t\t\t<\/div>\n\t\t\t\t<\/div>\n\t\t\t\t\t<\/div>\n\t\t\t\t<\/div>\n\t\t<div class=\"elementor-element elementor-element-de6f7f4 e-flex e-con-boxed e-con e-parent\" data-id=\"de6f7f4\" data-element_type=\"container\">\n\t\t\t\t\t<div class=\"e-con-inner\">\n\t\t\t\t\t<\/div>\n\t\t\t\t<\/div>\n\t\t<div class=\"elementor-element elementor-element-f0bc0b9 e-flex e-con-boxed e-con e-parent\" data-id=\"f0bc0b9\" data-element_type=\"container\">\n\t\t\t\t\t<div class=\"e-con-inner\">\n\t\t\t\t<div class=\"elementor-element elementor-element-29190b6 elementor-widget elementor-widget-heading\" data-id=\"29190b6\" data-element_type=\"widget\" data-widget_type=\"heading.default\">\n\t\t\t\t<div class=\"elementor-widget-container\">\n\t\t\t\t\t<h2 class=\"elementor-heading-title elementor-size-default\">Neugier<\/h2>\t\t\t\t<\/div>\n\t\t\t\t<\/div>\n\t\t\t\t<div class=\"elementor-element elementor-element-7da5c7b elementor-widget elementor-widget-text-editor\" data-id=\"7da5c7b\" data-element_type=\"widget\" data-widget_type=\"text-editor.default\">\n\t\t\t\t<div class=\"elementor-widget-container\">\n\t\t\t\t\t\t\t\t\t<p><strong>Wunder des Regens und die &#8222;Legio Fulminata&#8220;: <\/strong>Eine der kuriosesten Episoden, die auf der S\u00e4ule dargestellt sind, ist das &#8222;Wunder des Regens&#8220;. Der Legende nach wurde das r\u00f6mische Heer, das w\u00e4hrend einer Schlacht gegen die Quaden in Schwierigkeiten geriet, vor einem wundersamen Sturm gerettet, der seine Gegner traf, die R\u00f6mer mit Wasser versorgte und die Feinde terrorisierte. Diese Episode wurde als g\u00f6ttliches Eingreifen gedeutet. Einige sp\u00e4tere christliche Quellen schrieben es den Gebeten christlicher Soldaten der Legio Fulminata (&#8222;Blitzlegion&#8220;) zu, obwohl Marcus Aurelius selbst das Ereignis Jupiter, dem Gott des Blitzes und des Regens, zuschrieb.   <\/p>\n<p><strong>Details zu den Umfragen:<\/strong> Die Reliefs der S\u00e4ule sind \u00e4u\u00dferst detailliert: Man kann nicht nur die Soldaten und ihre R\u00fcstungen beobachten, sondern auch die Feinde, die mit Kleidung und Waffen dargestellt sind, die f\u00fcr die germanischen und sarmatischen St\u00e4mme typisch sind. Auch die H\u00e4ftlinge und Szenen des t\u00e4glichen Lebens im r\u00f6mischen Lager, wie z.B. der Bau von Befestigungsanlagen, sind enthalten. Dar\u00fcber hinaus zeigen einige Szenen die Verw\u00fcstung, die die r\u00f6mische Armee in feindlichen D\u00f6rfern angerichtet hat, ein seltener Aspekt bei r\u00f6mischen Denkm\u00e4lern, die sich normalerweise mehr auf den Ruhm des Kaisers und der Armee konzentrieren.  <\/p>\n<p><strong>Die Zahlen im gr\u00f6\u00dferen Ma\u00dfstab:<\/strong> Im Gegensatz zur Trajanss\u00e4ule sind die Figuren auf der S\u00e4ule des Marc Aurel gr\u00f6\u00dfer und viel ausdrucksst\u00e4rker. Diese Ver\u00e4nderung spiegelt eine stilistische Weiterentwicklung der Epoche wider, mit einer st\u00e4rkeren Betonung von Emotionen und Dramatik anstelle von anatomischen Details und klassischen Proportionen. Diese stilistische Wahl verleiht der Partitur einen intensiveren und dramatischeren Ton, der die Schwierigkeit und den Heldenmut der Feldz\u00fcge des Kaisers hervorhebt.  <\/p>\n<p><strong>Die verlorene Statue von Marcus Aurelius: <\/strong>Urspr\u00fcnglich stand an der Spitze der S\u00e4ule eine Bronzestatue von Kaiser Marc Aurel. Die urspr\u00fcngliche Statue ist jedoch im Laufe der Jahrhunderte verloren gegangen, und heute steht an ihrer Stelle eine Statue des Heiligen Paulus, die 1589 von Papst Sixtus V. dort aufgestellt wurde. Diese Erneuerung war Teil eines Projekts der &#8222;Christianisierung&#8220; antiker Denkm\u00e4ler, um sie an die Werte des katholischen Roms anzupassen.  <\/p>\n<p><strong>Innenraum Nur f\u00fcr p\u00e4pstliche Kustoden zug\u00e4nglich:<\/strong> Die S\u00e4ule ist hohl und enth\u00e4lt eine Wendeltreppe, die nach oben f\u00fchrt. In den vergangenen Jahrhunderten hatten nur p\u00e4pstliche Verwalter und autorisiertes Personal Zugang zum Innenraum f\u00fcr Wartungsarbeiten. Heute ist der interne Zugang nur noch Restauratoren und zust\u00e4ndigen Beh\u00f6rden vorbehalten, so dass es selten ist, dass man die S\u00e4ule erklimmen kann.  <\/p>\n<p><strong>Kopie der Basisreliefs: <\/strong>Damit die \u00d6ffentlichkeit die detaillierten Reliefs bewundern kann, ohne nach oben schauen zu m\u00fcssen, wurde 1955 eine Gipskopie der Reliefs angefertigt, die sich heute in den **Vatikanischen Museen** befindet. Dies erm\u00f6glicht es Sch\u00fclern und Besuchern, die Szenen ohne den Einsatz von Ferngl\u00e4sern oder Zooms im Detail zu betrachten. <\/p>\n<p><strong>Erhebung der S\u00e4ule im Zentrum Roms:<\/strong> Die S\u00e4ule des Marcus Aurelius befindet sich auf der Piazza Colonna, mitten im Herzen Roms, in der N\u00e4he des Palazzo Chigi (Sitz der italienischen Regierung). Dies macht es zu einem der am besten erhaltenen und am leichtesten zug\u00e4nglichen antiken Denkm\u00e4ler und zu einem Symbol f\u00fcr die historische Kontinuit\u00e4t der Stadt Rom. <\/p>\n\t\t\t\t\t\t\t\t<\/div>\n\t\t\t\t<\/div>\n\t\t\t\t\t<\/div>\n\t\t\t\t<\/div>\n\t\t<div class=\"elementor-element elementor-element-38c57a8 riga_tour e-flex e-con-boxed e-con e-parent\" data-id=\"38c57a8\" data-element_type=\"container\">\n\t\t\t\t\t<div class=\"e-con-inner\">\n\t\t\t\t<div class=\"elementor-element elementor-element-a39d7f5 elementor-widget elementor-widget-heading\" data-id=\"a39d7f5\" data-element_type=\"widget\" data-widget_type=\"heading.default\">\n\t\t\t\t<div class=\"elementor-widget-container\">\n\t\t\t\t\t<h2 class=\"elementor-heading-title elementor-size-default\">W\u00e4hlen Sie Ihre Lieblings-Vespa-Tour f\u00fcr einen Besuch in Rom<\/h2>\t\t\t\t<\/div>\n\t\t\t\t<\/div>\n\t\t\t\t<div class=\"elementor-element elementor-element-cb772ca elementor-widget elementor-widget-template\" data-id=\"cb772ca\" data-element_type=\"widget\" data-widget_type=\"template.default\">\n\t\t\t\t<div class=\"elementor-widget-container\">\n\t\t\t\t\t\t\t<div class=\"elementor-template\">\n\t\t\t\t\t<div data-elementor-type=\"section\" data-elementor-id=\"1974\" class=\"elementor elementor-1974 elementor-1687\" data-elementor-post-type=\"elementor_library\">\n\t\t\t<div class=\"elementor-element elementor-element-1497235 riga_tour e-flex e-con-boxed e-con e-parent\" data-id=\"1497235\" data-element_type=\"container\">\n\t\t\t\t\t<div class=\"e-con-inner\">\n\t\t<div class=\"elementor-element elementor-element-586e2e8 e-con-full e-flex e-con e-child\" data-id=\"586e2e8\" data-element_type=\"container\">\n\t\t<div class=\"elementor-element elementor-element-6b49b07 e-con-full e-flex e-con e-child\" data-id=\"6b49b07\" data-element_type=\"container\">\n\t\t\t\t<div class=\"elementor-element elementor-element-fc87d99 elementor-widget elementor-widget-image\" data-id=\"fc87d99\" data-element_type=\"widget\" data-widget_type=\"image.default\">\n\t\t\t\t<div class=\"elementor-widget-container\">\n\t\t\t\t\t\t\t\t\t\t\t\t<figure class=\"wp-caption\">\n\t\t\t\t\t\t\t\t\t\t\t<a href=\"https:\/\/www.spaziomuseovespa.com\/vespa-tour-grand-tour-di-roma\/\">\n\t\t\t\t\t\t\t<img decoding=\"async\" width=\"600\" height=\"469\" src=\"https:\/\/www.spaziomuseovespa.com\/wp-content\/uploads\/gran_tour_roma.jpg\" class=\"attachment-medium_large size-medium_large wp-image-443\" alt=\"\" srcset=\"https:\/\/www.spaziomuseovespa.com\/wp-content\/uploads\/gran_tour_roma.jpg 600w, https:\/\/www.spaziomuseovespa.com\/wp-content\/uploads\/gran_tour_roma-300x235.jpg 300w\" sizes=\"(max-width: 600px) 100vw, 600px\" \/>\t\t\t\t\t\t\t\t<\/a>\n\t\t\t\t\t\t\t\t\t\t\t<figcaption class=\"widget-image-caption wp-caption-text\">Vespa tour<br>Gro\u00dfe tour durch Rom<\/figcaption>\n\t\t\t\t\t\t\t\t\t\t<\/figure>\n\t\t\t\t\t\t\t\t\t<\/div>\n\t\t\t\t<\/div>\n\t\t\t\t<\/div>\n\t\t<div class=\"elementor-element elementor-element-daa5749 e-con-full e-flex e-con e-child\" data-id=\"daa5749\" data-element_type=\"container\">\n\t\t\t\t<div class=\"elementor-element elementor-element-11cf106 elementor-widget elementor-widget-image\" data-id=\"11cf106\" data-element_type=\"widget\" data-widget_type=\"image.default\">\n\t\t\t\t<div class=\"elementor-widget-container\">\n\t\t\t\t\t\t\t\t\t\t\t\t<figure class=\"wp-caption\">\n\t\t\t\t\t\t\t\t\t\t\t<a href=\"https:\/\/www.spaziomuseovespa.com\/vespa-tour-rome-movie-sets\/\">\n\t\t\t\t\t\t\t<img decoding=\"async\" width=\"600\" height=\"469\" src=\"https:\/\/www.spaziomuseovespa.com\/wp-content\/uploads\/tour_rome_movie_set.jpg\" class=\"attachment-medium_large size-medium_large wp-image-428\" alt=\"\" srcset=\"https:\/\/www.spaziomuseovespa.com\/wp-content\/uploads\/tour_rome_movie_set.jpg 600w, https:\/\/www.spaziomuseovespa.com\/wp-content\/uploads\/tour_rome_movie_set-300x235.jpg 300w\" sizes=\"(max-width: 600px) 100vw, 600px\" \/>\t\t\t\t\t\t\t\t<\/a>\n\t\t\t\t\t\t\t\t\t\t\t<figcaption class=\"widget-image-caption wp-caption-text\">Vespa tour<br>Rome Movie Set<\/figcaption>\n\t\t\t\t\t\t\t\t\t\t<\/figure>\n\t\t\t\t\t\t\t\t\t<\/div>\n\t\t\t\t<\/div>\n\t\t\t\t<\/div>\n\t\t<div class=\"elementor-element elementor-element-912acab e-con-full e-flex e-con e-child\" data-id=\"912acab\" data-element_type=\"container\">\n\t\t\t\t<div class=\"elementor-element elementor-element-0846c51 elementor-widget elementor-widget-image\" data-id=\"0846c51\" data-element_type=\"widget\" data-widget_type=\"image.default\">\n\t\t\t\t<div class=\"elementor-widget-container\">\n\t\t\t\t\t\t\t\t\t\t\t\t<figure class=\"wp-caption\">\n\t\t\t\t\t\t\t\t\t\t\t<a href=\"https:\/\/www.spaziomuseovespa.com\/vespa-tour-castelli-romani\/\">\n\t\t\t\t\t\t\t<img loading=\"lazy\" decoding=\"async\" width=\"600\" height=\"469\" src=\"https:\/\/www.spaziomuseovespa.com\/wp-content\/uploads\/Il-Tour-dei-Castelli-Romani.jpg\" class=\"attachment-medium_large size-medium_large wp-image-438\" alt=\"\" srcset=\"https:\/\/www.spaziomuseovespa.com\/wp-content\/uploads\/Il-Tour-dei-Castelli-Romani.jpg 600w, https:\/\/www.spaziomuseovespa.com\/wp-content\/uploads\/Il-Tour-dei-Castelli-Romani-300x235.jpg 300w\" sizes=\"(max-width: 600px) 100vw, 600px\" \/>\t\t\t\t\t\t\t\t<\/a>\n\t\t\t\t\t\t\t\t\t\t\t<figcaption class=\"widget-image-caption wp-caption-text\">Vespa tour<br>Castelli Romani<\/figcaption>\n\t\t\t\t\t\t\t\t\t\t<\/figure>\n\t\t\t\t\t\t\t\t\t<\/div>\n\t\t\t\t<\/div>\n\t\t\t\t<\/div>\n\t\t<div class=\"elementor-element elementor-element-4853cba e-con-full e-flex e-con e-child\" data-id=\"4853cba\" data-element_type=\"container\">\n\t\t\t\t<div class=\"elementor-element elementor-element-4f272a1 elementor-widget elementor-widget-image\" data-id=\"4f272a1\" data-element_type=\"widget\" data-widget_type=\"image.default\">\n\t\t\t\t<div class=\"elementor-widget-container\">\n\t\t\t\t\t\t\t\t\t\t\t\t<figure class=\"wp-caption\">\n\t\t\t\t\t\t\t\t\t\t\t<a href=\"https:\/\/www.spaziomuseovespa.com\/vespa-tour-roma-moderna-e-ostia-antica\/\">\n\t\t\t\t\t\t\t<img loading=\"lazy\" decoding=\"async\" width=\"600\" height=\"469\" src=\"https:\/\/www.spaziomuseovespa.com\/wp-content\/uploads\/Vespa-Tour-Roma-moderna-e-Ostia-Antica.jpg\" class=\"attachment-medium_large size-medium_large wp-image-433\" alt=\"\" srcset=\"https:\/\/www.spaziomuseovespa.com\/wp-content\/uploads\/Vespa-Tour-Roma-moderna-e-Ostia-Antica.jpg 600w, https:\/\/www.spaziomuseovespa.com\/wp-content\/uploads\/Vespa-Tour-Roma-moderna-e-Ostia-Antica-300x235.jpg 300w\" sizes=\"(max-width: 600px) 100vw, 600px\" \/>\t\t\t\t\t\t\t\t<\/a>\n\t\t\t\t\t\t\t\t\t\t\t<figcaption class=\"widget-image-caption wp-caption-text\">Vespa tour<br>Rome und Ostia Antica<\/figcaption>\n\t\t\t\t\t\t\t\t\t\t<\/figure>\n\t\t\t\t\t\t\t\t\t<\/div>\n\t\t\t\t<\/div>\n\t\t\t\t<\/div>\n\t\t\t\t<\/div>\n\t\t\t\t\t<\/div>\n\t\t\t\t<\/div>\n\t\t\t\t<\/div>\n\t\t\t\t<\/div>\n\t\t\t\t\t\t<\/div>\n\t\t\t\t<\/div>\n\t\t\t\t\t<\/div>\n\t\t\t\t<\/div>\n\t\t<div class=\"elementor-element elementor-element-fbe5593 e-flex e-con-boxed e-con e-parent\" data-id=\"fbe5593\" data-element_type=\"container\">\n\t\t\t\t\t<div class=\"e-con-inner\">\n\t\t\t\t<div class=\"elementor-element elementor-element-9a1da9e elementor-widget elementor-widget-heading\" data-id=\"9a1da9e\" data-element_type=\"widget\" data-widget_type=\"heading.default\">\n\t\t\t\t<div class=\"elementor-widget-container\">\n\t\t\t\t\t<h2 class=\"elementor-heading-title elementor-size-default\">... und wenn Sie ein erfahrener Fahrer sind, mieten Sie Ihre Vespa, um die Wunder von Rom zu entdecken<\/h2>\t\t\t\t<\/div>\n\t\t\t\t<\/div>\n\t\t\t\t<div class=\"elementor-element elementor-element-144e12e elementor-widget elementor-widget-template\" data-id=\"144e12e\" data-element_type=\"widget\" data-widget_type=\"template.default\">\n\t\t\t\t<div class=\"elementor-widget-container\">\n\t\t\t\t\t\t\t<div class=\"elementor-template\">\n\t\t\t\t\t<div data-elementor-type=\"section\" data-elementor-id=\"1962\" class=\"elementor elementor-1962 elementor-1698\" data-elementor-post-type=\"elementor_library\">\n\t\t\t<div class=\"elementor-element elementor-element-ab87375 e-flex e-con-boxed e-con e-parent\" data-id=\"ab87375\" data-element_type=\"container\">\n\t\t\t\t\t<div class=\"e-con-inner\">\n\t\t<div class=\"elementor-element elementor-element-6eef2e6 e-con-full e-flex e-con e-child\" data-id=\"6eef2e6\" data-element_type=\"container\">\n\t\t<div class=\"elementor-element elementor-element-341e335 e-con-full e-flex e-con e-child\" data-id=\"341e335\" data-element_type=\"container\">\n\t\t\t\t<div class=\"elementor-element elementor-element-56b5421 elementor-widget elementor-widget-image\" data-id=\"56b5421\" data-element_type=\"widget\" data-widget_type=\"image.default\">\n\t\t\t\t<div class=\"elementor-widget-container\">\n\t\t\t\t\t\t\t\t\t\t\t\t\t\t\t\t<a href=\"https:\/\/bicibaci.com\/de\/\" target=\"_blank\">\n\t\t\t\t\t\t\t<img loading=\"lazy\" decoding=\"async\" width=\"200\" height=\"49\" src=\"https:\/\/www.spaziomuseovespa.com\/wp-content\/uploads\/bicibaci-logo-2023.webp\" class=\"attachment-medium_large size-medium_large wp-image-583\" alt=\"\" \/>\t\t\t\t\t\t\t\t<\/a>\n\t\t\t\t\t\t\t\t\t\t\t\t\t\t\t<\/div>\n\t\t\t\t<\/div>\n\t\t\t\t<div class=\"elementor-element elementor-element-99c90bf elementor-widget elementor-widget-heading\" data-id=\"99c90bf\" data-element_type=\"widget\" data-widget_type=\"heading.default\">\n\t\t\t\t<div class=\"elementor-widget-container\">\n\t\t\t\t\t<h2 class=\"elementor-heading-title elementor-size-default\"><a href=\"https:\/\/bicibaci.com\/de\/\" target=\"_blank\">bicibaci.com\/de<\/a><\/h2>\t\t\t\t<\/div>\n\t\t\t\t<\/div>\n\t\t\t\t<div class=\"elementor-element elementor-element-5ebd6b2 elementor-widget elementor-widget-heading\" data-id=\"5ebd6b2\" data-element_type=\"widget\" data-widget_type=\"heading.default\">\n\t\t\t\t<div class=\"elementor-widget-container\">\n\t\t\t\t\t<div class=\"elementor-heading-title elementor-size-default\">Ihr idealer Partner<\/div>\t\t\t\t<\/div>\n\t\t\t\t<\/div>\n\t\t\t\t<\/div>\n\t\t<div class=\"elementor-element elementor-element-8778fe8 e-con-full e-flex e-con e-child\" data-id=\"8778fe8\" data-element_type=\"container\">\n\t\t\t\t<div class=\"elementor-element elementor-element-c00a063 elementor-widget elementor-widget-image\" data-id=\"c00a063\" data-element_type=\"widget\" data-widget_type=\"image.default\">\n\t\t\t\t<div class=\"elementor-widget-container\">\n\t\t\t\t\t\t\t\t\t\t\t\t\t\t\t\t<a href=\"https:\/\/bicibaci.com\/prodotto\/scooter-categoria-b1\/\" target=\"_blank\">\n\t\t\t\t\t\t\t<img loading=\"lazy\" decoding=\"async\" width=\"600\" height=\"471\" src=\"https:\/\/www.spaziomuseovespa.com\/wp-content\/uploads\/scooter_cat_b1.jpg\" class=\"attachment-medium_large size-medium_large wp-image-563\" alt=\"\" srcset=\"https:\/\/www.spaziomuseovespa.com\/wp-content\/uploads\/scooter_cat_b1.jpg 600w, https:\/\/www.spaziomuseovespa.com\/wp-content\/uploads\/scooter_cat_b1-300x236.jpg 300w\" sizes=\"(max-width: 600px) 100vw, 600px\" \/>\t\t\t\t\t\t\t\t<\/a>\n\t\t\t\t\t\t\t\t\t\t\t\t\t\t\t<\/div>\n\t\t\t\t<\/div>\n\t\t\t\t<\/div>\n\t\t<div class=\"elementor-element elementor-element-b1f717e e-con-full e-flex e-con e-child\" data-id=\"b1f717e\" data-element_type=\"container\">\n\t\t\t\t<div class=\"elementor-element elementor-element-c4d5fb6 elementor-widget elementor-widget-image\" data-id=\"c4d5fb6\" data-element_type=\"widget\" data-widget_type=\"image.default\">\n\t\t\t\t<div class=\"elementor-widget-container\">\n\t\t\t\t\t\t\t\t\t\t\t\t\t\t\t\t<a href=\"https:\/\/bicibaci.com\/prodotto\/scooter-categoria-e\/\" target=\"_blank\">\n\t\t\t\t\t\t\t<img loading=\"lazy\" decoding=\"async\" width=\"600\" height=\"471\" src=\"https:\/\/www.spaziomuseovespa.com\/wp-content\/uploads\/vespa_red_cat_E.jpg\" class=\"attachment-medium_large size-medium_large wp-image-578\" alt=\"\" srcset=\"https:\/\/www.spaziomuseovespa.com\/wp-content\/uploads\/vespa_red_cat_E.jpg 600w, https:\/\/www.spaziomuseovespa.com\/wp-content\/uploads\/vespa_red_cat_E-300x236.jpg 300w\" sizes=\"(max-width: 600px) 100vw, 600px\" \/>\t\t\t\t\t\t\t\t<\/a>\n\t\t\t\t\t\t\t\t\t\t\t\t\t\t\t<\/div>\n\t\t\t\t<\/div>\n\t\t\t\t<\/div>\n\t\t<div class=\"elementor-element elementor-element-6868fe3 e-con-full e-flex e-con e-child\" data-id=\"6868fe3\" data-element_type=\"container\">\n\t\t\t\t<div class=\"elementor-element elementor-element-763973b elementor-widget elementor-widget-image\" data-id=\"763973b\" data-element_type=\"widget\" data-widget_type=\"image.default\">\n\t\t\t\t<div class=\"elementor-widget-container\">\n\t\t\t\t\t\t\t\t\t\t\t\t\t\t\t\t<a href=\"https:\/\/bicibaci.com\/prodotto\/vespa-street-art\/\" target=\"_blank\">\n\t\t\t\t\t\t\t<img loading=\"lazy\" decoding=\"async\" width=\"600\" height=\"471\" src=\"https:\/\/www.spaziomuseovespa.com\/wp-content\/uploads\/vespa-street-art.jpg\" class=\"attachment-medium_large size-medium_large wp-image-573\" alt=\"\" srcset=\"https:\/\/www.spaziomuseovespa.com\/wp-content\/uploads\/vespa-street-art.jpg 600w, https:\/\/www.spaziomuseovespa.com\/wp-content\/uploads\/vespa-street-art-300x236.jpg 300w\" sizes=\"(max-width: 600px) 100vw, 600px\" \/>\t\t\t\t\t\t\t\t<\/a>\n\t\t\t\t\t\t\t\t\t\t\t\t\t\t\t<\/div>\n\t\t\t\t<\/div>\n\t\t\t\t<\/div>\n\t\t<div class=\"elementor-element elementor-element-7c7d8ac e-con-full e-flex e-con e-child\" data-id=\"7c7d8ac\" data-element_type=\"container\">\n\t\t\t\t<div class=\"elementor-element elementor-element-69c1f6c elementor-widget elementor-widget-image\" data-id=\"69c1f6c\" data-element_type=\"widget\" data-widget_type=\"image.default\">\n\t\t\t\t<div class=\"elementor-widget-container\">\n\t\t\t\t\t\t\t\t\t\t\t\t\t\t\t\t<a href=\"https:\/\/bicibaci.com\/prodotto\/scooter-categoria-f\/\" target=\"_blank\">\n\t\t\t\t\t\t\t<img loading=\"lazy\" decoding=\"async\" width=\"600\" height=\"471\" src=\"https:\/\/www.spaziomuseovespa.com\/wp-content\/uploads\/vespa_red_cat_F.jpg\" class=\"attachment-medium_large size-medium_large wp-image-568\" alt=\"\" srcset=\"https:\/\/www.spaziomuseovespa.com\/wp-content\/uploads\/vespa_red_cat_F.jpg 600w, https:\/\/www.spaziomuseovespa.com\/wp-content\/uploads\/vespa_red_cat_F-300x236.jpg 300w\" sizes=\"(max-width: 600px) 100vw, 600px\" \/>\t\t\t\t\t\t\t\t<\/a>\n\t\t\t\t\t\t\t\t\t\t\t\t\t\t\t<\/div>\n\t\t\t\t<\/div>\n\t\t\t\t<\/div>\n\t\t\t\t<\/div>\n\t\t\t\t\t<\/div>\n\t\t\t\t<\/div>\n\t\t\t\t<\/div>\n\t\t\t\t<\/div>\n\t\t\t\t\t\t<\/div>\n\t\t\t\t<\/div>\n\t\t\t\t\t<\/div>\n\t\t\t\t<\/div>\n\t\t\t\t<\/div>\n\t\t","protected":false},"excerpt":{"rendered":"<p>Erkunden Sie Rom auf zwei R\u00e4dern: Fahrradtour, um die S\u00e4ule des Marc Aurel und historische Denkm\u00e4ler zu entdecken! Erleben Sie Rom wie ein echter Einheimischer! Vespa-Tour zur S\u00e4ule des Marcus Aurel, eine Reise in das Herz der r\u00f6mischen Geschichte. Entdecken Sie Rom auf eine einzigartige Art und Weise mit einer Tuk-Tuk-Tour: von der S\u00e4ule des [&hellip;]<\/p>\n","protected":false},"author":1,"featured_media":4344,"parent":3370,"menu_order":0,"comment_status":"closed","ping_status":"closed","template":"","meta":{"footnotes":""},"luogo_monumento":[49],"class_list":["post-3521","page","type-page","status-publish","has-post-thumbnail","hentry","luogo_monumento-roma-antica-de"],"yoast_head":"<!-- This site is optimized with the Yoast SEO plugin v26.7 - https:\/\/yoast.com\/wordpress\/plugins\/seo\/ -->\n<title>Colonna di Marco Aurelio - Spazio Museo Vespa | Vespa-Touren und -Verleih in Rom<\/title>\n<meta name=\"description\" content=\"Entdecken Sie Colonna di Marco Aurelio, Vermietung oder Tour mit einer Vespa, einem Fahrrad, einem Roller oder einem Tuk Tuk in Rom, Bici Baci ist Ihr idealer Partner\" \/>\n<meta name=\"robots\" content=\"index, follow, max-snippet:-1, max-image-preview:large, max-video-preview:-1\" \/>\n<link rel=\"canonical\" href=\"https:\/\/www.spaziomuseovespa.com\/de\/entdecken-sie-rom-und-seine-denkmaeler\/colonna-di-marco-aurelio\/\" \/>\n<meta property=\"og:locale\" content=\"de_DE\" \/>\n<meta property=\"og:type\" content=\"article\" \/>\n<meta property=\"og:title\" content=\"Colonna di Marco Aurelio - Spazio Museo Vespa | Vespa-Touren und -Verleih in Rom\" \/>\n<meta property=\"og:description\" content=\"Entdecken Sie Colonna di Marco Aurelio, Vermietung oder Tour mit einer Vespa, einem Fahrrad, einem Roller oder einem Tuk Tuk in Rom, Bici Baci ist Ihr idealer Partner\" \/>\n<meta property=\"og:url\" content=\"https:\/\/www.spaziomuseovespa.com\/de\/entdecken-sie-rom-und-seine-denkmaeler\/colonna-di-marco-aurelio\/\" \/>\n<meta property=\"og:site_name\" content=\"Spazio Museo Vespa\" \/>\n<meta property=\"article:modified_time\" content=\"2024-10-25T11:54:31+00:00\" \/>\n<meta property=\"og:image\" content=\"https:\/\/www.spaziomuseovespa.com\/wp-content\/uploads\/Colonna-di-Marco-Aurelio-0.jpg\" \/>\n\t<meta property=\"og:image:width\" content=\"1920\" \/>\n\t<meta property=\"og:image:height\" content=\"1080\" \/>\n\t<meta property=\"og:image:type\" content=\"image\/jpeg\" \/>\n<meta name=\"twitter:card\" content=\"summary_large_image\" \/>\n<meta name=\"twitter:label1\" content=\"Gesch\u00e4tzte Lesezeit\" \/>\n\t<meta name=\"twitter:data1\" content=\"7\u00a0Minuten\" \/>\n<script type=\"application\/ld+json\" class=\"yoast-schema-graph\">{\"@context\":\"https:\/\/schema.org\",\"@graph\":[{\"@type\":\"WebPage\",\"@id\":\"https:\/\/www.spaziomuseovespa.com\/de\/entdecken-sie-rom-und-seine-denkmaeler\/colonna-di-marco-aurelio\/\",\"url\":\"https:\/\/www.spaziomuseovespa.com\/de\/entdecken-sie-rom-und-seine-denkmaeler\/colonna-di-marco-aurelio\/\",\"name\":\"Colonna di Marco Aurelio - Spazio Museo Vespa | Vespa-Touren und -Verleih in Rom\",\"isPartOf\":{\"@id\":\"https:\/\/www.spaziomuseovespa.com\/de\/#website\"},\"primaryImageOfPage\":{\"@id\":\"https:\/\/www.spaziomuseovespa.com\/de\/entdecken-sie-rom-und-seine-denkmaeler\/colonna-di-marco-aurelio\/#primaryimage\"},\"image\":{\"@id\":\"https:\/\/www.spaziomuseovespa.com\/de\/entdecken-sie-rom-und-seine-denkmaeler\/colonna-di-marco-aurelio\/#primaryimage\"},\"thumbnailUrl\":\"https:\/\/www.spaziomuseovespa.com\/wp-content\/uploads\/Colonna-di-Marco-Aurelio-0.jpg\",\"datePublished\":\"2024-10-10T11:20:10+00:00\",\"dateModified\":\"2024-10-25T11:54:31+00:00\",\"description\":\"Entdecken Sie Colonna di Marco Aurelio, Vermietung oder Tour mit einer Vespa, einem Fahrrad, einem Roller oder einem Tuk Tuk in Rom, Bici Baci ist Ihr idealer Partner\",\"breadcrumb\":{\"@id\":\"https:\/\/www.spaziomuseovespa.com\/de\/entdecken-sie-rom-und-seine-denkmaeler\/colonna-di-marco-aurelio\/#breadcrumb\"},\"inLanguage\":\"de\",\"potentialAction\":[{\"@type\":\"ReadAction\",\"target\":[\"https:\/\/www.spaziomuseovespa.com\/de\/entdecken-sie-rom-und-seine-denkmaeler\/colonna-di-marco-aurelio\/\"]}]},{\"@type\":\"ImageObject\",\"inLanguage\":\"de\",\"@id\":\"https:\/\/www.spaziomuseovespa.com\/de\/entdecken-sie-rom-und-seine-denkmaeler\/colonna-di-marco-aurelio\/#primaryimage\",\"url\":\"https:\/\/www.spaziomuseovespa.com\/wp-content\/uploads\/Colonna-di-Marco-Aurelio-0.jpg\",\"contentUrl\":\"https:\/\/www.spaziomuseovespa.com\/wp-content\/uploads\/Colonna-di-Marco-Aurelio-0.jpg\",\"width\":1920,\"height\":1080,\"caption\":\"Colonna di Marco Aurelio\"},{\"@type\":\"BreadcrumbList\",\"@id\":\"https:\/\/www.spaziomuseovespa.com\/de\/entdecken-sie-rom-und-seine-denkmaeler\/colonna-di-marco-aurelio\/#breadcrumb\",\"itemListElement\":[{\"@type\":\"ListItem\",\"position\":1,\"name\":\"Home\",\"item\":\"https:\/\/www.spaziomuseovespa.com\/de\/homepage\/\"},{\"@type\":\"ListItem\",\"position\":2,\"name\":\"Entdecken Sie Rom und seine Denkm\u00e4ler\",\"item\":\"https:\/\/www.spaziomuseovespa.com\/de\/entdecken-sie-rom-und-seine-denkmaeler\/\"},{\"@type\":\"ListItem\",\"position\":3,\"name\":\"Colonna di Marco Aurelio\"}]},{\"@type\":\"WebSite\",\"@id\":\"https:\/\/www.spaziomuseovespa.com\/de\/#website\",\"url\":\"https:\/\/www.spaziomuseovespa.com\/de\/\",\"name\":\"Spazio Museo Vespa\",\"description\":\"\",\"publisher\":{\"@id\":\"https:\/\/www.spaziomuseovespa.com\/de\/#organization\"},\"potentialAction\":[{\"@type\":\"SearchAction\",\"target\":{\"@type\":\"EntryPoint\",\"urlTemplate\":\"https:\/\/www.spaziomuseovespa.com\/de\/?s={search_term_string}\"},\"query-input\":{\"@type\":\"PropertyValueSpecification\",\"valueRequired\":true,\"valueName\":\"search_term_string\"}}],\"inLanguage\":\"de\"},{\"@type\":\"Organization\",\"@id\":\"https:\/\/www.spaziomuseovespa.com\/de\/#organization\",\"name\":\"Spazio Museo Vespa\",\"url\":\"https:\/\/www.spaziomuseovespa.com\/de\/\",\"logo\":{\"@type\":\"ImageObject\",\"inLanguage\":\"de\",\"@id\":\"https:\/\/www.spaziomuseovespa.com\/de\/#\/schema\/logo\/image\/\",\"url\":\"https:\/\/www.spaziomuseovespa.com\/wp-content\/uploads\/logo.png\",\"contentUrl\":\"https:\/\/www.spaziomuseovespa.com\/wp-content\/uploads\/logo.png\",\"width\":322,\"height\":95,\"caption\":\"Spazio Museo Vespa\"},\"image\":{\"@id\":\"https:\/\/www.spaziomuseovespa.com\/de\/#\/schema\/logo\/image\/\"}}]}<\/script>\n<!-- \/ Yoast SEO plugin. -->","yoast_head_json":{"title":"Colonna di Marco Aurelio - Spazio Museo Vespa | Vespa-Touren und -Verleih in Rom","description":"Entdecken Sie Colonna di Marco Aurelio, Vermietung oder Tour mit einer Vespa, einem Fahrrad, einem Roller oder einem Tuk Tuk in Rom, Bici Baci ist Ihr idealer Partner","robots":{"index":"index","follow":"follow","max-snippet":"max-snippet:-1","max-image-preview":"max-image-preview:large","max-video-preview":"max-video-preview:-1"},"canonical":"https:\/\/www.spaziomuseovespa.com\/de\/entdecken-sie-rom-und-seine-denkmaeler\/colonna-di-marco-aurelio\/","og_locale":"de_DE","og_type":"article","og_title":"Colonna di Marco Aurelio - Spazio Museo Vespa | Vespa-Touren und -Verleih in Rom","og_description":"Entdecken Sie Colonna di Marco Aurelio, Vermietung oder Tour mit einer Vespa, einem Fahrrad, einem Roller oder einem Tuk Tuk in Rom, Bici Baci ist Ihr idealer Partner","og_url":"https:\/\/www.spaziomuseovespa.com\/de\/entdecken-sie-rom-und-seine-denkmaeler\/colonna-di-marco-aurelio\/","og_site_name":"Spazio Museo Vespa","article_modified_time":"2024-10-25T11:54:31+00:00","og_image":[{"width":1920,"height":1080,"url":"https:\/\/www.spaziomuseovespa.com\/wp-content\/uploads\/Colonna-di-Marco-Aurelio-0.jpg","type":"image\/jpeg"}],"twitter_card":"summary_large_image","twitter_misc":{"Gesch\u00e4tzte Lesezeit":"7\u00a0Minuten"},"schema":{"@context":"https:\/\/schema.org","@graph":[{"@type":"WebPage","@id":"https:\/\/www.spaziomuseovespa.com\/de\/entdecken-sie-rom-und-seine-denkmaeler\/colonna-di-marco-aurelio\/","url":"https:\/\/www.spaziomuseovespa.com\/de\/entdecken-sie-rom-und-seine-denkmaeler\/colonna-di-marco-aurelio\/","name":"Colonna di Marco Aurelio - Spazio Museo Vespa | Vespa-Touren und -Verleih in Rom","isPartOf":{"@id":"https:\/\/www.spaziomuseovespa.com\/de\/#website"},"primaryImageOfPage":{"@id":"https:\/\/www.spaziomuseovespa.com\/de\/entdecken-sie-rom-und-seine-denkmaeler\/colonna-di-marco-aurelio\/#primaryimage"},"image":{"@id":"https:\/\/www.spaziomuseovespa.com\/de\/entdecken-sie-rom-und-seine-denkmaeler\/colonna-di-marco-aurelio\/#primaryimage"},"thumbnailUrl":"https:\/\/www.spaziomuseovespa.com\/wp-content\/uploads\/Colonna-di-Marco-Aurelio-0.jpg","datePublished":"2024-10-10T11:20:10+00:00","dateModified":"2024-10-25T11:54:31+00:00","description":"Entdecken Sie Colonna di Marco Aurelio, Vermietung oder Tour mit einer Vespa, einem Fahrrad, einem Roller oder einem Tuk Tuk in Rom, Bici Baci ist Ihr idealer Partner","breadcrumb":{"@id":"https:\/\/www.spaziomuseovespa.com\/de\/entdecken-sie-rom-und-seine-denkmaeler\/colonna-di-marco-aurelio\/#breadcrumb"},"inLanguage":"de","potentialAction":[{"@type":"ReadAction","target":["https:\/\/www.spaziomuseovespa.com\/de\/entdecken-sie-rom-und-seine-denkmaeler\/colonna-di-marco-aurelio\/"]}]},{"@type":"ImageObject","inLanguage":"de","@id":"https:\/\/www.spaziomuseovespa.com\/de\/entdecken-sie-rom-und-seine-denkmaeler\/colonna-di-marco-aurelio\/#primaryimage","url":"https:\/\/www.spaziomuseovespa.com\/wp-content\/uploads\/Colonna-di-Marco-Aurelio-0.jpg","contentUrl":"https:\/\/www.spaziomuseovespa.com\/wp-content\/uploads\/Colonna-di-Marco-Aurelio-0.jpg","width":1920,"height":1080,"caption":"Colonna di Marco Aurelio"},{"@type":"BreadcrumbList","@id":"https:\/\/www.spaziomuseovespa.com\/de\/entdecken-sie-rom-und-seine-denkmaeler\/colonna-di-marco-aurelio\/#breadcrumb","itemListElement":[{"@type":"ListItem","position":1,"name":"Home","item":"https:\/\/www.spaziomuseovespa.com\/de\/homepage\/"},{"@type":"ListItem","position":2,"name":"Entdecken Sie Rom und seine Denkm\u00e4ler","item":"https:\/\/www.spaziomuseovespa.com\/de\/entdecken-sie-rom-und-seine-denkmaeler\/"},{"@type":"ListItem","position":3,"name":"Colonna di Marco Aurelio"}]},{"@type":"WebSite","@id":"https:\/\/www.spaziomuseovespa.com\/de\/#website","url":"https:\/\/www.spaziomuseovespa.com\/de\/","name":"Spazio Museo Vespa","description":"","publisher":{"@id":"https:\/\/www.spaziomuseovespa.com\/de\/#organization"},"potentialAction":[{"@type":"SearchAction","target":{"@type":"EntryPoint","urlTemplate":"https:\/\/www.spaziomuseovespa.com\/de\/?s={search_term_string}"},"query-input":{"@type":"PropertyValueSpecification","valueRequired":true,"valueName":"search_term_string"}}],"inLanguage":"de"},{"@type":"Organization","@id":"https:\/\/www.spaziomuseovespa.com\/de\/#organization","name":"Spazio Museo Vespa","url":"https:\/\/www.spaziomuseovespa.com\/de\/","logo":{"@type":"ImageObject","inLanguage":"de","@id":"https:\/\/www.spaziomuseovespa.com\/de\/#\/schema\/logo\/image\/","url":"https:\/\/www.spaziomuseovespa.com\/wp-content\/uploads\/logo.png","contentUrl":"https:\/\/www.spaziomuseovespa.com\/wp-content\/uploads\/logo.png","width":322,"height":95,"caption":"Spazio Museo Vespa"},"image":{"@id":"https:\/\/www.spaziomuseovespa.com\/de\/#\/schema\/logo\/image\/"}}]}},"_links":{"self":[{"href":"https:\/\/www.spaziomuseovespa.com\/de\/wp-json\/wp\/v2\/pages\/3521","targetHints":{"allow":["GET"]}}],"collection":[{"href":"https:\/\/www.spaziomuseovespa.com\/de\/wp-json\/wp\/v2\/pages"}],"about":[{"href":"https:\/\/www.spaziomuseovespa.com\/de\/wp-json\/wp\/v2\/types\/page"}],"author":[{"embeddable":true,"href":"https:\/\/www.spaziomuseovespa.com\/de\/wp-json\/wp\/v2\/users\/1"}],"replies":[{"embeddable":true,"href":"https:\/\/www.spaziomuseovespa.com\/de\/wp-json\/wp\/v2\/comments?post=3521"}],"version-history":[{"count":0,"href":"https:\/\/www.spaziomuseovespa.com\/de\/wp-json\/wp\/v2\/pages\/3521\/revisions"}],"up":[{"embeddable":true,"href":"https:\/\/www.spaziomuseovespa.com\/de\/wp-json\/wp\/v2\/pages\/3370"}],"wp:featuredmedia":[{"embeddable":true,"href":"https:\/\/www.spaziomuseovespa.com\/de\/wp-json\/wp\/v2\/media\/4344"}],"wp:attachment":[{"href":"https:\/\/www.spaziomuseovespa.com\/de\/wp-json\/wp\/v2\/media?parent=3521"}],"wp:term":[{"taxonomy":"luogo_monumento","embeddable":true,"href":"https:\/\/www.spaziomuseovespa.com\/de\/wp-json\/wp\/v2\/luogo_monumento?post=3521"}],"curies":[{"name":"wp","href":"https:\/\/api.w.org\/{rel}","templated":true}]}}