{"id":3613,"date":"2024-10-15T09:45:49","date_gmt":"2024-10-15T07:45:49","guid":{"rendered":"https:\/\/www.spaziomuseovespa.com\/entdecken-sie-rom-und-seine-denkmaeler\/koenige-und-kaiser-von-rom\/"},"modified":"2024-10-24T18:19:53","modified_gmt":"2024-10-24T16:19:53","slug":"koenige-und-kaiser-von-rom","status":"publish","type":"page","link":"https:\/\/www.spaziomuseovespa.com\/de\/entdecken-sie-rom-und-seine-denkmaeler\/koenige-und-kaiser-von-rom\/","title":{"rendered":"K\u00f6nige und Kaiser von Rom"},"content":{"rendered":"\t\t<div data-elementor-type=\"wp-page\" data-elementor-id=\"3613\" class=\"elementor elementor-3613 elementor-2529\" data-elementor-post-type=\"page\">\n\t\t\t\t<div class=\"elementor-element elementor-element-a2c7424 e-flex e-con-boxed e-con e-parent\" data-id=\"a2c7424\" data-element_type=\"container\" data-settings=\"{&quot;background_background&quot;:&quot;classic&quot;}\">\n\t\t\t\t\t<div class=\"e-con-inner\">\n\t\t\t\t<div class=\"elementor-element elementor-element-495600d elementor-widget elementor-widget-heading\" data-id=\"495600d\" data-element_type=\"widget\" data-widget_type=\"heading.default\">\n\t\t\t\t<div class=\"elementor-widget-container\">\n\t\t\t\t\t<h1 class=\"elementor-heading-title elementor-size-default\">K\u00f6nige und Kaiser von Rom<\/h1>\t\t\t\t<\/div>\n\t\t\t\t<\/div>\n\t\t\t\t\t<\/div>\n\t\t\t\t<\/div>\n\t\t<div class=\"elementor-element elementor-element-fb4dc40 e-flex e-con-boxed e-con e-parent\" data-id=\"fb4dc40\" data-element_type=\"container\">\n\t\t\t\t\t<div class=\"e-con-inner\">\n\t\t\t\t<div class=\"elementor-element elementor-element-e2c4372 elementor-widget elementor-widget-text-editor\" data-id=\"e2c4372\" data-element_type=\"widget\" data-widget_type=\"text-editor.default\">\n\t\t\t\t<div class=\"elementor-widget-container\">\n\t\t\t\t\t\t\t\t\t<p>Hier ist eine Liste der wichtigsten K\u00f6nige und Kaiser Roms von der Gr\u00fcndung der Stadt bis zum Untergang des R\u00f6mischen Reiches, unterteilt in bedeutende Perioden.<\/p>\n\t\t\t\t\t\t\t\t<\/div>\n\t\t\t\t<\/div>\n\t\t\t\t\t<\/div>\n\t\t\t\t<\/div>\n\t\t<div class=\"elementor-element elementor-element-c43058d e-flex e-con-boxed e-con e-parent\" data-id=\"c43058d\" data-element_type=\"container\">\n\t\t\t\t\t<div class=\"e-con-inner\">\n\t\t\t\t<div class=\"elementor-element elementor-element-7b26ddd elementor-align-center elementor-mobile-align-center elementor-widget elementor-widget-button\" data-id=\"7b26ddd\" data-element_type=\"widget\" data-widget_type=\"button.default\">\n\t\t\t\t<div class=\"elementor-widget-container\">\n\t\t\t\t\t\t\t\t\t<div class=\"elementor-button-wrapper\">\n\t\t\t\t\t<a class=\"elementor-button elementor-button-link elementor-size-sm\" href=\"https:\/\/bicibaci.com\/de\/\" target=\"_blank\">\n\t\t\t\t\t\t<span class=\"elementor-button-content-wrapper\">\n\t\t\t\t\t\t\t\t\t<span class=\"elementor-button-text\">Bici Baci Ihr idealer Partner, um Rom zu entdecken - Tour und Verleih mit Vespa, Fahrrad, E-Bike, Roller, Tuk Tuk - Erfahren Sie mehr  <\/span>\n\t\t\t\t\t<\/span>\n\t\t\t\t\t<\/a>\n\t\t\t\t<\/div>\n\t\t\t\t\t\t\t\t<\/div>\n\t\t\t\t<\/div>\n\t\t\t\t\t<\/div>\n\t\t\t\t<\/div>\n\t\t<div class=\"elementor-element elementor-element-c1f16f6 e-flex e-con-boxed e-con e-parent\" data-id=\"c1f16f6\" data-element_type=\"container\">\n\t\t\t\t\t<div class=\"e-con-inner\">\n\t\t\t\t<div class=\"elementor-element elementor-element-bd6e412 elementor-widget elementor-widget-image\" data-id=\"bd6e412\" data-element_type=\"widget\" data-widget_type=\"image.default\">\n\t\t\t\t<div class=\"elementor-widget-container\">\n\t\t\t\t\t\t\t\t\t\t\t\t<figure class=\"wp-caption\">\n\t\t\t\t\t\t\t\t\t\t\t<a href=\"https:\/\/www.spaziomuseovespa.com\/wp-content\/uploads\/Re-ed-Imperatori-di-Roma-0.jpg\" data-elementor-open-lightbox=\"yes\" data-e-action-hash=\"#elementor-action%3Aaction%3Dlightbox%26settings%3DeyJpZCI6NDgyMywidXJsIjoiaHR0cHM6XC9cL3d3dy5zcGF6aW9tdXNlb3Zlc3BhLmNvbVwvd3AtY29udGVudFwvdXBsb2Fkc1wvUmUtZWQtSW1wZXJhdG9yaS1kaS1Sb21hLTAuanBnIn0%3D\">\n\t\t\t\t\t\t\t<img fetchpriority=\"high\" decoding=\"async\" width=\"1920\" height=\"1080\" src=\"https:\/\/www.spaziomuseovespa.com\/wp-content\/uploads\/Re-ed-Imperatori-di-Roma-0.jpg\" class=\"attachment-full size-full wp-image-4823\" alt=\"Re ed Imperatori di Roma\" srcset=\"https:\/\/www.spaziomuseovespa.com\/wp-content\/uploads\/Re-ed-Imperatori-di-Roma-0.jpg 1920w, https:\/\/www.spaziomuseovespa.com\/wp-content\/uploads\/Re-ed-Imperatori-di-Roma-0-300x169.jpg 300w, https:\/\/www.spaziomuseovespa.com\/wp-content\/uploads\/Re-ed-Imperatori-di-Roma-0-1024x576.jpg 1024w, https:\/\/www.spaziomuseovespa.com\/wp-content\/uploads\/Re-ed-Imperatori-di-Roma-0-768x432.jpg 768w, https:\/\/www.spaziomuseovespa.com\/wp-content\/uploads\/Re-ed-Imperatori-di-Roma-0-1536x864.jpg 1536w\" sizes=\"(max-width: 1920px) 100vw, 1920px\" \/>\t\t\t\t\t\t\t\t<\/a>\n\t\t\t\t\t\t\t\t\t\t\t<figcaption class=\"widget-image-caption wp-caption-text\"><\/figcaption>\n\t\t\t\t\t\t\t\t\t\t<\/figure>\n\t\t\t\t\t\t\t\t\t<\/div>\n\t\t\t\t<\/div>\n\t\t\t\t\t<\/div>\n\t\t\t\t<\/div>\n\t\t<div class=\"elementor-element elementor-element-c10a9b9 e-flex e-con-boxed e-con e-parent\" data-id=\"c10a9b9\" data-element_type=\"container\">\n\t\t\t\t\t<div class=\"e-con-inner\">\n\t\t\t\t<div class=\"elementor-element elementor-element-1e06551 elementor-widget elementor-widget-heading\" data-id=\"1e06551\" data-element_type=\"widget\" data-widget_type=\"heading.default\">\n\t\t\t\t<div class=\"elementor-widget-container\">\n\t\t\t\t\t<h2 class=\"elementor-heading-title elementor-size-default\">Periode der r\u00f6mischen Monarchie (753-509 v. Chr.)<\/h2>\t\t\t\t<\/div>\n\t\t\t\t<\/div>\n\t\t\t\t<div class=\"elementor-element elementor-element-e7f071c elementor-widget elementor-widget-text-editor\" data-id=\"e7f071c\" data-element_type=\"widget\" data-widget_type=\"text-editor.default\">\n\t\t\t\t<div class=\"elementor-widget-container\">\n\t\t\t\t\t\t\t\t\t<p>In dieser Zeit wurde Rom von den sogenannten &#8222;Sieben K\u00f6nigen Roms&#8220; regiert.<\/p>\n<p><strong>Romulus<\/strong> (753-716 v. Chr.) \u2013 Gr\u00fcnder und erster K\u00f6nig Roms, bekannt f\u00fcr die Einf\u00fchrung der ersten Gesetze und die Teilung des r\u00f6mischen Volkes in Patrizier und Plebejer.<\/p>\n<p><strong>Numa Pompilius<\/strong> (715-673 v. Chr.) \u2013 K\u00f6nig sabbinischer Herkunft, ber\u00fchmt f\u00fcr die Gr\u00fcndung r\u00f6mischer religi\u00f6ser Institutionen und die Schaffung von Frieden und Ordnung.<\/p>\n<p><strong>Tullus Hostilius<\/strong> (673-642 v. Chr.) \u2013 Als Krieger und Eroberer f\u00fchrte er Rom in zahlreichen Kriegen, wie z.B. gegen Albalonga.<\/p>\n<p><strong>Ancus Marcius<\/strong> (642-617 v. Chr.) \u2013 Enkel von Numa, er erweiterte das r\u00f6mische Territorium und gr\u00fcndete Ostia.<\/p>\n<p><strong>Tarquinius Priscus<\/strong> (616-578 v. Chr.) \u2013 Etruskischer Abstammung, brachte gro\u00dfe architektonische und milit\u00e4rische Innovationen mit sich.<\/p>\n<p><strong>Servius Tullius<\/strong> (578-534 v. Chr.) \u2013 Er f\u00fchrte soziale und milit\u00e4rische Reformen ein und erweiterte die Stadt.<\/p>\n<p><strong>Tarquinius Superbus<\/strong> (534-509 v. Chr.) \u2013 Letzter K\u00f6nig von Rom, bekannt f\u00fcr seine tyrannische Herrschaft; Er wurde ausgewiesen, was zur Geburt der Republik f\u00fchrte.<\/p>\n\t\t\t\t\t\t\t\t<\/div>\n\t\t\t\t<\/div>\n\t\t\t\t\t<\/div>\n\t\t\t\t<\/div>\n\t\t<div class=\"elementor-element elementor-element-de6f7f4 e-flex e-con-boxed e-con e-parent\" data-id=\"de6f7f4\" data-element_type=\"container\">\n\t\t\t\t\t<div class=\"e-con-inner\">\n\t\t\t\t\t<\/div>\n\t\t\t\t<\/div>\n\t\t<div class=\"elementor-element elementor-element-f0bc0b9 e-flex e-con-boxed e-con e-parent\" data-id=\"f0bc0b9\" data-element_type=\"container\">\n\t\t\t\t\t<div class=\"e-con-inner\">\n\t\t\t\t<div class=\"elementor-element elementor-element-29190b6 elementor-widget elementor-widget-heading\" data-id=\"29190b6\" data-element_type=\"widget\" data-widget_type=\"heading.default\">\n\t\t\t\t<div class=\"elementor-widget-container\">\n\t\t\t\t\t<h2 class=\"elementor-heading-title elementor-size-default\">Zeit der R\u00f6mischen Republik (509-27 v. Chr.)<\/h2>\t\t\t\t<\/div>\n\t\t\t\t<\/div>\n\t\t\t\t<div class=\"elementor-element elementor-element-7da5c7b elementor-widget elementor-widget-text-editor\" data-id=\"7da5c7b\" data-element_type=\"widget\" data-widget_type=\"text-editor.default\">\n\t\t\t\t<div class=\"elementor-widget-container\">\n\t\t\t\t\t\t\t\t\t<p>Zu diesem Zeitpunkt hatte Rom noch keine K\u00f6nige oder Kaiser, sondern wurde von j\u00e4hrlich gew\u00e4hlten Konsuln regiert. Einige milit\u00e4rische Befehlshaber und Diktatoren ma\u00dfen sich jedoch au\u00dfergew\u00f6hnliche Macht an: <\/p>\n<p><strong>Lucius Cornelius Sulla<\/strong> \u2013 Diktator mit au\u00dfergew\u00f6hnlichen Kr\u00e4ften, regierte von 82 bis 79 v. Chr.<\/p>\n<p><strong>Gaius Julius Caesar<\/strong> \u2013 Er war kein Kaiser, sondern von 49 bis 44 v. Chr., bis zu seinem Tod, ewiger Diktator.<\/p>\n\t\t\t\t\t\t\t\t<\/div>\n\t\t\t\t<\/div>\n\t\t\t\t\t<\/div>\n\t\t\t\t<\/div>\n\t\t<div class=\"elementor-element elementor-element-a51a73f e-flex e-con-boxed e-con e-parent\" data-id=\"a51a73f\" data-element_type=\"container\">\n\t\t\t\t\t<div class=\"e-con-inner\">\n\t\t\t\t<div class=\"elementor-element elementor-element-e3c9bd7 elementor-widget elementor-widget-heading\" data-id=\"e3c9bd7\" data-element_type=\"widget\" data-widget_type=\"heading.default\">\n\t\t\t\t<div class=\"elementor-widget-container\">\n\t\t\t\t\t<h2 class=\"elementor-heading-title elementor-size-default\">Zeit des R\u00f6mischen Reiches (27 v. Chr. - 476 n. Chr.)<\/h2>\t\t\t\t<\/div>\n\t\t\t\t<\/div>\n\t\t\t\t<div class=\"elementor-element elementor-element-b47cd7e elementor-widget elementor-widget-text-editor\" data-id=\"b47cd7e\" data-element_type=\"widget\" data-widget_type=\"text-editor.default\">\n\t\t\t\t<div class=\"elementor-widget-container\">\n\t\t\t\t\t\t\t\t\t<p>Diese Periode umfasst die Herrschaft zahlreicher Kaiser, unterteilt in historische Perioden. Hier ist eine Liste der wichtigsten. <\/p>\n<p><strong>Julisch-claudische Dynastie (27 v. Chr. &#8211; 68 n. Chr<\/strong>.)<\/p>\n<p><strong>Augustus<\/strong> (27 v. Chr. &#8211; 14 n. Chr.) \u2013 Erster Kaiser Roms, er gr\u00fcndete die Pax Romana.<\/p>\n<p><strong>Tiberius<\/strong> (14-37 n. Chr.) \u2013 Nachfolger des Augustus, der autorit\u00e4r regierte.<\/p>\n<p><strong>Caligula<\/strong> (37-41 n. Chr.) \u2013 Ber\u00fchmt f\u00fcr seine Grausamkeit und Extravaganz.<\/p>\n<p><strong>Claudius<\/strong> (41-54 n. Chr.) \u2013 Erweiterte das Reich und eroberte Britannien.<\/p>\n<p><strong>Nero<\/strong> (54-68 n. Chr.) \u2013 Ber\u00fchmt f\u00fcr die Christenverfolgung und den gro\u00dfen Brand von Rom.<\/p>\n<p><strong>Jahr der vier Kaiser (69 n. Chr.)<\/strong><\/p>\n<p><strong>Galba, Otho, Vitellius und Vespasian<\/strong> \u2013 Aufeinanderfolgende interne Konflikte, die jeweils f\u00fcr kurze Zeit an die Macht gebracht wurden.<\/p>\n<p><strong>Flavische Dynastie (69-96 n. Chr.)<\/strong><\/p>\n<p><strong>Vespasian<\/strong> (69-79 n. Chr.) \u2013 Er stellte die Ordnung wieder her und begann mit dem Bau des Kolosseums.<\/p>\n<p><strong>Titus<\/strong> (79-81 n. Chr.) \u2013 Gefeiert f\u00fcr die Eroberung Jerusalems.<\/p>\n<p><strong>Domitian<\/strong> (81-96 n. Chr.) \u2013 Er verwaltete das Reich gut, wurde aber ermordet.<\/p>\n<p><strong>Antoninus-Dynastie (96-192 n. Chr.)<\/strong><\/p>\n<p><strong>Nerva<\/strong> (96-98 n. Chr.) \u2013 Er f\u00fchrte das Adoptionssystem ein, um den Nachfolger zu w\u00e4hlen.<\/p>\n<p><strong>Trajan<\/strong> (98-117 n. Chr.) \u2013 Dehnte das Reich bis zu seinen maximalen Grenzen aus.<\/p>\n<p><strong>Hadrian<\/strong> (117-138 n. Chr.) \u2013 Festigte die Grenzen und baute den Hadrianswall.<\/p>\n<p><strong>Antoninus Pius<\/strong> (138-161 n. Chr.) \u2013 Friedliches und wohlhabendes K\u00f6nigreich.<\/p>\n<p><strong>Marcus Aurelius<\/strong> (161-180 n. Chr.) \u2013 Philosoph, regierte w\u00e4hrend der Kriege gegen die Parther.<\/p>\n<p><strong>Commodus<\/strong> (180-192 n. Chr.) \u2013 Mit seiner Herrschaft begann der Niedergang des Reiches.<\/p>\n<p><strong>Periode der milit\u00e4rischen Anarchie (192-284 n. Chr.)<\/strong><\/p>\n<p>Eine Zeit der Instabilit\u00e4t mit zahlreichen Kaisern, die von den Legionen ausgerufen und abgesetzt wurden.<\/p>\n<p><strong>Beherrscht und Tetrarchie (284-337 n. Chr.)<\/strong><\/p>\n<p><strong>Diokletian<\/strong> (284-305 n. Chr.) \u2013 Gr\u00fcndete die Tetrarchie und teilte das Reich.<\/p>\n<p><strong>Konstantin der Gro\u00dfe<\/strong> (306-337 n. Chr.) \u2013 Erster christlicher Kaiser, gr\u00fcndete Konstantinopel.<\/p>\n<p><strong>Westr\u00f6misches Reich (395-476 n. Chr.)<\/strong><\/p>\n<p>Nach dem Tod von <strong>Theodosius I<\/strong> . (395 n. Chr.) wurde das Reich geteilt:<\/p>\n<p><strong>Honorius<\/strong> (395-423 n. Chr.) \u2013 Kaiser des Westens, er regierte w\u00e4hrend der Invasion von Alarich.<\/p>\n<p><strong>Valentinian III<\/strong> . (425-455 n. Chr.) \u2013 Schwacher Kaiser in einer Zeit der Krise.<\/p>\n<p><strong>Romulus Augustus<\/strong> (475-476 n. Chr.) \u2013 Er gilt als letzter Kaiser des Westr\u00f6mischen Reiches und wurde von Odoaker abgesetzt.<\/p>\n<p>Mit der Absetzung von Romulus Augustus h\u00f6rte das Westr\u00f6mische Reich im Jahr 476 n. Chr. formell auf zu existieren, was das Ende der Antike und den Beginn des Mittelalters markierte.<\/p>\n\t\t\t\t\t\t\t\t<\/div>\n\t\t\t\t<\/div>\n\t\t\t\t\t<\/div>\n\t\t\t\t<\/div>\n\t\t<div class=\"elementor-element elementor-element-d2304cb riga_tour e-flex e-con-boxed e-con e-parent\" data-id=\"d2304cb\" data-element_type=\"container\">\n\t\t\t\t\t<div class=\"e-con-inner\">\n\t\t\t\t<div class=\"elementor-element elementor-element-5c98e6d elementor-widget elementor-widget-heading\" data-id=\"5c98e6d\" data-element_type=\"widget\" data-widget_type=\"heading.default\">\n\t\t\t\t<div class=\"elementor-widget-container\">\n\t\t\t\t\t<h2 class=\"elementor-heading-title elementor-size-default\">W\u00e4hlen Sie Ihre Lieblings-Vespa-Tour f\u00fcr einen Besuch in Rom<\/h2>\t\t\t\t<\/div>\n\t\t\t\t<\/div>\n\t\t\t\t<div class=\"elementor-element elementor-element-5cc715a elementor-widget elementor-widget-template\" data-id=\"5cc715a\" data-element_type=\"widget\" data-widget_type=\"template.default\">\n\t\t\t\t<div class=\"elementor-widget-container\">\n\t\t\t\t\t\t\t<div class=\"elementor-template\">\n\t\t\t\t\t<div data-elementor-type=\"section\" data-elementor-id=\"1974\" class=\"elementor elementor-1974 elementor-1687\" data-elementor-post-type=\"elementor_library\">\n\t\t\t<div class=\"elementor-element elementor-element-1497235 riga_tour e-flex e-con-boxed e-con e-parent\" data-id=\"1497235\" data-element_type=\"container\">\n\t\t\t\t\t<div class=\"e-con-inner\">\n\t\t<div class=\"elementor-element elementor-element-586e2e8 e-con-full e-flex e-con e-child\" data-id=\"586e2e8\" data-element_type=\"container\">\n\t\t<div class=\"elementor-element elementor-element-6b49b07 e-con-full e-flex e-con e-child\" data-id=\"6b49b07\" data-element_type=\"container\">\n\t\t\t\t<div class=\"elementor-element elementor-element-fc87d99 elementor-widget elementor-widget-image\" data-id=\"fc87d99\" data-element_type=\"widget\" data-widget_type=\"image.default\">\n\t\t\t\t<div class=\"elementor-widget-container\">\n\t\t\t\t\t\t\t\t\t\t\t\t<figure class=\"wp-caption\">\n\t\t\t\t\t\t\t\t\t\t\t<a href=\"https:\/\/www.spaziomuseovespa.com\/vespa-tour-grand-tour-di-roma\/\">\n\t\t\t\t\t\t\t<img decoding=\"async\" width=\"600\" height=\"469\" src=\"https:\/\/www.spaziomuseovespa.com\/wp-content\/uploads\/gran_tour_roma.jpg\" class=\"attachment-medium_large size-medium_large wp-image-443\" alt=\"\" srcset=\"https:\/\/www.spaziomuseovespa.com\/wp-content\/uploads\/gran_tour_roma.jpg 600w, https:\/\/www.spaziomuseovespa.com\/wp-content\/uploads\/gran_tour_roma-300x235.jpg 300w\" sizes=\"(max-width: 600px) 100vw, 600px\" \/>\t\t\t\t\t\t\t\t<\/a>\n\t\t\t\t\t\t\t\t\t\t\t<figcaption class=\"widget-image-caption wp-caption-text\">Vespa tour<br>Gro\u00dfe tour durch Rom<\/figcaption>\n\t\t\t\t\t\t\t\t\t\t<\/figure>\n\t\t\t\t\t\t\t\t\t<\/div>\n\t\t\t\t<\/div>\n\t\t\t\t<\/div>\n\t\t<div class=\"elementor-element elementor-element-daa5749 e-con-full e-flex e-con e-child\" data-id=\"daa5749\" data-element_type=\"container\">\n\t\t\t\t<div class=\"elementor-element elementor-element-11cf106 elementor-widget elementor-widget-image\" data-id=\"11cf106\" data-element_type=\"widget\" data-widget_type=\"image.default\">\n\t\t\t\t<div class=\"elementor-widget-container\">\n\t\t\t\t\t\t\t\t\t\t\t\t<figure class=\"wp-caption\">\n\t\t\t\t\t\t\t\t\t\t\t<a href=\"https:\/\/www.spaziomuseovespa.com\/vespa-tour-rome-movie-sets\/\">\n\t\t\t\t\t\t\t<img decoding=\"async\" width=\"600\" height=\"469\" src=\"https:\/\/www.spaziomuseovespa.com\/wp-content\/uploads\/tour_rome_movie_set.jpg\" class=\"attachment-medium_large size-medium_large wp-image-428\" alt=\"\" srcset=\"https:\/\/www.spaziomuseovespa.com\/wp-content\/uploads\/tour_rome_movie_set.jpg 600w, https:\/\/www.spaziomuseovespa.com\/wp-content\/uploads\/tour_rome_movie_set-300x235.jpg 300w\" sizes=\"(max-width: 600px) 100vw, 600px\" \/>\t\t\t\t\t\t\t\t<\/a>\n\t\t\t\t\t\t\t\t\t\t\t<figcaption class=\"widget-image-caption wp-caption-text\">Vespa tour<br>Rome Movie Set<\/figcaption>\n\t\t\t\t\t\t\t\t\t\t<\/figure>\n\t\t\t\t\t\t\t\t\t<\/div>\n\t\t\t\t<\/div>\n\t\t\t\t<\/div>\n\t\t<div class=\"elementor-element elementor-element-912acab e-con-full e-flex e-con e-child\" data-id=\"912acab\" data-element_type=\"container\">\n\t\t\t\t<div class=\"elementor-element elementor-element-0846c51 elementor-widget elementor-widget-image\" data-id=\"0846c51\" data-element_type=\"widget\" data-widget_type=\"image.default\">\n\t\t\t\t<div class=\"elementor-widget-container\">\n\t\t\t\t\t\t\t\t\t\t\t\t<figure class=\"wp-caption\">\n\t\t\t\t\t\t\t\t\t\t\t<a href=\"https:\/\/www.spaziomuseovespa.com\/vespa-tour-castelli-romani\/\">\n\t\t\t\t\t\t\t<img loading=\"lazy\" decoding=\"async\" width=\"600\" height=\"469\" src=\"https:\/\/www.spaziomuseovespa.com\/wp-content\/uploads\/Il-Tour-dei-Castelli-Romani.jpg\" class=\"attachment-medium_large size-medium_large wp-image-438\" alt=\"\" srcset=\"https:\/\/www.spaziomuseovespa.com\/wp-content\/uploads\/Il-Tour-dei-Castelli-Romani.jpg 600w, https:\/\/www.spaziomuseovespa.com\/wp-content\/uploads\/Il-Tour-dei-Castelli-Romani-300x235.jpg 300w\" sizes=\"(max-width: 600px) 100vw, 600px\" \/>\t\t\t\t\t\t\t\t<\/a>\n\t\t\t\t\t\t\t\t\t\t\t<figcaption class=\"widget-image-caption wp-caption-text\">Vespa tour<br>Castelli Romani<\/figcaption>\n\t\t\t\t\t\t\t\t\t\t<\/figure>\n\t\t\t\t\t\t\t\t\t<\/div>\n\t\t\t\t<\/div>\n\t\t\t\t<\/div>\n\t\t<div class=\"elementor-element elementor-element-4853cba e-con-full e-flex e-con e-child\" data-id=\"4853cba\" data-element_type=\"container\">\n\t\t\t\t<div class=\"elementor-element elementor-element-4f272a1 elementor-widget elementor-widget-image\" data-id=\"4f272a1\" data-element_type=\"widget\" data-widget_type=\"image.default\">\n\t\t\t\t<div class=\"elementor-widget-container\">\n\t\t\t\t\t\t\t\t\t\t\t\t<figure class=\"wp-caption\">\n\t\t\t\t\t\t\t\t\t\t\t<a href=\"https:\/\/www.spaziomuseovespa.com\/vespa-tour-roma-moderna-e-ostia-antica\/\">\n\t\t\t\t\t\t\t<img loading=\"lazy\" decoding=\"async\" width=\"600\" height=\"469\" src=\"https:\/\/www.spaziomuseovespa.com\/wp-content\/uploads\/Vespa-Tour-Roma-moderna-e-Ostia-Antica.jpg\" class=\"attachment-medium_large size-medium_large wp-image-433\" alt=\"\" srcset=\"https:\/\/www.spaziomuseovespa.com\/wp-content\/uploads\/Vespa-Tour-Roma-moderna-e-Ostia-Antica.jpg 600w, https:\/\/www.spaziomuseovespa.com\/wp-content\/uploads\/Vespa-Tour-Roma-moderna-e-Ostia-Antica-300x235.jpg 300w\" sizes=\"(max-width: 600px) 100vw, 600px\" \/>\t\t\t\t\t\t\t\t<\/a>\n\t\t\t\t\t\t\t\t\t\t\t<figcaption class=\"widget-image-caption wp-caption-text\">Vespa tour<br>Rome und Ostia Antica<\/figcaption>\n\t\t\t\t\t\t\t\t\t\t<\/figure>\n\t\t\t\t\t\t\t\t\t<\/div>\n\t\t\t\t<\/div>\n\t\t\t\t<\/div>\n\t\t\t\t<\/div>\n\t\t\t\t\t<\/div>\n\t\t\t\t<\/div>\n\t\t\t\t<\/div>\n\t\t\t\t<\/div>\n\t\t\t\t\t\t<\/div>\n\t\t\t\t<\/div>\n\t\t\t\t\t<\/div>\n\t\t\t\t<\/div>\n\t\t<div class=\"elementor-element elementor-element-b6a92e9 e-flex e-con-boxed e-con e-parent\" data-id=\"b6a92e9\" data-element_type=\"container\">\n\t\t\t\t\t<div class=\"e-con-inner\">\n\t\t\t\t<div class=\"elementor-element elementor-element-17ab8c0 elementor-widget elementor-widget-heading\" data-id=\"17ab8c0\" data-element_type=\"widget\" data-widget_type=\"heading.default\">\n\t\t\t\t<div class=\"elementor-widget-container\">\n\t\t\t\t\t<h2 class=\"elementor-heading-title elementor-size-default\">... und wenn Sie ein erfahrener Fahrer sind, mieten Sie Ihre Vespa, um die Wunder von Rom zu entdecken<\/h2>\t\t\t\t<\/div>\n\t\t\t\t<\/div>\n\t\t\t\t<div class=\"elementor-element elementor-element-6caaeb9 elementor-widget elementor-widget-template\" data-id=\"6caaeb9\" data-element_type=\"widget\" data-widget_type=\"template.default\">\n\t\t\t\t<div class=\"elementor-widget-container\">\n\t\t\t\t\t\t\t<div class=\"elementor-template\">\n\t\t\t\t\t<div data-elementor-type=\"section\" data-elementor-id=\"1962\" class=\"elementor elementor-1962 elementor-1698\" data-elementor-post-type=\"elementor_library\">\n\t\t\t<div class=\"elementor-element elementor-element-ab87375 e-flex e-con-boxed e-con e-parent\" data-id=\"ab87375\" data-element_type=\"container\">\n\t\t\t\t\t<div class=\"e-con-inner\">\n\t\t<div class=\"elementor-element elementor-element-6eef2e6 e-con-full e-flex e-con e-child\" data-id=\"6eef2e6\" data-element_type=\"container\">\n\t\t<div class=\"elementor-element elementor-element-341e335 e-con-full e-flex e-con e-child\" data-id=\"341e335\" data-element_type=\"container\">\n\t\t\t\t<div class=\"elementor-element elementor-element-56b5421 elementor-widget elementor-widget-image\" data-id=\"56b5421\" data-element_type=\"widget\" data-widget_type=\"image.default\">\n\t\t\t\t<div class=\"elementor-widget-container\">\n\t\t\t\t\t\t\t\t\t\t\t\t\t\t\t\t<a href=\"https:\/\/bicibaci.com\/de\/\" target=\"_blank\">\n\t\t\t\t\t\t\t<img loading=\"lazy\" decoding=\"async\" width=\"200\" height=\"49\" src=\"https:\/\/www.spaziomuseovespa.com\/wp-content\/uploads\/bicibaci-logo-2023.webp\" class=\"attachment-medium_large size-medium_large wp-image-583\" alt=\"\" \/>\t\t\t\t\t\t\t\t<\/a>\n\t\t\t\t\t\t\t\t\t\t\t\t\t\t\t<\/div>\n\t\t\t\t<\/div>\n\t\t\t\t<div class=\"elementor-element elementor-element-99c90bf elementor-widget elementor-widget-heading\" data-id=\"99c90bf\" data-element_type=\"widget\" data-widget_type=\"heading.default\">\n\t\t\t\t<div class=\"elementor-widget-container\">\n\t\t\t\t\t<h2 class=\"elementor-heading-title elementor-size-default\"><a href=\"https:\/\/bicibaci.com\/de\/\" target=\"_blank\">bicibaci.com\/de<\/a><\/h2>\t\t\t\t<\/div>\n\t\t\t\t<\/div>\n\t\t\t\t<div class=\"elementor-element elementor-element-5ebd6b2 elementor-widget elementor-widget-heading\" data-id=\"5ebd6b2\" data-element_type=\"widget\" data-widget_type=\"heading.default\">\n\t\t\t\t<div class=\"elementor-widget-container\">\n\t\t\t\t\t<div class=\"elementor-heading-title elementor-size-default\">Ihr idealer Partner<\/div>\t\t\t\t<\/div>\n\t\t\t\t<\/div>\n\t\t\t\t<\/div>\n\t\t<div class=\"elementor-element elementor-element-8778fe8 e-con-full e-flex e-con e-child\" data-id=\"8778fe8\" data-element_type=\"container\">\n\t\t\t\t<div class=\"elementor-element elementor-element-c00a063 elementor-widget elementor-widget-image\" data-id=\"c00a063\" data-element_type=\"widget\" data-widget_type=\"image.default\">\n\t\t\t\t<div class=\"elementor-widget-container\">\n\t\t\t\t\t\t\t\t\t\t\t\t\t\t\t\t<a href=\"https:\/\/bicibaci.com\/prodotto\/scooter-categoria-b1\/\" target=\"_blank\">\n\t\t\t\t\t\t\t<img loading=\"lazy\" decoding=\"async\" width=\"600\" height=\"471\" src=\"https:\/\/www.spaziomuseovespa.com\/wp-content\/uploads\/scooter_cat_b1.jpg\" class=\"attachment-medium_large size-medium_large wp-image-563\" alt=\"\" srcset=\"https:\/\/www.spaziomuseovespa.com\/wp-content\/uploads\/scooter_cat_b1.jpg 600w, https:\/\/www.spaziomuseovespa.com\/wp-content\/uploads\/scooter_cat_b1-300x236.jpg 300w\" sizes=\"(max-width: 600px) 100vw, 600px\" \/>\t\t\t\t\t\t\t\t<\/a>\n\t\t\t\t\t\t\t\t\t\t\t\t\t\t\t<\/div>\n\t\t\t\t<\/div>\n\t\t\t\t<\/div>\n\t\t<div class=\"elementor-element elementor-element-b1f717e e-con-full e-flex e-con e-child\" data-id=\"b1f717e\" data-element_type=\"container\">\n\t\t\t\t<div class=\"elementor-element elementor-element-c4d5fb6 elementor-widget elementor-widget-image\" data-id=\"c4d5fb6\" data-element_type=\"widget\" data-widget_type=\"image.default\">\n\t\t\t\t<div class=\"elementor-widget-container\">\n\t\t\t\t\t\t\t\t\t\t\t\t\t\t\t\t<a href=\"https:\/\/bicibaci.com\/prodotto\/scooter-categoria-e\/\" target=\"_blank\">\n\t\t\t\t\t\t\t<img loading=\"lazy\" decoding=\"async\" width=\"600\" height=\"471\" src=\"https:\/\/www.spaziomuseovespa.com\/wp-content\/uploads\/vespa_red_cat_E.jpg\" class=\"attachment-medium_large size-medium_large wp-image-578\" alt=\"\" srcset=\"https:\/\/www.spaziomuseovespa.com\/wp-content\/uploads\/vespa_red_cat_E.jpg 600w, https:\/\/www.spaziomuseovespa.com\/wp-content\/uploads\/vespa_red_cat_E-300x236.jpg 300w\" sizes=\"(max-width: 600px) 100vw, 600px\" \/>\t\t\t\t\t\t\t\t<\/a>\n\t\t\t\t\t\t\t\t\t\t\t\t\t\t\t<\/div>\n\t\t\t\t<\/div>\n\t\t\t\t<\/div>\n\t\t<div class=\"elementor-element elementor-element-6868fe3 e-con-full e-flex e-con e-child\" data-id=\"6868fe3\" data-element_type=\"container\">\n\t\t\t\t<div class=\"elementor-element elementor-element-763973b elementor-widget elementor-widget-image\" data-id=\"763973b\" data-element_type=\"widget\" data-widget_type=\"image.default\">\n\t\t\t\t<div class=\"elementor-widget-container\">\n\t\t\t\t\t\t\t\t\t\t\t\t\t\t\t\t<a href=\"https:\/\/bicibaci.com\/prodotto\/vespa-street-art\/\" target=\"_blank\">\n\t\t\t\t\t\t\t<img loading=\"lazy\" decoding=\"async\" width=\"600\" height=\"471\" src=\"https:\/\/www.spaziomuseovespa.com\/wp-content\/uploads\/vespa-street-art.jpg\" class=\"attachment-medium_large size-medium_large wp-image-573\" alt=\"\" srcset=\"https:\/\/www.spaziomuseovespa.com\/wp-content\/uploads\/vespa-street-art.jpg 600w, https:\/\/www.spaziomuseovespa.com\/wp-content\/uploads\/vespa-street-art-300x236.jpg 300w\" sizes=\"(max-width: 600px) 100vw, 600px\" \/>\t\t\t\t\t\t\t\t<\/a>\n\t\t\t\t\t\t\t\t\t\t\t\t\t\t\t<\/div>\n\t\t\t\t<\/div>\n\t\t\t\t<\/div>\n\t\t<div class=\"elementor-element elementor-element-7c7d8ac e-con-full e-flex e-con e-child\" data-id=\"7c7d8ac\" data-element_type=\"container\">\n\t\t\t\t<div class=\"elementor-element elementor-element-69c1f6c elementor-widget elementor-widget-image\" data-id=\"69c1f6c\" data-element_type=\"widget\" data-widget_type=\"image.default\">\n\t\t\t\t<div class=\"elementor-widget-container\">\n\t\t\t\t\t\t\t\t\t\t\t\t\t\t\t\t<a href=\"https:\/\/bicibaci.com\/prodotto\/scooter-categoria-f\/\" target=\"_blank\">\n\t\t\t\t\t\t\t<img loading=\"lazy\" decoding=\"async\" width=\"600\" height=\"471\" src=\"https:\/\/www.spaziomuseovespa.com\/wp-content\/uploads\/vespa_red_cat_F.jpg\" class=\"attachment-medium_large size-medium_large wp-image-568\" alt=\"\" srcset=\"https:\/\/www.spaziomuseovespa.com\/wp-content\/uploads\/vespa_red_cat_F.jpg 600w, https:\/\/www.spaziomuseovespa.com\/wp-content\/uploads\/vespa_red_cat_F-300x236.jpg 300w\" sizes=\"(max-width: 600px) 100vw, 600px\" \/>\t\t\t\t\t\t\t\t<\/a>\n\t\t\t\t\t\t\t\t\t\t\t\t\t\t\t<\/div>\n\t\t\t\t<\/div>\n\t\t\t\t<\/div>\n\t\t\t\t<\/div>\n\t\t\t\t\t<\/div>\n\t\t\t\t<\/div>\n\t\t\t\t<\/div>\n\t\t\t\t<\/div>\n\t\t\t\t\t\t<\/div>\n\t\t\t\t<\/div>\n\t\t\t\t\t<\/div>\n\t\t\t\t<\/div>\n\t\t\t\t<\/div>\n\t\t","protected":false},"excerpt":{"rendered":"<p>Hier ist eine Liste der wichtigsten K\u00f6nige und Kaiser Roms von der Gr\u00fcndung der Stadt bis zum Untergang des R\u00f6mischen Reiches, unterteilt in bedeutende Perioden. Bici Baci Ihr idealer Partner, um Rom zu entdecken &#8211; Tour und Verleih mit Vespa, Fahrrad, E-Bike, Roller, Tuk Tuk &#8211; Erfahren Sie mehr Periode der r\u00f6mischen Monarchie (753-509 v. [&hellip;]<\/p>\n","protected":false},"author":1,"featured_media":4823,"parent":3370,"menu_order":0,"comment_status":"closed","ping_status":"closed","template":"","meta":{"footnotes":""},"luogo_monumento":[97],"class_list":["post-3613","page","type-page","status-publish","has-post-thumbnail","hentry","luogo_monumento-personaggi-illustri-de"],"yoast_head":"<!-- This site is optimized with the Yoast SEO plugin v26.7 - https:\/\/yoast.com\/wordpress\/plugins\/seo\/ -->\n<title>K\u00f6nige und Kaiser von Rom - Spazio Museo Vespa | Vespa-Touren und -Verleih in Rom<\/title>\n<meta name=\"description\" content=\"Entdecken Sie K\u00f6nige und Kaiser von Rom, Vermietung oder Tour mit einer Vespa, einem Fahrrad, einem Roller oder einem Tuk Tuk in Rom, Bici Baci ist Ihr idealer Partner\" \/>\n<meta name=\"robots\" content=\"index, follow, max-snippet:-1, max-image-preview:large, max-video-preview:-1\" \/>\n<link rel=\"canonical\" href=\"https:\/\/www.spaziomuseovespa.com\/de\/entdecken-sie-rom-und-seine-denkmaeler\/koenige-und-kaiser-von-rom\/\" \/>\n<meta property=\"og:locale\" content=\"de_DE\" \/>\n<meta property=\"og:type\" content=\"article\" \/>\n<meta property=\"og:title\" content=\"K\u00f6nige und Kaiser von Rom - Spazio Museo Vespa | Vespa-Touren und -Verleih in Rom\" \/>\n<meta property=\"og:description\" content=\"Entdecken Sie K\u00f6nige und Kaiser von Rom, Vermietung oder Tour mit einer Vespa, einem Fahrrad, einem Roller oder einem Tuk Tuk in Rom, Bici Baci ist Ihr idealer Partner\" \/>\n<meta property=\"og:url\" content=\"https:\/\/www.spaziomuseovespa.com\/de\/entdecken-sie-rom-und-seine-denkmaeler\/koenige-und-kaiser-von-rom\/\" \/>\n<meta property=\"og:site_name\" content=\"Spazio Museo Vespa\" \/>\n<meta property=\"article:modified_time\" content=\"2024-10-24T16:19:53+00:00\" \/>\n<meta property=\"og:image\" content=\"https:\/\/www.spaziomuseovespa.com\/wp-content\/uploads\/Re-ed-Imperatori-di-Roma-0.jpg\" \/>\n\t<meta property=\"og:image:width\" content=\"1920\" \/>\n\t<meta property=\"og:image:height\" content=\"1080\" \/>\n\t<meta property=\"og:image:type\" content=\"image\/jpeg\" \/>\n<meta name=\"twitter:card\" content=\"summary_large_image\" \/>\n<meta name=\"twitter:label1\" content=\"Gesch\u00e4tzte Lesezeit\" \/>\n\t<meta name=\"twitter:data1\" content=\"4\u00a0Minuten\" \/>\n<script type=\"application\/ld+json\" class=\"yoast-schema-graph\">{\"@context\":\"https:\/\/schema.org\",\"@graph\":[{\"@type\":\"WebPage\",\"@id\":\"https:\/\/www.spaziomuseovespa.com\/de\/entdecken-sie-rom-und-seine-denkmaeler\/koenige-und-kaiser-von-rom\/\",\"url\":\"https:\/\/www.spaziomuseovespa.com\/de\/entdecken-sie-rom-und-seine-denkmaeler\/koenige-und-kaiser-von-rom\/\",\"name\":\"K\u00f6nige und Kaiser von Rom - Spazio Museo Vespa | Vespa-Touren und -Verleih in Rom\",\"isPartOf\":{\"@id\":\"https:\/\/www.spaziomuseovespa.com\/de\/#website\"},\"primaryImageOfPage\":{\"@id\":\"https:\/\/www.spaziomuseovespa.com\/de\/entdecken-sie-rom-und-seine-denkmaeler\/koenige-und-kaiser-von-rom\/#primaryimage\"},\"image\":{\"@id\":\"https:\/\/www.spaziomuseovespa.com\/de\/entdecken-sie-rom-und-seine-denkmaeler\/koenige-und-kaiser-von-rom\/#primaryimage\"},\"thumbnailUrl\":\"https:\/\/www.spaziomuseovespa.com\/wp-content\/uploads\/Re-ed-Imperatori-di-Roma-0.jpg\",\"datePublished\":\"2024-10-15T07:45:49+00:00\",\"dateModified\":\"2024-10-24T16:19:53+00:00\",\"description\":\"Entdecken Sie K\u00f6nige und Kaiser von Rom, Vermietung oder Tour mit einer Vespa, einem Fahrrad, einem Roller oder einem Tuk Tuk in Rom, Bici Baci ist Ihr idealer Partner\",\"breadcrumb\":{\"@id\":\"https:\/\/www.spaziomuseovespa.com\/de\/entdecken-sie-rom-und-seine-denkmaeler\/koenige-und-kaiser-von-rom\/#breadcrumb\"},\"inLanguage\":\"de\",\"potentialAction\":[{\"@type\":\"ReadAction\",\"target\":[\"https:\/\/www.spaziomuseovespa.com\/de\/entdecken-sie-rom-und-seine-denkmaeler\/koenige-und-kaiser-von-rom\/\"]}]},{\"@type\":\"ImageObject\",\"inLanguage\":\"de\",\"@id\":\"https:\/\/www.spaziomuseovespa.com\/de\/entdecken-sie-rom-und-seine-denkmaeler\/koenige-und-kaiser-von-rom\/#primaryimage\",\"url\":\"https:\/\/www.spaziomuseovespa.com\/wp-content\/uploads\/Re-ed-Imperatori-di-Roma-0.jpg\",\"contentUrl\":\"https:\/\/www.spaziomuseovespa.com\/wp-content\/uploads\/Re-ed-Imperatori-di-Roma-0.jpg\",\"width\":1920,\"height\":1080,\"caption\":\"Re ed Imperatori di Roma\"},{\"@type\":\"BreadcrumbList\",\"@id\":\"https:\/\/www.spaziomuseovespa.com\/de\/entdecken-sie-rom-und-seine-denkmaeler\/koenige-und-kaiser-von-rom\/#breadcrumb\",\"itemListElement\":[{\"@type\":\"ListItem\",\"position\":1,\"name\":\"Home\",\"item\":\"https:\/\/www.spaziomuseovespa.com\/de\/homepage\/\"},{\"@type\":\"ListItem\",\"position\":2,\"name\":\"Entdecken Sie Rom und seine Denkm\u00e4ler\",\"item\":\"https:\/\/www.spaziomuseovespa.com\/de\/entdecken-sie-rom-und-seine-denkmaeler\/\"},{\"@type\":\"ListItem\",\"position\":3,\"name\":\"K\u00f6nige und Kaiser von Rom\"}]},{\"@type\":\"WebSite\",\"@id\":\"https:\/\/www.spaziomuseovespa.com\/de\/#website\",\"url\":\"https:\/\/www.spaziomuseovespa.com\/de\/\",\"name\":\"Spazio Museo Vespa\",\"description\":\"\",\"publisher\":{\"@id\":\"https:\/\/www.spaziomuseovespa.com\/de\/#organization\"},\"potentialAction\":[{\"@type\":\"SearchAction\",\"target\":{\"@type\":\"EntryPoint\",\"urlTemplate\":\"https:\/\/www.spaziomuseovespa.com\/de\/?s={search_term_string}\"},\"query-input\":{\"@type\":\"PropertyValueSpecification\",\"valueRequired\":true,\"valueName\":\"search_term_string\"}}],\"inLanguage\":\"de\"},{\"@type\":\"Organization\",\"@id\":\"https:\/\/www.spaziomuseovespa.com\/de\/#organization\",\"name\":\"Spazio Museo Vespa\",\"url\":\"https:\/\/www.spaziomuseovespa.com\/de\/\",\"logo\":{\"@type\":\"ImageObject\",\"inLanguage\":\"de\",\"@id\":\"https:\/\/www.spaziomuseovespa.com\/de\/#\/schema\/logo\/image\/\",\"url\":\"https:\/\/www.spaziomuseovespa.com\/wp-content\/uploads\/logo.png\",\"contentUrl\":\"https:\/\/www.spaziomuseovespa.com\/wp-content\/uploads\/logo.png\",\"width\":322,\"height\":95,\"caption\":\"Spazio Museo Vespa\"},\"image\":{\"@id\":\"https:\/\/www.spaziomuseovespa.com\/de\/#\/schema\/logo\/image\/\"}}]}<\/script>\n<!-- \/ Yoast SEO plugin. -->","yoast_head_json":{"title":"K\u00f6nige und Kaiser von Rom - Spazio Museo Vespa | Vespa-Touren und -Verleih in Rom","description":"Entdecken Sie K\u00f6nige und Kaiser von Rom, Vermietung oder Tour mit einer Vespa, einem Fahrrad, einem Roller oder einem Tuk Tuk in Rom, Bici Baci ist Ihr idealer Partner","robots":{"index":"index","follow":"follow","max-snippet":"max-snippet:-1","max-image-preview":"max-image-preview:large","max-video-preview":"max-video-preview:-1"},"canonical":"https:\/\/www.spaziomuseovespa.com\/de\/entdecken-sie-rom-und-seine-denkmaeler\/koenige-und-kaiser-von-rom\/","og_locale":"de_DE","og_type":"article","og_title":"K\u00f6nige und Kaiser von Rom - Spazio Museo Vespa | Vespa-Touren und -Verleih in Rom","og_description":"Entdecken Sie K\u00f6nige und Kaiser von Rom, Vermietung oder Tour mit einer Vespa, einem Fahrrad, einem Roller oder einem Tuk Tuk in Rom, Bici Baci ist Ihr idealer Partner","og_url":"https:\/\/www.spaziomuseovespa.com\/de\/entdecken-sie-rom-und-seine-denkmaeler\/koenige-und-kaiser-von-rom\/","og_site_name":"Spazio Museo Vespa","article_modified_time":"2024-10-24T16:19:53+00:00","og_image":[{"width":1920,"height":1080,"url":"https:\/\/www.spaziomuseovespa.com\/wp-content\/uploads\/Re-ed-Imperatori-di-Roma-0.jpg","type":"image\/jpeg"}],"twitter_card":"summary_large_image","twitter_misc":{"Gesch\u00e4tzte Lesezeit":"4\u00a0Minuten"},"schema":{"@context":"https:\/\/schema.org","@graph":[{"@type":"WebPage","@id":"https:\/\/www.spaziomuseovespa.com\/de\/entdecken-sie-rom-und-seine-denkmaeler\/koenige-und-kaiser-von-rom\/","url":"https:\/\/www.spaziomuseovespa.com\/de\/entdecken-sie-rom-und-seine-denkmaeler\/koenige-und-kaiser-von-rom\/","name":"K\u00f6nige und Kaiser von Rom - Spazio Museo Vespa | Vespa-Touren und -Verleih in Rom","isPartOf":{"@id":"https:\/\/www.spaziomuseovespa.com\/de\/#website"},"primaryImageOfPage":{"@id":"https:\/\/www.spaziomuseovespa.com\/de\/entdecken-sie-rom-und-seine-denkmaeler\/koenige-und-kaiser-von-rom\/#primaryimage"},"image":{"@id":"https:\/\/www.spaziomuseovespa.com\/de\/entdecken-sie-rom-und-seine-denkmaeler\/koenige-und-kaiser-von-rom\/#primaryimage"},"thumbnailUrl":"https:\/\/www.spaziomuseovespa.com\/wp-content\/uploads\/Re-ed-Imperatori-di-Roma-0.jpg","datePublished":"2024-10-15T07:45:49+00:00","dateModified":"2024-10-24T16:19:53+00:00","description":"Entdecken Sie K\u00f6nige und Kaiser von Rom, Vermietung oder Tour mit einer Vespa, einem Fahrrad, einem Roller oder einem Tuk Tuk in Rom, Bici Baci ist Ihr idealer Partner","breadcrumb":{"@id":"https:\/\/www.spaziomuseovespa.com\/de\/entdecken-sie-rom-und-seine-denkmaeler\/koenige-und-kaiser-von-rom\/#breadcrumb"},"inLanguage":"de","potentialAction":[{"@type":"ReadAction","target":["https:\/\/www.spaziomuseovespa.com\/de\/entdecken-sie-rom-und-seine-denkmaeler\/koenige-und-kaiser-von-rom\/"]}]},{"@type":"ImageObject","inLanguage":"de","@id":"https:\/\/www.spaziomuseovespa.com\/de\/entdecken-sie-rom-und-seine-denkmaeler\/koenige-und-kaiser-von-rom\/#primaryimage","url":"https:\/\/www.spaziomuseovespa.com\/wp-content\/uploads\/Re-ed-Imperatori-di-Roma-0.jpg","contentUrl":"https:\/\/www.spaziomuseovespa.com\/wp-content\/uploads\/Re-ed-Imperatori-di-Roma-0.jpg","width":1920,"height":1080,"caption":"Re ed Imperatori di Roma"},{"@type":"BreadcrumbList","@id":"https:\/\/www.spaziomuseovespa.com\/de\/entdecken-sie-rom-und-seine-denkmaeler\/koenige-und-kaiser-von-rom\/#breadcrumb","itemListElement":[{"@type":"ListItem","position":1,"name":"Home","item":"https:\/\/www.spaziomuseovespa.com\/de\/homepage\/"},{"@type":"ListItem","position":2,"name":"Entdecken Sie Rom und seine Denkm\u00e4ler","item":"https:\/\/www.spaziomuseovespa.com\/de\/entdecken-sie-rom-und-seine-denkmaeler\/"},{"@type":"ListItem","position":3,"name":"K\u00f6nige und Kaiser von Rom"}]},{"@type":"WebSite","@id":"https:\/\/www.spaziomuseovespa.com\/de\/#website","url":"https:\/\/www.spaziomuseovespa.com\/de\/","name":"Spazio Museo Vespa","description":"","publisher":{"@id":"https:\/\/www.spaziomuseovespa.com\/de\/#organization"},"potentialAction":[{"@type":"SearchAction","target":{"@type":"EntryPoint","urlTemplate":"https:\/\/www.spaziomuseovespa.com\/de\/?s={search_term_string}"},"query-input":{"@type":"PropertyValueSpecification","valueRequired":true,"valueName":"search_term_string"}}],"inLanguage":"de"},{"@type":"Organization","@id":"https:\/\/www.spaziomuseovespa.com\/de\/#organization","name":"Spazio Museo Vespa","url":"https:\/\/www.spaziomuseovespa.com\/de\/","logo":{"@type":"ImageObject","inLanguage":"de","@id":"https:\/\/www.spaziomuseovespa.com\/de\/#\/schema\/logo\/image\/","url":"https:\/\/www.spaziomuseovespa.com\/wp-content\/uploads\/logo.png","contentUrl":"https:\/\/www.spaziomuseovespa.com\/wp-content\/uploads\/logo.png","width":322,"height":95,"caption":"Spazio Museo Vespa"},"image":{"@id":"https:\/\/www.spaziomuseovespa.com\/de\/#\/schema\/logo\/image\/"}}]}},"_links":{"self":[{"href":"https:\/\/www.spaziomuseovespa.com\/de\/wp-json\/wp\/v2\/pages\/3613","targetHints":{"allow":["GET"]}}],"collection":[{"href":"https:\/\/www.spaziomuseovespa.com\/de\/wp-json\/wp\/v2\/pages"}],"about":[{"href":"https:\/\/www.spaziomuseovespa.com\/de\/wp-json\/wp\/v2\/types\/page"}],"author":[{"embeddable":true,"href":"https:\/\/www.spaziomuseovespa.com\/de\/wp-json\/wp\/v2\/users\/1"}],"replies":[{"embeddable":true,"href":"https:\/\/www.spaziomuseovespa.com\/de\/wp-json\/wp\/v2\/comments?post=3613"}],"version-history":[{"count":0,"href":"https:\/\/www.spaziomuseovespa.com\/de\/wp-json\/wp\/v2\/pages\/3613\/revisions"}],"up":[{"embeddable":true,"href":"https:\/\/www.spaziomuseovespa.com\/de\/wp-json\/wp\/v2\/pages\/3370"}],"wp:featuredmedia":[{"embeddable":true,"href":"https:\/\/www.spaziomuseovespa.com\/de\/wp-json\/wp\/v2\/media\/4823"}],"wp:attachment":[{"href":"https:\/\/www.spaziomuseovespa.com\/de\/wp-json\/wp\/v2\/media?parent=3613"}],"wp:term":[{"taxonomy":"luogo_monumento","embeddable":true,"href":"https:\/\/www.spaziomuseovespa.com\/de\/wp-json\/wp\/v2\/luogo_monumento?post=3613"}],"curies":[{"name":"wp","href":"https:\/\/api.w.org\/{rel}","templated":true}]}}