{"id":3695,"date":"2024-10-11T10:15:10","date_gmt":"2024-10-11T08:15:10","guid":{"rendered":"https:\/\/www.spaziomuseovespa.com\/entdecken-sie-rom-und-seine-denkmaeler\/il-colle-celio-e-il-tempio-di-claudio\/"},"modified":"2024-10-25T13:54:35","modified_gmt":"2024-10-25T11:54:35","slug":"il-colle-celio-e-il-tempio-di-claudio","status":"publish","type":"page","link":"https:\/\/www.spaziomuseovespa.com\/de\/entdecken-sie-rom-und-seine-denkmaeler\/il-colle-celio-e-il-tempio-di-claudio\/","title":{"rendered":"Il Colle Celio e il Tempio di Claudio"},"content":{"rendered":"\t\t<div data-elementor-type=\"wp-page\" data-elementor-id=\"3695\" class=\"elementor elementor-3695 elementor-1474\" data-elementor-post-type=\"page\">\n\t\t\t\t<div class=\"elementor-element elementor-element-a2c7424 e-flex e-con-boxed e-con e-parent\" data-id=\"a2c7424\" data-element_type=\"container\" data-settings=\"{&quot;background_background&quot;:&quot;classic&quot;}\">\n\t\t\t\t\t<div class=\"e-con-inner\">\n\t\t\t\t<div class=\"elementor-element elementor-element-495600d elementor-widget elementor-widget-heading\" data-id=\"495600d\" data-element_type=\"widget\" data-widget_type=\"heading.default\">\n\t\t\t\t<div class=\"elementor-widget-container\">\n\t\t\t\t\t<h1 class=\"elementor-heading-title elementor-size-default\">Il Colle Celio e il Tempio di Claudio<\/h1>\t\t\t\t<\/div>\n\t\t\t\t<\/div>\n\t\t\t\t\t<\/div>\n\t\t\t\t<\/div>\n\t\t<div class=\"elementor-element elementor-element-fb4dc40 e-flex e-con-boxed e-con e-parent\" data-id=\"fb4dc40\" data-element_type=\"container\">\n\t\t\t\t\t<div class=\"e-con-inner\">\n\t\t\t\t<div class=\"elementor-element elementor-element-e2c4372 elementor-widget elementor-widget-text-editor\" data-id=\"e2c4372\" data-element_type=\"widget\" data-widget_type=\"text-editor.default\">\n\t\t\t\t<div class=\"elementor-widget-container\">\n\t\t\t\t\t\t\t\t\t<p>Besuchen Sie den Caelian Hill mit einem Fahrrad, einer Vespa, einem Roller oder einer Tuk-Tuk-Tour. Ein unglaubliches Erlebnis, um einen der charakteristischsten Orte Roms zu entdecken! <\/p>\n\t\t\t\t\t\t\t\t<\/div>\n\t\t\t\t<\/div>\n\t\t\t\t\t<\/div>\n\t\t\t\t<\/div>\n\t\t<div class=\"elementor-element elementor-element-c43058d e-flex e-con-boxed e-con e-parent\" data-id=\"c43058d\" data-element_type=\"container\">\n\t\t\t\t\t<div class=\"e-con-inner\">\n\t\t\t\t<div class=\"elementor-element elementor-element-7b26ddd elementor-align-center elementor-mobile-align-center elementor-widget elementor-widget-button\" data-id=\"7b26ddd\" data-element_type=\"widget\" data-widget_type=\"button.default\">\n\t\t\t\t<div class=\"elementor-widget-container\">\n\t\t\t\t\t\t\t\t\t<div class=\"elementor-button-wrapper\">\n\t\t\t\t\t<a class=\"elementor-button elementor-button-link elementor-size-sm\" href=\"https:\/\/bicibaci.com\/de\/\" target=\"_blank\">\n\t\t\t\t\t\t<span class=\"elementor-button-content-wrapper\">\n\t\t\t\t\t\t\t\t\t<span class=\"elementor-button-text\">Bici Baci Ihr idealer Partner, um Rom zu entdecken - Tour und Verleih mit Vespa, Fahrrad, E-Bike, Roller, Tuk Tuk - Erfahren Sie mehr  <\/span>\n\t\t\t\t\t<\/span>\n\t\t\t\t\t<\/a>\n\t\t\t\t<\/div>\n\t\t\t\t\t\t\t\t<\/div>\n\t\t\t\t<\/div>\n\t\t\t\t\t<\/div>\n\t\t\t\t<\/div>\n\t\t<div class=\"elementor-element elementor-element-c1f16f6 e-flex e-con-boxed e-con e-parent\" data-id=\"c1f16f6\" data-element_type=\"container\">\n\t\t\t\t\t<div class=\"e-con-inner\">\n\t\t\t\t<div class=\"elementor-element elementor-element-bd6e412 elementor-widget elementor-widget-image\" data-id=\"bd6e412\" data-element_type=\"widget\" data-widget_type=\"image.default\">\n\t\t\t\t<div class=\"elementor-widget-container\">\n\t\t\t\t\t\t\t\t\t\t\t\t<figure class=\"wp-caption\">\n\t\t\t\t\t\t\t\t\t\t\t<a href=\"https:\/\/www.spaziomuseovespa.com\/wp-content\/uploads\/Il-Colle-Celio-e-il-Tempio-di-Claudio.jpg\" data-elementor-open-lightbox=\"yes\" data-e-action-hash=\"#elementor-action%3Aaction%3Dlightbox%26settings%3DeyJpZCI6NTAwMSwidXJsIjoiaHR0cHM6XC9cL3d3dy5zcGF6aW9tdXNlb3Zlc3BhLmNvbVwvd3AtY29udGVudFwvdXBsb2Fkc1wvSWwtQ29sbGUtQ2VsaW8tZS1pbC1UZW1waW8tZGktQ2xhdWRpby5qcGcifQ%3D%3D\">\n\t\t\t\t\t\t\t<img fetchpriority=\"high\" decoding=\"async\" width=\"1920\" height=\"1080\" src=\"https:\/\/www.spaziomuseovespa.com\/wp-content\/uploads\/Il-Colle-Celio-e-il-Tempio-di-Claudio.jpg\" class=\"attachment-full size-full wp-image-5001\" alt=\"Il Colle Celio e il Tempio di Claudio\" srcset=\"https:\/\/www.spaziomuseovespa.com\/wp-content\/uploads\/Il-Colle-Celio-e-il-Tempio-di-Claudio.jpg 1920w, https:\/\/www.spaziomuseovespa.com\/wp-content\/uploads\/Il-Colle-Celio-e-il-Tempio-di-Claudio-300x169.jpg 300w, https:\/\/www.spaziomuseovespa.com\/wp-content\/uploads\/Il-Colle-Celio-e-il-Tempio-di-Claudio-1024x576.jpg 1024w, https:\/\/www.spaziomuseovespa.com\/wp-content\/uploads\/Il-Colle-Celio-e-il-Tempio-di-Claudio-768x432.jpg 768w, https:\/\/www.spaziomuseovespa.com\/wp-content\/uploads\/Il-Colle-Celio-e-il-Tempio-di-Claudio-1536x864.jpg 1536w\" sizes=\"(max-width: 1920px) 100vw, 1920px\" \/>\t\t\t\t\t\t\t\t<\/a>\n\t\t\t\t\t\t\t\t\t\t\t<figcaption class=\"widget-image-caption wp-caption-text\"><\/figcaption>\n\t\t\t\t\t\t\t\t\t\t<\/figure>\n\t\t\t\t\t\t\t\t\t<\/div>\n\t\t\t\t<\/div>\n\t\t\t\t\t<\/div>\n\t\t\t\t<\/div>\n\t\t<div class=\"elementor-element elementor-element-c10a9b9 e-flex e-con-boxed e-con e-parent\" data-id=\"c10a9b9\" data-element_type=\"container\">\n\t\t\t\t\t<div class=\"e-con-inner\">\n\t\t\t\t<div class=\"elementor-element elementor-element-1e06551 elementor-widget elementor-widget-heading\" data-id=\"1e06551\" data-element_type=\"widget\" data-widget_type=\"heading.default\">\n\t\t\t\t<div class=\"elementor-widget-container\">\n\t\t\t\t\t<h2 class=\"elementor-heading-title elementor-size-default\">Was Sie \u00fcber den Caelianischen H\u00fcgel und den Claudischen Tempel wissen m\u00fcssen<\/h2>\t\t\t\t<\/div>\n\t\t\t\t<\/div>\n\t\t\t\t<div class=\"elementor-element elementor-element-e7f071c elementor-widget elementor-widget-text-editor\" data-id=\"e7f071c\" data-element_type=\"widget\" data-widget_type=\"text-editor.default\">\n\t\t\t\t<div class=\"elementor-widget-container\">\n\t\t\t\t\t\t\t\t\t<p>Der Caelianische H\u00fcgel ist einer der sieben H\u00fcgel Roms und befindet sich s\u00fcdlich des Kolosseums. Dieser H\u00fcgel ist ber\u00fchmt f\u00fcr seine antike Geschichte und f\u00fcr die vielen arch\u00e4ologischen St\u00e4tten und Denkm\u00e4ler, die er beherbergt. <\/p>\n<p>Eines der bedeutendsten Denkm\u00e4ler auf dem Caelianischen H\u00fcgel ist der <strong>Claudius-Tempel<\/strong>, von dem angenommen wird, dass er Kaiser Claudius gewidmet war, dem vierten r\u00f6mischen Kaiser, der f\u00fcr seine Reformen und \u00f6ffentlichen Werke bekannt war. Der Tempel wurde im Jahr 42 n. Chr. erbaut und befand sich in einem Komplex \u00f6ffentlicher Geb\u00e4ude. Obwohl heute nur noch Ruinen \u00fcbrig sind, ist die St\u00e4tte von gro\u00dfer arch\u00e4ologischer und historischer Bedeutung.  <\/p>\n<p><strong>Hauptmerkmale des Caelianischen H\u00fcgels und des Claudius-Tempels:<\/strong><\/p>\n<ol>\n<li><strong>Geschichte<\/strong>: Der Caelianische H\u00fcgel hat eine lange Geschichte, die bis in die Zeit der Gr\u00fcndung Roms zur\u00fcckreicht. Es war ein wichtiges Wohngebiet f\u00fcr die Oberschicht der r\u00f6mischen Gesellschaft. <\/li>\n<li><strong>Architektur<\/strong>: Der Claudius-Tempel zeichnete sich durch einen typischen rechteckigen Grundriss aus, mit einem hohen Podium und S\u00e4ulen, die einen gro\u00dfen Giebel tragen. Obwohl viele Teile des Tempels verloren gegangen sind, sind einige Strukturen noch sichtbar. <\/li>\n<li><strong>Kulturelle Bedeutung<\/strong>: Neben dem Claudius-Tempel beherbergt der Caelianische H\u00fcgel auch andere wichtige Denkm\u00e4ler und Kirchen, wie die Basilika San Stefano Rotondo und den Parco degli Scipioni.<\/li>\n<li><strong>Ruinen und Ausgrabungen<\/strong>: Die arch\u00e4ologischen Ausgrabungen in der Gegend gehen weiter und bringen immer mehr Informationen \u00fcber das Leben und die Architektur des antiken Roms ans Licht.<\/li>\n<\/ol>\n<p>Der Caelianische H\u00fcgel und der Claudius-Tempel stellen daher ein wichtiges Fenster zur Geschichte und Kultur des antiken Roms dar.<\/p>\n\t\t\t\t\t\t\t\t<\/div>\n\t\t\t\t<\/div>\n\t\t\t\t\t<\/div>\n\t\t\t\t<\/div>\n\t\t<div class=\"elementor-element elementor-element-de6f7f4 e-flex e-con-boxed e-con e-parent\" data-id=\"de6f7f4\" data-element_type=\"container\">\n\t\t\t\t\t<div class=\"e-con-inner\">\n\t\t\t\t\t<\/div>\n\t\t\t\t<\/div>\n\t\t<div class=\"elementor-element elementor-element-f0bc0b9 e-flex e-con-boxed e-con e-parent\" data-id=\"f0bc0b9\" data-element_type=\"container\">\n\t\t\t\t\t<div class=\"e-con-inner\">\n\t\t\t\t<div class=\"elementor-element elementor-element-29190b6 elementor-widget elementor-widget-heading\" data-id=\"29190b6\" data-element_type=\"widget\" data-widget_type=\"heading.default\">\n\t\t\t\t<div class=\"elementor-widget-container\">\n\t\t\t\t\t<h2 class=\"elementor-heading-title elementor-size-default\">Neugier<\/h2>\t\t\t\t<\/div>\n\t\t\t\t<\/div>\n\t\t\t\t<div class=\"elementor-element elementor-element-7da5c7b elementor-widget elementor-widget-text-editor\" data-id=\"7da5c7b\" data-element_type=\"widget\" data-widget_type=\"text-editor.default\">\n\t\t\t\t<div class=\"elementor-widget-container\">\n\t\t\t\t\t\t\t\t\t<strong>Caelianischer H\u00fcgel<\/strong>\n \t<li><strong>Name und Mythologie<\/strong>: Der Caelianische H\u00fcgel ist nach Caelius, einem mythischen r\u00f6mischen K\u00f6nig, benannt. Der Legende nach ist der H\u00fcgel mit mehreren Mythen und Geschichten \u00fcber die Gr\u00fcndung Roms verbunden. <\/li>\n \t<li><strong>Adelsresidenz<\/strong>: W\u00e4hrend des R\u00f6mischen Reiches wurde das Caelian zu einer Wohngegend f\u00fcr die r\u00f6mische Aristokratie. Viele Adelsfamilien bauten hier ihre Villen und schufen so eine elegante und raffinierte Umgebung. <\/li>\n \t<li><strong>G\u00e4rten und Parks<\/strong>: Der H\u00fcgel war bekannt f\u00fcr seine \u00fcppigen G\u00e4rten und Parks, die Orte der Erholung und Begegnung f\u00fcr die Oberschicht waren. Heute sind einige dieser Gr\u00fcnfl\u00e4chen wiederhergestellt und f\u00fcr die \u00d6ffentlichkeit zug\u00e4nglich. <\/li>\n \t<li><strong>Religi\u00f6se St\u00e4tten<\/strong>: Neben dem Claudius-Tempel beherbergt der Caelianische H\u00fcgel auch viele alte und wichtige Kirchen, wie die Kirche San Gregorio al Celio und die Basilika San Stefano Rotondo, die f\u00fcr ihre kreisf\u00f6rmigen Kapellen ber\u00fchmt ist.<\/li><br>\n\n<strong>Tempel des Claudius<\/strong>\n \t<li><strong>Kaiserliche Weihe<\/strong>: Der Claudius-Tempel wurde Kaiser Claudius kurz nach seinem Tod im Jahr 54 n. Chr. geweiht. Dies spiegelt die r\u00f6mische Praxis wider, verstorbene Kaiser mit Tempeln und Denkm\u00e4lern zu ehren.<\/li>\n \t<li><strong>Sichtbare Ruinen<\/strong>: Obwohl ein Gro\u00dfteil des Tempels verloren gegangen ist, sind einige S\u00e4ulen und das Podium noch sichtbar. Diese Ruinen waren im Laufe der Jahre Gegenstand von Studien und Restaurierungen. <\/li>\n \t<li><strong>Architektonischer Einfluss<\/strong>: Der Claudius-Tempel ist ein bedeutendes Beispiel r\u00f6mischer Architektur aus der Fr\u00fchzeit des Reiches und beeinflusste andere Tempel und \u00f6ffentliche Bauwerke im gesamten Reich.<\/li>\n \t<li><strong>Arch\u00e4ologische Entdeckungen<\/strong>: Bei Ausgrabungen wurden eine Reihe von Objekten gefunden, darunter Statuen und Inschriften, die wertvolle Informationen \u00fcber das t\u00e4gliche Leben und die r\u00f6mische Religion bieten.<\/li>\t\t\t\t\t\t\t\t<\/div>\n\t\t\t\t<\/div>\n\t\t\t\t\t<\/div>\n\t\t\t\t<\/div>\n\t\t<div class=\"elementor-element elementor-element-3bbf03d riga_tour e-flex e-con-boxed e-con e-parent\" data-id=\"3bbf03d\" data-element_type=\"container\">\n\t\t\t\t\t<div class=\"e-con-inner\">\n\t\t\t\t<div class=\"elementor-element elementor-element-812eec0 elementor-widget elementor-widget-heading\" data-id=\"812eec0\" data-element_type=\"widget\" data-widget_type=\"heading.default\">\n\t\t\t\t<div class=\"elementor-widget-container\">\n\t\t\t\t\t<h2 class=\"elementor-heading-title elementor-size-default\">W\u00e4hlen Sie Ihre Lieblings-Vespa-Tour f\u00fcr einen Besuch in Rom<\/h2>\t\t\t\t<\/div>\n\t\t\t\t<\/div>\n\t\t\t\t<div class=\"elementor-element elementor-element-29c8ed2 elementor-widget elementor-widget-template\" data-id=\"29c8ed2\" data-element_type=\"widget\" data-widget_type=\"template.default\">\n\t\t\t\t<div class=\"elementor-widget-container\">\n\t\t\t\t\t\t\t<div class=\"elementor-template\">\n\t\t\t\t\t<div data-elementor-type=\"section\" data-elementor-id=\"1974\" class=\"elementor elementor-1974 elementor-1687\" data-elementor-post-type=\"elementor_library\">\n\t\t\t<div class=\"elementor-element elementor-element-1497235 riga_tour e-flex e-con-boxed e-con e-parent\" data-id=\"1497235\" data-element_type=\"container\">\n\t\t\t\t\t<div class=\"e-con-inner\">\n\t\t<div class=\"elementor-element elementor-element-586e2e8 e-con-full e-flex e-con e-child\" data-id=\"586e2e8\" data-element_type=\"container\">\n\t\t<div class=\"elementor-element elementor-element-6b49b07 e-con-full e-flex e-con e-child\" data-id=\"6b49b07\" data-element_type=\"container\">\n\t\t\t\t<div class=\"elementor-element elementor-element-fc87d99 elementor-widget elementor-widget-image\" data-id=\"fc87d99\" data-element_type=\"widget\" data-widget_type=\"image.default\">\n\t\t\t\t<div class=\"elementor-widget-container\">\n\t\t\t\t\t\t\t\t\t\t\t\t<figure class=\"wp-caption\">\n\t\t\t\t\t\t\t\t\t\t\t<a href=\"https:\/\/www.spaziomuseovespa.com\/vespa-tour-grand-tour-di-roma\/\">\n\t\t\t\t\t\t\t<img decoding=\"async\" width=\"600\" height=\"469\" src=\"https:\/\/www.spaziomuseovespa.com\/wp-content\/uploads\/gran_tour_roma.jpg\" class=\"attachment-medium_large size-medium_large wp-image-443\" alt=\"\" srcset=\"https:\/\/www.spaziomuseovespa.com\/wp-content\/uploads\/gran_tour_roma.jpg 600w, https:\/\/www.spaziomuseovespa.com\/wp-content\/uploads\/gran_tour_roma-300x235.jpg 300w\" sizes=\"(max-width: 600px) 100vw, 600px\" \/>\t\t\t\t\t\t\t\t<\/a>\n\t\t\t\t\t\t\t\t\t\t\t<figcaption class=\"widget-image-caption wp-caption-text\">Vespa tour<br>Gro\u00dfe tour durch Rom<\/figcaption>\n\t\t\t\t\t\t\t\t\t\t<\/figure>\n\t\t\t\t\t\t\t\t\t<\/div>\n\t\t\t\t<\/div>\n\t\t\t\t<\/div>\n\t\t<div class=\"elementor-element elementor-element-daa5749 e-con-full e-flex e-con e-child\" data-id=\"daa5749\" data-element_type=\"container\">\n\t\t\t\t<div class=\"elementor-element elementor-element-11cf106 elementor-widget elementor-widget-image\" data-id=\"11cf106\" data-element_type=\"widget\" data-widget_type=\"image.default\">\n\t\t\t\t<div class=\"elementor-widget-container\">\n\t\t\t\t\t\t\t\t\t\t\t\t<figure class=\"wp-caption\">\n\t\t\t\t\t\t\t\t\t\t\t<a href=\"https:\/\/www.spaziomuseovespa.com\/vespa-tour-rome-movie-sets\/\">\n\t\t\t\t\t\t\t<img decoding=\"async\" width=\"600\" height=\"469\" src=\"https:\/\/www.spaziomuseovespa.com\/wp-content\/uploads\/tour_rome_movie_set.jpg\" class=\"attachment-medium_large size-medium_large wp-image-428\" alt=\"\" srcset=\"https:\/\/www.spaziomuseovespa.com\/wp-content\/uploads\/tour_rome_movie_set.jpg 600w, https:\/\/www.spaziomuseovespa.com\/wp-content\/uploads\/tour_rome_movie_set-300x235.jpg 300w\" sizes=\"(max-width: 600px) 100vw, 600px\" \/>\t\t\t\t\t\t\t\t<\/a>\n\t\t\t\t\t\t\t\t\t\t\t<figcaption class=\"widget-image-caption wp-caption-text\">Vespa tour<br>Rome Movie Set<\/figcaption>\n\t\t\t\t\t\t\t\t\t\t<\/figure>\n\t\t\t\t\t\t\t\t\t<\/div>\n\t\t\t\t<\/div>\n\t\t\t\t<\/div>\n\t\t<div class=\"elementor-element elementor-element-912acab e-con-full e-flex e-con e-child\" data-id=\"912acab\" data-element_type=\"container\">\n\t\t\t\t<div class=\"elementor-element elementor-element-0846c51 elementor-widget elementor-widget-image\" data-id=\"0846c51\" data-element_type=\"widget\" data-widget_type=\"image.default\">\n\t\t\t\t<div class=\"elementor-widget-container\">\n\t\t\t\t\t\t\t\t\t\t\t\t<figure class=\"wp-caption\">\n\t\t\t\t\t\t\t\t\t\t\t<a href=\"https:\/\/www.spaziomuseovespa.com\/vespa-tour-castelli-romani\/\">\n\t\t\t\t\t\t\t<img loading=\"lazy\" decoding=\"async\" width=\"600\" height=\"469\" src=\"https:\/\/www.spaziomuseovespa.com\/wp-content\/uploads\/Il-Tour-dei-Castelli-Romani.jpg\" class=\"attachment-medium_large size-medium_large wp-image-438\" alt=\"\" srcset=\"https:\/\/www.spaziomuseovespa.com\/wp-content\/uploads\/Il-Tour-dei-Castelli-Romani.jpg 600w, https:\/\/www.spaziomuseovespa.com\/wp-content\/uploads\/Il-Tour-dei-Castelli-Romani-300x235.jpg 300w\" sizes=\"(max-width: 600px) 100vw, 600px\" \/>\t\t\t\t\t\t\t\t<\/a>\n\t\t\t\t\t\t\t\t\t\t\t<figcaption class=\"widget-image-caption wp-caption-text\">Vespa tour<br>Castelli Romani<\/figcaption>\n\t\t\t\t\t\t\t\t\t\t<\/figure>\n\t\t\t\t\t\t\t\t\t<\/div>\n\t\t\t\t<\/div>\n\t\t\t\t<\/div>\n\t\t<div class=\"elementor-element elementor-element-4853cba e-con-full e-flex e-con e-child\" data-id=\"4853cba\" data-element_type=\"container\">\n\t\t\t\t<div class=\"elementor-element elementor-element-4f272a1 elementor-widget elementor-widget-image\" data-id=\"4f272a1\" data-element_type=\"widget\" data-widget_type=\"image.default\">\n\t\t\t\t<div class=\"elementor-widget-container\">\n\t\t\t\t\t\t\t\t\t\t\t\t<figure class=\"wp-caption\">\n\t\t\t\t\t\t\t\t\t\t\t<a href=\"https:\/\/www.spaziomuseovespa.com\/vespa-tour-roma-moderna-e-ostia-antica\/\">\n\t\t\t\t\t\t\t<img loading=\"lazy\" decoding=\"async\" width=\"600\" height=\"469\" src=\"https:\/\/www.spaziomuseovespa.com\/wp-content\/uploads\/Vespa-Tour-Roma-moderna-e-Ostia-Antica.jpg\" class=\"attachment-medium_large size-medium_large wp-image-433\" alt=\"\" srcset=\"https:\/\/www.spaziomuseovespa.com\/wp-content\/uploads\/Vespa-Tour-Roma-moderna-e-Ostia-Antica.jpg 600w, https:\/\/www.spaziomuseovespa.com\/wp-content\/uploads\/Vespa-Tour-Roma-moderna-e-Ostia-Antica-300x235.jpg 300w\" sizes=\"(max-width: 600px) 100vw, 600px\" \/>\t\t\t\t\t\t\t\t<\/a>\n\t\t\t\t\t\t\t\t\t\t\t<figcaption class=\"widget-image-caption wp-caption-text\">Vespa tour<br>Rome und Ostia Antica<\/figcaption>\n\t\t\t\t\t\t\t\t\t\t<\/figure>\n\t\t\t\t\t\t\t\t\t<\/div>\n\t\t\t\t<\/div>\n\t\t\t\t<\/div>\n\t\t\t\t<\/div>\n\t\t\t\t\t<\/div>\n\t\t\t\t<\/div>\n\t\t\t\t<\/div>\n\t\t\t\t<\/div>\n\t\t\t\t\t\t<\/div>\n\t\t\t\t<\/div>\n\t\t\t\t\t<\/div>\n\t\t\t\t<\/div>\n\t\t<div class=\"elementor-element elementor-element-4cfd6b2 e-flex e-con-boxed e-con e-parent\" data-id=\"4cfd6b2\" data-element_type=\"container\">\n\t\t\t\t\t<div class=\"e-con-inner\">\n\t\t\t\t<div class=\"elementor-element elementor-element-7045736 elementor-widget elementor-widget-heading\" data-id=\"7045736\" data-element_type=\"widget\" data-widget_type=\"heading.default\">\n\t\t\t\t<div class=\"elementor-widget-container\">\n\t\t\t\t\t<h2 class=\"elementor-heading-title elementor-size-default\">... und wenn Sie ein erfahrener Fahrer sind, mieten Sie Ihre Vespa, um die Wunder von Rom zu entdecken<\/h2>\t\t\t\t<\/div>\n\t\t\t\t<\/div>\n\t\t\t\t<div class=\"elementor-element elementor-element-16a19c5 elementor-widget elementor-widget-template\" data-id=\"16a19c5\" data-element_type=\"widget\" data-widget_type=\"template.default\">\n\t\t\t\t<div class=\"elementor-widget-container\">\n\t\t\t\t\t\t\t<div class=\"elementor-template\">\n\t\t\t\t\t<div data-elementor-type=\"section\" data-elementor-id=\"1962\" class=\"elementor elementor-1962 elementor-1698\" data-elementor-post-type=\"elementor_library\">\n\t\t\t<div class=\"elementor-element elementor-element-ab87375 e-flex e-con-boxed e-con e-parent\" data-id=\"ab87375\" data-element_type=\"container\">\n\t\t\t\t\t<div class=\"e-con-inner\">\n\t\t<div class=\"elementor-element elementor-element-6eef2e6 e-con-full e-flex e-con e-child\" data-id=\"6eef2e6\" data-element_type=\"container\">\n\t\t<div class=\"elementor-element elementor-element-341e335 e-con-full e-flex e-con e-child\" data-id=\"341e335\" data-element_type=\"container\">\n\t\t\t\t<div class=\"elementor-element elementor-element-56b5421 elementor-widget elementor-widget-image\" data-id=\"56b5421\" data-element_type=\"widget\" data-widget_type=\"image.default\">\n\t\t\t\t<div class=\"elementor-widget-container\">\n\t\t\t\t\t\t\t\t\t\t\t\t\t\t\t\t<a href=\"https:\/\/bicibaci.com\/de\/\" target=\"_blank\">\n\t\t\t\t\t\t\t<img loading=\"lazy\" decoding=\"async\" width=\"200\" height=\"49\" src=\"https:\/\/www.spaziomuseovespa.com\/wp-content\/uploads\/bicibaci-logo-2023.webp\" class=\"attachment-medium_large size-medium_large wp-image-583\" alt=\"\" \/>\t\t\t\t\t\t\t\t<\/a>\n\t\t\t\t\t\t\t\t\t\t\t\t\t\t\t<\/div>\n\t\t\t\t<\/div>\n\t\t\t\t<div class=\"elementor-element elementor-element-99c90bf elementor-widget elementor-widget-heading\" data-id=\"99c90bf\" data-element_type=\"widget\" data-widget_type=\"heading.default\">\n\t\t\t\t<div class=\"elementor-widget-container\">\n\t\t\t\t\t<h2 class=\"elementor-heading-title elementor-size-default\"><a href=\"https:\/\/bicibaci.com\/de\/\" target=\"_blank\">bicibaci.com\/de<\/a><\/h2>\t\t\t\t<\/div>\n\t\t\t\t<\/div>\n\t\t\t\t<div class=\"elementor-element elementor-element-5ebd6b2 elementor-widget elementor-widget-heading\" data-id=\"5ebd6b2\" data-element_type=\"widget\" data-widget_type=\"heading.default\">\n\t\t\t\t<div class=\"elementor-widget-container\">\n\t\t\t\t\t<div class=\"elementor-heading-title elementor-size-default\">Ihr idealer Partner<\/div>\t\t\t\t<\/div>\n\t\t\t\t<\/div>\n\t\t\t\t<\/div>\n\t\t<div class=\"elementor-element elementor-element-8778fe8 e-con-full e-flex e-con e-child\" data-id=\"8778fe8\" data-element_type=\"container\">\n\t\t\t\t<div class=\"elementor-element elementor-element-c00a063 elementor-widget elementor-widget-image\" data-id=\"c00a063\" data-element_type=\"widget\" data-widget_type=\"image.default\">\n\t\t\t\t<div class=\"elementor-widget-container\">\n\t\t\t\t\t\t\t\t\t\t\t\t\t\t\t\t<a href=\"https:\/\/bicibaci.com\/prodotto\/scooter-categoria-b1\/\" target=\"_blank\">\n\t\t\t\t\t\t\t<img loading=\"lazy\" decoding=\"async\" width=\"600\" height=\"471\" src=\"https:\/\/www.spaziomuseovespa.com\/wp-content\/uploads\/scooter_cat_b1.jpg\" class=\"attachment-medium_large size-medium_large wp-image-563\" alt=\"\" srcset=\"https:\/\/www.spaziomuseovespa.com\/wp-content\/uploads\/scooter_cat_b1.jpg 600w, https:\/\/www.spaziomuseovespa.com\/wp-content\/uploads\/scooter_cat_b1-300x236.jpg 300w\" sizes=\"(max-width: 600px) 100vw, 600px\" \/>\t\t\t\t\t\t\t\t<\/a>\n\t\t\t\t\t\t\t\t\t\t\t\t\t\t\t<\/div>\n\t\t\t\t<\/div>\n\t\t\t\t<\/div>\n\t\t<div class=\"elementor-element elementor-element-b1f717e e-con-full e-flex e-con e-child\" data-id=\"b1f717e\" data-element_type=\"container\">\n\t\t\t\t<div class=\"elementor-element elementor-element-c4d5fb6 elementor-widget elementor-widget-image\" data-id=\"c4d5fb6\" data-element_type=\"widget\" data-widget_type=\"image.default\">\n\t\t\t\t<div class=\"elementor-widget-container\">\n\t\t\t\t\t\t\t\t\t\t\t\t\t\t\t\t<a href=\"https:\/\/bicibaci.com\/prodotto\/scooter-categoria-e\/\" target=\"_blank\">\n\t\t\t\t\t\t\t<img loading=\"lazy\" decoding=\"async\" width=\"600\" height=\"471\" src=\"https:\/\/www.spaziomuseovespa.com\/wp-content\/uploads\/vespa_red_cat_E.jpg\" class=\"attachment-medium_large size-medium_large wp-image-578\" alt=\"\" srcset=\"https:\/\/www.spaziomuseovespa.com\/wp-content\/uploads\/vespa_red_cat_E.jpg 600w, https:\/\/www.spaziomuseovespa.com\/wp-content\/uploads\/vespa_red_cat_E-300x236.jpg 300w\" sizes=\"(max-width: 600px) 100vw, 600px\" \/>\t\t\t\t\t\t\t\t<\/a>\n\t\t\t\t\t\t\t\t\t\t\t\t\t\t\t<\/div>\n\t\t\t\t<\/div>\n\t\t\t\t<\/div>\n\t\t<div class=\"elementor-element elementor-element-6868fe3 e-con-full e-flex e-con e-child\" data-id=\"6868fe3\" data-element_type=\"container\">\n\t\t\t\t<div class=\"elementor-element elementor-element-763973b elementor-widget elementor-widget-image\" data-id=\"763973b\" data-element_type=\"widget\" data-widget_type=\"image.default\">\n\t\t\t\t<div class=\"elementor-widget-container\">\n\t\t\t\t\t\t\t\t\t\t\t\t\t\t\t\t<a href=\"https:\/\/bicibaci.com\/prodotto\/vespa-street-art\/\" target=\"_blank\">\n\t\t\t\t\t\t\t<img loading=\"lazy\" decoding=\"async\" width=\"600\" height=\"471\" src=\"https:\/\/www.spaziomuseovespa.com\/wp-content\/uploads\/vespa-street-art.jpg\" class=\"attachment-medium_large size-medium_large wp-image-573\" alt=\"\" srcset=\"https:\/\/www.spaziomuseovespa.com\/wp-content\/uploads\/vespa-street-art.jpg 600w, https:\/\/www.spaziomuseovespa.com\/wp-content\/uploads\/vespa-street-art-300x236.jpg 300w\" sizes=\"(max-width: 600px) 100vw, 600px\" \/>\t\t\t\t\t\t\t\t<\/a>\n\t\t\t\t\t\t\t\t\t\t\t\t\t\t\t<\/div>\n\t\t\t\t<\/div>\n\t\t\t\t<\/div>\n\t\t<div class=\"elementor-element elementor-element-7c7d8ac e-con-full e-flex e-con e-child\" data-id=\"7c7d8ac\" data-element_type=\"container\">\n\t\t\t\t<div class=\"elementor-element elementor-element-69c1f6c elementor-widget elementor-widget-image\" data-id=\"69c1f6c\" data-element_type=\"widget\" data-widget_type=\"image.default\">\n\t\t\t\t<div class=\"elementor-widget-container\">\n\t\t\t\t\t\t\t\t\t\t\t\t\t\t\t\t<a href=\"https:\/\/bicibaci.com\/prodotto\/scooter-categoria-f\/\" target=\"_blank\">\n\t\t\t\t\t\t\t<img loading=\"lazy\" decoding=\"async\" width=\"600\" height=\"471\" src=\"https:\/\/www.spaziomuseovespa.com\/wp-content\/uploads\/vespa_red_cat_F.jpg\" class=\"attachment-medium_large size-medium_large wp-image-568\" alt=\"\" srcset=\"https:\/\/www.spaziomuseovespa.com\/wp-content\/uploads\/vespa_red_cat_F.jpg 600w, https:\/\/www.spaziomuseovespa.com\/wp-content\/uploads\/vespa_red_cat_F-300x236.jpg 300w\" sizes=\"(max-width: 600px) 100vw, 600px\" \/>\t\t\t\t\t\t\t\t<\/a>\n\t\t\t\t\t\t\t\t\t\t\t\t\t\t\t<\/div>\n\t\t\t\t<\/div>\n\t\t\t\t<\/div>\n\t\t\t\t<\/div>\n\t\t\t\t\t<\/div>\n\t\t\t\t<\/div>\n\t\t\t\t<\/div>\n\t\t\t\t<\/div>\n\t\t\t\t\t\t<\/div>\n\t\t\t\t<\/div>\n\t\t\t\t\t<\/div>\n\t\t\t\t<\/div>\n\t\t\t\t<\/div>\n\t\t","protected":false},"excerpt":{"rendered":"<p>Besuchen Sie den Caelian Hill mit einem Fahrrad, einer Vespa, einem Roller oder einer Tuk-Tuk-Tour. Ein unglaubliches Erlebnis, um einen der charakteristischsten Orte Roms zu entdecken! Bici Baci Ihr idealer Partner, um Rom zu entdecken &#8211; Tour und Verleih mit Vespa, Fahrrad, E-Bike, Roller, Tuk Tuk &#8211; Erfahren Sie mehr Was Sie \u00fcber den Caelianischen [&hellip;]<\/p>\n","protected":false},"author":1,"featured_media":5001,"parent":3370,"menu_order":0,"comment_status":"closed","ping_status":"closed","template":"","meta":{"footnotes":""},"luogo_monumento":[73],"class_list":["post-3695","page","type-page","status-publish","has-post-thumbnail","hentry","luogo_monumento-roma-colli-e-quartieri-de"],"yoast_head":"<!-- This site is optimized with the Yoast SEO plugin v26.7 - https:\/\/yoast.com\/wordpress\/plugins\/seo\/ -->\n<title>Il Colle Celio e il Tempio di Claudio - Spazio Museo Vespa | Vespa-Touren und -Verleih in Rom<\/title>\n<meta name=\"description\" content=\"Entdecken Sie Il Colle Celio e il Tempio di Claudio, Vermietung oder Tour mit einer Vespa, einem Fahrrad, einem Roller oder einem Tuk Tuk in Rom, Bici Baci ist Ihr idealer Partner\" \/>\n<meta name=\"robots\" content=\"index, follow, max-snippet:-1, max-image-preview:large, max-video-preview:-1\" \/>\n<link rel=\"canonical\" href=\"https:\/\/www.spaziomuseovespa.com\/de\/entdecken-sie-rom-und-seine-denkmaeler\/il-colle-celio-e-il-tempio-di-claudio\/\" \/>\n<meta property=\"og:locale\" content=\"de_DE\" \/>\n<meta property=\"og:type\" content=\"article\" \/>\n<meta property=\"og:title\" content=\"Il Colle Celio e il Tempio di Claudio - Spazio Museo Vespa | Vespa-Touren und -Verleih in Rom\" \/>\n<meta property=\"og:description\" content=\"Entdecken Sie Il Colle Celio e il Tempio di Claudio, Vermietung oder Tour mit einer Vespa, einem Fahrrad, einem Roller oder einem Tuk Tuk in Rom, Bici Baci ist Ihr idealer Partner\" \/>\n<meta property=\"og:url\" content=\"https:\/\/www.spaziomuseovespa.com\/de\/entdecken-sie-rom-und-seine-denkmaeler\/il-colle-celio-e-il-tempio-di-claudio\/\" \/>\n<meta property=\"og:site_name\" content=\"Spazio Museo Vespa\" \/>\n<meta property=\"article:modified_time\" content=\"2024-10-25T11:54:35+00:00\" \/>\n<meta property=\"og:image\" content=\"https:\/\/www.spaziomuseovespa.com\/wp-content\/uploads\/Il-Colle-Celio-e-il-Tempio-di-Claudio.jpg\" \/>\n\t<meta property=\"og:image:width\" content=\"1920\" \/>\n\t<meta property=\"og:image:height\" content=\"1080\" \/>\n\t<meta property=\"og:image:type\" content=\"image\/jpeg\" \/>\n<meta name=\"twitter:card\" content=\"summary_large_image\" \/>\n<meta name=\"twitter:label1\" content=\"Gesch\u00e4tzte Lesezeit\" \/>\n\t<meta name=\"twitter:data1\" content=\"3\u00a0Minuten\" \/>\n<script type=\"application\/ld+json\" class=\"yoast-schema-graph\">{\"@context\":\"https:\/\/schema.org\",\"@graph\":[{\"@type\":\"WebPage\",\"@id\":\"https:\/\/www.spaziomuseovespa.com\/de\/entdecken-sie-rom-und-seine-denkmaeler\/il-colle-celio-e-il-tempio-di-claudio\/\",\"url\":\"https:\/\/www.spaziomuseovespa.com\/de\/entdecken-sie-rom-und-seine-denkmaeler\/il-colle-celio-e-il-tempio-di-claudio\/\",\"name\":\"Il Colle Celio e il Tempio di Claudio - Spazio Museo Vespa | Vespa-Touren und -Verleih in Rom\",\"isPartOf\":{\"@id\":\"https:\/\/www.spaziomuseovespa.com\/de\/#website\"},\"primaryImageOfPage\":{\"@id\":\"https:\/\/www.spaziomuseovespa.com\/de\/entdecken-sie-rom-und-seine-denkmaeler\/il-colle-celio-e-il-tempio-di-claudio\/#primaryimage\"},\"image\":{\"@id\":\"https:\/\/www.spaziomuseovespa.com\/de\/entdecken-sie-rom-und-seine-denkmaeler\/il-colle-celio-e-il-tempio-di-claudio\/#primaryimage\"},\"thumbnailUrl\":\"https:\/\/www.spaziomuseovespa.com\/wp-content\/uploads\/Il-Colle-Celio-e-il-Tempio-di-Claudio.jpg\",\"datePublished\":\"2024-10-11T08:15:10+00:00\",\"dateModified\":\"2024-10-25T11:54:35+00:00\",\"description\":\"Entdecken Sie Il Colle Celio e il Tempio di Claudio, Vermietung oder Tour mit einer Vespa, einem Fahrrad, einem Roller oder einem Tuk Tuk in Rom, Bici Baci ist Ihr idealer Partner\",\"breadcrumb\":{\"@id\":\"https:\/\/www.spaziomuseovespa.com\/de\/entdecken-sie-rom-und-seine-denkmaeler\/il-colle-celio-e-il-tempio-di-claudio\/#breadcrumb\"},\"inLanguage\":\"de\",\"potentialAction\":[{\"@type\":\"ReadAction\",\"target\":[\"https:\/\/www.spaziomuseovespa.com\/de\/entdecken-sie-rom-und-seine-denkmaeler\/il-colle-celio-e-il-tempio-di-claudio\/\"]}]},{\"@type\":\"ImageObject\",\"inLanguage\":\"de\",\"@id\":\"https:\/\/www.spaziomuseovespa.com\/de\/entdecken-sie-rom-und-seine-denkmaeler\/il-colle-celio-e-il-tempio-di-claudio\/#primaryimage\",\"url\":\"https:\/\/www.spaziomuseovespa.com\/wp-content\/uploads\/Il-Colle-Celio-e-il-Tempio-di-Claudio.jpg\",\"contentUrl\":\"https:\/\/www.spaziomuseovespa.com\/wp-content\/uploads\/Il-Colle-Celio-e-il-Tempio-di-Claudio.jpg\",\"width\":1920,\"height\":1080,\"caption\":\"Il Colle Celio e il Tempio di Claudio\"},{\"@type\":\"BreadcrumbList\",\"@id\":\"https:\/\/www.spaziomuseovespa.com\/de\/entdecken-sie-rom-und-seine-denkmaeler\/il-colle-celio-e-il-tempio-di-claudio\/#breadcrumb\",\"itemListElement\":[{\"@type\":\"ListItem\",\"position\":1,\"name\":\"Home\",\"item\":\"https:\/\/www.spaziomuseovespa.com\/de\/homepage\/\"},{\"@type\":\"ListItem\",\"position\":2,\"name\":\"Entdecken Sie Rom und seine Denkm\u00e4ler\",\"item\":\"https:\/\/www.spaziomuseovespa.com\/de\/entdecken-sie-rom-und-seine-denkmaeler\/\"},{\"@type\":\"ListItem\",\"position\":3,\"name\":\"Il Colle Celio e il Tempio di Claudio\"}]},{\"@type\":\"WebSite\",\"@id\":\"https:\/\/www.spaziomuseovespa.com\/de\/#website\",\"url\":\"https:\/\/www.spaziomuseovespa.com\/de\/\",\"name\":\"Spazio Museo Vespa\",\"description\":\"\",\"publisher\":{\"@id\":\"https:\/\/www.spaziomuseovespa.com\/de\/#organization\"},\"potentialAction\":[{\"@type\":\"SearchAction\",\"target\":{\"@type\":\"EntryPoint\",\"urlTemplate\":\"https:\/\/www.spaziomuseovespa.com\/de\/?s={search_term_string}\"},\"query-input\":{\"@type\":\"PropertyValueSpecification\",\"valueRequired\":true,\"valueName\":\"search_term_string\"}}],\"inLanguage\":\"de\"},{\"@type\":\"Organization\",\"@id\":\"https:\/\/www.spaziomuseovespa.com\/de\/#organization\",\"name\":\"Spazio Museo Vespa\",\"url\":\"https:\/\/www.spaziomuseovespa.com\/de\/\",\"logo\":{\"@type\":\"ImageObject\",\"inLanguage\":\"de\",\"@id\":\"https:\/\/www.spaziomuseovespa.com\/de\/#\/schema\/logo\/image\/\",\"url\":\"https:\/\/www.spaziomuseovespa.com\/wp-content\/uploads\/logo.png\",\"contentUrl\":\"https:\/\/www.spaziomuseovespa.com\/wp-content\/uploads\/logo.png\",\"width\":322,\"height\":95,\"caption\":\"Spazio Museo Vespa\"},\"image\":{\"@id\":\"https:\/\/www.spaziomuseovespa.com\/de\/#\/schema\/logo\/image\/\"}}]}<\/script>\n<!-- \/ Yoast SEO plugin. -->","yoast_head_json":{"title":"Il Colle Celio e il Tempio di Claudio - Spazio Museo Vespa | Vespa-Touren und -Verleih in Rom","description":"Entdecken Sie Il Colle Celio e il Tempio di Claudio, Vermietung oder Tour mit einer Vespa, einem Fahrrad, einem Roller oder einem Tuk Tuk in Rom, Bici Baci ist Ihr idealer Partner","robots":{"index":"index","follow":"follow","max-snippet":"max-snippet:-1","max-image-preview":"max-image-preview:large","max-video-preview":"max-video-preview:-1"},"canonical":"https:\/\/www.spaziomuseovespa.com\/de\/entdecken-sie-rom-und-seine-denkmaeler\/il-colle-celio-e-il-tempio-di-claudio\/","og_locale":"de_DE","og_type":"article","og_title":"Il Colle Celio e il Tempio di Claudio - Spazio Museo Vespa | Vespa-Touren und -Verleih in Rom","og_description":"Entdecken Sie Il Colle Celio e il Tempio di Claudio, Vermietung oder Tour mit einer Vespa, einem Fahrrad, einem Roller oder einem Tuk Tuk in Rom, Bici Baci ist Ihr idealer Partner","og_url":"https:\/\/www.spaziomuseovespa.com\/de\/entdecken-sie-rom-und-seine-denkmaeler\/il-colle-celio-e-il-tempio-di-claudio\/","og_site_name":"Spazio Museo Vespa","article_modified_time":"2024-10-25T11:54:35+00:00","og_image":[{"width":1920,"height":1080,"url":"https:\/\/www.spaziomuseovespa.com\/wp-content\/uploads\/Il-Colle-Celio-e-il-Tempio-di-Claudio.jpg","type":"image\/jpeg"}],"twitter_card":"summary_large_image","twitter_misc":{"Gesch\u00e4tzte Lesezeit":"3\u00a0Minuten"},"schema":{"@context":"https:\/\/schema.org","@graph":[{"@type":"WebPage","@id":"https:\/\/www.spaziomuseovespa.com\/de\/entdecken-sie-rom-und-seine-denkmaeler\/il-colle-celio-e-il-tempio-di-claudio\/","url":"https:\/\/www.spaziomuseovespa.com\/de\/entdecken-sie-rom-und-seine-denkmaeler\/il-colle-celio-e-il-tempio-di-claudio\/","name":"Il Colle Celio e il Tempio di Claudio - Spazio Museo Vespa | Vespa-Touren und -Verleih in Rom","isPartOf":{"@id":"https:\/\/www.spaziomuseovespa.com\/de\/#website"},"primaryImageOfPage":{"@id":"https:\/\/www.spaziomuseovespa.com\/de\/entdecken-sie-rom-und-seine-denkmaeler\/il-colle-celio-e-il-tempio-di-claudio\/#primaryimage"},"image":{"@id":"https:\/\/www.spaziomuseovespa.com\/de\/entdecken-sie-rom-und-seine-denkmaeler\/il-colle-celio-e-il-tempio-di-claudio\/#primaryimage"},"thumbnailUrl":"https:\/\/www.spaziomuseovespa.com\/wp-content\/uploads\/Il-Colle-Celio-e-il-Tempio-di-Claudio.jpg","datePublished":"2024-10-11T08:15:10+00:00","dateModified":"2024-10-25T11:54:35+00:00","description":"Entdecken Sie Il Colle Celio e il Tempio di Claudio, Vermietung oder Tour mit einer Vespa, einem Fahrrad, einem Roller oder einem Tuk Tuk in Rom, Bici Baci ist Ihr idealer Partner","breadcrumb":{"@id":"https:\/\/www.spaziomuseovespa.com\/de\/entdecken-sie-rom-und-seine-denkmaeler\/il-colle-celio-e-il-tempio-di-claudio\/#breadcrumb"},"inLanguage":"de","potentialAction":[{"@type":"ReadAction","target":["https:\/\/www.spaziomuseovespa.com\/de\/entdecken-sie-rom-und-seine-denkmaeler\/il-colle-celio-e-il-tempio-di-claudio\/"]}]},{"@type":"ImageObject","inLanguage":"de","@id":"https:\/\/www.spaziomuseovespa.com\/de\/entdecken-sie-rom-und-seine-denkmaeler\/il-colle-celio-e-il-tempio-di-claudio\/#primaryimage","url":"https:\/\/www.spaziomuseovespa.com\/wp-content\/uploads\/Il-Colle-Celio-e-il-Tempio-di-Claudio.jpg","contentUrl":"https:\/\/www.spaziomuseovespa.com\/wp-content\/uploads\/Il-Colle-Celio-e-il-Tempio-di-Claudio.jpg","width":1920,"height":1080,"caption":"Il Colle Celio e il Tempio di Claudio"},{"@type":"BreadcrumbList","@id":"https:\/\/www.spaziomuseovespa.com\/de\/entdecken-sie-rom-und-seine-denkmaeler\/il-colle-celio-e-il-tempio-di-claudio\/#breadcrumb","itemListElement":[{"@type":"ListItem","position":1,"name":"Home","item":"https:\/\/www.spaziomuseovespa.com\/de\/homepage\/"},{"@type":"ListItem","position":2,"name":"Entdecken Sie Rom und seine Denkm\u00e4ler","item":"https:\/\/www.spaziomuseovespa.com\/de\/entdecken-sie-rom-und-seine-denkmaeler\/"},{"@type":"ListItem","position":3,"name":"Il Colle Celio e il Tempio di Claudio"}]},{"@type":"WebSite","@id":"https:\/\/www.spaziomuseovespa.com\/de\/#website","url":"https:\/\/www.spaziomuseovespa.com\/de\/","name":"Spazio Museo Vespa","description":"","publisher":{"@id":"https:\/\/www.spaziomuseovespa.com\/de\/#organization"},"potentialAction":[{"@type":"SearchAction","target":{"@type":"EntryPoint","urlTemplate":"https:\/\/www.spaziomuseovespa.com\/de\/?s={search_term_string}"},"query-input":{"@type":"PropertyValueSpecification","valueRequired":true,"valueName":"search_term_string"}}],"inLanguage":"de"},{"@type":"Organization","@id":"https:\/\/www.spaziomuseovespa.com\/de\/#organization","name":"Spazio Museo Vespa","url":"https:\/\/www.spaziomuseovespa.com\/de\/","logo":{"@type":"ImageObject","inLanguage":"de","@id":"https:\/\/www.spaziomuseovespa.com\/de\/#\/schema\/logo\/image\/","url":"https:\/\/www.spaziomuseovespa.com\/wp-content\/uploads\/logo.png","contentUrl":"https:\/\/www.spaziomuseovespa.com\/wp-content\/uploads\/logo.png","width":322,"height":95,"caption":"Spazio Museo Vespa"},"image":{"@id":"https:\/\/www.spaziomuseovespa.com\/de\/#\/schema\/logo\/image\/"}}]}},"_links":{"self":[{"href":"https:\/\/www.spaziomuseovespa.com\/de\/wp-json\/wp\/v2\/pages\/3695","targetHints":{"allow":["GET"]}}],"collection":[{"href":"https:\/\/www.spaziomuseovespa.com\/de\/wp-json\/wp\/v2\/pages"}],"about":[{"href":"https:\/\/www.spaziomuseovespa.com\/de\/wp-json\/wp\/v2\/types\/page"}],"author":[{"embeddable":true,"href":"https:\/\/www.spaziomuseovespa.com\/de\/wp-json\/wp\/v2\/users\/1"}],"replies":[{"embeddable":true,"href":"https:\/\/www.spaziomuseovespa.com\/de\/wp-json\/wp\/v2\/comments?post=3695"}],"version-history":[{"count":0,"href":"https:\/\/www.spaziomuseovespa.com\/de\/wp-json\/wp\/v2\/pages\/3695\/revisions"}],"up":[{"embeddable":true,"href":"https:\/\/www.spaziomuseovespa.com\/de\/wp-json\/wp\/v2\/pages\/3370"}],"wp:featuredmedia":[{"embeddable":true,"href":"https:\/\/www.spaziomuseovespa.com\/de\/wp-json\/wp\/v2\/media\/5001"}],"wp:attachment":[{"href":"https:\/\/www.spaziomuseovespa.com\/de\/wp-json\/wp\/v2\/media?parent=3695"}],"wp:term":[{"taxonomy":"luogo_monumento","embeddable":true,"href":"https:\/\/www.spaziomuseovespa.com\/de\/wp-json\/wp\/v2\/luogo_monumento?post=3695"}],"curies":[{"name":"wp","href":"https:\/\/api.w.org\/{rel}","templated":true}]}}