{"id":3750,"date":"2024-10-11T10:11:10","date_gmt":"2024-10-11T08:11:10","guid":{"rendered":"https:\/\/www.spaziomuseovespa.com\/entdecken-sie-rom-und-seine-denkmaeler\/giardino-degli-aranci\/"},"modified":"2024-10-25T13:54:36","modified_gmt":"2024-10-25T11:54:36","slug":"giardino-degli-aranci","status":"publish","type":"page","link":"https:\/\/www.spaziomuseovespa.com\/de\/entdecken-sie-rom-und-seine-denkmaeler\/giardino-degli-aranci\/","title":{"rendered":"Giardino degli Aranci"},"content":{"rendered":"\t\t<div data-elementor-type=\"wp-page\" data-elementor-id=\"3750\" class=\"elementor elementor-3750 elementor-1456\" data-elementor-post-type=\"page\">\n\t\t\t\t<div class=\"elementor-element elementor-element-a2c7424 e-flex e-con-boxed e-con e-parent\" data-id=\"a2c7424\" data-element_type=\"container\" data-settings=\"{&quot;background_background&quot;:&quot;classic&quot;}\">\n\t\t\t\t\t<div class=\"e-con-inner\">\n\t\t\t\t<div class=\"elementor-element elementor-element-495600d elementor-widget elementor-widget-heading\" data-id=\"495600d\" data-element_type=\"widget\" data-widget_type=\"heading.default\">\n\t\t\t\t<div class=\"elementor-widget-container\">\n\t\t\t\t\t<h1 class=\"elementor-heading-title elementor-size-default\">Giardino degli Aranci<\/h1>\t\t\t\t<\/div>\n\t\t\t\t<\/div>\n\t\t\t\t\t<\/div>\n\t\t\t\t<\/div>\n\t\t<div class=\"elementor-element elementor-element-fb4dc40 e-flex e-con-boxed e-con e-parent\" data-id=\"fb4dc40\" data-element_type=\"container\">\n\t\t\t\t\t<div class=\"e-con-inner\">\n\t\t\t\t<div class=\"elementor-element elementor-element-e2c4372 elementor-widget elementor-widget-text-editor\" data-id=\"e2c4372\" data-element_type=\"widget\" data-widget_type=\"text-editor.default\">\n\t\t\t\t<div class=\"elementor-widget-container\">\n\t\t\t\t\t\t\t\t\t<p>Entdecken Sie den Charme Roms bei einer exklusiven Tour durch den Orangengarten mit der Vespa, dem Fahrrad, dem Roller oder dem Tuk Tuk. Atemberaubende Aussichten und ein unvergessliches Erlebnis! <\/p>\n\t\t\t\t\t\t\t\t<\/div>\n\t\t\t\t<\/div>\n\t\t\t\t\t<\/div>\n\t\t\t\t<\/div>\n\t\t<div class=\"elementor-element elementor-element-c43058d e-flex e-con-boxed e-con e-parent\" data-id=\"c43058d\" data-element_type=\"container\">\n\t\t\t\t\t<div class=\"e-con-inner\">\n\t\t\t\t<div class=\"elementor-element elementor-element-7b26ddd elementor-align-center elementor-mobile-align-center elementor-widget elementor-widget-button\" data-id=\"7b26ddd\" data-element_type=\"widget\" data-widget_type=\"button.default\">\n\t\t\t\t<div class=\"elementor-widget-container\">\n\t\t\t\t\t\t\t\t\t<div class=\"elementor-button-wrapper\">\n\t\t\t\t\t<a class=\"elementor-button elementor-button-link elementor-size-sm\" href=\"https:\/\/bicibaci.com\/de\/\" target=\"_blank\">\n\t\t\t\t\t\t<span class=\"elementor-button-content-wrapper\">\n\t\t\t\t\t\t\t\t\t<span class=\"elementor-button-text\">Bici Baci Ihr idealer Partner, um Rom zu entdecken - Tour und Verleih mit Vespa, Fahrrad, E-Bike, Roller, Tuk Tuk - Erfahren Sie mehr  <\/span>\n\t\t\t\t\t<\/span>\n\t\t\t\t\t<\/a>\n\t\t\t\t<\/div>\n\t\t\t\t\t\t\t\t<\/div>\n\t\t\t\t<\/div>\n\t\t\t\t\t<\/div>\n\t\t\t\t<\/div>\n\t\t<div class=\"elementor-element elementor-element-c1f16f6 e-flex e-con-boxed e-con e-parent\" data-id=\"c1f16f6\" data-element_type=\"container\">\n\t\t\t\t\t<div class=\"e-con-inner\">\n\t\t\t\t<div class=\"elementor-element elementor-element-bd6e412 elementor-widget elementor-widget-image\" data-id=\"bd6e412\" data-element_type=\"widget\" data-widget_type=\"image.default\">\n\t\t\t\t<div class=\"elementor-widget-container\">\n\t\t\t\t\t\t\t\t\t\t\t\t<figure class=\"wp-caption\">\n\t\t\t\t\t\t\t\t\t\t\t<a href=\"https:\/\/www.spaziomuseovespa.com\/wp-content\/uploads\/giardino-aranci.jpg\" data-elementor-open-lightbox=\"yes\" data-e-action-hash=\"#elementor-action%3Aaction%3Dlightbox%26settings%3DeyJpZCI6Mjc1MSwidXJsIjoiaHR0cHM6XC9cL3d3dy5zcGF6aW9tdXNlb3Zlc3BhLmNvbVwvd3AtY29udGVudFwvdXBsb2Fkc1wvZ2lhcmRpbm8tYXJhbmNpLmpwZyJ9\">\n\t\t\t\t\t\t\t<img fetchpriority=\"high\" decoding=\"async\" width=\"1920\" height=\"1080\" src=\"https:\/\/www.spaziomuseovespa.com\/wp-content\/uploads\/giardino-aranci.jpg\" class=\"attachment-full size-full wp-image-2751\" alt=\"Giardino degli Aranci Tour Bike Scooter Vespa Tuk Tuk Rome\" srcset=\"https:\/\/www.spaziomuseovespa.com\/wp-content\/uploads\/giardino-aranci.jpg 1920w, https:\/\/www.spaziomuseovespa.com\/wp-content\/uploads\/giardino-aranci-300x169.jpg 300w, https:\/\/www.spaziomuseovespa.com\/wp-content\/uploads\/giardino-aranci-1024x576.jpg 1024w, https:\/\/www.spaziomuseovespa.com\/wp-content\/uploads\/giardino-aranci-768x432.jpg 768w, https:\/\/www.spaziomuseovespa.com\/wp-content\/uploads\/giardino-aranci-1536x864.jpg 1536w\" sizes=\"(max-width: 1920px) 100vw, 1920px\" \/>\t\t\t\t\t\t\t\t<\/a>\n\t\t\t\t\t\t\t\t\t\t\t<figcaption class=\"widget-image-caption wp-caption-text\"><\/figcaption>\n\t\t\t\t\t\t\t\t\t\t<\/figure>\n\t\t\t\t\t\t\t\t\t<\/div>\n\t\t\t\t<\/div>\n\t\t\t\t\t<\/div>\n\t\t\t\t<\/div>\n\t\t<div class=\"elementor-element elementor-element-c10a9b9 e-flex e-con-boxed e-con e-parent\" data-id=\"c10a9b9\" data-element_type=\"container\">\n\t\t\t\t\t<div class=\"e-con-inner\">\n\t\t\t\t<div class=\"elementor-element elementor-element-1e06551 elementor-widget elementor-widget-heading\" data-id=\"1e06551\" data-element_type=\"widget\" data-widget_type=\"heading.default\">\n\t\t\t\t<div class=\"elementor-widget-container\">\n\t\t\t\t\t<h2 class=\"elementor-heading-title elementor-size-default\">Was Sie \u00fcber den Orange Garden wissen m\u00fcssen<\/h2>\t\t\t\t<\/div>\n\t\t\t\t<\/div>\n\t\t\t\t<div class=\"elementor-element elementor-element-e7f071c elementor-widget elementor-widget-text-editor\" data-id=\"e7f071c\" data-element_type=\"widget\" data-widget_type=\"text-editor.default\">\n\t\t\t\t<div class=\"elementor-widget-container\">\n\t\t\t\t\t\t\t\t\t<p>Der Orangengarten, der offiziell als Savello-Park bekannt ist, ist einer der eindrucksvollsten Panoramapl\u00e4tze Roms und befindet sich auf dem Aventin-H\u00fcgel. Dieser Garten, der in den 30er Jahren vom Architekten Raffaele De Vico angelegt wurde, bietet einen spektakul\u00e4ren Blick auf die Stadt, wobei die Kuppel des Petersdoms im Vordergrund hervortritt. Der Name &#8222;Orangengarten&#8220; leitet sich von den im Inneren gepflanzten Bitterorangenb\u00e4umen ab, die vor allem im Fr\u00fchling eine besondere und duftende Atmosph\u00e4re vermitteln. Es ist ein ruhiger und romantischer Ort, ideal f\u00fcr einen Spaziergang oder um einen entspannenden Moment abseits des hektischen Treibens des Stadtzentrums zu genie\u00dfen. Einer der bekanntesten Punkte des Gartens ist das sogenannte &#8222;Schl\u00fcsselloch&#8220; an der T\u00fcr der Villa del Priorato di Malta, nicht weit vom Eingang entfernt. Wenn Sie durch diese Schleuse blicken, k\u00f6nnen Sie ein perfektes Bild der Kuppel des Petersdoms sehen, die von einer Zypressenallee eingerahmt wird. Der Orangengarten ist von der Piazza dei Cavalieri di Malta aus leicht zu erreichen und ist ein unumg\u00e4nglicher Halt f\u00fcr alle, die eine atemberaubende Aussicht und eine Pause im Gr\u00fcnen genie\u00dfen m\u00f6chten, umgeben von der tausendj\u00e4hrigen Geschichte Roms.     <\/p>\n\t\t\t\t\t\t\t\t<\/div>\n\t\t\t\t<\/div>\n\t\t\t\t\t<\/div>\n\t\t\t\t<\/div>\n\t\t<div class=\"elementor-element elementor-element-de6f7f4 e-flex e-con-boxed e-con e-parent\" data-id=\"de6f7f4\" data-element_type=\"container\">\n\t\t\t\t\t<div class=\"e-con-inner\">\n\t\t\t\t<div class=\"elementor-element elementor-element-173a3bf elementor-widget elementor-widget-gallery\" data-id=\"173a3bf\" data-element_type=\"widget\" data-settings=\"{&quot;lazyload&quot;:&quot;yes&quot;,&quot;gallery_layout&quot;:&quot;grid&quot;,&quot;columns&quot;:4,&quot;columns_tablet&quot;:2,&quot;columns_mobile&quot;:1,&quot;gap&quot;:{&quot;unit&quot;:&quot;px&quot;,&quot;size&quot;:10,&quot;sizes&quot;:[]},&quot;gap_tablet_extra&quot;:{&quot;unit&quot;:&quot;px&quot;,&quot;size&quot;:10,&quot;sizes&quot;:[]},&quot;gap_tablet&quot;:{&quot;unit&quot;:&quot;px&quot;,&quot;size&quot;:10,&quot;sizes&quot;:[]},&quot;gap_mobile&quot;:{&quot;unit&quot;:&quot;px&quot;,&quot;size&quot;:10,&quot;sizes&quot;:[]},&quot;link_to&quot;:&quot;file&quot;,&quot;aspect_ratio&quot;:&quot;3:2&quot;,&quot;overlay_background&quot;:&quot;yes&quot;,&quot;content_hover_animation&quot;:&quot;fade-in&quot;}\" data-widget_type=\"gallery.default\">\n\t\t\t\t<div class=\"elementor-widget-container\">\n\t\t\t\t\t\t\t<div class=\"elementor-gallery__container\">\n\t\t\t\t\t\t\t<a class=\"e-gallery-item elementor-gallery-item elementor-animated-content\" href=\"https:\/\/www.spaziomuseovespa.com\/wp-content\/uploads\/giardino-aranci-2.jpg\" data-elementor-open-lightbox=\"yes\" data-elementor-lightbox-slideshow=\"173a3bf\" data-e-action-hash=\"#elementor-action%3Aaction%3Dlightbox%26settings%3DeyJpZCI6MjcyNywidXJsIjoiaHR0cHM6XC9cL3d3dy5zcGF6aW9tdXNlb3Zlc3BhLmNvbVwvd3AtY29udGVudFwvdXBsb2Fkc1wvZ2lhcmRpbm8tYXJhbmNpLTIuanBnIiwic2xpZGVzaG93IjoiMTczYTNiZiJ9\">\n\t\t\t\t\t<div class=\"e-gallery-image elementor-gallery-item__image\" data-thumbnail=\"https:\/\/www.spaziomuseovespa.com\/wp-content\/uploads\/giardino-aranci-2-768x512.jpg\" data-width=\"768\" data-height=\"512\" aria-label=\"Giardino degli Aranci Tour Bike Scooter Vespa Tuk Tuk Rome\" role=\"img\" ><\/div>\n\t\t\t\t\t\t\t\t\t\t\t<div class=\"elementor-gallery-item__overlay\"><\/div>\n\t\t\t\t\t\t\t\t\t\t\t\t\t\t<\/a>\n\t\t\t\t\t\t\t<a class=\"e-gallery-item elementor-gallery-item elementor-animated-content\" href=\"https:\/\/www.spaziomuseovespa.com\/wp-content\/uploads\/giardino-aranci-3.jpg\" data-elementor-open-lightbox=\"yes\" data-elementor-lightbox-slideshow=\"173a3bf\" data-e-action-hash=\"#elementor-action%3Aaction%3Dlightbox%26settings%3DeyJpZCI6Mjc0NSwidXJsIjoiaHR0cHM6XC9cL3d3dy5zcGF6aW9tdXNlb3Zlc3BhLmNvbVwvd3AtY29udGVudFwvdXBsb2Fkc1wvZ2lhcmRpbm8tYXJhbmNpLTMuanBnIiwic2xpZGVzaG93IjoiMTczYTNiZiJ9\">\n\t\t\t\t\t<div class=\"e-gallery-image elementor-gallery-item__image\" data-thumbnail=\"https:\/\/www.spaziomuseovespa.com\/wp-content\/uploads\/giardino-aranci-3-768x512.jpg\" data-width=\"768\" data-height=\"512\" aria-label=\"Giardino degli Aranci Tour Bike Scooter Vespa Tuk Tuk Rome\" role=\"img\" ><\/div>\n\t\t\t\t\t\t\t\t\t\t\t<div class=\"elementor-gallery-item__overlay\"><\/div>\n\t\t\t\t\t\t\t\t\t\t\t\t\t\t<\/a>\n\t\t\t\t\t\t\t<a class=\"e-gallery-item elementor-gallery-item elementor-animated-content\" href=\"https:\/\/www.spaziomuseovespa.com\/wp-content\/uploads\/giardino-aranci-4.jpg\" data-elementor-open-lightbox=\"yes\" data-elementor-lightbox-slideshow=\"173a3bf\" data-e-action-hash=\"#elementor-action%3Aaction%3Dlightbox%26settings%3DeyJpZCI6MjczOSwidXJsIjoiaHR0cHM6XC9cL3d3dy5zcGF6aW9tdXNlb3Zlc3BhLmNvbVwvd3AtY29udGVudFwvdXBsb2Fkc1wvZ2lhcmRpbm8tYXJhbmNpLTQuanBnIiwic2xpZGVzaG93IjoiMTczYTNiZiJ9\">\n\t\t\t\t\t<div class=\"e-gallery-image elementor-gallery-item__image\" data-thumbnail=\"https:\/\/www.spaziomuseovespa.com\/wp-content\/uploads\/giardino-aranci-4-768x346.jpg\" data-width=\"768\" data-height=\"346\" aria-label=\"Giardino degli Aranci Tour Bike Scooter Vespa Tuk Tuk Rome\" role=\"img\" ><\/div>\n\t\t\t\t\t\t\t\t\t\t\t<div class=\"elementor-gallery-item__overlay\"><\/div>\n\t\t\t\t\t\t\t\t\t\t\t\t\t\t<\/a>\n\t\t\t\t\t\t\t<a class=\"e-gallery-item elementor-gallery-item elementor-animated-content\" href=\"https:\/\/www.spaziomuseovespa.com\/wp-content\/uploads\/giardino-aranci-5.jpg\" data-elementor-open-lightbox=\"yes\" data-elementor-lightbox-slideshow=\"173a3bf\" data-e-action-hash=\"#elementor-action%3Aaction%3Dlightbox%26settings%3DeyJpZCI6MjczMywidXJsIjoiaHR0cHM6XC9cL3d3dy5zcGF6aW9tdXNlb3Zlc3BhLmNvbVwvd3AtY29udGVudFwvdXBsb2Fkc1wvZ2lhcmRpbm8tYXJhbmNpLTUuanBnIiwic2xpZGVzaG93IjoiMTczYTNiZiJ9\">\n\t\t\t\t\t<div class=\"e-gallery-image elementor-gallery-item__image\" data-thumbnail=\"https:\/\/www.spaziomuseovespa.com\/wp-content\/uploads\/giardino-aranci-5-768x346.jpg\" data-width=\"768\" data-height=\"346\" aria-label=\"Giardino degli Aranci Tour Bike Scooter Vespa Tuk Tuk Rome\" role=\"img\" ><\/div>\n\t\t\t\t\t\t\t\t\t\t\t<div class=\"elementor-gallery-item__overlay\"><\/div>\n\t\t\t\t\t\t\t\t\t\t\t\t\t\t<\/a>\n\t\t\t\t\t<\/div>\n\t\t\t\t\t<\/div>\n\t\t\t\t<\/div>\n\t\t\t\t\t<\/div>\n\t\t\t\t<\/div>\n\t\t<div class=\"elementor-element elementor-element-f0bc0b9 e-flex e-con-boxed e-con e-parent\" data-id=\"f0bc0b9\" data-element_type=\"container\">\n\t\t\t\t\t<div class=\"e-con-inner\">\n\t\t\t\t<div class=\"elementor-element elementor-element-29190b6 elementor-widget elementor-widget-heading\" data-id=\"29190b6\" data-element_type=\"widget\" data-widget_type=\"heading.default\">\n\t\t\t\t<div class=\"elementor-widget-container\">\n\t\t\t\t\t<h2 class=\"elementor-heading-title elementor-size-default\">Neugier<\/h2>\t\t\t\t<\/div>\n\t\t\t\t<\/div>\n\t\t\t\t<div class=\"elementor-element elementor-element-7da5c7b elementor-widget elementor-widget-text-editor\" data-id=\"7da5c7b\" data-element_type=\"widget\" data-widget_type=\"text-editor.default\">\n\t\t\t\t<div class=\"elementor-widget-container\">\n\t\t\t\t\t\t\t\t\t<p><strong>Mittelalterliche Urspr\u00fcnge<\/strong>: Das Gebiet befand sich einst von einer mittelalterlichen Festung, die der Familie Savelli geh\u00f6rte. Die Reste der Befestigungsmauern sind noch sichtbar und verleihen dem Garten einen einzigartigen historischen Charme. <\/p>\n<p><strong>Modernes Design<\/strong>: Trotz seiner antiken Urspr\u00fcnge wurde der Garten, wie wir ihn heute sehen, in den 30er Jahren des zwanzigsten Jahrhunderts von dem Architekten Raffaele De Vico entworfen, der sich um die Anordnung und Pflanzung der Bitterorangenb\u00e4ume k\u00fcmmerte.<\/p>\n<p><strong>Einzigartiger Panoramablick<\/strong>: Der Aussichtspunkt des Gartens bietet einen der besten Ausblicke auf Rom, mit dem Tiber, dem Trastevere-Viertel, dem Pantheon und dem Petersdom in der Ferne. Besonders beeindruckend ist die Aussicht bei Sonnenuntergang. <\/p>\n<p><strong>Villa del Priorato di Malta und das Schl\u00fcsselloch<\/strong>: Das ber\u00fchmte &#8222;Schl\u00fcsselloch&#8220; befindet sich in der nahegelegenen Villa del Priorato di Malta. Wenn Sie durch das Schloss der T\u00fcr schauen, k\u00f6nnen Sie die Kuppel des Petersdoms sehen, die perfekt von den G\u00e4rten der Villa eingerahmt wird. Die Aussicht ist das Ergebnis einer sorgf\u00e4ltig geplanten Kombination von Perspektiven und zieht t\u00e4glich zahlreiche Touristen an.  <\/p>\n<p><strong>Ort der Ruhe und Entspannung: <\/strong>Im Gegensatz zu anderen Touristengebieten Roms ist der Orangengarten eine Ecke der Ruhe, in der R\u00f6mer und Besucher zwischen den B\u00e4umen spazieren gehen, ein Buch lesen oder einfach nur die Ruhe des Parks genie\u00dfen k\u00f6nnen.<\/p>\n<p><strong>Legenden:<\/strong> Es wird gesagt, dass die Orangenb\u00e4ume aus einem Setzling geboren wurden, den der heilige Dominikus de Guzm\u00e1n, der Gr\u00fcnder des Dominikanerordens, mitbrachte, als er im dreizehnten Jahrhundert in Rom lebte. Obwohl es keine sicheren historischen Beweise daf\u00fcr gibt, verleiht die Legende dem Ort eine zus\u00e4tzliche mystische Note. <\/p>\n<p><strong>Veranstaltungen und Kultur<\/strong>: Im Garten finden gelegentlich kleine kulturelle Veranstaltungen und Konzerte statt. Es ist ein beliebtes Reiseziel f\u00fcr Fotografen und K\u00fcnstler wegen seines Lichts und seiner au\u00dfergew\u00f6hnlichen Aussicht. <\/p>\n<p><strong>Perspektive der Kuppel von St. Peter:<\/strong> Der Blick auf die Kuppel von St. Peter vom Aussichtspunkt Orange Garden aus ist so gestaltet, dass man viel n\u00e4her aussieht, als er wirklich ist. Dieser perspektivische Effekt macht das Panorama einzigartig und spektakul\u00e4r und zieht zahlreiche Fotografen und K\u00fcnstler an. <\/p>\n<p><strong>Der Name Parco Savello<\/strong>: Obwohl er als Orangengarten bekannt ist, lautet sein offizieller Name Parco Savello, da er sich auf der alten Festung der Familie Savelli befindet, die das Gebiet im Mittelalter besiedelte.<\/p>\n<\/p>\n<p><strong>Inspiration von arabischen G\u00e4rten<\/strong>: Die Bitterorangenb\u00e4ume, die wegen ihrer \u00c4sthetik und ihres Duftes gepflanzt wurden, erinnern an die arabischen G\u00e4rten, die f\u00fcr die Verwendung von Zitrusfr\u00fcchten ber\u00fchmt sind. Dieses Detail macht den Park zu einem bezaubernden Ort mit einem besonderen Duft, der vor allem im Fr\u00fchling wahrgenommen werden kann. <\/p>\n<p><strong>Szene aus ber\u00fchmten Filmen<\/strong>: Der Orangengarten wurde als Drehort f\u00fcr verschiedene italienische und internationale Filmproduktionen ausgew\u00e4hlt. In Paolo Sorrentinos Film *Die gro\u00dfe Sch\u00f6nheit* zum Beispiel sind einige Szenen genau hier angesiedelt, was den Charme des Ortes als Teil der Kinogeschichte noch verst\u00e4rkt. <\/p>\n<p><strong>Orangenb\u00e4ume mit ungenie\u00dfbaren Fr\u00fcchten<\/strong>: Die B\u00e4ume im Garten produzieren Bitterorangen, die einst als Zier- oder Heilmittel verwendet wurden. Orangen sind nicht essbar, verleihen dem Park aber einen exotischen Charme, besonders w\u00e4hrend der Bl\u00fcte. <\/p>\n<p><strong>Ein Treffpunkt f\u00fcr R\u00f6mer<\/strong>: Obwohl er bei Touristen beliebt ist, ist der Orangengarten auch ein Treffpunkt f\u00fcr die R\u00f6mer, die ihn als Ort f\u00fcr Momente der Ruhe und Meditation betrachten. Es ist \u00fcblich, Paare, Familien und Freunde zu sehen, die die Aussicht und die Ruhe des Parks genie\u00dfen, besonders w\u00e4hrend des Sonnenuntergangs. <\/p>\n<p><strong>Erstaunlicher Sonnenuntergang<\/strong>: Eine der besten Zeiten, um den Orangengarten zu besuchen, ist der Sonnenuntergang, wenn der Himmel in warme Farben getaucht ist und das Licht von den Kuppeln und D\u00e4chern Roms reflektiert wird, was eine magische Atmosph\u00e4re schafft.<\/p>\n<p>Dieser Garten ist eines der bestgeh\u00fcteten Geheimnisse der Stadt und bietet ein unvergessliches Erlebnis f\u00fcr alle, die eine ruhigere und romantischere Seite Roms suchen.<\/p>\n\t\t\t\t\t\t\t\t<\/div>\n\t\t\t\t<\/div>\n\t\t\t\t\t<\/div>\n\t\t\t\t<\/div>\n\t\t<div class=\"elementor-element elementor-element-bf53420 riga_tour e-flex e-con-boxed e-con e-parent\" data-id=\"bf53420\" data-element_type=\"container\">\n\t\t\t\t\t<div class=\"e-con-inner\">\n\t\t\t\t<div class=\"elementor-element elementor-element-92c26d8 elementor-widget elementor-widget-heading\" data-id=\"92c26d8\" data-element_type=\"widget\" data-widget_type=\"heading.default\">\n\t\t\t\t<div class=\"elementor-widget-container\">\n\t\t\t\t\t<h2 class=\"elementor-heading-title elementor-size-default\">W\u00e4hlen Sie Ihre Lieblings-Vespa-Tour f\u00fcr einen Besuch in Rom<\/h2>\t\t\t\t<\/div>\n\t\t\t\t<\/div>\n\t\t\t\t<div class=\"elementor-element elementor-element-c4fd3fd elementor-widget elementor-widget-template\" data-id=\"c4fd3fd\" data-element_type=\"widget\" data-widget_type=\"template.default\">\n\t\t\t\t<div class=\"elementor-widget-container\">\n\t\t\t\t\t\t\t<div class=\"elementor-template\">\n\t\t\t\t\t<div data-elementor-type=\"section\" data-elementor-id=\"1974\" class=\"elementor elementor-1974 elementor-1687\" data-elementor-post-type=\"elementor_library\">\n\t\t\t<div class=\"elementor-element elementor-element-1497235 riga_tour e-flex e-con-boxed e-con e-parent\" data-id=\"1497235\" data-element_type=\"container\">\n\t\t\t\t\t<div class=\"e-con-inner\">\n\t\t<div class=\"elementor-element elementor-element-586e2e8 e-con-full e-flex e-con e-child\" data-id=\"586e2e8\" data-element_type=\"container\">\n\t\t<div class=\"elementor-element elementor-element-6b49b07 e-con-full e-flex e-con e-child\" data-id=\"6b49b07\" data-element_type=\"container\">\n\t\t\t\t<div class=\"elementor-element elementor-element-fc87d99 elementor-widget elementor-widget-image\" data-id=\"fc87d99\" data-element_type=\"widget\" data-widget_type=\"image.default\">\n\t\t\t\t<div class=\"elementor-widget-container\">\n\t\t\t\t\t\t\t\t\t\t\t\t<figure class=\"wp-caption\">\n\t\t\t\t\t\t\t\t\t\t\t<a href=\"https:\/\/www.spaziomuseovespa.com\/vespa-tour-grand-tour-di-roma\/\">\n\t\t\t\t\t\t\t<img decoding=\"async\" width=\"600\" height=\"469\" src=\"https:\/\/www.spaziomuseovespa.com\/wp-content\/uploads\/gran_tour_roma.jpg\" class=\"attachment-medium_large size-medium_large wp-image-443\" alt=\"\" srcset=\"https:\/\/www.spaziomuseovespa.com\/wp-content\/uploads\/gran_tour_roma.jpg 600w, https:\/\/www.spaziomuseovespa.com\/wp-content\/uploads\/gran_tour_roma-300x235.jpg 300w\" sizes=\"(max-width: 600px) 100vw, 600px\" \/>\t\t\t\t\t\t\t\t<\/a>\n\t\t\t\t\t\t\t\t\t\t\t<figcaption class=\"widget-image-caption wp-caption-text\">Vespa tour<br>Gro\u00dfe tour durch Rom<\/figcaption>\n\t\t\t\t\t\t\t\t\t\t<\/figure>\n\t\t\t\t\t\t\t\t\t<\/div>\n\t\t\t\t<\/div>\n\t\t\t\t<\/div>\n\t\t<div class=\"elementor-element elementor-element-daa5749 e-con-full e-flex e-con e-child\" data-id=\"daa5749\" data-element_type=\"container\">\n\t\t\t\t<div class=\"elementor-element elementor-element-11cf106 elementor-widget elementor-widget-image\" data-id=\"11cf106\" data-element_type=\"widget\" data-widget_type=\"image.default\">\n\t\t\t\t<div class=\"elementor-widget-container\">\n\t\t\t\t\t\t\t\t\t\t\t\t<figure class=\"wp-caption\">\n\t\t\t\t\t\t\t\t\t\t\t<a href=\"https:\/\/www.spaziomuseovespa.com\/vespa-tour-rome-movie-sets\/\">\n\t\t\t\t\t\t\t<img decoding=\"async\" width=\"600\" height=\"469\" src=\"https:\/\/www.spaziomuseovespa.com\/wp-content\/uploads\/tour_rome_movie_set.jpg\" class=\"attachment-medium_large size-medium_large wp-image-428\" alt=\"\" srcset=\"https:\/\/www.spaziomuseovespa.com\/wp-content\/uploads\/tour_rome_movie_set.jpg 600w, https:\/\/www.spaziomuseovespa.com\/wp-content\/uploads\/tour_rome_movie_set-300x235.jpg 300w\" sizes=\"(max-width: 600px) 100vw, 600px\" \/>\t\t\t\t\t\t\t\t<\/a>\n\t\t\t\t\t\t\t\t\t\t\t<figcaption class=\"widget-image-caption wp-caption-text\">Vespa tour<br>Rome Movie Set<\/figcaption>\n\t\t\t\t\t\t\t\t\t\t<\/figure>\n\t\t\t\t\t\t\t\t\t<\/div>\n\t\t\t\t<\/div>\n\t\t\t\t<\/div>\n\t\t<div class=\"elementor-element elementor-element-912acab e-con-full e-flex e-con e-child\" data-id=\"912acab\" data-element_type=\"container\">\n\t\t\t\t<div class=\"elementor-element elementor-element-0846c51 elementor-widget elementor-widget-image\" data-id=\"0846c51\" data-element_type=\"widget\" data-widget_type=\"image.default\">\n\t\t\t\t<div class=\"elementor-widget-container\">\n\t\t\t\t\t\t\t\t\t\t\t\t<figure class=\"wp-caption\">\n\t\t\t\t\t\t\t\t\t\t\t<a href=\"https:\/\/www.spaziomuseovespa.com\/vespa-tour-castelli-romani\/\">\n\t\t\t\t\t\t\t<img loading=\"lazy\" decoding=\"async\" width=\"600\" height=\"469\" src=\"https:\/\/www.spaziomuseovespa.com\/wp-content\/uploads\/Il-Tour-dei-Castelli-Romani.jpg\" class=\"attachment-medium_large size-medium_large wp-image-438\" alt=\"\" srcset=\"https:\/\/www.spaziomuseovespa.com\/wp-content\/uploads\/Il-Tour-dei-Castelli-Romani.jpg 600w, https:\/\/www.spaziomuseovespa.com\/wp-content\/uploads\/Il-Tour-dei-Castelli-Romani-300x235.jpg 300w\" sizes=\"(max-width: 600px) 100vw, 600px\" \/>\t\t\t\t\t\t\t\t<\/a>\n\t\t\t\t\t\t\t\t\t\t\t<figcaption class=\"widget-image-caption wp-caption-text\">Vespa tour<br>Castelli Romani<\/figcaption>\n\t\t\t\t\t\t\t\t\t\t<\/figure>\n\t\t\t\t\t\t\t\t\t<\/div>\n\t\t\t\t<\/div>\n\t\t\t\t<\/div>\n\t\t<div class=\"elementor-element elementor-element-4853cba e-con-full e-flex e-con e-child\" data-id=\"4853cba\" data-element_type=\"container\">\n\t\t\t\t<div class=\"elementor-element elementor-element-4f272a1 elementor-widget elementor-widget-image\" data-id=\"4f272a1\" data-element_type=\"widget\" data-widget_type=\"image.default\">\n\t\t\t\t<div class=\"elementor-widget-container\">\n\t\t\t\t\t\t\t\t\t\t\t\t<figure class=\"wp-caption\">\n\t\t\t\t\t\t\t\t\t\t\t<a href=\"https:\/\/www.spaziomuseovespa.com\/vespa-tour-roma-moderna-e-ostia-antica\/\">\n\t\t\t\t\t\t\t<img loading=\"lazy\" decoding=\"async\" width=\"600\" height=\"469\" src=\"https:\/\/www.spaziomuseovespa.com\/wp-content\/uploads\/Vespa-Tour-Roma-moderna-e-Ostia-Antica.jpg\" class=\"attachment-medium_large size-medium_large wp-image-433\" alt=\"\" srcset=\"https:\/\/www.spaziomuseovespa.com\/wp-content\/uploads\/Vespa-Tour-Roma-moderna-e-Ostia-Antica.jpg 600w, https:\/\/www.spaziomuseovespa.com\/wp-content\/uploads\/Vespa-Tour-Roma-moderna-e-Ostia-Antica-300x235.jpg 300w\" sizes=\"(max-width: 600px) 100vw, 600px\" \/>\t\t\t\t\t\t\t\t<\/a>\n\t\t\t\t\t\t\t\t\t\t\t<figcaption class=\"widget-image-caption wp-caption-text\">Vespa tour<br>Rome und Ostia Antica<\/figcaption>\n\t\t\t\t\t\t\t\t\t\t<\/figure>\n\t\t\t\t\t\t\t\t\t<\/div>\n\t\t\t\t<\/div>\n\t\t\t\t<\/div>\n\t\t\t\t<\/div>\n\t\t\t\t\t<\/div>\n\t\t\t\t<\/div>\n\t\t\t\t<\/div>\n\t\t\t\t<\/div>\n\t\t\t\t\t\t<\/div>\n\t\t\t\t<\/div>\n\t\t\t\t\t<\/div>\n\t\t\t\t<\/div>\n\t\t<div class=\"elementor-element elementor-element-cd60265 e-flex e-con-boxed e-con e-parent\" data-id=\"cd60265\" data-element_type=\"container\">\n\t\t\t\t\t<div class=\"e-con-inner\">\n\t\t\t\t<div class=\"elementor-element elementor-element-3cd9b2f elementor-widget elementor-widget-heading\" data-id=\"3cd9b2f\" data-element_type=\"widget\" data-widget_type=\"heading.default\">\n\t\t\t\t<div class=\"elementor-widget-container\">\n\t\t\t\t\t<h2 class=\"elementor-heading-title elementor-size-default\">... und wenn Sie ein erfahrener Fahrer sind, mieten Sie Ihre Vespa, um die Wunder von Rom zu entdecken<\/h2>\t\t\t\t<\/div>\n\t\t\t\t<\/div>\n\t\t\t\t<div class=\"elementor-element elementor-element-f6a4780 elementor-widget elementor-widget-template\" data-id=\"f6a4780\" data-element_type=\"widget\" data-widget_type=\"template.default\">\n\t\t\t\t<div class=\"elementor-widget-container\">\n\t\t\t\t\t\t\t<div class=\"elementor-template\">\n\t\t\t\t\t<div data-elementor-type=\"section\" data-elementor-id=\"1962\" class=\"elementor elementor-1962 elementor-1698\" data-elementor-post-type=\"elementor_library\">\n\t\t\t<div class=\"elementor-element elementor-element-ab87375 e-flex e-con-boxed e-con e-parent\" data-id=\"ab87375\" data-element_type=\"container\">\n\t\t\t\t\t<div class=\"e-con-inner\">\n\t\t<div class=\"elementor-element elementor-element-6eef2e6 e-con-full e-flex e-con e-child\" data-id=\"6eef2e6\" data-element_type=\"container\">\n\t\t<div class=\"elementor-element elementor-element-341e335 e-con-full e-flex e-con e-child\" data-id=\"341e335\" data-element_type=\"container\">\n\t\t\t\t<div class=\"elementor-element elementor-element-56b5421 elementor-widget elementor-widget-image\" data-id=\"56b5421\" data-element_type=\"widget\" data-widget_type=\"image.default\">\n\t\t\t\t<div class=\"elementor-widget-container\">\n\t\t\t\t\t\t\t\t\t\t\t\t\t\t\t\t<a href=\"https:\/\/bicibaci.com\/de\/\" target=\"_blank\">\n\t\t\t\t\t\t\t<img loading=\"lazy\" decoding=\"async\" width=\"200\" height=\"49\" src=\"https:\/\/www.spaziomuseovespa.com\/wp-content\/uploads\/bicibaci-logo-2023.webp\" class=\"attachment-medium_large size-medium_large wp-image-583\" alt=\"\" \/>\t\t\t\t\t\t\t\t<\/a>\n\t\t\t\t\t\t\t\t\t\t\t\t\t\t\t<\/div>\n\t\t\t\t<\/div>\n\t\t\t\t<div class=\"elementor-element elementor-element-99c90bf elementor-widget elementor-widget-heading\" data-id=\"99c90bf\" data-element_type=\"widget\" data-widget_type=\"heading.default\">\n\t\t\t\t<div class=\"elementor-widget-container\">\n\t\t\t\t\t<h2 class=\"elementor-heading-title elementor-size-default\"><a href=\"https:\/\/bicibaci.com\/de\/\" target=\"_blank\">bicibaci.com\/de<\/a><\/h2>\t\t\t\t<\/div>\n\t\t\t\t<\/div>\n\t\t\t\t<div class=\"elementor-element elementor-element-5ebd6b2 elementor-widget elementor-widget-heading\" data-id=\"5ebd6b2\" data-element_type=\"widget\" data-widget_type=\"heading.default\">\n\t\t\t\t<div class=\"elementor-widget-container\">\n\t\t\t\t\t<div class=\"elementor-heading-title elementor-size-default\">Ihr idealer Partner<\/div>\t\t\t\t<\/div>\n\t\t\t\t<\/div>\n\t\t\t\t<\/div>\n\t\t<div class=\"elementor-element elementor-element-8778fe8 e-con-full e-flex e-con e-child\" data-id=\"8778fe8\" data-element_type=\"container\">\n\t\t\t\t<div class=\"elementor-element elementor-element-c00a063 elementor-widget elementor-widget-image\" data-id=\"c00a063\" data-element_type=\"widget\" data-widget_type=\"image.default\">\n\t\t\t\t<div class=\"elementor-widget-container\">\n\t\t\t\t\t\t\t\t\t\t\t\t\t\t\t\t<a href=\"https:\/\/bicibaci.com\/prodotto\/scooter-categoria-b1\/\" target=\"_blank\">\n\t\t\t\t\t\t\t<img loading=\"lazy\" decoding=\"async\" width=\"600\" height=\"471\" src=\"https:\/\/www.spaziomuseovespa.com\/wp-content\/uploads\/scooter_cat_b1.jpg\" class=\"attachment-medium_large size-medium_large wp-image-563\" alt=\"\" srcset=\"https:\/\/www.spaziomuseovespa.com\/wp-content\/uploads\/scooter_cat_b1.jpg 600w, https:\/\/www.spaziomuseovespa.com\/wp-content\/uploads\/scooter_cat_b1-300x236.jpg 300w\" sizes=\"(max-width: 600px) 100vw, 600px\" \/>\t\t\t\t\t\t\t\t<\/a>\n\t\t\t\t\t\t\t\t\t\t\t\t\t\t\t<\/div>\n\t\t\t\t<\/div>\n\t\t\t\t<\/div>\n\t\t<div class=\"elementor-element elementor-element-b1f717e e-con-full e-flex e-con e-child\" data-id=\"b1f717e\" data-element_type=\"container\">\n\t\t\t\t<div class=\"elementor-element elementor-element-c4d5fb6 elementor-widget elementor-widget-image\" data-id=\"c4d5fb6\" data-element_type=\"widget\" data-widget_type=\"image.default\">\n\t\t\t\t<div class=\"elementor-widget-container\">\n\t\t\t\t\t\t\t\t\t\t\t\t\t\t\t\t<a href=\"https:\/\/bicibaci.com\/prodotto\/scooter-categoria-e\/\" target=\"_blank\">\n\t\t\t\t\t\t\t<img loading=\"lazy\" decoding=\"async\" width=\"600\" height=\"471\" src=\"https:\/\/www.spaziomuseovespa.com\/wp-content\/uploads\/vespa_red_cat_E.jpg\" class=\"attachment-medium_large size-medium_large wp-image-578\" alt=\"\" srcset=\"https:\/\/www.spaziomuseovespa.com\/wp-content\/uploads\/vespa_red_cat_E.jpg 600w, https:\/\/www.spaziomuseovespa.com\/wp-content\/uploads\/vespa_red_cat_E-300x236.jpg 300w\" sizes=\"(max-width: 600px) 100vw, 600px\" \/>\t\t\t\t\t\t\t\t<\/a>\n\t\t\t\t\t\t\t\t\t\t\t\t\t\t\t<\/div>\n\t\t\t\t<\/div>\n\t\t\t\t<\/div>\n\t\t<div class=\"elementor-element elementor-element-6868fe3 e-con-full e-flex e-con e-child\" data-id=\"6868fe3\" data-element_type=\"container\">\n\t\t\t\t<div class=\"elementor-element elementor-element-763973b elementor-widget elementor-widget-image\" data-id=\"763973b\" data-element_type=\"widget\" data-widget_type=\"image.default\">\n\t\t\t\t<div class=\"elementor-widget-container\">\n\t\t\t\t\t\t\t\t\t\t\t\t\t\t\t\t<a href=\"https:\/\/bicibaci.com\/prodotto\/vespa-street-art\/\" target=\"_blank\">\n\t\t\t\t\t\t\t<img loading=\"lazy\" decoding=\"async\" width=\"600\" height=\"471\" src=\"https:\/\/www.spaziomuseovespa.com\/wp-content\/uploads\/vespa-street-art.jpg\" class=\"attachment-medium_large size-medium_large wp-image-573\" alt=\"\" srcset=\"https:\/\/www.spaziomuseovespa.com\/wp-content\/uploads\/vespa-street-art.jpg 600w, https:\/\/www.spaziomuseovespa.com\/wp-content\/uploads\/vespa-street-art-300x236.jpg 300w\" sizes=\"(max-width: 600px) 100vw, 600px\" \/>\t\t\t\t\t\t\t\t<\/a>\n\t\t\t\t\t\t\t\t\t\t\t\t\t\t\t<\/div>\n\t\t\t\t<\/div>\n\t\t\t\t<\/div>\n\t\t<div class=\"elementor-element elementor-element-7c7d8ac e-con-full e-flex e-con e-child\" data-id=\"7c7d8ac\" data-element_type=\"container\">\n\t\t\t\t<div class=\"elementor-element elementor-element-69c1f6c elementor-widget elementor-widget-image\" data-id=\"69c1f6c\" data-element_type=\"widget\" data-widget_type=\"image.default\">\n\t\t\t\t<div class=\"elementor-widget-container\">\n\t\t\t\t\t\t\t\t\t\t\t\t\t\t\t\t<a href=\"https:\/\/bicibaci.com\/prodotto\/scooter-categoria-f\/\" target=\"_blank\">\n\t\t\t\t\t\t\t<img loading=\"lazy\" decoding=\"async\" width=\"600\" height=\"471\" src=\"https:\/\/www.spaziomuseovespa.com\/wp-content\/uploads\/vespa_red_cat_F.jpg\" class=\"attachment-medium_large size-medium_large wp-image-568\" alt=\"\" srcset=\"https:\/\/www.spaziomuseovespa.com\/wp-content\/uploads\/vespa_red_cat_F.jpg 600w, https:\/\/www.spaziomuseovespa.com\/wp-content\/uploads\/vespa_red_cat_F-300x236.jpg 300w\" sizes=\"(max-width: 600px) 100vw, 600px\" \/>\t\t\t\t\t\t\t\t<\/a>\n\t\t\t\t\t\t\t\t\t\t\t\t\t\t\t<\/div>\n\t\t\t\t<\/div>\n\t\t\t\t<\/div>\n\t\t\t\t<\/div>\n\t\t\t\t\t<\/div>\n\t\t\t\t<\/div>\n\t\t\t\t<\/div>\n\t\t\t\t<\/div>\n\t\t\t\t\t\t<\/div>\n\t\t\t\t<\/div>\n\t\t\t\t\t<\/div>\n\t\t\t\t<\/div>\n\t\t\t\t<\/div>\n\t\t","protected":false},"excerpt":{"rendered":"<p>Entdecken Sie den Charme Roms bei einer exklusiven Tour durch den Orangengarten mit der Vespa, dem Fahrrad, dem Roller oder dem Tuk Tuk. Atemberaubende Aussichten und ein unvergessliches Erlebnis! Bici Baci Ihr idealer Partner, um Rom zu entdecken &#8211; Tour und Verleih mit Vespa, Fahrrad, E-Bike, Roller, Tuk Tuk &#8211; Erfahren Sie mehr Was Sie [&hellip;]<\/p>\n","protected":false},"author":1,"featured_media":2751,"parent":3370,"menu_order":0,"comment_status":"closed","ping_status":"closed","template":"","meta":{"footnotes":""},"luogo_monumento":[73],"class_list":["post-3750","page","type-page","status-publish","has-post-thumbnail","hentry","luogo_monumento-roma-colli-e-quartieri-de"],"yoast_head":"<!-- This site is optimized with the Yoast SEO plugin v26.7 - https:\/\/yoast.com\/wordpress\/plugins\/seo\/ -->\n<title>Giardino degli Aranci - Spazio Museo Vespa | Vespa-Touren und -Verleih in Rom<\/title>\n<meta name=\"description\" content=\"Entdecken Sie Giardino degli Aranci, Vermietung oder Tour mit einer Vespa, einem Fahrrad, einem Roller oder einem Tuk Tuk in Rom, Bici Baci ist Ihr idealer Partner\" \/>\n<meta name=\"robots\" content=\"index, follow, max-snippet:-1, max-image-preview:large, max-video-preview:-1\" \/>\n<link rel=\"canonical\" href=\"https:\/\/www.spaziomuseovespa.com\/de\/entdecken-sie-rom-und-seine-denkmaeler\/giardino-degli-aranci\/\" \/>\n<meta property=\"og:locale\" content=\"de_DE\" \/>\n<meta property=\"og:type\" content=\"article\" \/>\n<meta property=\"og:title\" content=\"Giardino degli Aranci - Spazio Museo Vespa | Vespa-Touren und -Verleih in Rom\" \/>\n<meta property=\"og:description\" content=\"Entdecken Sie Giardino degli Aranci, Vermietung oder Tour mit einer Vespa, einem Fahrrad, einem Roller oder einem Tuk Tuk in Rom, Bici Baci ist Ihr idealer Partner\" \/>\n<meta property=\"og:url\" content=\"https:\/\/www.spaziomuseovespa.com\/de\/entdecken-sie-rom-und-seine-denkmaeler\/giardino-degli-aranci\/\" \/>\n<meta property=\"og:site_name\" content=\"Spazio Museo Vespa\" \/>\n<meta property=\"article:modified_time\" content=\"2024-10-25T11:54:36+00:00\" \/>\n<meta property=\"og:image\" content=\"https:\/\/www.spaziomuseovespa.com\/wp-content\/uploads\/giardino-aranci.jpg\" \/>\n\t<meta property=\"og:image:width\" content=\"1920\" \/>\n\t<meta property=\"og:image:height\" content=\"1080\" \/>\n\t<meta property=\"og:image:type\" content=\"image\/jpeg\" \/>\n<meta name=\"twitter:card\" content=\"summary_large_image\" \/>\n<meta name=\"twitter:label1\" content=\"Gesch\u00e4tzte Lesezeit\" \/>\n\t<meta name=\"twitter:data1\" content=\"5\u00a0Minuten\" \/>\n<script type=\"application\/ld+json\" class=\"yoast-schema-graph\">{\"@context\":\"https:\/\/schema.org\",\"@graph\":[{\"@type\":\"WebPage\",\"@id\":\"https:\/\/www.spaziomuseovespa.com\/de\/entdecken-sie-rom-und-seine-denkmaeler\/giardino-degli-aranci\/\",\"url\":\"https:\/\/www.spaziomuseovespa.com\/de\/entdecken-sie-rom-und-seine-denkmaeler\/giardino-degli-aranci\/\",\"name\":\"Giardino degli Aranci - Spazio Museo Vespa | Vespa-Touren und -Verleih in Rom\",\"isPartOf\":{\"@id\":\"https:\/\/www.spaziomuseovespa.com\/de\/#website\"},\"primaryImageOfPage\":{\"@id\":\"https:\/\/www.spaziomuseovespa.com\/de\/entdecken-sie-rom-und-seine-denkmaeler\/giardino-degli-aranci\/#primaryimage\"},\"image\":{\"@id\":\"https:\/\/www.spaziomuseovespa.com\/de\/entdecken-sie-rom-und-seine-denkmaeler\/giardino-degli-aranci\/#primaryimage\"},\"thumbnailUrl\":\"https:\/\/www.spaziomuseovespa.com\/wp-content\/uploads\/giardino-aranci.jpg\",\"datePublished\":\"2024-10-11T08:11:10+00:00\",\"dateModified\":\"2024-10-25T11:54:36+00:00\",\"description\":\"Entdecken Sie Giardino degli Aranci, Vermietung oder Tour mit einer Vespa, einem Fahrrad, einem Roller oder einem Tuk Tuk in Rom, Bici Baci ist Ihr idealer Partner\",\"breadcrumb\":{\"@id\":\"https:\/\/www.spaziomuseovespa.com\/de\/entdecken-sie-rom-und-seine-denkmaeler\/giardino-degli-aranci\/#breadcrumb\"},\"inLanguage\":\"de\",\"potentialAction\":[{\"@type\":\"ReadAction\",\"target\":[\"https:\/\/www.spaziomuseovespa.com\/de\/entdecken-sie-rom-und-seine-denkmaeler\/giardino-degli-aranci\/\"]}]},{\"@type\":\"ImageObject\",\"inLanguage\":\"de\",\"@id\":\"https:\/\/www.spaziomuseovespa.com\/de\/entdecken-sie-rom-und-seine-denkmaeler\/giardino-degli-aranci\/#primaryimage\",\"url\":\"https:\/\/www.spaziomuseovespa.com\/wp-content\/uploads\/giardino-aranci.jpg\",\"contentUrl\":\"https:\/\/www.spaziomuseovespa.com\/wp-content\/uploads\/giardino-aranci.jpg\",\"width\":1920,\"height\":1080,\"caption\":\"Giardino degli Aranci Tour Bike Scooter Vespa Tuk Tuk Rome\"},{\"@type\":\"BreadcrumbList\",\"@id\":\"https:\/\/www.spaziomuseovespa.com\/de\/entdecken-sie-rom-und-seine-denkmaeler\/giardino-degli-aranci\/#breadcrumb\",\"itemListElement\":[{\"@type\":\"ListItem\",\"position\":1,\"name\":\"Home\",\"item\":\"https:\/\/www.spaziomuseovespa.com\/de\/homepage\/\"},{\"@type\":\"ListItem\",\"position\":2,\"name\":\"Entdecken Sie Rom und seine Denkm\u00e4ler\",\"item\":\"https:\/\/www.spaziomuseovespa.com\/de\/entdecken-sie-rom-und-seine-denkmaeler\/\"},{\"@type\":\"ListItem\",\"position\":3,\"name\":\"Giardino degli Aranci\"}]},{\"@type\":\"WebSite\",\"@id\":\"https:\/\/www.spaziomuseovespa.com\/de\/#website\",\"url\":\"https:\/\/www.spaziomuseovespa.com\/de\/\",\"name\":\"Spazio Museo Vespa\",\"description\":\"\",\"publisher\":{\"@id\":\"https:\/\/www.spaziomuseovespa.com\/de\/#organization\"},\"potentialAction\":[{\"@type\":\"SearchAction\",\"target\":{\"@type\":\"EntryPoint\",\"urlTemplate\":\"https:\/\/www.spaziomuseovespa.com\/de\/?s={search_term_string}\"},\"query-input\":{\"@type\":\"PropertyValueSpecification\",\"valueRequired\":true,\"valueName\":\"search_term_string\"}}],\"inLanguage\":\"de\"},{\"@type\":\"Organization\",\"@id\":\"https:\/\/www.spaziomuseovespa.com\/de\/#organization\",\"name\":\"Spazio Museo Vespa\",\"url\":\"https:\/\/www.spaziomuseovespa.com\/de\/\",\"logo\":{\"@type\":\"ImageObject\",\"inLanguage\":\"de\",\"@id\":\"https:\/\/www.spaziomuseovespa.com\/de\/#\/schema\/logo\/image\/\",\"url\":\"https:\/\/www.spaziomuseovespa.com\/wp-content\/uploads\/logo.png\",\"contentUrl\":\"https:\/\/www.spaziomuseovespa.com\/wp-content\/uploads\/logo.png\",\"width\":322,\"height\":95,\"caption\":\"Spazio Museo Vespa\"},\"image\":{\"@id\":\"https:\/\/www.spaziomuseovespa.com\/de\/#\/schema\/logo\/image\/\"}}]}<\/script>\n<!-- \/ Yoast SEO plugin. -->","yoast_head_json":{"title":"Giardino degli Aranci - Spazio Museo Vespa | Vespa-Touren und -Verleih in Rom","description":"Entdecken Sie Giardino degli Aranci, Vermietung oder Tour mit einer Vespa, einem Fahrrad, einem Roller oder einem Tuk Tuk in Rom, Bici Baci ist Ihr idealer Partner","robots":{"index":"index","follow":"follow","max-snippet":"max-snippet:-1","max-image-preview":"max-image-preview:large","max-video-preview":"max-video-preview:-1"},"canonical":"https:\/\/www.spaziomuseovespa.com\/de\/entdecken-sie-rom-und-seine-denkmaeler\/giardino-degli-aranci\/","og_locale":"de_DE","og_type":"article","og_title":"Giardino degli Aranci - Spazio Museo Vespa | Vespa-Touren und -Verleih in Rom","og_description":"Entdecken Sie Giardino degli Aranci, Vermietung oder Tour mit einer Vespa, einem Fahrrad, einem Roller oder einem Tuk Tuk in Rom, Bici Baci ist Ihr idealer Partner","og_url":"https:\/\/www.spaziomuseovespa.com\/de\/entdecken-sie-rom-und-seine-denkmaeler\/giardino-degli-aranci\/","og_site_name":"Spazio Museo Vespa","article_modified_time":"2024-10-25T11:54:36+00:00","og_image":[{"width":1920,"height":1080,"url":"https:\/\/www.spaziomuseovespa.com\/wp-content\/uploads\/giardino-aranci.jpg","type":"image\/jpeg"}],"twitter_card":"summary_large_image","twitter_misc":{"Gesch\u00e4tzte Lesezeit":"5\u00a0Minuten"},"schema":{"@context":"https:\/\/schema.org","@graph":[{"@type":"WebPage","@id":"https:\/\/www.spaziomuseovespa.com\/de\/entdecken-sie-rom-und-seine-denkmaeler\/giardino-degli-aranci\/","url":"https:\/\/www.spaziomuseovespa.com\/de\/entdecken-sie-rom-und-seine-denkmaeler\/giardino-degli-aranci\/","name":"Giardino degli Aranci - Spazio Museo Vespa | Vespa-Touren und -Verleih in Rom","isPartOf":{"@id":"https:\/\/www.spaziomuseovespa.com\/de\/#website"},"primaryImageOfPage":{"@id":"https:\/\/www.spaziomuseovespa.com\/de\/entdecken-sie-rom-und-seine-denkmaeler\/giardino-degli-aranci\/#primaryimage"},"image":{"@id":"https:\/\/www.spaziomuseovespa.com\/de\/entdecken-sie-rom-und-seine-denkmaeler\/giardino-degli-aranci\/#primaryimage"},"thumbnailUrl":"https:\/\/www.spaziomuseovespa.com\/wp-content\/uploads\/giardino-aranci.jpg","datePublished":"2024-10-11T08:11:10+00:00","dateModified":"2024-10-25T11:54:36+00:00","description":"Entdecken Sie Giardino degli Aranci, Vermietung oder Tour mit einer Vespa, einem Fahrrad, einem Roller oder einem Tuk Tuk in Rom, Bici Baci ist Ihr idealer Partner","breadcrumb":{"@id":"https:\/\/www.spaziomuseovespa.com\/de\/entdecken-sie-rom-und-seine-denkmaeler\/giardino-degli-aranci\/#breadcrumb"},"inLanguage":"de","potentialAction":[{"@type":"ReadAction","target":["https:\/\/www.spaziomuseovespa.com\/de\/entdecken-sie-rom-und-seine-denkmaeler\/giardino-degli-aranci\/"]}]},{"@type":"ImageObject","inLanguage":"de","@id":"https:\/\/www.spaziomuseovespa.com\/de\/entdecken-sie-rom-und-seine-denkmaeler\/giardino-degli-aranci\/#primaryimage","url":"https:\/\/www.spaziomuseovespa.com\/wp-content\/uploads\/giardino-aranci.jpg","contentUrl":"https:\/\/www.spaziomuseovespa.com\/wp-content\/uploads\/giardino-aranci.jpg","width":1920,"height":1080,"caption":"Giardino degli Aranci Tour Bike Scooter Vespa Tuk Tuk Rome"},{"@type":"BreadcrumbList","@id":"https:\/\/www.spaziomuseovespa.com\/de\/entdecken-sie-rom-und-seine-denkmaeler\/giardino-degli-aranci\/#breadcrumb","itemListElement":[{"@type":"ListItem","position":1,"name":"Home","item":"https:\/\/www.spaziomuseovespa.com\/de\/homepage\/"},{"@type":"ListItem","position":2,"name":"Entdecken Sie Rom und seine Denkm\u00e4ler","item":"https:\/\/www.spaziomuseovespa.com\/de\/entdecken-sie-rom-und-seine-denkmaeler\/"},{"@type":"ListItem","position":3,"name":"Giardino degli Aranci"}]},{"@type":"WebSite","@id":"https:\/\/www.spaziomuseovespa.com\/de\/#website","url":"https:\/\/www.spaziomuseovespa.com\/de\/","name":"Spazio Museo Vespa","description":"","publisher":{"@id":"https:\/\/www.spaziomuseovespa.com\/de\/#organization"},"potentialAction":[{"@type":"SearchAction","target":{"@type":"EntryPoint","urlTemplate":"https:\/\/www.spaziomuseovespa.com\/de\/?s={search_term_string}"},"query-input":{"@type":"PropertyValueSpecification","valueRequired":true,"valueName":"search_term_string"}}],"inLanguage":"de"},{"@type":"Organization","@id":"https:\/\/www.spaziomuseovespa.com\/de\/#organization","name":"Spazio Museo Vespa","url":"https:\/\/www.spaziomuseovespa.com\/de\/","logo":{"@type":"ImageObject","inLanguage":"de","@id":"https:\/\/www.spaziomuseovespa.com\/de\/#\/schema\/logo\/image\/","url":"https:\/\/www.spaziomuseovespa.com\/wp-content\/uploads\/logo.png","contentUrl":"https:\/\/www.spaziomuseovespa.com\/wp-content\/uploads\/logo.png","width":322,"height":95,"caption":"Spazio Museo Vespa"},"image":{"@id":"https:\/\/www.spaziomuseovespa.com\/de\/#\/schema\/logo\/image\/"}}]}},"_links":{"self":[{"href":"https:\/\/www.spaziomuseovespa.com\/de\/wp-json\/wp\/v2\/pages\/3750","targetHints":{"allow":["GET"]}}],"collection":[{"href":"https:\/\/www.spaziomuseovespa.com\/de\/wp-json\/wp\/v2\/pages"}],"about":[{"href":"https:\/\/www.spaziomuseovespa.com\/de\/wp-json\/wp\/v2\/types\/page"}],"author":[{"embeddable":true,"href":"https:\/\/www.spaziomuseovespa.com\/de\/wp-json\/wp\/v2\/users\/1"}],"replies":[{"embeddable":true,"href":"https:\/\/www.spaziomuseovespa.com\/de\/wp-json\/wp\/v2\/comments?post=3750"}],"version-history":[{"count":0,"href":"https:\/\/www.spaziomuseovespa.com\/de\/wp-json\/wp\/v2\/pages\/3750\/revisions"}],"up":[{"embeddable":true,"href":"https:\/\/www.spaziomuseovespa.com\/de\/wp-json\/wp\/v2\/pages\/3370"}],"wp:featuredmedia":[{"embeddable":true,"href":"https:\/\/www.spaziomuseovespa.com\/de\/wp-json\/wp\/v2\/media\/2751"}],"wp:attachment":[{"href":"https:\/\/www.spaziomuseovespa.com\/de\/wp-json\/wp\/v2\/media?parent=3750"}],"wp:term":[{"taxonomy":"luogo_monumento","embeddable":true,"href":"https:\/\/www.spaziomuseovespa.com\/de\/wp-json\/wp\/v2\/luogo_monumento?post=3750"}],"curies":[{"name":"wp","href":"https:\/\/api.w.org\/{rel}","templated":true}]}}