{"id":3497,"date":"2024-10-10T13:20:10","date_gmt":"2024-10-10T11:20:10","guid":{"rendered":"https:\/\/www.spaziomuseovespa.com\/descubre-roma-y-sus-monumentos\/colonna-di-marco-aurelio\/"},"modified":"2024-10-25T13:56:11","modified_gmt":"2024-10-25T11:56:11","slug":"colonna-di-marco-aurelio","status":"publish","type":"page","link":"https:\/\/www.spaziomuseovespa.com\/es\/descubre-roma-y-sus-monumentos\/colonna-di-marco-aurelio\/","title":{"rendered":"Colonna di Marco Aurelio"},"content":{"rendered":"\t\t<div data-elementor-type=\"wp-page\" data-elementor-id=\"3497\" class=\"elementor elementor-3497 elementor-1583\" data-elementor-post-type=\"page\">\n\t\t\t\t<div class=\"elementor-element elementor-element-a2c7424 e-flex e-con-boxed e-con e-parent\" data-id=\"a2c7424\" data-element_type=\"container\" data-settings=\"{&quot;background_background&quot;:&quot;classic&quot;}\">\n\t\t\t\t\t<div class=\"e-con-inner\">\n\t\t\t\t<div class=\"elementor-element elementor-element-495600d elementor-widget elementor-widget-heading\" data-id=\"495600d\" data-element_type=\"widget\" data-widget_type=\"heading.default\">\n\t\t\t\t<div class=\"elementor-widget-container\">\n\t\t\t\t\t<h1 class=\"elementor-heading-title elementor-size-default\">Colonna di Marco Aurelio<\/h1>\t\t\t\t<\/div>\n\t\t\t\t<\/div>\n\t\t\t\t\t<\/div>\n\t\t\t\t<\/div>\n\t\t<div class=\"elementor-element elementor-element-fb4dc40 e-flex e-con-boxed e-con e-parent\" data-id=\"fb4dc40\" data-element_type=\"container\">\n\t\t\t\t\t<div class=\"e-con-inner\">\n\t\t\t\t<div class=\"elementor-element elementor-element-e2c4372 elementor-widget elementor-widget-text-editor\" data-id=\"e2c4372\" data-element_type=\"widget\" data-widget_type=\"text-editor.default\">\n\t\t\t\t<div class=\"elementor-widget-container\">\n\t\t\t\t\t\t\t\t\t<p>Explora Roma sobre dos ruedas: \u00a1tour en bicicleta para descubrir la Columna de Marco Aurelio y los monumentos hist\u00f3ricos! \u00a1Experimenta Roma como un verdadero local! Excursi\u00f3n en Vespa a la Columna de Marco Aurelio, un viaje al coraz\u00f3n de la historia romana. Descubre Roma de una manera \u00fanica con un tour en tuk-tuk: \u00a1desde la Columna de Marco Aurelio hasta los tesoros escondidos de la ciudad eterna!   <\/p>\n\t\t\t\t\t\t\t\t<\/div>\n\t\t\t\t<\/div>\n\t\t\t\t\t<\/div>\n\t\t\t\t<\/div>\n\t\t<div class=\"elementor-element elementor-element-c43058d e-flex e-con-boxed e-con e-parent\" data-id=\"c43058d\" data-element_type=\"container\">\n\t\t\t\t\t<div class=\"e-con-inner\">\n\t\t\t\t<div class=\"elementor-element elementor-element-7b26ddd elementor-align-center elementor-mobile-align-center elementor-widget elementor-widget-button\" data-id=\"7b26ddd\" data-element_type=\"widget\" data-widget_type=\"button.default\">\n\t\t\t\t<div class=\"elementor-widget-container\">\n\t\t\t\t\t\t\t\t\t<div class=\"elementor-button-wrapper\">\n\t\t\t\t\t<a class=\"elementor-button elementor-button-link elementor-size-sm\" href=\"https:\/\/bicibaci.com\/\" target=\"_blank\">\n\t\t\t\t\t\t<span class=\"elementor-button-content-wrapper\">\n\t\t\t\t\t\t\t\t\t<span class=\"elementor-button-text\">Bici Baci tu compa\u00f1ero ideal para descubrir Roma - Tour y Alquiler en Vespa, Bicicleta, E-bike, Scooter, Tuk Tuk - M\u00e1s informaci\u00f3n  <\/span>\n\t\t\t\t\t<\/span>\n\t\t\t\t\t<\/a>\n\t\t\t\t<\/div>\n\t\t\t\t\t\t\t\t<\/div>\n\t\t\t\t<\/div>\n\t\t\t\t\t<\/div>\n\t\t\t\t<\/div>\n\t\t<div class=\"elementor-element elementor-element-c1f16f6 e-flex e-con-boxed e-con e-parent\" data-id=\"c1f16f6\" data-element_type=\"container\">\n\t\t\t\t\t<div class=\"e-con-inner\">\n\t\t\t\t<div class=\"elementor-element elementor-element-bd6e412 elementor-widget elementor-widget-image\" data-id=\"bd6e412\" data-element_type=\"widget\" data-widget_type=\"image.default\">\n\t\t\t\t<div class=\"elementor-widget-container\">\n\t\t\t\t\t\t\t\t\t\t\t\t<figure class=\"wp-caption\">\n\t\t\t\t\t\t\t\t\t\t\t<a href=\"https:\/\/www.spaziomuseovespa.com\/wp-content\/uploads\/Colonna-di-Marco-Aurelio-0.jpg\" data-elementor-open-lightbox=\"yes\" data-e-action-hash=\"#elementor-action%3Aaction%3Dlightbox%26settings%3DeyJpZCI6NDM0NSwidXJsIjoiaHR0cHM6XC9cL3d3dy5zcGF6aW9tdXNlb3Zlc3BhLmNvbVwvd3AtY29udGVudFwvdXBsb2Fkc1wvQ29sb25uYS1kaS1NYXJjby1BdXJlbGlvLTAuanBnIn0%3D\">\n\t\t\t\t\t\t\t<img fetchpriority=\"high\" decoding=\"async\" width=\"1920\" height=\"1080\" src=\"https:\/\/www.spaziomuseovespa.com\/wp-content\/uploads\/Colonna-di-Marco-Aurelio-0.jpg\" class=\"attachment-full size-full wp-image-4345\" alt=\"Colonna di Marco Aurelio\" srcset=\"https:\/\/www.spaziomuseovespa.com\/wp-content\/uploads\/Colonna-di-Marco-Aurelio-0.jpg 1920w, https:\/\/www.spaziomuseovespa.com\/wp-content\/uploads\/Colonna-di-Marco-Aurelio-0-300x169.jpg 300w, https:\/\/www.spaziomuseovespa.com\/wp-content\/uploads\/Colonna-di-Marco-Aurelio-0-1024x576.jpg 1024w, https:\/\/www.spaziomuseovespa.com\/wp-content\/uploads\/Colonna-di-Marco-Aurelio-0-768x432.jpg 768w, https:\/\/www.spaziomuseovespa.com\/wp-content\/uploads\/Colonna-di-Marco-Aurelio-0-1536x864.jpg 1536w\" sizes=\"(max-width: 1920px) 100vw, 1920px\" \/>\t\t\t\t\t\t\t\t<\/a>\n\t\t\t\t\t\t\t\t\t\t\t<figcaption class=\"widget-image-caption wp-caption-text\"><\/figcaption>\n\t\t\t\t\t\t\t\t\t\t<\/figure>\n\t\t\t\t\t\t\t\t\t<\/div>\n\t\t\t\t<\/div>\n\t\t\t\t\t<\/div>\n\t\t\t\t<\/div>\n\t\t<div class=\"elementor-element elementor-element-c10a9b9 e-flex e-con-boxed e-con e-parent\" data-id=\"c10a9b9\" data-element_type=\"container\">\n\t\t\t\t\t<div class=\"e-con-inner\">\n\t\t\t\t<div class=\"elementor-element elementor-element-1e06551 elementor-widget elementor-widget-heading\" data-id=\"1e06551\" data-element_type=\"widget\" data-widget_type=\"heading.default\">\n\t\t\t\t<div class=\"elementor-widget-container\">\n\t\t\t\t\t<h2 class=\"elementor-heading-title elementor-size-default\">Lo que hay que saber sobre la Columna de Marco Aurelio<\/h2>\t\t\t\t<\/div>\n\t\t\t\t<\/div>\n\t\t\t\t<div class=\"elementor-element elementor-element-e7f071c elementor-widget elementor-widget-text-editor\" data-id=\"e7f071c\" data-element_type=\"widget\" data-widget_type=\"text-editor.default\">\n\t\t\t\t<div class=\"elementor-widget-container\">\n\t\t\t\t\t\t\t\t\t<p>La Columna de Marco Aurelio es uno de los monumentos m\u00e1s impresionantes e hist\u00f3ricamente significativos de Roma, ubicado en la Piazza Colonna. Fue construido para celebrar las victorias militares del emperador Marco Aurelio sobre las poblaciones germ\u00e1nicas y s\u00e1rmatas entre los a\u00f1os 172 y 175 d.C. <\/p>\n<p><strong>Estructura<\/strong>: Con unos 29,6 metros de altura, la columna est\u00e1 compuesta por 27 bloques de m\u00e1rmol de Carrara, tallados para representar escenas de las campa\u00f1as militares del emperador. Las escenas est\u00e1n dispuestas en un relieve continuo en espiral, ilustrando las batallas y victorias. <\/p>\n<p><strong>Estilo<\/strong>: La columna est\u00e1 inspirada en la famosa Columna de Trajano, pero tiene un estilo art\u00edstico posterior y un lenguaje expresivo diferente. Las figuras esculpidas son m\u00e1s grandes y menos detalladas que en la Columna de Trajano, con un mayor \u00e9nfasis en la energ\u00eda de las escenas y la intensidad dram\u00e1tica de los eventos representados. <\/p>\n<p><strong>Inscripci\u00f3n y restauraci\u00f3n: A<\/strong> pesar de las restauraciones a lo largo del tiempo, no existen inscripciones originales que puedan confirmar con certeza la dedicaci\u00f3n inicial. Sin embargo, la columna fue claramente erigida para glorificar a Marco Aurelio, y en 1589 el papa Sixto V hizo colocar una estatua de San Pablo en la parte superior, reemplazando la estatua original del emperador, ahora perdida. <\/p>\n<p><strong>Iconograf\u00eda y Esculturas: <\/strong>La columna presenta una serie de relieves que detallan las Guerras Marcomanas, una serie de conflictos librados a lo largo de la frontera norte del Imperio Romano. Los relieves est\u00e1n tallados en una banda en espiral que se envuelve 21 veces alrededor de la columna, creando una narrativa visual continua. Las escenas representan batallas, sacrificios, discursos y momentos de descanso de las tropas romanas. En particular, se destacan momentos de gran impacto emocional y simb\u00f3lico, como el episodio del Milagro de la Lluvia, en el que una tormenta milagrosa salva al ej\u00e9rcito romano del asedio de los b\u00e1rbaros. Este milagro, atribuido a la intervenci\u00f3n divina, a menudo se interpreta como evidencia de la ayuda de los dioses al emperador.    <\/p>\n<p><strong>Estructura interna: <\/strong>En el interior de la columna hay una escalera de caracol con 203 escalones que permite llegar a la cima. La escalera se utiliz\u00f3 para acceder a la estatua original de Marco Aurelio y para el mantenimiento de la columna en s\u00ed. La columna est\u00e1 iluminada por una serie de peque\u00f1as ventanas a lo largo del camino de la escalera, que serv\u00edan para dejar entrar la luz natural.  <\/p>\n<p><strong>Influencias art\u00edsticas e historia de la restauraci\u00f3n:<\/strong> La Columna de Marco Aurelio a menudo se compara con la Columna de Trajano debido a la similitud en la estructura y la narraci\u00f3n en relieve. Sin embargo, en comparaci\u00f3n con la Columna de Trajano, las figuras de la Columna de Marco Aurelio son m\u00e1s grandes y menos refinadas, representando un estilo m\u00e1s expresivo que refleja los cambios art\u00edsticos y culturales de la \u00e9poca. A lo largo de los siglos, la columna ha sido objeto de diversas restauraciones. Durante la Edad Media estuvo parcialmente abandonada, pero luego fue restaurada por el papa Sixto V en 1589, quien a\u00f1adi\u00f3 una estatua de San Pablo en la parte superior de la columna, reemplazando la estatua original del emperador, ahora perdida.   <\/p>\n<p><strong>Importancia hist\u00f3rica: <\/strong>La columna representa no solo un monumento de celebraci\u00f3n, sino tambi\u00e9n una fuente hist\u00f3rica detallada que nos habla sobre las t\u00e1cticas militares, las costumbres y la visi\u00f3n pol\u00edtica de la \u00e9poca de Marco Aurelio. Es un testimonio de la resistencia y las capacidades militares romanas, as\u00ed como del valor que el emperador otorgaba a su imagen como l\u00edder y protector del Imperio. Adem\u00e1s, el monumento refleja una fase importante en la historia de Roma, cuando la defensa del imperio a lo largo de las fronteras septentrionales se hizo cada vez m\u00e1s apremiante. Estos conflictos y la narrativa visual de la columna enfatizan las dificultades encontradas por Marco Aurelio al tratar de mantener la estabilidad del imperio.   <\/p>\n<\/p>\n<p>Por lo tanto, la Columna de Marco Aurelio no es solo una maravilla arquitect\u00f3nica y art\u00edstica, sino tambi\u00e9n un s\u00edmbolo del poder y la espiritualidad romanos, que sigue fascinando a estudiosos y visitantes de todo el mundo.<\/p>\n\t\t\t\t\t\t\t\t<\/div>\n\t\t\t\t<\/div>\n\t\t\t\t\t<\/div>\n\t\t\t\t<\/div>\n\t\t<div class=\"elementor-element elementor-element-de6f7f4 e-flex e-con-boxed e-con e-parent\" data-id=\"de6f7f4\" data-element_type=\"container\">\n\t\t\t\t\t<div class=\"e-con-inner\">\n\t\t\t\t\t<\/div>\n\t\t\t\t<\/div>\n\t\t<div class=\"elementor-element elementor-element-f0bc0b9 e-flex e-con-boxed e-con e-parent\" data-id=\"f0bc0b9\" data-element_type=\"container\">\n\t\t\t\t\t<div class=\"e-con-inner\">\n\t\t\t\t<div class=\"elementor-element elementor-element-29190b6 elementor-widget elementor-widget-heading\" data-id=\"29190b6\" data-element_type=\"widget\" data-widget_type=\"heading.default\">\n\t\t\t\t<div class=\"elementor-widget-container\">\n\t\t\t\t\t<h2 class=\"elementor-heading-title elementor-size-default\">Curiosidad<\/h2>\t\t\t\t<\/div>\n\t\t\t\t<\/div>\n\t\t\t\t<div class=\"elementor-element elementor-element-7da5c7b elementor-widget elementor-widget-text-editor\" data-id=\"7da5c7b\" data-element_type=\"widget\" data-widget_type=\"text-editor.default\">\n\t\t\t\t<div class=\"elementor-widget-container\">\n\t\t\t\t\t\t\t\t\t<p><strong>El milagro de la lluvia y la \u00abLegio Fulminata\u00bb: <\/strong>Uno de los episodios m\u00e1s curiosos representados en la columna es el \u00abMilagro de la lluvia\u00bb. Seg\u00fan la leyenda, el ej\u00e9rcito romano, en dificultades durante una batalla contra los Quadi, se salv\u00f3 de una tormenta milagrosa que azot\u00f3 a sus oponentes, dando agua a los romanos y aterrorizando a los enemigos. Este episodio fue interpretado como una intervenci\u00f3n divina. Algunas fuentes cristianas posteriores lo atribuyeron a las oraciones de los soldados cristianos de la Legio Fulminata (\u00ablegi\u00f3n del rayo\u00bb), aunque el propio Marco Aurelio atribuy\u00f3 el suceso a J\u00fapiter, dios del rayo y la lluvia.   <\/p>\n<p><strong>Detalles de las encuestas:<\/strong> Los relieves de la columna son extremadamente detallados: es posible observar no solo a los soldados y sus armaduras, sino tambi\u00e9n a los enemigos representados con ropas y armas t\u00edpicas de las tribus germ\u00e1nicas y s\u00e1rmatas. Incluso se incluyen los prisioneros y escenas de la vida cotidiana en el campo romano, como la construcci\u00f3n de fortificaciones. Adem\u00e1s, algunas escenas muestran la devastaci\u00f3n causada por el ej\u00e9rcito romano en las aldeas enemigas, un aspecto raro en los monumentos romanos, generalmente m\u00e1s centrados en la gloria del emperador y el ej\u00e9rcito.  <\/p>\n<p><strong>Las cifras a mayor escala:<\/strong> A diferencia de la Columna de Trajano, las figuras de la Columna de Marco Aurelio son de mayor escala y mucho m\u00e1s expresivas. Este cambio refleja una evoluci\u00f3n estil\u00edstica de la \u00e9poca, con un mayor \u00e9nfasis en la emoci\u00f3n y el dramatismo, m\u00e1s que en los detalles anat\u00f3micos y las proporciones cl\u00e1sicas. Esta elecci\u00f3n estil\u00edstica confiere a la partitura un tono m\u00e1s intenso y dram\u00e1tico, que acent\u00faa la dificultad y el hero\u00edsmo de las campa\u00f1as militares del emperador.  <\/p>\n<p><strong>La estatua perdida de Marco Aurelio: <\/strong>Originalmente, una estatua de bronce del emperador Marco Aurelio se encontraba en la parte superior de la columna. Sin embargo, la estatua original se ha perdido a lo largo de los siglos, y hoy en su lugar se encuentra una estatua de San Pablo, colocada all\u00ed por el papa Sixto V en 1589. Esta sustituci\u00f3n formaba parte de un proyecto de \u00abcristianizaci\u00f3n\u00bb de los monumentos antiguos, para adaptarlos a los valores de la Roma cat\u00f3lica.  <\/p>\n<p><strong>Interior Accesible solo para los Custodios Papales:<\/strong> La columna es hueca y contiene una escalera de caracol que conduce a la parte superior. Durante los siglos pasados, solo los custodios papales y el personal autorizado pod\u00edan acceder al interior para cualquier mantenimiento. Hoy en d\u00eda, el acceso interno est\u00e1 reservado solo para restauradores y autoridades competentes, por lo que es raro poder subir a la columna.  <\/p>\n<p><strong>Copia de los relieves base: <\/strong>Para permitir que el p\u00fablico aprecie los relieves detallados sin tener que mirar hacia arriba, en 1955 se cre\u00f3 una copia en yeso de los relieves y ahora se encuentra en los Museos Vaticanos. Esto permite a los estudiosos y visitantes observar las escenas en detalle sin el uso de binoculares o zooms. <\/p>\n<p><strong>Elevaci\u00f3n de la columna en el centro de Roma:<\/strong> La Columna de Marco Aurelio se encuentra en Piazza Colonna, en pleno coraz\u00f3n de Roma, cerca del Palazzo Chigi (sede del gobierno italiano). Esto lo convierte en uno de los monumentos antiguos mejor conservados y de m\u00e1s f\u00e1cil acceso, as\u00ed como en un s\u00edmbolo de la continuidad hist\u00f3rica de la ciudad de Roma. <\/p>\n\t\t\t\t\t\t\t\t<\/div>\n\t\t\t\t<\/div>\n\t\t\t\t\t<\/div>\n\t\t\t\t<\/div>\n\t\t<div class=\"elementor-element elementor-element-38c57a8 riga_tour e-flex e-con-boxed e-con e-parent\" data-id=\"38c57a8\" data-element_type=\"container\">\n\t\t\t\t\t<div class=\"e-con-inner\">\n\t\t\t\t<div class=\"elementor-element elementor-element-a39d7f5 elementor-widget elementor-widget-heading\" data-id=\"a39d7f5\" data-element_type=\"widget\" data-widget_type=\"heading.default\">\n\t\t\t\t<div class=\"elementor-widget-container\">\n\t\t\t\t\t<h2 class=\"elementor-heading-title elementor-size-default\">Elige tu tour en Vespa favorito para visitar Roma<\/h2>\t\t\t\t<\/div>\n\t\t\t\t<\/div>\n\t\t\t\t<div class=\"elementor-element elementor-element-cb772ca elementor-widget elementor-widget-template\" data-id=\"cb772ca\" data-element_type=\"widget\" data-widget_type=\"template.default\">\n\t\t\t\t<div class=\"elementor-widget-container\">\n\t\t\t\t\t\t\t<div class=\"elementor-template\">\n\t\t\t\t\t<div data-elementor-type=\"section\" data-elementor-id=\"1976\" class=\"elementor elementor-1976 elementor-1687\" data-elementor-post-type=\"elementor_library\">\n\t\t\t<div class=\"elementor-element elementor-element-1497235 riga_tour e-flex e-con-boxed e-con e-parent\" data-id=\"1497235\" data-element_type=\"container\">\n\t\t\t\t\t<div class=\"e-con-inner\">\n\t\t<div class=\"elementor-element elementor-element-586e2e8 e-con-full e-flex e-con e-child\" data-id=\"586e2e8\" data-element_type=\"container\">\n\t\t<div class=\"elementor-element elementor-element-6b49b07 e-con-full e-flex e-con e-child\" data-id=\"6b49b07\" data-element_type=\"container\">\n\t\t\t\t<div class=\"elementor-element elementor-element-fc87d99 elementor-widget elementor-widget-image\" data-id=\"fc87d99\" data-element_type=\"widget\" data-widget_type=\"image.default\">\n\t\t\t\t<div class=\"elementor-widget-container\">\n\t\t\t\t\t\t\t\t\t\t\t\t<figure class=\"wp-caption\">\n\t\t\t\t\t\t\t\t\t\t\t<a href=\"https:\/\/www.spaziomuseovespa.com\/vespa-tour-grand-tour-di-roma\/\">\n\t\t\t\t\t\t\t<img decoding=\"async\" width=\"600\" height=\"469\" src=\"https:\/\/www.spaziomuseovespa.com\/wp-content\/uploads\/gran_tour_roma.jpg\" class=\"attachment-medium_large size-medium_large wp-image-444\" alt=\"\" srcset=\"https:\/\/www.spaziomuseovespa.com\/wp-content\/uploads\/gran_tour_roma.jpg 600w, https:\/\/www.spaziomuseovespa.com\/wp-content\/uploads\/gran_tour_roma-300x235.jpg 300w\" sizes=\"(max-width: 600px) 100vw, 600px\" \/>\t\t\t\t\t\t\t\t<\/a>\n\t\t\t\t\t\t\t\t\t\t\t<figcaption class=\"widget-image-caption wp-caption-text\">Vespa tour<br>Grand tour por Roma<\/figcaption>\n\t\t\t\t\t\t\t\t\t\t<\/figure>\n\t\t\t\t\t\t\t\t\t<\/div>\n\t\t\t\t<\/div>\n\t\t\t\t<\/div>\n\t\t<div class=\"elementor-element elementor-element-daa5749 e-con-full e-flex e-con e-child\" data-id=\"daa5749\" data-element_type=\"container\">\n\t\t\t\t<div class=\"elementor-element elementor-element-11cf106 elementor-widget elementor-widget-image\" data-id=\"11cf106\" data-element_type=\"widget\" data-widget_type=\"image.default\">\n\t\t\t\t<div class=\"elementor-widget-container\">\n\t\t\t\t\t\t\t\t\t\t\t\t<figure class=\"wp-caption\">\n\t\t\t\t\t\t\t\t\t\t\t<a href=\"https:\/\/www.spaziomuseovespa.com\/vespa-tour-rome-movie-sets\/\">\n\t\t\t\t\t\t\t<img decoding=\"async\" width=\"600\" height=\"469\" src=\"https:\/\/www.spaziomuseovespa.com\/wp-content\/uploads\/tour_rome_movie_set.jpg\" class=\"attachment-medium_large size-medium_large wp-image-429\" alt=\"\" srcset=\"https:\/\/www.spaziomuseovespa.com\/wp-content\/uploads\/tour_rome_movie_set.jpg 600w, https:\/\/www.spaziomuseovespa.com\/wp-content\/uploads\/tour_rome_movie_set-300x235.jpg 300w\" sizes=\"(max-width: 600px) 100vw, 600px\" \/>\t\t\t\t\t\t\t\t<\/a>\n\t\t\t\t\t\t\t\t\t\t\t<figcaption class=\"widget-image-caption wp-caption-text\">Vespa tour<br>Roma Movie Set<\/figcaption>\n\t\t\t\t\t\t\t\t\t\t<\/figure>\n\t\t\t\t\t\t\t\t\t<\/div>\n\t\t\t\t<\/div>\n\t\t\t\t<\/div>\n\t\t<div class=\"elementor-element elementor-element-912acab e-con-full e-flex e-con e-child\" data-id=\"912acab\" data-element_type=\"container\">\n\t\t\t\t<div class=\"elementor-element elementor-element-0846c51 elementor-widget elementor-widget-image\" data-id=\"0846c51\" data-element_type=\"widget\" data-widget_type=\"image.default\">\n\t\t\t\t<div class=\"elementor-widget-container\">\n\t\t\t\t\t\t\t\t\t\t\t\t<figure class=\"wp-caption\">\n\t\t\t\t\t\t\t\t\t\t\t<a href=\"https:\/\/www.spaziomuseovespa.com\/vespa-tour-castelli-romani\/\">\n\t\t\t\t\t\t\t<img loading=\"lazy\" decoding=\"async\" width=\"600\" height=\"469\" src=\"https:\/\/www.spaziomuseovespa.com\/wp-content\/uploads\/Il-Tour-dei-Castelli-Romani.jpg\" class=\"attachment-medium_large size-medium_large wp-image-439\" alt=\"\" srcset=\"https:\/\/www.spaziomuseovespa.com\/wp-content\/uploads\/Il-Tour-dei-Castelli-Romani.jpg 600w, https:\/\/www.spaziomuseovespa.com\/wp-content\/uploads\/Il-Tour-dei-Castelli-Romani-300x235.jpg 300w\" sizes=\"(max-width: 600px) 100vw, 600px\" \/>\t\t\t\t\t\t\t\t<\/a>\n\t\t\t\t\t\t\t\t\t\t\t<figcaption class=\"widget-image-caption wp-caption-text\">Vespa tour<br>Castelli Romani<\/figcaption>\n\t\t\t\t\t\t\t\t\t\t<\/figure>\n\t\t\t\t\t\t\t\t\t<\/div>\n\t\t\t\t<\/div>\n\t\t\t\t<\/div>\n\t\t<div class=\"elementor-element elementor-element-4853cba e-con-full e-flex e-con e-child\" data-id=\"4853cba\" data-element_type=\"container\">\n\t\t\t\t<div class=\"elementor-element elementor-element-4f272a1 elementor-widget elementor-widget-image\" data-id=\"4f272a1\" data-element_type=\"widget\" data-widget_type=\"image.default\">\n\t\t\t\t<div class=\"elementor-widget-container\">\n\t\t\t\t\t\t\t\t\t\t\t\t<figure class=\"wp-caption\">\n\t\t\t\t\t\t\t\t\t\t\t<a href=\"https:\/\/www.spaziomuseovespa.com\/vespa-tour-roma-moderna-e-ostia-antica\/\">\n\t\t\t\t\t\t\t<img loading=\"lazy\" decoding=\"async\" width=\"600\" height=\"469\" src=\"https:\/\/www.spaziomuseovespa.com\/wp-content\/uploads\/Vespa-Tour-Roma-moderna-e-Ostia-Antica.jpg\" class=\"attachment-medium_large size-medium_large wp-image-434\" alt=\"\" srcset=\"https:\/\/www.spaziomuseovespa.com\/wp-content\/uploads\/Vespa-Tour-Roma-moderna-e-Ostia-Antica.jpg 600w, https:\/\/www.spaziomuseovespa.com\/wp-content\/uploads\/Vespa-Tour-Roma-moderna-e-Ostia-Antica-300x235.jpg 300w\" sizes=\"(max-width: 600px) 100vw, 600px\" \/>\t\t\t\t\t\t\t\t<\/a>\n\t\t\t\t\t\t\t\t\t\t\t<figcaption class=\"widget-image-caption wp-caption-text\">Vespa tour<br>Roma y Ostia Antica<\/figcaption>\n\t\t\t\t\t\t\t\t\t\t<\/figure>\n\t\t\t\t\t\t\t\t\t<\/div>\n\t\t\t\t<\/div>\n\t\t\t\t<\/div>\n\t\t\t\t<\/div>\n\t\t\t\t\t<\/div>\n\t\t\t\t<\/div>\n\t\t\t\t<\/div>\n\t\t\t\t<\/div>\n\t\t\t\t\t\t<\/div>\n\t\t\t\t<\/div>\n\t\t\t\t\t<\/div>\n\t\t\t\t<\/div>\n\t\t<div class=\"elementor-element elementor-element-fbe5593 e-flex e-con-boxed e-con e-parent\" data-id=\"fbe5593\" data-element_type=\"container\">\n\t\t\t\t\t<div class=\"e-con-inner\">\n\t\t\t\t<div class=\"elementor-element elementor-element-9a1da9e elementor-widget elementor-widget-heading\" data-id=\"9a1da9e\" data-element_type=\"widget\" data-widget_type=\"heading.default\">\n\t\t\t\t<div class=\"elementor-widget-container\">\n\t\t\t\t\t<h2 class=\"elementor-heading-title elementor-size-default\">... y si eres un conductor experimentado, alquila tu Vespa para descubrir las maravillas de Roma<\/h2>\t\t\t\t<\/div>\n\t\t\t\t<\/div>\n\t\t\t\t<div class=\"elementor-element elementor-element-144e12e elementor-widget elementor-widget-template\" data-id=\"144e12e\" data-element_type=\"widget\" data-widget_type=\"template.default\">\n\t\t\t\t<div class=\"elementor-widget-container\">\n\t\t\t\t\t\t\t<div class=\"elementor-template\">\n\t\t\t\t\t<div data-elementor-type=\"section\" data-elementor-id=\"1972\" class=\"elementor elementor-1972 elementor-1698\" data-elementor-post-type=\"elementor_library\">\n\t\t\t<div class=\"elementor-element elementor-element-ab87375 e-flex e-con-boxed e-con e-parent\" data-id=\"ab87375\" data-element_type=\"container\">\n\t\t\t\t\t<div class=\"e-con-inner\">\n\t\t<div class=\"elementor-element elementor-element-6eef2e6 e-con-full e-flex e-con e-child\" data-id=\"6eef2e6\" data-element_type=\"container\">\n\t\t<div class=\"elementor-element elementor-element-341e335 e-con-full e-flex e-con e-child\" data-id=\"341e335\" data-element_type=\"container\">\n\t\t\t\t<div class=\"elementor-element elementor-element-56b5421 elementor-widget elementor-widget-image\" data-id=\"56b5421\" data-element_type=\"widget\" data-widget_type=\"image.default\">\n\t\t\t\t<div class=\"elementor-widget-container\">\n\t\t\t\t\t\t\t\t\t\t\t\t\t\t\t\t<a href=\"https:\/\/bicibaci.com\/\" target=\"_blank\">\n\t\t\t\t\t\t\t<img loading=\"lazy\" decoding=\"async\" width=\"200\" height=\"49\" src=\"https:\/\/www.spaziomuseovespa.com\/wp-content\/uploads\/bicibaci-logo-2023.webp\" class=\"attachment-medium_large size-medium_large wp-image-584\" alt=\"\" \/>\t\t\t\t\t\t\t\t<\/a>\n\t\t\t\t\t\t\t\t\t\t\t\t\t\t\t<\/div>\n\t\t\t\t<\/div>\n\t\t\t\t<div class=\"elementor-element elementor-element-99c90bf elementor-widget elementor-widget-heading\" data-id=\"99c90bf\" data-element_type=\"widget\" data-widget_type=\"heading.default\">\n\t\t\t\t<div class=\"elementor-widget-container\">\n\t\t\t\t\t<h2 class=\"elementor-heading-title elementor-size-default\"><a href=\"https:\/\/bicibaci.com\/\" target=\"_blank\">bicibaci.com\/es<\/a><\/h2>\t\t\t\t<\/div>\n\t\t\t\t<\/div>\n\t\t\t\t<div class=\"elementor-element elementor-element-5ebd6b2 elementor-widget elementor-widget-heading\" data-id=\"5ebd6b2\" data-element_type=\"widget\" data-widget_type=\"heading.default\">\n\t\t\t\t<div class=\"elementor-widget-container\">\n\t\t\t\t\t<div class=\"elementor-heading-title elementor-size-default\">Tu pareja ideal<\/div>\t\t\t\t<\/div>\n\t\t\t\t<\/div>\n\t\t\t\t<\/div>\n\t\t<div class=\"elementor-element elementor-element-8778fe8 e-con-full e-flex e-con e-child\" data-id=\"8778fe8\" data-element_type=\"container\">\n\t\t\t\t<div class=\"elementor-element elementor-element-c00a063 elementor-widget elementor-widget-image\" data-id=\"c00a063\" data-element_type=\"widget\" data-widget_type=\"image.default\">\n\t\t\t\t<div class=\"elementor-widget-container\">\n\t\t\t\t\t\t\t\t\t\t\t\t\t\t\t\t<a href=\"https:\/\/bicibaci.com\/prodotto\/scooter-categoria-b1\/\" target=\"_blank\">\n\t\t\t\t\t\t\t<img loading=\"lazy\" decoding=\"async\" width=\"600\" height=\"471\" src=\"https:\/\/www.spaziomuseovespa.com\/wp-content\/uploads\/scooter_cat_b1.jpg\" class=\"attachment-medium_large size-medium_large wp-image-564\" alt=\"\" srcset=\"https:\/\/www.spaziomuseovespa.com\/wp-content\/uploads\/scooter_cat_b1.jpg 600w, https:\/\/www.spaziomuseovespa.com\/wp-content\/uploads\/scooter_cat_b1-300x236.jpg 300w\" sizes=\"(max-width: 600px) 100vw, 600px\" \/>\t\t\t\t\t\t\t\t<\/a>\n\t\t\t\t\t\t\t\t\t\t\t\t\t\t\t<\/div>\n\t\t\t\t<\/div>\n\t\t\t\t<\/div>\n\t\t<div class=\"elementor-element elementor-element-b1f717e e-con-full e-flex e-con e-child\" data-id=\"b1f717e\" data-element_type=\"container\">\n\t\t\t\t<div class=\"elementor-element elementor-element-c4d5fb6 elementor-widget elementor-widget-image\" data-id=\"c4d5fb6\" data-element_type=\"widget\" data-widget_type=\"image.default\">\n\t\t\t\t<div class=\"elementor-widget-container\">\n\t\t\t\t\t\t\t\t\t\t\t\t\t\t\t\t<a href=\"https:\/\/bicibaci.com\/prodotto\/scooter-categoria-e\/\" target=\"_blank\">\n\t\t\t\t\t\t\t<img loading=\"lazy\" decoding=\"async\" width=\"600\" height=\"471\" src=\"https:\/\/www.spaziomuseovespa.com\/wp-content\/uploads\/vespa_red_cat_E.jpg\" class=\"attachment-medium_large size-medium_large wp-image-579\" alt=\"\" srcset=\"https:\/\/www.spaziomuseovespa.com\/wp-content\/uploads\/vespa_red_cat_E.jpg 600w, https:\/\/www.spaziomuseovespa.com\/wp-content\/uploads\/vespa_red_cat_E-300x236.jpg 300w\" sizes=\"(max-width: 600px) 100vw, 600px\" \/>\t\t\t\t\t\t\t\t<\/a>\n\t\t\t\t\t\t\t\t\t\t\t\t\t\t\t<\/div>\n\t\t\t\t<\/div>\n\t\t\t\t<\/div>\n\t\t<div class=\"elementor-element elementor-element-6868fe3 e-con-full e-flex e-con e-child\" data-id=\"6868fe3\" data-element_type=\"container\">\n\t\t\t\t<div class=\"elementor-element elementor-element-763973b elementor-widget elementor-widget-image\" data-id=\"763973b\" data-element_type=\"widget\" data-widget_type=\"image.default\">\n\t\t\t\t<div class=\"elementor-widget-container\">\n\t\t\t\t\t\t\t\t\t\t\t\t\t\t\t\t<a href=\"https:\/\/bicibaci.com\/prodotto\/vespa-street-art\/\" target=\"_blank\">\n\t\t\t\t\t\t\t<img loading=\"lazy\" decoding=\"async\" width=\"600\" height=\"471\" src=\"https:\/\/www.spaziomuseovespa.com\/wp-content\/uploads\/vespa-street-art.jpg\" class=\"attachment-medium_large size-medium_large wp-image-574\" alt=\"\" srcset=\"https:\/\/www.spaziomuseovespa.com\/wp-content\/uploads\/vespa-street-art.jpg 600w, https:\/\/www.spaziomuseovespa.com\/wp-content\/uploads\/vespa-street-art-300x236.jpg 300w\" sizes=\"(max-width: 600px) 100vw, 600px\" \/>\t\t\t\t\t\t\t\t<\/a>\n\t\t\t\t\t\t\t\t\t\t\t\t\t\t\t<\/div>\n\t\t\t\t<\/div>\n\t\t\t\t<\/div>\n\t\t<div class=\"elementor-element elementor-element-7c7d8ac e-con-full e-flex e-con e-child\" data-id=\"7c7d8ac\" data-element_type=\"container\">\n\t\t\t\t<div class=\"elementor-element elementor-element-69c1f6c elementor-widget elementor-widget-image\" data-id=\"69c1f6c\" data-element_type=\"widget\" data-widget_type=\"image.default\">\n\t\t\t\t<div class=\"elementor-widget-container\">\n\t\t\t\t\t\t\t\t\t\t\t\t\t\t\t\t<a href=\"https:\/\/bicibaci.com\/prodotto\/scooter-categoria-f\/\" target=\"_blank\">\n\t\t\t\t\t\t\t<img loading=\"lazy\" decoding=\"async\" width=\"600\" height=\"471\" src=\"https:\/\/www.spaziomuseovespa.com\/wp-content\/uploads\/vespa_red_cat_F.jpg\" class=\"attachment-medium_large size-medium_large wp-image-569\" alt=\"\" srcset=\"https:\/\/www.spaziomuseovespa.com\/wp-content\/uploads\/vespa_red_cat_F.jpg 600w, https:\/\/www.spaziomuseovespa.com\/wp-content\/uploads\/vespa_red_cat_F-300x236.jpg 300w\" sizes=\"(max-width: 600px) 100vw, 600px\" \/>\t\t\t\t\t\t\t\t<\/a>\n\t\t\t\t\t\t\t\t\t\t\t\t\t\t\t<\/div>\n\t\t\t\t<\/div>\n\t\t\t\t<\/div>\n\t\t\t\t<\/div>\n\t\t\t\t\t<\/div>\n\t\t\t\t<\/div>\n\t\t\t\t<\/div>\n\t\t\t\t<\/div>\n\t\t\t\t\t\t<\/div>\n\t\t\t\t<\/div>\n\t\t\t\t\t<\/div>\n\t\t\t\t<\/div>\n\t\t\t\t<\/div>\n\t\t","protected":false},"excerpt":{"rendered":"<p>Explora Roma sobre dos ruedas: \u00a1tour en bicicleta para descubrir la Columna de Marco Aurelio y los monumentos hist\u00f3ricos! \u00a1Experimenta Roma como un verdadero local! Excursi\u00f3n en Vespa a la Columna de Marco Aurelio, un viaje al coraz\u00f3n de la historia romana. Descubre Roma de una manera \u00fanica con un tour en tuk-tuk: \u00a1desde la [&hellip;]<\/p>\n","protected":false},"author":1,"featured_media":4345,"parent":3373,"menu_order":0,"comment_status":"closed","ping_status":"closed","template":"","meta":{"footnotes":""},"luogo_monumento":[50],"class_list":["post-3497","page","type-page","status-publish","has-post-thumbnail","hentry","luogo_monumento-roma-antica-es"],"yoast_head":"<!-- This site is optimized with the Yoast SEO plugin v26.7 - https:\/\/yoast.com\/wordpress\/plugins\/seo\/ -->\n<title>Colonna di Marco Aurelio - Spazio Museo Vespa | Tours y alquileres Vespa en Roma<\/title>\n<meta name=\"description\" content=\"Descubre Colonna di Marco Aurelio, alquiler o tour en vespa, bicicleta, scooter, tuk tuk en Roma, Bici Baci es tu socio ideal\" \/>\n<meta name=\"robots\" content=\"index, follow, max-snippet:-1, max-image-preview:large, max-video-preview:-1\" \/>\n<link rel=\"canonical\" href=\"https:\/\/www.spaziomuseovespa.com\/es\/descubre-roma-y-sus-monumentos\/colonna-di-marco-aurelio\/\" \/>\n<meta property=\"og:locale\" content=\"es_ES\" \/>\n<meta property=\"og:type\" content=\"article\" \/>\n<meta property=\"og:title\" content=\"Colonna di Marco Aurelio - Spazio Museo Vespa | Tours y alquileres Vespa en Roma\" \/>\n<meta property=\"og:description\" content=\"Descubre Colonna di Marco Aurelio, alquiler o tour en vespa, bicicleta, scooter, tuk tuk en Roma, Bici Baci es tu socio ideal\" \/>\n<meta property=\"og:url\" content=\"https:\/\/www.spaziomuseovespa.com\/es\/descubre-roma-y-sus-monumentos\/colonna-di-marco-aurelio\/\" \/>\n<meta property=\"og:site_name\" content=\"Spazio Museo Vespa\" \/>\n<meta property=\"article:modified_time\" content=\"2024-10-25T11:56:11+00:00\" \/>\n<meta property=\"og:image\" content=\"https:\/\/www.spaziomuseovespa.com\/wp-content\/uploads\/Colonna-di-Marco-Aurelio-0.jpg\" \/>\n\t<meta property=\"og:image:width\" content=\"1920\" \/>\n\t<meta property=\"og:image:height\" content=\"1080\" \/>\n\t<meta property=\"og:image:type\" content=\"image\/jpeg\" \/>\n<meta name=\"twitter:card\" content=\"summary_large_image\" \/>\n<meta name=\"twitter:label1\" content=\"Tiempo de lectura\" \/>\n\t<meta name=\"twitter:data1\" content=\"7 minutos\" \/>\n<script type=\"application\/ld+json\" class=\"yoast-schema-graph\">{\"@context\":\"https:\/\/schema.org\",\"@graph\":[{\"@type\":\"WebPage\",\"@id\":\"https:\/\/www.spaziomuseovespa.com\/es\/descubre-roma-y-sus-monumentos\/colonna-di-marco-aurelio\/\",\"url\":\"https:\/\/www.spaziomuseovespa.com\/es\/descubre-roma-y-sus-monumentos\/colonna-di-marco-aurelio\/\",\"name\":\"Colonna di Marco Aurelio - Spazio Museo Vespa | Tours y alquileres Vespa en Roma\",\"isPartOf\":{\"@id\":\"https:\/\/www.spaziomuseovespa.com\/es\/#website\"},\"primaryImageOfPage\":{\"@id\":\"https:\/\/www.spaziomuseovespa.com\/es\/descubre-roma-y-sus-monumentos\/colonna-di-marco-aurelio\/#primaryimage\"},\"image\":{\"@id\":\"https:\/\/www.spaziomuseovespa.com\/es\/descubre-roma-y-sus-monumentos\/colonna-di-marco-aurelio\/#primaryimage\"},\"thumbnailUrl\":\"https:\/\/www.spaziomuseovespa.com\/wp-content\/uploads\/Colonna-di-Marco-Aurelio-0.jpg\",\"datePublished\":\"2024-10-10T11:20:10+00:00\",\"dateModified\":\"2024-10-25T11:56:11+00:00\",\"description\":\"Descubre Colonna di Marco Aurelio, alquiler o tour en vespa, bicicleta, scooter, tuk tuk en Roma, Bici Baci es tu socio ideal\",\"breadcrumb\":{\"@id\":\"https:\/\/www.spaziomuseovespa.com\/es\/descubre-roma-y-sus-monumentos\/colonna-di-marco-aurelio\/#breadcrumb\"},\"inLanguage\":\"es\",\"potentialAction\":[{\"@type\":\"ReadAction\",\"target\":[\"https:\/\/www.spaziomuseovespa.com\/es\/descubre-roma-y-sus-monumentos\/colonna-di-marco-aurelio\/\"]}]},{\"@type\":\"ImageObject\",\"inLanguage\":\"es\",\"@id\":\"https:\/\/www.spaziomuseovespa.com\/es\/descubre-roma-y-sus-monumentos\/colonna-di-marco-aurelio\/#primaryimage\",\"url\":\"https:\/\/www.spaziomuseovespa.com\/wp-content\/uploads\/Colonna-di-Marco-Aurelio-0.jpg\",\"contentUrl\":\"https:\/\/www.spaziomuseovespa.com\/wp-content\/uploads\/Colonna-di-Marco-Aurelio-0.jpg\",\"width\":1920,\"height\":1080,\"caption\":\"Colonna di Marco Aurelio\"},{\"@type\":\"BreadcrumbList\",\"@id\":\"https:\/\/www.spaziomuseovespa.com\/es\/descubre-roma-y-sus-monumentos\/colonna-di-marco-aurelio\/#breadcrumb\",\"itemListElement\":[{\"@type\":\"ListItem\",\"position\":1,\"name\":\"Home\",\"item\":\"https:\/\/www.spaziomuseovespa.com\/es\/homepage\/\"},{\"@type\":\"ListItem\",\"position\":2,\"name\":\"Descubre Roma y sus Monumentos\",\"item\":\"https:\/\/www.spaziomuseovespa.com\/es\/descubre-roma-y-sus-monumentos\/\"},{\"@type\":\"ListItem\",\"position\":3,\"name\":\"Colonna di Marco Aurelio\"}]},{\"@type\":\"WebSite\",\"@id\":\"https:\/\/www.spaziomuseovespa.com\/es\/#website\",\"url\":\"https:\/\/www.spaziomuseovespa.com\/es\/\",\"name\":\"Spazio Museo Vespa\",\"description\":\"\",\"publisher\":{\"@id\":\"https:\/\/www.spaziomuseovespa.com\/es\/#organization\"},\"potentialAction\":[{\"@type\":\"SearchAction\",\"target\":{\"@type\":\"EntryPoint\",\"urlTemplate\":\"https:\/\/www.spaziomuseovespa.com\/es\/?s={search_term_string}\"},\"query-input\":{\"@type\":\"PropertyValueSpecification\",\"valueRequired\":true,\"valueName\":\"search_term_string\"}}],\"inLanguage\":\"es\"},{\"@type\":\"Organization\",\"@id\":\"https:\/\/www.spaziomuseovespa.com\/es\/#organization\",\"name\":\"Spazio Museo Vespa\",\"url\":\"https:\/\/www.spaziomuseovespa.com\/es\/\",\"logo\":{\"@type\":\"ImageObject\",\"inLanguage\":\"es\",\"@id\":\"https:\/\/www.spaziomuseovespa.com\/es\/#\/schema\/logo\/image\/\",\"url\":\"https:\/\/www.spaziomuseovespa.com\/wp-content\/uploads\/logo.png\",\"contentUrl\":\"https:\/\/www.spaziomuseovespa.com\/wp-content\/uploads\/logo.png\",\"width\":322,\"height\":95,\"caption\":\"Spazio Museo Vespa\"},\"image\":{\"@id\":\"https:\/\/www.spaziomuseovespa.com\/es\/#\/schema\/logo\/image\/\"}}]}<\/script>\n<!-- \/ Yoast SEO plugin. -->","yoast_head_json":{"title":"Colonna di Marco Aurelio - Spazio Museo Vespa | Tours y alquileres Vespa en Roma","description":"Descubre Colonna di Marco Aurelio, alquiler o tour en vespa, bicicleta, scooter, tuk tuk en Roma, Bici Baci es tu socio ideal","robots":{"index":"index","follow":"follow","max-snippet":"max-snippet:-1","max-image-preview":"max-image-preview:large","max-video-preview":"max-video-preview:-1"},"canonical":"https:\/\/www.spaziomuseovespa.com\/es\/descubre-roma-y-sus-monumentos\/colonna-di-marco-aurelio\/","og_locale":"es_ES","og_type":"article","og_title":"Colonna di Marco Aurelio - Spazio Museo Vespa | Tours y alquileres Vespa en Roma","og_description":"Descubre Colonna di Marco Aurelio, alquiler o tour en vespa, bicicleta, scooter, tuk tuk en Roma, Bici Baci es tu socio ideal","og_url":"https:\/\/www.spaziomuseovespa.com\/es\/descubre-roma-y-sus-monumentos\/colonna-di-marco-aurelio\/","og_site_name":"Spazio Museo Vespa","article_modified_time":"2024-10-25T11:56:11+00:00","og_image":[{"width":1920,"height":1080,"url":"https:\/\/www.spaziomuseovespa.com\/wp-content\/uploads\/Colonna-di-Marco-Aurelio-0.jpg","type":"image\/jpeg"}],"twitter_card":"summary_large_image","twitter_misc":{"Tiempo de lectura":"7 minutos"},"schema":{"@context":"https:\/\/schema.org","@graph":[{"@type":"WebPage","@id":"https:\/\/www.spaziomuseovespa.com\/es\/descubre-roma-y-sus-monumentos\/colonna-di-marco-aurelio\/","url":"https:\/\/www.spaziomuseovespa.com\/es\/descubre-roma-y-sus-monumentos\/colonna-di-marco-aurelio\/","name":"Colonna di Marco Aurelio - Spazio Museo Vespa | Tours y alquileres Vespa en Roma","isPartOf":{"@id":"https:\/\/www.spaziomuseovespa.com\/es\/#website"},"primaryImageOfPage":{"@id":"https:\/\/www.spaziomuseovespa.com\/es\/descubre-roma-y-sus-monumentos\/colonna-di-marco-aurelio\/#primaryimage"},"image":{"@id":"https:\/\/www.spaziomuseovespa.com\/es\/descubre-roma-y-sus-monumentos\/colonna-di-marco-aurelio\/#primaryimage"},"thumbnailUrl":"https:\/\/www.spaziomuseovespa.com\/wp-content\/uploads\/Colonna-di-Marco-Aurelio-0.jpg","datePublished":"2024-10-10T11:20:10+00:00","dateModified":"2024-10-25T11:56:11+00:00","description":"Descubre Colonna di Marco Aurelio, alquiler o tour en vespa, bicicleta, scooter, tuk tuk en Roma, Bici Baci es tu socio ideal","breadcrumb":{"@id":"https:\/\/www.spaziomuseovespa.com\/es\/descubre-roma-y-sus-monumentos\/colonna-di-marco-aurelio\/#breadcrumb"},"inLanguage":"es","potentialAction":[{"@type":"ReadAction","target":["https:\/\/www.spaziomuseovespa.com\/es\/descubre-roma-y-sus-monumentos\/colonna-di-marco-aurelio\/"]}]},{"@type":"ImageObject","inLanguage":"es","@id":"https:\/\/www.spaziomuseovespa.com\/es\/descubre-roma-y-sus-monumentos\/colonna-di-marco-aurelio\/#primaryimage","url":"https:\/\/www.spaziomuseovespa.com\/wp-content\/uploads\/Colonna-di-Marco-Aurelio-0.jpg","contentUrl":"https:\/\/www.spaziomuseovespa.com\/wp-content\/uploads\/Colonna-di-Marco-Aurelio-0.jpg","width":1920,"height":1080,"caption":"Colonna di Marco Aurelio"},{"@type":"BreadcrumbList","@id":"https:\/\/www.spaziomuseovespa.com\/es\/descubre-roma-y-sus-monumentos\/colonna-di-marco-aurelio\/#breadcrumb","itemListElement":[{"@type":"ListItem","position":1,"name":"Home","item":"https:\/\/www.spaziomuseovespa.com\/es\/homepage\/"},{"@type":"ListItem","position":2,"name":"Descubre Roma y sus Monumentos","item":"https:\/\/www.spaziomuseovespa.com\/es\/descubre-roma-y-sus-monumentos\/"},{"@type":"ListItem","position":3,"name":"Colonna di Marco Aurelio"}]},{"@type":"WebSite","@id":"https:\/\/www.spaziomuseovespa.com\/es\/#website","url":"https:\/\/www.spaziomuseovespa.com\/es\/","name":"Spazio Museo Vespa","description":"","publisher":{"@id":"https:\/\/www.spaziomuseovespa.com\/es\/#organization"},"potentialAction":[{"@type":"SearchAction","target":{"@type":"EntryPoint","urlTemplate":"https:\/\/www.spaziomuseovespa.com\/es\/?s={search_term_string}"},"query-input":{"@type":"PropertyValueSpecification","valueRequired":true,"valueName":"search_term_string"}}],"inLanguage":"es"},{"@type":"Organization","@id":"https:\/\/www.spaziomuseovespa.com\/es\/#organization","name":"Spazio Museo Vespa","url":"https:\/\/www.spaziomuseovespa.com\/es\/","logo":{"@type":"ImageObject","inLanguage":"es","@id":"https:\/\/www.spaziomuseovespa.com\/es\/#\/schema\/logo\/image\/","url":"https:\/\/www.spaziomuseovespa.com\/wp-content\/uploads\/logo.png","contentUrl":"https:\/\/www.spaziomuseovespa.com\/wp-content\/uploads\/logo.png","width":322,"height":95,"caption":"Spazio Museo Vespa"},"image":{"@id":"https:\/\/www.spaziomuseovespa.com\/es\/#\/schema\/logo\/image\/"}}]}},"_links":{"self":[{"href":"https:\/\/www.spaziomuseovespa.com\/es\/wp-json\/wp\/v2\/pages\/3497","targetHints":{"allow":["GET"]}}],"collection":[{"href":"https:\/\/www.spaziomuseovespa.com\/es\/wp-json\/wp\/v2\/pages"}],"about":[{"href":"https:\/\/www.spaziomuseovespa.com\/es\/wp-json\/wp\/v2\/types\/page"}],"author":[{"embeddable":true,"href":"https:\/\/www.spaziomuseovespa.com\/es\/wp-json\/wp\/v2\/users\/1"}],"replies":[{"embeddable":true,"href":"https:\/\/www.spaziomuseovespa.com\/es\/wp-json\/wp\/v2\/comments?post=3497"}],"version-history":[{"count":0,"href":"https:\/\/www.spaziomuseovespa.com\/es\/wp-json\/wp\/v2\/pages\/3497\/revisions"}],"up":[{"embeddable":true,"href":"https:\/\/www.spaziomuseovespa.com\/es\/wp-json\/wp\/v2\/pages\/3373"}],"wp:featuredmedia":[{"embeddable":true,"href":"https:\/\/www.spaziomuseovespa.com\/es\/wp-json\/wp\/v2\/media\/4345"}],"wp:attachment":[{"href":"https:\/\/www.spaziomuseovespa.com\/es\/wp-json\/wp\/v2\/media?parent=3497"}],"wp:term":[{"taxonomy":"luogo_monumento","embeddable":true,"href":"https:\/\/www.spaziomuseovespa.com\/es\/wp-json\/wp\/v2\/luogo_monumento?post=3497"}],"curies":[{"name":"wp","href":"https:\/\/api.w.org\/{rel}","templated":true}]}}