{"id":3502,"date":"2024-10-11T10:14:10","date_gmt":"2024-10-11T08:14:10","guid":{"rendered":"https:\/\/www.spaziomuseovespa.com\/descubre-roma-y-sus-monumentos\/colle-di-gianicolo\/"},"modified":"2024-10-25T13:56:11","modified_gmt":"2024-10-25T11:56:11","slug":"colle-di-gianicolo","status":"publish","type":"page","link":"https:\/\/www.spaziomuseovespa.com\/es\/descubre-roma-y-sus-monumentos\/colle-di-gianicolo\/","title":{"rendered":"Colle di Gianicolo"},"content":{"rendered":"\t\t<div data-elementor-type=\"wp-page\" data-elementor-id=\"3502\" class=\"elementor elementor-3502 elementor-1585\" data-elementor-post-type=\"page\">\n\t\t\t\t<div class=\"elementor-element elementor-element-a2c7424 e-flex e-con-boxed e-con e-parent\" data-id=\"a2c7424\" data-element_type=\"container\" data-settings=\"{&quot;background_background&quot;:&quot;classic&quot;}\">\n\t\t\t\t\t<div class=\"e-con-inner\">\n\t\t\t\t<div class=\"elementor-element elementor-element-495600d elementor-widget elementor-widget-heading\" data-id=\"495600d\" data-element_type=\"widget\" data-widget_type=\"heading.default\">\n\t\t\t\t<div class=\"elementor-widget-container\">\n\t\t\t\t\t<h1 class=\"elementor-heading-title elementor-size-default\">Colle di Gianicolo<\/h1>\t\t\t\t<\/div>\n\t\t\t\t<\/div>\n\t\t\t\t\t<\/div>\n\t\t\t\t<\/div>\n\t\t<div class=\"elementor-element elementor-element-fb4dc40 e-flex e-con-boxed e-con e-parent\" data-id=\"fb4dc40\" data-element_type=\"container\">\n\t\t\t\t\t<div class=\"e-con-inner\">\n\t\t\t\t<div class=\"elementor-element elementor-element-e2c4372 elementor-widget elementor-widget-text-editor\" data-id=\"e2c4372\" data-element_type=\"widget\" data-widget_type=\"text-editor.default\">\n\t\t\t\t<div class=\"elementor-widget-container\">\n\t\t\t\t\t\t\t\t\t<p>Descubra Roma como nunca antes: un recorrido por la colina del Jan\u00edculo en scooter o a bordo de una maravillosa Vespa le brinda unas vistas impresionantes y la libertad de explorar la ciudad. \u00a1Vive una experiencia inolvidable entre la historia y la belleza esc\u00e9nica! Planifique un recorrido ecol\u00f3gico en bicicleta que le brinde una perspectiva \u00fanica de la capital italiana, o haga que su viaje a Roma sea inolvidable con un recorrido en tuk-tuk a la colina del Jan\u00edculo: comodidad y estilo mientras disfruta de las vistas.  <\/p>\n\t\t\t\t\t\t\t\t<\/div>\n\t\t\t\t<\/div>\n\t\t\t\t\t<\/div>\n\t\t\t\t<\/div>\n\t\t<div class=\"elementor-element elementor-element-c43058d e-flex e-con-boxed e-con e-parent\" data-id=\"c43058d\" data-element_type=\"container\">\n\t\t\t\t\t<div class=\"e-con-inner\">\n\t\t\t\t<div class=\"elementor-element elementor-element-7b26ddd elementor-align-center elementor-mobile-align-center elementor-widget elementor-widget-button\" data-id=\"7b26ddd\" data-element_type=\"widget\" data-widget_type=\"button.default\">\n\t\t\t\t<div class=\"elementor-widget-container\">\n\t\t\t\t\t\t\t\t\t<div class=\"elementor-button-wrapper\">\n\t\t\t\t\t<a class=\"elementor-button elementor-button-link elementor-size-sm\" href=\"https:\/\/bicibaci.com\/\" target=\"_blank\">\n\t\t\t\t\t\t<span class=\"elementor-button-content-wrapper\">\n\t\t\t\t\t\t\t\t\t<span class=\"elementor-button-text\">Bici Baci tu compa\u00f1ero ideal para descubrir Roma - Tour y Alquiler en Vespa, Bicicleta, E-bike, Scooter, Tuk Tuk - M\u00e1s informaci\u00f3n  <\/span>\n\t\t\t\t\t<\/span>\n\t\t\t\t\t<\/a>\n\t\t\t\t<\/div>\n\t\t\t\t\t\t\t\t<\/div>\n\t\t\t\t<\/div>\n\t\t\t\t\t<\/div>\n\t\t\t\t<\/div>\n\t\t<div class=\"elementor-element elementor-element-c1f16f6 e-flex e-con-boxed e-con e-parent\" data-id=\"c1f16f6\" data-element_type=\"container\">\n\t\t\t\t\t<div class=\"e-con-inner\">\n\t\t\t\t<div class=\"elementor-element elementor-element-bd6e412 elementor-widget elementor-widget-image\" data-id=\"bd6e412\" data-element_type=\"widget\" data-widget_type=\"image.default\">\n\t\t\t\t<div class=\"elementor-widget-container\">\n\t\t\t\t\t\t\t\t\t\t\t\t<figure class=\"wp-caption\">\n\t\t\t\t\t\t\t\t\t\t\t<a href=\"https:\/\/www.spaziomuseovespa.com\/wp-content\/uploads\/colle-gianicolo-2.jpg\" data-elementor-open-lightbox=\"yes\" data-e-action-hash=\"#elementor-action%3Aaction%3Dlightbox%26settings%3DeyJpZCI6MzAxMCwidXJsIjoiaHR0cHM6XC9cL3d3dy5zcGF6aW9tdXNlb3Zlc3BhLmNvbVwvd3AtY29udGVudFwvdXBsb2Fkc1wvY29sbGUtZ2lhbmljb2xvLTIuanBnIn0%3D\">\n\t\t\t\t\t\t\t<img fetchpriority=\"high\" decoding=\"async\" width=\"1920\" height=\"1281\" src=\"https:\/\/www.spaziomuseovespa.com\/wp-content\/uploads\/colle-gianicolo-2.jpg\" class=\"attachment-full size-full wp-image-3010\" alt=\"Colle di Gianicolo Tour Bike Scooter Vespa Tuk Tuk Rome\" srcset=\"https:\/\/www.spaziomuseovespa.com\/wp-content\/uploads\/colle-gianicolo-2.jpg 1920w, https:\/\/www.spaziomuseovespa.com\/wp-content\/uploads\/colle-gianicolo-2-300x200.jpg 300w, https:\/\/www.spaziomuseovespa.com\/wp-content\/uploads\/colle-gianicolo-2-1024x683.jpg 1024w, https:\/\/www.spaziomuseovespa.com\/wp-content\/uploads\/colle-gianicolo-2-768x512.jpg 768w, https:\/\/www.spaziomuseovespa.com\/wp-content\/uploads\/colle-gianicolo-2-1536x1025.jpg 1536w\" sizes=\"(max-width: 1920px) 100vw, 1920px\" \/>\t\t\t\t\t\t\t\t<\/a>\n\t\t\t\t\t\t\t\t\t\t\t<figcaption class=\"widget-image-caption wp-caption-text\"><\/figcaption>\n\t\t\t\t\t\t\t\t\t\t<\/figure>\n\t\t\t\t\t\t\t\t\t<\/div>\n\t\t\t\t<\/div>\n\t\t\t\t\t<\/div>\n\t\t\t\t<\/div>\n\t\t<div class=\"elementor-element elementor-element-c10a9b9 e-flex e-con-boxed e-con e-parent\" data-id=\"c10a9b9\" data-element_type=\"container\">\n\t\t\t\t\t<div class=\"e-con-inner\">\n\t\t\t\t<div class=\"elementor-element elementor-element-1e06551 elementor-widget elementor-widget-heading\" data-id=\"1e06551\" data-element_type=\"widget\" data-widget_type=\"heading.default\">\n\t\t\t\t<div class=\"elementor-widget-container\">\n\t\t\t\t\t<h2 class=\"elementor-heading-title elementor-size-default\">Lo que hay que saber sobre la colina del Jan\u00edculo<\/h2>\t\t\t\t<\/div>\n\t\t\t\t<\/div>\n\t\t\t\t<div class=\"elementor-element elementor-element-e7f071c elementor-widget elementor-widget-text-editor\" data-id=\"e7f071c\" data-element_type=\"widget\" data-widget_type=\"text-editor.default\">\n\t\t\t\t<div class=\"elementor-widget-container\">\n\t\t\t\t\t\t\t\t\t<p>La colina del Jan\u00edculo, a menudo llamada simplemente Jan\u00edculo, es una de las colinas m\u00e1s altas de Roma y ofrece unas vistas espectaculares de la ciudad. Estos son algunos de los aspectos m\u00e1s destacados y las caracter\u00edsticas asociadas con este hermoso lugar: <\/p>\n<p><strong>Importancia hist\u00f3rica<\/strong>: Aunque no forma parte de las siete colinas originales de Roma, la colina del Jan\u00edculo tiene importancia hist\u00f3rica, especialmente durante la unificaci\u00f3n italiana. Fue el sitio de la Batalla de la Colina del Jan\u00edculo en 1849. <\/p>\n<p><strong>Vista impresionante<\/strong>: El mirador del Jan\u00edculo ofrece una de las mejores vistas de Roma, lo que permite a los visitantes admirar lugares emblem\u00e1ticos como la Bas\u00edlica de San Pedro, el r\u00edo T\u00edber y los tejados del Trastevere.<\/p>\n<p><strong>Monumentos y estatuas<\/strong>: La colina est\u00e1 adornada con varios monumentos, entre ellos el Monumento a Garibaldi, que conmemora al patriota italiano Giuseppe Garibaldi. El monumento cuenta con una estatua de Garibaldi a caballo y est\u00e1 rodeado por otras estatuas de figuras clave en la unificaci\u00f3n italiana. <\/p>\n<p><strong>Parques y Jardines<\/strong>: El Jan\u00edculo alberga el hermoso Jard\u00edn Bot\u00e1nico y el gran espacio verde del Parque del Jan\u00edculo, donde los visitantes pueden pasear, relajarse o disfrutar de un picnic.<\/p>\n<p><strong>Fuentes<\/strong>: Hay varias fuentes notables en la colina, incluida la Fontana dell&#8217;Acqua Paola, una impresionante fuente barroca construida a principios del siglo XVII.<\/p>\n<p><strong>Eventos y Actividades<\/strong><\/p>\n<p><strong>Ca\u00f1oneo del Jan\u00edculo<\/strong>: Todos los d\u00edas al mediod\u00eda, se dispara un ca\u00f1onazo desde la colina como tradici\u00f3n hist\u00f3rica. Este evento atrae a muchos visitantes y es un momento ic\u00f3nico del d\u00eda en Roma. <\/p>\n<p><strong>Paseos panor\u00e1micos<\/strong>: Los caminos y senderos que conducen al cerro Jan\u00edculo ofrecen agradables senderos para caminar y trotar, con varias zonas donde se puede detenerse a disfrutar de la vista.<\/p>\n<p><strong>Espect\u00e1culos al atardecer<\/strong>: La colina del Jan\u00edculo es un lugar popular para ver la puesta de sol. Sus terrazas ofrecen una espectacular iluminaci\u00f3n sobre la ciudad a medida que el sol se pone en el horizonte. <\/p>\n<p><strong>Lugares de Inter\u00e9s<\/strong><\/p>\n<p><strong>Iglesia de San Pietro in Montorio<\/strong>: Situada en la cima de la colina del Jan\u00edculo, esta iglesia renacentista alberga el famoso Tempietto di Bramante, considerado una obra maestra de la arquitectura renacentista.<\/p>\n<p><strong>Viale dei Colli Portuensi<\/strong>: Un hermoso bulevar que ofrece pintorescas vistas de la colina del Jan\u00edculo y sus alrededores, ideal para un paseo relajante.<\/p>\n<p><strong>Orange Garden<\/strong>: Aunque no se encuentra directamente en la colina del Jan\u00edculo, este jard\u00edn est\u00e1 cerca y ofrece otro punto de vista espectacular sobre la ciudad.<\/p>\n<p><strong>Restaurantes y caf\u00e9s<\/strong>: En las cercan\u00edas hay varios restaurantes y caf\u00e9s donde se pueden degustar platos t\u00edpicos romanos y disfrutar de la vista.<\/p>\n\t\t\t\t\t\t\t\t<\/div>\n\t\t\t\t<\/div>\n\t\t\t\t\t<\/div>\n\t\t\t\t<\/div>\n\t\t<div class=\"elementor-element elementor-element-de6f7f4 e-flex e-con-boxed e-con e-parent\" data-id=\"de6f7f4\" data-element_type=\"container\">\n\t\t\t\t\t<div class=\"e-con-inner\">\n\t\t\t\t<div class=\"elementor-element elementor-element-173a3bf elementor-widget elementor-widget-gallery\" data-id=\"173a3bf\" data-element_type=\"widget\" data-settings=\"{&quot;lazyload&quot;:&quot;yes&quot;,&quot;gallery_layout&quot;:&quot;grid&quot;,&quot;columns&quot;:4,&quot;columns_tablet&quot;:2,&quot;columns_mobile&quot;:1,&quot;gap&quot;:{&quot;unit&quot;:&quot;px&quot;,&quot;size&quot;:10,&quot;sizes&quot;:[]},&quot;gap_tablet_extra&quot;:{&quot;unit&quot;:&quot;px&quot;,&quot;size&quot;:10,&quot;sizes&quot;:[]},&quot;gap_tablet&quot;:{&quot;unit&quot;:&quot;px&quot;,&quot;size&quot;:10,&quot;sizes&quot;:[]},&quot;gap_mobile&quot;:{&quot;unit&quot;:&quot;px&quot;,&quot;size&quot;:10,&quot;sizes&quot;:[]},&quot;link_to&quot;:&quot;file&quot;,&quot;aspect_ratio&quot;:&quot;3:2&quot;,&quot;overlay_background&quot;:&quot;yes&quot;,&quot;content_hover_animation&quot;:&quot;fade-in&quot;}\" data-widget_type=\"gallery.default\">\n\t\t\t\t<div class=\"elementor-widget-container\">\n\t\t\t\t\t\t\t<div class=\"elementor-gallery__container\">\n\t\t\t\t\t\t\t<a class=\"e-gallery-item elementor-gallery-item elementor-animated-content\" href=\"https:\/\/www.spaziomuseovespa.com\/wp-content\/uploads\/colle-gianicolo-2.jpg\" data-elementor-open-lightbox=\"yes\" data-elementor-lightbox-slideshow=\"173a3bf\" data-e-action-hash=\"#elementor-action%3Aaction%3Dlightbox%26settings%3DeyJpZCI6MzAxMCwidXJsIjoiaHR0cHM6XC9cL3d3dy5zcGF6aW9tdXNlb3Zlc3BhLmNvbVwvd3AtY29udGVudFwvdXBsb2Fkc1wvY29sbGUtZ2lhbmljb2xvLTIuanBnIiwic2xpZGVzaG93IjoiMTczYTNiZiJ9\">\n\t\t\t\t\t<div class=\"e-gallery-image elementor-gallery-item__image\" data-thumbnail=\"https:\/\/www.spaziomuseovespa.com\/wp-content\/uploads\/colle-gianicolo-2-768x512.jpg\" data-width=\"768\" data-height=\"512\" aria-label=\"Colle di Gianicolo Tour Bike Scooter Vespa Tuk Tuk Rome\" role=\"img\" ><\/div>\n\t\t\t\t\t\t\t\t\t\t\t<div class=\"elementor-gallery-item__overlay\"><\/div>\n\t\t\t\t\t\t\t\t\t\t\t\t\t\t<\/a>\n\t\t\t\t\t\t\t<a class=\"e-gallery-item elementor-gallery-item elementor-animated-content\" href=\"https:\/\/www.spaziomuseovespa.com\/wp-content\/uploads\/colle-gianicolo-4.jpg\" data-elementor-open-lightbox=\"yes\" data-elementor-lightbox-slideshow=\"173a3bf\" data-e-action-hash=\"#elementor-action%3Aaction%3Dlightbox%26settings%3DeyJpZCI6MzAwNCwidXJsIjoiaHR0cHM6XC9cL3d3dy5zcGF6aW9tdXNlb3Zlc3BhLmNvbVwvd3AtY29udGVudFwvdXBsb2Fkc1wvY29sbGUtZ2lhbmljb2xvLTQuanBnIiwic2xpZGVzaG93IjoiMTczYTNiZiJ9\">\n\t\t\t\t\t<div class=\"e-gallery-image elementor-gallery-item__image\" data-thumbnail=\"https:\/\/www.spaziomuseovespa.com\/wp-content\/uploads\/colle-gianicolo-4-768x512.jpg\" data-width=\"768\" data-height=\"512\" aria-label=\"Colle di Gianicolo Tour Bike Scooter Vespa Tuk Tuk Rome\" role=\"img\" ><\/div>\n\t\t\t\t\t\t\t\t\t\t\t<div class=\"elementor-gallery-item__overlay\"><\/div>\n\t\t\t\t\t\t\t\t\t\t\t\t\t\t<\/a>\n\t\t\t\t\t\t\t<a class=\"e-gallery-item elementor-gallery-item elementor-animated-content\" href=\"https:\/\/www.spaziomuseovespa.com\/wp-content\/uploads\/colle-gianicolo-3.jpg\" data-elementor-open-lightbox=\"yes\" data-elementor-lightbox-slideshow=\"173a3bf\" data-e-action-hash=\"#elementor-action%3Aaction%3Dlightbox%26settings%3DeyJpZCI6Mjk5MiwidXJsIjoiaHR0cHM6XC9cL3d3dy5zcGF6aW9tdXNlb3Zlc3BhLmNvbVwvd3AtY29udGVudFwvdXBsb2Fkc1wvY29sbGUtZ2lhbmljb2xvLTMuanBnIiwic2xpZGVzaG93IjoiMTczYTNiZiJ9\">\n\t\t\t\t\t<div class=\"e-gallery-image elementor-gallery-item__image\" data-thumbnail=\"https:\/\/www.spaziomuseovespa.com\/wp-content\/uploads\/colle-gianicolo-3-768x512.jpg\" data-width=\"768\" data-height=\"512\" aria-label=\"Colle di Gianicolo Tour Bike Scooter Vespa Tuk Tuk Rome\" role=\"img\" ><\/div>\n\t\t\t\t\t\t\t\t\t\t\t<div class=\"elementor-gallery-item__overlay\"><\/div>\n\t\t\t\t\t\t\t\t\t\t\t\t\t\t<\/a>\n\t\t\t\t\t<\/div>\n\t\t\t\t\t<\/div>\n\t\t\t\t<\/div>\n\t\t\t\t\t<\/div>\n\t\t\t\t<\/div>\n\t\t<div class=\"elementor-element elementor-element-f0bc0b9 e-flex e-con-boxed e-con e-parent\" data-id=\"f0bc0b9\" data-element_type=\"container\">\n\t\t\t\t\t<div class=\"e-con-inner\">\n\t\t\t\t<div class=\"elementor-element elementor-element-29190b6 elementor-widget elementor-widget-heading\" data-id=\"29190b6\" data-element_type=\"widget\" data-widget_type=\"heading.default\">\n\t\t\t\t<div class=\"elementor-widget-container\">\n\t\t\t\t\t<h2 class=\"elementor-heading-title elementor-size-default\">Curiosidad<\/h2>\t\t\t\t<\/div>\n\t\t\t\t<\/div>\n\t\t\t\t<div class=\"elementor-element elementor-element-7da5c7b elementor-widget elementor-widget-text-editor\" data-id=\"7da5c7b\" data-element_type=\"widget\" data-widget_type=\"text-editor.default\">\n\t\t\t\t<div class=\"elementor-widget-container\">\n\t\t\t\t\t\t\t\t\t<p><strong>Or\u00edgenes del nombre<\/strong>: El nombre \u00abJan\u00edculo\u00bb probablemente deriva de \u00abJano\u00bb, el dios romano de las puertas y pasajes. Algunos historiadores creen que la colina estaba dedicada a Jano, aunque no hay pruebas definitivas. <\/p>\n<p><strong>Monumento a Garibaldi<\/strong>: El monumento a Giuseppe Garibaldi fue inaugurado en 1887 y representa uno de los s\u00edmbolos de la unificaci\u00f3n de Italia. La estatua de Garibaldi a caballo mide unos 6 metros de altura y est\u00e1 hecha de bronce. <\/p>\n<p><strong>El primer obelisco de Roma<\/strong>: Un obelisco tambi\u00e9n se encuentra en la colina del Jan\u00edculo, pero no es uno de los obeliscos egipcios tradicionales. Este obelisco fue tra\u00eddo de Roma a Oporto y luego tra\u00eddo de vuelta a la colina en 1825. <\/p>\n<p><strong>Tradici\u00f3n del disparo de ca\u00f1\u00f3n<\/strong>: La tradici\u00f3n de disparar el ca\u00f1\u00f3n al mediod\u00eda se remonta a 1847 y todav\u00eda hoy en d\u00eda la realiza un grupo de artilleros. Es una forma de decir la hora y a\u00f1ade un toque de historia a la visita. <\/p>\n<p><strong>Cine y televisi\u00f3n<\/strong>: El Jan\u00edculo ha aparecido en varias pel\u00edculas y series de televisi\u00f3n, entre ellas \u00abLa gran belleza\u00bb de Paolo Sorrentino. Sus vistas panor\u00e1micas y su encanto hist\u00f3rico lo convierten en un lugar muy cinematogr\u00e1fico. <\/p>\n<p><strong>Un jard\u00edn escondido<\/strong>: En la colina tambi\u00e9n hay un jard\u00edn dedicado a los ni\u00f1os, llamado \u00abJard\u00edn de los naranjos\u00bb, donde se pueden encontrar naranjos amargos y otras plantas mediterr\u00e1neas.<\/p>\n<p><strong>El mito de R\u00f3mulo y Remo:<\/strong> Seg\u00fan la leyenda, R\u00f3mulo y Remo, los fundadores de Roma, podr\u00edan haber deambulado por la colina del Jan\u00edculo. La colina ofrece una vista privilegiada de otros lugares hist\u00f3ricos relacionados con la mitolog\u00eda romana. <\/p>\n<p><strong>Observatorio Astron\u00f3mico<\/strong>: El Jan\u00edculo alberg\u00f3 un observatorio astron\u00f3mico, construido en 1820. Aunque ya no est\u00e1 activo, su historia contribuye al atractivo cient\u00edfico de la colina. <\/p>\n\t\t\t\t\t\t\t\t<\/div>\n\t\t\t\t<\/div>\n\t\t\t\t\t<\/div>\n\t\t\t\t<\/div>\n\t\t<div class=\"elementor-element elementor-element-a39571f riga_tour e-flex e-con-boxed e-con e-parent\" data-id=\"a39571f\" data-element_type=\"container\">\n\t\t\t\t\t<div class=\"e-con-inner\">\n\t\t\t\t<div class=\"elementor-element elementor-element-4d5758e elementor-widget elementor-widget-heading\" data-id=\"4d5758e\" data-element_type=\"widget\" data-widget_type=\"heading.default\">\n\t\t\t\t<div class=\"elementor-widget-container\">\n\t\t\t\t\t<h2 class=\"elementor-heading-title elementor-size-default\">Elige tu tour en Vespa favorito para visitar Roma<\/h2>\t\t\t\t<\/div>\n\t\t\t\t<\/div>\n\t\t\t\t<div class=\"elementor-element elementor-element-2438fd9 elementor-widget elementor-widget-template\" data-id=\"2438fd9\" data-element_type=\"widget\" data-widget_type=\"template.default\">\n\t\t\t\t<div class=\"elementor-widget-container\">\n\t\t\t\t\t\t\t<div class=\"elementor-template\">\n\t\t\t\t\t<div data-elementor-type=\"section\" data-elementor-id=\"1976\" class=\"elementor elementor-1976 elementor-1687\" data-elementor-post-type=\"elementor_library\">\n\t\t\t<div class=\"elementor-element elementor-element-1497235 riga_tour e-flex e-con-boxed e-con e-parent\" data-id=\"1497235\" data-element_type=\"container\">\n\t\t\t\t\t<div class=\"e-con-inner\">\n\t\t<div class=\"elementor-element elementor-element-586e2e8 e-con-full e-flex e-con e-child\" data-id=\"586e2e8\" data-element_type=\"container\">\n\t\t<div class=\"elementor-element elementor-element-6b49b07 e-con-full e-flex e-con e-child\" data-id=\"6b49b07\" data-element_type=\"container\">\n\t\t\t\t<div class=\"elementor-element elementor-element-fc87d99 elementor-widget elementor-widget-image\" data-id=\"fc87d99\" data-element_type=\"widget\" data-widget_type=\"image.default\">\n\t\t\t\t<div class=\"elementor-widget-container\">\n\t\t\t\t\t\t\t\t\t\t\t\t<figure class=\"wp-caption\">\n\t\t\t\t\t\t\t\t\t\t\t<a href=\"https:\/\/www.spaziomuseovespa.com\/vespa-tour-grand-tour-di-roma\/\">\n\t\t\t\t\t\t\t<img decoding=\"async\" width=\"600\" height=\"469\" src=\"https:\/\/www.spaziomuseovespa.com\/wp-content\/uploads\/gran_tour_roma.jpg\" class=\"attachment-medium_large size-medium_large wp-image-444\" alt=\"\" srcset=\"https:\/\/www.spaziomuseovespa.com\/wp-content\/uploads\/gran_tour_roma.jpg 600w, https:\/\/www.spaziomuseovespa.com\/wp-content\/uploads\/gran_tour_roma-300x235.jpg 300w\" sizes=\"(max-width: 600px) 100vw, 600px\" \/>\t\t\t\t\t\t\t\t<\/a>\n\t\t\t\t\t\t\t\t\t\t\t<figcaption class=\"widget-image-caption wp-caption-text\">Vespa tour<br>Grand tour por Roma<\/figcaption>\n\t\t\t\t\t\t\t\t\t\t<\/figure>\n\t\t\t\t\t\t\t\t\t<\/div>\n\t\t\t\t<\/div>\n\t\t\t\t<\/div>\n\t\t<div class=\"elementor-element elementor-element-daa5749 e-con-full e-flex e-con e-child\" data-id=\"daa5749\" data-element_type=\"container\">\n\t\t\t\t<div class=\"elementor-element elementor-element-11cf106 elementor-widget elementor-widget-image\" data-id=\"11cf106\" data-element_type=\"widget\" data-widget_type=\"image.default\">\n\t\t\t\t<div class=\"elementor-widget-container\">\n\t\t\t\t\t\t\t\t\t\t\t\t<figure class=\"wp-caption\">\n\t\t\t\t\t\t\t\t\t\t\t<a href=\"https:\/\/www.spaziomuseovespa.com\/vespa-tour-rome-movie-sets\/\">\n\t\t\t\t\t\t\t<img decoding=\"async\" width=\"600\" height=\"469\" src=\"https:\/\/www.spaziomuseovespa.com\/wp-content\/uploads\/tour_rome_movie_set.jpg\" class=\"attachment-medium_large size-medium_large wp-image-429\" alt=\"\" srcset=\"https:\/\/www.spaziomuseovespa.com\/wp-content\/uploads\/tour_rome_movie_set.jpg 600w, https:\/\/www.spaziomuseovespa.com\/wp-content\/uploads\/tour_rome_movie_set-300x235.jpg 300w\" sizes=\"(max-width: 600px) 100vw, 600px\" \/>\t\t\t\t\t\t\t\t<\/a>\n\t\t\t\t\t\t\t\t\t\t\t<figcaption class=\"widget-image-caption wp-caption-text\">Vespa tour<br>Roma Movie Set<\/figcaption>\n\t\t\t\t\t\t\t\t\t\t<\/figure>\n\t\t\t\t\t\t\t\t\t<\/div>\n\t\t\t\t<\/div>\n\t\t\t\t<\/div>\n\t\t<div class=\"elementor-element elementor-element-912acab e-con-full e-flex e-con e-child\" data-id=\"912acab\" data-element_type=\"container\">\n\t\t\t\t<div class=\"elementor-element elementor-element-0846c51 elementor-widget elementor-widget-image\" data-id=\"0846c51\" data-element_type=\"widget\" data-widget_type=\"image.default\">\n\t\t\t\t<div class=\"elementor-widget-container\">\n\t\t\t\t\t\t\t\t\t\t\t\t<figure class=\"wp-caption\">\n\t\t\t\t\t\t\t\t\t\t\t<a href=\"https:\/\/www.spaziomuseovespa.com\/vespa-tour-castelli-romani\/\">\n\t\t\t\t\t\t\t<img loading=\"lazy\" decoding=\"async\" width=\"600\" height=\"469\" src=\"https:\/\/www.spaziomuseovespa.com\/wp-content\/uploads\/Il-Tour-dei-Castelli-Romani.jpg\" class=\"attachment-medium_large size-medium_large wp-image-439\" alt=\"\" srcset=\"https:\/\/www.spaziomuseovespa.com\/wp-content\/uploads\/Il-Tour-dei-Castelli-Romani.jpg 600w, https:\/\/www.spaziomuseovespa.com\/wp-content\/uploads\/Il-Tour-dei-Castelli-Romani-300x235.jpg 300w\" sizes=\"(max-width: 600px) 100vw, 600px\" \/>\t\t\t\t\t\t\t\t<\/a>\n\t\t\t\t\t\t\t\t\t\t\t<figcaption class=\"widget-image-caption wp-caption-text\">Vespa tour<br>Castelli Romani<\/figcaption>\n\t\t\t\t\t\t\t\t\t\t<\/figure>\n\t\t\t\t\t\t\t\t\t<\/div>\n\t\t\t\t<\/div>\n\t\t\t\t<\/div>\n\t\t<div class=\"elementor-element elementor-element-4853cba e-con-full e-flex e-con e-child\" data-id=\"4853cba\" data-element_type=\"container\">\n\t\t\t\t<div class=\"elementor-element elementor-element-4f272a1 elementor-widget elementor-widget-image\" data-id=\"4f272a1\" data-element_type=\"widget\" data-widget_type=\"image.default\">\n\t\t\t\t<div class=\"elementor-widget-container\">\n\t\t\t\t\t\t\t\t\t\t\t\t<figure class=\"wp-caption\">\n\t\t\t\t\t\t\t\t\t\t\t<a href=\"https:\/\/www.spaziomuseovespa.com\/vespa-tour-roma-moderna-e-ostia-antica\/\">\n\t\t\t\t\t\t\t<img loading=\"lazy\" decoding=\"async\" width=\"600\" height=\"469\" src=\"https:\/\/www.spaziomuseovespa.com\/wp-content\/uploads\/Vespa-Tour-Roma-moderna-e-Ostia-Antica.jpg\" class=\"attachment-medium_large size-medium_large wp-image-434\" alt=\"\" srcset=\"https:\/\/www.spaziomuseovespa.com\/wp-content\/uploads\/Vespa-Tour-Roma-moderna-e-Ostia-Antica.jpg 600w, https:\/\/www.spaziomuseovespa.com\/wp-content\/uploads\/Vespa-Tour-Roma-moderna-e-Ostia-Antica-300x235.jpg 300w\" sizes=\"(max-width: 600px) 100vw, 600px\" \/>\t\t\t\t\t\t\t\t<\/a>\n\t\t\t\t\t\t\t\t\t\t\t<figcaption class=\"widget-image-caption wp-caption-text\">Vespa tour<br>Roma y Ostia Antica<\/figcaption>\n\t\t\t\t\t\t\t\t\t\t<\/figure>\n\t\t\t\t\t\t\t\t\t<\/div>\n\t\t\t\t<\/div>\n\t\t\t\t<\/div>\n\t\t\t\t<\/div>\n\t\t\t\t\t<\/div>\n\t\t\t\t<\/div>\n\t\t\t\t<\/div>\n\t\t\t\t<\/div>\n\t\t\t\t\t\t<\/div>\n\t\t\t\t<\/div>\n\t\t\t\t\t<\/div>\n\t\t\t\t<\/div>\n\t\t<div class=\"elementor-element elementor-element-70cba50 e-flex e-con-boxed e-con e-parent\" data-id=\"70cba50\" data-element_type=\"container\">\n\t\t\t\t\t<div class=\"e-con-inner\">\n\t\t\t\t<div class=\"elementor-element elementor-element-0a05950 elementor-widget elementor-widget-heading\" data-id=\"0a05950\" data-element_type=\"widget\" data-widget_type=\"heading.default\">\n\t\t\t\t<div class=\"elementor-widget-container\">\n\t\t\t\t\t<h2 class=\"elementor-heading-title elementor-size-default\">... y si eres un conductor experimentado, alquila tu Vespa para descubrir las maravillas de Roma<\/h2>\t\t\t\t<\/div>\n\t\t\t\t<\/div>\n\t\t\t\t<div class=\"elementor-element elementor-element-093f62e elementor-widget elementor-widget-template\" data-id=\"093f62e\" data-element_type=\"widget\" data-widget_type=\"template.default\">\n\t\t\t\t<div class=\"elementor-widget-container\">\n\t\t\t\t\t\t\t<div class=\"elementor-template\">\n\t\t\t\t\t<div data-elementor-type=\"section\" data-elementor-id=\"1972\" class=\"elementor elementor-1972 elementor-1698\" data-elementor-post-type=\"elementor_library\">\n\t\t\t<div class=\"elementor-element elementor-element-ab87375 e-flex e-con-boxed e-con e-parent\" data-id=\"ab87375\" data-element_type=\"container\">\n\t\t\t\t\t<div class=\"e-con-inner\">\n\t\t<div class=\"elementor-element elementor-element-6eef2e6 e-con-full e-flex e-con e-child\" data-id=\"6eef2e6\" data-element_type=\"container\">\n\t\t<div class=\"elementor-element elementor-element-341e335 e-con-full e-flex e-con e-child\" data-id=\"341e335\" data-element_type=\"container\">\n\t\t\t\t<div class=\"elementor-element elementor-element-56b5421 elementor-widget elementor-widget-image\" data-id=\"56b5421\" data-element_type=\"widget\" data-widget_type=\"image.default\">\n\t\t\t\t<div class=\"elementor-widget-container\">\n\t\t\t\t\t\t\t\t\t\t\t\t\t\t\t\t<a href=\"https:\/\/bicibaci.com\/\" target=\"_blank\">\n\t\t\t\t\t\t\t<img loading=\"lazy\" decoding=\"async\" width=\"200\" height=\"49\" src=\"https:\/\/www.spaziomuseovespa.com\/wp-content\/uploads\/bicibaci-logo-2023.webp\" class=\"attachment-medium_large size-medium_large wp-image-584\" alt=\"\" \/>\t\t\t\t\t\t\t\t<\/a>\n\t\t\t\t\t\t\t\t\t\t\t\t\t\t\t<\/div>\n\t\t\t\t<\/div>\n\t\t\t\t<div class=\"elementor-element elementor-element-99c90bf elementor-widget elementor-widget-heading\" data-id=\"99c90bf\" data-element_type=\"widget\" data-widget_type=\"heading.default\">\n\t\t\t\t<div class=\"elementor-widget-container\">\n\t\t\t\t\t<h2 class=\"elementor-heading-title elementor-size-default\"><a href=\"https:\/\/bicibaci.com\/\" target=\"_blank\">bicibaci.com\/es<\/a><\/h2>\t\t\t\t<\/div>\n\t\t\t\t<\/div>\n\t\t\t\t<div class=\"elementor-element elementor-element-5ebd6b2 elementor-widget elementor-widget-heading\" data-id=\"5ebd6b2\" data-element_type=\"widget\" data-widget_type=\"heading.default\">\n\t\t\t\t<div class=\"elementor-widget-container\">\n\t\t\t\t\t<div class=\"elementor-heading-title elementor-size-default\">Tu pareja ideal<\/div>\t\t\t\t<\/div>\n\t\t\t\t<\/div>\n\t\t\t\t<\/div>\n\t\t<div class=\"elementor-element elementor-element-8778fe8 e-con-full e-flex e-con e-child\" data-id=\"8778fe8\" data-element_type=\"container\">\n\t\t\t\t<div class=\"elementor-element elementor-element-c00a063 elementor-widget elementor-widget-image\" data-id=\"c00a063\" data-element_type=\"widget\" data-widget_type=\"image.default\">\n\t\t\t\t<div class=\"elementor-widget-container\">\n\t\t\t\t\t\t\t\t\t\t\t\t\t\t\t\t<a href=\"https:\/\/bicibaci.com\/prodotto\/scooter-categoria-b1\/\" target=\"_blank\">\n\t\t\t\t\t\t\t<img loading=\"lazy\" decoding=\"async\" width=\"600\" height=\"471\" src=\"https:\/\/www.spaziomuseovespa.com\/wp-content\/uploads\/scooter_cat_b1.jpg\" class=\"attachment-medium_large size-medium_large wp-image-564\" alt=\"\" srcset=\"https:\/\/www.spaziomuseovespa.com\/wp-content\/uploads\/scooter_cat_b1.jpg 600w, https:\/\/www.spaziomuseovespa.com\/wp-content\/uploads\/scooter_cat_b1-300x236.jpg 300w\" sizes=\"(max-width: 600px) 100vw, 600px\" \/>\t\t\t\t\t\t\t\t<\/a>\n\t\t\t\t\t\t\t\t\t\t\t\t\t\t\t<\/div>\n\t\t\t\t<\/div>\n\t\t\t\t<\/div>\n\t\t<div class=\"elementor-element elementor-element-b1f717e e-con-full e-flex e-con e-child\" data-id=\"b1f717e\" data-element_type=\"container\">\n\t\t\t\t<div class=\"elementor-element elementor-element-c4d5fb6 elementor-widget elementor-widget-image\" data-id=\"c4d5fb6\" data-element_type=\"widget\" data-widget_type=\"image.default\">\n\t\t\t\t<div class=\"elementor-widget-container\">\n\t\t\t\t\t\t\t\t\t\t\t\t\t\t\t\t<a href=\"https:\/\/bicibaci.com\/prodotto\/scooter-categoria-e\/\" target=\"_blank\">\n\t\t\t\t\t\t\t<img loading=\"lazy\" decoding=\"async\" width=\"600\" height=\"471\" src=\"https:\/\/www.spaziomuseovespa.com\/wp-content\/uploads\/vespa_red_cat_E.jpg\" class=\"attachment-medium_large size-medium_large wp-image-579\" alt=\"\" srcset=\"https:\/\/www.spaziomuseovespa.com\/wp-content\/uploads\/vespa_red_cat_E.jpg 600w, https:\/\/www.spaziomuseovespa.com\/wp-content\/uploads\/vespa_red_cat_E-300x236.jpg 300w\" sizes=\"(max-width: 600px) 100vw, 600px\" \/>\t\t\t\t\t\t\t\t<\/a>\n\t\t\t\t\t\t\t\t\t\t\t\t\t\t\t<\/div>\n\t\t\t\t<\/div>\n\t\t\t\t<\/div>\n\t\t<div class=\"elementor-element elementor-element-6868fe3 e-con-full e-flex e-con e-child\" data-id=\"6868fe3\" data-element_type=\"container\">\n\t\t\t\t<div class=\"elementor-element elementor-element-763973b elementor-widget elementor-widget-image\" data-id=\"763973b\" data-element_type=\"widget\" data-widget_type=\"image.default\">\n\t\t\t\t<div class=\"elementor-widget-container\">\n\t\t\t\t\t\t\t\t\t\t\t\t\t\t\t\t<a href=\"https:\/\/bicibaci.com\/prodotto\/vespa-street-art\/\" target=\"_blank\">\n\t\t\t\t\t\t\t<img loading=\"lazy\" decoding=\"async\" width=\"600\" height=\"471\" src=\"https:\/\/www.spaziomuseovespa.com\/wp-content\/uploads\/vespa-street-art.jpg\" class=\"attachment-medium_large size-medium_large wp-image-574\" alt=\"\" srcset=\"https:\/\/www.spaziomuseovespa.com\/wp-content\/uploads\/vespa-street-art.jpg 600w, https:\/\/www.spaziomuseovespa.com\/wp-content\/uploads\/vespa-street-art-300x236.jpg 300w\" sizes=\"(max-width: 600px) 100vw, 600px\" \/>\t\t\t\t\t\t\t\t<\/a>\n\t\t\t\t\t\t\t\t\t\t\t\t\t\t\t<\/div>\n\t\t\t\t<\/div>\n\t\t\t\t<\/div>\n\t\t<div class=\"elementor-element elementor-element-7c7d8ac e-con-full e-flex e-con e-child\" data-id=\"7c7d8ac\" data-element_type=\"container\">\n\t\t\t\t<div class=\"elementor-element elementor-element-69c1f6c elementor-widget elementor-widget-image\" data-id=\"69c1f6c\" data-element_type=\"widget\" data-widget_type=\"image.default\">\n\t\t\t\t<div class=\"elementor-widget-container\">\n\t\t\t\t\t\t\t\t\t\t\t\t\t\t\t\t<a href=\"https:\/\/bicibaci.com\/prodotto\/scooter-categoria-f\/\" target=\"_blank\">\n\t\t\t\t\t\t\t<img loading=\"lazy\" decoding=\"async\" width=\"600\" height=\"471\" src=\"https:\/\/www.spaziomuseovespa.com\/wp-content\/uploads\/vespa_red_cat_F.jpg\" class=\"attachment-medium_large size-medium_large wp-image-569\" alt=\"\" srcset=\"https:\/\/www.spaziomuseovespa.com\/wp-content\/uploads\/vespa_red_cat_F.jpg 600w, https:\/\/www.spaziomuseovespa.com\/wp-content\/uploads\/vespa_red_cat_F-300x236.jpg 300w\" sizes=\"(max-width: 600px) 100vw, 600px\" \/>\t\t\t\t\t\t\t\t<\/a>\n\t\t\t\t\t\t\t\t\t\t\t\t\t\t\t<\/div>\n\t\t\t\t<\/div>\n\t\t\t\t<\/div>\n\t\t\t\t<\/div>\n\t\t\t\t\t<\/div>\n\t\t\t\t<\/div>\n\t\t\t\t<\/div>\n\t\t\t\t<\/div>\n\t\t\t\t\t\t<\/div>\n\t\t\t\t<\/div>\n\t\t\t\t\t<\/div>\n\t\t\t\t<\/div>\n\t\t\t\t<\/div>\n\t\t","protected":false},"excerpt":{"rendered":"<p>Descubra Roma como nunca antes: un recorrido por la colina del Jan\u00edculo en scooter o a bordo de una maravillosa Vespa le brinda unas vistas impresionantes y la libertad de explorar la ciudad. \u00a1Vive una experiencia inolvidable entre la historia y la belleza esc\u00e9nica! Planifique un recorrido ecol\u00f3gico en bicicleta que le brinde una perspectiva [&hellip;]<\/p>\n","protected":false},"author":1,"featured_media":3010,"parent":3373,"menu_order":0,"comment_status":"closed","ping_status":"closed","template":"","meta":{"footnotes":""},"luogo_monumento":[77],"class_list":["post-3502","page","type-page","status-publish","has-post-thumbnail","hentry","luogo_monumento-roma-colli-e-quartieri-es"],"yoast_head":"<!-- This site is optimized with the Yoast SEO plugin v26.7 - https:\/\/yoast.com\/wordpress\/plugins\/seo\/ -->\n<title>Colle di Gianicolo - Spazio Museo Vespa | Tours y alquileres Vespa en Roma<\/title>\n<meta name=\"description\" content=\"Descubre Colle di Gianicolo, alquiler o tour en vespa, bicicleta, scooter, tuk tuk en Roma, Bici Baci es tu socio ideal\" \/>\n<meta name=\"robots\" content=\"index, follow, max-snippet:-1, max-image-preview:large, max-video-preview:-1\" \/>\n<link rel=\"canonical\" href=\"https:\/\/www.spaziomuseovespa.com\/es\/descubre-roma-y-sus-monumentos\/colle-di-gianicolo\/\" \/>\n<meta property=\"og:locale\" content=\"es_ES\" \/>\n<meta property=\"og:type\" content=\"article\" \/>\n<meta property=\"og:title\" content=\"Colle di Gianicolo - Spazio Museo Vespa | Tours y alquileres Vespa en Roma\" \/>\n<meta property=\"og:description\" content=\"Descubre Colle di Gianicolo, alquiler o tour en vespa, bicicleta, scooter, tuk tuk en Roma, Bici Baci es tu socio ideal\" \/>\n<meta property=\"og:url\" content=\"https:\/\/www.spaziomuseovespa.com\/es\/descubre-roma-y-sus-monumentos\/colle-di-gianicolo\/\" \/>\n<meta property=\"og:site_name\" content=\"Spazio Museo Vespa\" \/>\n<meta property=\"article:modified_time\" content=\"2024-10-25T11:56:11+00:00\" \/>\n<meta property=\"og:image\" content=\"https:\/\/www.spaziomuseovespa.com\/wp-content\/uploads\/colle-gianicolo-2.jpg\" \/>\n\t<meta property=\"og:image:width\" content=\"1920\" \/>\n\t<meta property=\"og:image:height\" content=\"1281\" \/>\n\t<meta property=\"og:image:type\" content=\"image\/jpeg\" \/>\n<meta name=\"twitter:card\" content=\"summary_large_image\" \/>\n<meta name=\"twitter:label1\" content=\"Tiempo de lectura\" \/>\n\t<meta name=\"twitter:data1\" content=\"5 minutos\" \/>\n<script type=\"application\/ld+json\" class=\"yoast-schema-graph\">{\"@context\":\"https:\/\/schema.org\",\"@graph\":[{\"@type\":\"WebPage\",\"@id\":\"https:\/\/www.spaziomuseovespa.com\/es\/descubre-roma-y-sus-monumentos\/colle-di-gianicolo\/\",\"url\":\"https:\/\/www.spaziomuseovespa.com\/es\/descubre-roma-y-sus-monumentos\/colle-di-gianicolo\/\",\"name\":\"Colle di Gianicolo - Spazio Museo Vespa | Tours y alquileres Vespa en Roma\",\"isPartOf\":{\"@id\":\"https:\/\/www.spaziomuseovespa.com\/es\/#website\"},\"primaryImageOfPage\":{\"@id\":\"https:\/\/www.spaziomuseovespa.com\/es\/descubre-roma-y-sus-monumentos\/colle-di-gianicolo\/#primaryimage\"},\"image\":{\"@id\":\"https:\/\/www.spaziomuseovespa.com\/es\/descubre-roma-y-sus-monumentos\/colle-di-gianicolo\/#primaryimage\"},\"thumbnailUrl\":\"https:\/\/www.spaziomuseovespa.com\/wp-content\/uploads\/colle-gianicolo-2.jpg\",\"datePublished\":\"2024-10-11T08:14:10+00:00\",\"dateModified\":\"2024-10-25T11:56:11+00:00\",\"description\":\"Descubre Colle di Gianicolo, alquiler o tour en vespa, bicicleta, scooter, tuk tuk en Roma, Bici Baci es tu socio ideal\",\"breadcrumb\":{\"@id\":\"https:\/\/www.spaziomuseovespa.com\/es\/descubre-roma-y-sus-monumentos\/colle-di-gianicolo\/#breadcrumb\"},\"inLanguage\":\"es\",\"potentialAction\":[{\"@type\":\"ReadAction\",\"target\":[\"https:\/\/www.spaziomuseovespa.com\/es\/descubre-roma-y-sus-monumentos\/colle-di-gianicolo\/\"]}]},{\"@type\":\"ImageObject\",\"inLanguage\":\"es\",\"@id\":\"https:\/\/www.spaziomuseovespa.com\/es\/descubre-roma-y-sus-monumentos\/colle-di-gianicolo\/#primaryimage\",\"url\":\"https:\/\/www.spaziomuseovespa.com\/wp-content\/uploads\/colle-gianicolo-2.jpg\",\"contentUrl\":\"https:\/\/www.spaziomuseovespa.com\/wp-content\/uploads\/colle-gianicolo-2.jpg\",\"width\":1920,\"height\":1281,\"caption\":\"Colle di Gianicolo Tour Bike Scooter Vespa Tuk Tuk Rome\"},{\"@type\":\"BreadcrumbList\",\"@id\":\"https:\/\/www.spaziomuseovespa.com\/es\/descubre-roma-y-sus-monumentos\/colle-di-gianicolo\/#breadcrumb\",\"itemListElement\":[{\"@type\":\"ListItem\",\"position\":1,\"name\":\"Home\",\"item\":\"https:\/\/www.spaziomuseovespa.com\/es\/homepage\/\"},{\"@type\":\"ListItem\",\"position\":2,\"name\":\"Descubre Roma y sus Monumentos\",\"item\":\"https:\/\/www.spaziomuseovespa.com\/es\/descubre-roma-y-sus-monumentos\/\"},{\"@type\":\"ListItem\",\"position\":3,\"name\":\"Colle di Gianicolo\"}]},{\"@type\":\"WebSite\",\"@id\":\"https:\/\/www.spaziomuseovespa.com\/es\/#website\",\"url\":\"https:\/\/www.spaziomuseovespa.com\/es\/\",\"name\":\"Spazio Museo Vespa\",\"description\":\"\",\"publisher\":{\"@id\":\"https:\/\/www.spaziomuseovespa.com\/es\/#organization\"},\"potentialAction\":[{\"@type\":\"SearchAction\",\"target\":{\"@type\":\"EntryPoint\",\"urlTemplate\":\"https:\/\/www.spaziomuseovespa.com\/es\/?s={search_term_string}\"},\"query-input\":{\"@type\":\"PropertyValueSpecification\",\"valueRequired\":true,\"valueName\":\"search_term_string\"}}],\"inLanguage\":\"es\"},{\"@type\":\"Organization\",\"@id\":\"https:\/\/www.spaziomuseovespa.com\/es\/#organization\",\"name\":\"Spazio Museo Vespa\",\"url\":\"https:\/\/www.spaziomuseovespa.com\/es\/\",\"logo\":{\"@type\":\"ImageObject\",\"inLanguage\":\"es\",\"@id\":\"https:\/\/www.spaziomuseovespa.com\/es\/#\/schema\/logo\/image\/\",\"url\":\"https:\/\/www.spaziomuseovespa.com\/wp-content\/uploads\/logo.png\",\"contentUrl\":\"https:\/\/www.spaziomuseovespa.com\/wp-content\/uploads\/logo.png\",\"width\":322,\"height\":95,\"caption\":\"Spazio Museo Vespa\"},\"image\":{\"@id\":\"https:\/\/www.spaziomuseovespa.com\/es\/#\/schema\/logo\/image\/\"}}]}<\/script>\n<!-- \/ Yoast SEO plugin. -->","yoast_head_json":{"title":"Colle di Gianicolo - Spazio Museo Vespa | Tours y alquileres Vespa en Roma","description":"Descubre Colle di Gianicolo, alquiler o tour en vespa, bicicleta, scooter, tuk tuk en Roma, Bici Baci es tu socio ideal","robots":{"index":"index","follow":"follow","max-snippet":"max-snippet:-1","max-image-preview":"max-image-preview:large","max-video-preview":"max-video-preview:-1"},"canonical":"https:\/\/www.spaziomuseovespa.com\/es\/descubre-roma-y-sus-monumentos\/colle-di-gianicolo\/","og_locale":"es_ES","og_type":"article","og_title":"Colle di Gianicolo - Spazio Museo Vespa | Tours y alquileres Vespa en Roma","og_description":"Descubre Colle di Gianicolo, alquiler o tour en vespa, bicicleta, scooter, tuk tuk en Roma, Bici Baci es tu socio ideal","og_url":"https:\/\/www.spaziomuseovespa.com\/es\/descubre-roma-y-sus-monumentos\/colle-di-gianicolo\/","og_site_name":"Spazio Museo Vespa","article_modified_time":"2024-10-25T11:56:11+00:00","og_image":[{"width":1920,"height":1281,"url":"https:\/\/www.spaziomuseovespa.com\/wp-content\/uploads\/colle-gianicolo-2.jpg","type":"image\/jpeg"}],"twitter_card":"summary_large_image","twitter_misc":{"Tiempo de lectura":"5 minutos"},"schema":{"@context":"https:\/\/schema.org","@graph":[{"@type":"WebPage","@id":"https:\/\/www.spaziomuseovespa.com\/es\/descubre-roma-y-sus-monumentos\/colle-di-gianicolo\/","url":"https:\/\/www.spaziomuseovespa.com\/es\/descubre-roma-y-sus-monumentos\/colle-di-gianicolo\/","name":"Colle di Gianicolo - Spazio Museo Vespa | Tours y alquileres Vespa en Roma","isPartOf":{"@id":"https:\/\/www.spaziomuseovespa.com\/es\/#website"},"primaryImageOfPage":{"@id":"https:\/\/www.spaziomuseovespa.com\/es\/descubre-roma-y-sus-monumentos\/colle-di-gianicolo\/#primaryimage"},"image":{"@id":"https:\/\/www.spaziomuseovespa.com\/es\/descubre-roma-y-sus-monumentos\/colle-di-gianicolo\/#primaryimage"},"thumbnailUrl":"https:\/\/www.spaziomuseovespa.com\/wp-content\/uploads\/colle-gianicolo-2.jpg","datePublished":"2024-10-11T08:14:10+00:00","dateModified":"2024-10-25T11:56:11+00:00","description":"Descubre Colle di Gianicolo, alquiler o tour en vespa, bicicleta, scooter, tuk tuk en Roma, Bici Baci es tu socio ideal","breadcrumb":{"@id":"https:\/\/www.spaziomuseovespa.com\/es\/descubre-roma-y-sus-monumentos\/colle-di-gianicolo\/#breadcrumb"},"inLanguage":"es","potentialAction":[{"@type":"ReadAction","target":["https:\/\/www.spaziomuseovespa.com\/es\/descubre-roma-y-sus-monumentos\/colle-di-gianicolo\/"]}]},{"@type":"ImageObject","inLanguage":"es","@id":"https:\/\/www.spaziomuseovespa.com\/es\/descubre-roma-y-sus-monumentos\/colle-di-gianicolo\/#primaryimage","url":"https:\/\/www.spaziomuseovespa.com\/wp-content\/uploads\/colle-gianicolo-2.jpg","contentUrl":"https:\/\/www.spaziomuseovespa.com\/wp-content\/uploads\/colle-gianicolo-2.jpg","width":1920,"height":1281,"caption":"Colle di Gianicolo Tour Bike Scooter Vespa Tuk Tuk Rome"},{"@type":"BreadcrumbList","@id":"https:\/\/www.spaziomuseovespa.com\/es\/descubre-roma-y-sus-monumentos\/colle-di-gianicolo\/#breadcrumb","itemListElement":[{"@type":"ListItem","position":1,"name":"Home","item":"https:\/\/www.spaziomuseovespa.com\/es\/homepage\/"},{"@type":"ListItem","position":2,"name":"Descubre Roma y sus Monumentos","item":"https:\/\/www.spaziomuseovespa.com\/es\/descubre-roma-y-sus-monumentos\/"},{"@type":"ListItem","position":3,"name":"Colle di Gianicolo"}]},{"@type":"WebSite","@id":"https:\/\/www.spaziomuseovespa.com\/es\/#website","url":"https:\/\/www.spaziomuseovespa.com\/es\/","name":"Spazio Museo Vespa","description":"","publisher":{"@id":"https:\/\/www.spaziomuseovespa.com\/es\/#organization"},"potentialAction":[{"@type":"SearchAction","target":{"@type":"EntryPoint","urlTemplate":"https:\/\/www.spaziomuseovespa.com\/es\/?s={search_term_string}"},"query-input":{"@type":"PropertyValueSpecification","valueRequired":true,"valueName":"search_term_string"}}],"inLanguage":"es"},{"@type":"Organization","@id":"https:\/\/www.spaziomuseovespa.com\/es\/#organization","name":"Spazio Museo Vespa","url":"https:\/\/www.spaziomuseovespa.com\/es\/","logo":{"@type":"ImageObject","inLanguage":"es","@id":"https:\/\/www.spaziomuseovespa.com\/es\/#\/schema\/logo\/image\/","url":"https:\/\/www.spaziomuseovespa.com\/wp-content\/uploads\/logo.png","contentUrl":"https:\/\/www.spaziomuseovespa.com\/wp-content\/uploads\/logo.png","width":322,"height":95,"caption":"Spazio Museo Vespa"},"image":{"@id":"https:\/\/www.spaziomuseovespa.com\/es\/#\/schema\/logo\/image\/"}}]}},"_links":{"self":[{"href":"https:\/\/www.spaziomuseovespa.com\/es\/wp-json\/wp\/v2\/pages\/3502","targetHints":{"allow":["GET"]}}],"collection":[{"href":"https:\/\/www.spaziomuseovespa.com\/es\/wp-json\/wp\/v2\/pages"}],"about":[{"href":"https:\/\/www.spaziomuseovespa.com\/es\/wp-json\/wp\/v2\/types\/page"}],"author":[{"embeddable":true,"href":"https:\/\/www.spaziomuseovespa.com\/es\/wp-json\/wp\/v2\/users\/1"}],"replies":[{"embeddable":true,"href":"https:\/\/www.spaziomuseovespa.com\/es\/wp-json\/wp\/v2\/comments?post=3502"}],"version-history":[{"count":0,"href":"https:\/\/www.spaziomuseovespa.com\/es\/wp-json\/wp\/v2\/pages\/3502\/revisions"}],"up":[{"embeddable":true,"href":"https:\/\/www.spaziomuseovespa.com\/es\/wp-json\/wp\/v2\/pages\/3373"}],"wp:featuredmedia":[{"embeddable":true,"href":"https:\/\/www.spaziomuseovespa.com\/es\/wp-json\/wp\/v2\/media\/3010"}],"wp:attachment":[{"href":"https:\/\/www.spaziomuseovespa.com\/es\/wp-json\/wp\/v2\/media?parent=3502"}],"wp:term":[{"taxonomy":"luogo_monumento","embeddable":true,"href":"https:\/\/www.spaziomuseovespa.com\/es\/wp-json\/wp\/v2\/luogo_monumento?post=3502"}],"curies":[{"name":"wp","href":"https:\/\/api.w.org\/{rel}","templated":true}]}}