{"id":3510,"date":"2024-10-10T13:21:10","date_gmt":"2024-10-10T11:21:10","guid":{"rendered":"https:\/\/www.spaziomuseovespa.com\/descubre-roma-y-sus-monumentos\/colonna-traiana\/"},"modified":"2024-10-25T13:56:11","modified_gmt":"2024-10-25T11:56:11","slug":"colonna-traiana","status":"publish","type":"page","link":"https:\/\/www.spaziomuseovespa.com\/es\/descubre-roma-y-sus-monumentos\/colonna-traiana\/","title":{"rendered":"Colonna Traiana"},"content":{"rendered":"\t\t<div data-elementor-type=\"wp-page\" data-elementor-id=\"3510\" class=\"elementor elementor-3510 elementor-1584\" data-elementor-post-type=\"page\">\n\t\t\t\t<div class=\"elementor-element elementor-element-a2c7424 e-flex e-con-boxed e-con e-parent\" data-id=\"a2c7424\" data-element_type=\"container\" data-settings=\"{&quot;background_background&quot;:&quot;classic&quot;}\">\n\t\t\t\t\t<div class=\"e-con-inner\">\n\t\t\t\t<div class=\"elementor-element elementor-element-495600d elementor-widget elementor-widget-heading\" data-id=\"495600d\" data-element_type=\"widget\" data-widget_type=\"heading.default\">\n\t\t\t\t<div class=\"elementor-widget-container\">\n\t\t\t\t\t<h1 class=\"elementor-heading-title elementor-size-default\">Colonna Traiana<\/h1>\t\t\t\t<\/div>\n\t\t\t\t<\/div>\n\t\t\t\t\t<\/div>\n\t\t\t\t<\/div>\n\t\t<div class=\"elementor-element elementor-element-fb4dc40 e-flex e-con-boxed e-con e-parent\" data-id=\"fb4dc40\" data-element_type=\"container\">\n\t\t\t\t\t<div class=\"e-con-inner\">\n\t\t\t\t<div class=\"elementor-element elementor-element-e2c4372 elementor-widget elementor-widget-text-editor\" data-id=\"e2c4372\" data-element_type=\"widget\" data-widget_type=\"text-editor.default\">\n\t\t\t\t<div class=\"elementor-widget-container\">\n\t\t\t\t\t\t\t\t\t<p>Tour en Vespa por la Roma Imperial: Descubra la Columna de Trajano y los secretos de la antigua Roma en un emocionante recorrido en Vespa. Un d\u00eda de historia y aventura en el coraz\u00f3n de Roma. Explore la ciudad y experimente un recorrido \u00fanico en bicicleta para descubrir la Columna de Trajano y las maravillas del Foro de Trajano. \u00a1Una experiencia inmersiva para los amantes del arte y la arqueolog\u00eda! \u00a1Contempla la Roma hist\u00f3rica desde una nueva perspectiva! Un c\u00f3modo recorrido en tuk-tuk lo lleva a descubrir la Columna de Trajano y otras maravillas romanas sin estr\u00e9s.     <\/p>\n\t\t\t\t\t\t\t\t<\/div>\n\t\t\t\t<\/div>\n\t\t\t\t\t<\/div>\n\t\t\t\t<\/div>\n\t\t<div class=\"elementor-element elementor-element-c43058d e-flex e-con-boxed e-con e-parent\" data-id=\"c43058d\" data-element_type=\"container\">\n\t\t\t\t\t<div class=\"e-con-inner\">\n\t\t\t\t<div class=\"elementor-element elementor-element-7b26ddd elementor-align-center elementor-mobile-align-center elementor-widget elementor-widget-button\" data-id=\"7b26ddd\" data-element_type=\"widget\" data-widget_type=\"button.default\">\n\t\t\t\t<div class=\"elementor-widget-container\">\n\t\t\t\t\t\t\t\t\t<div class=\"elementor-button-wrapper\">\n\t\t\t\t\t<a class=\"elementor-button elementor-button-link elementor-size-sm\" href=\"https:\/\/bicibaci.com\/\" target=\"_blank\">\n\t\t\t\t\t\t<span class=\"elementor-button-content-wrapper\">\n\t\t\t\t\t\t\t\t\t<span class=\"elementor-button-text\">Bici Baci tu compa\u00f1ero ideal para descubrir Roma - Tour y Alquiler en Vespa, Bicicleta, E-bike, Scooter, Tuk Tuk - M\u00e1s informaci\u00f3n  <\/span>\n\t\t\t\t\t<\/span>\n\t\t\t\t\t<\/a>\n\t\t\t\t<\/div>\n\t\t\t\t\t\t\t\t<\/div>\n\t\t\t\t<\/div>\n\t\t\t\t\t<\/div>\n\t\t\t\t<\/div>\n\t\t<div class=\"elementor-element elementor-element-c1f16f6 e-flex e-con-boxed e-con e-parent\" data-id=\"c1f16f6\" data-element_type=\"container\">\n\t\t\t\t\t<div class=\"e-con-inner\">\n\t\t\t\t<div class=\"elementor-element elementor-element-bd6e412 elementor-widget elementor-widget-image\" data-id=\"bd6e412\" data-element_type=\"widget\" data-widget_type=\"image.default\">\n\t\t\t\t<div class=\"elementor-widget-container\">\n\t\t\t\t\t\t\t\t\t\t\t\t<figure class=\"wp-caption\">\n\t\t\t\t\t\t\t\t\t\t\t<a href=\"https:\/\/www.spaziomuseovespa.com\/wp-content\/uploads\/Colonna-Traiana-0.jpg\" data-elementor-open-lightbox=\"yes\" data-e-action-hash=\"#elementor-action%3Aaction%3Dlightbox%26settings%3DeyJpZCI6NDM1MiwidXJsIjoiaHR0cHM6XC9cL3d3dy5zcGF6aW9tdXNlb3Zlc3BhLmNvbVwvd3AtY29udGVudFwvdXBsb2Fkc1wvQ29sb25uYS1UcmFpYW5hLTAuanBnIn0%3D\">\n\t\t\t\t\t\t\t<img fetchpriority=\"high\" decoding=\"async\" width=\"1920\" height=\"1080\" src=\"https:\/\/www.spaziomuseovespa.com\/wp-content\/uploads\/Colonna-Traiana-0.jpg\" class=\"attachment-full size-full wp-image-4352\" alt=\"Colonna Traiana\" srcset=\"https:\/\/www.spaziomuseovespa.com\/wp-content\/uploads\/Colonna-Traiana-0.jpg 1920w, https:\/\/www.spaziomuseovespa.com\/wp-content\/uploads\/Colonna-Traiana-0-300x169.jpg 300w, https:\/\/www.spaziomuseovespa.com\/wp-content\/uploads\/Colonna-Traiana-0-1024x576.jpg 1024w, https:\/\/www.spaziomuseovespa.com\/wp-content\/uploads\/Colonna-Traiana-0-768x432.jpg 768w, https:\/\/www.spaziomuseovespa.com\/wp-content\/uploads\/Colonna-Traiana-0-1536x864.jpg 1536w\" sizes=\"(max-width: 1920px) 100vw, 1920px\" \/>\t\t\t\t\t\t\t\t<\/a>\n\t\t\t\t\t\t\t\t\t\t\t<figcaption class=\"widget-image-caption wp-caption-text\"><\/figcaption>\n\t\t\t\t\t\t\t\t\t\t<\/figure>\n\t\t\t\t\t\t\t\t\t<\/div>\n\t\t\t\t<\/div>\n\t\t\t\t\t<\/div>\n\t\t\t\t<\/div>\n\t\t<div class=\"elementor-element elementor-element-c10a9b9 e-flex e-con-boxed e-con e-parent\" data-id=\"c10a9b9\" data-element_type=\"container\">\n\t\t\t\t\t<div class=\"e-con-inner\">\n\t\t\t\t<div class=\"elementor-element elementor-element-1e06551 elementor-widget elementor-widget-heading\" data-id=\"1e06551\" data-element_type=\"widget\" data-widget_type=\"heading.default\">\n\t\t\t\t<div class=\"elementor-widget-container\">\n\t\t\t\t\t<h2 class=\"elementor-heading-title elementor-size-default\">Lo que necesitas saber sobre la columna de Trajano<\/h2>\t\t\t\t<\/div>\n\t\t\t\t<\/div>\n\t\t\t\t<div class=\"elementor-element elementor-element-e7f071c elementor-widget elementor-widget-text-editor\" data-id=\"e7f071c\" data-element_type=\"widget\" data-widget_type=\"text-editor.default\">\n\t\t\t\t<div class=\"elementor-widget-container\">\n\t\t\t\t\t\t\t\t\t<p>La Columna de Trajano es uno de los monumentos m\u00e1s famosos de la antigua Roma, situado en el Foro de Trajano, cerca de Piazza Venezia. Inaugurada en el a\u00f1o 113 d.C., esta columna celebra las victorias del emperador Trajano contra los dacios (un pueblo que viv\u00eda en la actual Rumania) en las guerras dacias. La columna tiene unos 30 metros de altura (casi 40 metros con la base) y est\u00e1 totalmente cubierta por un relieve en espiral que envuelve unos 200 metros, narrando en m\u00e1s de 150 escenas los episodios clave de las dos campa\u00f1as militares de Trajano. La columna est\u00e1 hecha de m\u00e1rmol de Carrara y descansa sobre una gran base, dentro de la cual hay una escalera de caracol que conduce a la parte superior. Originalmente, la columna albergaba una estatua de Trajano, pero en 1587 fue reemplazada por una estatua de San Pedro a instancias del papa Sixto V. Los relieves de la columna son una obra de arte y una valiosa fuente hist\u00f3rica, ya que relatan con detalle escenas de batallas, momentos de la vida cotidiana de los soldados romanos e interacciones entre el emperador y su ej\u00e9rcito. La Columna de Trajano se considera uno de los primeros ejemplos de narraci\u00f3n en im\u00e1genes de la historia del arte occidental, y es un s\u00edmbolo del poder y la gloria del Imperio Romano. La Columna de Trajano no es solo una obra de arte y un monumento, sino tambi\u00e9n una extraordinaria documentaci\u00f3n hist\u00f3rica de la \u00e9poca romana.      <\/p>\n<p><strong>Construcci\u00f3n y Arquitectos: <\/strong>La columna fue probablemente dise\u00f1ada por el arquitecto Apolodoro de Damasco, un fiel colaborador del emperador Trajano. Fue construido como parte de la construcci\u00f3n del Foro de Trajano, el m\u00e1s grande de los foros imperiales, para celebrar la conquista de Dacia (101-106 d.C.). La estructura se complet\u00f3 en el a\u00f1o 113 d.C., poco antes de la muerte de Trajano.  <\/p>\n<p><strong>La narrativa en espiral: <\/strong>El friso tallado en espiral sigue una t\u00e9cnica \u00fanica e innovadora para la \u00e9poca, narrando visualmente los acontecimientos de las campa\u00f1as dacias a trav\u00e9s de una sucesi\u00f3n ininterrumpida de escenas, como si se tratara de una \u00abtira c\u00f3mica\u00bb tallada en m\u00e1rmol. Esta t\u00e9cnica permite una narraci\u00f3n continua que gu\u00eda el ojo del espectador hasta la parte superior de la columna. <\/p>\n<p><strong>Escenas principales<\/strong>: Las escenas muestran momentos decisivos de las campa\u00f1as dacias, como el cruce del Danubio, las batallas, la construcci\u00f3n de fortificaciones y ciudades, y la interacci\u00f3n entre Trajano y su ej\u00e9rcito.<\/p>\n<p><strong>Iconograf\u00eda detallada<\/strong>: Los relieves muestran con detalle el armamento, los uniformes, los ritos y las costumbres militares romanas, junto con las diferentes etnias del ej\u00e9rcito dacio.<\/p>\n<p><strong>Funci\u00f3n propagand\u00edstica: <\/strong>Adem\u00e1s de celebrar las victorias, la columna ten\u00eda una funci\u00f3n propagand\u00edstica: representar a Trajano como un emperador justo, capaz e invencible, cuyo trabajo era aprobado por los dioses. Adem\u00e1s, la columna sirvi\u00f3 para consolidar la imagen de Roma como ciudad capaz de dominar y civilizar a los pueblos extranjeros. <\/p>\n<p><strong>Interior de la columna: <\/strong>En el interior de la columna hay una escalera de caracol con 185 escalones que conduce a la parte superior. Originalmente, la escalera solo era accesible para los agregados imperiales. En la cima, los visitantes pod\u00edan disfrutar de una hermosa vista del Foro de Trajano y los monumentos circundantes.  <\/p>\n<p><strong>Influencia en la Historia del Arte: <\/strong>La Columna de Trajano ha tenido un impacto significativo en la historia del arte, sirviendo de modelo para otros monumentos similares en todo el Imperio Romano, como la Columna de Marco Aurelio en el Campo de Marte. Adem\u00e1s, ha inspirado a artistas e historiadores durante siglos, siendo uno de los primeros ejemplos de narraci\u00f3n hist\u00f3rica a trav\u00e9s de la escultura. <\/p>\n<p><strong>Importancia arqueol\u00f3gica: <\/strong>A lo largo del tiempo, la columna ha proporcionado a los historiadores informaci\u00f3n crucial sobre la organizaci\u00f3n del ej\u00e9rcito romano, las t\u00e9cnicas de guerra y las relaciones entre Roma y las poblaciones de Europa del Este. Habiendo permanecido casi intacto, es ahora uno de los monumentos mejor conservados de la \u00e9poca imperial. <\/p>\n\t\t\t\t\t\t\t\t<\/div>\n\t\t\t\t<\/div>\n\t\t\t\t\t<\/div>\n\t\t\t\t<\/div>\n\t\t<div class=\"elementor-element elementor-element-de6f7f4 e-flex e-con-boxed e-con e-parent\" data-id=\"de6f7f4\" data-element_type=\"container\">\n\t\t\t\t\t<div class=\"e-con-inner\">\n\t\t\t\t\t<\/div>\n\t\t\t\t<\/div>\n\t\t<div class=\"elementor-element elementor-element-f0bc0b9 e-flex e-con-boxed e-con e-parent\" data-id=\"f0bc0b9\" data-element_type=\"container\">\n\t\t\t\t\t<div class=\"e-con-inner\">\n\t\t\t\t<div class=\"elementor-element elementor-element-29190b6 elementor-widget elementor-widget-heading\" data-id=\"29190b6\" data-element_type=\"widget\" data-widget_type=\"heading.default\">\n\t\t\t\t<div class=\"elementor-widget-container\">\n\t\t\t\t\t<h2 class=\"elementor-heading-title elementor-size-default\">Curiosidad<\/h2>\t\t\t\t<\/div>\n\t\t\t\t<\/div>\n\t\t\t\t<div class=\"elementor-element elementor-element-7da5c7b elementor-widget elementor-widget-text-editor\" data-id=\"7da5c7b\" data-element_type=\"widget\" data-widget_type=\"text-editor.default\">\n\t\t\t\t<div class=\"elementor-widget-container\">\n\t\t\t\t\t\t\t\t\t<p><strong>Un antiguo c\u00f3mic de m\u00e1rmol: <\/strong>La columna se considera uno de los primeros ejemplos de c\u00f3mics de historias narrativas, porque utiliza im\u00e1genes esculpidas para contar una historia continua, similar a las tiras c\u00f3micas modernas. Esto hizo que la narraci\u00f3n visual fuera accesible incluso para aquellos que no sab\u00edan leer. <\/p>\n<p><strong>Los relieves fueron pintados: <\/strong>En el momento de la construcci\u00f3n, los relieves de la columna probablemente estaban pintados en colores brillantes para que las escenas fueran m\u00e1s legibles y v\u00edvidas desde la distancia. Con el tiempo, la coloraci\u00f3n se perdi\u00f3, dejando la columna en su aspecto natural de m\u00e1rmol. <\/p>\n<p><strong>El uso de espejos: <\/strong>Para ver los detalles tallados en los relieves, se cree que los antiguos romanos utilizaron espejos colocados en varios puntos alrededor de la columna. Esto le permiti\u00f3 apreciar cada escena esculpida, incluidos los detalles en las secciones superiores. <\/p>\n<p><strong>Una obra de arte multiling\u00fce:<\/strong><\/p>\n<p>Aunque el p\u00fablico principal de la columna era romano, muchos de los soldados y personas involucradas en las Guerras Dacias no hablaban italiano. Por lo tanto, la narrativa visual era **universal** y tambi\u00e9n pod\u00eda ser entendida por los no romanos, representando el poder militar y la grandeza de Roma en un lenguaje universal. <\/p>\n<p><strong>Contiene las Cenizas de Trajano: <\/strong>La base de la columna sirve como tumba para Trajano. Despu\u00e9s de su muerte en el a\u00f1o 117 d.C., sus cenizas fueron colocadas en una urna de oro, que luego se coloc\u00f3 dentro de la columna, convirti\u00e9ndola en uno de los pocos monumentos funerarios para un emperador en Roma. <\/p>\n<p><strong>Supervivencia extraordinaria: <\/strong>Durante la Edad Media, muchas estructuras romanas fueron desmanteladas para recuperar el m\u00e1rmol y otros materiales de construcci\u00f3n. Sin embargo, la Columna de Trajano se salv\u00f3 debido a su valor simb\u00f3lico y al hecho de que el papa Gregorio Magno declar\u00f3 que los monumentos antiguos deb\u00edan ser respetados como signos de la grandeza romana. <\/p>\n<p><strong>La Adici\u00f3n de San Pedro: <\/strong>En 1587, el papa Sixto V hizo que se a\u00f1adiera una estatua de San Pedro en la parte superior de la columna, en sustituci\u00f3n de la estatua original de Trajano. Esta adici\u00f3n enfatiz\u00f3 la apropiaci\u00f3n cristiana de los monumentos paganos como s\u00edmbolos de la nueva fe. <\/p>\n<p><strong>Escalera de caracol oculta: <\/strong>En el interior de la columna hay una escalera de caracol de 185 escalones que conduce a la cima. Esta escalera interior era accesible solo para funcionarios autorizados, y su presencia contribu\u00eda a la extraordinaria estabilidad estructural de la columna. <\/p>\n<p><strong>Relieves \u00fanicos: <\/strong>Cada escena tallada en la columna es \u00fanica y detallada: hay m\u00e1s de 2.500 figuras humanas talladas en ella. Esta complejidad hace que la columna sea un documento hist\u00f3rico detallado, lo que permite a los eruditos modernos comprender mejor el equipo y las t\u00e9cnicas militares romanas de la \u00e9poca. <\/p>\n<p><strong>Modelos y copias en el mundo: <\/strong>El \u00e9xito y la fama de la Columna de Trajano han inspirado numerosos ejemplares y modelos en todo el mundo. La m\u00e1s famosa es quiz\u00e1s la que se conserva en el Victoria and Albert Museum de Londres, que reproduce los relieves de la columna en yeso y permite admirarlos m\u00e1s de cerca. <\/p>\n\t\t\t\t\t\t\t\t<\/div>\n\t\t\t\t<\/div>\n\t\t\t\t\t<\/div>\n\t\t\t\t<\/div>\n\t\t<div class=\"elementor-element elementor-element-6897b5c riga_tour e-flex e-con-boxed e-con e-parent\" data-id=\"6897b5c\" data-element_type=\"container\">\n\t\t\t\t\t<div class=\"e-con-inner\">\n\t\t\t\t<div class=\"elementor-element elementor-element-a456a1a elementor-widget elementor-widget-heading\" data-id=\"a456a1a\" data-element_type=\"widget\" data-widget_type=\"heading.default\">\n\t\t\t\t<div class=\"elementor-widget-container\">\n\t\t\t\t\t<h2 class=\"elementor-heading-title elementor-size-default\">Elige tu tour en Vespa favorito para visitar Roma<\/h2>\t\t\t\t<\/div>\n\t\t\t\t<\/div>\n\t\t\t\t<div class=\"elementor-element elementor-element-809fee9 elementor-widget elementor-widget-template\" data-id=\"809fee9\" data-element_type=\"widget\" data-widget_type=\"template.default\">\n\t\t\t\t<div class=\"elementor-widget-container\">\n\t\t\t\t\t\t\t<div class=\"elementor-template\">\n\t\t\t\t\t<div data-elementor-type=\"section\" data-elementor-id=\"1976\" class=\"elementor elementor-1976 elementor-1687\" data-elementor-post-type=\"elementor_library\">\n\t\t\t<div class=\"elementor-element elementor-element-1497235 riga_tour e-flex e-con-boxed e-con e-parent\" data-id=\"1497235\" data-element_type=\"container\">\n\t\t\t\t\t<div class=\"e-con-inner\">\n\t\t<div class=\"elementor-element elementor-element-586e2e8 e-con-full e-flex e-con e-child\" data-id=\"586e2e8\" data-element_type=\"container\">\n\t\t<div class=\"elementor-element elementor-element-6b49b07 e-con-full e-flex e-con e-child\" data-id=\"6b49b07\" data-element_type=\"container\">\n\t\t\t\t<div class=\"elementor-element elementor-element-fc87d99 elementor-widget elementor-widget-image\" data-id=\"fc87d99\" data-element_type=\"widget\" data-widget_type=\"image.default\">\n\t\t\t\t<div class=\"elementor-widget-container\">\n\t\t\t\t\t\t\t\t\t\t\t\t<figure class=\"wp-caption\">\n\t\t\t\t\t\t\t\t\t\t\t<a href=\"https:\/\/www.spaziomuseovespa.com\/vespa-tour-grand-tour-di-roma\/\">\n\t\t\t\t\t\t\t<img decoding=\"async\" width=\"600\" height=\"469\" src=\"https:\/\/www.spaziomuseovespa.com\/wp-content\/uploads\/gran_tour_roma.jpg\" class=\"attachment-medium_large size-medium_large wp-image-444\" alt=\"\" srcset=\"https:\/\/www.spaziomuseovespa.com\/wp-content\/uploads\/gran_tour_roma.jpg 600w, https:\/\/www.spaziomuseovespa.com\/wp-content\/uploads\/gran_tour_roma-300x235.jpg 300w\" sizes=\"(max-width: 600px) 100vw, 600px\" \/>\t\t\t\t\t\t\t\t<\/a>\n\t\t\t\t\t\t\t\t\t\t\t<figcaption class=\"widget-image-caption wp-caption-text\">Vespa tour<br>Grand tour por Roma<\/figcaption>\n\t\t\t\t\t\t\t\t\t\t<\/figure>\n\t\t\t\t\t\t\t\t\t<\/div>\n\t\t\t\t<\/div>\n\t\t\t\t<\/div>\n\t\t<div class=\"elementor-element elementor-element-daa5749 e-con-full e-flex e-con e-child\" data-id=\"daa5749\" data-element_type=\"container\">\n\t\t\t\t<div class=\"elementor-element elementor-element-11cf106 elementor-widget elementor-widget-image\" data-id=\"11cf106\" data-element_type=\"widget\" data-widget_type=\"image.default\">\n\t\t\t\t<div class=\"elementor-widget-container\">\n\t\t\t\t\t\t\t\t\t\t\t\t<figure class=\"wp-caption\">\n\t\t\t\t\t\t\t\t\t\t\t<a href=\"https:\/\/www.spaziomuseovespa.com\/vespa-tour-rome-movie-sets\/\">\n\t\t\t\t\t\t\t<img decoding=\"async\" width=\"600\" height=\"469\" src=\"https:\/\/www.spaziomuseovespa.com\/wp-content\/uploads\/tour_rome_movie_set.jpg\" class=\"attachment-medium_large size-medium_large wp-image-429\" alt=\"\" srcset=\"https:\/\/www.spaziomuseovespa.com\/wp-content\/uploads\/tour_rome_movie_set.jpg 600w, https:\/\/www.spaziomuseovespa.com\/wp-content\/uploads\/tour_rome_movie_set-300x235.jpg 300w\" sizes=\"(max-width: 600px) 100vw, 600px\" \/>\t\t\t\t\t\t\t\t<\/a>\n\t\t\t\t\t\t\t\t\t\t\t<figcaption class=\"widget-image-caption wp-caption-text\">Vespa tour<br>Roma Movie Set<\/figcaption>\n\t\t\t\t\t\t\t\t\t\t<\/figure>\n\t\t\t\t\t\t\t\t\t<\/div>\n\t\t\t\t<\/div>\n\t\t\t\t<\/div>\n\t\t<div class=\"elementor-element elementor-element-912acab e-con-full e-flex e-con e-child\" data-id=\"912acab\" data-element_type=\"container\">\n\t\t\t\t<div class=\"elementor-element elementor-element-0846c51 elementor-widget elementor-widget-image\" data-id=\"0846c51\" data-element_type=\"widget\" data-widget_type=\"image.default\">\n\t\t\t\t<div class=\"elementor-widget-container\">\n\t\t\t\t\t\t\t\t\t\t\t\t<figure class=\"wp-caption\">\n\t\t\t\t\t\t\t\t\t\t\t<a href=\"https:\/\/www.spaziomuseovespa.com\/vespa-tour-castelli-romani\/\">\n\t\t\t\t\t\t\t<img loading=\"lazy\" decoding=\"async\" width=\"600\" height=\"469\" src=\"https:\/\/www.spaziomuseovespa.com\/wp-content\/uploads\/Il-Tour-dei-Castelli-Romani.jpg\" class=\"attachment-medium_large size-medium_large wp-image-439\" alt=\"\" srcset=\"https:\/\/www.spaziomuseovespa.com\/wp-content\/uploads\/Il-Tour-dei-Castelli-Romani.jpg 600w, https:\/\/www.spaziomuseovespa.com\/wp-content\/uploads\/Il-Tour-dei-Castelli-Romani-300x235.jpg 300w\" sizes=\"(max-width: 600px) 100vw, 600px\" \/>\t\t\t\t\t\t\t\t<\/a>\n\t\t\t\t\t\t\t\t\t\t\t<figcaption class=\"widget-image-caption wp-caption-text\">Vespa tour<br>Castelli Romani<\/figcaption>\n\t\t\t\t\t\t\t\t\t\t<\/figure>\n\t\t\t\t\t\t\t\t\t<\/div>\n\t\t\t\t<\/div>\n\t\t\t\t<\/div>\n\t\t<div class=\"elementor-element elementor-element-4853cba e-con-full e-flex e-con e-child\" data-id=\"4853cba\" data-element_type=\"container\">\n\t\t\t\t<div class=\"elementor-element elementor-element-4f272a1 elementor-widget elementor-widget-image\" data-id=\"4f272a1\" data-element_type=\"widget\" data-widget_type=\"image.default\">\n\t\t\t\t<div class=\"elementor-widget-container\">\n\t\t\t\t\t\t\t\t\t\t\t\t<figure class=\"wp-caption\">\n\t\t\t\t\t\t\t\t\t\t\t<a href=\"https:\/\/www.spaziomuseovespa.com\/vespa-tour-roma-moderna-e-ostia-antica\/\">\n\t\t\t\t\t\t\t<img loading=\"lazy\" decoding=\"async\" width=\"600\" height=\"469\" src=\"https:\/\/www.spaziomuseovespa.com\/wp-content\/uploads\/Vespa-Tour-Roma-moderna-e-Ostia-Antica.jpg\" class=\"attachment-medium_large size-medium_large wp-image-434\" alt=\"\" srcset=\"https:\/\/www.spaziomuseovespa.com\/wp-content\/uploads\/Vespa-Tour-Roma-moderna-e-Ostia-Antica.jpg 600w, https:\/\/www.spaziomuseovespa.com\/wp-content\/uploads\/Vespa-Tour-Roma-moderna-e-Ostia-Antica-300x235.jpg 300w\" sizes=\"(max-width: 600px) 100vw, 600px\" \/>\t\t\t\t\t\t\t\t<\/a>\n\t\t\t\t\t\t\t\t\t\t\t<figcaption class=\"widget-image-caption wp-caption-text\">Vespa tour<br>Roma y Ostia Antica<\/figcaption>\n\t\t\t\t\t\t\t\t\t\t<\/figure>\n\t\t\t\t\t\t\t\t\t<\/div>\n\t\t\t\t<\/div>\n\t\t\t\t<\/div>\n\t\t\t\t<\/div>\n\t\t\t\t\t<\/div>\n\t\t\t\t<\/div>\n\t\t\t\t<\/div>\n\t\t\t\t<\/div>\n\t\t\t\t\t\t<\/div>\n\t\t\t\t<\/div>\n\t\t\t\t\t<\/div>\n\t\t\t\t<\/div>\n\t\t<div class=\"elementor-element elementor-element-7bbed0b e-flex e-con-boxed e-con e-parent\" data-id=\"7bbed0b\" data-element_type=\"container\">\n\t\t\t\t\t<div class=\"e-con-inner\">\n\t\t\t\t<div class=\"elementor-element elementor-element-5010171 elementor-widget elementor-widget-heading\" data-id=\"5010171\" data-element_type=\"widget\" data-widget_type=\"heading.default\">\n\t\t\t\t<div class=\"elementor-widget-container\">\n\t\t\t\t\t<h2 class=\"elementor-heading-title elementor-size-default\">... y si eres un conductor experimentado, alquila tu Vespa para descubrir las maravillas de Roma<\/h2>\t\t\t\t<\/div>\n\t\t\t\t<\/div>\n\t\t\t\t<div class=\"elementor-element elementor-element-357c0c3 elementor-widget elementor-widget-template\" data-id=\"357c0c3\" data-element_type=\"widget\" data-widget_type=\"template.default\">\n\t\t\t\t<div class=\"elementor-widget-container\">\n\t\t\t\t\t\t\t<div class=\"elementor-template\">\n\t\t\t\t\t<div data-elementor-type=\"section\" data-elementor-id=\"1972\" class=\"elementor elementor-1972 elementor-1698\" data-elementor-post-type=\"elementor_library\">\n\t\t\t<div class=\"elementor-element elementor-element-ab87375 e-flex e-con-boxed e-con e-parent\" data-id=\"ab87375\" data-element_type=\"container\">\n\t\t\t\t\t<div class=\"e-con-inner\">\n\t\t<div class=\"elementor-element elementor-element-6eef2e6 e-con-full e-flex e-con e-child\" data-id=\"6eef2e6\" data-element_type=\"container\">\n\t\t<div class=\"elementor-element elementor-element-341e335 e-con-full e-flex e-con e-child\" data-id=\"341e335\" data-element_type=\"container\">\n\t\t\t\t<div class=\"elementor-element elementor-element-56b5421 elementor-widget elementor-widget-image\" data-id=\"56b5421\" data-element_type=\"widget\" data-widget_type=\"image.default\">\n\t\t\t\t<div class=\"elementor-widget-container\">\n\t\t\t\t\t\t\t\t\t\t\t\t\t\t\t\t<a href=\"https:\/\/bicibaci.com\/\" target=\"_blank\">\n\t\t\t\t\t\t\t<img loading=\"lazy\" decoding=\"async\" width=\"200\" height=\"49\" src=\"https:\/\/www.spaziomuseovespa.com\/wp-content\/uploads\/bicibaci-logo-2023.webp\" class=\"attachment-medium_large size-medium_large wp-image-584\" alt=\"\" \/>\t\t\t\t\t\t\t\t<\/a>\n\t\t\t\t\t\t\t\t\t\t\t\t\t\t\t<\/div>\n\t\t\t\t<\/div>\n\t\t\t\t<div class=\"elementor-element elementor-element-99c90bf elementor-widget elementor-widget-heading\" data-id=\"99c90bf\" data-element_type=\"widget\" data-widget_type=\"heading.default\">\n\t\t\t\t<div class=\"elementor-widget-container\">\n\t\t\t\t\t<h2 class=\"elementor-heading-title elementor-size-default\"><a href=\"https:\/\/bicibaci.com\/\" target=\"_blank\">bicibaci.com\/es<\/a><\/h2>\t\t\t\t<\/div>\n\t\t\t\t<\/div>\n\t\t\t\t<div class=\"elementor-element elementor-element-5ebd6b2 elementor-widget elementor-widget-heading\" data-id=\"5ebd6b2\" data-element_type=\"widget\" data-widget_type=\"heading.default\">\n\t\t\t\t<div class=\"elementor-widget-container\">\n\t\t\t\t\t<div class=\"elementor-heading-title elementor-size-default\">Tu pareja ideal<\/div>\t\t\t\t<\/div>\n\t\t\t\t<\/div>\n\t\t\t\t<\/div>\n\t\t<div class=\"elementor-element elementor-element-8778fe8 e-con-full e-flex e-con e-child\" data-id=\"8778fe8\" data-element_type=\"container\">\n\t\t\t\t<div class=\"elementor-element elementor-element-c00a063 elementor-widget elementor-widget-image\" data-id=\"c00a063\" data-element_type=\"widget\" data-widget_type=\"image.default\">\n\t\t\t\t<div class=\"elementor-widget-container\">\n\t\t\t\t\t\t\t\t\t\t\t\t\t\t\t\t<a href=\"https:\/\/bicibaci.com\/prodotto\/scooter-categoria-b1\/\" target=\"_blank\">\n\t\t\t\t\t\t\t<img loading=\"lazy\" decoding=\"async\" width=\"600\" height=\"471\" src=\"https:\/\/www.spaziomuseovespa.com\/wp-content\/uploads\/scooter_cat_b1.jpg\" class=\"attachment-medium_large size-medium_large wp-image-564\" alt=\"\" srcset=\"https:\/\/www.spaziomuseovespa.com\/wp-content\/uploads\/scooter_cat_b1.jpg 600w, https:\/\/www.spaziomuseovespa.com\/wp-content\/uploads\/scooter_cat_b1-300x236.jpg 300w\" sizes=\"(max-width: 600px) 100vw, 600px\" \/>\t\t\t\t\t\t\t\t<\/a>\n\t\t\t\t\t\t\t\t\t\t\t\t\t\t\t<\/div>\n\t\t\t\t<\/div>\n\t\t\t\t<\/div>\n\t\t<div class=\"elementor-element elementor-element-b1f717e e-con-full e-flex e-con e-child\" data-id=\"b1f717e\" data-element_type=\"container\">\n\t\t\t\t<div class=\"elementor-element elementor-element-c4d5fb6 elementor-widget elementor-widget-image\" data-id=\"c4d5fb6\" data-element_type=\"widget\" data-widget_type=\"image.default\">\n\t\t\t\t<div class=\"elementor-widget-container\">\n\t\t\t\t\t\t\t\t\t\t\t\t\t\t\t\t<a href=\"https:\/\/bicibaci.com\/prodotto\/scooter-categoria-e\/\" target=\"_blank\">\n\t\t\t\t\t\t\t<img loading=\"lazy\" decoding=\"async\" width=\"600\" height=\"471\" src=\"https:\/\/www.spaziomuseovespa.com\/wp-content\/uploads\/vespa_red_cat_E.jpg\" class=\"attachment-medium_large size-medium_large wp-image-579\" alt=\"\" srcset=\"https:\/\/www.spaziomuseovespa.com\/wp-content\/uploads\/vespa_red_cat_E.jpg 600w, https:\/\/www.spaziomuseovespa.com\/wp-content\/uploads\/vespa_red_cat_E-300x236.jpg 300w\" sizes=\"(max-width: 600px) 100vw, 600px\" \/>\t\t\t\t\t\t\t\t<\/a>\n\t\t\t\t\t\t\t\t\t\t\t\t\t\t\t<\/div>\n\t\t\t\t<\/div>\n\t\t\t\t<\/div>\n\t\t<div class=\"elementor-element elementor-element-6868fe3 e-con-full e-flex e-con e-child\" data-id=\"6868fe3\" data-element_type=\"container\">\n\t\t\t\t<div class=\"elementor-element elementor-element-763973b elementor-widget elementor-widget-image\" data-id=\"763973b\" data-element_type=\"widget\" data-widget_type=\"image.default\">\n\t\t\t\t<div class=\"elementor-widget-container\">\n\t\t\t\t\t\t\t\t\t\t\t\t\t\t\t\t<a href=\"https:\/\/bicibaci.com\/prodotto\/vespa-street-art\/\" target=\"_blank\">\n\t\t\t\t\t\t\t<img loading=\"lazy\" decoding=\"async\" width=\"600\" height=\"471\" src=\"https:\/\/www.spaziomuseovespa.com\/wp-content\/uploads\/vespa-street-art.jpg\" class=\"attachment-medium_large size-medium_large wp-image-574\" alt=\"\" srcset=\"https:\/\/www.spaziomuseovespa.com\/wp-content\/uploads\/vespa-street-art.jpg 600w, https:\/\/www.spaziomuseovespa.com\/wp-content\/uploads\/vespa-street-art-300x236.jpg 300w\" sizes=\"(max-width: 600px) 100vw, 600px\" \/>\t\t\t\t\t\t\t\t<\/a>\n\t\t\t\t\t\t\t\t\t\t\t\t\t\t\t<\/div>\n\t\t\t\t<\/div>\n\t\t\t\t<\/div>\n\t\t<div class=\"elementor-element elementor-element-7c7d8ac e-con-full e-flex e-con e-child\" data-id=\"7c7d8ac\" data-element_type=\"container\">\n\t\t\t\t<div class=\"elementor-element elementor-element-69c1f6c elementor-widget elementor-widget-image\" data-id=\"69c1f6c\" data-element_type=\"widget\" data-widget_type=\"image.default\">\n\t\t\t\t<div class=\"elementor-widget-container\">\n\t\t\t\t\t\t\t\t\t\t\t\t\t\t\t\t<a href=\"https:\/\/bicibaci.com\/prodotto\/scooter-categoria-f\/\" target=\"_blank\">\n\t\t\t\t\t\t\t<img loading=\"lazy\" decoding=\"async\" width=\"600\" height=\"471\" src=\"https:\/\/www.spaziomuseovespa.com\/wp-content\/uploads\/vespa_red_cat_F.jpg\" class=\"attachment-medium_large size-medium_large wp-image-569\" alt=\"\" srcset=\"https:\/\/www.spaziomuseovespa.com\/wp-content\/uploads\/vespa_red_cat_F.jpg 600w, https:\/\/www.spaziomuseovespa.com\/wp-content\/uploads\/vespa_red_cat_F-300x236.jpg 300w\" sizes=\"(max-width: 600px) 100vw, 600px\" \/>\t\t\t\t\t\t\t\t<\/a>\n\t\t\t\t\t\t\t\t\t\t\t\t\t\t\t<\/div>\n\t\t\t\t<\/div>\n\t\t\t\t<\/div>\n\t\t\t\t<\/div>\n\t\t\t\t\t<\/div>\n\t\t\t\t<\/div>\n\t\t\t\t<\/div>\n\t\t\t\t<\/div>\n\t\t\t\t\t\t<\/div>\n\t\t\t\t<\/div>\n\t\t\t\t\t<\/div>\n\t\t\t\t<\/div>\n\t\t\t\t<\/div>\n\t\t","protected":false},"excerpt":{"rendered":"<p>Tour en Vespa por la Roma Imperial: Descubra la Columna de Trajano y los secretos de la antigua Roma en un emocionante recorrido en Vespa. Un d\u00eda de historia y aventura en el coraz\u00f3n de Roma. Explore la ciudad y experimente un recorrido \u00fanico en bicicleta para descubrir la Columna de Trajano y las maravillas [&hellip;]<\/p>\n","protected":false},"author":1,"featured_media":4352,"parent":3373,"menu_order":0,"comment_status":"closed","ping_status":"closed","template":"","meta":{"footnotes":""},"luogo_monumento":[50],"class_list":["post-3510","page","type-page","status-publish","has-post-thumbnail","hentry","luogo_monumento-roma-antica-es"],"yoast_head":"<!-- This site is optimized with the Yoast SEO plugin v26.7 - https:\/\/yoast.com\/wordpress\/plugins\/seo\/ -->\n<title>Colonna Traiana - Spazio Museo Vespa | Tours y alquileres Vespa en Roma<\/title>\n<meta name=\"description\" content=\"Descubre Colonna Traiana, alquiler o tour en vespa, bicicleta, scooter, tuk tuk en Roma, Bici Baci es tu socio ideal\" \/>\n<meta name=\"robots\" content=\"index, follow, max-snippet:-1, max-image-preview:large, max-video-preview:-1\" \/>\n<link rel=\"canonical\" href=\"https:\/\/www.spaziomuseovespa.com\/es\/descubre-roma-y-sus-monumentos\/colonna-traiana\/\" \/>\n<meta property=\"og:locale\" content=\"es_ES\" \/>\n<meta property=\"og:type\" content=\"article\" \/>\n<meta property=\"og:title\" content=\"Colonna Traiana - Spazio Museo Vespa | Tours y alquileres Vespa en Roma\" \/>\n<meta property=\"og:description\" content=\"Descubre Colonna Traiana, alquiler o tour en vespa, bicicleta, scooter, tuk tuk en Roma, Bici Baci es tu socio ideal\" \/>\n<meta property=\"og:url\" content=\"https:\/\/www.spaziomuseovespa.com\/es\/descubre-roma-y-sus-monumentos\/colonna-traiana\/\" \/>\n<meta property=\"og:site_name\" content=\"Spazio Museo Vespa\" \/>\n<meta property=\"article:modified_time\" content=\"2024-10-25T11:56:11+00:00\" \/>\n<meta property=\"og:image\" content=\"https:\/\/www.spaziomuseovespa.com\/wp-content\/uploads\/Colonna-Traiana-0.jpg\" \/>\n\t<meta property=\"og:image:width\" content=\"1920\" \/>\n\t<meta property=\"og:image:height\" content=\"1080\" \/>\n\t<meta property=\"og:image:type\" content=\"image\/jpeg\" \/>\n<meta name=\"twitter:card\" content=\"summary_large_image\" \/>\n<meta name=\"twitter:label1\" content=\"Tiempo de lectura\" \/>\n\t<meta name=\"twitter:data1\" content=\"7 minutos\" \/>\n<script type=\"application\/ld+json\" class=\"yoast-schema-graph\">{\"@context\":\"https:\/\/schema.org\",\"@graph\":[{\"@type\":\"WebPage\",\"@id\":\"https:\/\/www.spaziomuseovespa.com\/es\/descubre-roma-y-sus-monumentos\/colonna-traiana\/\",\"url\":\"https:\/\/www.spaziomuseovespa.com\/es\/descubre-roma-y-sus-monumentos\/colonna-traiana\/\",\"name\":\"Colonna Traiana - Spazio Museo Vespa | Tours y alquileres Vespa en Roma\",\"isPartOf\":{\"@id\":\"https:\/\/www.spaziomuseovespa.com\/es\/#website\"},\"primaryImageOfPage\":{\"@id\":\"https:\/\/www.spaziomuseovespa.com\/es\/descubre-roma-y-sus-monumentos\/colonna-traiana\/#primaryimage\"},\"image\":{\"@id\":\"https:\/\/www.spaziomuseovespa.com\/es\/descubre-roma-y-sus-monumentos\/colonna-traiana\/#primaryimage\"},\"thumbnailUrl\":\"https:\/\/www.spaziomuseovespa.com\/wp-content\/uploads\/Colonna-Traiana-0.jpg\",\"datePublished\":\"2024-10-10T11:21:10+00:00\",\"dateModified\":\"2024-10-25T11:56:11+00:00\",\"description\":\"Descubre Colonna Traiana, alquiler o tour en vespa, bicicleta, scooter, tuk tuk en Roma, Bici Baci es tu socio ideal\",\"breadcrumb\":{\"@id\":\"https:\/\/www.spaziomuseovespa.com\/es\/descubre-roma-y-sus-monumentos\/colonna-traiana\/#breadcrumb\"},\"inLanguage\":\"es\",\"potentialAction\":[{\"@type\":\"ReadAction\",\"target\":[\"https:\/\/www.spaziomuseovespa.com\/es\/descubre-roma-y-sus-monumentos\/colonna-traiana\/\"]}]},{\"@type\":\"ImageObject\",\"inLanguage\":\"es\",\"@id\":\"https:\/\/www.spaziomuseovespa.com\/es\/descubre-roma-y-sus-monumentos\/colonna-traiana\/#primaryimage\",\"url\":\"https:\/\/www.spaziomuseovespa.com\/wp-content\/uploads\/Colonna-Traiana-0.jpg\",\"contentUrl\":\"https:\/\/www.spaziomuseovespa.com\/wp-content\/uploads\/Colonna-Traiana-0.jpg\",\"width\":1920,\"height\":1080,\"caption\":\"Colonna Traiana\"},{\"@type\":\"BreadcrumbList\",\"@id\":\"https:\/\/www.spaziomuseovespa.com\/es\/descubre-roma-y-sus-monumentos\/colonna-traiana\/#breadcrumb\",\"itemListElement\":[{\"@type\":\"ListItem\",\"position\":1,\"name\":\"Home\",\"item\":\"https:\/\/www.spaziomuseovespa.com\/es\/homepage\/\"},{\"@type\":\"ListItem\",\"position\":2,\"name\":\"Descubre Roma y sus Monumentos\",\"item\":\"https:\/\/www.spaziomuseovespa.com\/es\/descubre-roma-y-sus-monumentos\/\"},{\"@type\":\"ListItem\",\"position\":3,\"name\":\"Colonna Traiana\"}]},{\"@type\":\"WebSite\",\"@id\":\"https:\/\/www.spaziomuseovespa.com\/es\/#website\",\"url\":\"https:\/\/www.spaziomuseovespa.com\/es\/\",\"name\":\"Spazio Museo Vespa\",\"description\":\"\",\"publisher\":{\"@id\":\"https:\/\/www.spaziomuseovespa.com\/es\/#organization\"},\"potentialAction\":[{\"@type\":\"SearchAction\",\"target\":{\"@type\":\"EntryPoint\",\"urlTemplate\":\"https:\/\/www.spaziomuseovespa.com\/es\/?s={search_term_string}\"},\"query-input\":{\"@type\":\"PropertyValueSpecification\",\"valueRequired\":true,\"valueName\":\"search_term_string\"}}],\"inLanguage\":\"es\"},{\"@type\":\"Organization\",\"@id\":\"https:\/\/www.spaziomuseovespa.com\/es\/#organization\",\"name\":\"Spazio Museo Vespa\",\"url\":\"https:\/\/www.spaziomuseovespa.com\/es\/\",\"logo\":{\"@type\":\"ImageObject\",\"inLanguage\":\"es\",\"@id\":\"https:\/\/www.spaziomuseovespa.com\/es\/#\/schema\/logo\/image\/\",\"url\":\"https:\/\/www.spaziomuseovespa.com\/wp-content\/uploads\/logo.png\",\"contentUrl\":\"https:\/\/www.spaziomuseovespa.com\/wp-content\/uploads\/logo.png\",\"width\":322,\"height\":95,\"caption\":\"Spazio Museo Vespa\"},\"image\":{\"@id\":\"https:\/\/www.spaziomuseovespa.com\/es\/#\/schema\/logo\/image\/\"}}]}<\/script>\n<!-- \/ Yoast SEO plugin. -->","yoast_head_json":{"title":"Colonna Traiana - Spazio Museo Vespa | Tours y alquileres Vespa en Roma","description":"Descubre Colonna Traiana, alquiler o tour en vespa, bicicleta, scooter, tuk tuk en Roma, Bici Baci es tu socio ideal","robots":{"index":"index","follow":"follow","max-snippet":"max-snippet:-1","max-image-preview":"max-image-preview:large","max-video-preview":"max-video-preview:-1"},"canonical":"https:\/\/www.spaziomuseovespa.com\/es\/descubre-roma-y-sus-monumentos\/colonna-traiana\/","og_locale":"es_ES","og_type":"article","og_title":"Colonna Traiana - Spazio Museo Vespa | Tours y alquileres Vespa en Roma","og_description":"Descubre Colonna Traiana, alquiler o tour en vespa, bicicleta, scooter, tuk tuk en Roma, Bici Baci es tu socio ideal","og_url":"https:\/\/www.spaziomuseovespa.com\/es\/descubre-roma-y-sus-monumentos\/colonna-traiana\/","og_site_name":"Spazio Museo Vespa","article_modified_time":"2024-10-25T11:56:11+00:00","og_image":[{"width":1920,"height":1080,"url":"https:\/\/www.spaziomuseovespa.com\/wp-content\/uploads\/Colonna-Traiana-0.jpg","type":"image\/jpeg"}],"twitter_card":"summary_large_image","twitter_misc":{"Tiempo de lectura":"7 minutos"},"schema":{"@context":"https:\/\/schema.org","@graph":[{"@type":"WebPage","@id":"https:\/\/www.spaziomuseovespa.com\/es\/descubre-roma-y-sus-monumentos\/colonna-traiana\/","url":"https:\/\/www.spaziomuseovespa.com\/es\/descubre-roma-y-sus-monumentos\/colonna-traiana\/","name":"Colonna Traiana - Spazio Museo Vespa | Tours y alquileres Vespa en Roma","isPartOf":{"@id":"https:\/\/www.spaziomuseovespa.com\/es\/#website"},"primaryImageOfPage":{"@id":"https:\/\/www.spaziomuseovespa.com\/es\/descubre-roma-y-sus-monumentos\/colonna-traiana\/#primaryimage"},"image":{"@id":"https:\/\/www.spaziomuseovespa.com\/es\/descubre-roma-y-sus-monumentos\/colonna-traiana\/#primaryimage"},"thumbnailUrl":"https:\/\/www.spaziomuseovespa.com\/wp-content\/uploads\/Colonna-Traiana-0.jpg","datePublished":"2024-10-10T11:21:10+00:00","dateModified":"2024-10-25T11:56:11+00:00","description":"Descubre Colonna Traiana, alquiler o tour en vespa, bicicleta, scooter, tuk tuk en Roma, Bici Baci es tu socio ideal","breadcrumb":{"@id":"https:\/\/www.spaziomuseovespa.com\/es\/descubre-roma-y-sus-monumentos\/colonna-traiana\/#breadcrumb"},"inLanguage":"es","potentialAction":[{"@type":"ReadAction","target":["https:\/\/www.spaziomuseovespa.com\/es\/descubre-roma-y-sus-monumentos\/colonna-traiana\/"]}]},{"@type":"ImageObject","inLanguage":"es","@id":"https:\/\/www.spaziomuseovespa.com\/es\/descubre-roma-y-sus-monumentos\/colonna-traiana\/#primaryimage","url":"https:\/\/www.spaziomuseovespa.com\/wp-content\/uploads\/Colonna-Traiana-0.jpg","contentUrl":"https:\/\/www.spaziomuseovespa.com\/wp-content\/uploads\/Colonna-Traiana-0.jpg","width":1920,"height":1080,"caption":"Colonna Traiana"},{"@type":"BreadcrumbList","@id":"https:\/\/www.spaziomuseovespa.com\/es\/descubre-roma-y-sus-monumentos\/colonna-traiana\/#breadcrumb","itemListElement":[{"@type":"ListItem","position":1,"name":"Home","item":"https:\/\/www.spaziomuseovespa.com\/es\/homepage\/"},{"@type":"ListItem","position":2,"name":"Descubre Roma y sus Monumentos","item":"https:\/\/www.spaziomuseovespa.com\/es\/descubre-roma-y-sus-monumentos\/"},{"@type":"ListItem","position":3,"name":"Colonna Traiana"}]},{"@type":"WebSite","@id":"https:\/\/www.spaziomuseovespa.com\/es\/#website","url":"https:\/\/www.spaziomuseovespa.com\/es\/","name":"Spazio Museo Vespa","description":"","publisher":{"@id":"https:\/\/www.spaziomuseovespa.com\/es\/#organization"},"potentialAction":[{"@type":"SearchAction","target":{"@type":"EntryPoint","urlTemplate":"https:\/\/www.spaziomuseovespa.com\/es\/?s={search_term_string}"},"query-input":{"@type":"PropertyValueSpecification","valueRequired":true,"valueName":"search_term_string"}}],"inLanguage":"es"},{"@type":"Organization","@id":"https:\/\/www.spaziomuseovespa.com\/es\/#organization","name":"Spazio Museo Vespa","url":"https:\/\/www.spaziomuseovespa.com\/es\/","logo":{"@type":"ImageObject","inLanguage":"es","@id":"https:\/\/www.spaziomuseovespa.com\/es\/#\/schema\/logo\/image\/","url":"https:\/\/www.spaziomuseovespa.com\/wp-content\/uploads\/logo.png","contentUrl":"https:\/\/www.spaziomuseovespa.com\/wp-content\/uploads\/logo.png","width":322,"height":95,"caption":"Spazio Museo Vespa"},"image":{"@id":"https:\/\/www.spaziomuseovespa.com\/es\/#\/schema\/logo\/image\/"}}]}},"_links":{"self":[{"href":"https:\/\/www.spaziomuseovespa.com\/es\/wp-json\/wp\/v2\/pages\/3510","targetHints":{"allow":["GET"]}}],"collection":[{"href":"https:\/\/www.spaziomuseovespa.com\/es\/wp-json\/wp\/v2\/pages"}],"about":[{"href":"https:\/\/www.spaziomuseovespa.com\/es\/wp-json\/wp\/v2\/types\/page"}],"author":[{"embeddable":true,"href":"https:\/\/www.spaziomuseovespa.com\/es\/wp-json\/wp\/v2\/users\/1"}],"replies":[{"embeddable":true,"href":"https:\/\/www.spaziomuseovespa.com\/es\/wp-json\/wp\/v2\/comments?post=3510"}],"version-history":[{"count":0,"href":"https:\/\/www.spaziomuseovespa.com\/es\/wp-json\/wp\/v2\/pages\/3510\/revisions"}],"up":[{"embeddable":true,"href":"https:\/\/www.spaziomuseovespa.com\/es\/wp-json\/wp\/v2\/pages\/3373"}],"wp:featuredmedia":[{"embeddable":true,"href":"https:\/\/www.spaziomuseovespa.com\/es\/wp-json\/wp\/v2\/media\/4352"}],"wp:attachment":[{"href":"https:\/\/www.spaziomuseovespa.com\/es\/wp-json\/wp\/v2\/media?parent=3510"}],"wp:term":[{"taxonomy":"luogo_monumento","embeddable":true,"href":"https:\/\/www.spaziomuseovespa.com\/es\/wp-json\/wp\/v2\/luogo_monumento?post=3510"}],"curies":[{"name":"wp","href":"https:\/\/api.w.org\/{rel}","templated":true}]}}