{"id":3615,"date":"2024-10-15T09:45:49","date_gmt":"2024-10-15T07:45:49","guid":{"rendered":"https:\/\/www.spaziomuseovespa.com\/descubre-roma-y-sus-monumentos\/reyes-y-emperadores-de-roma\/"},"modified":"2024-10-24T18:19:53","modified_gmt":"2024-10-24T16:19:53","slug":"reyes-y-emperadores-de-roma","status":"publish","type":"page","link":"https:\/\/www.spaziomuseovespa.com\/es\/descubre-roma-y-sus-monumentos\/reyes-y-emperadores-de-roma\/","title":{"rendered":"Reyes y Emperadores de Roma"},"content":{"rendered":"\t\t<div data-elementor-type=\"wp-page\" data-elementor-id=\"3615\" class=\"elementor elementor-3615 elementor-2529\" data-elementor-post-type=\"page\">\n\t\t\t\t<div class=\"elementor-element elementor-element-a2c7424 e-flex e-con-boxed e-con e-parent\" data-id=\"a2c7424\" data-element_type=\"container\" data-settings=\"{&quot;background_background&quot;:&quot;classic&quot;}\">\n\t\t\t\t\t<div class=\"e-con-inner\">\n\t\t\t\t<div class=\"elementor-element elementor-element-495600d elementor-widget elementor-widget-heading\" data-id=\"495600d\" data-element_type=\"widget\" data-widget_type=\"heading.default\">\n\t\t\t\t<div class=\"elementor-widget-container\">\n\t\t\t\t\t<h1 class=\"elementor-heading-title elementor-size-default\">Reyes y Emperadores de Roma<\/h1>\t\t\t\t<\/div>\n\t\t\t\t<\/div>\n\t\t\t\t\t<\/div>\n\t\t\t\t<\/div>\n\t\t<div class=\"elementor-element elementor-element-fb4dc40 e-flex e-con-boxed e-con e-parent\" data-id=\"fb4dc40\" data-element_type=\"container\">\n\t\t\t\t\t<div class=\"e-con-inner\">\n\t\t\t\t<div class=\"elementor-element elementor-element-e2c4372 elementor-widget elementor-widget-text-editor\" data-id=\"e2c4372\" data-element_type=\"widget\" data-widget_type=\"text-editor.default\">\n\t\t\t\t<div class=\"elementor-widget-container\">\n\t\t\t\t\t\t\t\t\t<p>Aqu\u00ed hay una lista de los principales reyes y emperadores de Roma desde la fundaci\u00f3n de la ciudad hasta la ca\u00edda del Imperio Romano, divididos en per\u00edodos significativos.<\/p>\n\t\t\t\t\t\t\t\t<\/div>\n\t\t\t\t<\/div>\n\t\t\t\t\t<\/div>\n\t\t\t\t<\/div>\n\t\t<div class=\"elementor-element elementor-element-c43058d e-flex e-con-boxed e-con e-parent\" data-id=\"c43058d\" data-element_type=\"container\">\n\t\t\t\t\t<div class=\"e-con-inner\">\n\t\t\t\t<div class=\"elementor-element elementor-element-7b26ddd elementor-align-center elementor-mobile-align-center elementor-widget elementor-widget-button\" data-id=\"7b26ddd\" data-element_type=\"widget\" data-widget_type=\"button.default\">\n\t\t\t\t<div class=\"elementor-widget-container\">\n\t\t\t\t\t\t\t\t\t<div class=\"elementor-button-wrapper\">\n\t\t\t\t\t<a class=\"elementor-button elementor-button-link elementor-size-sm\" href=\"https:\/\/bicibaci.com\/\" target=\"_blank\">\n\t\t\t\t\t\t<span class=\"elementor-button-content-wrapper\">\n\t\t\t\t\t\t\t\t\t<span class=\"elementor-button-text\">Bici Baci tu compa\u00f1ero ideal para descubrir Roma - Tour y Alquiler en Vespa, Bicicleta, E-bike, Scooter, Tuk Tuk - M\u00e1s informaci\u00f3n  <\/span>\n\t\t\t\t\t<\/span>\n\t\t\t\t\t<\/a>\n\t\t\t\t<\/div>\n\t\t\t\t\t\t\t\t<\/div>\n\t\t\t\t<\/div>\n\t\t\t\t\t<\/div>\n\t\t\t\t<\/div>\n\t\t<div class=\"elementor-element elementor-element-c1f16f6 e-flex e-con-boxed e-con e-parent\" data-id=\"c1f16f6\" data-element_type=\"container\">\n\t\t\t\t\t<div class=\"e-con-inner\">\n\t\t\t\t<div class=\"elementor-element elementor-element-bd6e412 elementor-widget elementor-widget-image\" data-id=\"bd6e412\" data-element_type=\"widget\" data-widget_type=\"image.default\">\n\t\t\t\t<div class=\"elementor-widget-container\">\n\t\t\t\t\t\t\t\t\t\t\t\t<figure class=\"wp-caption\">\n\t\t\t\t\t\t\t\t\t\t\t<a href=\"https:\/\/www.spaziomuseovespa.com\/wp-content\/uploads\/Re-ed-Imperatori-di-Roma-0.jpg\" data-elementor-open-lightbox=\"yes\" data-e-action-hash=\"#elementor-action%3Aaction%3Dlightbox%26settings%3DeyJpZCI6NDgyNCwidXJsIjoiaHR0cHM6XC9cL3d3dy5zcGF6aW9tdXNlb3Zlc3BhLmNvbVwvd3AtY29udGVudFwvdXBsb2Fkc1wvUmUtZWQtSW1wZXJhdG9yaS1kaS1Sb21hLTAuanBnIn0%3D\">\n\t\t\t\t\t\t\t<img fetchpriority=\"high\" decoding=\"async\" width=\"1920\" height=\"1080\" src=\"https:\/\/www.spaziomuseovespa.com\/wp-content\/uploads\/Re-ed-Imperatori-di-Roma-0.jpg\" class=\"attachment-full size-full wp-image-4824\" alt=\"Re ed Imperatori di Roma\" srcset=\"https:\/\/www.spaziomuseovespa.com\/wp-content\/uploads\/Re-ed-Imperatori-di-Roma-0.jpg 1920w, https:\/\/www.spaziomuseovespa.com\/wp-content\/uploads\/Re-ed-Imperatori-di-Roma-0-300x169.jpg 300w, https:\/\/www.spaziomuseovespa.com\/wp-content\/uploads\/Re-ed-Imperatori-di-Roma-0-1024x576.jpg 1024w, https:\/\/www.spaziomuseovespa.com\/wp-content\/uploads\/Re-ed-Imperatori-di-Roma-0-768x432.jpg 768w, https:\/\/www.spaziomuseovespa.com\/wp-content\/uploads\/Re-ed-Imperatori-di-Roma-0-1536x864.jpg 1536w\" sizes=\"(max-width: 1920px) 100vw, 1920px\" \/>\t\t\t\t\t\t\t\t<\/a>\n\t\t\t\t\t\t\t\t\t\t\t<figcaption class=\"widget-image-caption wp-caption-text\"><\/figcaption>\n\t\t\t\t\t\t\t\t\t\t<\/figure>\n\t\t\t\t\t\t\t\t\t<\/div>\n\t\t\t\t<\/div>\n\t\t\t\t\t<\/div>\n\t\t\t\t<\/div>\n\t\t<div class=\"elementor-element elementor-element-c10a9b9 e-flex e-con-boxed e-con e-parent\" data-id=\"c10a9b9\" data-element_type=\"container\">\n\t\t\t\t\t<div class=\"e-con-inner\">\n\t\t\t\t<div class=\"elementor-element elementor-element-1e06551 elementor-widget elementor-widget-heading\" data-id=\"1e06551\" data-element_type=\"widget\" data-widget_type=\"heading.default\">\n\t\t\t\t<div class=\"elementor-widget-container\">\n\t\t\t\t\t<h2 class=\"elementor-heading-title elementor-size-default\">Per\u00edodo de la monarqu\u00eda romana (753-509 a. C.)<\/h2>\t\t\t\t<\/div>\n\t\t\t\t<\/div>\n\t\t\t\t<div class=\"elementor-element elementor-element-e7f071c elementor-widget elementor-widget-text-editor\" data-id=\"e7f071c\" data-element_type=\"widget\" data-widget_type=\"text-editor.default\">\n\t\t\t\t<div class=\"elementor-widget-container\">\n\t\t\t\t\t\t\t\t\t<p>Durante este per\u00edodo, Roma fue gobernada por los llamados \u00abSiete Reyes de Roma\u00bb.<\/p>\n<p><strong>R\u00f3mulo<\/strong> (753-716 a. C.) &#8211; Fundador y primer rey de Roma, conocido por instituir las primeras leyes y dividir al pueblo romano en patricios y plebeyos.<\/p>\n<p><strong>Numa Pompilio<\/strong> (715-673 a. C.) &#8211; Rey de origen sabino, famoso por fundar instituciones religiosas romanas y traer paz y orden.<\/p>\n<p><strong>Tulio Hostilio<\/strong> (673-642 a. C.) \u2013 Guerrero y conquistador, lider\u00f3 a Roma en numerosas guerras, como la contra Albalonga.<\/p>\n<p><strong>Anco Marcio (<\/strong> 642-617 a. C.) \u2013 Nieto de Numa, ampli\u00f3 el territorio romano y fund\u00f3 Ostia.<\/p>\n<p><strong>Tarquinio Prisco<\/strong> (616-578 a. C.) \u2013 De origen etrusco, aport\u00f3 grandes innovaciones arquitect\u00f3nicas y militares.<\/p>\n<p><strong>Servio Tulio<\/strong> (578-534 a. C.) \u2013 Introdujo reformas sociales y militares y ampli\u00f3 la ciudad.<\/p>\n<p><strong>Tarquinio el Soberbio<\/strong> (534-509 a. C.) &#8211; \u00daltimo rey de Roma, conocido por su gobierno tir\u00e1nico; fue expulsado, lo que dio lugar al nacimiento de la Rep\u00fablica.<\/p>\n\t\t\t\t\t\t\t\t<\/div>\n\t\t\t\t<\/div>\n\t\t\t\t\t<\/div>\n\t\t\t\t<\/div>\n\t\t<div class=\"elementor-element elementor-element-de6f7f4 e-flex e-con-boxed e-con e-parent\" data-id=\"de6f7f4\" data-element_type=\"container\">\n\t\t\t\t\t<div class=\"e-con-inner\">\n\t\t\t\t\t<\/div>\n\t\t\t\t<\/div>\n\t\t<div class=\"elementor-element elementor-element-f0bc0b9 e-flex e-con-boxed e-con e-parent\" data-id=\"f0bc0b9\" data-element_type=\"container\">\n\t\t\t\t\t<div class=\"e-con-inner\">\n\t\t\t\t<div class=\"elementor-element elementor-element-29190b6 elementor-widget elementor-widget-heading\" data-id=\"29190b6\" data-element_type=\"widget\" data-widget_type=\"heading.default\">\n\t\t\t\t<div class=\"elementor-widget-container\">\n\t\t\t\t\t<h2 class=\"elementor-heading-title elementor-size-default\">Per\u00edodo de la Rep\u00fablica Romana (509-27 a. C.)<\/h2>\t\t\t\t<\/div>\n\t\t\t\t<\/div>\n\t\t\t\t<div class=\"elementor-element elementor-element-7da5c7b elementor-widget elementor-widget-text-editor\" data-id=\"7da5c7b\" data-element_type=\"widget\" data-widget_type=\"text-editor.default\">\n\t\t\t\t<div class=\"elementor-widget-container\">\n\t\t\t\t\t\t\t\t\t<p>En esta etapa, Roma no ten\u00eda reyes ni emperadores, sino que era gobernada por c\u00f3nsules elegidos anualmente. Sin embargo, algunos comandantes militares y dictadores asumieron un poder excepcional: <\/p>\n<p><strong>Lucio Cornelio Sila<\/strong> &#8211; Dictador con poderes extraordinarios, gobern\u00f3 del 82 al 79 a. C.<\/p>\n<p><strong>Cayo Julio C\u00e9sar<\/strong> \u2013 No fue emperador, sino dictador perpetuo del 49 al 44 a.C., hasta su muerte.<\/p>\n\t\t\t\t\t\t\t\t<\/div>\n\t\t\t\t<\/div>\n\t\t\t\t\t<\/div>\n\t\t\t\t<\/div>\n\t\t<div class=\"elementor-element elementor-element-a51a73f e-flex e-con-boxed e-con e-parent\" data-id=\"a51a73f\" data-element_type=\"container\">\n\t\t\t\t\t<div class=\"e-con-inner\">\n\t\t\t\t<div class=\"elementor-element elementor-element-e3c9bd7 elementor-widget elementor-widget-heading\" data-id=\"e3c9bd7\" data-element_type=\"widget\" data-widget_type=\"heading.default\">\n\t\t\t\t<div class=\"elementor-widget-container\">\n\t\t\t\t\t<h2 class=\"elementor-heading-title elementor-size-default\">Per\u00edodo del Imperio Romano (27 a. C. - 476 d. C.)<\/h2>\t\t\t\t<\/div>\n\t\t\t\t<\/div>\n\t\t\t\t<div class=\"elementor-element elementor-element-b47cd7e elementor-widget elementor-widget-text-editor\" data-id=\"b47cd7e\" data-element_type=\"widget\" data-widget_type=\"text-editor.default\">\n\t\t\t\t<div class=\"elementor-widget-container\">\n\t\t\t\t\t\t\t\t\t<p>Este per\u00edodo incluye el gobierno de numerosos emperadores, divididos en per\u00edodos hist\u00f3ricos. Aqu\u00ed hay una lista de los principales. <\/p>\n<p><strong>Dinast\u00eda Julio-Claudio (27 a. C. &#8211; 68 d. C<\/strong>.)<\/p>\n<p><strong>Augusto<\/strong> (27 a. C. &#8211; 14 d. C.) &#8211; Primer emperador de Roma, inici\u00f3 la Pax Romana.<\/p>\n<p><strong>Tiberio<\/strong> (14-37 d.C.) \u2013 Sucesor de Augusto, gobern\u00f3 de manera autoritaria.<\/p>\n<p><strong>Cal\u00edgula<\/strong> (37-41 d.C.) &#8211; Famoso por su crueldad y extravagancia.<\/p>\n<p><strong>Claudio<\/strong> (41-54 d.C.) &#8211; Expandi\u00f3 el imperio, conquistando Gran Breta\u00f1a.<\/p>\n<p><strong>Ner\u00f3n<\/strong> (54-68 d.C.) \u2013 Famoso por la persecuci\u00f3n de los cristianos y el gran incendio de Roma.<\/p>\n<p><strong>A\u00f1o de los Cuatro Emperadores (69 d.C.)<\/strong><\/p>\n<p><strong>Galba, Ot\u00f3n, Vitelio y Vespasiano<\/strong> : Sucesivos conflictos internos, cada uno llevado brevemente al poder.<\/p>\n<p><strong>Dinast\u00eda Flavia (69-96 d.C.)<\/strong><\/p>\n<p><strong>Vespasiano<\/strong> (69-79 d.C.) \u2013 Restableci\u00f3 el orden e inici\u00f3 la construcci\u00f3n del Coliseo.<\/p>\n<p><strong>Tito<\/strong> (79-81 d.C.) \u2013 C\u00e9lebre por la conquista de Jerusal\u00e9n.<\/p>\n<p><strong>Domiciano<\/strong> (81-96 d.C.) \u2013 Administr\u00f3 bien el imperio, pero fue asesinado.<\/p>\n<p><strong>Dinast\u00eda Antonina (96-192 d.C.)<\/strong><\/p>\n<p><strong>Nerva<\/strong> (96-98 d.C.) \u2013 Inici\u00f3 el sistema de adopci\u00f3n para elegir al sucesor.<\/p>\n<p><strong>Trajano<\/strong> (98-117 d.C.) \u2013 Expandi\u00f3 el imperio hasta sus m\u00e1ximas fronteras.<\/p>\n<p><strong>Adriano<\/strong> (117-138 d.C.) &#8211; Consolid\u00f3 los l\u00edmites, construyendo el Muro de Adriano.<\/p>\n<p><strong>Antonino P\u00edo<\/strong> (138-161 d.C.) \u2013 Reino pac\u00edfico y pr\u00f3spero.<\/p>\n<p><strong>Marco Aurelio<\/strong> (161-180 d.C.) &#8211; Fil\u00f3sofo, gobern\u00f3 durante las guerras contra los partos.<\/p>\n<p><strong>C\u00f3modo<\/strong> (180-192 d.C.) \u2013 La decadencia del imperio comenz\u00f3 con su gobierno.<\/p>\n<p><strong>Per\u00edodo de anarqu\u00eda militar (192-284 d.C.)<\/strong><\/p>\n<p>Un periodo de inestabilidad con numerosos emperadores proclamados y depuestos por las legiones.<\/p>\n<p><strong>Dominados y Tetrarqu\u00eda (284-337 d.C.)<\/strong><\/p>\n<p><strong>Diocleciano<\/strong> (284-305 d.C.) &#8211; Estableci\u00f3 la tetrarqu\u00eda, dividiendo el imperio.<\/p>\n<p><strong>Constantino el Grande<\/strong> (306-337 d.C.) &#8211; Primer emperador cristiano, fund\u00f3 Constantinopla.<\/p>\n<p><strong>Imperio Romano de Occidente (395-476 d.C.)<\/strong><\/p>\n<p>Despu\u00e9s de la muerte de <strong>Teodosio I<\/strong> (395 d.C.), el Imperio se dividi\u00f3:<\/p>\n<p><strong>Honorio<\/strong> (395-423 d.C.) &#8211; Emperador de Occidente, gobern\u00f3 durante la invasi\u00f3n de Alarico.<\/p>\n<p><strong>Valentiniano III<\/strong> (425-455 d.C.) &#8211; Emperador d\u00e9bil en un per\u00edodo de crisis.<\/p>\n<p><strong>R\u00f3mulo Augusto<\/strong> (475-476 d.C.) \u2013 Considerado el \u00faltimo emperador del Imperio Romano de Occidente, fue depuesto por Odoacro.<\/p>\n<p>Con la deposici\u00f3n de R\u00f3mulo Augusto, el Imperio Romano de Occidente dej\u00f3 de existir formalmente en el a\u00f1o 476 d.C., marcando el final de la era antigua y el comienzo de la Edad Media.<\/p>\n\t\t\t\t\t\t\t\t<\/div>\n\t\t\t\t<\/div>\n\t\t\t\t\t<\/div>\n\t\t\t\t<\/div>\n\t\t<div class=\"elementor-element elementor-element-d2304cb riga_tour e-flex e-con-boxed e-con e-parent\" data-id=\"d2304cb\" data-element_type=\"container\">\n\t\t\t\t\t<div class=\"e-con-inner\">\n\t\t\t\t<div class=\"elementor-element elementor-element-5c98e6d elementor-widget elementor-widget-heading\" data-id=\"5c98e6d\" data-element_type=\"widget\" data-widget_type=\"heading.default\">\n\t\t\t\t<div class=\"elementor-widget-container\">\n\t\t\t\t\t<h2 class=\"elementor-heading-title elementor-size-default\">Elige tu tour en Vespa favorito para visitar Roma<\/h2>\t\t\t\t<\/div>\n\t\t\t\t<\/div>\n\t\t\t\t<div class=\"elementor-element elementor-element-5cc715a elementor-widget elementor-widget-template\" data-id=\"5cc715a\" data-element_type=\"widget\" data-widget_type=\"template.default\">\n\t\t\t\t<div class=\"elementor-widget-container\">\n\t\t\t\t\t\t\t<div class=\"elementor-template\">\n\t\t\t\t\t<div data-elementor-type=\"section\" data-elementor-id=\"1976\" class=\"elementor elementor-1976 elementor-1687\" data-elementor-post-type=\"elementor_library\">\n\t\t\t<div class=\"elementor-element elementor-element-1497235 riga_tour e-flex e-con-boxed e-con e-parent\" data-id=\"1497235\" data-element_type=\"container\">\n\t\t\t\t\t<div class=\"e-con-inner\">\n\t\t<div class=\"elementor-element elementor-element-586e2e8 e-con-full e-flex e-con e-child\" data-id=\"586e2e8\" data-element_type=\"container\">\n\t\t<div class=\"elementor-element elementor-element-6b49b07 e-con-full e-flex e-con e-child\" data-id=\"6b49b07\" data-element_type=\"container\">\n\t\t\t\t<div class=\"elementor-element elementor-element-fc87d99 elementor-widget elementor-widget-image\" data-id=\"fc87d99\" data-element_type=\"widget\" data-widget_type=\"image.default\">\n\t\t\t\t<div class=\"elementor-widget-container\">\n\t\t\t\t\t\t\t\t\t\t\t\t<figure class=\"wp-caption\">\n\t\t\t\t\t\t\t\t\t\t\t<a href=\"https:\/\/www.spaziomuseovespa.com\/vespa-tour-grand-tour-di-roma\/\">\n\t\t\t\t\t\t\t<img decoding=\"async\" width=\"600\" height=\"469\" src=\"https:\/\/www.spaziomuseovespa.com\/wp-content\/uploads\/gran_tour_roma.jpg\" class=\"attachment-medium_large size-medium_large wp-image-444\" alt=\"\" srcset=\"https:\/\/www.spaziomuseovespa.com\/wp-content\/uploads\/gran_tour_roma.jpg 600w, https:\/\/www.spaziomuseovespa.com\/wp-content\/uploads\/gran_tour_roma-300x235.jpg 300w\" sizes=\"(max-width: 600px) 100vw, 600px\" \/>\t\t\t\t\t\t\t\t<\/a>\n\t\t\t\t\t\t\t\t\t\t\t<figcaption class=\"widget-image-caption wp-caption-text\">Vespa tour<br>Grand tour por Roma<\/figcaption>\n\t\t\t\t\t\t\t\t\t\t<\/figure>\n\t\t\t\t\t\t\t\t\t<\/div>\n\t\t\t\t<\/div>\n\t\t\t\t<\/div>\n\t\t<div class=\"elementor-element elementor-element-daa5749 e-con-full e-flex e-con e-child\" data-id=\"daa5749\" data-element_type=\"container\">\n\t\t\t\t<div class=\"elementor-element elementor-element-11cf106 elementor-widget elementor-widget-image\" data-id=\"11cf106\" data-element_type=\"widget\" data-widget_type=\"image.default\">\n\t\t\t\t<div class=\"elementor-widget-container\">\n\t\t\t\t\t\t\t\t\t\t\t\t<figure class=\"wp-caption\">\n\t\t\t\t\t\t\t\t\t\t\t<a href=\"https:\/\/www.spaziomuseovespa.com\/vespa-tour-rome-movie-sets\/\">\n\t\t\t\t\t\t\t<img decoding=\"async\" width=\"600\" height=\"469\" src=\"https:\/\/www.spaziomuseovespa.com\/wp-content\/uploads\/tour_rome_movie_set.jpg\" class=\"attachment-medium_large size-medium_large wp-image-429\" alt=\"\" srcset=\"https:\/\/www.spaziomuseovespa.com\/wp-content\/uploads\/tour_rome_movie_set.jpg 600w, https:\/\/www.spaziomuseovespa.com\/wp-content\/uploads\/tour_rome_movie_set-300x235.jpg 300w\" sizes=\"(max-width: 600px) 100vw, 600px\" \/>\t\t\t\t\t\t\t\t<\/a>\n\t\t\t\t\t\t\t\t\t\t\t<figcaption class=\"widget-image-caption wp-caption-text\">Vespa tour<br>Roma Movie Set<\/figcaption>\n\t\t\t\t\t\t\t\t\t\t<\/figure>\n\t\t\t\t\t\t\t\t\t<\/div>\n\t\t\t\t<\/div>\n\t\t\t\t<\/div>\n\t\t<div class=\"elementor-element elementor-element-912acab e-con-full e-flex e-con e-child\" data-id=\"912acab\" data-element_type=\"container\">\n\t\t\t\t<div class=\"elementor-element elementor-element-0846c51 elementor-widget elementor-widget-image\" data-id=\"0846c51\" data-element_type=\"widget\" data-widget_type=\"image.default\">\n\t\t\t\t<div class=\"elementor-widget-container\">\n\t\t\t\t\t\t\t\t\t\t\t\t<figure class=\"wp-caption\">\n\t\t\t\t\t\t\t\t\t\t\t<a href=\"https:\/\/www.spaziomuseovespa.com\/vespa-tour-castelli-romani\/\">\n\t\t\t\t\t\t\t<img loading=\"lazy\" decoding=\"async\" width=\"600\" height=\"469\" src=\"https:\/\/www.spaziomuseovespa.com\/wp-content\/uploads\/Il-Tour-dei-Castelli-Romani.jpg\" class=\"attachment-medium_large size-medium_large wp-image-439\" alt=\"\" srcset=\"https:\/\/www.spaziomuseovespa.com\/wp-content\/uploads\/Il-Tour-dei-Castelli-Romani.jpg 600w, https:\/\/www.spaziomuseovespa.com\/wp-content\/uploads\/Il-Tour-dei-Castelli-Romani-300x235.jpg 300w\" sizes=\"(max-width: 600px) 100vw, 600px\" \/>\t\t\t\t\t\t\t\t<\/a>\n\t\t\t\t\t\t\t\t\t\t\t<figcaption class=\"widget-image-caption wp-caption-text\">Vespa tour<br>Castelli Romani<\/figcaption>\n\t\t\t\t\t\t\t\t\t\t<\/figure>\n\t\t\t\t\t\t\t\t\t<\/div>\n\t\t\t\t<\/div>\n\t\t\t\t<\/div>\n\t\t<div class=\"elementor-element elementor-element-4853cba e-con-full e-flex e-con e-child\" data-id=\"4853cba\" data-element_type=\"container\">\n\t\t\t\t<div class=\"elementor-element elementor-element-4f272a1 elementor-widget elementor-widget-image\" data-id=\"4f272a1\" data-element_type=\"widget\" data-widget_type=\"image.default\">\n\t\t\t\t<div class=\"elementor-widget-container\">\n\t\t\t\t\t\t\t\t\t\t\t\t<figure class=\"wp-caption\">\n\t\t\t\t\t\t\t\t\t\t\t<a href=\"https:\/\/www.spaziomuseovespa.com\/vespa-tour-roma-moderna-e-ostia-antica\/\">\n\t\t\t\t\t\t\t<img loading=\"lazy\" decoding=\"async\" width=\"600\" height=\"469\" src=\"https:\/\/www.spaziomuseovespa.com\/wp-content\/uploads\/Vespa-Tour-Roma-moderna-e-Ostia-Antica.jpg\" class=\"attachment-medium_large size-medium_large wp-image-434\" alt=\"\" srcset=\"https:\/\/www.spaziomuseovespa.com\/wp-content\/uploads\/Vespa-Tour-Roma-moderna-e-Ostia-Antica.jpg 600w, https:\/\/www.spaziomuseovespa.com\/wp-content\/uploads\/Vespa-Tour-Roma-moderna-e-Ostia-Antica-300x235.jpg 300w\" sizes=\"(max-width: 600px) 100vw, 600px\" \/>\t\t\t\t\t\t\t\t<\/a>\n\t\t\t\t\t\t\t\t\t\t\t<figcaption class=\"widget-image-caption wp-caption-text\">Vespa tour<br>Roma y Ostia Antica<\/figcaption>\n\t\t\t\t\t\t\t\t\t\t<\/figure>\n\t\t\t\t\t\t\t\t\t<\/div>\n\t\t\t\t<\/div>\n\t\t\t\t<\/div>\n\t\t\t\t<\/div>\n\t\t\t\t\t<\/div>\n\t\t\t\t<\/div>\n\t\t\t\t<\/div>\n\t\t\t\t<\/div>\n\t\t\t\t\t\t<\/div>\n\t\t\t\t<\/div>\n\t\t\t\t\t<\/div>\n\t\t\t\t<\/div>\n\t\t<div class=\"elementor-element elementor-element-b6a92e9 e-flex e-con-boxed e-con e-parent\" data-id=\"b6a92e9\" data-element_type=\"container\">\n\t\t\t\t\t<div class=\"e-con-inner\">\n\t\t\t\t<div class=\"elementor-element elementor-element-17ab8c0 elementor-widget elementor-widget-heading\" data-id=\"17ab8c0\" data-element_type=\"widget\" data-widget_type=\"heading.default\">\n\t\t\t\t<div class=\"elementor-widget-container\">\n\t\t\t\t\t<h2 class=\"elementor-heading-title elementor-size-default\">... y si eres un conductor experimentado, alquila tu Vespa para descubrir las maravillas de Roma<\/h2>\t\t\t\t<\/div>\n\t\t\t\t<\/div>\n\t\t\t\t<div class=\"elementor-element elementor-element-6caaeb9 elementor-widget elementor-widget-template\" data-id=\"6caaeb9\" data-element_type=\"widget\" data-widget_type=\"template.default\">\n\t\t\t\t<div class=\"elementor-widget-container\">\n\t\t\t\t\t\t\t<div class=\"elementor-template\">\n\t\t\t\t\t<div data-elementor-type=\"section\" data-elementor-id=\"1972\" class=\"elementor elementor-1972 elementor-1698\" data-elementor-post-type=\"elementor_library\">\n\t\t\t<div class=\"elementor-element elementor-element-ab87375 e-flex e-con-boxed e-con e-parent\" data-id=\"ab87375\" data-element_type=\"container\">\n\t\t\t\t\t<div class=\"e-con-inner\">\n\t\t<div class=\"elementor-element elementor-element-6eef2e6 e-con-full e-flex e-con e-child\" data-id=\"6eef2e6\" data-element_type=\"container\">\n\t\t<div class=\"elementor-element elementor-element-341e335 e-con-full e-flex e-con e-child\" data-id=\"341e335\" data-element_type=\"container\">\n\t\t\t\t<div class=\"elementor-element elementor-element-56b5421 elementor-widget elementor-widget-image\" data-id=\"56b5421\" data-element_type=\"widget\" data-widget_type=\"image.default\">\n\t\t\t\t<div class=\"elementor-widget-container\">\n\t\t\t\t\t\t\t\t\t\t\t\t\t\t\t\t<a href=\"https:\/\/bicibaci.com\/\" target=\"_blank\">\n\t\t\t\t\t\t\t<img loading=\"lazy\" decoding=\"async\" width=\"200\" height=\"49\" src=\"https:\/\/www.spaziomuseovespa.com\/wp-content\/uploads\/bicibaci-logo-2023.webp\" class=\"attachment-medium_large size-medium_large wp-image-584\" alt=\"\" \/>\t\t\t\t\t\t\t\t<\/a>\n\t\t\t\t\t\t\t\t\t\t\t\t\t\t\t<\/div>\n\t\t\t\t<\/div>\n\t\t\t\t<div class=\"elementor-element elementor-element-99c90bf elementor-widget elementor-widget-heading\" data-id=\"99c90bf\" data-element_type=\"widget\" data-widget_type=\"heading.default\">\n\t\t\t\t<div class=\"elementor-widget-container\">\n\t\t\t\t\t<h2 class=\"elementor-heading-title elementor-size-default\"><a href=\"https:\/\/bicibaci.com\/\" target=\"_blank\">bicibaci.com\/es<\/a><\/h2>\t\t\t\t<\/div>\n\t\t\t\t<\/div>\n\t\t\t\t<div class=\"elementor-element elementor-element-5ebd6b2 elementor-widget elementor-widget-heading\" data-id=\"5ebd6b2\" data-element_type=\"widget\" data-widget_type=\"heading.default\">\n\t\t\t\t<div class=\"elementor-widget-container\">\n\t\t\t\t\t<div class=\"elementor-heading-title elementor-size-default\">Tu pareja ideal<\/div>\t\t\t\t<\/div>\n\t\t\t\t<\/div>\n\t\t\t\t<\/div>\n\t\t<div class=\"elementor-element elementor-element-8778fe8 e-con-full e-flex e-con e-child\" data-id=\"8778fe8\" data-element_type=\"container\">\n\t\t\t\t<div class=\"elementor-element elementor-element-c00a063 elementor-widget elementor-widget-image\" data-id=\"c00a063\" data-element_type=\"widget\" data-widget_type=\"image.default\">\n\t\t\t\t<div class=\"elementor-widget-container\">\n\t\t\t\t\t\t\t\t\t\t\t\t\t\t\t\t<a href=\"https:\/\/bicibaci.com\/prodotto\/scooter-categoria-b1\/\" target=\"_blank\">\n\t\t\t\t\t\t\t<img loading=\"lazy\" decoding=\"async\" width=\"600\" height=\"471\" src=\"https:\/\/www.spaziomuseovespa.com\/wp-content\/uploads\/scooter_cat_b1.jpg\" class=\"attachment-medium_large size-medium_large wp-image-564\" alt=\"\" srcset=\"https:\/\/www.spaziomuseovespa.com\/wp-content\/uploads\/scooter_cat_b1.jpg 600w, https:\/\/www.spaziomuseovespa.com\/wp-content\/uploads\/scooter_cat_b1-300x236.jpg 300w\" sizes=\"(max-width: 600px) 100vw, 600px\" \/>\t\t\t\t\t\t\t\t<\/a>\n\t\t\t\t\t\t\t\t\t\t\t\t\t\t\t<\/div>\n\t\t\t\t<\/div>\n\t\t\t\t<\/div>\n\t\t<div class=\"elementor-element elementor-element-b1f717e e-con-full e-flex e-con e-child\" data-id=\"b1f717e\" data-element_type=\"container\">\n\t\t\t\t<div class=\"elementor-element elementor-element-c4d5fb6 elementor-widget elementor-widget-image\" data-id=\"c4d5fb6\" data-element_type=\"widget\" data-widget_type=\"image.default\">\n\t\t\t\t<div class=\"elementor-widget-container\">\n\t\t\t\t\t\t\t\t\t\t\t\t\t\t\t\t<a href=\"https:\/\/bicibaci.com\/prodotto\/scooter-categoria-e\/\" target=\"_blank\">\n\t\t\t\t\t\t\t<img loading=\"lazy\" decoding=\"async\" width=\"600\" height=\"471\" src=\"https:\/\/www.spaziomuseovespa.com\/wp-content\/uploads\/vespa_red_cat_E.jpg\" class=\"attachment-medium_large size-medium_large wp-image-579\" alt=\"\" srcset=\"https:\/\/www.spaziomuseovespa.com\/wp-content\/uploads\/vespa_red_cat_E.jpg 600w, https:\/\/www.spaziomuseovespa.com\/wp-content\/uploads\/vespa_red_cat_E-300x236.jpg 300w\" sizes=\"(max-width: 600px) 100vw, 600px\" \/>\t\t\t\t\t\t\t\t<\/a>\n\t\t\t\t\t\t\t\t\t\t\t\t\t\t\t<\/div>\n\t\t\t\t<\/div>\n\t\t\t\t<\/div>\n\t\t<div class=\"elementor-element elementor-element-6868fe3 e-con-full e-flex e-con e-child\" data-id=\"6868fe3\" data-element_type=\"container\">\n\t\t\t\t<div class=\"elementor-element elementor-element-763973b elementor-widget elementor-widget-image\" data-id=\"763973b\" data-element_type=\"widget\" data-widget_type=\"image.default\">\n\t\t\t\t<div class=\"elementor-widget-container\">\n\t\t\t\t\t\t\t\t\t\t\t\t\t\t\t\t<a href=\"https:\/\/bicibaci.com\/prodotto\/vespa-street-art\/\" target=\"_blank\">\n\t\t\t\t\t\t\t<img loading=\"lazy\" decoding=\"async\" width=\"600\" height=\"471\" src=\"https:\/\/www.spaziomuseovespa.com\/wp-content\/uploads\/vespa-street-art.jpg\" class=\"attachment-medium_large size-medium_large wp-image-574\" alt=\"\" srcset=\"https:\/\/www.spaziomuseovespa.com\/wp-content\/uploads\/vespa-street-art.jpg 600w, https:\/\/www.spaziomuseovespa.com\/wp-content\/uploads\/vespa-street-art-300x236.jpg 300w\" sizes=\"(max-width: 600px) 100vw, 600px\" \/>\t\t\t\t\t\t\t\t<\/a>\n\t\t\t\t\t\t\t\t\t\t\t\t\t\t\t<\/div>\n\t\t\t\t<\/div>\n\t\t\t\t<\/div>\n\t\t<div class=\"elementor-element elementor-element-7c7d8ac e-con-full e-flex e-con e-child\" data-id=\"7c7d8ac\" data-element_type=\"container\">\n\t\t\t\t<div class=\"elementor-element elementor-element-69c1f6c elementor-widget elementor-widget-image\" data-id=\"69c1f6c\" data-element_type=\"widget\" data-widget_type=\"image.default\">\n\t\t\t\t<div class=\"elementor-widget-container\">\n\t\t\t\t\t\t\t\t\t\t\t\t\t\t\t\t<a href=\"https:\/\/bicibaci.com\/prodotto\/scooter-categoria-f\/\" target=\"_blank\">\n\t\t\t\t\t\t\t<img loading=\"lazy\" decoding=\"async\" width=\"600\" height=\"471\" src=\"https:\/\/www.spaziomuseovespa.com\/wp-content\/uploads\/vespa_red_cat_F.jpg\" class=\"attachment-medium_large size-medium_large wp-image-569\" alt=\"\" srcset=\"https:\/\/www.spaziomuseovespa.com\/wp-content\/uploads\/vespa_red_cat_F.jpg 600w, https:\/\/www.spaziomuseovespa.com\/wp-content\/uploads\/vespa_red_cat_F-300x236.jpg 300w\" sizes=\"(max-width: 600px) 100vw, 600px\" \/>\t\t\t\t\t\t\t\t<\/a>\n\t\t\t\t\t\t\t\t\t\t\t\t\t\t\t<\/div>\n\t\t\t\t<\/div>\n\t\t\t\t<\/div>\n\t\t\t\t<\/div>\n\t\t\t\t\t<\/div>\n\t\t\t\t<\/div>\n\t\t\t\t<\/div>\n\t\t\t\t<\/div>\n\t\t\t\t\t\t<\/div>\n\t\t\t\t<\/div>\n\t\t\t\t\t<\/div>\n\t\t\t\t<\/div>\n\t\t\t\t<\/div>\n\t\t","protected":false},"excerpt":{"rendered":"<p>Aqu\u00ed hay una lista de los principales reyes y emperadores de Roma desde la fundaci\u00f3n de la ciudad hasta la ca\u00edda del Imperio Romano, divididos en per\u00edodos significativos. Bici Baci tu compa\u00f1ero ideal para descubrir Roma &#8211; Tour y Alquiler en Vespa, Bicicleta, E-bike, Scooter, Tuk Tuk &#8211; M\u00e1s informaci\u00f3n Per\u00edodo de la monarqu\u00eda romana [&hellip;]<\/p>\n","protected":false},"author":1,"featured_media":4824,"parent":3373,"menu_order":0,"comment_status":"closed","ping_status":"closed","template":"","meta":{"footnotes":""},"luogo_monumento":[96],"class_list":["post-3615","page","type-page","status-publish","has-post-thumbnail","hentry","luogo_monumento-personaggi-illustri-es"],"yoast_head":"<!-- This site is optimized with the Yoast SEO plugin v26.7 - https:\/\/yoast.com\/wordpress\/plugins\/seo\/ -->\n<title>Reyes y Emperadores de Roma - Spazio Museo Vespa | Tours y alquileres Vespa en Roma<\/title>\n<meta name=\"description\" content=\"Descubre Reyes y Emperadores de Roma, alquiler o tour en vespa, bicicleta, scooter, tuk tuk en Roma, Bici Baci es tu socio ideal\" \/>\n<meta name=\"robots\" content=\"index, follow, max-snippet:-1, max-image-preview:large, max-video-preview:-1\" \/>\n<link rel=\"canonical\" href=\"https:\/\/www.spaziomuseovespa.com\/es\/descubre-roma-y-sus-monumentos\/reyes-y-emperadores-de-roma\/\" \/>\n<meta property=\"og:locale\" content=\"es_ES\" \/>\n<meta property=\"og:type\" content=\"article\" \/>\n<meta property=\"og:title\" content=\"Reyes y Emperadores de Roma - Spazio Museo Vespa | Tours y alquileres Vespa en Roma\" \/>\n<meta property=\"og:description\" content=\"Descubre Reyes y Emperadores de Roma, alquiler o tour en vespa, bicicleta, scooter, tuk tuk en Roma, Bici Baci es tu socio ideal\" \/>\n<meta property=\"og:url\" content=\"https:\/\/www.spaziomuseovespa.com\/es\/descubre-roma-y-sus-monumentos\/reyes-y-emperadores-de-roma\/\" \/>\n<meta property=\"og:site_name\" content=\"Spazio Museo Vespa\" \/>\n<meta property=\"article:modified_time\" content=\"2024-10-24T16:19:53+00:00\" \/>\n<meta property=\"og:image\" content=\"https:\/\/www.spaziomuseovespa.com\/wp-content\/uploads\/Re-ed-Imperatori-di-Roma-0.jpg\" \/>\n\t<meta property=\"og:image:width\" content=\"1920\" \/>\n\t<meta property=\"og:image:height\" content=\"1080\" \/>\n\t<meta property=\"og:image:type\" content=\"image\/jpeg\" \/>\n<meta name=\"twitter:card\" content=\"summary_large_image\" \/>\n<meta name=\"twitter:label1\" content=\"Tiempo de lectura\" \/>\n\t<meta name=\"twitter:data1\" content=\"4 minutos\" \/>\n<script type=\"application\/ld+json\" class=\"yoast-schema-graph\">{\"@context\":\"https:\/\/schema.org\",\"@graph\":[{\"@type\":\"WebPage\",\"@id\":\"https:\/\/www.spaziomuseovespa.com\/es\/descubre-roma-y-sus-monumentos\/reyes-y-emperadores-de-roma\/\",\"url\":\"https:\/\/www.spaziomuseovespa.com\/es\/descubre-roma-y-sus-monumentos\/reyes-y-emperadores-de-roma\/\",\"name\":\"Reyes y Emperadores de Roma - Spazio Museo Vespa | Tours y alquileres Vespa en Roma\",\"isPartOf\":{\"@id\":\"https:\/\/www.spaziomuseovespa.com\/es\/#website\"},\"primaryImageOfPage\":{\"@id\":\"https:\/\/www.spaziomuseovespa.com\/es\/descubre-roma-y-sus-monumentos\/reyes-y-emperadores-de-roma\/#primaryimage\"},\"image\":{\"@id\":\"https:\/\/www.spaziomuseovespa.com\/es\/descubre-roma-y-sus-monumentos\/reyes-y-emperadores-de-roma\/#primaryimage\"},\"thumbnailUrl\":\"https:\/\/www.spaziomuseovespa.com\/wp-content\/uploads\/Re-ed-Imperatori-di-Roma-0.jpg\",\"datePublished\":\"2024-10-15T07:45:49+00:00\",\"dateModified\":\"2024-10-24T16:19:53+00:00\",\"description\":\"Descubre Reyes y Emperadores de Roma, alquiler o tour en vespa, bicicleta, scooter, tuk tuk en Roma, Bici Baci es tu socio ideal\",\"breadcrumb\":{\"@id\":\"https:\/\/www.spaziomuseovespa.com\/es\/descubre-roma-y-sus-monumentos\/reyes-y-emperadores-de-roma\/#breadcrumb\"},\"inLanguage\":\"es\",\"potentialAction\":[{\"@type\":\"ReadAction\",\"target\":[\"https:\/\/www.spaziomuseovespa.com\/es\/descubre-roma-y-sus-monumentos\/reyes-y-emperadores-de-roma\/\"]}]},{\"@type\":\"ImageObject\",\"inLanguage\":\"es\",\"@id\":\"https:\/\/www.spaziomuseovespa.com\/es\/descubre-roma-y-sus-monumentos\/reyes-y-emperadores-de-roma\/#primaryimage\",\"url\":\"https:\/\/www.spaziomuseovespa.com\/wp-content\/uploads\/Re-ed-Imperatori-di-Roma-0.jpg\",\"contentUrl\":\"https:\/\/www.spaziomuseovespa.com\/wp-content\/uploads\/Re-ed-Imperatori-di-Roma-0.jpg\",\"width\":1920,\"height\":1080,\"caption\":\"Re ed Imperatori di Roma\"},{\"@type\":\"BreadcrumbList\",\"@id\":\"https:\/\/www.spaziomuseovespa.com\/es\/descubre-roma-y-sus-monumentos\/reyes-y-emperadores-de-roma\/#breadcrumb\",\"itemListElement\":[{\"@type\":\"ListItem\",\"position\":1,\"name\":\"Home\",\"item\":\"https:\/\/www.spaziomuseovespa.com\/es\/homepage\/\"},{\"@type\":\"ListItem\",\"position\":2,\"name\":\"Descubre Roma y sus Monumentos\",\"item\":\"https:\/\/www.spaziomuseovespa.com\/es\/descubre-roma-y-sus-monumentos\/\"},{\"@type\":\"ListItem\",\"position\":3,\"name\":\"Reyes y Emperadores de Roma\"}]},{\"@type\":\"WebSite\",\"@id\":\"https:\/\/www.spaziomuseovespa.com\/es\/#website\",\"url\":\"https:\/\/www.spaziomuseovespa.com\/es\/\",\"name\":\"Spazio Museo Vespa\",\"description\":\"\",\"publisher\":{\"@id\":\"https:\/\/www.spaziomuseovespa.com\/es\/#organization\"},\"potentialAction\":[{\"@type\":\"SearchAction\",\"target\":{\"@type\":\"EntryPoint\",\"urlTemplate\":\"https:\/\/www.spaziomuseovespa.com\/es\/?s={search_term_string}\"},\"query-input\":{\"@type\":\"PropertyValueSpecification\",\"valueRequired\":true,\"valueName\":\"search_term_string\"}}],\"inLanguage\":\"es\"},{\"@type\":\"Organization\",\"@id\":\"https:\/\/www.spaziomuseovespa.com\/es\/#organization\",\"name\":\"Spazio Museo Vespa\",\"url\":\"https:\/\/www.spaziomuseovespa.com\/es\/\",\"logo\":{\"@type\":\"ImageObject\",\"inLanguage\":\"es\",\"@id\":\"https:\/\/www.spaziomuseovespa.com\/es\/#\/schema\/logo\/image\/\",\"url\":\"https:\/\/www.spaziomuseovespa.com\/wp-content\/uploads\/logo.png\",\"contentUrl\":\"https:\/\/www.spaziomuseovespa.com\/wp-content\/uploads\/logo.png\",\"width\":322,\"height\":95,\"caption\":\"Spazio Museo Vespa\"},\"image\":{\"@id\":\"https:\/\/www.spaziomuseovespa.com\/es\/#\/schema\/logo\/image\/\"}}]}<\/script>\n<!-- \/ Yoast SEO plugin. -->","yoast_head_json":{"title":"Reyes y Emperadores de Roma - Spazio Museo Vespa | Tours y alquileres Vespa en Roma","description":"Descubre Reyes y Emperadores de Roma, alquiler o tour en vespa, bicicleta, scooter, tuk tuk en Roma, Bici Baci es tu socio ideal","robots":{"index":"index","follow":"follow","max-snippet":"max-snippet:-1","max-image-preview":"max-image-preview:large","max-video-preview":"max-video-preview:-1"},"canonical":"https:\/\/www.spaziomuseovespa.com\/es\/descubre-roma-y-sus-monumentos\/reyes-y-emperadores-de-roma\/","og_locale":"es_ES","og_type":"article","og_title":"Reyes y Emperadores de Roma - Spazio Museo Vespa | Tours y alquileres Vespa en Roma","og_description":"Descubre Reyes y Emperadores de Roma, alquiler o tour en vespa, bicicleta, scooter, tuk tuk en Roma, Bici Baci es tu socio ideal","og_url":"https:\/\/www.spaziomuseovespa.com\/es\/descubre-roma-y-sus-monumentos\/reyes-y-emperadores-de-roma\/","og_site_name":"Spazio Museo Vespa","article_modified_time":"2024-10-24T16:19:53+00:00","og_image":[{"width":1920,"height":1080,"url":"https:\/\/www.spaziomuseovespa.com\/wp-content\/uploads\/Re-ed-Imperatori-di-Roma-0.jpg","type":"image\/jpeg"}],"twitter_card":"summary_large_image","twitter_misc":{"Tiempo de lectura":"4 minutos"},"schema":{"@context":"https:\/\/schema.org","@graph":[{"@type":"WebPage","@id":"https:\/\/www.spaziomuseovespa.com\/es\/descubre-roma-y-sus-monumentos\/reyes-y-emperadores-de-roma\/","url":"https:\/\/www.spaziomuseovespa.com\/es\/descubre-roma-y-sus-monumentos\/reyes-y-emperadores-de-roma\/","name":"Reyes y Emperadores de Roma - Spazio Museo Vespa | Tours y alquileres Vespa en Roma","isPartOf":{"@id":"https:\/\/www.spaziomuseovespa.com\/es\/#website"},"primaryImageOfPage":{"@id":"https:\/\/www.spaziomuseovespa.com\/es\/descubre-roma-y-sus-monumentos\/reyes-y-emperadores-de-roma\/#primaryimage"},"image":{"@id":"https:\/\/www.spaziomuseovespa.com\/es\/descubre-roma-y-sus-monumentos\/reyes-y-emperadores-de-roma\/#primaryimage"},"thumbnailUrl":"https:\/\/www.spaziomuseovespa.com\/wp-content\/uploads\/Re-ed-Imperatori-di-Roma-0.jpg","datePublished":"2024-10-15T07:45:49+00:00","dateModified":"2024-10-24T16:19:53+00:00","description":"Descubre Reyes y Emperadores de Roma, alquiler o tour en vespa, bicicleta, scooter, tuk tuk en Roma, Bici Baci es tu socio ideal","breadcrumb":{"@id":"https:\/\/www.spaziomuseovespa.com\/es\/descubre-roma-y-sus-monumentos\/reyes-y-emperadores-de-roma\/#breadcrumb"},"inLanguage":"es","potentialAction":[{"@type":"ReadAction","target":["https:\/\/www.spaziomuseovespa.com\/es\/descubre-roma-y-sus-monumentos\/reyes-y-emperadores-de-roma\/"]}]},{"@type":"ImageObject","inLanguage":"es","@id":"https:\/\/www.spaziomuseovespa.com\/es\/descubre-roma-y-sus-monumentos\/reyes-y-emperadores-de-roma\/#primaryimage","url":"https:\/\/www.spaziomuseovespa.com\/wp-content\/uploads\/Re-ed-Imperatori-di-Roma-0.jpg","contentUrl":"https:\/\/www.spaziomuseovespa.com\/wp-content\/uploads\/Re-ed-Imperatori-di-Roma-0.jpg","width":1920,"height":1080,"caption":"Re ed Imperatori di Roma"},{"@type":"BreadcrumbList","@id":"https:\/\/www.spaziomuseovespa.com\/es\/descubre-roma-y-sus-monumentos\/reyes-y-emperadores-de-roma\/#breadcrumb","itemListElement":[{"@type":"ListItem","position":1,"name":"Home","item":"https:\/\/www.spaziomuseovespa.com\/es\/homepage\/"},{"@type":"ListItem","position":2,"name":"Descubre Roma y sus Monumentos","item":"https:\/\/www.spaziomuseovespa.com\/es\/descubre-roma-y-sus-monumentos\/"},{"@type":"ListItem","position":3,"name":"Reyes y Emperadores de Roma"}]},{"@type":"WebSite","@id":"https:\/\/www.spaziomuseovespa.com\/es\/#website","url":"https:\/\/www.spaziomuseovespa.com\/es\/","name":"Spazio Museo Vespa","description":"","publisher":{"@id":"https:\/\/www.spaziomuseovespa.com\/es\/#organization"},"potentialAction":[{"@type":"SearchAction","target":{"@type":"EntryPoint","urlTemplate":"https:\/\/www.spaziomuseovespa.com\/es\/?s={search_term_string}"},"query-input":{"@type":"PropertyValueSpecification","valueRequired":true,"valueName":"search_term_string"}}],"inLanguage":"es"},{"@type":"Organization","@id":"https:\/\/www.spaziomuseovespa.com\/es\/#organization","name":"Spazio Museo Vespa","url":"https:\/\/www.spaziomuseovespa.com\/es\/","logo":{"@type":"ImageObject","inLanguage":"es","@id":"https:\/\/www.spaziomuseovespa.com\/es\/#\/schema\/logo\/image\/","url":"https:\/\/www.spaziomuseovespa.com\/wp-content\/uploads\/logo.png","contentUrl":"https:\/\/www.spaziomuseovespa.com\/wp-content\/uploads\/logo.png","width":322,"height":95,"caption":"Spazio Museo Vespa"},"image":{"@id":"https:\/\/www.spaziomuseovespa.com\/es\/#\/schema\/logo\/image\/"}}]}},"_links":{"self":[{"href":"https:\/\/www.spaziomuseovespa.com\/es\/wp-json\/wp\/v2\/pages\/3615","targetHints":{"allow":["GET"]}}],"collection":[{"href":"https:\/\/www.spaziomuseovespa.com\/es\/wp-json\/wp\/v2\/pages"}],"about":[{"href":"https:\/\/www.spaziomuseovespa.com\/es\/wp-json\/wp\/v2\/types\/page"}],"author":[{"embeddable":true,"href":"https:\/\/www.spaziomuseovespa.com\/es\/wp-json\/wp\/v2\/users\/1"}],"replies":[{"embeddable":true,"href":"https:\/\/www.spaziomuseovespa.com\/es\/wp-json\/wp\/v2\/comments?post=3615"}],"version-history":[{"count":0,"href":"https:\/\/www.spaziomuseovespa.com\/es\/wp-json\/wp\/v2\/pages\/3615\/revisions"}],"up":[{"embeddable":true,"href":"https:\/\/www.spaziomuseovespa.com\/es\/wp-json\/wp\/v2\/pages\/3373"}],"wp:featuredmedia":[{"embeddable":true,"href":"https:\/\/www.spaziomuseovespa.com\/es\/wp-json\/wp\/v2\/media\/4824"}],"wp:attachment":[{"href":"https:\/\/www.spaziomuseovespa.com\/es\/wp-json\/wp\/v2\/media?parent=3615"}],"wp:term":[{"taxonomy":"luogo_monumento","embeddable":true,"href":"https:\/\/www.spaziomuseovespa.com\/es\/wp-json\/wp\/v2\/luogo_monumento?post=3615"}],"curies":[{"name":"wp","href":"https:\/\/api.w.org\/{rel}","templated":true}]}}