{"id":3697,"date":"2024-10-11T10:15:10","date_gmt":"2024-10-11T08:15:10","guid":{"rendered":"https:\/\/www.spaziomuseovespa.com\/descubre-roma-y-sus-monumentos\/il-colle-celio-e-il-tempio-di-claudio\/"},"modified":"2024-10-25T13:56:22","modified_gmt":"2024-10-25T11:56:22","slug":"il-colle-celio-e-il-tempio-di-claudio","status":"publish","type":"page","link":"https:\/\/www.spaziomuseovespa.com\/es\/descubre-roma-y-sus-monumentos\/il-colle-celio-e-il-tempio-di-claudio\/","title":{"rendered":"Il Colle Celio e il Tempio di Claudio"},"content":{"rendered":"\t\t<div data-elementor-type=\"wp-page\" data-elementor-id=\"3697\" class=\"elementor elementor-3697 elementor-1474\" data-elementor-post-type=\"page\">\n\t\t\t\t<div class=\"elementor-element elementor-element-a2c7424 e-flex e-con-boxed e-con e-parent\" data-id=\"a2c7424\" data-element_type=\"container\" data-settings=\"{&quot;background_background&quot;:&quot;classic&quot;}\">\n\t\t\t\t\t<div class=\"e-con-inner\">\n\t\t\t\t<div class=\"elementor-element elementor-element-495600d elementor-widget elementor-widget-heading\" data-id=\"495600d\" data-element_type=\"widget\" data-widget_type=\"heading.default\">\n\t\t\t\t<div class=\"elementor-widget-container\">\n\t\t\t\t\t<h1 class=\"elementor-heading-title elementor-size-default\">Il Colle Celio e il Tempio di Claudio<\/h1>\t\t\t\t<\/div>\n\t\t\t\t<\/div>\n\t\t\t\t\t<\/div>\n\t\t\t\t<\/div>\n\t\t<div class=\"elementor-element elementor-element-fb4dc40 e-flex e-con-boxed e-con e-parent\" data-id=\"fb4dc40\" data-element_type=\"container\">\n\t\t\t\t\t<div class=\"e-con-inner\">\n\t\t\t\t<div class=\"elementor-element elementor-element-e2c4372 elementor-widget elementor-widget-text-editor\" data-id=\"e2c4372\" data-element_type=\"widget\" data-widget_type=\"text-editor.default\">\n\t\t\t\t<div class=\"elementor-widget-container\">\n\t\t\t\t\t\t\t\t\t<p>Visite la colina del Celio con un recorrido en bicicleta, Vespa, scooter o tuk-tuk. \u00a1Una experiencia incre\u00edble para descubrir uno de los lugares m\u00e1s caracter\u00edsticos de Roma! <\/p>\n\t\t\t\t\t\t\t\t<\/div>\n\t\t\t\t<\/div>\n\t\t\t\t\t<\/div>\n\t\t\t\t<\/div>\n\t\t<div class=\"elementor-element elementor-element-c43058d e-flex e-con-boxed e-con e-parent\" data-id=\"c43058d\" data-element_type=\"container\">\n\t\t\t\t\t<div class=\"e-con-inner\">\n\t\t\t\t<div class=\"elementor-element elementor-element-7b26ddd elementor-align-center elementor-mobile-align-center elementor-widget elementor-widget-button\" data-id=\"7b26ddd\" data-element_type=\"widget\" data-widget_type=\"button.default\">\n\t\t\t\t<div class=\"elementor-widget-container\">\n\t\t\t\t\t\t\t\t\t<div class=\"elementor-button-wrapper\">\n\t\t\t\t\t<a class=\"elementor-button elementor-button-link elementor-size-sm\" href=\"https:\/\/bicibaci.com\/\" target=\"_blank\">\n\t\t\t\t\t\t<span class=\"elementor-button-content-wrapper\">\n\t\t\t\t\t\t\t\t\t<span class=\"elementor-button-text\">Bici Baci tu compa\u00f1ero ideal para descubrir Roma - Tour y Alquiler en Vespa, Bicicleta, E-bike, Scooter, Tuk Tuk - M\u00e1s informaci\u00f3n  <\/span>\n\t\t\t\t\t<\/span>\n\t\t\t\t\t<\/a>\n\t\t\t\t<\/div>\n\t\t\t\t\t\t\t\t<\/div>\n\t\t\t\t<\/div>\n\t\t\t\t\t<\/div>\n\t\t\t\t<\/div>\n\t\t<div class=\"elementor-element elementor-element-c1f16f6 e-flex e-con-boxed e-con e-parent\" data-id=\"c1f16f6\" data-element_type=\"container\">\n\t\t\t\t\t<div class=\"e-con-inner\">\n\t\t\t\t<div class=\"elementor-element elementor-element-bd6e412 elementor-widget elementor-widget-image\" data-id=\"bd6e412\" data-element_type=\"widget\" data-widget_type=\"image.default\">\n\t\t\t\t<div class=\"elementor-widget-container\">\n\t\t\t\t\t\t\t\t\t\t\t\t<figure class=\"wp-caption\">\n\t\t\t\t\t\t\t\t\t\t\t<a href=\"https:\/\/www.spaziomuseovespa.com\/wp-content\/uploads\/Il-Colle-Celio-e-il-Tempio-di-Claudio.jpg\" data-elementor-open-lightbox=\"yes\" data-e-action-hash=\"#elementor-action%3Aaction%3Dlightbox%26settings%3DeyJpZCI6NTAwMiwidXJsIjoiaHR0cHM6XC9cL3d3dy5zcGF6aW9tdXNlb3Zlc3BhLmNvbVwvd3AtY29udGVudFwvdXBsb2Fkc1wvSWwtQ29sbGUtQ2VsaW8tZS1pbC1UZW1waW8tZGktQ2xhdWRpby5qcGcifQ%3D%3D\">\n\t\t\t\t\t\t\t<img fetchpriority=\"high\" decoding=\"async\" width=\"1920\" height=\"1080\" src=\"https:\/\/www.spaziomuseovespa.com\/wp-content\/uploads\/Il-Colle-Celio-e-il-Tempio-di-Claudio.jpg\" class=\"attachment-full size-full wp-image-5002\" alt=\"Il Colle Celio e il Tempio di Claudio\" srcset=\"https:\/\/www.spaziomuseovespa.com\/wp-content\/uploads\/Il-Colle-Celio-e-il-Tempio-di-Claudio.jpg 1920w, https:\/\/www.spaziomuseovespa.com\/wp-content\/uploads\/Il-Colle-Celio-e-il-Tempio-di-Claudio-300x169.jpg 300w, https:\/\/www.spaziomuseovespa.com\/wp-content\/uploads\/Il-Colle-Celio-e-il-Tempio-di-Claudio-1024x576.jpg 1024w, https:\/\/www.spaziomuseovespa.com\/wp-content\/uploads\/Il-Colle-Celio-e-il-Tempio-di-Claudio-768x432.jpg 768w, https:\/\/www.spaziomuseovespa.com\/wp-content\/uploads\/Il-Colle-Celio-e-il-Tempio-di-Claudio-1536x864.jpg 1536w\" sizes=\"(max-width: 1920px) 100vw, 1920px\" \/>\t\t\t\t\t\t\t\t<\/a>\n\t\t\t\t\t\t\t\t\t\t\t<figcaption class=\"widget-image-caption wp-caption-text\"><\/figcaption>\n\t\t\t\t\t\t\t\t\t\t<\/figure>\n\t\t\t\t\t\t\t\t\t<\/div>\n\t\t\t\t<\/div>\n\t\t\t\t\t<\/div>\n\t\t\t\t<\/div>\n\t\t<div class=\"elementor-element elementor-element-c10a9b9 e-flex e-con-boxed e-con e-parent\" data-id=\"c10a9b9\" data-element_type=\"container\">\n\t\t\t\t\t<div class=\"e-con-inner\">\n\t\t\t\t<div class=\"elementor-element elementor-element-1e06551 elementor-widget elementor-widget-heading\" data-id=\"1e06551\" data-element_type=\"widget\" data-widget_type=\"heading.default\">\n\t\t\t\t<div class=\"elementor-widget-container\">\n\t\t\t\t\t<h2 class=\"elementor-heading-title elementor-size-default\">Lo que necesitas saber sobre la colina del Celio y el Templo Claudio<\/h2>\t\t\t\t<\/div>\n\t\t\t\t<\/div>\n\t\t\t\t<div class=\"elementor-element elementor-element-e7f071c elementor-widget elementor-widget-text-editor\" data-id=\"e7f071c\" data-element_type=\"widget\" data-widget_type=\"text-editor.default\">\n\t\t\t\t<div class=\"elementor-widget-container\">\n\t\t\t\t\t\t\t\t\t<p>La colina del Celio es una de las siete colinas de Roma y se encuentra al sur del Coliseo. Esta colina es famosa por su historia antigua y por los numerosos yacimientos arqueol\u00f3gicos y monumentos que alberga. <\/p>\n<p>Uno de los monumentos m\u00e1s importantes de la colina del Celio es el <strong>Templo de Claudio<\/strong>, que se cree que estuvo dedicado al emperador Claudio, el cuarto emperador romano, conocido por sus reformas y obras p\u00fablicas. El templo fue construido en el a\u00f1o 42 d.C. y estaba ubicado dentro de un complejo de edificios p\u00fablicos. Aunque hoy en d\u00eda solo quedan ruinas, el sitio es de gran importancia arqueol\u00f3gica e hist\u00f3rica.  <\/p>\n<p><strong>Caracter\u00edsticas principales de la colina del Celio y el Templo de Claudio:<\/strong><\/p>\n<ol>\n<li><strong>Historia<\/strong>: La colina del Celio tiene una larga historia, que se remonta a la \u00e9poca de la fundaci\u00f3n de Roma. Fue una importante zona residencial para las clases altas de la sociedad romana. <\/li>\n<li><strong>Arquitectura<\/strong>: El Templo de Claudio se caracteriz\u00f3 por una t\u00edpica planta rectangular, con un alto podio y columnas que sosten\u00edan un gran front\u00f3n. Aunque muchas partes del templo se han perdido, algunas estructuras a\u00fan son visibles. <\/li>\n<li><strong>Importancia cultural<\/strong>: Adem\u00e1s del Templo de Claudio, la colina del Celio tambi\u00e9n alberga otros monumentos e iglesias importantes, como la Bas\u00edlica de San Stefano Rotondo y el Parque degli Scipioni.<\/li>\n<li><strong>Ruinas y excavaciones<\/strong>: Las excavaciones arqueol\u00f3gicas contin\u00faan en la zona, revelando cada vez m\u00e1s informaci\u00f3n sobre la vida y la arquitectura romanas antiguas.<\/li>\n<\/ol>\n<p>Por lo tanto, la colina del Celio y el Templo de Claudio representan una importante ventana a la historia y la cultura de la antigua Roma.<\/p>\n\t\t\t\t\t\t\t\t<\/div>\n\t\t\t\t<\/div>\n\t\t\t\t\t<\/div>\n\t\t\t\t<\/div>\n\t\t<div class=\"elementor-element elementor-element-de6f7f4 e-flex e-con-boxed e-con e-parent\" data-id=\"de6f7f4\" data-element_type=\"container\">\n\t\t\t\t\t<div class=\"e-con-inner\">\n\t\t\t\t\t<\/div>\n\t\t\t\t<\/div>\n\t\t<div class=\"elementor-element elementor-element-f0bc0b9 e-flex e-con-boxed e-con e-parent\" data-id=\"f0bc0b9\" data-element_type=\"container\">\n\t\t\t\t\t<div class=\"e-con-inner\">\n\t\t\t\t<div class=\"elementor-element elementor-element-29190b6 elementor-widget elementor-widget-heading\" data-id=\"29190b6\" data-element_type=\"widget\" data-widget_type=\"heading.default\">\n\t\t\t\t<div class=\"elementor-widget-container\">\n\t\t\t\t\t<h2 class=\"elementor-heading-title elementor-size-default\">Curiosidad<\/h2>\t\t\t\t<\/div>\n\t\t\t\t<\/div>\n\t\t\t\t<div class=\"elementor-element elementor-element-7da5c7b elementor-widget elementor-widget-text-editor\" data-id=\"7da5c7b\" data-element_type=\"widget\" data-widget_type=\"text-editor.default\">\n\t\t\t\t<div class=\"elementor-widget-container\">\n\t\t\t\t\t\t\t\t\t<strong>Colina del Celio<\/strong>\n \t<li><strong>Nombre y mitolog\u00eda<\/strong>: La colina del Celio lleva el nombre de Celio, un m\u00edtico rey romano. Seg\u00fan la leyenda, la colina est\u00e1 asociada con varios mitos e historias de la fundaci\u00f3n de Roma. <\/li>\n \t<li><strong>Residencia aristocr\u00e1tica<\/strong>: Durante el Imperio Romano, el Celio se convirti\u00f3 en una zona residencial para la aristocracia romana. Muchas familias nobles construyeron sus villas aqu\u00ed, creando un ambiente elegante y refinado. <\/li>\n \t<li><strong>Jardines y parques<\/strong>: El cerro era conocido por sus exuberantes jardines y parques, que eran lugares de recreo y reuni\u00f3n para las clases altas. Hoy en d\u00eda, algunos de estos espacios verdes se han recuperado y son accesibles al p\u00fablico. <\/li>\n \t<li><strong>Lugares religiosos<\/strong>: Adem\u00e1s del Templo de Claudio, la colina del Celio tambi\u00e9n alberga muchas iglesias antiguas e importantes, como la iglesia de San Gregorio al Celio y la bas\u00edlica de San Stefano Rotondo, famosa por sus capillas circulares.<\/li><br>\n\n<strong>Templo de Claudio<\/strong>\n \t<li><strong>Dedicaci\u00f3n imperial<\/strong>: El Templo de Claudio fue dedicado al emperador Claudio poco despu\u00e9s de su muerte en el a\u00f1o 54 d.C. Esto refleja la pr\u00e1ctica romana de honrar a los emperadores fallecidos con templos y monumentos.<\/li>\n \t<li><strong>Ruinas visibles<\/strong>: Aunque gran parte del templo se ha perdido, algunas columnas y el podio a\u00fan son visibles. Estas ruinas han sido objeto de estudio y restauraci\u00f3n a lo largo de los a\u00f1os. <\/li>\n \t<li><strong>Influencia arquitect\u00f3nica<\/strong>: El Templo de Claudio es un ejemplo significativo de la arquitectura romana del imperio temprano e influy\u00f3 en otros templos y estructuras p\u00fablicas en todo el imperio.<\/li>\n \t<li><strong>Descubrimientos arqueol\u00f3gicos<\/strong>: Durante las excavaciones, se encontraron una serie de objetos, incluidas estatuas e inscripciones, que ofrecen informaci\u00f3n valiosa sobre la vida cotidiana y la religi\u00f3n romana.<\/li>\t\t\t\t\t\t\t\t<\/div>\n\t\t\t\t<\/div>\n\t\t\t\t\t<\/div>\n\t\t\t\t<\/div>\n\t\t<div class=\"elementor-element elementor-element-3bbf03d riga_tour e-flex e-con-boxed e-con e-parent\" data-id=\"3bbf03d\" data-element_type=\"container\">\n\t\t\t\t\t<div class=\"e-con-inner\">\n\t\t\t\t<div class=\"elementor-element elementor-element-812eec0 elementor-widget elementor-widget-heading\" data-id=\"812eec0\" data-element_type=\"widget\" data-widget_type=\"heading.default\">\n\t\t\t\t<div class=\"elementor-widget-container\">\n\t\t\t\t\t<h2 class=\"elementor-heading-title elementor-size-default\">Elige tu tour en Vespa favorito para visitar Roma<\/h2>\t\t\t\t<\/div>\n\t\t\t\t<\/div>\n\t\t\t\t<div class=\"elementor-element elementor-element-29c8ed2 elementor-widget elementor-widget-template\" data-id=\"29c8ed2\" data-element_type=\"widget\" data-widget_type=\"template.default\">\n\t\t\t\t<div class=\"elementor-widget-container\">\n\t\t\t\t\t\t\t<div class=\"elementor-template\">\n\t\t\t\t\t<div data-elementor-type=\"section\" data-elementor-id=\"1976\" class=\"elementor elementor-1976 elementor-1687\" data-elementor-post-type=\"elementor_library\">\n\t\t\t<div class=\"elementor-element elementor-element-1497235 riga_tour e-flex e-con-boxed e-con e-parent\" data-id=\"1497235\" data-element_type=\"container\">\n\t\t\t\t\t<div class=\"e-con-inner\">\n\t\t<div class=\"elementor-element elementor-element-586e2e8 e-con-full e-flex e-con e-child\" data-id=\"586e2e8\" data-element_type=\"container\">\n\t\t<div class=\"elementor-element elementor-element-6b49b07 e-con-full e-flex e-con e-child\" data-id=\"6b49b07\" data-element_type=\"container\">\n\t\t\t\t<div class=\"elementor-element elementor-element-fc87d99 elementor-widget elementor-widget-image\" data-id=\"fc87d99\" data-element_type=\"widget\" data-widget_type=\"image.default\">\n\t\t\t\t<div class=\"elementor-widget-container\">\n\t\t\t\t\t\t\t\t\t\t\t\t<figure class=\"wp-caption\">\n\t\t\t\t\t\t\t\t\t\t\t<a href=\"https:\/\/www.spaziomuseovespa.com\/vespa-tour-grand-tour-di-roma\/\">\n\t\t\t\t\t\t\t<img decoding=\"async\" width=\"600\" height=\"469\" src=\"https:\/\/www.spaziomuseovespa.com\/wp-content\/uploads\/gran_tour_roma.jpg\" class=\"attachment-medium_large size-medium_large wp-image-444\" alt=\"\" srcset=\"https:\/\/www.spaziomuseovespa.com\/wp-content\/uploads\/gran_tour_roma.jpg 600w, https:\/\/www.spaziomuseovespa.com\/wp-content\/uploads\/gran_tour_roma-300x235.jpg 300w\" sizes=\"(max-width: 600px) 100vw, 600px\" \/>\t\t\t\t\t\t\t\t<\/a>\n\t\t\t\t\t\t\t\t\t\t\t<figcaption class=\"widget-image-caption wp-caption-text\">Vespa tour<br>Grand tour por Roma<\/figcaption>\n\t\t\t\t\t\t\t\t\t\t<\/figure>\n\t\t\t\t\t\t\t\t\t<\/div>\n\t\t\t\t<\/div>\n\t\t\t\t<\/div>\n\t\t<div class=\"elementor-element elementor-element-daa5749 e-con-full e-flex e-con e-child\" data-id=\"daa5749\" data-element_type=\"container\">\n\t\t\t\t<div class=\"elementor-element elementor-element-11cf106 elementor-widget elementor-widget-image\" data-id=\"11cf106\" data-element_type=\"widget\" data-widget_type=\"image.default\">\n\t\t\t\t<div class=\"elementor-widget-container\">\n\t\t\t\t\t\t\t\t\t\t\t\t<figure class=\"wp-caption\">\n\t\t\t\t\t\t\t\t\t\t\t<a href=\"https:\/\/www.spaziomuseovespa.com\/vespa-tour-rome-movie-sets\/\">\n\t\t\t\t\t\t\t<img decoding=\"async\" width=\"600\" height=\"469\" src=\"https:\/\/www.spaziomuseovespa.com\/wp-content\/uploads\/tour_rome_movie_set.jpg\" class=\"attachment-medium_large size-medium_large wp-image-429\" alt=\"\" srcset=\"https:\/\/www.spaziomuseovespa.com\/wp-content\/uploads\/tour_rome_movie_set.jpg 600w, https:\/\/www.spaziomuseovespa.com\/wp-content\/uploads\/tour_rome_movie_set-300x235.jpg 300w\" sizes=\"(max-width: 600px) 100vw, 600px\" \/>\t\t\t\t\t\t\t\t<\/a>\n\t\t\t\t\t\t\t\t\t\t\t<figcaption class=\"widget-image-caption wp-caption-text\">Vespa tour<br>Roma Movie Set<\/figcaption>\n\t\t\t\t\t\t\t\t\t\t<\/figure>\n\t\t\t\t\t\t\t\t\t<\/div>\n\t\t\t\t<\/div>\n\t\t\t\t<\/div>\n\t\t<div class=\"elementor-element elementor-element-912acab e-con-full e-flex e-con e-child\" data-id=\"912acab\" data-element_type=\"container\">\n\t\t\t\t<div class=\"elementor-element elementor-element-0846c51 elementor-widget elementor-widget-image\" data-id=\"0846c51\" data-element_type=\"widget\" data-widget_type=\"image.default\">\n\t\t\t\t<div class=\"elementor-widget-container\">\n\t\t\t\t\t\t\t\t\t\t\t\t<figure class=\"wp-caption\">\n\t\t\t\t\t\t\t\t\t\t\t<a href=\"https:\/\/www.spaziomuseovespa.com\/vespa-tour-castelli-romani\/\">\n\t\t\t\t\t\t\t<img loading=\"lazy\" decoding=\"async\" width=\"600\" height=\"469\" src=\"https:\/\/www.spaziomuseovespa.com\/wp-content\/uploads\/Il-Tour-dei-Castelli-Romani.jpg\" class=\"attachment-medium_large size-medium_large wp-image-439\" alt=\"\" srcset=\"https:\/\/www.spaziomuseovespa.com\/wp-content\/uploads\/Il-Tour-dei-Castelli-Romani.jpg 600w, https:\/\/www.spaziomuseovespa.com\/wp-content\/uploads\/Il-Tour-dei-Castelli-Romani-300x235.jpg 300w\" sizes=\"(max-width: 600px) 100vw, 600px\" \/>\t\t\t\t\t\t\t\t<\/a>\n\t\t\t\t\t\t\t\t\t\t\t<figcaption class=\"widget-image-caption wp-caption-text\">Vespa tour<br>Castelli Romani<\/figcaption>\n\t\t\t\t\t\t\t\t\t\t<\/figure>\n\t\t\t\t\t\t\t\t\t<\/div>\n\t\t\t\t<\/div>\n\t\t\t\t<\/div>\n\t\t<div class=\"elementor-element elementor-element-4853cba e-con-full e-flex e-con e-child\" data-id=\"4853cba\" data-element_type=\"container\">\n\t\t\t\t<div class=\"elementor-element elementor-element-4f272a1 elementor-widget elementor-widget-image\" data-id=\"4f272a1\" data-element_type=\"widget\" data-widget_type=\"image.default\">\n\t\t\t\t<div class=\"elementor-widget-container\">\n\t\t\t\t\t\t\t\t\t\t\t\t<figure class=\"wp-caption\">\n\t\t\t\t\t\t\t\t\t\t\t<a href=\"https:\/\/www.spaziomuseovespa.com\/vespa-tour-roma-moderna-e-ostia-antica\/\">\n\t\t\t\t\t\t\t<img loading=\"lazy\" decoding=\"async\" width=\"600\" height=\"469\" src=\"https:\/\/www.spaziomuseovespa.com\/wp-content\/uploads\/Vespa-Tour-Roma-moderna-e-Ostia-Antica.jpg\" class=\"attachment-medium_large size-medium_large wp-image-434\" alt=\"\" srcset=\"https:\/\/www.spaziomuseovespa.com\/wp-content\/uploads\/Vespa-Tour-Roma-moderna-e-Ostia-Antica.jpg 600w, https:\/\/www.spaziomuseovespa.com\/wp-content\/uploads\/Vespa-Tour-Roma-moderna-e-Ostia-Antica-300x235.jpg 300w\" sizes=\"(max-width: 600px) 100vw, 600px\" \/>\t\t\t\t\t\t\t\t<\/a>\n\t\t\t\t\t\t\t\t\t\t\t<figcaption class=\"widget-image-caption wp-caption-text\">Vespa tour<br>Roma y Ostia Antica<\/figcaption>\n\t\t\t\t\t\t\t\t\t\t<\/figure>\n\t\t\t\t\t\t\t\t\t<\/div>\n\t\t\t\t<\/div>\n\t\t\t\t<\/div>\n\t\t\t\t<\/div>\n\t\t\t\t\t<\/div>\n\t\t\t\t<\/div>\n\t\t\t\t<\/div>\n\t\t\t\t<\/div>\n\t\t\t\t\t\t<\/div>\n\t\t\t\t<\/div>\n\t\t\t\t\t<\/div>\n\t\t\t\t<\/div>\n\t\t<div class=\"elementor-element elementor-element-4cfd6b2 e-flex e-con-boxed e-con e-parent\" data-id=\"4cfd6b2\" data-element_type=\"container\">\n\t\t\t\t\t<div class=\"e-con-inner\">\n\t\t\t\t<div class=\"elementor-element elementor-element-7045736 elementor-widget elementor-widget-heading\" data-id=\"7045736\" data-element_type=\"widget\" data-widget_type=\"heading.default\">\n\t\t\t\t<div class=\"elementor-widget-container\">\n\t\t\t\t\t<h2 class=\"elementor-heading-title elementor-size-default\">... y si eres un conductor experimentado, alquila tu Vespa para descubrir las maravillas de Roma<\/h2>\t\t\t\t<\/div>\n\t\t\t\t<\/div>\n\t\t\t\t<div class=\"elementor-element elementor-element-16a19c5 elementor-widget elementor-widget-template\" data-id=\"16a19c5\" data-element_type=\"widget\" data-widget_type=\"template.default\">\n\t\t\t\t<div class=\"elementor-widget-container\">\n\t\t\t\t\t\t\t<div class=\"elementor-template\">\n\t\t\t\t\t<div data-elementor-type=\"section\" data-elementor-id=\"1972\" class=\"elementor elementor-1972 elementor-1698\" data-elementor-post-type=\"elementor_library\">\n\t\t\t<div class=\"elementor-element elementor-element-ab87375 e-flex e-con-boxed e-con e-parent\" data-id=\"ab87375\" data-element_type=\"container\">\n\t\t\t\t\t<div class=\"e-con-inner\">\n\t\t<div class=\"elementor-element elementor-element-6eef2e6 e-con-full e-flex e-con e-child\" data-id=\"6eef2e6\" data-element_type=\"container\">\n\t\t<div class=\"elementor-element elementor-element-341e335 e-con-full e-flex e-con e-child\" data-id=\"341e335\" data-element_type=\"container\">\n\t\t\t\t<div class=\"elementor-element elementor-element-56b5421 elementor-widget elementor-widget-image\" data-id=\"56b5421\" data-element_type=\"widget\" data-widget_type=\"image.default\">\n\t\t\t\t<div class=\"elementor-widget-container\">\n\t\t\t\t\t\t\t\t\t\t\t\t\t\t\t\t<a href=\"https:\/\/bicibaci.com\/\" target=\"_blank\">\n\t\t\t\t\t\t\t<img loading=\"lazy\" decoding=\"async\" width=\"200\" height=\"49\" src=\"https:\/\/www.spaziomuseovespa.com\/wp-content\/uploads\/bicibaci-logo-2023.webp\" class=\"attachment-medium_large size-medium_large wp-image-584\" alt=\"\" \/>\t\t\t\t\t\t\t\t<\/a>\n\t\t\t\t\t\t\t\t\t\t\t\t\t\t\t<\/div>\n\t\t\t\t<\/div>\n\t\t\t\t<div class=\"elementor-element elementor-element-99c90bf elementor-widget elementor-widget-heading\" data-id=\"99c90bf\" data-element_type=\"widget\" data-widget_type=\"heading.default\">\n\t\t\t\t<div class=\"elementor-widget-container\">\n\t\t\t\t\t<h2 class=\"elementor-heading-title elementor-size-default\"><a href=\"https:\/\/bicibaci.com\/\" target=\"_blank\">bicibaci.com\/es<\/a><\/h2>\t\t\t\t<\/div>\n\t\t\t\t<\/div>\n\t\t\t\t<div class=\"elementor-element elementor-element-5ebd6b2 elementor-widget elementor-widget-heading\" data-id=\"5ebd6b2\" data-element_type=\"widget\" data-widget_type=\"heading.default\">\n\t\t\t\t<div class=\"elementor-widget-container\">\n\t\t\t\t\t<div class=\"elementor-heading-title elementor-size-default\">Tu pareja ideal<\/div>\t\t\t\t<\/div>\n\t\t\t\t<\/div>\n\t\t\t\t<\/div>\n\t\t<div class=\"elementor-element elementor-element-8778fe8 e-con-full e-flex e-con e-child\" data-id=\"8778fe8\" data-element_type=\"container\">\n\t\t\t\t<div class=\"elementor-element elementor-element-c00a063 elementor-widget elementor-widget-image\" data-id=\"c00a063\" data-element_type=\"widget\" data-widget_type=\"image.default\">\n\t\t\t\t<div class=\"elementor-widget-container\">\n\t\t\t\t\t\t\t\t\t\t\t\t\t\t\t\t<a href=\"https:\/\/bicibaci.com\/prodotto\/scooter-categoria-b1\/\" target=\"_blank\">\n\t\t\t\t\t\t\t<img loading=\"lazy\" decoding=\"async\" width=\"600\" height=\"471\" src=\"https:\/\/www.spaziomuseovespa.com\/wp-content\/uploads\/scooter_cat_b1.jpg\" class=\"attachment-medium_large size-medium_large wp-image-564\" alt=\"\" srcset=\"https:\/\/www.spaziomuseovespa.com\/wp-content\/uploads\/scooter_cat_b1.jpg 600w, https:\/\/www.spaziomuseovespa.com\/wp-content\/uploads\/scooter_cat_b1-300x236.jpg 300w\" sizes=\"(max-width: 600px) 100vw, 600px\" \/>\t\t\t\t\t\t\t\t<\/a>\n\t\t\t\t\t\t\t\t\t\t\t\t\t\t\t<\/div>\n\t\t\t\t<\/div>\n\t\t\t\t<\/div>\n\t\t<div class=\"elementor-element elementor-element-b1f717e e-con-full e-flex e-con e-child\" data-id=\"b1f717e\" data-element_type=\"container\">\n\t\t\t\t<div class=\"elementor-element elementor-element-c4d5fb6 elementor-widget elementor-widget-image\" data-id=\"c4d5fb6\" data-element_type=\"widget\" data-widget_type=\"image.default\">\n\t\t\t\t<div class=\"elementor-widget-container\">\n\t\t\t\t\t\t\t\t\t\t\t\t\t\t\t\t<a href=\"https:\/\/bicibaci.com\/prodotto\/scooter-categoria-e\/\" target=\"_blank\">\n\t\t\t\t\t\t\t<img loading=\"lazy\" decoding=\"async\" width=\"600\" height=\"471\" src=\"https:\/\/www.spaziomuseovespa.com\/wp-content\/uploads\/vespa_red_cat_E.jpg\" class=\"attachment-medium_large size-medium_large wp-image-579\" alt=\"\" srcset=\"https:\/\/www.spaziomuseovespa.com\/wp-content\/uploads\/vespa_red_cat_E.jpg 600w, https:\/\/www.spaziomuseovespa.com\/wp-content\/uploads\/vespa_red_cat_E-300x236.jpg 300w\" sizes=\"(max-width: 600px) 100vw, 600px\" \/>\t\t\t\t\t\t\t\t<\/a>\n\t\t\t\t\t\t\t\t\t\t\t\t\t\t\t<\/div>\n\t\t\t\t<\/div>\n\t\t\t\t<\/div>\n\t\t<div class=\"elementor-element elementor-element-6868fe3 e-con-full e-flex e-con e-child\" data-id=\"6868fe3\" data-element_type=\"container\">\n\t\t\t\t<div class=\"elementor-element elementor-element-763973b elementor-widget elementor-widget-image\" data-id=\"763973b\" data-element_type=\"widget\" data-widget_type=\"image.default\">\n\t\t\t\t<div class=\"elementor-widget-container\">\n\t\t\t\t\t\t\t\t\t\t\t\t\t\t\t\t<a href=\"https:\/\/bicibaci.com\/prodotto\/vespa-street-art\/\" target=\"_blank\">\n\t\t\t\t\t\t\t<img loading=\"lazy\" decoding=\"async\" width=\"600\" height=\"471\" src=\"https:\/\/www.spaziomuseovespa.com\/wp-content\/uploads\/vespa-street-art.jpg\" class=\"attachment-medium_large size-medium_large wp-image-574\" alt=\"\" srcset=\"https:\/\/www.spaziomuseovespa.com\/wp-content\/uploads\/vespa-street-art.jpg 600w, https:\/\/www.spaziomuseovespa.com\/wp-content\/uploads\/vespa-street-art-300x236.jpg 300w\" sizes=\"(max-width: 600px) 100vw, 600px\" \/>\t\t\t\t\t\t\t\t<\/a>\n\t\t\t\t\t\t\t\t\t\t\t\t\t\t\t<\/div>\n\t\t\t\t<\/div>\n\t\t\t\t<\/div>\n\t\t<div class=\"elementor-element elementor-element-7c7d8ac e-con-full e-flex e-con e-child\" data-id=\"7c7d8ac\" data-element_type=\"container\">\n\t\t\t\t<div class=\"elementor-element elementor-element-69c1f6c elementor-widget elementor-widget-image\" data-id=\"69c1f6c\" data-element_type=\"widget\" data-widget_type=\"image.default\">\n\t\t\t\t<div class=\"elementor-widget-container\">\n\t\t\t\t\t\t\t\t\t\t\t\t\t\t\t\t<a href=\"https:\/\/bicibaci.com\/prodotto\/scooter-categoria-f\/\" target=\"_blank\">\n\t\t\t\t\t\t\t<img loading=\"lazy\" decoding=\"async\" width=\"600\" height=\"471\" src=\"https:\/\/www.spaziomuseovespa.com\/wp-content\/uploads\/vespa_red_cat_F.jpg\" class=\"attachment-medium_large size-medium_large wp-image-569\" alt=\"\" srcset=\"https:\/\/www.spaziomuseovespa.com\/wp-content\/uploads\/vespa_red_cat_F.jpg 600w, https:\/\/www.spaziomuseovespa.com\/wp-content\/uploads\/vespa_red_cat_F-300x236.jpg 300w\" sizes=\"(max-width: 600px) 100vw, 600px\" \/>\t\t\t\t\t\t\t\t<\/a>\n\t\t\t\t\t\t\t\t\t\t\t\t\t\t\t<\/div>\n\t\t\t\t<\/div>\n\t\t\t\t<\/div>\n\t\t\t\t<\/div>\n\t\t\t\t\t<\/div>\n\t\t\t\t<\/div>\n\t\t\t\t<\/div>\n\t\t\t\t<\/div>\n\t\t\t\t\t\t<\/div>\n\t\t\t\t<\/div>\n\t\t\t\t\t<\/div>\n\t\t\t\t<\/div>\n\t\t\t\t<\/div>\n\t\t","protected":false},"excerpt":{"rendered":"<p>Visite la colina del Celio con un recorrido en bicicleta, Vespa, scooter o tuk-tuk. \u00a1Una experiencia incre\u00edble para descubrir uno de los lugares m\u00e1s caracter\u00edsticos de Roma! Bici Baci tu compa\u00f1ero ideal para descubrir Roma &#8211; Tour y Alquiler en Vespa, Bicicleta, E-bike, Scooter, Tuk Tuk &#8211; M\u00e1s informaci\u00f3n Lo que necesitas saber sobre la [&hellip;]<\/p>\n","protected":false},"author":1,"featured_media":5002,"parent":3373,"menu_order":0,"comment_status":"closed","ping_status":"closed","template":"","meta":{"footnotes":""},"luogo_monumento":[77],"class_list":["post-3697","page","type-page","status-publish","has-post-thumbnail","hentry","luogo_monumento-roma-colli-e-quartieri-es"],"yoast_head":"<!-- This site is optimized with the Yoast SEO plugin v26.7 - https:\/\/yoast.com\/wordpress\/plugins\/seo\/ -->\n<title>Il Colle Celio e il Tempio di Claudio - Spazio Museo Vespa | Tours y alquileres Vespa en Roma<\/title>\n<meta name=\"description\" content=\"Descubre Il Colle Celio e il Tempio di Claudio, alquiler o tour en vespa, bicicleta, scooter, tuk tuk en Roma, Bici Baci es tu socio ideal\" \/>\n<meta name=\"robots\" content=\"index, follow, max-snippet:-1, max-image-preview:large, max-video-preview:-1\" \/>\n<link rel=\"canonical\" href=\"https:\/\/www.spaziomuseovespa.com\/es\/descubre-roma-y-sus-monumentos\/il-colle-celio-e-il-tempio-di-claudio\/\" \/>\n<meta property=\"og:locale\" content=\"es_ES\" \/>\n<meta property=\"og:type\" content=\"article\" \/>\n<meta property=\"og:title\" content=\"Il Colle Celio e il Tempio di Claudio - Spazio Museo Vespa | Tours y alquileres Vespa en Roma\" \/>\n<meta property=\"og:description\" content=\"Descubre Il Colle Celio e il Tempio di Claudio, alquiler o tour en vespa, bicicleta, scooter, tuk tuk en Roma, Bici Baci es tu socio ideal\" \/>\n<meta property=\"og:url\" content=\"https:\/\/www.spaziomuseovespa.com\/es\/descubre-roma-y-sus-monumentos\/il-colle-celio-e-il-tempio-di-claudio\/\" \/>\n<meta property=\"og:site_name\" content=\"Spazio Museo Vespa\" \/>\n<meta property=\"article:modified_time\" content=\"2024-10-25T11:56:22+00:00\" \/>\n<meta property=\"og:image\" content=\"https:\/\/www.spaziomuseovespa.com\/wp-content\/uploads\/Il-Colle-Celio-e-il-Tempio-di-Claudio.jpg\" \/>\n\t<meta property=\"og:image:width\" content=\"1920\" \/>\n\t<meta property=\"og:image:height\" content=\"1080\" \/>\n\t<meta property=\"og:image:type\" content=\"image\/jpeg\" \/>\n<meta name=\"twitter:card\" content=\"summary_large_image\" \/>\n<meta name=\"twitter:label1\" content=\"Tiempo de lectura\" \/>\n\t<meta name=\"twitter:data1\" content=\"3 minutos\" \/>\n<script type=\"application\/ld+json\" class=\"yoast-schema-graph\">{\"@context\":\"https:\/\/schema.org\",\"@graph\":[{\"@type\":\"WebPage\",\"@id\":\"https:\/\/www.spaziomuseovespa.com\/es\/descubre-roma-y-sus-monumentos\/il-colle-celio-e-il-tempio-di-claudio\/\",\"url\":\"https:\/\/www.spaziomuseovespa.com\/es\/descubre-roma-y-sus-monumentos\/il-colle-celio-e-il-tempio-di-claudio\/\",\"name\":\"Il Colle Celio e il Tempio di Claudio - Spazio Museo Vespa | Tours y alquileres Vespa en Roma\",\"isPartOf\":{\"@id\":\"https:\/\/www.spaziomuseovespa.com\/es\/#website\"},\"primaryImageOfPage\":{\"@id\":\"https:\/\/www.spaziomuseovespa.com\/es\/descubre-roma-y-sus-monumentos\/il-colle-celio-e-il-tempio-di-claudio\/#primaryimage\"},\"image\":{\"@id\":\"https:\/\/www.spaziomuseovespa.com\/es\/descubre-roma-y-sus-monumentos\/il-colle-celio-e-il-tempio-di-claudio\/#primaryimage\"},\"thumbnailUrl\":\"https:\/\/www.spaziomuseovespa.com\/wp-content\/uploads\/Il-Colle-Celio-e-il-Tempio-di-Claudio.jpg\",\"datePublished\":\"2024-10-11T08:15:10+00:00\",\"dateModified\":\"2024-10-25T11:56:22+00:00\",\"description\":\"Descubre Il Colle Celio e il Tempio di Claudio, alquiler o tour en vespa, bicicleta, scooter, tuk tuk en Roma, Bici Baci es tu socio ideal\",\"breadcrumb\":{\"@id\":\"https:\/\/www.spaziomuseovespa.com\/es\/descubre-roma-y-sus-monumentos\/il-colle-celio-e-il-tempio-di-claudio\/#breadcrumb\"},\"inLanguage\":\"es\",\"potentialAction\":[{\"@type\":\"ReadAction\",\"target\":[\"https:\/\/www.spaziomuseovespa.com\/es\/descubre-roma-y-sus-monumentos\/il-colle-celio-e-il-tempio-di-claudio\/\"]}]},{\"@type\":\"ImageObject\",\"inLanguage\":\"es\",\"@id\":\"https:\/\/www.spaziomuseovespa.com\/es\/descubre-roma-y-sus-monumentos\/il-colle-celio-e-il-tempio-di-claudio\/#primaryimage\",\"url\":\"https:\/\/www.spaziomuseovespa.com\/wp-content\/uploads\/Il-Colle-Celio-e-il-Tempio-di-Claudio.jpg\",\"contentUrl\":\"https:\/\/www.spaziomuseovespa.com\/wp-content\/uploads\/Il-Colle-Celio-e-il-Tempio-di-Claudio.jpg\",\"width\":1920,\"height\":1080,\"caption\":\"Il Colle Celio e il Tempio di Claudio\"},{\"@type\":\"BreadcrumbList\",\"@id\":\"https:\/\/www.spaziomuseovespa.com\/es\/descubre-roma-y-sus-monumentos\/il-colle-celio-e-il-tempio-di-claudio\/#breadcrumb\",\"itemListElement\":[{\"@type\":\"ListItem\",\"position\":1,\"name\":\"Home\",\"item\":\"https:\/\/www.spaziomuseovespa.com\/es\/homepage\/\"},{\"@type\":\"ListItem\",\"position\":2,\"name\":\"Descubre Roma y sus Monumentos\",\"item\":\"https:\/\/www.spaziomuseovespa.com\/es\/descubre-roma-y-sus-monumentos\/\"},{\"@type\":\"ListItem\",\"position\":3,\"name\":\"Il Colle Celio e il Tempio di Claudio\"}]},{\"@type\":\"WebSite\",\"@id\":\"https:\/\/www.spaziomuseovespa.com\/es\/#website\",\"url\":\"https:\/\/www.spaziomuseovespa.com\/es\/\",\"name\":\"Spazio Museo Vespa\",\"description\":\"\",\"publisher\":{\"@id\":\"https:\/\/www.spaziomuseovespa.com\/es\/#organization\"},\"potentialAction\":[{\"@type\":\"SearchAction\",\"target\":{\"@type\":\"EntryPoint\",\"urlTemplate\":\"https:\/\/www.spaziomuseovespa.com\/es\/?s={search_term_string}\"},\"query-input\":{\"@type\":\"PropertyValueSpecification\",\"valueRequired\":true,\"valueName\":\"search_term_string\"}}],\"inLanguage\":\"es\"},{\"@type\":\"Organization\",\"@id\":\"https:\/\/www.spaziomuseovespa.com\/es\/#organization\",\"name\":\"Spazio Museo Vespa\",\"url\":\"https:\/\/www.spaziomuseovespa.com\/es\/\",\"logo\":{\"@type\":\"ImageObject\",\"inLanguage\":\"es\",\"@id\":\"https:\/\/www.spaziomuseovespa.com\/es\/#\/schema\/logo\/image\/\",\"url\":\"https:\/\/www.spaziomuseovespa.com\/wp-content\/uploads\/logo.png\",\"contentUrl\":\"https:\/\/www.spaziomuseovespa.com\/wp-content\/uploads\/logo.png\",\"width\":322,\"height\":95,\"caption\":\"Spazio Museo Vespa\"},\"image\":{\"@id\":\"https:\/\/www.spaziomuseovespa.com\/es\/#\/schema\/logo\/image\/\"}}]}<\/script>\n<!-- \/ Yoast SEO plugin. -->","yoast_head_json":{"title":"Il Colle Celio e il Tempio di Claudio - Spazio Museo Vespa | Tours y alquileres Vespa en Roma","description":"Descubre Il Colle Celio e il Tempio di Claudio, alquiler o tour en vespa, bicicleta, scooter, tuk tuk en Roma, Bici Baci es tu socio ideal","robots":{"index":"index","follow":"follow","max-snippet":"max-snippet:-1","max-image-preview":"max-image-preview:large","max-video-preview":"max-video-preview:-1"},"canonical":"https:\/\/www.spaziomuseovespa.com\/es\/descubre-roma-y-sus-monumentos\/il-colle-celio-e-il-tempio-di-claudio\/","og_locale":"es_ES","og_type":"article","og_title":"Il Colle Celio e il Tempio di Claudio - Spazio Museo Vespa | Tours y alquileres Vespa en Roma","og_description":"Descubre Il Colle Celio e il Tempio di Claudio, alquiler o tour en vespa, bicicleta, scooter, tuk tuk en Roma, Bici Baci es tu socio ideal","og_url":"https:\/\/www.spaziomuseovespa.com\/es\/descubre-roma-y-sus-monumentos\/il-colle-celio-e-il-tempio-di-claudio\/","og_site_name":"Spazio Museo Vespa","article_modified_time":"2024-10-25T11:56:22+00:00","og_image":[{"width":1920,"height":1080,"url":"https:\/\/www.spaziomuseovespa.com\/wp-content\/uploads\/Il-Colle-Celio-e-il-Tempio-di-Claudio.jpg","type":"image\/jpeg"}],"twitter_card":"summary_large_image","twitter_misc":{"Tiempo de lectura":"3 minutos"},"schema":{"@context":"https:\/\/schema.org","@graph":[{"@type":"WebPage","@id":"https:\/\/www.spaziomuseovespa.com\/es\/descubre-roma-y-sus-monumentos\/il-colle-celio-e-il-tempio-di-claudio\/","url":"https:\/\/www.spaziomuseovespa.com\/es\/descubre-roma-y-sus-monumentos\/il-colle-celio-e-il-tempio-di-claudio\/","name":"Il Colle Celio e il Tempio di Claudio - Spazio Museo Vespa | Tours y alquileres Vespa en Roma","isPartOf":{"@id":"https:\/\/www.spaziomuseovespa.com\/es\/#website"},"primaryImageOfPage":{"@id":"https:\/\/www.spaziomuseovespa.com\/es\/descubre-roma-y-sus-monumentos\/il-colle-celio-e-il-tempio-di-claudio\/#primaryimage"},"image":{"@id":"https:\/\/www.spaziomuseovespa.com\/es\/descubre-roma-y-sus-monumentos\/il-colle-celio-e-il-tempio-di-claudio\/#primaryimage"},"thumbnailUrl":"https:\/\/www.spaziomuseovespa.com\/wp-content\/uploads\/Il-Colle-Celio-e-il-Tempio-di-Claudio.jpg","datePublished":"2024-10-11T08:15:10+00:00","dateModified":"2024-10-25T11:56:22+00:00","description":"Descubre Il Colle Celio e il Tempio di Claudio, alquiler o tour en vespa, bicicleta, scooter, tuk tuk en Roma, Bici Baci es tu socio ideal","breadcrumb":{"@id":"https:\/\/www.spaziomuseovespa.com\/es\/descubre-roma-y-sus-monumentos\/il-colle-celio-e-il-tempio-di-claudio\/#breadcrumb"},"inLanguage":"es","potentialAction":[{"@type":"ReadAction","target":["https:\/\/www.spaziomuseovespa.com\/es\/descubre-roma-y-sus-monumentos\/il-colle-celio-e-il-tempio-di-claudio\/"]}]},{"@type":"ImageObject","inLanguage":"es","@id":"https:\/\/www.spaziomuseovespa.com\/es\/descubre-roma-y-sus-monumentos\/il-colle-celio-e-il-tempio-di-claudio\/#primaryimage","url":"https:\/\/www.spaziomuseovespa.com\/wp-content\/uploads\/Il-Colle-Celio-e-il-Tempio-di-Claudio.jpg","contentUrl":"https:\/\/www.spaziomuseovespa.com\/wp-content\/uploads\/Il-Colle-Celio-e-il-Tempio-di-Claudio.jpg","width":1920,"height":1080,"caption":"Il Colle Celio e il Tempio di Claudio"},{"@type":"BreadcrumbList","@id":"https:\/\/www.spaziomuseovespa.com\/es\/descubre-roma-y-sus-monumentos\/il-colle-celio-e-il-tempio-di-claudio\/#breadcrumb","itemListElement":[{"@type":"ListItem","position":1,"name":"Home","item":"https:\/\/www.spaziomuseovespa.com\/es\/homepage\/"},{"@type":"ListItem","position":2,"name":"Descubre Roma y sus Monumentos","item":"https:\/\/www.spaziomuseovespa.com\/es\/descubre-roma-y-sus-monumentos\/"},{"@type":"ListItem","position":3,"name":"Il Colle Celio e il Tempio di Claudio"}]},{"@type":"WebSite","@id":"https:\/\/www.spaziomuseovespa.com\/es\/#website","url":"https:\/\/www.spaziomuseovespa.com\/es\/","name":"Spazio Museo Vespa","description":"","publisher":{"@id":"https:\/\/www.spaziomuseovespa.com\/es\/#organization"},"potentialAction":[{"@type":"SearchAction","target":{"@type":"EntryPoint","urlTemplate":"https:\/\/www.spaziomuseovespa.com\/es\/?s={search_term_string}"},"query-input":{"@type":"PropertyValueSpecification","valueRequired":true,"valueName":"search_term_string"}}],"inLanguage":"es"},{"@type":"Organization","@id":"https:\/\/www.spaziomuseovespa.com\/es\/#organization","name":"Spazio Museo Vespa","url":"https:\/\/www.spaziomuseovespa.com\/es\/","logo":{"@type":"ImageObject","inLanguage":"es","@id":"https:\/\/www.spaziomuseovespa.com\/es\/#\/schema\/logo\/image\/","url":"https:\/\/www.spaziomuseovespa.com\/wp-content\/uploads\/logo.png","contentUrl":"https:\/\/www.spaziomuseovespa.com\/wp-content\/uploads\/logo.png","width":322,"height":95,"caption":"Spazio Museo Vespa"},"image":{"@id":"https:\/\/www.spaziomuseovespa.com\/es\/#\/schema\/logo\/image\/"}}]}},"_links":{"self":[{"href":"https:\/\/www.spaziomuseovespa.com\/es\/wp-json\/wp\/v2\/pages\/3697","targetHints":{"allow":["GET"]}}],"collection":[{"href":"https:\/\/www.spaziomuseovespa.com\/es\/wp-json\/wp\/v2\/pages"}],"about":[{"href":"https:\/\/www.spaziomuseovespa.com\/es\/wp-json\/wp\/v2\/types\/page"}],"author":[{"embeddable":true,"href":"https:\/\/www.spaziomuseovespa.com\/es\/wp-json\/wp\/v2\/users\/1"}],"replies":[{"embeddable":true,"href":"https:\/\/www.spaziomuseovespa.com\/es\/wp-json\/wp\/v2\/comments?post=3697"}],"version-history":[{"count":0,"href":"https:\/\/www.spaziomuseovespa.com\/es\/wp-json\/wp\/v2\/pages\/3697\/revisions"}],"up":[{"embeddable":true,"href":"https:\/\/www.spaziomuseovespa.com\/es\/wp-json\/wp\/v2\/pages\/3373"}],"wp:featuredmedia":[{"embeddable":true,"href":"https:\/\/www.spaziomuseovespa.com\/es\/wp-json\/wp\/v2\/media\/5002"}],"wp:attachment":[{"href":"https:\/\/www.spaziomuseovespa.com\/es\/wp-json\/wp\/v2\/media?parent=3697"}],"wp:term":[{"taxonomy":"luogo_monumento","embeddable":true,"href":"https:\/\/www.spaziomuseovespa.com\/es\/wp-json\/wp\/v2\/luogo_monumento?post=3697"}],"curies":[{"name":"wp","href":"https:\/\/api.w.org\/{rel}","templated":true}]}}