{"id":834,"date":"2024-10-02T11:08:42","date_gmt":"2024-10-02T09:08:42","guid":{"rendered":"https:\/\/www.spaziomuseovespa.com\/el-proyecto\/"},"modified":"2024-10-15T10:47:42","modified_gmt":"2024-10-15T08:47:42","slug":"el-proyecto-tour-de-alquiler-de-vespa-roma","status":"publish","type":"page","link":"https:\/\/www.spaziomuseovespa.com\/es\/el-proyecto-tour-de-alquiler-de-vespa-roma\/","title":{"rendered":"El proyecto"},"content":{"rendered":"\t\t<div data-elementor-type=\"wp-page\" data-elementor-id=\"834\" class=\"elementor elementor-834 elementor-218\" data-elementor-post-type=\"page\">\n\t\t\t\t<div class=\"elementor-element elementor-element-a2c7424 e-flex e-con-boxed e-con e-parent\" data-id=\"a2c7424\" data-element_type=\"container\">\n\t\t\t\t\t<div class=\"e-con-inner\">\n\t\t\t\t<div class=\"elementor-element elementor-element-495600d elementor-widget elementor-widget-heading\" data-id=\"495600d\" data-element_type=\"widget\" data-widget_type=\"heading.default\">\n\t\t\t\t<div class=\"elementor-widget-container\">\n\t\t\t\t\t<h1 class=\"elementor-heading-title elementor-size-default\">El proyecto<\/h1>\t\t\t\t<\/div>\n\t\t\t\t<\/div>\n\t\t\t\t\t<\/div>\n\t\t\t\t<\/div>\n\t\t<div class=\"elementor-element elementor-element-c1f16f6 e-flex e-con-boxed e-con e-parent\" data-id=\"c1f16f6\" data-element_type=\"container\">\n\t\t\t\t\t<div class=\"e-con-inner\">\n\t\t\t\t<div class=\"elementor-element elementor-element-bd6e412 elementor-widget elementor-widget-image\" data-id=\"bd6e412\" data-element_type=\"widget\" data-widget_type=\"image.default\">\n\t\t\t\t<div class=\"elementor-widget-container\">\n\t\t\t\t\t\t\t\t\t\t\t\t<figure class=\"wp-caption\">\n\t\t\t\t\t\t\t\t\t\t<img fetchpriority=\"high\" decoding=\"async\" width=\"1300\" height=\"350\" src=\"https:\/\/www.spaziomuseovespa.com\/wp-content\/uploads\/copertina-il-progetto.jpg\" class=\"attachment-full size-full wp-image-649\" alt=\"\" srcset=\"https:\/\/www.spaziomuseovespa.com\/wp-content\/uploads\/copertina-il-progetto.jpg 1300w, https:\/\/www.spaziomuseovespa.com\/wp-content\/uploads\/copertina-il-progetto-300x81.jpg 300w, https:\/\/www.spaziomuseovespa.com\/wp-content\/uploads\/copertina-il-progetto-1024x276.jpg 1024w, https:\/\/www.spaziomuseovespa.com\/wp-content\/uploads\/copertina-il-progetto-768x207.jpg 768w\" sizes=\"(max-width: 1300px) 100vw, 1300px\" \/>\t\t\t\t\t\t\t\t\t\t\t<figcaption class=\"widget-image-caption wp-caption-text\"><\/figcaption>\n\t\t\t\t\t\t\t\t\t\t<\/figure>\n\t\t\t\t\t\t\t\t\t<\/div>\n\t\t\t\t<\/div>\n\t\t\t\t\t<\/div>\n\t\t\t\t<\/div>\n\t\t<div class=\"elementor-element elementor-element-fb4dc40 e-flex e-con-boxed e-con e-parent\" data-id=\"fb4dc40\" data-element_type=\"container\">\n\t\t\t\t\t<div class=\"e-con-inner\">\n\t\t\t\t<div class=\"elementor-element elementor-element-e2c4372 elementor-widget elementor-widget-text-editor\" data-id=\"e2c4372\" data-element_type=\"widget\" data-widget_type=\"text-editor.default\">\n\t\t\t\t<div class=\"elementor-widget-container\">\n\t\t\t\t\t\t\t\t\t<p>A dos pasos de los Foros Imperiales y del Coliseo, en Via Cavour 302, entrando en la tienda <a href=\"https:\/\/bicibaci.com\/\" target=\"_blank\" rel=\"noopener\">Bici Baci <\/a>, bajando unos escalones, uno se encuentra de repente en el pasado, frente a los legendarios modelos de Vespa, conocidos por el gran p\u00fablico tambi\u00e9n gracias a las pel\u00edculas de las que fueron protagonistas, en primer lugar<strong>\u00abVacanze Romane<\/strong>\u00ab, que en 2013 celebr\u00f3 su 60 aniversario.<\/p>\n<p>La exposici\u00f3n permanente de modelos originales que han marcado la historia de los veh\u00edculos de 2 ruedas en todo el mundo tiene como objetivo preservar y valorizar el patrimonio automovil\u00edstico italiano y dar testimonio de la evoluci\u00f3n de la vida social a lo largo del tiempo. La entrada al<strong>Spazio Museo Vespa<\/strong> es gratuita.<\/p>\n\t\t\t\t\t\t\t\t<\/div>\n\t\t\t\t<\/div>\n\t\t\t\t\t<\/div>\n\t\t\t\t<\/div>\n\t\t<div class=\"elementor-element elementor-element-c52edbb e-flex e-con-boxed e-con e-parent\" data-id=\"c52edbb\" data-element_type=\"container\">\n\t\t\t\t\t<div class=\"e-con-inner\">\n\t\t\t\t<div class=\"elementor-element elementor-element-e0a505f elementor-widget elementor-widget-heading\" data-id=\"e0a505f\" data-element_type=\"widget\" data-widget_type=\"heading.default\">\n\t\t\t\t<div class=\"elementor-widget-container\">\n\t\t\t\t\t<h2 class=\"elementor-heading-title elementor-size-default\">Los creadores<\/h2>\t\t\t\t<\/div>\n\t\t\t\t<\/div>\n\t\t\t\t<div class=\"elementor-element elementor-element-cb20e08 elementor-widget elementor-widget-text-editor\" data-id=\"cb20e08\" data-element_type=\"widget\" data-widget_type=\"text-editor.default\">\n\t\t\t\t<div class=\"elementor-widget-container\">\n\t\t\t\t\t\t\t\t\t<p>La idea surge de la pasi\u00f3n de tres amigos unidos por el mito de la Vespa desde su juventud.<\/p>\n<p>Es la historia de tres amigos en el bar con una idea maravillosa en la cabeza: crear un espacio dedicado a <strong>la Vespa<\/strong> que pretende <strong>contar la historia de la relaci\u00f3n entre la Vespa y Roma<\/strong>, exaltada tambi\u00e9n a trav\u00e9s del cine con pel\u00edculas como \u00abVacanze Romane\u00bb, \u00abPoveri ma Belli\u00bb y \u00abCaro Diario\u00bb.<\/p>\n<p>As\u00ed fue como el viernes 12 de julio de 2013, en presencia de autoridades locales, embajadores y numerosas personalidades del mundo del espect\u00e1culo, se inaugur\u00f3 <strong>Spazio Museo Vespa<\/strong>.<\/p>\n<p>En sus m\u00e1s de 10 a\u00f1os de existencia, se han organizado numerosos actos dedicados al <strong>mito de la Vespa<\/strong>, y la zona <strong>de entrada libre<\/strong> ha sido visitada por m\u00e1s de 30.000 aficionados y turistas en los \u00faltimos a\u00f1os.<\/p>\n\t\t\t\t\t\t\t\t<\/div>\n\t\t\t\t<\/div>\n\t\t<div class=\"elementor-element elementor-element-d7a7da2 e-con-full e-flex e-con e-child\" data-id=\"d7a7da2\" data-element_type=\"container\">\n\t\t<div class=\"elementor-element elementor-element-95a6996 e-con-full e-flex e-con e-child\" data-id=\"95a6996\" data-element_type=\"container\">\n\t\t\t\t<div class=\"elementor-element elementor-element-ad434aa elementor-widget elementor-widget-image\" data-id=\"ad434aa\" data-element_type=\"widget\" data-widget_type=\"image.default\">\n\t\t\t\t<div class=\"elementor-widget-container\">\n\t\t\t\t\t\t\t\t\t\t\t\t\t\t\t<img decoding=\"async\" width=\"300\" height=\"300\" src=\"https:\/\/www.spaziomuseovespa.com\/wp-content\/uploads\/claudio.jpg\" class=\"attachment-full size-full wp-image-654\" alt=\"\" srcset=\"https:\/\/www.spaziomuseovespa.com\/wp-content\/uploads\/claudio.jpg 300w, https:\/\/www.spaziomuseovespa.com\/wp-content\/uploads\/claudio-150x150.jpg 150w\" sizes=\"(max-width: 300px) 100vw, 300px\" \/>\t\t\t\t\t\t\t\t\t\t\t\t\t\t\t<\/div>\n\t\t\t\t<\/div>\n\t\t\t\t<\/div>\n\t\t<div class=\"elementor-element elementor-element-6e0b9f1 e-con-full e-flex e-con e-child\" data-id=\"6e0b9f1\" data-element_type=\"container\">\n\t\t\t\t<div class=\"elementor-element elementor-element-5a5dcb4 elementor-widget elementor-widget-heading\" data-id=\"5a5dcb4\" data-element_type=\"widget\" data-widget_type=\"heading.default\">\n\t\t\t\t<div class=\"elementor-widget-container\">\n\t\t\t\t\t<h2 class=\"elementor-heading-title elementor-size-default\">Claudio Sarra<\/h2>\t\t\t\t<\/div>\n\t\t\t\t<\/div>\n\t\t\t\t<div class=\"elementor-element elementor-element-b9eda70 elementor-widget elementor-widget-text-editor\" data-id=\"b9eda70\" data-element_type=\"widget\" data-widget_type=\"text-editor.default\">\n\t\t\t\t<div class=\"elementor-widget-container\">\n\t\t\t\t\t\t\t\t\t<p>Gran aficionado desde siempre a las 2 ruedas y especialmente a las Vespas, Claudio es el fundador de <a href=\"https:\/\/bicibaci.com\/es\/\" target=\"_blank\" rel=\"noopener\">Bici Baci<\/a>, que, con 3 tiendas estrat\u00e9gicamente situadas, es <strong>EL lugar<\/strong> donde alquilar bicis y scooters en Roma y participar en recorridos inolvidables. Curioso y lleno de entusiasmo, Claudio es imparable, \u00a1un volc\u00e1n de ideas! <\/p>\n\t\t\t\t\t\t\t\t<\/div>\n\t\t\t\t<\/div>\n\t\t\t\t<\/div>\n\t\t\t\t<\/div>\n\t\t<div class=\"elementor-element elementor-element-b57b2c6 e-con-full e-flex e-con e-child\" data-id=\"b57b2c6\" data-element_type=\"container\">\n\t\t<div class=\"elementor-element elementor-element-73d19bf e-con-full e-flex e-con e-child\" data-id=\"73d19bf\" data-element_type=\"container\">\n\t\t\t\t<div class=\"elementor-element elementor-element-e7d3aa4 elementor-widget elementor-widget-image\" data-id=\"e7d3aa4\" data-element_type=\"widget\" data-widget_type=\"image.default\">\n\t\t\t\t<div class=\"elementor-widget-container\">\n\t\t\t\t\t\t\t\t\t\t\t\t\t\t\t<img decoding=\"async\" width=\"300\" height=\"300\" src=\"https:\/\/www.spaziomuseovespa.com\/wp-content\/uploads\/roberto.jpg\" class=\"attachment-full size-full wp-image-664\" alt=\"\" srcset=\"https:\/\/www.spaziomuseovespa.com\/wp-content\/uploads\/roberto.jpg 300w, https:\/\/www.spaziomuseovespa.com\/wp-content\/uploads\/roberto-150x150.jpg 150w\" sizes=\"(max-width: 300px) 100vw, 300px\" \/>\t\t\t\t\t\t\t\t\t\t\t\t\t\t\t<\/div>\n\t\t\t\t<\/div>\n\t\t\t\t<\/div>\n\t\t<div class=\"elementor-element elementor-element-fc4f26d e-con-full e-flex e-con e-child\" data-id=\"fc4f26d\" data-element_type=\"container\">\n\t\t\t\t<div class=\"elementor-element elementor-element-43d89eb elementor-widget elementor-widget-heading\" data-id=\"43d89eb\" data-element_type=\"widget\" data-widget_type=\"heading.default\">\n\t\t\t\t<div class=\"elementor-widget-container\">\n\t\t\t\t\t<h2 class=\"elementor-heading-title elementor-size-default\">Roberto Leardi<\/h2>\t\t\t\t<\/div>\n\t\t\t\t<\/div>\n\t\t\t\t<div class=\"elementor-element elementor-element-ae1f182 elementor-widget elementor-widget-text-editor\" data-id=\"ae1f182\" data-element_type=\"widget\" data-widget_type=\"text-editor.default\">\n\t\t\t\t<div class=\"elementor-widget-container\">\n\t\t\t\t\t\t\t\t\t<p>Roberto Leardi es el presidente del Vespa Club Italia.<br \/>\nGran aficionado a la Vespa y autor de numerosos libros dedicados a la Vespa, entre ellos \u00abVespa. Storia di una leggenda&#8217; (Historia de una leyenda), &#8216;Registro storico Vespa&#8217; (Registro hist\u00f3rico Vespa) y &#8216;Scooter d&#8217;epoca italiani e stranieri&#8217; (Scooters de \u00e9poca italianos y extranjeros), Roberto siempre est\u00e1 dispuesto a promocionar la marca Vespa y el esp\u00edritu de los vespistas.<br \/>\nHa cedido al Spazio Museo Vespa algunos veh\u00edculos de su colecci\u00f3n privada.  <\/p>\n\t\t\t\t\t\t\t\t<\/div>\n\t\t\t\t<\/div>\n\t\t\t\t<\/div>\n\t\t\t\t<\/div>\n\t\t<div class=\"elementor-element elementor-element-0671936 e-con-full e-flex e-con e-child\" data-id=\"0671936\" data-element_type=\"container\">\n\t\t<div class=\"elementor-element elementor-element-1ffea40 e-con-full e-flex e-con e-child\" data-id=\"1ffea40\" data-element_type=\"container\">\n\t\t\t\t<div class=\"elementor-element elementor-element-f73f6fd elementor-widget elementor-widget-image\" data-id=\"f73f6fd\" data-element_type=\"widget\" data-widget_type=\"image.default\">\n\t\t\t\t<div class=\"elementor-widget-container\">\n\t\t\t\t\t\t\t\t\t\t\t\t\t\t\t<img loading=\"lazy\" decoding=\"async\" width=\"300\" height=\"300\" src=\"https:\/\/www.spaziomuseovespa.com\/wp-content\/uploads\/michele.jpg\" class=\"attachment-full size-full wp-image-659\" alt=\"\" srcset=\"https:\/\/www.spaziomuseovespa.com\/wp-content\/uploads\/michele.jpg 300w, https:\/\/www.spaziomuseovespa.com\/wp-content\/uploads\/michele-150x150.jpg 150w\" sizes=\"(max-width: 300px) 100vw, 300px\" \/>\t\t\t\t\t\t\t\t\t\t\t\t\t\t\t<\/div>\n\t\t\t\t<\/div>\n\t\t\t\t<\/div>\n\t\t<div class=\"elementor-element elementor-element-5e977b6 e-con-full e-flex e-con e-child\" data-id=\"5e977b6\" data-element_type=\"container\">\n\t\t\t\t<div class=\"elementor-element elementor-element-24c5631 elementor-widget elementor-widget-heading\" data-id=\"24c5631\" data-element_type=\"widget\" data-widget_type=\"heading.default\">\n\t\t\t\t<div class=\"elementor-widget-container\">\n\t\t\t\t\t<h2 class=\"elementor-heading-title elementor-size-default\">Michele Piacentini<\/h2>\t\t\t\t<\/div>\n\t\t\t\t<\/div>\n\t\t\t\t<div class=\"elementor-element elementor-element-eae0bb2 elementor-widget elementor-widget-text-editor\" data-id=\"eae0bb2\" data-element_type=\"widget\" data-widget_type=\"text-editor.default\">\n\t\t\t\t<div class=\"elementor-widget-container\">\n\t\t\t\t\t\t\t\t\t<p>Redactor y organizador de eventos y espect\u00e1culos, fundador de LESARTISTES.it, Michele es el director de eventos de Spazio Museo Vespa.<\/p>\n\t\t\t\t\t\t\t\t<\/div>\n\t\t\t\t<\/div>\n\t\t\t\t<\/div>\n\t\t\t\t<\/div>\n\t\t\t\t\t<\/div>\n\t\t\t\t<\/div>\n\t\t<div class=\"elementor-element elementor-element-ed29d13 e-flex e-con-boxed e-con e-parent\" data-id=\"ed29d13\" data-element_type=\"container\">\n\t\t\t\t\t<div class=\"e-con-inner\">\n\t\t\t\t<div class=\"elementor-element elementor-element-df67762 elementor-widget elementor-widget-video\" data-id=\"df67762\" data-element_type=\"widget\" data-settings=\"{&quot;youtube_url&quot;:&quot;https:\\\/\\\/www.youtube.com\\\/watch?v=qcjP8NQ67xA&quot;,&quot;video_type&quot;:&quot;youtube&quot;,&quot;controls&quot;:&quot;yes&quot;}\" data-widget_type=\"video.default\">\n\t\t\t\t<div class=\"elementor-widget-container\">\n\t\t\t\t\t\t\t<div class=\"elementor-wrapper elementor-open-inline\">\n\t\t\t<div class=\"elementor-video\"><\/div>\t\t<\/div>\n\t\t\t\t\t\t<\/div>\n\t\t\t\t<\/div>\n\t\t\t\t\t<\/div>\n\t\t\t\t<\/div>\n\t\t<div class=\"elementor-element elementor-element-b5b841f riga_tour e-flex e-con-boxed e-con e-parent\" data-id=\"b5b841f\" data-element_type=\"container\">\n\t\t\t\t\t<div class=\"e-con-inner\">\n\t\t\t\t<div class=\"elementor-element elementor-element-d57ea46 elementor-widget elementor-widget-heading\" data-id=\"d57ea46\" data-element_type=\"widget\" data-widget_type=\"heading.default\">\n\t\t\t\t<div class=\"elementor-widget-container\">\n\t\t\t\t\t<h2 class=\"elementor-heading-title elementor-size-default\">... y despu\u00e9s de visitar el Museo de la Vespa Espacio descubre las maravillas de Roma con nuestros maravillosos recorridos  <\/h2>\t\t\t\t<\/div>\n\t\t\t\t<\/div>\n\t\t\t\t<div class=\"elementor-element elementor-element-c9b07b0 elementor-widget elementor-widget-template\" data-id=\"c9b07b0\" data-element_type=\"widget\" data-widget_type=\"template.default\">\n\t\t\t\t<div class=\"elementor-widget-container\">\n\t\t\t\t\t\t\t<div class=\"elementor-template\">\n\t\t\t\t\t<div data-elementor-type=\"section\" data-elementor-id=\"1976\" class=\"elementor elementor-1976 elementor-1687\" data-elementor-post-type=\"elementor_library\">\n\t\t\t<div class=\"elementor-element elementor-element-1497235 riga_tour e-flex e-con-boxed e-con e-parent\" data-id=\"1497235\" data-element_type=\"container\">\n\t\t\t\t\t<div class=\"e-con-inner\">\n\t\t<div class=\"elementor-element elementor-element-586e2e8 e-con-full e-flex e-con e-child\" data-id=\"586e2e8\" data-element_type=\"container\">\n\t\t<div class=\"elementor-element elementor-element-6b49b07 e-con-full e-flex e-con e-child\" data-id=\"6b49b07\" data-element_type=\"container\">\n\t\t\t\t<div class=\"elementor-element elementor-element-fc87d99 elementor-widget elementor-widget-image\" data-id=\"fc87d99\" data-element_type=\"widget\" data-widget_type=\"image.default\">\n\t\t\t\t<div class=\"elementor-widget-container\">\n\t\t\t\t\t\t\t\t\t\t\t\t<figure class=\"wp-caption\">\n\t\t\t\t\t\t\t\t\t\t\t<a href=\"https:\/\/www.spaziomuseovespa.com\/vespa-tour-grand-tour-di-roma\/\">\n\t\t\t\t\t\t\t<img loading=\"lazy\" decoding=\"async\" width=\"600\" height=\"469\" src=\"https:\/\/www.spaziomuseovespa.com\/wp-content\/uploads\/gran_tour_roma.jpg\" class=\"attachment-medium_large size-medium_large wp-image-444\" alt=\"\" srcset=\"https:\/\/www.spaziomuseovespa.com\/wp-content\/uploads\/gran_tour_roma.jpg 600w, https:\/\/www.spaziomuseovespa.com\/wp-content\/uploads\/gran_tour_roma-300x235.jpg 300w\" sizes=\"(max-width: 600px) 100vw, 600px\" \/>\t\t\t\t\t\t\t\t<\/a>\n\t\t\t\t\t\t\t\t\t\t\t<figcaption class=\"widget-image-caption wp-caption-text\">Vespa tour<br>Grand tour por Roma<\/figcaption>\n\t\t\t\t\t\t\t\t\t\t<\/figure>\n\t\t\t\t\t\t\t\t\t<\/div>\n\t\t\t\t<\/div>\n\t\t\t\t<\/div>\n\t\t<div class=\"elementor-element elementor-element-daa5749 e-con-full e-flex e-con e-child\" data-id=\"daa5749\" data-element_type=\"container\">\n\t\t\t\t<div class=\"elementor-element elementor-element-11cf106 elementor-widget elementor-widget-image\" data-id=\"11cf106\" data-element_type=\"widget\" data-widget_type=\"image.default\">\n\t\t\t\t<div class=\"elementor-widget-container\">\n\t\t\t\t\t\t\t\t\t\t\t\t<figure class=\"wp-caption\">\n\t\t\t\t\t\t\t\t\t\t\t<a href=\"https:\/\/www.spaziomuseovespa.com\/vespa-tour-rome-movie-sets\/\">\n\t\t\t\t\t\t\t<img loading=\"lazy\" decoding=\"async\" width=\"600\" height=\"469\" src=\"https:\/\/www.spaziomuseovespa.com\/wp-content\/uploads\/tour_rome_movie_set.jpg\" class=\"attachment-medium_large size-medium_large wp-image-429\" alt=\"\" srcset=\"https:\/\/www.spaziomuseovespa.com\/wp-content\/uploads\/tour_rome_movie_set.jpg 600w, https:\/\/www.spaziomuseovespa.com\/wp-content\/uploads\/tour_rome_movie_set-300x235.jpg 300w\" sizes=\"(max-width: 600px) 100vw, 600px\" \/>\t\t\t\t\t\t\t\t<\/a>\n\t\t\t\t\t\t\t\t\t\t\t<figcaption class=\"widget-image-caption wp-caption-text\">Vespa tour<br>Roma Movie Set<\/figcaption>\n\t\t\t\t\t\t\t\t\t\t<\/figure>\n\t\t\t\t\t\t\t\t\t<\/div>\n\t\t\t\t<\/div>\n\t\t\t\t<\/div>\n\t\t<div class=\"elementor-element elementor-element-912acab e-con-full e-flex e-con e-child\" data-id=\"912acab\" data-element_type=\"container\">\n\t\t\t\t<div class=\"elementor-element elementor-element-0846c51 elementor-widget elementor-widget-image\" data-id=\"0846c51\" data-element_type=\"widget\" data-widget_type=\"image.default\">\n\t\t\t\t<div class=\"elementor-widget-container\">\n\t\t\t\t\t\t\t\t\t\t\t\t<figure class=\"wp-caption\">\n\t\t\t\t\t\t\t\t\t\t\t<a href=\"https:\/\/www.spaziomuseovespa.com\/vespa-tour-castelli-romani\/\">\n\t\t\t\t\t\t\t<img loading=\"lazy\" decoding=\"async\" width=\"600\" height=\"469\" src=\"https:\/\/www.spaziomuseovespa.com\/wp-content\/uploads\/Il-Tour-dei-Castelli-Romani.jpg\" class=\"attachment-medium_large size-medium_large wp-image-439\" alt=\"\" srcset=\"https:\/\/www.spaziomuseovespa.com\/wp-content\/uploads\/Il-Tour-dei-Castelli-Romani.jpg 600w, https:\/\/www.spaziomuseovespa.com\/wp-content\/uploads\/Il-Tour-dei-Castelli-Romani-300x235.jpg 300w\" sizes=\"(max-width: 600px) 100vw, 600px\" \/>\t\t\t\t\t\t\t\t<\/a>\n\t\t\t\t\t\t\t\t\t\t\t<figcaption class=\"widget-image-caption wp-caption-text\">Vespa tour<br>Castelli Romani<\/figcaption>\n\t\t\t\t\t\t\t\t\t\t<\/figure>\n\t\t\t\t\t\t\t\t\t<\/div>\n\t\t\t\t<\/div>\n\t\t\t\t<\/div>\n\t\t<div class=\"elementor-element elementor-element-4853cba e-con-full e-flex e-con e-child\" data-id=\"4853cba\" data-element_type=\"container\">\n\t\t\t\t<div class=\"elementor-element elementor-element-4f272a1 elementor-widget elementor-widget-image\" data-id=\"4f272a1\" data-element_type=\"widget\" data-widget_type=\"image.default\">\n\t\t\t\t<div class=\"elementor-widget-container\">\n\t\t\t\t\t\t\t\t\t\t\t\t<figure class=\"wp-caption\">\n\t\t\t\t\t\t\t\t\t\t\t<a href=\"https:\/\/www.spaziomuseovespa.com\/vespa-tour-roma-moderna-e-ostia-antica\/\">\n\t\t\t\t\t\t\t<img loading=\"lazy\" decoding=\"async\" width=\"600\" height=\"469\" src=\"https:\/\/www.spaziomuseovespa.com\/wp-content\/uploads\/Vespa-Tour-Roma-moderna-e-Ostia-Antica.jpg\" class=\"attachment-medium_large size-medium_large wp-image-434\" alt=\"\" srcset=\"https:\/\/www.spaziomuseovespa.com\/wp-content\/uploads\/Vespa-Tour-Roma-moderna-e-Ostia-Antica.jpg 600w, https:\/\/www.spaziomuseovespa.com\/wp-content\/uploads\/Vespa-Tour-Roma-moderna-e-Ostia-Antica-300x235.jpg 300w\" sizes=\"(max-width: 600px) 100vw, 600px\" \/>\t\t\t\t\t\t\t\t<\/a>\n\t\t\t\t\t\t\t\t\t\t\t<figcaption class=\"widget-image-caption wp-caption-text\">Vespa tour<br>Roma y Ostia Antica<\/figcaption>\n\t\t\t\t\t\t\t\t\t\t<\/figure>\n\t\t\t\t\t\t\t\t\t<\/div>\n\t\t\t\t<\/div>\n\t\t\t\t<\/div>\n\t\t\t\t<\/div>\n\t\t\t\t\t<\/div>\n\t\t\t\t<\/div>\n\t\t\t\t<\/div>\n\t\t\t\t<\/div>\n\t\t\t\t\t\t<\/div>\n\t\t\t\t<\/div>\n\t\t\t\t\t<\/div>\n\t\t\t\t<\/div>\n\t\t<div class=\"elementor-element elementor-element-4a9ed23 e-flex e-con-boxed e-con e-parent\" data-id=\"4a9ed23\" data-element_type=\"container\">\n\t\t\t\t\t<div class=\"e-con-inner\">\n\t\t\t\t<div class=\"elementor-element elementor-element-1d74fcd elementor-widget elementor-widget-heading\" data-id=\"1d74fcd\" data-element_type=\"widget\" data-widget_type=\"heading.default\">\n\t\t\t\t<div class=\"elementor-widget-container\">\n\t\t\t\t\t<h2 class=\"elementor-heading-title elementor-size-default\">... y si eres un conductor experimentado, alquila tu Vespa para descubrir las maravillas de Roma<\/h2>\t\t\t\t<\/div>\n\t\t\t\t<\/div>\n\t\t\t\t<div class=\"elementor-element elementor-element-5c57655 elementor-widget elementor-widget-template\" data-id=\"5c57655\" data-element_type=\"widget\" data-widget_type=\"template.default\">\n\t\t\t\t<div class=\"elementor-widget-container\">\n\t\t\t\t\t\t\t<div class=\"elementor-template\">\n\t\t\t\t\t<div data-elementor-type=\"section\" data-elementor-id=\"1972\" class=\"elementor elementor-1972 elementor-1698\" data-elementor-post-type=\"elementor_library\">\n\t\t\t<div class=\"elementor-element elementor-element-ab87375 e-flex e-con-boxed e-con e-parent\" data-id=\"ab87375\" data-element_type=\"container\">\n\t\t\t\t\t<div class=\"e-con-inner\">\n\t\t<div class=\"elementor-element elementor-element-6eef2e6 e-con-full e-flex e-con e-child\" data-id=\"6eef2e6\" data-element_type=\"container\">\n\t\t<div class=\"elementor-element elementor-element-341e335 e-con-full e-flex e-con e-child\" data-id=\"341e335\" data-element_type=\"container\">\n\t\t\t\t<div class=\"elementor-element elementor-element-56b5421 elementor-widget elementor-widget-image\" data-id=\"56b5421\" data-element_type=\"widget\" data-widget_type=\"image.default\">\n\t\t\t\t<div class=\"elementor-widget-container\">\n\t\t\t\t\t\t\t\t\t\t\t\t\t\t\t\t<a href=\"https:\/\/bicibaci.com\/\" target=\"_blank\">\n\t\t\t\t\t\t\t<img loading=\"lazy\" decoding=\"async\" width=\"200\" height=\"49\" src=\"https:\/\/www.spaziomuseovespa.com\/wp-content\/uploads\/bicibaci-logo-2023.webp\" class=\"attachment-medium_large size-medium_large wp-image-584\" alt=\"\" \/>\t\t\t\t\t\t\t\t<\/a>\n\t\t\t\t\t\t\t\t\t\t\t\t\t\t\t<\/div>\n\t\t\t\t<\/div>\n\t\t\t\t<div class=\"elementor-element elementor-element-99c90bf elementor-widget elementor-widget-heading\" data-id=\"99c90bf\" data-element_type=\"widget\" data-widget_type=\"heading.default\">\n\t\t\t\t<div class=\"elementor-widget-container\">\n\t\t\t\t\t<h2 class=\"elementor-heading-title elementor-size-default\"><a href=\"https:\/\/bicibaci.com\/\" target=\"_blank\">bicibaci.com\/es<\/a><\/h2>\t\t\t\t<\/div>\n\t\t\t\t<\/div>\n\t\t\t\t<div class=\"elementor-element elementor-element-5ebd6b2 elementor-widget elementor-widget-heading\" data-id=\"5ebd6b2\" data-element_type=\"widget\" data-widget_type=\"heading.default\">\n\t\t\t\t<div class=\"elementor-widget-container\">\n\t\t\t\t\t<div class=\"elementor-heading-title elementor-size-default\">Tu pareja ideal<\/div>\t\t\t\t<\/div>\n\t\t\t\t<\/div>\n\t\t\t\t<\/div>\n\t\t<div class=\"elementor-element elementor-element-8778fe8 e-con-full e-flex e-con e-child\" data-id=\"8778fe8\" data-element_type=\"container\">\n\t\t\t\t<div class=\"elementor-element elementor-element-c00a063 elementor-widget elementor-widget-image\" data-id=\"c00a063\" data-element_type=\"widget\" data-widget_type=\"image.default\">\n\t\t\t\t<div class=\"elementor-widget-container\">\n\t\t\t\t\t\t\t\t\t\t\t\t\t\t\t\t<a href=\"https:\/\/bicibaci.com\/prodotto\/scooter-categoria-b1\/\" target=\"_blank\">\n\t\t\t\t\t\t\t<img loading=\"lazy\" decoding=\"async\" width=\"600\" height=\"471\" src=\"https:\/\/www.spaziomuseovespa.com\/wp-content\/uploads\/scooter_cat_b1.jpg\" class=\"attachment-medium_large size-medium_large wp-image-564\" alt=\"\" srcset=\"https:\/\/www.spaziomuseovespa.com\/wp-content\/uploads\/scooter_cat_b1.jpg 600w, https:\/\/www.spaziomuseovespa.com\/wp-content\/uploads\/scooter_cat_b1-300x236.jpg 300w\" sizes=\"(max-width: 600px) 100vw, 600px\" \/>\t\t\t\t\t\t\t\t<\/a>\n\t\t\t\t\t\t\t\t\t\t\t\t\t\t\t<\/div>\n\t\t\t\t<\/div>\n\t\t\t\t<\/div>\n\t\t<div class=\"elementor-element elementor-element-b1f717e e-con-full e-flex e-con e-child\" data-id=\"b1f717e\" data-element_type=\"container\">\n\t\t\t\t<div class=\"elementor-element elementor-element-c4d5fb6 elementor-widget elementor-widget-image\" data-id=\"c4d5fb6\" data-element_type=\"widget\" data-widget_type=\"image.default\">\n\t\t\t\t<div class=\"elementor-widget-container\">\n\t\t\t\t\t\t\t\t\t\t\t\t\t\t\t\t<a href=\"https:\/\/bicibaci.com\/prodotto\/scooter-categoria-e\/\" target=\"_blank\">\n\t\t\t\t\t\t\t<img loading=\"lazy\" decoding=\"async\" width=\"600\" height=\"471\" src=\"https:\/\/www.spaziomuseovespa.com\/wp-content\/uploads\/vespa_red_cat_E.jpg\" class=\"attachment-medium_large size-medium_large wp-image-579\" alt=\"\" srcset=\"https:\/\/www.spaziomuseovespa.com\/wp-content\/uploads\/vespa_red_cat_E.jpg 600w, https:\/\/www.spaziomuseovespa.com\/wp-content\/uploads\/vespa_red_cat_E-300x236.jpg 300w\" sizes=\"(max-width: 600px) 100vw, 600px\" \/>\t\t\t\t\t\t\t\t<\/a>\n\t\t\t\t\t\t\t\t\t\t\t\t\t\t\t<\/div>\n\t\t\t\t<\/div>\n\t\t\t\t<\/div>\n\t\t<div class=\"elementor-element elementor-element-6868fe3 e-con-full e-flex e-con e-child\" data-id=\"6868fe3\" data-element_type=\"container\">\n\t\t\t\t<div class=\"elementor-element elementor-element-763973b elementor-widget elementor-widget-image\" data-id=\"763973b\" data-element_type=\"widget\" data-widget_type=\"image.default\">\n\t\t\t\t<div class=\"elementor-widget-container\">\n\t\t\t\t\t\t\t\t\t\t\t\t\t\t\t\t<a href=\"https:\/\/bicibaci.com\/prodotto\/vespa-street-art\/\" target=\"_blank\">\n\t\t\t\t\t\t\t<img loading=\"lazy\" decoding=\"async\" width=\"600\" height=\"471\" src=\"https:\/\/www.spaziomuseovespa.com\/wp-content\/uploads\/vespa-street-art.jpg\" class=\"attachment-medium_large size-medium_large wp-image-574\" alt=\"\" srcset=\"https:\/\/www.spaziomuseovespa.com\/wp-content\/uploads\/vespa-street-art.jpg 600w, https:\/\/www.spaziomuseovespa.com\/wp-content\/uploads\/vespa-street-art-300x236.jpg 300w\" sizes=\"(max-width: 600px) 100vw, 600px\" \/>\t\t\t\t\t\t\t\t<\/a>\n\t\t\t\t\t\t\t\t\t\t\t\t\t\t\t<\/div>\n\t\t\t\t<\/div>\n\t\t\t\t<\/div>\n\t\t<div class=\"elementor-element elementor-element-7c7d8ac e-con-full e-flex e-con e-child\" data-id=\"7c7d8ac\" data-element_type=\"container\">\n\t\t\t\t<div class=\"elementor-element elementor-element-69c1f6c elementor-widget elementor-widget-image\" data-id=\"69c1f6c\" data-element_type=\"widget\" data-widget_type=\"image.default\">\n\t\t\t\t<div class=\"elementor-widget-container\">\n\t\t\t\t\t\t\t\t\t\t\t\t\t\t\t\t<a href=\"https:\/\/bicibaci.com\/prodotto\/scooter-categoria-f\/\" target=\"_blank\">\n\t\t\t\t\t\t\t<img loading=\"lazy\" decoding=\"async\" width=\"600\" height=\"471\" src=\"https:\/\/www.spaziomuseovespa.com\/wp-content\/uploads\/vespa_red_cat_F.jpg\" class=\"attachment-medium_large size-medium_large wp-image-569\" alt=\"\" srcset=\"https:\/\/www.spaziomuseovespa.com\/wp-content\/uploads\/vespa_red_cat_F.jpg 600w, https:\/\/www.spaziomuseovespa.com\/wp-content\/uploads\/vespa_red_cat_F-300x236.jpg 300w\" sizes=\"(max-width: 600px) 100vw, 600px\" \/>\t\t\t\t\t\t\t\t<\/a>\n\t\t\t\t\t\t\t\t\t\t\t\t\t\t\t<\/div>\n\t\t\t\t<\/div>\n\t\t\t\t<\/div>\n\t\t\t\t<\/div>\n\t\t\t\t\t<\/div>\n\t\t\t\t<\/div>\n\t\t\t\t<\/div>\n\t\t\t\t<\/div>\n\t\t\t\t\t\t<\/div>\n\t\t\t\t<\/div>\n\t\t\t\t\t<\/div>\n\t\t\t\t<\/div>\n\t\t<div class=\"elementor-element elementor-element-4e38161 e-flex e-con-boxed e-con e-parent\" data-id=\"4e38161\" data-element_type=\"container\">\n\t\t\t\t\t<div class=\"e-con-inner\">\n\t\t\t\t<div class=\"elementor-element elementor-element-259a22c elementor-widget elementor-widget-heading\" data-id=\"259a22c\" data-element_type=\"widget\" data-widget_type=\"heading.default\">\n\t\t\t\t<div class=\"elementor-widget-container\">\n\t\t\t\t\t<h2 class=\"elementor-heading-title elementor-size-default\">... y para una experiencia \u00fanica pide visitar Roma con Vespa Art<\/h2>\t\t\t\t<\/div>\n\t\t\t\t<\/div>\n\t\t\t\t<div class=\"elementor-element elementor-element-eb3092e elementor-arrows-position-inside elementor-pagination-position-outside elementor-widget elementor-widget-image-carousel\" data-id=\"eb3092e\" data-element_type=\"widget\" data-settings=\"{&quot;slides_to_show&quot;:&quot;4&quot;,&quot;slides_to_scroll&quot;:&quot;1&quot;,&quot;slides_to_show_tablet&quot;:&quot;3&quot;,&quot;lazyload&quot;:&quot;yes&quot;,&quot;image_spacing_custom&quot;:{&quot;unit&quot;:&quot;px&quot;,&quot;size&quot;:40,&quot;sizes&quot;:[]},&quot;image_spacing_custom_tablet&quot;:{&quot;unit&quot;:&quot;px&quot;,&quot;size&quot;:30,&quot;sizes&quot;:[]},&quot;image_spacing_custom_mobile&quot;:{&quot;unit&quot;:&quot;px&quot;,&quot;size&quot;:0,&quot;sizes&quot;:[]},&quot;autoplay_speed&quot;:3000,&quot;navigation&quot;:&quot;both&quot;,&quot;autoplay&quot;:&quot;yes&quot;,&quot;pause_on_hover&quot;:&quot;yes&quot;,&quot;pause_on_interaction&quot;:&quot;yes&quot;,&quot;infinite&quot;:&quot;yes&quot;,&quot;speed&quot;:500,&quot;image_spacing_custom_tablet_extra&quot;:{&quot;unit&quot;:&quot;px&quot;,&quot;size&quot;:&quot;&quot;,&quot;sizes&quot;:[]}}\" data-widget_type=\"image-carousel.default\">\n\t\t\t\t<div class=\"elementor-widget-container\">\n\t\t\t\t\t\t\t<div class=\"elementor-image-carousel-wrapper swiper\" role=\"region\" aria-roledescription=\"carousel\" aria-label=\"Carrusel de im\u00e1genes\" dir=\"ltr\">\n\t\t\t<div class=\"elementor-image-carousel swiper-wrapper\" aria-live=\"off\">\n\t\t\t\t\t\t\t\t<div class=\"swiper-slide\" role=\"group\" aria-roledescription=\"slide\" aria-label=\"1 de 11\"><a data-elementor-open-lightbox=\"yes\" data-elementor-lightbox-slideshow=\"eb3092e\" data-e-action-hash=\"#elementor-action%3Aaction%3Dlightbox%26settings%3DeyJpZCI6NDU0LCJ1cmwiOiJodHRwczpcL1wvd3d3LnNwYXppb211c2VvdmVzcGEuY29tXC93cC1jb250ZW50XC91cGxvYWRzXC9WZXN0YS1TdHJlZXQtQXJ0LTEud2VicCIsInNsaWRlc2hvdyI6ImViMzA5MmUifQ%3D%3D\" href=\"https:\/\/www.spaziomuseovespa.com\/wp-content\/uploads\/Vesta-Street-Art-1.webp\"><figure class=\"swiper-slide-inner\"><img class=\"swiper-slide-image swiper-lazy\" data-src=\"https:\/\/www.spaziomuseovespa.com\/wp-content\/uploads\/Vesta-Street-Art-1-768x576.webp\" alt=\"Vesta-Street-Art-1.webp\" \/><div class=\"swiper-lazy-preloader\"><\/div><\/figure><\/a><\/div><div class=\"swiper-slide\" role=\"group\" aria-roledescription=\"slide\" aria-label=\"2 de 11\"><a data-elementor-open-lightbox=\"yes\" data-elementor-lightbox-slideshow=\"eb3092e\" data-e-action-hash=\"#elementor-action%3Aaction%3Dlightbox%26settings%3DeyJpZCI6NDU5LCJ1cmwiOiJodHRwczpcL1wvd3d3LnNwYXppb211c2VvdmVzcGEuY29tXC93cC1jb250ZW50XC91cGxvYWRzXC9WZXN0YS1TdHJlZXQtQXJ0LTIud2VicCIsInNsaWRlc2hvdyI6ImViMzA5MmUifQ%3D%3D\" href=\"https:\/\/www.spaziomuseovespa.com\/wp-content\/uploads\/Vesta-Street-Art-2.webp\"><figure class=\"swiper-slide-inner\"><img class=\"swiper-slide-image swiper-lazy\" data-src=\"https:\/\/www.spaziomuseovespa.com\/wp-content\/uploads\/Vesta-Street-Art-2-768x576.webp\" alt=\"Vesta-Street-Art-2.webp\" \/><div class=\"swiper-lazy-preloader\"><\/div><\/figure><\/a><\/div><div class=\"swiper-slide\" role=\"group\" aria-roledescription=\"slide\" aria-label=\"3 de 11\"><a data-elementor-open-lightbox=\"yes\" data-elementor-lightbox-slideshow=\"eb3092e\" data-e-action-hash=\"#elementor-action%3Aaction%3Dlightbox%26settings%3DeyJpZCI6NDY0LCJ1cmwiOiJodHRwczpcL1wvd3d3LnNwYXppb211c2VvdmVzcGEuY29tXC93cC1jb250ZW50XC91cGxvYWRzXC9WZXN0YS1TdHJlZXQtQXJ0LTMud2VicCIsInNsaWRlc2hvdyI6ImViMzA5MmUifQ%3D%3D\" href=\"https:\/\/www.spaziomuseovespa.com\/wp-content\/uploads\/Vesta-Street-Art-3.webp\"><figure class=\"swiper-slide-inner\"><img class=\"swiper-slide-image swiper-lazy\" data-src=\"https:\/\/www.spaziomuseovespa.com\/wp-content\/uploads\/Vesta-Street-Art-3-768x576.webp\" alt=\"Vesta-Street-Art-3.webp\" \/><div class=\"swiper-lazy-preloader\"><\/div><\/figure><\/a><\/div><div class=\"swiper-slide\" role=\"group\" aria-roledescription=\"slide\" aria-label=\"4 de 11\"><a data-elementor-open-lightbox=\"yes\" data-elementor-lightbox-slideshow=\"eb3092e\" data-e-action-hash=\"#elementor-action%3Aaction%3Dlightbox%26settings%3DeyJpZCI6NDY5LCJ1cmwiOiJodHRwczpcL1wvd3d3LnNwYXppb211c2VvdmVzcGEuY29tXC93cC1jb250ZW50XC91cGxvYWRzXC9WZXN0YS1TdHJlZXQtQXJ0LTQud2VicCIsInNsaWRlc2hvdyI6ImViMzA5MmUifQ%3D%3D\" href=\"https:\/\/www.spaziomuseovespa.com\/wp-content\/uploads\/Vesta-Street-Art-4.webp\"><figure class=\"swiper-slide-inner\"><img class=\"swiper-slide-image swiper-lazy\" data-src=\"https:\/\/www.spaziomuseovespa.com\/wp-content\/uploads\/Vesta-Street-Art-4-768x576.webp\" alt=\"Vesta-Street-Art-4.webp\" \/><div class=\"swiper-lazy-preloader\"><\/div><\/figure><\/a><\/div><div class=\"swiper-slide\" role=\"group\" aria-roledescription=\"slide\" aria-label=\"5 de 11\"><a data-elementor-open-lightbox=\"yes\" data-elementor-lightbox-slideshow=\"eb3092e\" data-e-action-hash=\"#elementor-action%3Aaction%3Dlightbox%26settings%3DeyJpZCI6NDc0LCJ1cmwiOiJodHRwczpcL1wvd3d3LnNwYXppb211c2VvdmVzcGEuY29tXC93cC1jb250ZW50XC91cGxvYWRzXC9WZXN0YS1TdHJlZXQtQXJ0LTUud2VicCIsInNsaWRlc2hvdyI6ImViMzA5MmUifQ%3D%3D\" href=\"https:\/\/www.spaziomuseovespa.com\/wp-content\/uploads\/Vesta-Street-Art-5.webp\"><figure class=\"swiper-slide-inner\"><img class=\"swiper-slide-image swiper-lazy\" data-src=\"https:\/\/www.spaziomuseovespa.com\/wp-content\/uploads\/Vesta-Street-Art-5-768x576.webp\" alt=\"Vesta-Street-Art-5.webp\" \/><div class=\"swiper-lazy-preloader\"><\/div><\/figure><\/a><\/div><div class=\"swiper-slide\" role=\"group\" aria-roledescription=\"slide\" aria-label=\"6 de 11\"><a data-elementor-open-lightbox=\"yes\" data-elementor-lightbox-slideshow=\"eb3092e\" data-e-action-hash=\"#elementor-action%3Aaction%3Dlightbox%26settings%3DeyJpZCI6NDc5LCJ1cmwiOiJodHRwczpcL1wvd3d3LnNwYXppb211c2VvdmVzcGEuY29tXC93cC1jb250ZW50XC91cGxvYWRzXC9WZXN0YS1TdHJlZXQtQXJ0LTYud2VicCIsInNsaWRlc2hvdyI6ImViMzA5MmUifQ%3D%3D\" href=\"https:\/\/www.spaziomuseovespa.com\/wp-content\/uploads\/Vesta-Street-Art-6.webp\"><figure class=\"swiper-slide-inner\"><img class=\"swiper-slide-image swiper-lazy\" data-src=\"https:\/\/www.spaziomuseovespa.com\/wp-content\/uploads\/Vesta-Street-Art-6-768x576.webp\" alt=\"Vesta-Street-Art-6.webp\" \/><div class=\"swiper-lazy-preloader\"><\/div><\/figure><\/a><\/div><div class=\"swiper-slide\" role=\"group\" aria-roledescription=\"slide\" aria-label=\"7 de 11\"><a data-elementor-open-lightbox=\"yes\" data-elementor-lightbox-slideshow=\"eb3092e\" data-e-action-hash=\"#elementor-action%3Aaction%3Dlightbox%26settings%3DeyJpZCI6NDg0LCJ1cmwiOiJodHRwczpcL1wvd3d3LnNwYXppb211c2VvdmVzcGEuY29tXC93cC1jb250ZW50XC91cGxvYWRzXC9WZXN0YS1TdHJlZXQtQXJ0LTcud2VicCIsInNsaWRlc2hvdyI6ImViMzA5MmUifQ%3D%3D\" href=\"https:\/\/www.spaziomuseovespa.com\/wp-content\/uploads\/Vesta-Street-Art-7.webp\"><figure class=\"swiper-slide-inner\"><img class=\"swiper-slide-image swiper-lazy\" data-src=\"https:\/\/www.spaziomuseovespa.com\/wp-content\/uploads\/Vesta-Street-Art-7-768x576.webp\" alt=\"Vesta-Street-Art-7.webp\" \/><div class=\"swiper-lazy-preloader\"><\/div><\/figure><\/a><\/div><div class=\"swiper-slide\" role=\"group\" aria-roledescription=\"slide\" aria-label=\"8 de 11\"><a data-elementor-open-lightbox=\"yes\" data-elementor-lightbox-slideshow=\"eb3092e\" data-e-action-hash=\"#elementor-action%3Aaction%3Dlightbox%26settings%3DeyJpZCI6NDg5LCJ1cmwiOiJodHRwczpcL1wvd3d3LnNwYXppb211c2VvdmVzcGEuY29tXC93cC1jb250ZW50XC91cGxvYWRzXC9WZXN0YS1TdHJlZXQtQXJ0LTgud2VicCIsInNsaWRlc2hvdyI6ImViMzA5MmUifQ%3D%3D\" href=\"https:\/\/www.spaziomuseovespa.com\/wp-content\/uploads\/Vesta-Street-Art-8.webp\"><figure class=\"swiper-slide-inner\"><img class=\"swiper-slide-image swiper-lazy\" data-src=\"https:\/\/www.spaziomuseovespa.com\/wp-content\/uploads\/Vesta-Street-Art-8-768x576.webp\" alt=\"Vesta-Street-Art-8.webp\" \/><div class=\"swiper-lazy-preloader\"><\/div><\/figure><\/a><\/div><div class=\"swiper-slide\" role=\"group\" aria-roledescription=\"slide\" aria-label=\"9 de 11\"><a data-elementor-open-lightbox=\"yes\" data-elementor-lightbox-slideshow=\"eb3092e\" data-e-action-hash=\"#elementor-action%3Aaction%3Dlightbox%26settings%3DeyJpZCI6NDk0LCJ1cmwiOiJodHRwczpcL1wvd3d3LnNwYXppb211c2VvdmVzcGEuY29tXC93cC1jb250ZW50XC91cGxvYWRzXC9WZXN0YS1TdHJlZXQtQXJ0LTkud2VicCIsInNsaWRlc2hvdyI6ImViMzA5MmUifQ%3D%3D\" href=\"https:\/\/www.spaziomuseovespa.com\/wp-content\/uploads\/Vesta-Street-Art-9.webp\"><figure class=\"swiper-slide-inner\"><img class=\"swiper-slide-image swiper-lazy\" data-src=\"https:\/\/www.spaziomuseovespa.com\/wp-content\/uploads\/Vesta-Street-Art-9-768x576.webp\" alt=\"Vesta-Street-Art-9.webp\" \/><div class=\"swiper-lazy-preloader\"><\/div><\/figure><\/a><\/div><div class=\"swiper-slide\" role=\"group\" aria-roledescription=\"slide\" aria-label=\"10 de 11\"><a data-elementor-open-lightbox=\"yes\" data-elementor-lightbox-slideshow=\"eb3092e\" data-e-action-hash=\"#elementor-action%3Aaction%3Dlightbox%26settings%3DeyJpZCI6NDk5LCJ1cmwiOiJodHRwczpcL1wvd3d3LnNwYXppb211c2VvdmVzcGEuY29tXC93cC1jb250ZW50XC91cGxvYWRzXC9WZXN0YS1TdHJlZXQtQXJ0LTEwLndlYnAiLCJzbGlkZXNob3ciOiJlYjMwOTJlIn0%3D\" href=\"https:\/\/www.spaziomuseovespa.com\/wp-content\/uploads\/Vesta-Street-Art-10.webp\"><figure class=\"swiper-slide-inner\"><img class=\"swiper-slide-image swiper-lazy\" data-src=\"https:\/\/www.spaziomuseovespa.com\/wp-content\/uploads\/Vesta-Street-Art-10-768x576.webp\" alt=\"Vesta-Street-Art-10.webp\" \/><div class=\"swiper-lazy-preloader\"><\/div><\/figure><\/a><\/div><div class=\"swiper-slide\" role=\"group\" aria-roledescription=\"slide\" aria-label=\"11 de 11\"><a data-elementor-open-lightbox=\"yes\" data-elementor-lightbox-slideshow=\"eb3092e\" data-e-action-hash=\"#elementor-action%3Aaction%3Dlightbox%26settings%3DeyJpZCI6NTA0LCJ1cmwiOiJodHRwczpcL1wvd3d3LnNwYXppb211c2VvdmVzcGEuY29tXC93cC1jb250ZW50XC91cGxvYWRzXC9WZXN0YS1TdHJlZXQtQXJ0LTExLndlYnAiLCJzbGlkZXNob3ciOiJlYjMwOTJlIn0%3D\" href=\"https:\/\/www.spaziomuseovespa.com\/wp-content\/uploads\/Vesta-Street-Art-11.webp\"><figure class=\"swiper-slide-inner\"><img class=\"swiper-slide-image swiper-lazy\" data-src=\"https:\/\/www.spaziomuseovespa.com\/wp-content\/uploads\/Vesta-Street-Art-11-768x576.webp\" alt=\"Vesta-Street-Art-11.webp\" \/><div class=\"swiper-lazy-preloader\"><\/div><\/figure><\/a><\/div>\t\t\t<\/div>\n\t\t\t\t\t\t\t\t\t\t\t\t<div class=\"elementor-swiper-button elementor-swiper-button-prev\" role=\"button\" tabindex=\"0\">\n\t\t\t\t\t\t<svg aria-hidden=\"true\" class=\"e-font-icon-svg e-eicon-chevron-left\" viewBox=\"0 0 1000 1000\" xmlns=\"http:\/\/www.w3.org\/2000\/svg\"><path d=\"M646 125C629 125 613 133 604 142L308 442C296 454 292 471 292 487 292 504 296 521 308 533L604 854C617 867 629 875 646 875 663 875 679 871 692 858 704 846 713 829 713 812 713 796 708 779 692 767L438 487 692 225C700 217 708 204 708 187 708 171 704 154 692 142 675 129 663 125 646 125Z\"><\/path><\/svg>\t\t\t\t\t<\/div>\n\t\t\t\t\t<div class=\"elementor-swiper-button elementor-swiper-button-next\" role=\"button\" tabindex=\"0\">\n\t\t\t\t\t\t<svg aria-hidden=\"true\" class=\"e-font-icon-svg e-eicon-chevron-right\" viewBox=\"0 0 1000 1000\" xmlns=\"http:\/\/www.w3.org\/2000\/svg\"><path d=\"M696 533C708 521 713 504 713 487 713 471 708 454 696 446L400 146C388 133 375 125 354 125 338 125 325 129 313 142 300 154 292 171 292 187 292 204 296 221 308 233L563 492 304 771C292 783 288 800 288 817 288 833 296 850 308 863 321 871 338 875 354 875 371 875 388 867 400 854L696 533Z\"><\/path><\/svg>\t\t\t\t\t<\/div>\n\t\t\t\t\n\t\t\t\t\t\t\t\t\t<div class=\"swiper-pagination\"><\/div>\n\t\t\t\t\t\t\t\t\t<\/div>\n\t\t\t\t\t\t<\/div>\n\t\t\t\t<\/div>\n\t\t\t\t\t<\/div>\n\t\t\t\t<\/div>\n\t\t<div class=\"elementor-element elementor-element-f8354f0 e-flex e-con-boxed e-con e-parent\" data-id=\"f8354f0\" data-element_type=\"container\">\n\t\t\t\t\t<div class=\"e-con-inner\">\n\t\t\t\t<div class=\"elementor-element elementor-element-84eabc0 elementor-widget elementor-widget-heading\" data-id=\"84eabc0\" data-element_type=\"widget\" data-widget_type=\"heading.default\">\n\t\t\t\t<div class=\"elementor-widget-container\">\n\t\t\t\t\t<h2 class=\"elementor-heading-title elementor-size-default\">Arriba descubre nuestra TIENDA<\/h2>\t\t\t\t<\/div>\n\t\t\t\t<\/div>\n\t\t\t\t<div class=\"elementor-element elementor-element-8a67b02 elementor-widget elementor-widget-image\" data-id=\"8a67b02\" data-element_type=\"widget\" data-widget_type=\"image.default\">\n\t\t\t\t<div class=\"elementor-widget-container\">\n\t\t\t\t\t\t\t\t\t\t\t\t\t\t\t<img loading=\"lazy\" decoding=\"async\" width=\"1300\" height=\"343\" src=\"https:\/\/www.spaziomuseovespa.com\/wp-content\/uploads\/shop.jpg\" class=\"attachment-full size-full wp-image-669\" alt=\"\" srcset=\"https:\/\/www.spaziomuseovespa.com\/wp-content\/uploads\/shop.jpg 1300w, https:\/\/www.spaziomuseovespa.com\/wp-content\/uploads\/shop-300x79.jpg 300w, https:\/\/www.spaziomuseovespa.com\/wp-content\/uploads\/shop-1024x270.jpg 1024w, https:\/\/www.spaziomuseovespa.com\/wp-content\/uploads\/shop-768x203.jpg 768w\" sizes=\"(max-width: 1300px) 100vw, 1300px\" \/>\t\t\t\t\t\t\t\t\t\t\t\t\t\t\t<\/div>\n\t\t\t\t<\/div>\n\t\t\t\t\t<\/div>\n\t\t\t\t<\/div>\n\t\t<div class=\"elementor-element elementor-element-4c20609 blocco_shop e-flex e-con-boxed e-con e-parent\" data-id=\"4c20609\" data-element_type=\"container\">\n\t\t\t\t\t<div class=\"e-con-inner\">\n\t\t\t\t<div class=\"elementor-element elementor-element-fb8591b elementor-widget elementor-widget-text-editor\" data-id=\"fb8591b\" data-element_type=\"widget\" data-widget_type=\"text-editor.default\">\n\t\t\t\t<div class=\"elementor-widget-container\">\n\t\t\t\t\t\t\t\t\t<p>y para tus compras online ve a <a href=\"https:\/\/bicibacishop.it\/\" target=\"_blank\" rel=\"noopener\">www.bicibacishop.it<\/a><\/p>\n\t\t\t\t\t\t\t\t<\/div>\n\t\t\t\t<\/div>\n\t\t\t\t<div class=\"elementor-element elementor-element-8994be9 elementor-widget elementor-widget-ucaddon_content_carousel_new\" data-id=\"8994be9\" data-element_type=\"widget\" data-widget_type=\"ucaddon_content_carousel_new.default\">\n\t\t\t\t<div class=\"elementor-widget-container\">\n\t\t\t\t\t\n<!-- start Content Carousel -->\n\t\t<link id='font-awesome-css' href='https:\/\/www.spaziomuseovespa.com\/wp-content\/plugins\/unlimited-elements-for-elementor-premium\/assets_libraries\/font-awesome6\/fontawesome-all.min.css' type='text\/css' rel='stylesheet' >\n\t\t<link id='font-awesome-4-shim-css' href='https:\/\/www.spaziomuseovespa.com\/wp-content\/plugins\/unlimited-elements-for-elementor-premium\/assets_libraries\/font-awesome6\/fontawesome-v4-shims.min.css' type='text\/css' rel='stylesheet' >\n\t\t<link id='owl-carousel-css' href='https:\/\/www.spaziomuseovespa.com\/wp-content\/plugins\/unlimited-elements-for-elementor-premium\/assets_libraries\/owl-carousel-new\/assets\/owl.carousel.css' type='text\/css' rel='stylesheet' >\n\t\t<link id='fancybox-css' href='https:\/\/www.spaziomuseovespa.com\/wp-content\/plugins\/unlimited-elements-for-elementor-premium\/assets_libraries\/fancybox3\/jquery.fancybox.min.css' type='text\/css' rel='stylesheet' >\n\n<style>\/* widget: Content Carousel *\/\n\n.ue-content-carousel\n{\n  min-height:1px;\n}\n\n#uc_content_carousel_new_elementor_8994be9 .ue-item\n{\n  transition:0.3s;\n  position:relative;\n}\n\n#uc_content_carousel_new_elementor_8994be9 .carousel-image\n{\n  transition:0.3s;\n}\n#uc_content_carousel_new_elementor_8994be9{\n  position:relative;\n  min-height:1px;\n}\n\n#uc_content_carousel_new_elementor_8994be9 .ue-content-holder\n{\n  display:flex;\n  flex-direction:column;\n}\n\n#uc_content_carousel_new_elementor_8994be9 .ue-btn-holder\n{\n  margin-top:auto;\n}\n\n#uc_content_carousel_new_elementor_8994be9 .owl-nav .owl-prev{\n    position:absolute;\n    display:inline-block;\n    text-align:center;\n}\n#uc_content_carousel_new_elementor_8994be9 .owl-nav .owl-next{\n  position:absolute;\n  display:inline-block;\n  text-align:center;\n}\n\n\n#uc_content_carousel_new_elementor_8994be9 .owl-dots {\noverflow:hidden;\ntext-align:center;\n}\n\n#uc_content_carousel_new_elementor_8994be9 .owl-dot {\nborder-radius:50%;\ndisplay:inline-block;\n}\n\n.uc_post_title{\n  font-size:21px;\n}\n\n\n\n\n#uc_content_carousel_new_elementor_8994be9 .uc_image_carousel_container_holder{\n  overflow:hidden;\n}\n\n#uc_content_carousel_new_elementor_8994be9 .uc_more_btn{\n  \n    display:inline-block;\n  text-decoration:none;\n  text-align:center;\n  transition:0.3s;\n}\n\n\n\n#uc_content_carousel_new_elementor_8994be9 .uc_date{\n  color:gray;\n  padding-top:10px;\n  text-style:italic;\n}\n\n\n\n\n\n\n\n\n#uc_content_carousel_new_elementor_8994be9 .ue-btn-inner-wrapper\n{\n  display:inline-flex;\n  align-items:center;\n}\n\n#uc_content_carousel_new_elementor_8994be9 .ue-btn-inner-wrapper svg\n{\n  height:1em;\n  width:1em;\n}\n\n#uc_content_carousel_new_elementor_8994be9 .uc_image_carousel_placeholder\n{\n  position:relative;\n}\n\n#uc_content_carousel_new_elementor_8994be9 .ue_img_link\n{\n  display:block;\n  position:absolute;\n  top:0px;\n  right:0px;\n  left:0px;\n  bottom:0px;\n}\n\n<\/style>\n\n<div class=\"ue-content-carousel\" >\n   <div class=\"uc_carousel owl-carousel owl-theme uc-items-wrapper   \" id=\"uc_content_carousel_new_elementor_8994be9\" data-lightbox=\"false\" data-equal-height=\"false\"  >\n   \t\t<div class=\"uc_image_carousel_container_holder ue-item\">\n    <div class=\"uc_image_carousel_placeholder\">\n    \n    <div style=\"background-image:url(https:\/\/www.spaziomuseovespa.com\/wp-content\/uploads\/t-shirt-verde.jpg);background-position:center; background-repeat:no-repeat;\" class=\"carousel-image\"><\/div>\n    \n    <a class=\"ue_img_link\" href=\"https:\/\/bicibacishop.it\/shop\/t-shirt-verde-bicibaci-girl\/\"  target='_blank'><\/a>    \n        \n  <\/div>\n  \n    <div class=\"uc_image_carousel_content content-padding ue-content-holder\">\n    \n            <div style=\"width:100%;\">\n                    <a href=\"https:\/\/bicibacishop.it\/shop\/t-shirt-verde-bicibaci-girl\/\"  target='_blank'>            <div class=\"ue-title\">Camiseta Bici Baci Verde Ni\u00f1a<\/div>\n          <\/a>                          <\/div>\n       \n    \n    \n    \n    <!-- put your not empty html here -->\n\n    \n    \n            \n  \n    \n    \n          \n        \n      <\/div>\n  <\/div>\n<div class=\"uc_image_carousel_container_holder ue-item\">\n    <div class=\"uc_image_carousel_placeholder\">\n    \n    <div style=\"background-image:url(https:\/\/www.spaziomuseovespa.com\/wp-content\/uploads\/jacket-blu.jpg);background-position:center; background-repeat:no-repeat;\" class=\"carousel-image\"><\/div>\n    \n    <a class=\"ue_img_link\" href=\"https:\/\/bicibacishop.it\/shop\/jacket-blu-uomo\/\"  target='_blank'><\/a>    \n        \n  <\/div>\n  \n    <div class=\"uc_image_carousel_content content-padding ue-content-holder\">\n    \n            <div style=\"width:100%;\">\n                    <a href=\"https:\/\/bicibacishop.it\/shop\/jacket-blu-uomo\/\"  target='_blank'>            <div class=\"ue-title\">Chaqueta azul Hombre<\/div>\n          <\/a>                          <\/div>\n       \n    \n    \n    \n    <!-- put your not empty html here -->\n\n    \n    \n            \n  \n    \n    \n          \n        \n      <\/div>\n  <\/div>\n<div class=\"uc_image_carousel_container_holder ue-item\">\n    <div class=\"uc_image_carousel_placeholder\">\n    \n    <div style=\"background-image:url(https:\/\/www.spaziomuseovespa.com\/wp-content\/uploads\/borna-nadin.jpg);background-position:center; background-repeat:no-repeat;\" class=\"carousel-image\"><\/div>\n    \n    <a class=\"ue_img_link\" href=\"https:\/\/bicibacishop.it\/shop\/bicibaci-borsa-nadin\/\"  target='_blank'><\/a>    \n        \n  <\/div>\n  \n    <div class=\"uc_image_carousel_content content-padding ue-content-holder\">\n    \n            <div style=\"width:100%;\">\n                    <a href=\"https:\/\/bicibacishop.it\/shop\/bicibaci-borsa-nadin\/\"  target='_blank'>            <div class=\"ue-title\">Bolsa Bicibaci Nadin<\/div>\n          <\/a>                          <\/div>\n       \n    \n    \n    \n    <!-- put your not empty html here -->\n\n    \n    \n            \n  \n    \n    \n          \n        \n      <\/div>\n  <\/div>\n<div class=\"uc_image_carousel_container_holder ue-item\">\n    <div class=\"uc_image_carousel_placeholder\">\n    \n    <div style=\"background-image:url(https:\/\/www.spaziomuseovespa.com\/wp-content\/uploads\/necklace-vespa-gold.jpg);background-position:center; background-repeat:no-repeat;\" class=\"carousel-image\"><\/div>\n    \n    <a class=\"ue_img_link\" href=\"https:\/\/bicibacishop.it\/shop\/necklace-vespa-gold\/\"  target='_blank'><\/a>    \n        \n  <\/div>\n  \n    <div class=\"uc_image_carousel_content content-padding ue-content-holder\">\n    \n            <div style=\"width:100%;\">\n                    <a href=\"https:\/\/bicibacishop.it\/shop\/necklace-vespa-gold\/\"  target='_blank'>            <div class=\"ue-title\">Collar Vespa Oro<\/div>\n          <\/a>                          <\/div>\n       \n    \n    \n    \n    <!-- put your not empty html here -->\n\n    \n    \n            \n  \n    \n    \n          \n        \n      <\/div>\n  <\/div>\n<div class=\"uc_image_carousel_container_holder ue-item\">\n    <div class=\"uc_image_carousel_placeholder\">\n    \n    <div style=\"background-image:url(https:\/\/www.spaziomuseovespa.com\/wp-content\/uploads\/maglietta005.jpg);background-position:center; background-repeat:no-repeat;\" class=\"carousel-image\"><\/div>\n    \n    <a class=\"ue_img_link\" href=\"https:\/\/bicibacishop.it\/shop\/t-shirt-vintage-legend\/\"  target='_blank'><\/a>    \n        \n  <\/div>\n  \n    <div class=\"uc_image_carousel_content content-padding ue-content-holder\">\n    \n            <div style=\"width:100%;\">\n                    <a href=\"https:\/\/bicibacishop.it\/shop\/t-shirt-vintage-legend\/\"  target='_blank'>            <div class=\"ue-title\">Camiseta Vintage Legend<\/div>\n          <\/a>                          <\/div>\n       \n    \n    \n    \n    <!-- put your not empty html here -->\n\n    \n    \n            \n  \n    \n    \n          \n        \n      <\/div>\n  <\/div>\n<div class=\"uc_image_carousel_container_holder ue-item\">\n    <div class=\"uc_image_carousel_placeholder\">\n    \n    <div style=\"background-image:url(https:\/\/www.spaziomuseovespa.com\/wp-content\/uploads\/piumino-black-cappuccio.jpg);background-position:center; background-repeat:no-repeat;\" class=\"carousel-image\"><\/div>\n    \n    <a class=\"ue_img_link\" href=\"https:\/\/bicibacishop.it\/shop\/jacket-black-con-cappuccio\/\"  target='_blank'><\/a>    \n        \n  <\/div>\n  \n    <div class=\"uc_image_carousel_content content-padding ue-content-holder\">\n    \n            <div style=\"width:100%;\">\n                    <a href=\"https:\/\/bicibacishop.it\/shop\/jacket-black-con-cappuccio\/\"  target='_blank'>            <div class=\"ue-title\">Chaqueta de pluma negra con capucha<\/div>\n          <\/a>                          <\/div>\n       \n    \n    \n    \n    <!-- put your not empty html here -->\n\n    \n    \n            \n  \n    \n    \n          \n        \n      <\/div>\n  <\/div>\n<div class=\"uc_image_carousel_container_holder ue-item\">\n    <div class=\"uc_image_carousel_placeholder\">\n    \n    <div style=\"background-image:url(https:\/\/www.spaziomuseovespa.com\/wp-content\/uploads\/zaino-orange.jpg);background-position:center; background-repeat:no-repeat;\" class=\"carousel-image\"><\/div>\n    \n    <a class=\"ue_img_link\" href=\"https:\/\/bicibacishop.it\/shop\/bicibaci-zaino-orange\/\"  target='_blank'><\/a>    \n        \n  <\/div>\n  \n    <div class=\"uc_image_carousel_content content-padding ue-content-holder\">\n    \n            <div style=\"width:100%;\">\n                    <a href=\"https:\/\/bicibacishop.it\/shop\/bicibaci-zaino-orange\/\"  target='_blank'>            <div class=\"ue-title\">Mochila Bicibaci Naranja<\/div>\n          <\/a>                          <\/div>\n       \n    \n    \n    \n    <!-- put your not empty html here -->\n\n    \n    \n            \n  \n    \n    \n          \n        \n      <\/div>\n  <\/div>\n<div class=\"uc_image_carousel_container_holder ue-item\">\n    <div class=\"uc_image_carousel_placeholder\">\n    \n    <div style=\"background-image:url(https:\/\/www.spaziomuseovespa.com\/wp-content\/uploads\/platelet-768x768.jpg);background-position:center; background-repeat:no-repeat;\" class=\"carousel-image\"><\/div>\n    \n    <a class=\"ue_img_link\" href=\"https:\/\/bicibacishop.it\/shop\/platelet-bike-silver\/\"  target='_blank'><\/a>    \n        \n  <\/div>\n  \n    <div class=\"uc_image_carousel_content content-padding ue-content-holder\">\n    \n            <div style=\"width:100%;\">\n                    <a href=\"https:\/\/bicibacishop.it\/shop\/platelet-bike-silver\/\"  target='_blank'>            <div class=\"ue-title\">Bicicleta Platelet Plata<\/div>\n          <\/a>                          <\/div>\n       \n    \n    \n    \n    <!-- put your not empty html here -->\n\n    \n    \n            \n  \n    \n    \n          \n        \n      <\/div>\n  <\/div>\n\n   <\/div>\t\n<\/div>\n<!-- end Content Carousel -->\t\t\t\t<\/div>\n\t\t\t\t<\/div>\n\t\t\t\t\t<\/div>\n\t\t\t\t<\/div>\n\t\t\t\t<\/div>\n\t\t","protected":false},"excerpt":{"rendered":"<p>A dos pasos de los Foros Imperiales y del Coliseo, en Via Cavour 302, entrando en la tienda Bici Baci , bajando unos escalones, uno se encuentra de repente en el pasado, frente a los legendarios modelos de Vespa, conocidos por el gran p\u00fablico tambi\u00e9n gracias a las pel\u00edculas de las que fueron protagonistas, en [&hellip;]<\/p>\n","protected":false},"author":1,"featured_media":0,"parent":0,"menu_order":0,"comment_status":"closed","ping_status":"closed","template":"","meta":{"footnotes":""},"luogo_monumento":[],"class_list":["post-834","page","type-page","status-publish","hentry"],"yoast_head":"<!-- This site is optimized with the Yoast SEO plugin v26.7 - https:\/\/yoast.com\/wordpress\/plugins\/seo\/ -->\n<title>El proyecto - Spazio Museo Vespa | Tours y alquileres Vespa en Roma<\/title>\n<meta name=\"description\" content=\"Descubra el proyecto Spazio Museo Vespa: un lugar dedicado a la historia y el dise\u00f1o de la Vespa, que podr\u00e1 visitar durante un recorrido en Vespa por Roma.\" \/>\n<meta name=\"robots\" content=\"index, follow, max-snippet:-1, max-image-preview:large, max-video-preview:-1\" \/>\n<link rel=\"canonical\" href=\"https:\/\/www.spaziomuseovespa.com\/es\/el-proyecto-tour-de-alquiler-de-vespa-roma\/\" \/>\n<meta property=\"og:locale\" content=\"es_ES\" \/>\n<meta property=\"og:type\" content=\"article\" \/>\n<meta property=\"og:title\" content=\"El proyecto - Spazio Museo Vespa | Tours y alquileres Vespa en Roma\" \/>\n<meta property=\"og:description\" content=\"Descubra el proyecto Spazio Museo Vespa: un lugar dedicado a la historia y el dise\u00f1o de la Vespa, que podr\u00e1 visitar durante un recorrido en Vespa por Roma.\" \/>\n<meta property=\"og:url\" content=\"https:\/\/www.spaziomuseovespa.com\/es\/el-proyecto-tour-de-alquiler-de-vespa-roma\/\" \/>\n<meta property=\"og:site_name\" content=\"Spazio Museo Vespa\" \/>\n<meta property=\"article:modified_time\" content=\"2024-10-15T08:47:42+00:00\" \/>\n<meta property=\"og:image\" content=\"https:\/\/www.spaziomuseovespa.com\/wp-content\/uploads\/copertina-il-progetto.jpg\" \/>\n\t<meta property=\"og:image:width\" content=\"1300\" \/>\n\t<meta property=\"og:image:height\" content=\"350\" \/>\n\t<meta property=\"og:image:type\" content=\"image\/jpeg\" \/>\n<meta name=\"twitter:card\" content=\"summary_large_image\" \/>\n<meta name=\"twitter:label1\" content=\"Tiempo de lectura\" \/>\n\t<meta name=\"twitter:data1\" content=\"3 minutos\" \/>\n<script type=\"application\/ld+json\" class=\"yoast-schema-graph\">{\"@context\":\"https:\/\/schema.org\",\"@graph\":[{\"@type\":\"WebPage\",\"@id\":\"https:\/\/www.spaziomuseovespa.com\/es\/el-proyecto-tour-de-alquiler-de-vespa-roma\/\",\"url\":\"https:\/\/www.spaziomuseovespa.com\/es\/el-proyecto-tour-de-alquiler-de-vespa-roma\/\",\"name\":\"El proyecto - Spazio Museo Vespa | Tours y alquileres Vespa en Roma\",\"isPartOf\":{\"@id\":\"https:\/\/www.spaziomuseovespa.com\/es\/#website\"},\"primaryImageOfPage\":{\"@id\":\"https:\/\/www.spaziomuseovespa.com\/es\/el-proyecto-tour-de-alquiler-de-vespa-roma\/#primaryimage\"},\"image\":{\"@id\":\"https:\/\/www.spaziomuseovespa.com\/es\/el-proyecto-tour-de-alquiler-de-vespa-roma\/#primaryimage\"},\"thumbnailUrl\":\"https:\/\/www.spaziomuseovespa.com\/wp-content\/uploads\/copertina-il-progetto.jpg\",\"datePublished\":\"2024-10-02T09:08:42+00:00\",\"dateModified\":\"2024-10-15T08:47:42+00:00\",\"description\":\"Descubra el proyecto Spazio Museo Vespa: un lugar dedicado a la historia y el dise\u00f1o de la Vespa, que podr\u00e1 visitar durante un recorrido en Vespa por Roma.\",\"breadcrumb\":{\"@id\":\"https:\/\/www.spaziomuseovespa.com\/es\/el-proyecto-tour-de-alquiler-de-vespa-roma\/#breadcrumb\"},\"inLanguage\":\"es\",\"potentialAction\":[{\"@type\":\"ReadAction\",\"target\":[\"https:\/\/www.spaziomuseovespa.com\/es\/el-proyecto-tour-de-alquiler-de-vespa-roma\/\"]}]},{\"@type\":\"ImageObject\",\"inLanguage\":\"es\",\"@id\":\"https:\/\/www.spaziomuseovespa.com\/es\/el-proyecto-tour-de-alquiler-de-vespa-roma\/#primaryimage\",\"url\":\"https:\/\/www.spaziomuseovespa.com\/wp-content\/uploads\/copertina-il-progetto.jpg\",\"contentUrl\":\"https:\/\/www.spaziomuseovespa.com\/wp-content\/uploads\/copertina-il-progetto.jpg\"},{\"@type\":\"BreadcrumbList\",\"@id\":\"https:\/\/www.spaziomuseovespa.com\/es\/el-proyecto-tour-de-alquiler-de-vespa-roma\/#breadcrumb\",\"itemListElement\":[{\"@type\":\"ListItem\",\"position\":1,\"name\":\"Home\",\"item\":\"https:\/\/www.spaziomuseovespa.com\/es\/homepage\/\"},{\"@type\":\"ListItem\",\"position\":2,\"name\":\"El proyecto\"}]},{\"@type\":\"WebSite\",\"@id\":\"https:\/\/www.spaziomuseovespa.com\/es\/#website\",\"url\":\"https:\/\/www.spaziomuseovespa.com\/es\/\",\"name\":\"Spazio Museo Vespa\",\"description\":\"\",\"publisher\":{\"@id\":\"https:\/\/www.spaziomuseovespa.com\/es\/#organization\"},\"potentialAction\":[{\"@type\":\"SearchAction\",\"target\":{\"@type\":\"EntryPoint\",\"urlTemplate\":\"https:\/\/www.spaziomuseovespa.com\/es\/?s={search_term_string}\"},\"query-input\":{\"@type\":\"PropertyValueSpecification\",\"valueRequired\":true,\"valueName\":\"search_term_string\"}}],\"inLanguage\":\"es\"},{\"@type\":\"Organization\",\"@id\":\"https:\/\/www.spaziomuseovespa.com\/es\/#organization\",\"name\":\"Spazio Museo Vespa\",\"url\":\"https:\/\/www.spaziomuseovespa.com\/es\/\",\"logo\":{\"@type\":\"ImageObject\",\"inLanguage\":\"es\",\"@id\":\"https:\/\/www.spaziomuseovespa.com\/es\/#\/schema\/logo\/image\/\",\"url\":\"https:\/\/www.spaziomuseovespa.com\/wp-content\/uploads\/logo.png\",\"contentUrl\":\"https:\/\/www.spaziomuseovespa.com\/wp-content\/uploads\/logo.png\",\"width\":322,\"height\":95,\"caption\":\"Spazio Museo Vespa\"},\"image\":{\"@id\":\"https:\/\/www.spaziomuseovespa.com\/es\/#\/schema\/logo\/image\/\"}}]}<\/script>\n<!-- \/ Yoast SEO plugin. -->","yoast_head_json":{"title":"El proyecto - Spazio Museo Vespa | Tours y alquileres Vespa en Roma","description":"Descubra el proyecto Spazio Museo Vespa: un lugar dedicado a la historia y el dise\u00f1o de la Vespa, que podr\u00e1 visitar durante un recorrido en Vespa por Roma.","robots":{"index":"index","follow":"follow","max-snippet":"max-snippet:-1","max-image-preview":"max-image-preview:large","max-video-preview":"max-video-preview:-1"},"canonical":"https:\/\/www.spaziomuseovespa.com\/es\/el-proyecto-tour-de-alquiler-de-vespa-roma\/","og_locale":"es_ES","og_type":"article","og_title":"El proyecto - Spazio Museo Vespa | Tours y alquileres Vespa en Roma","og_description":"Descubra el proyecto Spazio Museo Vespa: un lugar dedicado a la historia y el dise\u00f1o de la Vespa, que podr\u00e1 visitar durante un recorrido en Vespa por Roma.","og_url":"https:\/\/www.spaziomuseovespa.com\/es\/el-proyecto-tour-de-alquiler-de-vespa-roma\/","og_site_name":"Spazio Museo Vespa","article_modified_time":"2024-10-15T08:47:42+00:00","og_image":[{"width":1300,"height":350,"url":"https:\/\/www.spaziomuseovespa.com\/wp-content\/uploads\/copertina-il-progetto.jpg","type":"image\/jpeg"}],"twitter_card":"summary_large_image","twitter_misc":{"Tiempo de lectura":"3 minutos"},"schema":{"@context":"https:\/\/schema.org","@graph":[{"@type":"WebPage","@id":"https:\/\/www.spaziomuseovespa.com\/es\/el-proyecto-tour-de-alquiler-de-vespa-roma\/","url":"https:\/\/www.spaziomuseovespa.com\/es\/el-proyecto-tour-de-alquiler-de-vespa-roma\/","name":"El proyecto - Spazio Museo Vespa | Tours y alquileres Vespa en Roma","isPartOf":{"@id":"https:\/\/www.spaziomuseovespa.com\/es\/#website"},"primaryImageOfPage":{"@id":"https:\/\/www.spaziomuseovespa.com\/es\/el-proyecto-tour-de-alquiler-de-vespa-roma\/#primaryimage"},"image":{"@id":"https:\/\/www.spaziomuseovespa.com\/es\/el-proyecto-tour-de-alquiler-de-vespa-roma\/#primaryimage"},"thumbnailUrl":"https:\/\/www.spaziomuseovespa.com\/wp-content\/uploads\/copertina-il-progetto.jpg","datePublished":"2024-10-02T09:08:42+00:00","dateModified":"2024-10-15T08:47:42+00:00","description":"Descubra el proyecto Spazio Museo Vespa: un lugar dedicado a la historia y el dise\u00f1o de la Vespa, que podr\u00e1 visitar durante un recorrido en Vespa por Roma.","breadcrumb":{"@id":"https:\/\/www.spaziomuseovespa.com\/es\/el-proyecto-tour-de-alquiler-de-vespa-roma\/#breadcrumb"},"inLanguage":"es","potentialAction":[{"@type":"ReadAction","target":["https:\/\/www.spaziomuseovespa.com\/es\/el-proyecto-tour-de-alquiler-de-vespa-roma\/"]}]},{"@type":"ImageObject","inLanguage":"es","@id":"https:\/\/www.spaziomuseovespa.com\/es\/el-proyecto-tour-de-alquiler-de-vespa-roma\/#primaryimage","url":"https:\/\/www.spaziomuseovespa.com\/wp-content\/uploads\/copertina-il-progetto.jpg","contentUrl":"https:\/\/www.spaziomuseovespa.com\/wp-content\/uploads\/copertina-il-progetto.jpg"},{"@type":"BreadcrumbList","@id":"https:\/\/www.spaziomuseovespa.com\/es\/el-proyecto-tour-de-alquiler-de-vespa-roma\/#breadcrumb","itemListElement":[{"@type":"ListItem","position":1,"name":"Home","item":"https:\/\/www.spaziomuseovespa.com\/es\/homepage\/"},{"@type":"ListItem","position":2,"name":"El proyecto"}]},{"@type":"WebSite","@id":"https:\/\/www.spaziomuseovespa.com\/es\/#website","url":"https:\/\/www.spaziomuseovespa.com\/es\/","name":"Spazio Museo Vespa","description":"","publisher":{"@id":"https:\/\/www.spaziomuseovespa.com\/es\/#organization"},"potentialAction":[{"@type":"SearchAction","target":{"@type":"EntryPoint","urlTemplate":"https:\/\/www.spaziomuseovespa.com\/es\/?s={search_term_string}"},"query-input":{"@type":"PropertyValueSpecification","valueRequired":true,"valueName":"search_term_string"}}],"inLanguage":"es"},{"@type":"Organization","@id":"https:\/\/www.spaziomuseovespa.com\/es\/#organization","name":"Spazio Museo Vespa","url":"https:\/\/www.spaziomuseovespa.com\/es\/","logo":{"@type":"ImageObject","inLanguage":"es","@id":"https:\/\/www.spaziomuseovespa.com\/es\/#\/schema\/logo\/image\/","url":"https:\/\/www.spaziomuseovespa.com\/wp-content\/uploads\/logo.png","contentUrl":"https:\/\/www.spaziomuseovespa.com\/wp-content\/uploads\/logo.png","width":322,"height":95,"caption":"Spazio Museo Vespa"},"image":{"@id":"https:\/\/www.spaziomuseovespa.com\/es\/#\/schema\/logo\/image\/"}}]}},"_links":{"self":[{"href":"https:\/\/www.spaziomuseovespa.com\/es\/wp-json\/wp\/v2\/pages\/834","targetHints":{"allow":["GET"]}}],"collection":[{"href":"https:\/\/www.spaziomuseovespa.com\/es\/wp-json\/wp\/v2\/pages"}],"about":[{"href":"https:\/\/www.spaziomuseovespa.com\/es\/wp-json\/wp\/v2\/types\/page"}],"author":[{"embeddable":true,"href":"https:\/\/www.spaziomuseovespa.com\/es\/wp-json\/wp\/v2\/users\/1"}],"replies":[{"embeddable":true,"href":"https:\/\/www.spaziomuseovespa.com\/es\/wp-json\/wp\/v2\/comments?post=834"}],"version-history":[{"count":0,"href":"https:\/\/www.spaziomuseovespa.com\/es\/wp-json\/wp\/v2\/pages\/834\/revisions"}],"wp:attachment":[{"href":"https:\/\/www.spaziomuseovespa.com\/es\/wp-json\/wp\/v2\/media?parent=834"}],"wp:term":[{"taxonomy":"luogo_monumento","embeddable":true,"href":"https:\/\/www.spaziomuseovespa.com\/es\/wp-json\/wp\/v2\/luogo_monumento?post=834"}],"curies":[{"name":"wp","href":"https:\/\/api.w.org\/{rel}","templated":true}]}}