{"id":3505,"date":"2024-10-10T13:21:10","date_gmt":"2024-10-10T11:21:10","guid":{"rendered":"https:\/\/www.spaziomuseovespa.com\/decouvrez-rome-et-ses-monuments\/colonna-traiana\/"},"modified":"2024-10-25T13:48:31","modified_gmt":"2024-10-25T11:48:31","slug":"colonna-traiana","status":"publish","type":"page","link":"https:\/\/www.spaziomuseovespa.com\/fr\/decouvrez-rome-et-ses-monuments\/colonna-traiana\/","title":{"rendered":"Colonna Traiana"},"content":{"rendered":"\t\t<div data-elementor-type=\"wp-page\" data-elementor-id=\"3505\" class=\"elementor elementor-3505 elementor-1584\" data-elementor-post-type=\"page\">\n\t\t\t\t<div class=\"elementor-element elementor-element-a2c7424 e-flex e-con-boxed e-con e-parent\" data-id=\"a2c7424\" data-element_type=\"container\" data-settings=\"{&quot;background_background&quot;:&quot;classic&quot;}\">\n\t\t\t\t\t<div class=\"e-con-inner\">\n\t\t\t\t<div class=\"elementor-element elementor-element-495600d elementor-widget elementor-widget-heading\" data-id=\"495600d\" data-element_type=\"widget\" data-widget_type=\"heading.default\">\n\t\t\t\t<div class=\"elementor-widget-container\">\n\t\t\t\t\t<h1 class=\"elementor-heading-title elementor-size-default\">Colonna Traiana<\/h1>\t\t\t\t<\/div>\n\t\t\t\t<\/div>\n\t\t\t\t\t<\/div>\n\t\t\t\t<\/div>\n\t\t<div class=\"elementor-element elementor-element-fb4dc40 e-flex e-con-boxed e-con e-parent\" data-id=\"fb4dc40\" data-element_type=\"container\">\n\t\t\t\t\t<div class=\"e-con-inner\">\n\t\t\t\t<div class=\"elementor-element elementor-element-e2c4372 elementor-widget elementor-widget-text-editor\" data-id=\"e2c4372\" data-element_type=\"widget\" data-widget_type=\"text-editor.default\">\n\t\t\t\t<div class=\"elementor-widget-container\">\n\t\t\t\t\t\t\t\t\t<p>Visite en Vespa de la Rome imp\u00e9riale : D\u00e9couvrez la colonne de Trajan et les secrets de la Rome antique lors d\u2019une visite passionnante en Vespa. Une journ\u00e9e d\u2019histoire et d\u2019aventure au c\u0153ur de Rome. Explorez la ville et faites l\u2019exp\u00e9rience d\u2019une visite \u00e0 v\u00e9lo unique pour d\u00e9couvrir la colonne de Trajan et les merveilles du Forum de Trajan. Une exp\u00e9rience immersive pour ceux qui aiment l\u2019art et l\u2019arch\u00e9ologie ! D\u00e9couvrez la Rome historique sous un nouvel angle ! Une visite confortable en tuk-tuk vous emm\u00e8ne \u00e0 la d\u00e9couverte de la colonne de Trajan et d\u2019autres merveilles romaines sans stress.     <\/p>\n\t\t\t\t\t\t\t\t<\/div>\n\t\t\t\t<\/div>\n\t\t\t\t\t<\/div>\n\t\t\t\t<\/div>\n\t\t<div class=\"elementor-element elementor-element-c43058d e-flex e-con-boxed e-con e-parent\" data-id=\"c43058d\" data-element_type=\"container\">\n\t\t\t\t\t<div class=\"e-con-inner\">\n\t\t\t\t<div class=\"elementor-element elementor-element-7b26ddd elementor-align-center elementor-mobile-align-center elementor-widget elementor-widget-button\" data-id=\"7b26ddd\" data-element_type=\"widget\" data-widget_type=\"button.default\">\n\t\t\t\t<div class=\"elementor-widget-container\">\n\t\t\t\t\t\t\t\t\t<div class=\"elementor-button-wrapper\">\n\t\t\t\t\t<a class=\"elementor-button elementor-button-link elementor-size-sm\" href=\"https:\/\/bicibaci.com\/fr\/\" target=\"_blank\">\n\t\t\t\t\t\t<span class=\"elementor-button-content-wrapper\">\n\t\t\t\t\t\t\t\t\t<span class=\"elementor-button-text\">Bici Baci votre partenaire id\u00e9al pour d\u00e9couvrir Rome - Visite et location en Vespa, V\u00e9lo, E-bike, Scooter, Tuk Tuk - En savoir plus  <\/span>\n\t\t\t\t\t<\/span>\n\t\t\t\t\t<\/a>\n\t\t\t\t<\/div>\n\t\t\t\t\t\t\t\t<\/div>\n\t\t\t\t<\/div>\n\t\t\t\t\t<\/div>\n\t\t\t\t<\/div>\n\t\t<div class=\"elementor-element elementor-element-c1f16f6 e-flex e-con-boxed e-con e-parent\" data-id=\"c1f16f6\" data-element_type=\"container\">\n\t\t\t\t\t<div class=\"e-con-inner\">\n\t\t\t\t<div class=\"elementor-element elementor-element-bd6e412 elementor-widget elementor-widget-image\" data-id=\"bd6e412\" data-element_type=\"widget\" data-widget_type=\"image.default\">\n\t\t\t\t<div class=\"elementor-widget-container\">\n\t\t\t\t\t\t\t\t\t\t\t\t<figure class=\"wp-caption\">\n\t\t\t\t\t\t\t\t\t\t\t<a href=\"https:\/\/www.spaziomuseovespa.com\/wp-content\/uploads\/Colonna-Traiana-0.jpg\" data-elementor-open-lightbox=\"yes\" data-e-action-hash=\"#elementor-action%3Aaction%3Dlightbox%26settings%3DeyJpZCI6NDM1MCwidXJsIjoiaHR0cHM6XC9cL3d3dy5zcGF6aW9tdXNlb3Zlc3BhLmNvbVwvd3AtY29udGVudFwvdXBsb2Fkc1wvQ29sb25uYS1UcmFpYW5hLTAuanBnIn0%3D\">\n\t\t\t\t\t\t\t<img fetchpriority=\"high\" decoding=\"async\" width=\"1920\" height=\"1080\" src=\"https:\/\/www.spaziomuseovespa.com\/wp-content\/uploads\/Colonna-Traiana-0.jpg\" class=\"attachment-full size-full wp-image-4350\" alt=\"Colonna Traiana\" srcset=\"https:\/\/www.spaziomuseovespa.com\/wp-content\/uploads\/Colonna-Traiana-0.jpg 1920w, https:\/\/www.spaziomuseovespa.com\/wp-content\/uploads\/Colonna-Traiana-0-300x169.jpg 300w, https:\/\/www.spaziomuseovespa.com\/wp-content\/uploads\/Colonna-Traiana-0-1024x576.jpg 1024w, https:\/\/www.spaziomuseovespa.com\/wp-content\/uploads\/Colonna-Traiana-0-768x432.jpg 768w, https:\/\/www.spaziomuseovespa.com\/wp-content\/uploads\/Colonna-Traiana-0-1536x864.jpg 1536w\" sizes=\"(max-width: 1920px) 100vw, 1920px\" \/>\t\t\t\t\t\t\t\t<\/a>\n\t\t\t\t\t\t\t\t\t\t\t<figcaption class=\"widget-image-caption wp-caption-text\"><\/figcaption>\n\t\t\t\t\t\t\t\t\t\t<\/figure>\n\t\t\t\t\t\t\t\t\t<\/div>\n\t\t\t\t<\/div>\n\t\t\t\t\t<\/div>\n\t\t\t\t<\/div>\n\t\t<div class=\"elementor-element elementor-element-c10a9b9 e-flex e-con-boxed e-con e-parent\" data-id=\"c10a9b9\" data-element_type=\"container\">\n\t\t\t\t\t<div class=\"e-con-inner\">\n\t\t\t\t<div class=\"elementor-element elementor-element-1e06551 elementor-widget elementor-widget-heading\" data-id=\"1e06551\" data-element_type=\"widget\" data-widget_type=\"heading.default\">\n\t\t\t\t<div class=\"elementor-widget-container\">\n\t\t\t\t\t<h2 class=\"elementor-heading-title elementor-size-default\">Ce que vous devez savoir sur la colonne de Trajan<\/h2>\t\t\t\t<\/div>\n\t\t\t\t<\/div>\n\t\t\t\t<div class=\"elementor-element elementor-element-e7f071c elementor-widget elementor-widget-text-editor\" data-id=\"e7f071c\" data-element_type=\"widget\" data-widget_type=\"text-editor.default\">\n\t\t\t\t<div class=\"elementor-widget-container\">\n\t\t\t\t\t\t\t\t\t<p>La colonne de Trajan est l\u2019un des monuments les plus c\u00e9l\u00e8bres de la Rome antique, situ\u00e9 dans le Forum de Trajan pr\u00e8s de la Piazza Venezia. Inaugur\u00e9e en 113 apr\u00e8s J.-C., cette colonne c\u00e9l\u00e8bre les victoires de l\u2019empereur Trajan contre les Daces (un peuple qui vivait dans l\u2019actuelle Roumanie) dans les guerres daces. La colonne mesure environ 30 m\u00e8tres de haut (pr\u00e8s de 40 m\u00e8tres avec la base) et est enti\u00e8rement recouverte d\u2019un relief en spirale qui s\u2019enroule sur 200 m\u00e8tres, racontant en plus de 150 sc\u00e8nes les \u00e9pisodes cl\u00e9s des deux campagnes militaires de Trajan. La colonne est en marbre de Carrare et repose sur une grande base, \u00e0 l\u2019int\u00e9rieur de laquelle se trouve un escalier en colima\u00e7on qui m\u00e8ne au sommet. \u00c0 l\u2019origine, la colonne abritait une statue de Trajan, mais en 1587, elle a \u00e9t\u00e9 remplac\u00e9e par une statue de Saint-Pierre \u00e0 la demande du pape Sixte V. Les reliefs de la colonne sont une \u0153uvre d\u2019art et une source historique pr\u00e9cieuse, car ils racontent en d\u00e9tail des sc\u00e8nes de bataille, des moments de la vie quotidienne des soldats romains et des interactions entre l\u2019empereur et son arm\u00e9e. La colonne de Trajan est consid\u00e9r\u00e9e comme l\u2019un des premiers exemples de narration en images dans l\u2019histoire de l\u2019art occidental, et est un symbole de la puissance et de la gloire de l\u2019Empire romain. La colonne de Trajan n\u2019est pas seulement une \u0153uvre d\u2019art et un m\u00e9morial, mais aussi une documentation historique extraordinaire de la p\u00e9riode romaine.      <\/p>\n<p><strong>Construction et architectes : <\/strong>La colonne a probablement \u00e9t\u00e9 con\u00e7ue par l\u2019architecte Apollodore de Damas, un fid\u00e8le collaborateur de l\u2019empereur Trajan. Il a \u00e9t\u00e9 construit dans le cadre de la construction du Forum de Trajan, le plus grand des forums imp\u00e9riaux, pour c\u00e9l\u00e9brer la conqu\u00eate de la Dacie (101-106 apr\u00e8s JC). La structure a \u00e9t\u00e9 achev\u00e9e en 113 apr\u00e8s JC, peu avant la mort de Trajan.  <\/p>\n<p><strong>Le r\u00e9cit de la spirale : <\/strong>La frise sculpt\u00e9e en spirale suit une technique unique et innovante pour l\u2019\u00e9poque, racontant visuellement les \u00e9v\u00e9nements des campagnes daces \u00e0 travers une succession ininterrompue de sc\u00e8nes, comme s\u2019il s\u2019agissait d\u2019une \u00ab bande dessin\u00e9e \u00bb sculpt\u00e9e dans le marbre. Cette technique permet une narration continue qui guide l\u2019\u0153il du spectateur vers le sommet de la colonne. <\/p>\n<p><strong>Sc\u00e8nes principales<\/strong>&nbsp;: Les sc\u00e8nes montrent des moments d\u00e9cisifs des campagnes daces, tels que la travers\u00e9e du Danube, les batailles, la construction de fortifications et de villes, et l\u2019interaction entre Trajan et son arm\u00e9e.<\/p>\n<p><strong>Iconographie d\u00e9taill\u00e9e<\/strong> : Les reliefs montrent en d\u00e9tail les armements, les uniformes, les rites et les coutumes militaires romains, ainsi que les diff\u00e9rentes ethnies de l\u2019arm\u00e9e dace.<\/p>\n<p><strong>Fonction de propagande : <\/strong>En plus de c\u00e9l\u00e9brer les victoires, la colonne avait une fonction de propagande : repr\u00e9senter Trajan comme un empereur juste, capable et invincible, dont l\u2019\u0153uvre \u00e9tait approuv\u00e9e par les dieux. De plus, la colonne a servi \u00e0 consolider l\u2019image de Rome comme une ville capable de dominer et de civiliser les peuples \u00e9trangers. <\/p>\n<p><strong>Int\u00e9rieur de la colonne : <\/strong>\u00c0 l\u2019int\u00e9rieur de la colonne, il y a un escalier en colima\u00e7on de 185 marches qui m\u00e8ne au sommet. \u00c0 l\u2019origine, l\u2019escalier n\u2019\u00e9tait accessible qu\u2019aux attach\u00e9s imp\u00e9riaux. Au sommet, les visiteurs pouvaient profiter d\u2019une vue magnifique sur le Forum de Trajan et les monuments environnants.  <\/p>\n<p><strong>Influence dans l\u2019histoire de l\u2019art : <\/strong>La colonne de Trajan a eu un impact significatif sur l\u2019histoire de l\u2019art, servant de mod\u00e8le \u00e0 d\u2019autres monuments similaires dans tout l\u2019Empire romain, tels que la colonne de Marc Aur\u00e8le dans le Champ de Mars. De plus, il a inspir\u00e9 les artistes et les historiens pendant des si\u00e8cles, \u00e9tant l\u2019un des premiers exemples de narration historique \u00e0 travers la sculpture. <\/p>\n<p><strong>Importance arch\u00e9ologique : <\/strong>Au fil du temps, la chronique a fourni aux historiens des informations cruciales sur l\u2019organisation de l\u2019arm\u00e9e romaine, les techniques de guerre et les relations entre Rome et les populations d\u2019Europe de l\u2019Est. Rest\u00e9 presque intact, il est aujourd\u2019hui l\u2019un des monuments les mieux conserv\u00e9s de l\u2019\u00e9poque imp\u00e9riale. <\/p>\n\t\t\t\t\t\t\t\t<\/div>\n\t\t\t\t<\/div>\n\t\t\t\t\t<\/div>\n\t\t\t\t<\/div>\n\t\t<div class=\"elementor-element elementor-element-de6f7f4 e-flex e-con-boxed e-con e-parent\" data-id=\"de6f7f4\" data-element_type=\"container\">\n\t\t\t\t\t<div class=\"e-con-inner\">\n\t\t\t\t\t<\/div>\n\t\t\t\t<\/div>\n\t\t<div class=\"elementor-element elementor-element-f0bc0b9 e-flex e-con-boxed e-con e-parent\" data-id=\"f0bc0b9\" data-element_type=\"container\">\n\t\t\t\t\t<div class=\"e-con-inner\">\n\t\t\t\t<div class=\"elementor-element elementor-element-29190b6 elementor-widget elementor-widget-heading\" data-id=\"29190b6\" data-element_type=\"widget\" data-widget_type=\"heading.default\">\n\t\t\t\t<div class=\"elementor-widget-container\">\n\t\t\t\t\t<h2 class=\"elementor-heading-title elementor-size-default\">Curiosit\u00e9<\/h2>\t\t\t\t<\/div>\n\t\t\t\t<\/div>\n\t\t\t\t<div class=\"elementor-element elementor-element-7da5c7b elementor-widget elementor-widget-text-editor\" data-id=\"7da5c7b\" data-element_type=\"widget\" data-widget_type=\"text-editor.default\">\n\t\t\t\t<div class=\"elementor-widget-container\">\n\t\t\t\t\t\t\t\t\t<p><strong>Une ancienne bande dessin\u00e9e en marbre : <\/strong>La chronique est consid\u00e9r\u00e9e comme l\u2019un des premiers exemples de bandes dessin\u00e9es narratives, car elle utilise des images sculpt\u00e9es pour raconter une histoire continue, similaire aux bandes dessin\u00e9es modernes. Cela a rendu la narration visuelle accessible m\u00eame \u00e0 ceux qui ne savaient pas lire. <\/p>\n<p><strong>Les reliefs ont \u00e9t\u00e9 peints : <\/strong>Au moment de la construction, les reliefs de la colonne ont probablement \u00e9t\u00e9 peints de couleurs vives pour rendre les sc\u00e8nes plus lisibles et vivantes de loin. Au fil du temps, la coloration s\u2019est perdue, laissant la colonne dans son aspect de marbre naturel. <\/p>\n<p><strong>L\u2019utilisation de miroirs : <\/strong>Afin de voir les d\u00e9tails grav\u00e9s dans les reliefs, on pense que les anciens Romains utilisaient des miroirs plac\u00e9s en divers points autour de la colonne. Cela vous a permis d\u2019appr\u00e9cier chaque sc\u00e8ne sculpt\u00e9e, y compris les d\u00e9tails des sections sup\u00e9rieures. <\/p>\n<p><strong>Une \u0153uvre d\u2019art multilingue :<\/strong><\/p>\n<p>Bien que le public principal de la chronique soit romain, de nombreux soldats et personnes impliqu\u00e9es dans les guerres daces n\u2019\u00e9taient pas italophones. Le r\u00e9cit visuel \u00e9tait donc universel et pouvait \u00e9galement \u00eatre compris par les non-Romains, repr\u00e9sentant la puissance militaire et la grandeur de Rome dans un langage universel. <\/p>\n<p><strong>Il contient les Cendres de Trajan : <\/strong>La base de la colonne sert de tombeau pour Trajan. Apr\u00e8s sa mort en 117 apr\u00e8s J.-C., ses cendres ont \u00e9t\u00e9 plac\u00e9es dans une urne en or, qui a ensuite \u00e9t\u00e9 plac\u00e9e \u00e0 l\u2019int\u00e9rieur de la colonne, ce qui en fait l\u2019un des rares monuments fun\u00e9raires d\u2019un empereur \u00e0 Rome. <\/p>\n<p><strong>Survie extraordinaire : <\/strong>Au Moyen \u00c2ge, de nombreuses structures romaines ont \u00e9t\u00e9 d\u00e9mantel\u00e9es pour r\u00e9cup\u00e9rer du marbre et d\u2019autres mat\u00e9riaux de construction. Cependant, la colonne de Trajan a \u00e9t\u00e9 \u00e9pargn\u00e9e en raison de sa valeur symbolique et du fait que le pape Gr\u00e9goire le Grand a d\u00e9clar\u00e9 que les monuments antiques devaient \u00eatre respect\u00e9s comme signes de la grandeur romaine. <\/p>\n<p><strong>L\u2019ajout de saint Pierre : <\/strong>En 1587, le pape Sixte V fit ajouter une statue de saint Pierre au sommet de la colonne, rempla\u00e7ant la statue originale de Trajan. Cet ajout soulignait l\u2019appropriation chr\u00e9tienne des monuments pa\u00efens comme symboles de la nouvelle foi. <\/p>\n<p><strong>Escalier en colima\u00e7on cach\u00e9 : <\/strong>\u00c0 l\u2019int\u00e9rieur de la colonne se trouve un escalier en colima\u00e7on de 185 marches qui m\u00e8ne au sommet. Cet escalier int\u00e9rieur n\u2019\u00e9tait accessible qu\u2019aux fonctionnaires autoris\u00e9s, et sa pr\u00e9sence contribuait \u00e0 l\u2019extraordinaire stabilit\u00e9 structurelle de la colonne. <\/p>\n<p><strong>Reliefs uniques : <\/strong>Chaque sc\u00e8ne sculpt\u00e9e sur la colonne est unique et d\u00e9taill\u00e9e : plus de 2 500 figures humaines y sont sculpt\u00e9es. Cette complexit\u00e9 fait de la colonne un document historique d\u00e9taill\u00e9, permettant aux \u00e9rudits modernes de mieux comprendre l\u2019\u00e9quipement et les techniques militaires romaines de l\u2019\u00e9poque. <\/p>\n<p><strong>Mod\u00e8les et copies dans le monde : <\/strong>Le succ\u00e8s et la renomm\u00e9e de la Colonne de Trajan ont inspir\u00e9 de nombreux exemplaires et mod\u00e8les \u00e0 travers le monde. Le plus c\u00e9l\u00e8bre est peut-\u00eatre celui conserv\u00e9 au Victoria and Albert Museum de Londres, qui reproduit les reliefs de la colonne en pl\u00e2tre et permet de les admirer de plus pr\u00e8s. <\/p>\n\t\t\t\t\t\t\t\t<\/div>\n\t\t\t\t<\/div>\n\t\t\t\t\t<\/div>\n\t\t\t\t<\/div>\n\t\t<div class=\"elementor-element elementor-element-6897b5c riga_tour e-flex e-con-boxed e-con e-parent\" data-id=\"6897b5c\" data-element_type=\"container\">\n\t\t\t\t\t<div class=\"e-con-inner\">\n\t\t\t\t<div class=\"elementor-element elementor-element-a456a1a elementor-widget elementor-widget-heading\" data-id=\"a456a1a\" data-element_type=\"widget\" data-widget_type=\"heading.default\">\n\t\t\t\t<div class=\"elementor-widget-container\">\n\t\t\t\t\t<h2 class=\"elementor-heading-title elementor-size-default\">Choisissez votre tour en Vespa pr\u00e9f\u00e9r\u00e9 pour visiter Rome<\/h2>\t\t\t\t<\/div>\n\t\t\t\t<\/div>\n\t\t\t\t<div class=\"elementor-element elementor-element-809fee9 elementor-widget elementor-widget-template\" data-id=\"809fee9\" data-element_type=\"widget\" data-widget_type=\"template.default\">\n\t\t\t\t<div class=\"elementor-widget-container\">\n\t\t\t\t\t\t\t<div class=\"elementor-template\">\n\t\t\t\t\t<div data-elementor-type=\"section\" data-elementor-id=\"1966\" class=\"elementor elementor-1966 elementor-1687\" data-elementor-post-type=\"elementor_library\">\n\t\t\t<div class=\"elementor-element elementor-element-1497235 riga_tour e-flex e-con-boxed e-con e-parent\" data-id=\"1497235\" data-element_type=\"container\">\n\t\t\t\t\t<div class=\"e-con-inner\">\n\t\t<div class=\"elementor-element elementor-element-586e2e8 e-con-full e-flex e-con e-child\" data-id=\"586e2e8\" data-element_type=\"container\">\n\t\t<div class=\"elementor-element elementor-element-6b49b07 e-con-full e-flex e-con e-child\" data-id=\"6b49b07\" data-element_type=\"container\">\n\t\t\t\t<div class=\"elementor-element elementor-element-fc87d99 elementor-widget elementor-widget-image\" data-id=\"fc87d99\" data-element_type=\"widget\" data-widget_type=\"image.default\">\n\t\t\t\t<div class=\"elementor-widget-container\">\n\t\t\t\t\t\t\t\t\t\t\t\t<figure class=\"wp-caption\">\n\t\t\t\t\t\t\t\t\t\t\t<a href=\"https:\/\/www.spaziomuseovespa.com\/vespa-tour-grand-tour-di-roma\/\">\n\t\t\t\t\t\t\t<img decoding=\"async\" width=\"600\" height=\"469\" src=\"https:\/\/www.spaziomuseovespa.com\/wp-content\/uploads\/gran_tour_roma.jpg\" class=\"attachment-medium_large size-medium_large wp-image-442\" alt=\"\" srcset=\"https:\/\/www.spaziomuseovespa.com\/wp-content\/uploads\/gran_tour_roma.jpg 600w, https:\/\/www.spaziomuseovespa.com\/wp-content\/uploads\/gran_tour_roma-300x235.jpg 300w\" sizes=\"(max-width: 600px) 100vw, 600px\" \/>\t\t\t\t\t\t\t\t<\/a>\n\t\t\t\t\t\t\t\t\t\t\t<figcaption class=\"widget-image-caption wp-caption-text\">Vespa tour<br>Grand tour de Rome<\/figcaption>\n\t\t\t\t\t\t\t\t\t\t<\/figure>\n\t\t\t\t\t\t\t\t\t<\/div>\n\t\t\t\t<\/div>\n\t\t\t\t<\/div>\n\t\t<div class=\"elementor-element elementor-element-daa5749 e-con-full e-flex e-con e-child\" data-id=\"daa5749\" data-element_type=\"container\">\n\t\t\t\t<div class=\"elementor-element elementor-element-11cf106 elementor-widget elementor-widget-image\" data-id=\"11cf106\" data-element_type=\"widget\" data-widget_type=\"image.default\">\n\t\t\t\t<div class=\"elementor-widget-container\">\n\t\t\t\t\t\t\t\t\t\t\t\t<figure class=\"wp-caption\">\n\t\t\t\t\t\t\t\t\t\t\t<a href=\"https:\/\/www.spaziomuseovespa.com\/vespa-tour-rome-movie-sets\/\">\n\t\t\t\t\t\t\t<img decoding=\"async\" width=\"600\" height=\"469\" src=\"https:\/\/www.spaziomuseovespa.com\/wp-content\/uploads\/tour_rome_movie_set.jpg\" class=\"attachment-medium_large size-medium_large wp-image-427\" alt=\"\" srcset=\"https:\/\/www.spaziomuseovespa.com\/wp-content\/uploads\/tour_rome_movie_set.jpg 600w, https:\/\/www.spaziomuseovespa.com\/wp-content\/uploads\/tour_rome_movie_set-300x235.jpg 300w\" sizes=\"(max-width: 600px) 100vw, 600px\" \/>\t\t\t\t\t\t\t\t<\/a>\n\t\t\t\t\t\t\t\t\t\t\t<figcaption class=\"widget-image-caption wp-caption-text\">Vespa tour<br>Rome Movie Set<\/figcaption>\n\t\t\t\t\t\t\t\t\t\t<\/figure>\n\t\t\t\t\t\t\t\t\t<\/div>\n\t\t\t\t<\/div>\n\t\t\t\t<\/div>\n\t\t<div class=\"elementor-element elementor-element-912acab e-con-full e-flex e-con e-child\" data-id=\"912acab\" data-element_type=\"container\">\n\t\t\t\t<div class=\"elementor-element elementor-element-0846c51 elementor-widget elementor-widget-image\" data-id=\"0846c51\" data-element_type=\"widget\" data-widget_type=\"image.default\">\n\t\t\t\t<div class=\"elementor-widget-container\">\n\t\t\t\t\t\t\t\t\t\t\t\t<figure class=\"wp-caption\">\n\t\t\t\t\t\t\t\t\t\t\t<a href=\"https:\/\/www.spaziomuseovespa.com\/vespa-tour-castelli-romani\/\">\n\t\t\t\t\t\t\t<img loading=\"lazy\" decoding=\"async\" width=\"600\" height=\"469\" src=\"https:\/\/www.spaziomuseovespa.com\/wp-content\/uploads\/Il-Tour-dei-Castelli-Romani.jpg\" class=\"attachment-medium_large size-medium_large wp-image-437\" alt=\"\" srcset=\"https:\/\/www.spaziomuseovespa.com\/wp-content\/uploads\/Il-Tour-dei-Castelli-Romani.jpg 600w, https:\/\/www.spaziomuseovespa.com\/wp-content\/uploads\/Il-Tour-dei-Castelli-Romani-300x235.jpg 300w\" sizes=\"(max-width: 600px) 100vw, 600px\" \/>\t\t\t\t\t\t\t\t<\/a>\n\t\t\t\t\t\t\t\t\t\t\t<figcaption class=\"widget-image-caption wp-caption-text\">Vespa tour<br>Castelli Romani<\/figcaption>\n\t\t\t\t\t\t\t\t\t\t<\/figure>\n\t\t\t\t\t\t\t\t\t<\/div>\n\t\t\t\t<\/div>\n\t\t\t\t<\/div>\n\t\t<div class=\"elementor-element elementor-element-4853cba e-con-full e-flex e-con e-child\" data-id=\"4853cba\" data-element_type=\"container\">\n\t\t\t\t<div class=\"elementor-element elementor-element-4f272a1 elementor-widget elementor-widget-image\" data-id=\"4f272a1\" data-element_type=\"widget\" data-widget_type=\"image.default\">\n\t\t\t\t<div class=\"elementor-widget-container\">\n\t\t\t\t\t\t\t\t\t\t\t\t<figure class=\"wp-caption\">\n\t\t\t\t\t\t\t\t\t\t\t<a href=\"https:\/\/www.spaziomuseovespa.com\/vespa-tour-roma-moderna-e-ostia-antica\/\">\n\t\t\t\t\t\t\t<img loading=\"lazy\" decoding=\"async\" width=\"600\" height=\"469\" src=\"https:\/\/www.spaziomuseovespa.com\/wp-content\/uploads\/Vespa-Tour-Roma-moderna-e-Ostia-Antica.jpg\" class=\"attachment-medium_large size-medium_large wp-image-432\" alt=\"\" srcset=\"https:\/\/www.spaziomuseovespa.com\/wp-content\/uploads\/Vespa-Tour-Roma-moderna-e-Ostia-Antica.jpg 600w, https:\/\/www.spaziomuseovespa.com\/wp-content\/uploads\/Vespa-Tour-Roma-moderna-e-Ostia-Antica-300x235.jpg 300w\" sizes=\"(max-width: 600px) 100vw, 600px\" \/>\t\t\t\t\t\t\t\t<\/a>\n\t\t\t\t\t\t\t\t\t\t\t<figcaption class=\"widget-image-caption wp-caption-text\">Vespa tour<br>Roma Moderna e Ostia Antica<\/figcaption>\n\t\t\t\t\t\t\t\t\t\t<\/figure>\n\t\t\t\t\t\t\t\t\t<\/div>\n\t\t\t\t<\/div>\n\t\t\t\t<\/div>\n\t\t\t\t<\/div>\n\t\t\t\t\t<\/div>\n\t\t\t\t<\/div>\n\t\t\t\t<\/div>\n\t\t\t\t<\/div>\n\t\t\t\t\t\t<\/div>\n\t\t\t\t<\/div>\n\t\t\t\t\t<\/div>\n\t\t\t\t<\/div>\n\t\t<div class=\"elementor-element elementor-element-7bbed0b e-flex e-con-boxed e-con e-parent\" data-id=\"7bbed0b\" data-element_type=\"container\">\n\t\t\t\t\t<div class=\"e-con-inner\">\n\t\t\t\t<div class=\"elementor-element elementor-element-5010171 elementor-widget elementor-widget-heading\" data-id=\"5010171\" data-element_type=\"widget\" data-widget_type=\"heading.default\">\n\t\t\t\t<div class=\"elementor-widget-container\">\n\t\t\t\t\t<h2 class=\"elementor-heading-title elementor-size-default\">... et si vous \u00eates un conducteur exp\u00e9riment\u00e9, louez votre Vespa pour d\u00e9couvrir les merveilles de Rome.<\/h2>\t\t\t\t<\/div>\n\t\t\t\t<\/div>\n\t\t\t\t<div class=\"elementor-element elementor-element-357c0c3 elementor-widget elementor-widget-template\" data-id=\"357c0c3\" data-element_type=\"widget\" data-widget_type=\"template.default\">\n\t\t\t\t<div class=\"elementor-widget-container\">\n\t\t\t\t\t\t\t<div class=\"elementor-template\">\n\t\t\t\t\t<div data-elementor-type=\"section\" data-elementor-id=\"1964\" class=\"elementor elementor-1964 elementor-1698\" data-elementor-post-type=\"elementor_library\">\n\t\t\t<div class=\"elementor-element elementor-element-ab87375 e-flex e-con-boxed e-con e-parent\" data-id=\"ab87375\" data-element_type=\"container\">\n\t\t\t\t\t<div class=\"e-con-inner\">\n\t\t<div class=\"elementor-element elementor-element-6eef2e6 e-con-full e-flex e-con e-child\" data-id=\"6eef2e6\" data-element_type=\"container\">\n\t\t<div class=\"elementor-element elementor-element-341e335 e-con-full e-flex e-con e-child\" data-id=\"341e335\" data-element_type=\"container\">\n\t\t\t\t<div class=\"elementor-element elementor-element-56b5421 elementor-widget elementor-widget-image\" data-id=\"56b5421\" data-element_type=\"widget\" data-widget_type=\"image.default\">\n\t\t\t\t<div class=\"elementor-widget-container\">\n\t\t\t\t\t\t\t\t\t\t\t\t\t\t\t\t<a href=\"https:\/\/bicibaci.com\/fr\/\" target=\"_blank\">\n\t\t\t\t\t\t\t<img loading=\"lazy\" decoding=\"async\" width=\"200\" height=\"49\" src=\"https:\/\/www.spaziomuseovespa.com\/wp-content\/uploads\/bicibaci-logo-2023.webp\" class=\"attachment-medium_large size-medium_large wp-image-582\" alt=\"\" \/>\t\t\t\t\t\t\t\t<\/a>\n\t\t\t\t\t\t\t\t\t\t\t\t\t\t\t<\/div>\n\t\t\t\t<\/div>\n\t\t\t\t<div class=\"elementor-element elementor-element-99c90bf elementor-widget elementor-widget-heading\" data-id=\"99c90bf\" data-element_type=\"widget\" data-widget_type=\"heading.default\">\n\t\t\t\t<div class=\"elementor-widget-container\">\n\t\t\t\t\t<h2 class=\"elementor-heading-title elementor-size-default\"><a href=\"https:\/\/bicibaci.com\/fr\/\" target=\"_blank\">bicibaci.com\/fr\/<\/a><\/h2>\t\t\t\t<\/div>\n\t\t\t\t<\/div>\n\t\t\t\t<div class=\"elementor-element elementor-element-5ebd6b2 elementor-widget elementor-widget-heading\" data-id=\"5ebd6b2\" data-element_type=\"widget\" data-widget_type=\"heading.default\">\n\t\t\t\t<div class=\"elementor-widget-container\">\n\t\t\t\t\t<div class=\"elementor-heading-title elementor-size-default\">Votre partenaire id\u00e9al<\/div>\t\t\t\t<\/div>\n\t\t\t\t<\/div>\n\t\t\t\t<\/div>\n\t\t<div class=\"elementor-element elementor-element-8778fe8 e-con-full e-flex e-con e-child\" data-id=\"8778fe8\" data-element_type=\"container\">\n\t\t\t\t<div class=\"elementor-element elementor-element-c00a063 elementor-widget elementor-widget-image\" data-id=\"c00a063\" data-element_type=\"widget\" data-widget_type=\"image.default\">\n\t\t\t\t<div class=\"elementor-widget-container\">\n\t\t\t\t\t\t\t\t\t\t\t\t\t\t\t\t<a href=\"https:\/\/bicibaci.com\/prodotto\/scooter-categoria-b1\/\" target=\"_blank\">\n\t\t\t\t\t\t\t<img loading=\"lazy\" decoding=\"async\" width=\"600\" height=\"471\" src=\"https:\/\/www.spaziomuseovespa.com\/wp-content\/uploads\/scooter_cat_b1.jpg\" class=\"attachment-medium_large size-medium_large wp-image-562\" alt=\"\" srcset=\"https:\/\/www.spaziomuseovespa.com\/wp-content\/uploads\/scooter_cat_b1.jpg 600w, https:\/\/www.spaziomuseovespa.com\/wp-content\/uploads\/scooter_cat_b1-300x236.jpg 300w\" sizes=\"(max-width: 600px) 100vw, 600px\" \/>\t\t\t\t\t\t\t\t<\/a>\n\t\t\t\t\t\t\t\t\t\t\t\t\t\t\t<\/div>\n\t\t\t\t<\/div>\n\t\t\t\t<\/div>\n\t\t<div class=\"elementor-element elementor-element-b1f717e e-con-full e-flex e-con e-child\" data-id=\"b1f717e\" data-element_type=\"container\">\n\t\t\t\t<div class=\"elementor-element elementor-element-c4d5fb6 elementor-widget elementor-widget-image\" data-id=\"c4d5fb6\" data-element_type=\"widget\" data-widget_type=\"image.default\">\n\t\t\t\t<div class=\"elementor-widget-container\">\n\t\t\t\t\t\t\t\t\t\t\t\t\t\t\t\t<a href=\"https:\/\/bicibaci.com\/prodotto\/scooter-categoria-e\/\" target=\"_blank\">\n\t\t\t\t\t\t\t<img loading=\"lazy\" decoding=\"async\" width=\"600\" height=\"471\" src=\"https:\/\/www.spaziomuseovespa.com\/wp-content\/uploads\/vespa_red_cat_E.jpg\" class=\"attachment-medium_large size-medium_large wp-image-577\" alt=\"\" srcset=\"https:\/\/www.spaziomuseovespa.com\/wp-content\/uploads\/vespa_red_cat_E.jpg 600w, https:\/\/www.spaziomuseovespa.com\/wp-content\/uploads\/vespa_red_cat_E-300x236.jpg 300w\" sizes=\"(max-width: 600px) 100vw, 600px\" \/>\t\t\t\t\t\t\t\t<\/a>\n\t\t\t\t\t\t\t\t\t\t\t\t\t\t\t<\/div>\n\t\t\t\t<\/div>\n\t\t\t\t<\/div>\n\t\t<div class=\"elementor-element elementor-element-6868fe3 e-con-full e-flex e-con e-child\" data-id=\"6868fe3\" data-element_type=\"container\">\n\t\t\t\t<div class=\"elementor-element elementor-element-763973b elementor-widget elementor-widget-image\" data-id=\"763973b\" data-element_type=\"widget\" data-widget_type=\"image.default\">\n\t\t\t\t<div class=\"elementor-widget-container\">\n\t\t\t\t\t\t\t\t\t\t\t\t\t\t\t\t<a href=\"https:\/\/bicibaci.com\/prodotto\/vespa-street-art\/\" target=\"_blank\">\n\t\t\t\t\t\t\t<img loading=\"lazy\" decoding=\"async\" width=\"600\" height=\"471\" src=\"https:\/\/www.spaziomuseovespa.com\/wp-content\/uploads\/vespa-street-art.jpg\" class=\"attachment-medium_large size-medium_large wp-image-572\" alt=\"\" srcset=\"https:\/\/www.spaziomuseovespa.com\/wp-content\/uploads\/vespa-street-art.jpg 600w, https:\/\/www.spaziomuseovespa.com\/wp-content\/uploads\/vespa-street-art-300x236.jpg 300w\" sizes=\"(max-width: 600px) 100vw, 600px\" \/>\t\t\t\t\t\t\t\t<\/a>\n\t\t\t\t\t\t\t\t\t\t\t\t\t\t\t<\/div>\n\t\t\t\t<\/div>\n\t\t\t\t<\/div>\n\t\t<div class=\"elementor-element elementor-element-7c7d8ac e-con-full e-flex e-con e-child\" data-id=\"7c7d8ac\" data-element_type=\"container\">\n\t\t\t\t<div class=\"elementor-element elementor-element-69c1f6c elementor-widget elementor-widget-image\" data-id=\"69c1f6c\" data-element_type=\"widget\" data-widget_type=\"image.default\">\n\t\t\t\t<div class=\"elementor-widget-container\">\n\t\t\t\t\t\t\t\t\t\t\t\t\t\t\t\t<a href=\"https:\/\/bicibaci.com\/prodotto\/scooter-categoria-f\/\" target=\"_blank\">\n\t\t\t\t\t\t\t<img loading=\"lazy\" decoding=\"async\" width=\"600\" height=\"471\" src=\"https:\/\/www.spaziomuseovespa.com\/wp-content\/uploads\/vespa_red_cat_F.jpg\" class=\"attachment-medium_large size-medium_large wp-image-567\" alt=\"\" srcset=\"https:\/\/www.spaziomuseovespa.com\/wp-content\/uploads\/vespa_red_cat_F.jpg 600w, https:\/\/www.spaziomuseovespa.com\/wp-content\/uploads\/vespa_red_cat_F-300x236.jpg 300w\" sizes=\"(max-width: 600px) 100vw, 600px\" \/>\t\t\t\t\t\t\t\t<\/a>\n\t\t\t\t\t\t\t\t\t\t\t\t\t\t\t<\/div>\n\t\t\t\t<\/div>\n\t\t\t\t<\/div>\n\t\t\t\t<\/div>\n\t\t\t\t\t<\/div>\n\t\t\t\t<\/div>\n\t\t\t\t<\/div>\n\t\t\t\t<\/div>\n\t\t\t\t\t\t<\/div>\n\t\t\t\t<\/div>\n\t\t\t\t\t<\/div>\n\t\t\t\t<\/div>\n\t\t\t\t<\/div>\n\t\t","protected":false},"excerpt":{"rendered":"<p>Visite en Vespa de la Rome imp\u00e9riale : D\u00e9couvrez la colonne de Trajan et les secrets de la Rome antique lors d\u2019une visite passionnante en Vespa. Une journ\u00e9e d\u2019histoire et d\u2019aventure au c\u0153ur de Rome. Explorez la ville et faites l\u2019exp\u00e9rience d\u2019une visite \u00e0 v\u00e9lo unique pour d\u00e9couvrir la colonne de Trajan et les merveilles [&hellip;]<\/p>\n","protected":false},"author":1,"featured_media":4350,"parent":3366,"menu_order":0,"comment_status":"closed","ping_status":"closed","template":"","meta":{"footnotes":""},"luogo_monumento":[51],"class_list":["post-3505","page","type-page","status-publish","has-post-thumbnail","hentry","luogo_monumento-roma-antica-fr"],"yoast_head":"<!-- This site is optimized with the Yoast SEO plugin v26.7 - https:\/\/yoast.com\/wordpress\/plugins\/seo\/ -->\n<title>Colonna Traiana - Spazio Museo Vespa | Visites et locations Vespa \u00e0 Rome<\/title>\n<meta name=\"description\" content=\"D\u00e9couvrez Colonna Traiana, location ou visite en vespa, v\u00e9lo, scooter, tuk tuk \u00e0 Rome, Bici Baci est votre partenaire id\u00e9al\" \/>\n<meta name=\"robots\" content=\"index, follow, max-snippet:-1, max-image-preview:large, max-video-preview:-1\" \/>\n<link rel=\"canonical\" href=\"https:\/\/www.spaziomuseovespa.com\/fr\/decouvrez-rome-et-ses-monuments\/colonna-traiana\/\" \/>\n<meta property=\"og:locale\" content=\"fr_FR\" \/>\n<meta property=\"og:type\" content=\"article\" \/>\n<meta property=\"og:title\" content=\"Colonna Traiana - Spazio Museo Vespa | Visites et locations Vespa \u00e0 Rome\" \/>\n<meta property=\"og:description\" content=\"D\u00e9couvrez Colonna Traiana, location ou visite en vespa, v\u00e9lo, scooter, tuk tuk \u00e0 Rome, Bici Baci est votre partenaire id\u00e9al\" \/>\n<meta property=\"og:url\" content=\"https:\/\/www.spaziomuseovespa.com\/fr\/decouvrez-rome-et-ses-monuments\/colonna-traiana\/\" \/>\n<meta property=\"og:site_name\" content=\"Spazio Museo Vespa\" \/>\n<meta property=\"article:modified_time\" content=\"2024-10-25T11:48:31+00:00\" \/>\n<meta property=\"og:image\" content=\"https:\/\/www.spaziomuseovespa.com\/wp-content\/uploads\/Colonna-Traiana-0.jpg\" \/>\n\t<meta property=\"og:image:width\" content=\"1920\" \/>\n\t<meta property=\"og:image:height\" content=\"1080\" \/>\n\t<meta property=\"og:image:type\" content=\"image\/jpeg\" \/>\n<meta name=\"twitter:card\" content=\"summary_large_image\" \/>\n<meta name=\"twitter:label1\" content=\"Dur\u00e9e de lecture estim\u00e9e\" \/>\n\t<meta name=\"twitter:data1\" content=\"7 minutes\" \/>\n<script type=\"application\/ld+json\" class=\"yoast-schema-graph\">{\"@context\":\"https:\/\/schema.org\",\"@graph\":[{\"@type\":\"WebPage\",\"@id\":\"https:\/\/www.spaziomuseovespa.com\/fr\/decouvrez-rome-et-ses-monuments\/colonna-traiana\/\",\"url\":\"https:\/\/www.spaziomuseovespa.com\/fr\/decouvrez-rome-et-ses-monuments\/colonna-traiana\/\",\"name\":\"Colonna Traiana - Spazio Museo Vespa | Visites et locations Vespa \u00e0 Rome\",\"isPartOf\":{\"@id\":\"https:\/\/www.spaziomuseovespa.com\/fr\/#website\"},\"primaryImageOfPage\":{\"@id\":\"https:\/\/www.spaziomuseovespa.com\/fr\/decouvrez-rome-et-ses-monuments\/colonna-traiana\/#primaryimage\"},\"image\":{\"@id\":\"https:\/\/www.spaziomuseovespa.com\/fr\/decouvrez-rome-et-ses-monuments\/colonna-traiana\/#primaryimage\"},\"thumbnailUrl\":\"https:\/\/www.spaziomuseovespa.com\/wp-content\/uploads\/Colonna-Traiana-0.jpg\",\"datePublished\":\"2024-10-10T11:21:10+00:00\",\"dateModified\":\"2024-10-25T11:48:31+00:00\",\"description\":\"D\u00e9couvrez Colonna Traiana, location ou visite en vespa, v\u00e9lo, scooter, tuk tuk \u00e0 Rome, Bici Baci est votre partenaire id\u00e9al\",\"breadcrumb\":{\"@id\":\"https:\/\/www.spaziomuseovespa.com\/fr\/decouvrez-rome-et-ses-monuments\/colonna-traiana\/#breadcrumb\"},\"inLanguage\":\"fr-FR\",\"potentialAction\":[{\"@type\":\"ReadAction\",\"target\":[\"https:\/\/www.spaziomuseovespa.com\/fr\/decouvrez-rome-et-ses-monuments\/colonna-traiana\/\"]}]},{\"@type\":\"ImageObject\",\"inLanguage\":\"fr-FR\",\"@id\":\"https:\/\/www.spaziomuseovespa.com\/fr\/decouvrez-rome-et-ses-monuments\/colonna-traiana\/#primaryimage\",\"url\":\"https:\/\/www.spaziomuseovespa.com\/wp-content\/uploads\/Colonna-Traiana-0.jpg\",\"contentUrl\":\"https:\/\/www.spaziomuseovespa.com\/wp-content\/uploads\/Colonna-Traiana-0.jpg\",\"width\":1920,\"height\":1080,\"caption\":\"Colonna Traiana\"},{\"@type\":\"BreadcrumbList\",\"@id\":\"https:\/\/www.spaziomuseovespa.com\/fr\/decouvrez-rome-et-ses-monuments\/colonna-traiana\/#breadcrumb\",\"itemListElement\":[{\"@type\":\"ListItem\",\"position\":1,\"name\":\"Home\",\"item\":\"https:\/\/www.spaziomuseovespa.com\/fr\/homepage\/\"},{\"@type\":\"ListItem\",\"position\":2,\"name\":\"D\u00e9couvrez Rome et ses monuments\",\"item\":\"https:\/\/www.spaziomuseovespa.com\/fr\/decouvrez-rome-et-ses-monuments\/\"},{\"@type\":\"ListItem\",\"position\":3,\"name\":\"Colonna Traiana\"}]},{\"@type\":\"WebSite\",\"@id\":\"https:\/\/www.spaziomuseovespa.com\/fr\/#website\",\"url\":\"https:\/\/www.spaziomuseovespa.com\/fr\/\",\"name\":\"Spazio Museo Vespa\",\"description\":\"\",\"publisher\":{\"@id\":\"https:\/\/www.spaziomuseovespa.com\/fr\/#organization\"},\"potentialAction\":[{\"@type\":\"SearchAction\",\"target\":{\"@type\":\"EntryPoint\",\"urlTemplate\":\"https:\/\/www.spaziomuseovespa.com\/fr\/?s={search_term_string}\"},\"query-input\":{\"@type\":\"PropertyValueSpecification\",\"valueRequired\":true,\"valueName\":\"search_term_string\"}}],\"inLanguage\":\"fr-FR\"},{\"@type\":\"Organization\",\"@id\":\"https:\/\/www.spaziomuseovespa.com\/fr\/#organization\",\"name\":\"Spazio Museo Vespa\",\"url\":\"https:\/\/www.spaziomuseovespa.com\/fr\/\",\"logo\":{\"@type\":\"ImageObject\",\"inLanguage\":\"fr-FR\",\"@id\":\"https:\/\/www.spaziomuseovespa.com\/fr\/#\/schema\/logo\/image\/\",\"url\":\"https:\/\/www.spaziomuseovespa.com\/wp-content\/uploads\/logo.png\",\"contentUrl\":\"https:\/\/www.spaziomuseovespa.com\/wp-content\/uploads\/logo.png\",\"width\":322,\"height\":95,\"caption\":\"Spazio Museo Vespa\"},\"image\":{\"@id\":\"https:\/\/www.spaziomuseovespa.com\/fr\/#\/schema\/logo\/image\/\"}}]}<\/script>\n<!-- \/ Yoast SEO plugin. -->","yoast_head_json":{"title":"Colonna Traiana - Spazio Museo Vespa | Visites et locations Vespa \u00e0 Rome","description":"D\u00e9couvrez Colonna Traiana, location ou visite en vespa, v\u00e9lo, scooter, tuk tuk \u00e0 Rome, Bici Baci est votre partenaire id\u00e9al","robots":{"index":"index","follow":"follow","max-snippet":"max-snippet:-1","max-image-preview":"max-image-preview:large","max-video-preview":"max-video-preview:-1"},"canonical":"https:\/\/www.spaziomuseovespa.com\/fr\/decouvrez-rome-et-ses-monuments\/colonna-traiana\/","og_locale":"fr_FR","og_type":"article","og_title":"Colonna Traiana - Spazio Museo Vespa | Visites et locations Vespa \u00e0 Rome","og_description":"D\u00e9couvrez Colonna Traiana, location ou visite en vespa, v\u00e9lo, scooter, tuk tuk \u00e0 Rome, Bici Baci est votre partenaire id\u00e9al","og_url":"https:\/\/www.spaziomuseovespa.com\/fr\/decouvrez-rome-et-ses-monuments\/colonna-traiana\/","og_site_name":"Spazio Museo Vespa","article_modified_time":"2024-10-25T11:48:31+00:00","og_image":[{"width":1920,"height":1080,"url":"https:\/\/www.spaziomuseovespa.com\/wp-content\/uploads\/Colonna-Traiana-0.jpg","type":"image\/jpeg"}],"twitter_card":"summary_large_image","twitter_misc":{"Dur\u00e9e de lecture estim\u00e9e":"7 minutes"},"schema":{"@context":"https:\/\/schema.org","@graph":[{"@type":"WebPage","@id":"https:\/\/www.spaziomuseovespa.com\/fr\/decouvrez-rome-et-ses-monuments\/colonna-traiana\/","url":"https:\/\/www.spaziomuseovespa.com\/fr\/decouvrez-rome-et-ses-monuments\/colonna-traiana\/","name":"Colonna Traiana - Spazio Museo Vespa | Visites et locations Vespa \u00e0 Rome","isPartOf":{"@id":"https:\/\/www.spaziomuseovespa.com\/fr\/#website"},"primaryImageOfPage":{"@id":"https:\/\/www.spaziomuseovespa.com\/fr\/decouvrez-rome-et-ses-monuments\/colonna-traiana\/#primaryimage"},"image":{"@id":"https:\/\/www.spaziomuseovespa.com\/fr\/decouvrez-rome-et-ses-monuments\/colonna-traiana\/#primaryimage"},"thumbnailUrl":"https:\/\/www.spaziomuseovespa.com\/wp-content\/uploads\/Colonna-Traiana-0.jpg","datePublished":"2024-10-10T11:21:10+00:00","dateModified":"2024-10-25T11:48:31+00:00","description":"D\u00e9couvrez Colonna Traiana, location ou visite en vespa, v\u00e9lo, scooter, tuk tuk \u00e0 Rome, Bici Baci est votre partenaire id\u00e9al","breadcrumb":{"@id":"https:\/\/www.spaziomuseovespa.com\/fr\/decouvrez-rome-et-ses-monuments\/colonna-traiana\/#breadcrumb"},"inLanguage":"fr-FR","potentialAction":[{"@type":"ReadAction","target":["https:\/\/www.spaziomuseovespa.com\/fr\/decouvrez-rome-et-ses-monuments\/colonna-traiana\/"]}]},{"@type":"ImageObject","inLanguage":"fr-FR","@id":"https:\/\/www.spaziomuseovespa.com\/fr\/decouvrez-rome-et-ses-monuments\/colonna-traiana\/#primaryimage","url":"https:\/\/www.spaziomuseovespa.com\/wp-content\/uploads\/Colonna-Traiana-0.jpg","contentUrl":"https:\/\/www.spaziomuseovespa.com\/wp-content\/uploads\/Colonna-Traiana-0.jpg","width":1920,"height":1080,"caption":"Colonna Traiana"},{"@type":"BreadcrumbList","@id":"https:\/\/www.spaziomuseovespa.com\/fr\/decouvrez-rome-et-ses-monuments\/colonna-traiana\/#breadcrumb","itemListElement":[{"@type":"ListItem","position":1,"name":"Home","item":"https:\/\/www.spaziomuseovespa.com\/fr\/homepage\/"},{"@type":"ListItem","position":2,"name":"D\u00e9couvrez Rome et ses monuments","item":"https:\/\/www.spaziomuseovespa.com\/fr\/decouvrez-rome-et-ses-monuments\/"},{"@type":"ListItem","position":3,"name":"Colonna Traiana"}]},{"@type":"WebSite","@id":"https:\/\/www.spaziomuseovespa.com\/fr\/#website","url":"https:\/\/www.spaziomuseovespa.com\/fr\/","name":"Spazio Museo Vespa","description":"","publisher":{"@id":"https:\/\/www.spaziomuseovespa.com\/fr\/#organization"},"potentialAction":[{"@type":"SearchAction","target":{"@type":"EntryPoint","urlTemplate":"https:\/\/www.spaziomuseovespa.com\/fr\/?s={search_term_string}"},"query-input":{"@type":"PropertyValueSpecification","valueRequired":true,"valueName":"search_term_string"}}],"inLanguage":"fr-FR"},{"@type":"Organization","@id":"https:\/\/www.spaziomuseovespa.com\/fr\/#organization","name":"Spazio Museo Vespa","url":"https:\/\/www.spaziomuseovespa.com\/fr\/","logo":{"@type":"ImageObject","inLanguage":"fr-FR","@id":"https:\/\/www.spaziomuseovespa.com\/fr\/#\/schema\/logo\/image\/","url":"https:\/\/www.spaziomuseovespa.com\/wp-content\/uploads\/logo.png","contentUrl":"https:\/\/www.spaziomuseovespa.com\/wp-content\/uploads\/logo.png","width":322,"height":95,"caption":"Spazio Museo Vespa"},"image":{"@id":"https:\/\/www.spaziomuseovespa.com\/fr\/#\/schema\/logo\/image\/"}}]}},"_links":{"self":[{"href":"https:\/\/www.spaziomuseovespa.com\/fr\/wp-json\/wp\/v2\/pages\/3505","targetHints":{"allow":["GET"]}}],"collection":[{"href":"https:\/\/www.spaziomuseovespa.com\/fr\/wp-json\/wp\/v2\/pages"}],"about":[{"href":"https:\/\/www.spaziomuseovespa.com\/fr\/wp-json\/wp\/v2\/types\/page"}],"author":[{"embeddable":true,"href":"https:\/\/www.spaziomuseovespa.com\/fr\/wp-json\/wp\/v2\/users\/1"}],"replies":[{"embeddable":true,"href":"https:\/\/www.spaziomuseovespa.com\/fr\/wp-json\/wp\/v2\/comments?post=3505"}],"version-history":[{"count":0,"href":"https:\/\/www.spaziomuseovespa.com\/fr\/wp-json\/wp\/v2\/pages\/3505\/revisions"}],"up":[{"embeddable":true,"href":"https:\/\/www.spaziomuseovespa.com\/fr\/wp-json\/wp\/v2\/pages\/3366"}],"wp:featuredmedia":[{"embeddable":true,"href":"https:\/\/www.spaziomuseovespa.com\/fr\/wp-json\/wp\/v2\/media\/4350"}],"wp:attachment":[{"href":"https:\/\/www.spaziomuseovespa.com\/fr\/wp-json\/wp\/v2\/media?parent=3505"}],"wp:term":[{"taxonomy":"luogo_monumento","embeddable":true,"href":"https:\/\/www.spaziomuseovespa.com\/fr\/wp-json\/wp\/v2\/luogo_monumento?post=3505"}],"curies":[{"name":"wp","href":"https:\/\/api.w.org\/{rel}","templated":true}]}}