{"id":3727,"date":"2024-10-11T10:15:10","date_gmt":"2024-10-11T08:15:10","guid":{"rendered":"https:\/\/www.spaziomuseovespa.com\/decouvrez-rome-et-ses-monuments\/il-colle-celio-e-il-tempio-di-claudio\/"},"modified":"2024-10-25T13:48:19","modified_gmt":"2024-10-25T11:48:19","slug":"il-colle-celio-e-il-tempio-di-claudio","status":"publish","type":"page","link":"https:\/\/www.spaziomuseovespa.com\/fr\/decouvrez-rome-et-ses-monuments\/il-colle-celio-e-il-tempio-di-claudio\/","title":{"rendered":"Il Colle Celio e il Tempio di Claudio"},"content":{"rendered":"\t\t<div data-elementor-type=\"wp-page\" data-elementor-id=\"3727\" class=\"elementor elementor-3727 elementor-1474\" data-elementor-post-type=\"page\">\n\t\t\t\t<div class=\"elementor-element elementor-element-a2c7424 e-flex e-con-boxed e-con e-parent\" data-id=\"a2c7424\" data-element_type=\"container\" data-settings=\"{&quot;background_background&quot;:&quot;classic&quot;}\">\n\t\t\t\t\t<div class=\"e-con-inner\">\n\t\t\t\t<div class=\"elementor-element elementor-element-495600d elementor-widget elementor-widget-heading\" data-id=\"495600d\" data-element_type=\"widget\" data-widget_type=\"heading.default\">\n\t\t\t\t<div class=\"elementor-widget-container\">\n\t\t\t\t\t<h1 class=\"elementor-heading-title elementor-size-default\">Il Colle Celio e il Tempio di Claudio<\/h1>\t\t\t\t<\/div>\n\t\t\t\t<\/div>\n\t\t\t\t\t<\/div>\n\t\t\t\t<\/div>\n\t\t<div class=\"elementor-element elementor-element-fb4dc40 e-flex e-con-boxed e-con e-parent\" data-id=\"fb4dc40\" data-element_type=\"container\">\n\t\t\t\t\t<div class=\"e-con-inner\">\n\t\t\t\t<div class=\"elementor-element elementor-element-e2c4372 elementor-widget elementor-widget-text-editor\" data-id=\"e2c4372\" data-element_type=\"widget\" data-widget_type=\"text-editor.default\">\n\t\t\t\t<div class=\"elementor-widget-container\">\n\t\t\t\t\t\t\t\t\t<p>Visitez la colline du Caelian \u00e0 v\u00e9lo, en Vespa, en scooter ou en tuk-tuk. Une exp\u00e9rience incroyable pour d\u00e9couvrir l\u2019un des lieux les plus caract\u00e9ristiques de Rome ! <\/p>\n\t\t\t\t\t\t\t\t<\/div>\n\t\t\t\t<\/div>\n\t\t\t\t\t<\/div>\n\t\t\t\t<\/div>\n\t\t<div class=\"elementor-element elementor-element-c43058d e-flex e-con-boxed e-con e-parent\" data-id=\"c43058d\" data-element_type=\"container\">\n\t\t\t\t\t<div class=\"e-con-inner\">\n\t\t\t\t<div class=\"elementor-element elementor-element-7b26ddd elementor-align-center elementor-mobile-align-center elementor-widget elementor-widget-button\" data-id=\"7b26ddd\" data-element_type=\"widget\" data-widget_type=\"button.default\">\n\t\t\t\t<div class=\"elementor-widget-container\">\n\t\t\t\t\t\t\t\t\t<div class=\"elementor-button-wrapper\">\n\t\t\t\t\t<a class=\"elementor-button elementor-button-link elementor-size-sm\" href=\"https:\/\/bicibaci.com\/fr\/\" target=\"_blank\">\n\t\t\t\t\t\t<span class=\"elementor-button-content-wrapper\">\n\t\t\t\t\t\t\t\t\t<span class=\"elementor-button-text\">Bici Baci votre partenaire id\u00e9al pour d\u00e9couvrir Rome - Visite et location en Vespa, V\u00e9lo, E-bike, Scooter, Tuk Tuk - En savoir plus  <\/span>\n\t\t\t\t\t<\/span>\n\t\t\t\t\t<\/a>\n\t\t\t\t<\/div>\n\t\t\t\t\t\t\t\t<\/div>\n\t\t\t\t<\/div>\n\t\t\t\t\t<\/div>\n\t\t\t\t<\/div>\n\t\t<div class=\"elementor-element elementor-element-c1f16f6 e-flex e-con-boxed e-con e-parent\" data-id=\"c1f16f6\" data-element_type=\"container\">\n\t\t\t\t\t<div class=\"e-con-inner\">\n\t\t\t\t<div class=\"elementor-element elementor-element-bd6e412 elementor-widget elementor-widget-image\" data-id=\"bd6e412\" data-element_type=\"widget\" data-widget_type=\"image.default\">\n\t\t\t\t<div class=\"elementor-widget-container\">\n\t\t\t\t\t\t\t\t\t\t\t\t<figure class=\"wp-caption\">\n\t\t\t\t\t\t\t\t\t\t\t<a href=\"https:\/\/www.spaziomuseovespa.com\/wp-content\/uploads\/Il-Colle-Celio-e-il-Tempio-di-Claudio.jpg\" data-elementor-open-lightbox=\"yes\" data-e-action-hash=\"#elementor-action%3Aaction%3Dlightbox%26settings%3DeyJpZCI6NTAwMCwidXJsIjoiaHR0cHM6XC9cL3d3dy5zcGF6aW9tdXNlb3Zlc3BhLmNvbVwvd3AtY29udGVudFwvdXBsb2Fkc1wvSWwtQ29sbGUtQ2VsaW8tZS1pbC1UZW1waW8tZGktQ2xhdWRpby5qcGcifQ%3D%3D\">\n\t\t\t\t\t\t\t<img fetchpriority=\"high\" decoding=\"async\" width=\"1920\" height=\"1080\" src=\"https:\/\/www.spaziomuseovespa.com\/wp-content\/uploads\/Il-Colle-Celio-e-il-Tempio-di-Claudio.jpg\" class=\"attachment-full size-full wp-image-5000\" alt=\"Il Colle Celio e il Tempio di Claudio\" srcset=\"https:\/\/www.spaziomuseovespa.com\/wp-content\/uploads\/Il-Colle-Celio-e-il-Tempio-di-Claudio.jpg 1920w, https:\/\/www.spaziomuseovespa.com\/wp-content\/uploads\/Il-Colle-Celio-e-il-Tempio-di-Claudio-300x169.jpg 300w, https:\/\/www.spaziomuseovespa.com\/wp-content\/uploads\/Il-Colle-Celio-e-il-Tempio-di-Claudio-1024x576.jpg 1024w, https:\/\/www.spaziomuseovespa.com\/wp-content\/uploads\/Il-Colle-Celio-e-il-Tempio-di-Claudio-768x432.jpg 768w, https:\/\/www.spaziomuseovespa.com\/wp-content\/uploads\/Il-Colle-Celio-e-il-Tempio-di-Claudio-1536x864.jpg 1536w\" sizes=\"(max-width: 1920px) 100vw, 1920px\" \/>\t\t\t\t\t\t\t\t<\/a>\n\t\t\t\t\t\t\t\t\t\t\t<figcaption class=\"widget-image-caption wp-caption-text\"><\/figcaption>\n\t\t\t\t\t\t\t\t\t\t<\/figure>\n\t\t\t\t\t\t\t\t\t<\/div>\n\t\t\t\t<\/div>\n\t\t\t\t\t<\/div>\n\t\t\t\t<\/div>\n\t\t<div class=\"elementor-element elementor-element-c10a9b9 e-flex e-con-boxed e-con e-parent\" data-id=\"c10a9b9\" data-element_type=\"container\">\n\t\t\t\t\t<div class=\"e-con-inner\">\n\t\t\t\t<div class=\"elementor-element elementor-element-1e06551 elementor-widget elementor-widget-heading\" data-id=\"1e06551\" data-element_type=\"widget\" data-widget_type=\"heading.default\">\n\t\t\t\t<div class=\"elementor-widget-container\">\n\t\t\t\t\t<h2 class=\"elementor-heading-title elementor-size-default\">Ce qu\u2019il faut savoir sur la colline du C\u0153lien et le temple Claudien<\/h2>\t\t\t\t<\/div>\n\t\t\t\t<\/div>\n\t\t\t\t<div class=\"elementor-element elementor-element-e7f071c elementor-widget elementor-widget-text-editor\" data-id=\"e7f071c\" data-element_type=\"widget\" data-widget_type=\"text-editor.default\">\n\t\t\t\t<div class=\"elementor-widget-container\">\n\t\t\t\t\t\t\t\t\t<p>La colline du C\u0153lien est l\u2019une des sept collines de Rome et est situ\u00e9e au sud du Colis\u00e9e. Cette colline est c\u00e9l\u00e8bre pour son histoire ancienne et pour les nombreux sites et monuments arch\u00e9ologiques qu\u2019elle abrite. <\/p>\n<p>L\u2019un des monuments les plus importants de la colline du Ca\u00eblien est le <strong>temple de Claude<\/strong>, qui aurait \u00e9t\u00e9 d\u00e9di\u00e9 \u00e0 l\u2019empereur Claude, le quatri\u00e8me empereur romain, qui \u00e9tait connu pour ses r\u00e9formes et ses travaux publics. Le temple a \u00e9t\u00e9 construit en 42 apr\u00e8s JC et \u00e9tait situ\u00e9 dans un complexe de b\u00e2timents publics. Bien qu\u2019il n\u2019en reste aujourd\u2019hui que des ruines, le site est d\u2019une grande importance arch\u00e9ologique et historique.  <\/p>\n<p><strong>Principales caract\u00e9ristiques de la colline du C\u0153lien et du temple de Claude :<\/strong><\/p>\n<ol>\n<li><strong>Histoire<\/strong>&nbsp;: La colline du Caelius a une longue histoire, qui remonte \u00e0 l\u2019\u00e9poque de la fondation de Rome. C\u2019\u00e9tait un quartier r\u00e9sidentiel important pour les classes sup\u00e9rieures de la soci\u00e9t\u00e9 romaine. <\/li>\n<li><strong>Architecture<\/strong>&nbsp;: Le temple de Claude \u00e9tait caract\u00e9ris\u00e9 par un plan rectangulaire typique, avec un haut podium et des colonnes soutenant un grand fronton. Bien que de nombreuses parties du temple aient \u00e9t\u00e9 perdues, certaines structures sont encore visibles. <\/li>\n<li><strong>Importance culturelle<\/strong> : Outre le temple de Claude, la colline du Caelius abrite \u00e9galement d\u2019autres monuments et \u00e9glises importants, tels que la basilique de San Stefano Rotondo et le Parco degli Scipioni.<\/li>\n<li><strong>Ruines et fouilles<\/strong> : Les fouilles arch\u00e9ologiques se poursuivent dans la r\u00e9gion, r\u00e9v\u00e9lant de plus en plus d\u2019informations sur la vie et l\u2019architecture romaines antiques.<\/li>\n<\/ol>\n<p>La colline du C\u00e9lien et le temple de Claude repr\u00e9sentent donc une fen\u00eatre importante sur l\u2019histoire et la culture de la Rome antique.<\/p>\n\t\t\t\t\t\t\t\t<\/div>\n\t\t\t\t<\/div>\n\t\t\t\t\t<\/div>\n\t\t\t\t<\/div>\n\t\t<div class=\"elementor-element elementor-element-de6f7f4 e-flex e-con-boxed e-con e-parent\" data-id=\"de6f7f4\" data-element_type=\"container\">\n\t\t\t\t\t<div class=\"e-con-inner\">\n\t\t\t\t\t<\/div>\n\t\t\t\t<\/div>\n\t\t<div class=\"elementor-element elementor-element-f0bc0b9 e-flex e-con-boxed e-con e-parent\" data-id=\"f0bc0b9\" data-element_type=\"container\">\n\t\t\t\t\t<div class=\"e-con-inner\">\n\t\t\t\t<div class=\"elementor-element elementor-element-29190b6 elementor-widget elementor-widget-heading\" data-id=\"29190b6\" data-element_type=\"widget\" data-widget_type=\"heading.default\">\n\t\t\t\t<div class=\"elementor-widget-container\">\n\t\t\t\t\t<h2 class=\"elementor-heading-title elementor-size-default\">Curiosit\u00e9<\/h2>\t\t\t\t<\/div>\n\t\t\t\t<\/div>\n\t\t\t\t<div class=\"elementor-element elementor-element-7da5c7b elementor-widget elementor-widget-text-editor\" data-id=\"7da5c7b\" data-element_type=\"widget\" data-widget_type=\"text-editor.default\">\n\t\t\t\t<div class=\"elementor-widget-container\">\n\t\t\t\t\t\t\t\t\t<strong>Colline du Caelian<\/strong>\n \t<li><strong>Nom et mythologie<\/strong> : La colline du Caelius porte le nom de C\u00e9lius, un roi romain mythique. Selon la l\u00e9gende, la colline est associ\u00e9e \u00e0 plusieurs mythes et histoires de la fondation de Rome. <\/li>\n \t<li><strong>R\u00e9sidence aristocratique<\/strong> : Pendant l\u2019Empire romain, le Caelian est devenu un quartier r\u00e9sidentiel pour l\u2019aristocratie romaine. De nombreuses familles nobles y ont construit leurs villas, cr\u00e9ant un environnement \u00e9l\u00e9gant et raffin\u00e9. <\/li>\n \t<li><strong>Jardins et parcs<\/strong>&nbsp;: La colline \u00e9tait connue pour ses jardins et ses parcs luxuriants, qui \u00e9taient des lieux de loisirs et de rencontre pour les classes sup\u00e9rieures. Aujourd\u2019hui, certains de ces espaces verts ont \u00e9t\u00e9 r\u00e9cup\u00e9r\u00e9s et sont accessibles au public. <\/li>\n \t<li><strong>Sites religieux<\/strong>&nbsp;: En plus du temple de Claude, la colline du Caelius abrite \u00e9galement de nombreuses \u00e9glises anciennes et importantes, telles que l\u2019\u00e9glise de San Gregorio al Celio et la basilique de San Stefano Rotondo, c\u00e9l\u00e8bre pour ses chapelles circulaires.<\/li><br>\n\n<strong>Temple de Claude<\/strong>\n \t<li><strong>D\u00e9dicace imp\u00e9riale<\/strong> : Le temple de Claude a \u00e9t\u00e9 d\u00e9di\u00e9 \u00e0 l\u2019empereur Claude peu apr\u00e8s sa mort en 54 apr\u00e8s JC. Cela refl\u00e8te la pratique romaine d\u2019honorer les empereurs d\u00e9funts avec des temples et des monuments.<\/li>\n \t<li><strong>Ruines visibles<\/strong> : Bien qu\u2019une grande partie du temple ait \u00e9t\u00e9 perdue, certaines colonnes et le podium sont encore visibles. Ces ruines ont fait l\u2019objet d\u2019\u00e9tudes et de restauration au fil des ans. <\/li>\n \t<li><strong>Influence architecturale<\/strong> : Le temple de Claude est un exemple significatif de l\u2019architecture romaine du d\u00e9but de l\u2019empire et a influenc\u00e9 d\u2019autres temples et structures publiques \u00e0 travers l\u2019empire.<\/li>\n \t<li><strong>D\u00e9couvertes arch\u00e9ologiques<\/strong> : Au cours des fouilles, un certain nombre d\u2019objets ont \u00e9t\u00e9 trouv\u00e9s, notamment des statues et des inscriptions, qui offrent des informations pr\u00e9cieuses sur la vie quotidienne et la religion romaine.<\/li>\t\t\t\t\t\t\t\t<\/div>\n\t\t\t\t<\/div>\n\t\t\t\t\t<\/div>\n\t\t\t\t<\/div>\n\t\t<div class=\"elementor-element elementor-element-3bbf03d riga_tour e-flex e-con-boxed e-con e-parent\" data-id=\"3bbf03d\" data-element_type=\"container\">\n\t\t\t\t\t<div class=\"e-con-inner\">\n\t\t\t\t<div class=\"elementor-element elementor-element-812eec0 elementor-widget elementor-widget-heading\" data-id=\"812eec0\" data-element_type=\"widget\" data-widget_type=\"heading.default\">\n\t\t\t\t<div class=\"elementor-widget-container\">\n\t\t\t\t\t<h2 class=\"elementor-heading-title elementor-size-default\">Choisissez votre tour en Vespa pr\u00e9f\u00e9r\u00e9 pour visiter Rome<\/h2>\t\t\t\t<\/div>\n\t\t\t\t<\/div>\n\t\t\t\t<div class=\"elementor-element elementor-element-29c8ed2 elementor-widget elementor-widget-template\" data-id=\"29c8ed2\" data-element_type=\"widget\" data-widget_type=\"template.default\">\n\t\t\t\t<div class=\"elementor-widget-container\">\n\t\t\t\t\t\t\t<div class=\"elementor-template\">\n\t\t\t\t\t<div data-elementor-type=\"section\" data-elementor-id=\"1966\" class=\"elementor elementor-1966 elementor-1687\" data-elementor-post-type=\"elementor_library\">\n\t\t\t<div class=\"elementor-element elementor-element-1497235 riga_tour e-flex e-con-boxed e-con e-parent\" data-id=\"1497235\" data-element_type=\"container\">\n\t\t\t\t\t<div class=\"e-con-inner\">\n\t\t<div class=\"elementor-element elementor-element-586e2e8 e-con-full e-flex e-con e-child\" data-id=\"586e2e8\" data-element_type=\"container\">\n\t\t<div class=\"elementor-element elementor-element-6b49b07 e-con-full e-flex e-con e-child\" data-id=\"6b49b07\" data-element_type=\"container\">\n\t\t\t\t<div class=\"elementor-element elementor-element-fc87d99 elementor-widget elementor-widget-image\" data-id=\"fc87d99\" data-element_type=\"widget\" data-widget_type=\"image.default\">\n\t\t\t\t<div class=\"elementor-widget-container\">\n\t\t\t\t\t\t\t\t\t\t\t\t<figure class=\"wp-caption\">\n\t\t\t\t\t\t\t\t\t\t\t<a href=\"https:\/\/www.spaziomuseovespa.com\/vespa-tour-grand-tour-di-roma\/\">\n\t\t\t\t\t\t\t<img decoding=\"async\" width=\"600\" height=\"469\" src=\"https:\/\/www.spaziomuseovespa.com\/wp-content\/uploads\/gran_tour_roma.jpg\" class=\"attachment-medium_large size-medium_large wp-image-442\" alt=\"\" srcset=\"https:\/\/www.spaziomuseovespa.com\/wp-content\/uploads\/gran_tour_roma.jpg 600w, https:\/\/www.spaziomuseovespa.com\/wp-content\/uploads\/gran_tour_roma-300x235.jpg 300w\" sizes=\"(max-width: 600px) 100vw, 600px\" \/>\t\t\t\t\t\t\t\t<\/a>\n\t\t\t\t\t\t\t\t\t\t\t<figcaption class=\"widget-image-caption wp-caption-text\">Vespa tour<br>Grand tour de Rome<\/figcaption>\n\t\t\t\t\t\t\t\t\t\t<\/figure>\n\t\t\t\t\t\t\t\t\t<\/div>\n\t\t\t\t<\/div>\n\t\t\t\t<\/div>\n\t\t<div class=\"elementor-element elementor-element-daa5749 e-con-full e-flex e-con e-child\" data-id=\"daa5749\" data-element_type=\"container\">\n\t\t\t\t<div class=\"elementor-element elementor-element-11cf106 elementor-widget elementor-widget-image\" data-id=\"11cf106\" data-element_type=\"widget\" data-widget_type=\"image.default\">\n\t\t\t\t<div class=\"elementor-widget-container\">\n\t\t\t\t\t\t\t\t\t\t\t\t<figure class=\"wp-caption\">\n\t\t\t\t\t\t\t\t\t\t\t<a href=\"https:\/\/www.spaziomuseovespa.com\/vespa-tour-rome-movie-sets\/\">\n\t\t\t\t\t\t\t<img decoding=\"async\" width=\"600\" height=\"469\" src=\"https:\/\/www.spaziomuseovespa.com\/wp-content\/uploads\/tour_rome_movie_set.jpg\" class=\"attachment-medium_large size-medium_large wp-image-427\" alt=\"\" srcset=\"https:\/\/www.spaziomuseovespa.com\/wp-content\/uploads\/tour_rome_movie_set.jpg 600w, https:\/\/www.spaziomuseovespa.com\/wp-content\/uploads\/tour_rome_movie_set-300x235.jpg 300w\" sizes=\"(max-width: 600px) 100vw, 600px\" \/>\t\t\t\t\t\t\t\t<\/a>\n\t\t\t\t\t\t\t\t\t\t\t<figcaption class=\"widget-image-caption wp-caption-text\">Vespa tour<br>Rome Movie Set<\/figcaption>\n\t\t\t\t\t\t\t\t\t\t<\/figure>\n\t\t\t\t\t\t\t\t\t<\/div>\n\t\t\t\t<\/div>\n\t\t\t\t<\/div>\n\t\t<div class=\"elementor-element elementor-element-912acab e-con-full e-flex e-con e-child\" data-id=\"912acab\" data-element_type=\"container\">\n\t\t\t\t<div class=\"elementor-element elementor-element-0846c51 elementor-widget elementor-widget-image\" data-id=\"0846c51\" data-element_type=\"widget\" data-widget_type=\"image.default\">\n\t\t\t\t<div class=\"elementor-widget-container\">\n\t\t\t\t\t\t\t\t\t\t\t\t<figure class=\"wp-caption\">\n\t\t\t\t\t\t\t\t\t\t\t<a href=\"https:\/\/www.spaziomuseovespa.com\/vespa-tour-castelli-romani\/\">\n\t\t\t\t\t\t\t<img loading=\"lazy\" decoding=\"async\" width=\"600\" height=\"469\" src=\"https:\/\/www.spaziomuseovespa.com\/wp-content\/uploads\/Il-Tour-dei-Castelli-Romani.jpg\" class=\"attachment-medium_large size-medium_large wp-image-437\" alt=\"\" srcset=\"https:\/\/www.spaziomuseovespa.com\/wp-content\/uploads\/Il-Tour-dei-Castelli-Romani.jpg 600w, https:\/\/www.spaziomuseovespa.com\/wp-content\/uploads\/Il-Tour-dei-Castelli-Romani-300x235.jpg 300w\" sizes=\"(max-width: 600px) 100vw, 600px\" \/>\t\t\t\t\t\t\t\t<\/a>\n\t\t\t\t\t\t\t\t\t\t\t<figcaption class=\"widget-image-caption wp-caption-text\">Vespa tour<br>Castelli Romani<\/figcaption>\n\t\t\t\t\t\t\t\t\t\t<\/figure>\n\t\t\t\t\t\t\t\t\t<\/div>\n\t\t\t\t<\/div>\n\t\t\t\t<\/div>\n\t\t<div class=\"elementor-element elementor-element-4853cba e-con-full e-flex e-con e-child\" data-id=\"4853cba\" data-element_type=\"container\">\n\t\t\t\t<div class=\"elementor-element elementor-element-4f272a1 elementor-widget elementor-widget-image\" data-id=\"4f272a1\" data-element_type=\"widget\" data-widget_type=\"image.default\">\n\t\t\t\t<div class=\"elementor-widget-container\">\n\t\t\t\t\t\t\t\t\t\t\t\t<figure class=\"wp-caption\">\n\t\t\t\t\t\t\t\t\t\t\t<a href=\"https:\/\/www.spaziomuseovespa.com\/vespa-tour-roma-moderna-e-ostia-antica\/\">\n\t\t\t\t\t\t\t<img loading=\"lazy\" decoding=\"async\" width=\"600\" height=\"469\" src=\"https:\/\/www.spaziomuseovespa.com\/wp-content\/uploads\/Vespa-Tour-Roma-moderna-e-Ostia-Antica.jpg\" class=\"attachment-medium_large size-medium_large wp-image-432\" alt=\"\" srcset=\"https:\/\/www.spaziomuseovespa.com\/wp-content\/uploads\/Vespa-Tour-Roma-moderna-e-Ostia-Antica.jpg 600w, https:\/\/www.spaziomuseovespa.com\/wp-content\/uploads\/Vespa-Tour-Roma-moderna-e-Ostia-Antica-300x235.jpg 300w\" sizes=\"(max-width: 600px) 100vw, 600px\" \/>\t\t\t\t\t\t\t\t<\/a>\n\t\t\t\t\t\t\t\t\t\t\t<figcaption class=\"widget-image-caption wp-caption-text\">Vespa tour<br>Roma Moderna e Ostia Antica<\/figcaption>\n\t\t\t\t\t\t\t\t\t\t<\/figure>\n\t\t\t\t\t\t\t\t\t<\/div>\n\t\t\t\t<\/div>\n\t\t\t\t<\/div>\n\t\t\t\t<\/div>\n\t\t\t\t\t<\/div>\n\t\t\t\t<\/div>\n\t\t\t\t<\/div>\n\t\t\t\t<\/div>\n\t\t\t\t\t\t<\/div>\n\t\t\t\t<\/div>\n\t\t\t\t\t<\/div>\n\t\t\t\t<\/div>\n\t\t<div class=\"elementor-element elementor-element-4cfd6b2 e-flex e-con-boxed e-con e-parent\" data-id=\"4cfd6b2\" data-element_type=\"container\">\n\t\t\t\t\t<div class=\"e-con-inner\">\n\t\t\t\t<div class=\"elementor-element elementor-element-7045736 elementor-widget elementor-widget-heading\" data-id=\"7045736\" data-element_type=\"widget\" data-widget_type=\"heading.default\">\n\t\t\t\t<div class=\"elementor-widget-container\">\n\t\t\t\t\t<h2 class=\"elementor-heading-title elementor-size-default\">... et si vous \u00eates un conducteur exp\u00e9riment\u00e9, louez votre Vespa pour d\u00e9couvrir les merveilles de Rome.<\/h2>\t\t\t\t<\/div>\n\t\t\t\t<\/div>\n\t\t\t\t<div class=\"elementor-element elementor-element-16a19c5 elementor-widget elementor-widget-template\" data-id=\"16a19c5\" data-element_type=\"widget\" data-widget_type=\"template.default\">\n\t\t\t\t<div class=\"elementor-widget-container\">\n\t\t\t\t\t\t\t<div class=\"elementor-template\">\n\t\t\t\t\t<div data-elementor-type=\"section\" data-elementor-id=\"1964\" class=\"elementor elementor-1964 elementor-1698\" data-elementor-post-type=\"elementor_library\">\n\t\t\t<div class=\"elementor-element elementor-element-ab87375 e-flex e-con-boxed e-con e-parent\" data-id=\"ab87375\" data-element_type=\"container\">\n\t\t\t\t\t<div class=\"e-con-inner\">\n\t\t<div class=\"elementor-element elementor-element-6eef2e6 e-con-full e-flex e-con e-child\" data-id=\"6eef2e6\" data-element_type=\"container\">\n\t\t<div class=\"elementor-element elementor-element-341e335 e-con-full e-flex e-con e-child\" data-id=\"341e335\" data-element_type=\"container\">\n\t\t\t\t<div class=\"elementor-element elementor-element-56b5421 elementor-widget elementor-widget-image\" data-id=\"56b5421\" data-element_type=\"widget\" data-widget_type=\"image.default\">\n\t\t\t\t<div class=\"elementor-widget-container\">\n\t\t\t\t\t\t\t\t\t\t\t\t\t\t\t\t<a href=\"https:\/\/bicibaci.com\/fr\/\" target=\"_blank\">\n\t\t\t\t\t\t\t<img loading=\"lazy\" decoding=\"async\" width=\"200\" height=\"49\" src=\"https:\/\/www.spaziomuseovespa.com\/wp-content\/uploads\/bicibaci-logo-2023.webp\" class=\"attachment-medium_large size-medium_large wp-image-582\" alt=\"\" \/>\t\t\t\t\t\t\t\t<\/a>\n\t\t\t\t\t\t\t\t\t\t\t\t\t\t\t<\/div>\n\t\t\t\t<\/div>\n\t\t\t\t<div class=\"elementor-element elementor-element-99c90bf elementor-widget elementor-widget-heading\" data-id=\"99c90bf\" data-element_type=\"widget\" data-widget_type=\"heading.default\">\n\t\t\t\t<div class=\"elementor-widget-container\">\n\t\t\t\t\t<h2 class=\"elementor-heading-title elementor-size-default\"><a href=\"https:\/\/bicibaci.com\/fr\/\" target=\"_blank\">bicibaci.com\/fr\/<\/a><\/h2>\t\t\t\t<\/div>\n\t\t\t\t<\/div>\n\t\t\t\t<div class=\"elementor-element elementor-element-5ebd6b2 elementor-widget elementor-widget-heading\" data-id=\"5ebd6b2\" data-element_type=\"widget\" data-widget_type=\"heading.default\">\n\t\t\t\t<div class=\"elementor-widget-container\">\n\t\t\t\t\t<div class=\"elementor-heading-title elementor-size-default\">Votre partenaire id\u00e9al<\/div>\t\t\t\t<\/div>\n\t\t\t\t<\/div>\n\t\t\t\t<\/div>\n\t\t<div class=\"elementor-element elementor-element-8778fe8 e-con-full e-flex e-con e-child\" data-id=\"8778fe8\" data-element_type=\"container\">\n\t\t\t\t<div class=\"elementor-element elementor-element-c00a063 elementor-widget elementor-widget-image\" data-id=\"c00a063\" data-element_type=\"widget\" data-widget_type=\"image.default\">\n\t\t\t\t<div class=\"elementor-widget-container\">\n\t\t\t\t\t\t\t\t\t\t\t\t\t\t\t\t<a href=\"https:\/\/bicibaci.com\/prodotto\/scooter-categoria-b1\/\" target=\"_blank\">\n\t\t\t\t\t\t\t<img loading=\"lazy\" decoding=\"async\" width=\"600\" height=\"471\" src=\"https:\/\/www.spaziomuseovespa.com\/wp-content\/uploads\/scooter_cat_b1.jpg\" class=\"attachment-medium_large size-medium_large wp-image-562\" alt=\"\" srcset=\"https:\/\/www.spaziomuseovespa.com\/wp-content\/uploads\/scooter_cat_b1.jpg 600w, https:\/\/www.spaziomuseovespa.com\/wp-content\/uploads\/scooter_cat_b1-300x236.jpg 300w\" sizes=\"(max-width: 600px) 100vw, 600px\" \/>\t\t\t\t\t\t\t\t<\/a>\n\t\t\t\t\t\t\t\t\t\t\t\t\t\t\t<\/div>\n\t\t\t\t<\/div>\n\t\t\t\t<\/div>\n\t\t<div class=\"elementor-element elementor-element-b1f717e e-con-full e-flex e-con e-child\" data-id=\"b1f717e\" data-element_type=\"container\">\n\t\t\t\t<div class=\"elementor-element elementor-element-c4d5fb6 elementor-widget elementor-widget-image\" data-id=\"c4d5fb6\" data-element_type=\"widget\" data-widget_type=\"image.default\">\n\t\t\t\t<div class=\"elementor-widget-container\">\n\t\t\t\t\t\t\t\t\t\t\t\t\t\t\t\t<a href=\"https:\/\/bicibaci.com\/prodotto\/scooter-categoria-e\/\" target=\"_blank\">\n\t\t\t\t\t\t\t<img loading=\"lazy\" decoding=\"async\" width=\"600\" height=\"471\" src=\"https:\/\/www.spaziomuseovespa.com\/wp-content\/uploads\/vespa_red_cat_E.jpg\" class=\"attachment-medium_large size-medium_large wp-image-577\" alt=\"\" srcset=\"https:\/\/www.spaziomuseovespa.com\/wp-content\/uploads\/vespa_red_cat_E.jpg 600w, https:\/\/www.spaziomuseovespa.com\/wp-content\/uploads\/vespa_red_cat_E-300x236.jpg 300w\" sizes=\"(max-width: 600px) 100vw, 600px\" \/>\t\t\t\t\t\t\t\t<\/a>\n\t\t\t\t\t\t\t\t\t\t\t\t\t\t\t<\/div>\n\t\t\t\t<\/div>\n\t\t\t\t<\/div>\n\t\t<div class=\"elementor-element elementor-element-6868fe3 e-con-full e-flex e-con e-child\" data-id=\"6868fe3\" data-element_type=\"container\">\n\t\t\t\t<div class=\"elementor-element elementor-element-763973b elementor-widget elementor-widget-image\" data-id=\"763973b\" data-element_type=\"widget\" data-widget_type=\"image.default\">\n\t\t\t\t<div class=\"elementor-widget-container\">\n\t\t\t\t\t\t\t\t\t\t\t\t\t\t\t\t<a href=\"https:\/\/bicibaci.com\/prodotto\/vespa-street-art\/\" target=\"_blank\">\n\t\t\t\t\t\t\t<img loading=\"lazy\" decoding=\"async\" width=\"600\" height=\"471\" src=\"https:\/\/www.spaziomuseovespa.com\/wp-content\/uploads\/vespa-street-art.jpg\" class=\"attachment-medium_large size-medium_large wp-image-572\" alt=\"\" srcset=\"https:\/\/www.spaziomuseovespa.com\/wp-content\/uploads\/vespa-street-art.jpg 600w, https:\/\/www.spaziomuseovespa.com\/wp-content\/uploads\/vespa-street-art-300x236.jpg 300w\" sizes=\"(max-width: 600px) 100vw, 600px\" \/>\t\t\t\t\t\t\t\t<\/a>\n\t\t\t\t\t\t\t\t\t\t\t\t\t\t\t<\/div>\n\t\t\t\t<\/div>\n\t\t\t\t<\/div>\n\t\t<div class=\"elementor-element elementor-element-7c7d8ac e-con-full e-flex e-con e-child\" data-id=\"7c7d8ac\" data-element_type=\"container\">\n\t\t\t\t<div class=\"elementor-element elementor-element-69c1f6c elementor-widget elementor-widget-image\" data-id=\"69c1f6c\" data-element_type=\"widget\" data-widget_type=\"image.default\">\n\t\t\t\t<div class=\"elementor-widget-container\">\n\t\t\t\t\t\t\t\t\t\t\t\t\t\t\t\t<a href=\"https:\/\/bicibaci.com\/prodotto\/scooter-categoria-f\/\" target=\"_blank\">\n\t\t\t\t\t\t\t<img loading=\"lazy\" decoding=\"async\" width=\"600\" height=\"471\" src=\"https:\/\/www.spaziomuseovespa.com\/wp-content\/uploads\/vespa_red_cat_F.jpg\" class=\"attachment-medium_large size-medium_large wp-image-567\" alt=\"\" srcset=\"https:\/\/www.spaziomuseovespa.com\/wp-content\/uploads\/vespa_red_cat_F.jpg 600w, https:\/\/www.spaziomuseovespa.com\/wp-content\/uploads\/vespa_red_cat_F-300x236.jpg 300w\" sizes=\"(max-width: 600px) 100vw, 600px\" \/>\t\t\t\t\t\t\t\t<\/a>\n\t\t\t\t\t\t\t\t\t\t\t\t\t\t\t<\/div>\n\t\t\t\t<\/div>\n\t\t\t\t<\/div>\n\t\t\t\t<\/div>\n\t\t\t\t\t<\/div>\n\t\t\t\t<\/div>\n\t\t\t\t<\/div>\n\t\t\t\t<\/div>\n\t\t\t\t\t\t<\/div>\n\t\t\t\t<\/div>\n\t\t\t\t\t<\/div>\n\t\t\t\t<\/div>\n\t\t\t\t<\/div>\n\t\t","protected":false},"excerpt":{"rendered":"<p>Visitez la colline du Caelian \u00e0 v\u00e9lo, en Vespa, en scooter ou en tuk-tuk. Une exp\u00e9rience incroyable pour d\u00e9couvrir l\u2019un des lieux les plus caract\u00e9ristiques de Rome ! Bici Baci votre partenaire id\u00e9al pour d\u00e9couvrir Rome &#8211; Visite et location en Vespa, V\u00e9lo, E-bike, Scooter, Tuk Tuk &#8211; En savoir plus Ce qu\u2019il faut savoir [&hellip;]<\/p>\n","protected":false},"author":1,"featured_media":5000,"parent":3366,"menu_order":0,"comment_status":"closed","ping_status":"closed","template":"","meta":{"footnotes":""},"luogo_monumento":[74],"class_list":["post-3727","page","type-page","status-publish","has-post-thumbnail","hentry","luogo_monumento-roma-colli-e-quartieri-fr"],"yoast_head":"<!-- This site is optimized with the Yoast SEO plugin v26.7 - https:\/\/yoast.com\/wordpress\/plugins\/seo\/ -->\n<title>Il Colle Celio e il Tempio di Claudio - Spazio Museo Vespa | Visites et locations Vespa \u00e0 Rome<\/title>\n<meta name=\"description\" content=\"D\u00e9couvrez Il Colle Celio e il Tempio di Claudio, location ou visite en vespa, v\u00e9lo, scooter, tuk tuk \u00e0 Rome, Bici Baci est votre partenaire id\u00e9al\" \/>\n<meta name=\"robots\" content=\"index, follow, max-snippet:-1, max-image-preview:large, max-video-preview:-1\" \/>\n<link rel=\"canonical\" href=\"https:\/\/www.spaziomuseovespa.com\/fr\/decouvrez-rome-et-ses-monuments\/il-colle-celio-e-il-tempio-di-claudio\/\" \/>\n<meta property=\"og:locale\" content=\"fr_FR\" \/>\n<meta property=\"og:type\" content=\"article\" \/>\n<meta property=\"og:title\" content=\"Il Colle Celio e il Tempio di Claudio - Spazio Museo Vespa | Visites et locations Vespa \u00e0 Rome\" \/>\n<meta property=\"og:description\" content=\"D\u00e9couvrez Il Colle Celio e il Tempio di Claudio, location ou visite en vespa, v\u00e9lo, scooter, tuk tuk \u00e0 Rome, Bici Baci est votre partenaire id\u00e9al\" \/>\n<meta property=\"og:url\" content=\"https:\/\/www.spaziomuseovespa.com\/fr\/decouvrez-rome-et-ses-monuments\/il-colle-celio-e-il-tempio-di-claudio\/\" \/>\n<meta property=\"og:site_name\" content=\"Spazio Museo Vespa\" \/>\n<meta property=\"article:modified_time\" content=\"2024-10-25T11:48:19+00:00\" \/>\n<meta property=\"og:image\" content=\"https:\/\/www.spaziomuseovespa.com\/wp-content\/uploads\/Il-Colle-Celio-e-il-Tempio-di-Claudio.jpg\" \/>\n\t<meta property=\"og:image:width\" content=\"1920\" \/>\n\t<meta property=\"og:image:height\" content=\"1080\" \/>\n\t<meta property=\"og:image:type\" content=\"image\/jpeg\" \/>\n<meta name=\"twitter:card\" content=\"summary_large_image\" \/>\n<meta name=\"twitter:label1\" content=\"Dur\u00e9e de lecture estim\u00e9e\" \/>\n\t<meta name=\"twitter:data1\" content=\"4 minutes\" \/>\n<script type=\"application\/ld+json\" class=\"yoast-schema-graph\">{\"@context\":\"https:\/\/schema.org\",\"@graph\":[{\"@type\":\"WebPage\",\"@id\":\"https:\/\/www.spaziomuseovespa.com\/fr\/decouvrez-rome-et-ses-monuments\/il-colle-celio-e-il-tempio-di-claudio\/\",\"url\":\"https:\/\/www.spaziomuseovespa.com\/fr\/decouvrez-rome-et-ses-monuments\/il-colle-celio-e-il-tempio-di-claudio\/\",\"name\":\"Il Colle Celio e il Tempio di Claudio - Spazio Museo Vespa | Visites et locations Vespa \u00e0 Rome\",\"isPartOf\":{\"@id\":\"https:\/\/www.spaziomuseovespa.com\/fr\/#website\"},\"primaryImageOfPage\":{\"@id\":\"https:\/\/www.spaziomuseovespa.com\/fr\/decouvrez-rome-et-ses-monuments\/il-colle-celio-e-il-tempio-di-claudio\/#primaryimage\"},\"image\":{\"@id\":\"https:\/\/www.spaziomuseovespa.com\/fr\/decouvrez-rome-et-ses-monuments\/il-colle-celio-e-il-tempio-di-claudio\/#primaryimage\"},\"thumbnailUrl\":\"https:\/\/www.spaziomuseovespa.com\/wp-content\/uploads\/Il-Colle-Celio-e-il-Tempio-di-Claudio.jpg\",\"datePublished\":\"2024-10-11T08:15:10+00:00\",\"dateModified\":\"2024-10-25T11:48:19+00:00\",\"description\":\"D\u00e9couvrez Il Colle Celio e il Tempio di Claudio, location ou visite en vespa, v\u00e9lo, scooter, tuk tuk \u00e0 Rome, Bici Baci est votre partenaire id\u00e9al\",\"breadcrumb\":{\"@id\":\"https:\/\/www.spaziomuseovespa.com\/fr\/decouvrez-rome-et-ses-monuments\/il-colle-celio-e-il-tempio-di-claudio\/#breadcrumb\"},\"inLanguage\":\"fr-FR\",\"potentialAction\":[{\"@type\":\"ReadAction\",\"target\":[\"https:\/\/www.spaziomuseovespa.com\/fr\/decouvrez-rome-et-ses-monuments\/il-colle-celio-e-il-tempio-di-claudio\/\"]}]},{\"@type\":\"ImageObject\",\"inLanguage\":\"fr-FR\",\"@id\":\"https:\/\/www.spaziomuseovespa.com\/fr\/decouvrez-rome-et-ses-monuments\/il-colle-celio-e-il-tempio-di-claudio\/#primaryimage\",\"url\":\"https:\/\/www.spaziomuseovespa.com\/wp-content\/uploads\/Il-Colle-Celio-e-il-Tempio-di-Claudio.jpg\",\"contentUrl\":\"https:\/\/www.spaziomuseovespa.com\/wp-content\/uploads\/Il-Colle-Celio-e-il-Tempio-di-Claudio.jpg\",\"width\":1920,\"height\":1080,\"caption\":\"Il Colle Celio e il Tempio di Claudio\"},{\"@type\":\"BreadcrumbList\",\"@id\":\"https:\/\/www.spaziomuseovespa.com\/fr\/decouvrez-rome-et-ses-monuments\/il-colle-celio-e-il-tempio-di-claudio\/#breadcrumb\",\"itemListElement\":[{\"@type\":\"ListItem\",\"position\":1,\"name\":\"Home\",\"item\":\"https:\/\/www.spaziomuseovespa.com\/fr\/homepage\/\"},{\"@type\":\"ListItem\",\"position\":2,\"name\":\"D\u00e9couvrez Rome et ses monuments\",\"item\":\"https:\/\/www.spaziomuseovespa.com\/fr\/decouvrez-rome-et-ses-monuments\/\"},{\"@type\":\"ListItem\",\"position\":3,\"name\":\"Il Colle Celio e il Tempio di Claudio\"}]},{\"@type\":\"WebSite\",\"@id\":\"https:\/\/www.spaziomuseovespa.com\/fr\/#website\",\"url\":\"https:\/\/www.spaziomuseovespa.com\/fr\/\",\"name\":\"Spazio Museo Vespa\",\"description\":\"\",\"publisher\":{\"@id\":\"https:\/\/www.spaziomuseovespa.com\/fr\/#organization\"},\"potentialAction\":[{\"@type\":\"SearchAction\",\"target\":{\"@type\":\"EntryPoint\",\"urlTemplate\":\"https:\/\/www.spaziomuseovespa.com\/fr\/?s={search_term_string}\"},\"query-input\":{\"@type\":\"PropertyValueSpecification\",\"valueRequired\":true,\"valueName\":\"search_term_string\"}}],\"inLanguage\":\"fr-FR\"},{\"@type\":\"Organization\",\"@id\":\"https:\/\/www.spaziomuseovespa.com\/fr\/#organization\",\"name\":\"Spazio Museo Vespa\",\"url\":\"https:\/\/www.spaziomuseovespa.com\/fr\/\",\"logo\":{\"@type\":\"ImageObject\",\"inLanguage\":\"fr-FR\",\"@id\":\"https:\/\/www.spaziomuseovespa.com\/fr\/#\/schema\/logo\/image\/\",\"url\":\"https:\/\/www.spaziomuseovespa.com\/wp-content\/uploads\/logo.png\",\"contentUrl\":\"https:\/\/www.spaziomuseovespa.com\/wp-content\/uploads\/logo.png\",\"width\":322,\"height\":95,\"caption\":\"Spazio Museo Vespa\"},\"image\":{\"@id\":\"https:\/\/www.spaziomuseovespa.com\/fr\/#\/schema\/logo\/image\/\"}}]}<\/script>\n<!-- \/ Yoast SEO plugin. -->","yoast_head_json":{"title":"Il Colle Celio e il Tempio di Claudio - Spazio Museo Vespa | Visites et locations Vespa \u00e0 Rome","description":"D\u00e9couvrez Il Colle Celio e il Tempio di Claudio, location ou visite en vespa, v\u00e9lo, scooter, tuk tuk \u00e0 Rome, Bici Baci est votre partenaire id\u00e9al","robots":{"index":"index","follow":"follow","max-snippet":"max-snippet:-1","max-image-preview":"max-image-preview:large","max-video-preview":"max-video-preview:-1"},"canonical":"https:\/\/www.spaziomuseovespa.com\/fr\/decouvrez-rome-et-ses-monuments\/il-colle-celio-e-il-tempio-di-claudio\/","og_locale":"fr_FR","og_type":"article","og_title":"Il Colle Celio e il Tempio di Claudio - Spazio Museo Vespa | Visites et locations Vespa \u00e0 Rome","og_description":"D\u00e9couvrez Il Colle Celio e il Tempio di Claudio, location ou visite en vespa, v\u00e9lo, scooter, tuk tuk \u00e0 Rome, Bici Baci est votre partenaire id\u00e9al","og_url":"https:\/\/www.spaziomuseovespa.com\/fr\/decouvrez-rome-et-ses-monuments\/il-colle-celio-e-il-tempio-di-claudio\/","og_site_name":"Spazio Museo Vespa","article_modified_time":"2024-10-25T11:48:19+00:00","og_image":[{"width":1920,"height":1080,"url":"https:\/\/www.spaziomuseovespa.com\/wp-content\/uploads\/Il-Colle-Celio-e-il-Tempio-di-Claudio.jpg","type":"image\/jpeg"}],"twitter_card":"summary_large_image","twitter_misc":{"Dur\u00e9e de lecture estim\u00e9e":"4 minutes"},"schema":{"@context":"https:\/\/schema.org","@graph":[{"@type":"WebPage","@id":"https:\/\/www.spaziomuseovespa.com\/fr\/decouvrez-rome-et-ses-monuments\/il-colle-celio-e-il-tempio-di-claudio\/","url":"https:\/\/www.spaziomuseovespa.com\/fr\/decouvrez-rome-et-ses-monuments\/il-colle-celio-e-il-tempio-di-claudio\/","name":"Il Colle Celio e il Tempio di Claudio - Spazio Museo Vespa | Visites et locations Vespa \u00e0 Rome","isPartOf":{"@id":"https:\/\/www.spaziomuseovespa.com\/fr\/#website"},"primaryImageOfPage":{"@id":"https:\/\/www.spaziomuseovespa.com\/fr\/decouvrez-rome-et-ses-monuments\/il-colle-celio-e-il-tempio-di-claudio\/#primaryimage"},"image":{"@id":"https:\/\/www.spaziomuseovespa.com\/fr\/decouvrez-rome-et-ses-monuments\/il-colle-celio-e-il-tempio-di-claudio\/#primaryimage"},"thumbnailUrl":"https:\/\/www.spaziomuseovespa.com\/wp-content\/uploads\/Il-Colle-Celio-e-il-Tempio-di-Claudio.jpg","datePublished":"2024-10-11T08:15:10+00:00","dateModified":"2024-10-25T11:48:19+00:00","description":"D\u00e9couvrez Il Colle Celio e il Tempio di Claudio, location ou visite en vespa, v\u00e9lo, scooter, tuk tuk \u00e0 Rome, Bici Baci est votre partenaire id\u00e9al","breadcrumb":{"@id":"https:\/\/www.spaziomuseovespa.com\/fr\/decouvrez-rome-et-ses-monuments\/il-colle-celio-e-il-tempio-di-claudio\/#breadcrumb"},"inLanguage":"fr-FR","potentialAction":[{"@type":"ReadAction","target":["https:\/\/www.spaziomuseovespa.com\/fr\/decouvrez-rome-et-ses-monuments\/il-colle-celio-e-il-tempio-di-claudio\/"]}]},{"@type":"ImageObject","inLanguage":"fr-FR","@id":"https:\/\/www.spaziomuseovespa.com\/fr\/decouvrez-rome-et-ses-monuments\/il-colle-celio-e-il-tempio-di-claudio\/#primaryimage","url":"https:\/\/www.spaziomuseovespa.com\/wp-content\/uploads\/Il-Colle-Celio-e-il-Tempio-di-Claudio.jpg","contentUrl":"https:\/\/www.spaziomuseovespa.com\/wp-content\/uploads\/Il-Colle-Celio-e-il-Tempio-di-Claudio.jpg","width":1920,"height":1080,"caption":"Il Colle Celio e il Tempio di Claudio"},{"@type":"BreadcrumbList","@id":"https:\/\/www.spaziomuseovespa.com\/fr\/decouvrez-rome-et-ses-monuments\/il-colle-celio-e-il-tempio-di-claudio\/#breadcrumb","itemListElement":[{"@type":"ListItem","position":1,"name":"Home","item":"https:\/\/www.spaziomuseovespa.com\/fr\/homepage\/"},{"@type":"ListItem","position":2,"name":"D\u00e9couvrez Rome et ses monuments","item":"https:\/\/www.spaziomuseovespa.com\/fr\/decouvrez-rome-et-ses-monuments\/"},{"@type":"ListItem","position":3,"name":"Il Colle Celio e il Tempio di Claudio"}]},{"@type":"WebSite","@id":"https:\/\/www.spaziomuseovespa.com\/fr\/#website","url":"https:\/\/www.spaziomuseovespa.com\/fr\/","name":"Spazio Museo Vespa","description":"","publisher":{"@id":"https:\/\/www.spaziomuseovespa.com\/fr\/#organization"},"potentialAction":[{"@type":"SearchAction","target":{"@type":"EntryPoint","urlTemplate":"https:\/\/www.spaziomuseovespa.com\/fr\/?s={search_term_string}"},"query-input":{"@type":"PropertyValueSpecification","valueRequired":true,"valueName":"search_term_string"}}],"inLanguage":"fr-FR"},{"@type":"Organization","@id":"https:\/\/www.spaziomuseovespa.com\/fr\/#organization","name":"Spazio Museo Vespa","url":"https:\/\/www.spaziomuseovespa.com\/fr\/","logo":{"@type":"ImageObject","inLanguage":"fr-FR","@id":"https:\/\/www.spaziomuseovespa.com\/fr\/#\/schema\/logo\/image\/","url":"https:\/\/www.spaziomuseovespa.com\/wp-content\/uploads\/logo.png","contentUrl":"https:\/\/www.spaziomuseovespa.com\/wp-content\/uploads\/logo.png","width":322,"height":95,"caption":"Spazio Museo Vespa"},"image":{"@id":"https:\/\/www.spaziomuseovespa.com\/fr\/#\/schema\/logo\/image\/"}}]}},"_links":{"self":[{"href":"https:\/\/www.spaziomuseovespa.com\/fr\/wp-json\/wp\/v2\/pages\/3727","targetHints":{"allow":["GET"]}}],"collection":[{"href":"https:\/\/www.spaziomuseovespa.com\/fr\/wp-json\/wp\/v2\/pages"}],"about":[{"href":"https:\/\/www.spaziomuseovespa.com\/fr\/wp-json\/wp\/v2\/types\/page"}],"author":[{"embeddable":true,"href":"https:\/\/www.spaziomuseovespa.com\/fr\/wp-json\/wp\/v2\/users\/1"}],"replies":[{"embeddable":true,"href":"https:\/\/www.spaziomuseovespa.com\/fr\/wp-json\/wp\/v2\/comments?post=3727"}],"version-history":[{"count":0,"href":"https:\/\/www.spaziomuseovespa.com\/fr\/wp-json\/wp\/v2\/pages\/3727\/revisions"}],"up":[{"embeddable":true,"href":"https:\/\/www.spaziomuseovespa.com\/fr\/wp-json\/wp\/v2\/pages\/3366"}],"wp:featuredmedia":[{"embeddable":true,"href":"https:\/\/www.spaziomuseovespa.com\/fr\/wp-json\/wp\/v2\/media\/5000"}],"wp:attachment":[{"href":"https:\/\/www.spaziomuseovespa.com\/fr\/wp-json\/wp\/v2\/media?parent=3727"}],"wp:term":[{"taxonomy":"luogo_monumento","embeddable":true,"href":"https:\/\/www.spaziomuseovespa.com\/fr\/wp-json\/wp\/v2\/luogo_monumento?post=3727"}],"curies":[{"name":"wp","href":"https:\/\/api.w.org\/{rel}","templated":true}]}}