{"id":3730,"date":"2024-10-11T10:13:10","date_gmt":"2024-10-11T08:13:10","guid":{"rendered":"https:\/\/www.spaziomuseovespa.com\/decouvrez-rome-et-ses-monuments\/il-colle-aventino-ed-i-cavalieri-di-malta\/"},"modified":"2024-10-25T13:48:21","modified_gmt":"2024-10-25T11:48:21","slug":"il-colle-aventino-ed-i-cavalieri-di-malta","status":"publish","type":"page","link":"https:\/\/www.spaziomuseovespa.com\/fr\/decouvrez-rome-et-ses-monuments\/il-colle-aventino-ed-i-cavalieri-di-malta\/","title":{"rendered":"Il Colle Aventino ed i Cavalieri di Malta"},"content":{"rendered":"\t\t<div data-elementor-type=\"wp-page\" data-elementor-id=\"3730\" class=\"elementor elementor-3730 elementor-1485\" data-elementor-post-type=\"page\">\n\t\t\t\t<div class=\"elementor-element elementor-element-a2c7424 e-flex e-con-boxed e-con e-parent\" data-id=\"a2c7424\" data-element_type=\"container\" data-settings=\"{&quot;background_background&quot;:&quot;classic&quot;}\">\n\t\t\t\t\t<div class=\"e-con-inner\">\n\t\t\t\t<div class=\"elementor-element elementor-element-495600d elementor-widget elementor-widget-heading\" data-id=\"495600d\" data-element_type=\"widget\" data-widget_type=\"heading.default\">\n\t\t\t\t<div class=\"elementor-widget-container\">\n\t\t\t\t\t<h1 class=\"elementor-heading-title elementor-size-default\">Il Colle Aventino ed i Cavalieri di Malta<\/h1>\t\t\t\t<\/div>\n\t\t\t\t<\/div>\n\t\t\t\t\t<\/div>\n\t\t\t\t<\/div>\n\t\t<div class=\"elementor-element elementor-element-fb4dc40 e-flex e-con-boxed e-con e-parent\" data-id=\"fb4dc40\" data-element_type=\"container\">\n\t\t\t\t\t<div class=\"e-con-inner\">\n\t\t\t\t<div class=\"elementor-element elementor-element-e2c4372 elementor-widget elementor-widget-text-editor\" data-id=\"e2c4372\" data-element_type=\"widget\" data-widget_type=\"text-editor.default\">\n\t\t\t\t<div class=\"elementor-widget-container\">\n\t\t\t\t\t\t\t\t\t<p>D\u00e9couvrez la colline de l\u2019Aventin lors d\u2019un tour \u00e0 v\u00e9lo, en Vespa, en scooter ou en tuk tuk \u00e9lectrique confortable \u00e0 Rome : vues \u00e0 couper le souffle, histoire et d\u00e9tente au c\u0153ur de la ville \u00e9ternelle<\/p>\n\t\t\t\t\t\t\t\t<\/div>\n\t\t\t\t<\/div>\n\t\t\t\t\t<\/div>\n\t\t\t\t<\/div>\n\t\t<div class=\"elementor-element elementor-element-c43058d e-flex e-con-boxed e-con e-parent\" data-id=\"c43058d\" data-element_type=\"container\">\n\t\t\t\t\t<div class=\"e-con-inner\">\n\t\t\t\t<div class=\"elementor-element elementor-element-7b26ddd elementor-align-center elementor-mobile-align-center elementor-widget elementor-widget-button\" data-id=\"7b26ddd\" data-element_type=\"widget\" data-widget_type=\"button.default\">\n\t\t\t\t<div class=\"elementor-widget-container\">\n\t\t\t\t\t\t\t\t\t<div class=\"elementor-button-wrapper\">\n\t\t\t\t\t<a class=\"elementor-button elementor-button-link elementor-size-sm\" href=\"https:\/\/bicibaci.com\/fr\/\" target=\"_blank\">\n\t\t\t\t\t\t<span class=\"elementor-button-content-wrapper\">\n\t\t\t\t\t\t\t\t\t<span class=\"elementor-button-text\">Bici Baci votre partenaire id\u00e9al pour d\u00e9couvrir Rome - Visite et location en Vespa, V\u00e9lo, E-bike, Scooter, Tuk Tuk - En savoir plus  <\/span>\n\t\t\t\t\t<\/span>\n\t\t\t\t\t<\/a>\n\t\t\t\t<\/div>\n\t\t\t\t\t\t\t\t<\/div>\n\t\t\t\t<\/div>\n\t\t\t\t\t<\/div>\n\t\t\t\t<\/div>\n\t\t<div class=\"elementor-element elementor-element-c1f16f6 e-flex e-con-boxed e-con e-parent\" data-id=\"c1f16f6\" data-element_type=\"container\">\n\t\t\t\t\t<div class=\"e-con-inner\">\n\t\t\t\t<div class=\"elementor-element elementor-element-bd6e412 elementor-widget elementor-widget-image\" data-id=\"bd6e412\" data-element_type=\"widget\" data-widget_type=\"image.default\">\n\t\t\t\t<div class=\"elementor-widget-container\">\n\t\t\t\t\t\t\t\t\t\t\t\t<figure class=\"wp-caption\">\n\t\t\t\t\t\t\t\t\t\t\t<a href=\"https:\/\/www.spaziomuseovespa.com\/wp-content\/uploads\/Il-Colle-Aventino-ed-i-Cavalieri-di-Malta.jpg\" data-elementor-open-lightbox=\"yes\" data-e-action-hash=\"#elementor-action%3Aaction%3Dlightbox%26settings%3DeyJpZCI6NDk3NCwidXJsIjoiaHR0cHM6XC9cL3d3dy5zcGF6aW9tdXNlb3Zlc3BhLmNvbVwvd3AtY29udGVudFwvdXBsb2Fkc1wvSWwtQ29sbGUtQXZlbnRpbm8tZWQtaS1DYXZhbGllcmktZGktTWFsdGEuanBnIn0%3D\">\n\t\t\t\t\t\t\t<img fetchpriority=\"high\" decoding=\"async\" width=\"1920\" height=\"1080\" src=\"https:\/\/www.spaziomuseovespa.com\/wp-content\/uploads\/Il-Colle-Aventino-ed-i-Cavalieri-di-Malta.jpg\" class=\"attachment-full size-full wp-image-4974\" alt=\"Il Colle Aventino ed i Cavalieri di Malta\" srcset=\"https:\/\/www.spaziomuseovespa.com\/wp-content\/uploads\/Il-Colle-Aventino-ed-i-Cavalieri-di-Malta.jpg 1920w, https:\/\/www.spaziomuseovespa.com\/wp-content\/uploads\/Il-Colle-Aventino-ed-i-Cavalieri-di-Malta-300x169.jpg 300w, https:\/\/www.spaziomuseovespa.com\/wp-content\/uploads\/Il-Colle-Aventino-ed-i-Cavalieri-di-Malta-1024x576.jpg 1024w, https:\/\/www.spaziomuseovespa.com\/wp-content\/uploads\/Il-Colle-Aventino-ed-i-Cavalieri-di-Malta-768x432.jpg 768w, https:\/\/www.spaziomuseovespa.com\/wp-content\/uploads\/Il-Colle-Aventino-ed-i-Cavalieri-di-Malta-1536x864.jpg 1536w\" sizes=\"(max-width: 1920px) 100vw, 1920px\" \/>\t\t\t\t\t\t\t\t<\/a>\n\t\t\t\t\t\t\t\t\t\t\t<figcaption class=\"widget-image-caption wp-caption-text\"><\/figcaption>\n\t\t\t\t\t\t\t\t\t\t<\/figure>\n\t\t\t\t\t\t\t\t\t<\/div>\n\t\t\t\t<\/div>\n\t\t\t\t\t<\/div>\n\t\t\t\t<\/div>\n\t\t<div class=\"elementor-element elementor-element-c10a9b9 e-flex e-con-boxed e-con e-parent\" data-id=\"c10a9b9\" data-element_type=\"container\">\n\t\t\t\t\t<div class=\"e-con-inner\">\n\t\t\t\t<div class=\"elementor-element elementor-element-1e06551 elementor-widget elementor-widget-heading\" data-id=\"1e06551\" data-element_type=\"widget\" data-widget_type=\"heading.default\">\n\t\t\t\t<div class=\"elementor-widget-container\">\n\t\t\t\t\t<h2 class=\"elementor-heading-title elementor-size-default\">Ce qu\u2019il faut savoir sur la colline de l\u2019Aventin et les Chevaliers de Malte<\/h2>\t\t\t\t<\/div>\n\t\t\t\t<\/div>\n\t\t\t\t<div class=\"elementor-element elementor-element-e7f071c elementor-widget elementor-widget-text-editor\" data-id=\"e7f071c\" data-element_type=\"widget\" data-widget_type=\"text-editor.default\">\n\t\t\t\t<div class=\"elementor-widget-container\">\n\t\t\t\t\t\t\t\t\t<p>La colline de l\u2019Aventin est l\u2019une des sept collines de Rome, connue pour son atmosph\u00e8re paisible, ses rues pittoresques et ses vues imprenables.<\/p>\n<p><strong>Jardin des orangers<\/strong>&nbsp;: Ce parc offre un espace serein avec des orangers et une belle terrasse qui offre une vue spectaculaire sur la basilique Saint-Pierre et une grande partie du centre historique de Rome.<\/p>\n<p><strong>Trou de serrure des Chevaliers de Malte<\/strong> : Ce c\u00e9l\u00e8bre trou de serrure, situ\u00e9 sur la Piazza dei Cavalieri di Malta, offre une vue parfaitement encadr\u00e9e sur la basilique Saint-Pierre via l\u2019all\u00e9e du jardin de la Villa dei Cavalieri di Malta.<\/p>\n<p><strong>\u00c9glise de Santa Sabina<\/strong> : Ancienne basilique du Ve si\u00e8cle, c\u2019est l\u2019une des \u00e9glises les mieux conserv\u00e9es de Rome, c\u00e9l\u00e8bre pour ses mosa\u00efques et son atmosph\u00e8re paisible.<\/p>\n<p><strong>Basilique de Sant\u2019Anselmo<\/strong> : Connue pour son environnement paisible, cette basilique poss\u00e8de un beau clo\u00eetre et est un endroit id\u00e9al pour la r\u00e9flexion tranquille.<\/p>\n<p><strong>Temples anciens<\/strong>&nbsp;: Pr\u00e8s de la colline de l\u2019Aventin, vous trouverez les temples d\u2019Hercule et de Portunus, situ\u00e9s dans le Forum Boarium pr\u00e8s du Tibre, qui ajoutent au charme historique de la r\u00e9gion.<\/p>\n<p><strong>Circus Maximus :<\/strong> Au pied de l\u2019Aventin se trouve l\u2019ancien stade de course de chars, offrant un autre lien avec l\u2019histoire ancienne de Rome.<\/p>\n<p>La colline de l\u2019Aventin est vraiment l\u2019un des quartiers les plus fascinants de Rome, avec une combinaison unique d\u2019histoire, de tranquillit\u00e9 et de vues \u00e0 couper le souffle. Voici plus d\u2019informations sur certains lieux et curiosit\u00e9s : <\/p>\n<p><strong>Histoire de l\u2019Aventin<\/strong> : C\u2019est l\u2019une des sept collines l\u00e9gendaires de Rome et a jou\u00e9 un r\u00f4le symbolique dans l\u2019histoire de la ville. Dans la Rome antique, l\u2019Aventin \u00e9tait connu pour \u00eatre le quartier populaire et abritait des temples d\u00e9di\u00e9s \u00e0 des divinit\u00e9s telles que Diane, C\u00e9r\u00e8s, Libera et Lib\u00e9ro, protectrices du peuple et de la pl\u00e8be. <\/p>\n<p><strong>Promenade romantique :<\/strong> Les rues \u00e9troites de l\u2019Aventin, telles que la Via di Santa Sabina et la Via di Sant\u2019Anselmo, sont parfaites pour une promenade romantique. Les b\u00e2timents Art Nouveau, les jardins secrets et l\u2019atmosph\u00e8re calme rendent la r\u00e9gion id\u00e9ale pour les couples \u00e0 la recherche d\u2019un endroit atmosph\u00e9rique. <\/p>\n<p><strong>La roseraie municipale :<\/strong> Au pied de la colline de l\u2019Aventin, pr\u00e8s du Circus Maximus, se trouve la roseraie municipale de Rome. Il n\u2019est ouvert qu\u2019au printemps et au d\u00e9but de l\u2019\u00e9t\u00e9 et abrite des milliers de vari\u00e9t\u00e9s de roses du monde entier. Le jardin est particuli\u00e8rement pittoresque et est un lieu de pr\u00e9dilection pour les habitants et les touristes.  <\/p>\n<p><strong>Temple de la Reine Junon et autres lieux sacr\u00e9s :<\/strong> En plus des temples les plus connus, il existe des vestiges de temples moins connus sur l\u2019Aventin, comme le temple de Junon Regina. La colline a toujours eu une profonde signification religieuse, et en se promenant dans la r\u00e9gion, vous pouvez ressentir une atmosph\u00e8re mystique. <\/p>\n<p><strong>Architecture et charme des Villas :<\/strong> La colline de l\u2019Aventin est \u00e9galement connue pour ses villas priv\u00e9es, qui ont appartenu \u00e0 de riches familles romaines pendant des si\u00e8cles. L\u2019une des plus fascinantes est la Villa del Priorato di Malta, qui abrite le c\u00e9l\u00e8bre trou de serrure, mais il existe \u00e9galement de nombreuses autres villas dont on peut admirer les fa\u00e7ades. <\/p>\n<p><strong>Pyramide de Cestius et Porta San Paolo :<\/strong> Au pied de l\u2019Aventin, pr\u00e8s du quartier de Testaccio, se trouve la pyramide de Cestius, une v\u00e9ritable pyramide de style \u00e9gyptien construite au premier si\u00e8cle avant JC comme tombeau de Caius Cestius, un riche magistrat romain. Ce monument unique est flanqu\u00e9 de la Porta San Paolo, l\u2019une des anciennes portes des murs d\u2019Aur\u00e9lien. <\/p>\n<\/p>\n<p><strong>Festivals et \u00e9v\u00e9nements :<\/strong> L\u2019Aventin accueille occasionnellement des \u00e9v\u00e9nements culturels, tels que des concerts de musique classique dans l\u2019\u00e9glise de Santa Sabina ou des manifestations artistiques dans le jardin des orangers, surtout pendant l\u2019\u00e9t\u00e9.<\/p>\n<p><strong>La vue nocturne :<\/strong> Le soir, l\u2019Aventin est magique. La vue depuis le jardin des orangers au coucher du soleil ou la nuit, avec les lumi\u00e8res de la ville qui brillent, est une exp\u00e9rience unique et vous permet de voir Rome dans toute sa splendeur. <\/p>\n\t\t\t\t\t\t\t\t<\/div>\n\t\t\t\t<\/div>\n\t\t\t\t\t<\/div>\n\t\t\t\t<\/div>\n\t\t<div class=\"elementor-element elementor-element-de6f7f4 e-flex e-con-boxed e-con e-parent\" data-id=\"de6f7f4\" data-element_type=\"container\">\n\t\t\t\t\t<div class=\"e-con-inner\">\n\t\t\t\t\t<\/div>\n\t\t\t\t<\/div>\n\t\t<div class=\"elementor-element elementor-element-f0bc0b9 e-flex e-con-boxed e-con e-parent\" data-id=\"f0bc0b9\" data-element_type=\"container\">\n\t\t\t\t\t<div class=\"e-con-inner\">\n\t\t\t\t<div class=\"elementor-element elementor-element-29190b6 elementor-widget elementor-widget-heading\" data-id=\"29190b6\" data-element_type=\"widget\" data-widget_type=\"heading.default\">\n\t\t\t\t<div class=\"elementor-widget-container\">\n\t\t\t\t\t<h2 class=\"elementor-heading-title elementor-size-default\">Curiosit\u00e9<\/h2>\t\t\t\t<\/div>\n\t\t\t\t<\/div>\n\t\t\t\t<div class=\"elementor-element elementor-element-7da5c7b elementor-widget elementor-widget-text-editor\" data-id=\"7da5c7b\" data-element_type=\"widget\" data-widget_type=\"text-editor.default\">\n\t\t\t\t<div class=\"elementor-widget-container\">\n\t\t\t\t\t\t\t\t\t<p><strong>Le myst\u00e8re du trou de serrure :<\/strong> Le trou de serrure des Chevaliers de Malte est l\u2019une des attractions les plus uniques de Rome. \u00c0 travers ce petit trou, vous pouvez voir une photo parfaite du d\u00f4me de Saint-Pierre, encadr\u00e9 par le jardin. Cet effet n\u2019est pas fortuit : il a \u00e9t\u00e9 con\u00e7u pour cr\u00e9er cette vue spectaculaire, en combinant des \u00e9l\u00e9ments symboliques li\u00e9s \u00e0 la spiritualit\u00e9 et \u00e0 l\u2019histoire des Chevaliers de Malte.  <\/p>\n<p><strong>Le fant\u00f4me de l\u2019Aventin :<\/strong> On raconte que la nuit, dans les rues de l\u2019Aventin, un myst\u00e9rieux fant\u00f4me appara\u00eet : c\u2019est l\u2019esprit d\u2019un ancien gardien qui, selon la l\u00e9gende, prot\u00e8ge la colline. Certains disent qu\u2019ils ont entendu un murmure ou vu une silhouette envelopp\u00e9e dans un manteau. Bien qu\u2019il ne s\u2019agisse probablement que d\u2019une l\u00e9gende, le charme myst\u00e9rieux de la colline rend l\u2019histoire intrigante.  <\/p>\n<p><strong>Le nom \u00ab&nbsp;Aventin&nbsp;\u00bb :<\/strong> Il existe plusieurs th\u00e9ories sur l\u2019origine du nom \u00ab&nbsp;Aventin&nbsp;\u00bb. Certains historiens pensent qu\u2019il d\u00e9rive du latin \u00ab&nbsp;aves&nbsp;\u00bb, qui signifie \u00ab&nbsp;oiseaux&nbsp;\u00bb, car Romulus aurait observ\u00e9 des vols d\u2019oiseaux de l\u2019Aventin pour interpr\u00e9ter les signes des dieux lors de la fondation de Rome. D\u2019autres pensent qu\u2019il pourrait provenir du roi Aventin, un personnage mythologique qui aurait \u00e9t\u00e9 enterr\u00e9 ici.  <\/p>\n<p><strong>La route des terrasses secr\u00e8tes : <\/strong>Peu connue des touristes, la Via di Santa Sabina est connue pour ses terrasses cach\u00e9es. Certains palais ont des jardins priv\u00e9s et des terrasses qui donnent sur des vues spectaculaires de Rome, mais ceux-ci ne sont accessibles qu\u2019aux r\u00e9sidents et aux invit\u00e9s, faisant de l\u2019Aventin un lieu fascinant et presque exclusif. <\/p>\n<p><strong>Le mithraeum de Santa Prisca :<\/strong> Sous l\u2019\u00e9glise de Santa Prisca, sur l\u2019Aventin, se trouve l\u2019une des mithr\u00e9e les mieux conserv\u00e9es de Rome, d\u00e9di\u00e9e au culte de Mithra, une divinit\u00e9 myst\u00e9rieuse tr\u00e8s populaire parmi les soldats romains. Le mithraeum de Santa Prisca est orn\u00e9 de splendides fresques et de bas-reliefs qui racontent les \u00e9tapes de l\u2019initiation au culte et l\u2019histoire du dieu Mithra. C\u2019est un endroit unique pour s\u2019immerger dans l\u2019un des aspects les plus myst\u00e9rieux de la Rome antique.  <\/p>\n<p><strong>Si\u00e8ges des ambassades et des communaut\u00e9s religieuses :<\/strong> L\u2019Aventin abrite plusieurs ambassades \u00e9trang\u00e8res et communaut\u00e9s religieuses, comme celle b\u00e9n\u00e9dictine de Sant\u2019Anselmo. Cela en fait un quartier cosmopolite et encore plus fascinant, o\u00f9 diff\u00e9rentes cultures coexistent dans un quartier de forte spiritualit\u00e9. <\/p>\n<p><strong>Le son des cloches de Sant\u2019Anselmo :<\/strong> Tous les dimanches matin, une m\u00e9lodie se r\u00e9pand des cloches de la basilique de Sant\u2019Anselmo qui appelle les fid\u00e8les. La basilique est \u00e9galement c\u00e9l\u00e8bre pour les chants gr\u00e9goriens des moines b\u00e9n\u00e9dictins, qui interpr\u00e8tent chaque soir une liturgie chant\u00e9e \u00e9vocatrice, cr\u00e9ant une atmosph\u00e8re mystique qui enchante tous ceux qui l\u2019\u00e9coutent. <\/p>\n<p><strong>Les myst\u00e9rieuses pommes de pin :<\/strong> Diss\u00e9min\u00e9s dans l\u2019Aventin, en particulier dans la r\u00e9gion de Santa Sabina, il y a des symboles de pommes de pin sculpt\u00e9es sur des colonnes et des arcs. Dans l\u2019art chr\u00e9tien, la pomme de pin repr\u00e9sente la r\u00e9surrection et l\u2019immortalit\u00e9, mais certains soutiennent qu\u2019elle a \u00e9galement des significations \u00e9sot\u00e9riques li\u00e9es \u00e0 la glande pin\u00e9ale, consid\u00e9r\u00e9e dans l\u2019Antiquit\u00e9 comme le \u00ab troisi\u00e8me \u0153il \u00bb. <\/p>\n\t\t\t\t\t\t\t\t<\/div>\n\t\t\t\t<\/div>\n\t\t\t\t\t<\/div>\n\t\t\t\t<\/div>\n\t\t<div class=\"elementor-element elementor-element-8b2bcc2 riga_tour e-flex e-con-boxed e-con e-parent\" data-id=\"8b2bcc2\" data-element_type=\"container\">\n\t\t\t\t\t<div class=\"e-con-inner\">\n\t\t\t\t<div class=\"elementor-element elementor-element-4cf89fb elementor-widget elementor-widget-heading\" data-id=\"4cf89fb\" data-element_type=\"widget\" data-widget_type=\"heading.default\">\n\t\t\t\t<div class=\"elementor-widget-container\">\n\t\t\t\t\t<h2 class=\"elementor-heading-title elementor-size-default\">Choisissez votre tour en Vespa pr\u00e9f\u00e9r\u00e9 pour visiter Rome<\/h2>\t\t\t\t<\/div>\n\t\t\t\t<\/div>\n\t\t\t\t<div class=\"elementor-element elementor-element-41fad50 elementor-widget elementor-widget-template\" data-id=\"41fad50\" data-element_type=\"widget\" data-widget_type=\"template.default\">\n\t\t\t\t<div class=\"elementor-widget-container\">\n\t\t\t\t\t\t\t<div class=\"elementor-template\">\n\t\t\t\t\t<div data-elementor-type=\"section\" data-elementor-id=\"1966\" class=\"elementor elementor-1966 elementor-1687\" data-elementor-post-type=\"elementor_library\">\n\t\t\t<div class=\"elementor-element elementor-element-1497235 riga_tour e-flex e-con-boxed e-con e-parent\" data-id=\"1497235\" data-element_type=\"container\">\n\t\t\t\t\t<div class=\"e-con-inner\">\n\t\t<div class=\"elementor-element elementor-element-586e2e8 e-con-full e-flex e-con e-child\" data-id=\"586e2e8\" data-element_type=\"container\">\n\t\t<div class=\"elementor-element elementor-element-6b49b07 e-con-full e-flex e-con e-child\" data-id=\"6b49b07\" data-element_type=\"container\">\n\t\t\t\t<div class=\"elementor-element elementor-element-fc87d99 elementor-widget elementor-widget-image\" data-id=\"fc87d99\" data-element_type=\"widget\" data-widget_type=\"image.default\">\n\t\t\t\t<div class=\"elementor-widget-container\">\n\t\t\t\t\t\t\t\t\t\t\t\t<figure class=\"wp-caption\">\n\t\t\t\t\t\t\t\t\t\t\t<a href=\"https:\/\/www.spaziomuseovespa.com\/vespa-tour-grand-tour-di-roma\/\">\n\t\t\t\t\t\t\t<img decoding=\"async\" width=\"600\" height=\"469\" src=\"https:\/\/www.spaziomuseovespa.com\/wp-content\/uploads\/gran_tour_roma.jpg\" class=\"attachment-medium_large size-medium_large wp-image-442\" alt=\"\" srcset=\"https:\/\/www.spaziomuseovespa.com\/wp-content\/uploads\/gran_tour_roma.jpg 600w, https:\/\/www.spaziomuseovespa.com\/wp-content\/uploads\/gran_tour_roma-300x235.jpg 300w\" sizes=\"(max-width: 600px) 100vw, 600px\" \/>\t\t\t\t\t\t\t\t<\/a>\n\t\t\t\t\t\t\t\t\t\t\t<figcaption class=\"widget-image-caption wp-caption-text\">Vespa tour<br>Grand tour de Rome<\/figcaption>\n\t\t\t\t\t\t\t\t\t\t<\/figure>\n\t\t\t\t\t\t\t\t\t<\/div>\n\t\t\t\t<\/div>\n\t\t\t\t<\/div>\n\t\t<div class=\"elementor-element elementor-element-daa5749 e-con-full e-flex e-con e-child\" data-id=\"daa5749\" data-element_type=\"container\">\n\t\t\t\t<div class=\"elementor-element elementor-element-11cf106 elementor-widget elementor-widget-image\" data-id=\"11cf106\" data-element_type=\"widget\" data-widget_type=\"image.default\">\n\t\t\t\t<div class=\"elementor-widget-container\">\n\t\t\t\t\t\t\t\t\t\t\t\t<figure class=\"wp-caption\">\n\t\t\t\t\t\t\t\t\t\t\t<a href=\"https:\/\/www.spaziomuseovespa.com\/vespa-tour-rome-movie-sets\/\">\n\t\t\t\t\t\t\t<img decoding=\"async\" width=\"600\" height=\"469\" src=\"https:\/\/www.spaziomuseovespa.com\/wp-content\/uploads\/tour_rome_movie_set.jpg\" class=\"attachment-medium_large size-medium_large wp-image-427\" alt=\"\" srcset=\"https:\/\/www.spaziomuseovespa.com\/wp-content\/uploads\/tour_rome_movie_set.jpg 600w, https:\/\/www.spaziomuseovespa.com\/wp-content\/uploads\/tour_rome_movie_set-300x235.jpg 300w\" sizes=\"(max-width: 600px) 100vw, 600px\" \/>\t\t\t\t\t\t\t\t<\/a>\n\t\t\t\t\t\t\t\t\t\t\t<figcaption class=\"widget-image-caption wp-caption-text\">Vespa tour<br>Rome Movie Set<\/figcaption>\n\t\t\t\t\t\t\t\t\t\t<\/figure>\n\t\t\t\t\t\t\t\t\t<\/div>\n\t\t\t\t<\/div>\n\t\t\t\t<\/div>\n\t\t<div class=\"elementor-element elementor-element-912acab e-con-full e-flex e-con e-child\" data-id=\"912acab\" data-element_type=\"container\">\n\t\t\t\t<div class=\"elementor-element elementor-element-0846c51 elementor-widget elementor-widget-image\" data-id=\"0846c51\" data-element_type=\"widget\" data-widget_type=\"image.default\">\n\t\t\t\t<div class=\"elementor-widget-container\">\n\t\t\t\t\t\t\t\t\t\t\t\t<figure class=\"wp-caption\">\n\t\t\t\t\t\t\t\t\t\t\t<a href=\"https:\/\/www.spaziomuseovespa.com\/vespa-tour-castelli-romani\/\">\n\t\t\t\t\t\t\t<img loading=\"lazy\" decoding=\"async\" width=\"600\" height=\"469\" src=\"https:\/\/www.spaziomuseovespa.com\/wp-content\/uploads\/Il-Tour-dei-Castelli-Romani.jpg\" class=\"attachment-medium_large size-medium_large wp-image-437\" alt=\"\" srcset=\"https:\/\/www.spaziomuseovespa.com\/wp-content\/uploads\/Il-Tour-dei-Castelli-Romani.jpg 600w, https:\/\/www.spaziomuseovespa.com\/wp-content\/uploads\/Il-Tour-dei-Castelli-Romani-300x235.jpg 300w\" sizes=\"(max-width: 600px) 100vw, 600px\" \/>\t\t\t\t\t\t\t\t<\/a>\n\t\t\t\t\t\t\t\t\t\t\t<figcaption class=\"widget-image-caption wp-caption-text\">Vespa tour<br>Castelli Romani<\/figcaption>\n\t\t\t\t\t\t\t\t\t\t<\/figure>\n\t\t\t\t\t\t\t\t\t<\/div>\n\t\t\t\t<\/div>\n\t\t\t\t<\/div>\n\t\t<div class=\"elementor-element elementor-element-4853cba e-con-full e-flex e-con e-child\" data-id=\"4853cba\" data-element_type=\"container\">\n\t\t\t\t<div class=\"elementor-element elementor-element-4f272a1 elementor-widget elementor-widget-image\" data-id=\"4f272a1\" data-element_type=\"widget\" data-widget_type=\"image.default\">\n\t\t\t\t<div class=\"elementor-widget-container\">\n\t\t\t\t\t\t\t\t\t\t\t\t<figure class=\"wp-caption\">\n\t\t\t\t\t\t\t\t\t\t\t<a href=\"https:\/\/www.spaziomuseovespa.com\/vespa-tour-roma-moderna-e-ostia-antica\/\">\n\t\t\t\t\t\t\t<img loading=\"lazy\" decoding=\"async\" width=\"600\" height=\"469\" src=\"https:\/\/www.spaziomuseovespa.com\/wp-content\/uploads\/Vespa-Tour-Roma-moderna-e-Ostia-Antica.jpg\" class=\"attachment-medium_large size-medium_large wp-image-432\" alt=\"\" srcset=\"https:\/\/www.spaziomuseovespa.com\/wp-content\/uploads\/Vespa-Tour-Roma-moderna-e-Ostia-Antica.jpg 600w, https:\/\/www.spaziomuseovespa.com\/wp-content\/uploads\/Vespa-Tour-Roma-moderna-e-Ostia-Antica-300x235.jpg 300w\" sizes=\"(max-width: 600px) 100vw, 600px\" \/>\t\t\t\t\t\t\t\t<\/a>\n\t\t\t\t\t\t\t\t\t\t\t<figcaption class=\"widget-image-caption wp-caption-text\">Vespa tour<br>Roma Moderna e Ostia Antica<\/figcaption>\n\t\t\t\t\t\t\t\t\t\t<\/figure>\n\t\t\t\t\t\t\t\t\t<\/div>\n\t\t\t\t<\/div>\n\t\t\t\t<\/div>\n\t\t\t\t<\/div>\n\t\t\t\t\t<\/div>\n\t\t\t\t<\/div>\n\t\t\t\t<\/div>\n\t\t\t\t<\/div>\n\t\t\t\t\t\t<\/div>\n\t\t\t\t<\/div>\n\t\t\t\t\t<\/div>\n\t\t\t\t<\/div>\n\t\t<div class=\"elementor-element elementor-element-edc11db e-flex e-con-boxed e-con e-parent\" data-id=\"edc11db\" data-element_type=\"container\">\n\t\t\t\t\t<div class=\"e-con-inner\">\n\t\t\t\t<div class=\"elementor-element elementor-element-e5a4470 elementor-widget elementor-widget-heading\" data-id=\"e5a4470\" data-element_type=\"widget\" data-widget_type=\"heading.default\">\n\t\t\t\t<div class=\"elementor-widget-container\">\n\t\t\t\t\t<h2 class=\"elementor-heading-title elementor-size-default\">... et si vous \u00eates un conducteur exp\u00e9riment\u00e9, louez votre Vespa pour d\u00e9couvrir les merveilles de Rome.<\/h2>\t\t\t\t<\/div>\n\t\t\t\t<\/div>\n\t\t\t\t<div class=\"elementor-element elementor-element-5e6e2aa elementor-widget elementor-widget-template\" data-id=\"5e6e2aa\" data-element_type=\"widget\" data-widget_type=\"template.default\">\n\t\t\t\t<div class=\"elementor-widget-container\">\n\t\t\t\t\t\t\t<div class=\"elementor-template\">\n\t\t\t\t\t<div data-elementor-type=\"section\" data-elementor-id=\"1964\" class=\"elementor elementor-1964 elementor-1698\" data-elementor-post-type=\"elementor_library\">\n\t\t\t<div class=\"elementor-element elementor-element-ab87375 e-flex e-con-boxed e-con e-parent\" data-id=\"ab87375\" data-element_type=\"container\">\n\t\t\t\t\t<div class=\"e-con-inner\">\n\t\t<div class=\"elementor-element elementor-element-6eef2e6 e-con-full e-flex e-con e-child\" data-id=\"6eef2e6\" data-element_type=\"container\">\n\t\t<div class=\"elementor-element elementor-element-341e335 e-con-full e-flex e-con e-child\" data-id=\"341e335\" data-element_type=\"container\">\n\t\t\t\t<div class=\"elementor-element elementor-element-56b5421 elementor-widget elementor-widget-image\" data-id=\"56b5421\" data-element_type=\"widget\" data-widget_type=\"image.default\">\n\t\t\t\t<div class=\"elementor-widget-container\">\n\t\t\t\t\t\t\t\t\t\t\t\t\t\t\t\t<a href=\"https:\/\/bicibaci.com\/fr\/\" target=\"_blank\">\n\t\t\t\t\t\t\t<img loading=\"lazy\" decoding=\"async\" width=\"200\" height=\"49\" src=\"https:\/\/www.spaziomuseovespa.com\/wp-content\/uploads\/bicibaci-logo-2023.webp\" class=\"attachment-medium_large size-medium_large wp-image-582\" alt=\"\" \/>\t\t\t\t\t\t\t\t<\/a>\n\t\t\t\t\t\t\t\t\t\t\t\t\t\t\t<\/div>\n\t\t\t\t<\/div>\n\t\t\t\t<div class=\"elementor-element elementor-element-99c90bf elementor-widget elementor-widget-heading\" data-id=\"99c90bf\" data-element_type=\"widget\" data-widget_type=\"heading.default\">\n\t\t\t\t<div class=\"elementor-widget-container\">\n\t\t\t\t\t<h2 class=\"elementor-heading-title elementor-size-default\"><a href=\"https:\/\/bicibaci.com\/fr\/\" target=\"_blank\">bicibaci.com\/fr\/<\/a><\/h2>\t\t\t\t<\/div>\n\t\t\t\t<\/div>\n\t\t\t\t<div class=\"elementor-element elementor-element-5ebd6b2 elementor-widget elementor-widget-heading\" data-id=\"5ebd6b2\" data-element_type=\"widget\" data-widget_type=\"heading.default\">\n\t\t\t\t<div class=\"elementor-widget-container\">\n\t\t\t\t\t<div class=\"elementor-heading-title elementor-size-default\">Votre partenaire id\u00e9al<\/div>\t\t\t\t<\/div>\n\t\t\t\t<\/div>\n\t\t\t\t<\/div>\n\t\t<div class=\"elementor-element elementor-element-8778fe8 e-con-full e-flex e-con e-child\" data-id=\"8778fe8\" data-element_type=\"container\">\n\t\t\t\t<div class=\"elementor-element elementor-element-c00a063 elementor-widget elementor-widget-image\" data-id=\"c00a063\" data-element_type=\"widget\" data-widget_type=\"image.default\">\n\t\t\t\t<div class=\"elementor-widget-container\">\n\t\t\t\t\t\t\t\t\t\t\t\t\t\t\t\t<a href=\"https:\/\/bicibaci.com\/prodotto\/scooter-categoria-b1\/\" target=\"_blank\">\n\t\t\t\t\t\t\t<img loading=\"lazy\" decoding=\"async\" width=\"600\" height=\"471\" src=\"https:\/\/www.spaziomuseovespa.com\/wp-content\/uploads\/scooter_cat_b1.jpg\" class=\"attachment-medium_large size-medium_large wp-image-562\" alt=\"\" srcset=\"https:\/\/www.spaziomuseovespa.com\/wp-content\/uploads\/scooter_cat_b1.jpg 600w, https:\/\/www.spaziomuseovespa.com\/wp-content\/uploads\/scooter_cat_b1-300x236.jpg 300w\" sizes=\"(max-width: 600px) 100vw, 600px\" \/>\t\t\t\t\t\t\t\t<\/a>\n\t\t\t\t\t\t\t\t\t\t\t\t\t\t\t<\/div>\n\t\t\t\t<\/div>\n\t\t\t\t<\/div>\n\t\t<div class=\"elementor-element elementor-element-b1f717e e-con-full e-flex e-con e-child\" data-id=\"b1f717e\" data-element_type=\"container\">\n\t\t\t\t<div class=\"elementor-element elementor-element-c4d5fb6 elementor-widget elementor-widget-image\" data-id=\"c4d5fb6\" data-element_type=\"widget\" data-widget_type=\"image.default\">\n\t\t\t\t<div class=\"elementor-widget-container\">\n\t\t\t\t\t\t\t\t\t\t\t\t\t\t\t\t<a href=\"https:\/\/bicibaci.com\/prodotto\/scooter-categoria-e\/\" target=\"_blank\">\n\t\t\t\t\t\t\t<img loading=\"lazy\" decoding=\"async\" width=\"600\" height=\"471\" src=\"https:\/\/www.spaziomuseovespa.com\/wp-content\/uploads\/vespa_red_cat_E.jpg\" class=\"attachment-medium_large size-medium_large wp-image-577\" alt=\"\" srcset=\"https:\/\/www.spaziomuseovespa.com\/wp-content\/uploads\/vespa_red_cat_E.jpg 600w, https:\/\/www.spaziomuseovespa.com\/wp-content\/uploads\/vespa_red_cat_E-300x236.jpg 300w\" sizes=\"(max-width: 600px) 100vw, 600px\" \/>\t\t\t\t\t\t\t\t<\/a>\n\t\t\t\t\t\t\t\t\t\t\t\t\t\t\t<\/div>\n\t\t\t\t<\/div>\n\t\t\t\t<\/div>\n\t\t<div class=\"elementor-element elementor-element-6868fe3 e-con-full e-flex e-con e-child\" data-id=\"6868fe3\" data-element_type=\"container\">\n\t\t\t\t<div class=\"elementor-element elementor-element-763973b elementor-widget elementor-widget-image\" data-id=\"763973b\" data-element_type=\"widget\" data-widget_type=\"image.default\">\n\t\t\t\t<div class=\"elementor-widget-container\">\n\t\t\t\t\t\t\t\t\t\t\t\t\t\t\t\t<a href=\"https:\/\/bicibaci.com\/prodotto\/vespa-street-art\/\" target=\"_blank\">\n\t\t\t\t\t\t\t<img loading=\"lazy\" decoding=\"async\" width=\"600\" height=\"471\" src=\"https:\/\/www.spaziomuseovespa.com\/wp-content\/uploads\/vespa-street-art.jpg\" class=\"attachment-medium_large size-medium_large wp-image-572\" alt=\"\" srcset=\"https:\/\/www.spaziomuseovespa.com\/wp-content\/uploads\/vespa-street-art.jpg 600w, https:\/\/www.spaziomuseovespa.com\/wp-content\/uploads\/vespa-street-art-300x236.jpg 300w\" sizes=\"(max-width: 600px) 100vw, 600px\" \/>\t\t\t\t\t\t\t\t<\/a>\n\t\t\t\t\t\t\t\t\t\t\t\t\t\t\t<\/div>\n\t\t\t\t<\/div>\n\t\t\t\t<\/div>\n\t\t<div class=\"elementor-element elementor-element-7c7d8ac e-con-full e-flex e-con e-child\" data-id=\"7c7d8ac\" data-element_type=\"container\">\n\t\t\t\t<div class=\"elementor-element elementor-element-69c1f6c elementor-widget elementor-widget-image\" data-id=\"69c1f6c\" data-element_type=\"widget\" data-widget_type=\"image.default\">\n\t\t\t\t<div class=\"elementor-widget-container\">\n\t\t\t\t\t\t\t\t\t\t\t\t\t\t\t\t<a href=\"https:\/\/bicibaci.com\/prodotto\/scooter-categoria-f\/\" target=\"_blank\">\n\t\t\t\t\t\t\t<img loading=\"lazy\" decoding=\"async\" width=\"600\" height=\"471\" src=\"https:\/\/www.spaziomuseovespa.com\/wp-content\/uploads\/vespa_red_cat_F.jpg\" class=\"attachment-medium_large size-medium_large wp-image-567\" alt=\"\" srcset=\"https:\/\/www.spaziomuseovespa.com\/wp-content\/uploads\/vespa_red_cat_F.jpg 600w, https:\/\/www.spaziomuseovespa.com\/wp-content\/uploads\/vespa_red_cat_F-300x236.jpg 300w\" sizes=\"(max-width: 600px) 100vw, 600px\" \/>\t\t\t\t\t\t\t\t<\/a>\n\t\t\t\t\t\t\t\t\t\t\t\t\t\t\t<\/div>\n\t\t\t\t<\/div>\n\t\t\t\t<\/div>\n\t\t\t\t<\/div>\n\t\t\t\t\t<\/div>\n\t\t\t\t<\/div>\n\t\t\t\t<\/div>\n\t\t\t\t<\/div>\n\t\t\t\t\t\t<\/div>\n\t\t\t\t<\/div>\n\t\t\t\t\t<\/div>\n\t\t\t\t<\/div>\n\t\t\t\t<\/div>\n\t\t","protected":false},"excerpt":{"rendered":"<p>D\u00e9couvrez la colline de l\u2019Aventin lors d\u2019un tour \u00e0 v\u00e9lo, en Vespa, en scooter ou en tuk tuk \u00e9lectrique confortable \u00e0 Rome : vues \u00e0 couper le souffle, histoire et d\u00e9tente au c\u0153ur de la ville \u00e9ternelle Bici Baci votre partenaire id\u00e9al pour d\u00e9couvrir Rome &#8211; Visite et location en Vespa, V\u00e9lo, E-bike, Scooter, Tuk [&hellip;]<\/p>\n","protected":false},"author":1,"featured_media":4974,"parent":3366,"menu_order":0,"comment_status":"closed","ping_status":"closed","template":"","meta":{"footnotes":""},"luogo_monumento":[74],"class_list":["post-3730","page","type-page","status-publish","has-post-thumbnail","hentry","luogo_monumento-roma-colli-e-quartieri-fr"],"yoast_head":"<!-- This site is optimized with the Yoast SEO plugin v26.7 - https:\/\/yoast.com\/wordpress\/plugins\/seo\/ -->\n<title>Il Colle Aventino ed i Cavalieri di Malta - Spazio Museo Vespa | Visites et locations Vespa \u00e0 Rome<\/title>\n<meta name=\"description\" content=\"D\u00e9couvrez Il Colle Aventino ed i Cavalieri di Malta, location ou visite en vespa, v\u00e9lo, scooter, tuk tuk \u00e0 Rome, Bici Baci est votre partenaire id\u00e9al\" \/>\n<meta name=\"robots\" content=\"index, follow, max-snippet:-1, max-image-preview:large, max-video-preview:-1\" \/>\n<link rel=\"canonical\" href=\"https:\/\/www.spaziomuseovespa.com\/fr\/decouvrez-rome-et-ses-monuments\/il-colle-aventino-ed-i-cavalieri-di-malta\/\" \/>\n<meta property=\"og:locale\" content=\"fr_FR\" \/>\n<meta property=\"og:type\" content=\"article\" \/>\n<meta property=\"og:title\" content=\"Il Colle Aventino ed i Cavalieri di Malta - Spazio Museo Vespa | Visites et locations Vespa \u00e0 Rome\" \/>\n<meta property=\"og:description\" content=\"D\u00e9couvrez Il Colle Aventino ed i Cavalieri di Malta, location ou visite en vespa, v\u00e9lo, scooter, tuk tuk \u00e0 Rome, Bici Baci est votre partenaire id\u00e9al\" \/>\n<meta property=\"og:url\" content=\"https:\/\/www.spaziomuseovespa.com\/fr\/decouvrez-rome-et-ses-monuments\/il-colle-aventino-ed-i-cavalieri-di-malta\/\" \/>\n<meta property=\"og:site_name\" content=\"Spazio Museo Vespa\" \/>\n<meta property=\"article:modified_time\" content=\"2024-10-25T11:48:21+00:00\" \/>\n<meta property=\"og:image\" content=\"https:\/\/www.spaziomuseovespa.com\/wp-content\/uploads\/Il-Colle-Aventino-ed-i-Cavalieri-di-Malta.jpg\" \/>\n\t<meta property=\"og:image:width\" content=\"1920\" \/>\n\t<meta property=\"og:image:height\" content=\"1080\" \/>\n\t<meta property=\"og:image:type\" content=\"image\/jpeg\" \/>\n<meta name=\"twitter:card\" content=\"summary_large_image\" \/>\n<meta name=\"twitter:label1\" content=\"Dur\u00e9e de lecture estim\u00e9e\" \/>\n\t<meta name=\"twitter:data1\" content=\"7 minutes\" \/>\n<script type=\"application\/ld+json\" class=\"yoast-schema-graph\">{\"@context\":\"https:\/\/schema.org\",\"@graph\":[{\"@type\":\"WebPage\",\"@id\":\"https:\/\/www.spaziomuseovespa.com\/fr\/decouvrez-rome-et-ses-monuments\/il-colle-aventino-ed-i-cavalieri-di-malta\/\",\"url\":\"https:\/\/www.spaziomuseovespa.com\/fr\/decouvrez-rome-et-ses-monuments\/il-colle-aventino-ed-i-cavalieri-di-malta\/\",\"name\":\"Il Colle Aventino ed i Cavalieri di Malta - Spazio Museo Vespa | Visites et locations Vespa \u00e0 Rome\",\"isPartOf\":{\"@id\":\"https:\/\/www.spaziomuseovespa.com\/fr\/#website\"},\"primaryImageOfPage\":{\"@id\":\"https:\/\/www.spaziomuseovespa.com\/fr\/decouvrez-rome-et-ses-monuments\/il-colle-aventino-ed-i-cavalieri-di-malta\/#primaryimage\"},\"image\":{\"@id\":\"https:\/\/www.spaziomuseovespa.com\/fr\/decouvrez-rome-et-ses-monuments\/il-colle-aventino-ed-i-cavalieri-di-malta\/#primaryimage\"},\"thumbnailUrl\":\"https:\/\/www.spaziomuseovespa.com\/wp-content\/uploads\/Il-Colle-Aventino-ed-i-Cavalieri-di-Malta.jpg\",\"datePublished\":\"2024-10-11T08:13:10+00:00\",\"dateModified\":\"2024-10-25T11:48:21+00:00\",\"description\":\"D\u00e9couvrez Il Colle Aventino ed i Cavalieri di Malta, location ou visite en vespa, v\u00e9lo, scooter, tuk tuk \u00e0 Rome, Bici Baci est votre partenaire id\u00e9al\",\"breadcrumb\":{\"@id\":\"https:\/\/www.spaziomuseovespa.com\/fr\/decouvrez-rome-et-ses-monuments\/il-colle-aventino-ed-i-cavalieri-di-malta\/#breadcrumb\"},\"inLanguage\":\"fr-FR\",\"potentialAction\":[{\"@type\":\"ReadAction\",\"target\":[\"https:\/\/www.spaziomuseovespa.com\/fr\/decouvrez-rome-et-ses-monuments\/il-colle-aventino-ed-i-cavalieri-di-malta\/\"]}]},{\"@type\":\"ImageObject\",\"inLanguage\":\"fr-FR\",\"@id\":\"https:\/\/www.spaziomuseovespa.com\/fr\/decouvrez-rome-et-ses-monuments\/il-colle-aventino-ed-i-cavalieri-di-malta\/#primaryimage\",\"url\":\"https:\/\/www.spaziomuseovespa.com\/wp-content\/uploads\/Il-Colle-Aventino-ed-i-Cavalieri-di-Malta.jpg\",\"contentUrl\":\"https:\/\/www.spaziomuseovespa.com\/wp-content\/uploads\/Il-Colle-Aventino-ed-i-Cavalieri-di-Malta.jpg\",\"width\":1920,\"height\":1080,\"caption\":\"Il Colle Aventino ed i Cavalieri di Malta\"},{\"@type\":\"BreadcrumbList\",\"@id\":\"https:\/\/www.spaziomuseovespa.com\/fr\/decouvrez-rome-et-ses-monuments\/il-colle-aventino-ed-i-cavalieri-di-malta\/#breadcrumb\",\"itemListElement\":[{\"@type\":\"ListItem\",\"position\":1,\"name\":\"Home\",\"item\":\"https:\/\/www.spaziomuseovespa.com\/fr\/homepage\/\"},{\"@type\":\"ListItem\",\"position\":2,\"name\":\"D\u00e9couvrez Rome et ses monuments\",\"item\":\"https:\/\/www.spaziomuseovespa.com\/fr\/decouvrez-rome-et-ses-monuments\/\"},{\"@type\":\"ListItem\",\"position\":3,\"name\":\"Il Colle Aventino ed i Cavalieri di Malta\"}]},{\"@type\":\"WebSite\",\"@id\":\"https:\/\/www.spaziomuseovespa.com\/fr\/#website\",\"url\":\"https:\/\/www.spaziomuseovespa.com\/fr\/\",\"name\":\"Spazio Museo Vespa\",\"description\":\"\",\"publisher\":{\"@id\":\"https:\/\/www.spaziomuseovespa.com\/fr\/#organization\"},\"potentialAction\":[{\"@type\":\"SearchAction\",\"target\":{\"@type\":\"EntryPoint\",\"urlTemplate\":\"https:\/\/www.spaziomuseovespa.com\/fr\/?s={search_term_string}\"},\"query-input\":{\"@type\":\"PropertyValueSpecification\",\"valueRequired\":true,\"valueName\":\"search_term_string\"}}],\"inLanguage\":\"fr-FR\"},{\"@type\":\"Organization\",\"@id\":\"https:\/\/www.spaziomuseovespa.com\/fr\/#organization\",\"name\":\"Spazio Museo Vespa\",\"url\":\"https:\/\/www.spaziomuseovespa.com\/fr\/\",\"logo\":{\"@type\":\"ImageObject\",\"inLanguage\":\"fr-FR\",\"@id\":\"https:\/\/www.spaziomuseovespa.com\/fr\/#\/schema\/logo\/image\/\",\"url\":\"https:\/\/www.spaziomuseovespa.com\/wp-content\/uploads\/logo.png\",\"contentUrl\":\"https:\/\/www.spaziomuseovespa.com\/wp-content\/uploads\/logo.png\",\"width\":322,\"height\":95,\"caption\":\"Spazio Museo Vespa\"},\"image\":{\"@id\":\"https:\/\/www.spaziomuseovespa.com\/fr\/#\/schema\/logo\/image\/\"}}]}<\/script>\n<!-- \/ Yoast SEO plugin. -->","yoast_head_json":{"title":"Il Colle Aventino ed i Cavalieri di Malta - Spazio Museo Vespa | Visites et locations Vespa \u00e0 Rome","description":"D\u00e9couvrez Il Colle Aventino ed i Cavalieri di Malta, location ou visite en vespa, v\u00e9lo, scooter, tuk tuk \u00e0 Rome, Bici Baci est votre partenaire id\u00e9al","robots":{"index":"index","follow":"follow","max-snippet":"max-snippet:-1","max-image-preview":"max-image-preview:large","max-video-preview":"max-video-preview:-1"},"canonical":"https:\/\/www.spaziomuseovespa.com\/fr\/decouvrez-rome-et-ses-monuments\/il-colle-aventino-ed-i-cavalieri-di-malta\/","og_locale":"fr_FR","og_type":"article","og_title":"Il Colle Aventino ed i Cavalieri di Malta - Spazio Museo Vespa | Visites et locations Vespa \u00e0 Rome","og_description":"D\u00e9couvrez Il Colle Aventino ed i Cavalieri di Malta, location ou visite en vespa, v\u00e9lo, scooter, tuk tuk \u00e0 Rome, Bici Baci est votre partenaire id\u00e9al","og_url":"https:\/\/www.spaziomuseovespa.com\/fr\/decouvrez-rome-et-ses-monuments\/il-colle-aventino-ed-i-cavalieri-di-malta\/","og_site_name":"Spazio Museo Vespa","article_modified_time":"2024-10-25T11:48:21+00:00","og_image":[{"width":1920,"height":1080,"url":"https:\/\/www.spaziomuseovespa.com\/wp-content\/uploads\/Il-Colle-Aventino-ed-i-Cavalieri-di-Malta.jpg","type":"image\/jpeg"}],"twitter_card":"summary_large_image","twitter_misc":{"Dur\u00e9e de lecture estim\u00e9e":"7 minutes"},"schema":{"@context":"https:\/\/schema.org","@graph":[{"@type":"WebPage","@id":"https:\/\/www.spaziomuseovespa.com\/fr\/decouvrez-rome-et-ses-monuments\/il-colle-aventino-ed-i-cavalieri-di-malta\/","url":"https:\/\/www.spaziomuseovespa.com\/fr\/decouvrez-rome-et-ses-monuments\/il-colle-aventino-ed-i-cavalieri-di-malta\/","name":"Il Colle Aventino ed i Cavalieri di Malta - Spazio Museo Vespa | Visites et locations Vespa \u00e0 Rome","isPartOf":{"@id":"https:\/\/www.spaziomuseovespa.com\/fr\/#website"},"primaryImageOfPage":{"@id":"https:\/\/www.spaziomuseovespa.com\/fr\/decouvrez-rome-et-ses-monuments\/il-colle-aventino-ed-i-cavalieri-di-malta\/#primaryimage"},"image":{"@id":"https:\/\/www.spaziomuseovespa.com\/fr\/decouvrez-rome-et-ses-monuments\/il-colle-aventino-ed-i-cavalieri-di-malta\/#primaryimage"},"thumbnailUrl":"https:\/\/www.spaziomuseovespa.com\/wp-content\/uploads\/Il-Colle-Aventino-ed-i-Cavalieri-di-Malta.jpg","datePublished":"2024-10-11T08:13:10+00:00","dateModified":"2024-10-25T11:48:21+00:00","description":"D\u00e9couvrez Il Colle Aventino ed i Cavalieri di Malta, location ou visite en vespa, v\u00e9lo, scooter, tuk tuk \u00e0 Rome, Bici Baci est votre partenaire id\u00e9al","breadcrumb":{"@id":"https:\/\/www.spaziomuseovespa.com\/fr\/decouvrez-rome-et-ses-monuments\/il-colle-aventino-ed-i-cavalieri-di-malta\/#breadcrumb"},"inLanguage":"fr-FR","potentialAction":[{"@type":"ReadAction","target":["https:\/\/www.spaziomuseovespa.com\/fr\/decouvrez-rome-et-ses-monuments\/il-colle-aventino-ed-i-cavalieri-di-malta\/"]}]},{"@type":"ImageObject","inLanguage":"fr-FR","@id":"https:\/\/www.spaziomuseovespa.com\/fr\/decouvrez-rome-et-ses-monuments\/il-colle-aventino-ed-i-cavalieri-di-malta\/#primaryimage","url":"https:\/\/www.spaziomuseovespa.com\/wp-content\/uploads\/Il-Colle-Aventino-ed-i-Cavalieri-di-Malta.jpg","contentUrl":"https:\/\/www.spaziomuseovespa.com\/wp-content\/uploads\/Il-Colle-Aventino-ed-i-Cavalieri-di-Malta.jpg","width":1920,"height":1080,"caption":"Il Colle Aventino ed i Cavalieri di Malta"},{"@type":"BreadcrumbList","@id":"https:\/\/www.spaziomuseovespa.com\/fr\/decouvrez-rome-et-ses-monuments\/il-colle-aventino-ed-i-cavalieri-di-malta\/#breadcrumb","itemListElement":[{"@type":"ListItem","position":1,"name":"Home","item":"https:\/\/www.spaziomuseovespa.com\/fr\/homepage\/"},{"@type":"ListItem","position":2,"name":"D\u00e9couvrez Rome et ses monuments","item":"https:\/\/www.spaziomuseovespa.com\/fr\/decouvrez-rome-et-ses-monuments\/"},{"@type":"ListItem","position":3,"name":"Il Colle Aventino ed i Cavalieri di Malta"}]},{"@type":"WebSite","@id":"https:\/\/www.spaziomuseovespa.com\/fr\/#website","url":"https:\/\/www.spaziomuseovespa.com\/fr\/","name":"Spazio Museo Vespa","description":"","publisher":{"@id":"https:\/\/www.spaziomuseovespa.com\/fr\/#organization"},"potentialAction":[{"@type":"SearchAction","target":{"@type":"EntryPoint","urlTemplate":"https:\/\/www.spaziomuseovespa.com\/fr\/?s={search_term_string}"},"query-input":{"@type":"PropertyValueSpecification","valueRequired":true,"valueName":"search_term_string"}}],"inLanguage":"fr-FR"},{"@type":"Organization","@id":"https:\/\/www.spaziomuseovespa.com\/fr\/#organization","name":"Spazio Museo Vespa","url":"https:\/\/www.spaziomuseovespa.com\/fr\/","logo":{"@type":"ImageObject","inLanguage":"fr-FR","@id":"https:\/\/www.spaziomuseovespa.com\/fr\/#\/schema\/logo\/image\/","url":"https:\/\/www.spaziomuseovespa.com\/wp-content\/uploads\/logo.png","contentUrl":"https:\/\/www.spaziomuseovespa.com\/wp-content\/uploads\/logo.png","width":322,"height":95,"caption":"Spazio Museo Vespa"},"image":{"@id":"https:\/\/www.spaziomuseovespa.com\/fr\/#\/schema\/logo\/image\/"}}]}},"_links":{"self":[{"href":"https:\/\/www.spaziomuseovespa.com\/fr\/wp-json\/wp\/v2\/pages\/3730","targetHints":{"allow":["GET"]}}],"collection":[{"href":"https:\/\/www.spaziomuseovespa.com\/fr\/wp-json\/wp\/v2\/pages"}],"about":[{"href":"https:\/\/www.spaziomuseovespa.com\/fr\/wp-json\/wp\/v2\/types\/page"}],"author":[{"embeddable":true,"href":"https:\/\/www.spaziomuseovespa.com\/fr\/wp-json\/wp\/v2\/users\/1"}],"replies":[{"embeddable":true,"href":"https:\/\/www.spaziomuseovespa.com\/fr\/wp-json\/wp\/v2\/comments?post=3730"}],"version-history":[{"count":0,"href":"https:\/\/www.spaziomuseovespa.com\/fr\/wp-json\/wp\/v2\/pages\/3730\/revisions"}],"up":[{"embeddable":true,"href":"https:\/\/www.spaziomuseovespa.com\/fr\/wp-json\/wp\/v2\/pages\/3366"}],"wp:featuredmedia":[{"embeddable":true,"href":"https:\/\/www.spaziomuseovespa.com\/fr\/wp-json\/wp\/v2\/media\/4974"}],"wp:attachment":[{"href":"https:\/\/www.spaziomuseovespa.com\/fr\/wp-json\/wp\/v2\/media?parent=3730"}],"wp:term":[{"taxonomy":"luogo_monumento","embeddable":true,"href":"https:\/\/www.spaziomuseovespa.com\/fr\/wp-json\/wp\/v2\/luogo_monumento?post=3730"}],"curies":[{"name":"wp","href":"https:\/\/api.w.org\/{rel}","templated":true}]}}