{"id":3744,"date":"2024-10-11T10:11:10","date_gmt":"2024-10-11T08:11:10","guid":{"rendered":"https:\/\/www.spaziomuseovespa.com\/decouvrez-rome-et-ses-monuments\/giardino-degli-aranci\/"},"modified":"2024-10-25T13:48:18","modified_gmt":"2024-10-25T11:48:18","slug":"giardino-degli-aranci","status":"publish","type":"page","link":"https:\/\/www.spaziomuseovespa.com\/fr\/decouvrez-rome-et-ses-monuments\/giardino-degli-aranci\/","title":{"rendered":"Giardino degli Aranci"},"content":{"rendered":"\t\t<div data-elementor-type=\"wp-page\" data-elementor-id=\"3744\" class=\"elementor elementor-3744 elementor-1456\" data-elementor-post-type=\"page\">\n\t\t\t\t<div class=\"elementor-element elementor-element-a2c7424 e-flex e-con-boxed e-con e-parent\" data-id=\"a2c7424\" data-element_type=\"container\" data-settings=\"{&quot;background_background&quot;:&quot;classic&quot;}\">\n\t\t\t\t\t<div class=\"e-con-inner\">\n\t\t\t\t<div class=\"elementor-element elementor-element-495600d elementor-widget elementor-widget-heading\" data-id=\"495600d\" data-element_type=\"widget\" data-widget_type=\"heading.default\">\n\t\t\t\t<div class=\"elementor-widget-container\">\n\t\t\t\t\t<h1 class=\"elementor-heading-title elementor-size-default\">Giardino degli Aranci<\/h1>\t\t\t\t<\/div>\n\t\t\t\t<\/div>\n\t\t\t\t\t<\/div>\n\t\t\t\t<\/div>\n\t\t<div class=\"elementor-element elementor-element-fb4dc40 e-flex e-con-boxed e-con e-parent\" data-id=\"fb4dc40\" data-element_type=\"container\">\n\t\t\t\t\t<div class=\"e-con-inner\">\n\t\t\t\t<div class=\"elementor-element elementor-element-e2c4372 elementor-widget elementor-widget-text-editor\" data-id=\"e2c4372\" data-element_type=\"widget\" data-widget_type=\"text-editor.default\">\n\t\t\t\t<div class=\"elementor-widget-container\">\n\t\t\t\t\t\t\t\t\t<p>D\u00e9couvrez le charme de Rome avec une visite exclusive du jardin des orangers en Vespa, \u00e0 v\u00e9lo, en scooter ou en tuk tuk. Des vues imprenables et une exp\u00e9rience m\u00e9morable ! <\/p>\n\t\t\t\t\t\t\t\t<\/div>\n\t\t\t\t<\/div>\n\t\t\t\t\t<\/div>\n\t\t\t\t<\/div>\n\t\t<div class=\"elementor-element elementor-element-c43058d e-flex e-con-boxed e-con e-parent\" data-id=\"c43058d\" data-element_type=\"container\">\n\t\t\t\t\t<div class=\"e-con-inner\">\n\t\t\t\t<div class=\"elementor-element elementor-element-7b26ddd elementor-align-center elementor-mobile-align-center elementor-widget elementor-widget-button\" data-id=\"7b26ddd\" data-element_type=\"widget\" data-widget_type=\"button.default\">\n\t\t\t\t<div class=\"elementor-widget-container\">\n\t\t\t\t\t\t\t\t\t<div class=\"elementor-button-wrapper\">\n\t\t\t\t\t<a class=\"elementor-button elementor-button-link elementor-size-sm\" href=\"https:\/\/bicibaci.com\/fr\/\" target=\"_blank\">\n\t\t\t\t\t\t<span class=\"elementor-button-content-wrapper\">\n\t\t\t\t\t\t\t\t\t<span class=\"elementor-button-text\">Bici Baci votre partenaire id\u00e9al pour d\u00e9couvrir Rome - Visite et location en Vespa, V\u00e9lo, E-bike, Scooter, Tuk Tuk - En savoir plus  <\/span>\n\t\t\t\t\t<\/span>\n\t\t\t\t\t<\/a>\n\t\t\t\t<\/div>\n\t\t\t\t\t\t\t\t<\/div>\n\t\t\t\t<\/div>\n\t\t\t\t\t<\/div>\n\t\t\t\t<\/div>\n\t\t<div class=\"elementor-element elementor-element-c1f16f6 e-flex e-con-boxed e-con e-parent\" data-id=\"c1f16f6\" data-element_type=\"container\">\n\t\t\t\t\t<div class=\"e-con-inner\">\n\t\t\t\t<div class=\"elementor-element elementor-element-bd6e412 elementor-widget elementor-widget-image\" data-id=\"bd6e412\" data-element_type=\"widget\" data-widget_type=\"image.default\">\n\t\t\t\t<div class=\"elementor-widget-container\">\n\t\t\t\t\t\t\t\t\t\t\t\t<figure class=\"wp-caption\">\n\t\t\t\t\t\t\t\t\t\t\t<a href=\"https:\/\/www.spaziomuseovespa.com\/wp-content\/uploads\/giardino-aranci.jpg\" data-elementor-open-lightbox=\"yes\" data-e-action-hash=\"#elementor-action%3Aaction%3Dlightbox%26settings%3DeyJpZCI6Mjc1MCwidXJsIjoiaHR0cHM6XC9cL3d3dy5zcGF6aW9tdXNlb3Zlc3BhLmNvbVwvd3AtY29udGVudFwvdXBsb2Fkc1wvZ2lhcmRpbm8tYXJhbmNpLmpwZyJ9\">\n\t\t\t\t\t\t\t<img fetchpriority=\"high\" decoding=\"async\" width=\"1920\" height=\"1080\" src=\"https:\/\/www.spaziomuseovespa.com\/wp-content\/uploads\/giardino-aranci.jpg\" class=\"attachment-full size-full wp-image-2750\" alt=\"Giardino degli Aranci Tour Bike Scooter Vespa Tuk Tuk Rome\" srcset=\"https:\/\/www.spaziomuseovespa.com\/wp-content\/uploads\/giardino-aranci.jpg 1920w, https:\/\/www.spaziomuseovespa.com\/wp-content\/uploads\/giardino-aranci-300x169.jpg 300w, https:\/\/www.spaziomuseovespa.com\/wp-content\/uploads\/giardino-aranci-1024x576.jpg 1024w, https:\/\/www.spaziomuseovespa.com\/wp-content\/uploads\/giardino-aranci-768x432.jpg 768w, https:\/\/www.spaziomuseovespa.com\/wp-content\/uploads\/giardino-aranci-1536x864.jpg 1536w\" sizes=\"(max-width: 1920px) 100vw, 1920px\" \/>\t\t\t\t\t\t\t\t<\/a>\n\t\t\t\t\t\t\t\t\t\t\t<figcaption class=\"widget-image-caption wp-caption-text\"><\/figcaption>\n\t\t\t\t\t\t\t\t\t\t<\/figure>\n\t\t\t\t\t\t\t\t\t<\/div>\n\t\t\t\t<\/div>\n\t\t\t\t\t<\/div>\n\t\t\t\t<\/div>\n\t\t<div class=\"elementor-element elementor-element-c10a9b9 e-flex e-con-boxed e-con e-parent\" data-id=\"c10a9b9\" data-element_type=\"container\">\n\t\t\t\t\t<div class=\"e-con-inner\">\n\t\t\t\t<div class=\"elementor-element elementor-element-1e06551 elementor-widget elementor-widget-heading\" data-id=\"1e06551\" data-element_type=\"widget\" data-widget_type=\"heading.default\">\n\t\t\t\t<div class=\"elementor-widget-container\">\n\t\t\t\t\t<h2 class=\"elementor-heading-title elementor-size-default\">Ce qu\u2019il faut savoir sur la Jardin des Orangers<\/h2>\t\t\t\t<\/div>\n\t\t\t\t<\/div>\n\t\t\t\t<div class=\"elementor-element elementor-element-e7f071c elementor-widget elementor-widget-text-editor\" data-id=\"e7f071c\" data-element_type=\"widget\" data-widget_type=\"text-editor.default\">\n\t\t\t\t<div class=\"elementor-widget-container\">\n\t\t\t\t\t\t\t\t\t<p>Le Jardin des Orangers, officiellement connu sous le nom de Parc Savello, est l\u2019un des lieux panoramiques les plus \u00e9vocateurs de Rome, situ\u00e9 sur la colline de l\u2019Aventin. Ce jardin, cr\u00e9\u00e9 dans les ann\u00e9es 30 par l\u2019architecte Raffaele De Vico, offre une vue spectaculaire sur la ville, avec le d\u00f4me de Saint-Pierre \u00e9mergeant au premier plan Le nom \u00ab&nbsp;Jardin des orangers&nbsp;\u00bb d\u00e9rive des orangers amers plant\u00e9s \u00e0 l\u2019int\u00e9rieur, qui donnent une atmosph\u00e8re particuli\u00e8re et parfum\u00e9e, surtout au printemps. C\u2019est un endroit calme et romantique, id\u00e9al pour se promener ou pour profiter d\u2019un moment de d\u00e9tente loin de l\u2019agitation du centre-ville. L\u2019un des points les plus c\u00e9l\u00e8bres du jardin est le \u00ab&nbsp;trou de serrure&nbsp;\u00bb de la porte de la Villa del Priorato di Malta, non loin de l\u2019entr\u00e9e. En regardant \u00e0 travers cette \u00e9cluse, vous pouvez voir une image parfaite du d\u00f4me de Saint-Pierre encadr\u00e9 par une all\u00e9e de cypr\u00e8s. Le jardin des orangers est facilement accessible depuis la Piazza dei Cavalieri di Malta et constitue une \u00e9tape incontournable pour ceux qui veulent profiter d\u2019une vue \u00e0 couper le souffle et d\u2019une pause dans la verdure, entour\u00e9s de l\u2019histoire mill\u00e9naire de Rome.     <\/p>\n\t\t\t\t\t\t\t\t<\/div>\n\t\t\t\t<\/div>\n\t\t\t\t\t<\/div>\n\t\t\t\t<\/div>\n\t\t<div class=\"elementor-element elementor-element-de6f7f4 e-flex e-con-boxed e-con e-parent\" data-id=\"de6f7f4\" data-element_type=\"container\">\n\t\t\t\t\t<div class=\"e-con-inner\">\n\t\t\t\t<div class=\"elementor-element elementor-element-173a3bf elementor-widget elementor-widget-gallery\" data-id=\"173a3bf\" data-element_type=\"widget\" data-settings=\"{&quot;lazyload&quot;:&quot;yes&quot;,&quot;gallery_layout&quot;:&quot;grid&quot;,&quot;columns&quot;:4,&quot;columns_tablet&quot;:2,&quot;columns_mobile&quot;:1,&quot;gap&quot;:{&quot;unit&quot;:&quot;px&quot;,&quot;size&quot;:10,&quot;sizes&quot;:[]},&quot;gap_tablet_extra&quot;:{&quot;unit&quot;:&quot;px&quot;,&quot;size&quot;:10,&quot;sizes&quot;:[]},&quot;gap_tablet&quot;:{&quot;unit&quot;:&quot;px&quot;,&quot;size&quot;:10,&quot;sizes&quot;:[]},&quot;gap_mobile&quot;:{&quot;unit&quot;:&quot;px&quot;,&quot;size&quot;:10,&quot;sizes&quot;:[]},&quot;link_to&quot;:&quot;file&quot;,&quot;aspect_ratio&quot;:&quot;3:2&quot;,&quot;overlay_background&quot;:&quot;yes&quot;,&quot;content_hover_animation&quot;:&quot;fade-in&quot;}\" data-widget_type=\"gallery.default\">\n\t\t\t\t<div class=\"elementor-widget-container\">\n\t\t\t\t\t\t\t<div class=\"elementor-gallery__container\">\n\t\t\t\t\t\t\t<a class=\"e-gallery-item elementor-gallery-item elementor-animated-content\" href=\"https:\/\/www.spaziomuseovespa.com\/wp-content\/uploads\/giardino-aranci-2.jpg\" data-elementor-open-lightbox=\"yes\" data-elementor-lightbox-slideshow=\"173a3bf\" data-e-action-hash=\"#elementor-action%3Aaction%3Dlightbox%26settings%3DeyJpZCI6MjcyNiwidXJsIjoiaHR0cHM6XC9cL3d3dy5zcGF6aW9tdXNlb3Zlc3BhLmNvbVwvd3AtY29udGVudFwvdXBsb2Fkc1wvZ2lhcmRpbm8tYXJhbmNpLTIuanBnIiwic2xpZGVzaG93IjoiMTczYTNiZiJ9\">\n\t\t\t\t\t<div class=\"e-gallery-image elementor-gallery-item__image\" data-thumbnail=\"https:\/\/www.spaziomuseovespa.com\/wp-content\/uploads\/giardino-aranci-2-768x512.jpg\" data-width=\"768\" data-height=\"512\" aria-label=\"Giardino degli Aranci Tour Bike Scooter Vespa Tuk Tuk Rome\" role=\"img\" ><\/div>\n\t\t\t\t\t\t\t\t\t\t\t<div class=\"elementor-gallery-item__overlay\"><\/div>\n\t\t\t\t\t\t\t\t\t\t\t\t\t\t<\/a>\n\t\t\t\t\t\t\t<a class=\"e-gallery-item elementor-gallery-item elementor-animated-content\" href=\"https:\/\/www.spaziomuseovespa.com\/wp-content\/uploads\/giardino-aranci-3.jpg\" data-elementor-open-lightbox=\"yes\" data-elementor-lightbox-slideshow=\"173a3bf\" data-e-action-hash=\"#elementor-action%3Aaction%3Dlightbox%26settings%3DeyJpZCI6Mjc0NCwidXJsIjoiaHR0cHM6XC9cL3d3dy5zcGF6aW9tdXNlb3Zlc3BhLmNvbVwvd3AtY29udGVudFwvdXBsb2Fkc1wvZ2lhcmRpbm8tYXJhbmNpLTMuanBnIiwic2xpZGVzaG93IjoiMTczYTNiZiJ9\">\n\t\t\t\t\t<div class=\"e-gallery-image elementor-gallery-item__image\" data-thumbnail=\"https:\/\/www.spaziomuseovespa.com\/wp-content\/uploads\/giardino-aranci-3-768x512.jpg\" data-width=\"768\" data-height=\"512\" aria-label=\"Giardino degli Aranci Tour Bike Scooter Vespa Tuk Tuk Rome\" role=\"img\" ><\/div>\n\t\t\t\t\t\t\t\t\t\t\t<div class=\"elementor-gallery-item__overlay\"><\/div>\n\t\t\t\t\t\t\t\t\t\t\t\t\t\t<\/a>\n\t\t\t\t\t\t\t<a class=\"e-gallery-item elementor-gallery-item elementor-animated-content\" href=\"https:\/\/www.spaziomuseovespa.com\/wp-content\/uploads\/giardino-aranci-4.jpg\" data-elementor-open-lightbox=\"yes\" data-elementor-lightbox-slideshow=\"173a3bf\" data-e-action-hash=\"#elementor-action%3Aaction%3Dlightbox%26settings%3DeyJpZCI6MjczOCwidXJsIjoiaHR0cHM6XC9cL3d3dy5zcGF6aW9tdXNlb3Zlc3BhLmNvbVwvd3AtY29udGVudFwvdXBsb2Fkc1wvZ2lhcmRpbm8tYXJhbmNpLTQuanBnIiwic2xpZGVzaG93IjoiMTczYTNiZiJ9\">\n\t\t\t\t\t<div class=\"e-gallery-image elementor-gallery-item__image\" data-thumbnail=\"https:\/\/www.spaziomuseovespa.com\/wp-content\/uploads\/giardino-aranci-4-768x346.jpg\" data-width=\"768\" data-height=\"346\" aria-label=\"Giardino degli Aranci Tour Bike Scooter Vespa Tuk Tuk Rome\" role=\"img\" ><\/div>\n\t\t\t\t\t\t\t\t\t\t\t<div class=\"elementor-gallery-item__overlay\"><\/div>\n\t\t\t\t\t\t\t\t\t\t\t\t\t\t<\/a>\n\t\t\t\t\t\t\t<a class=\"e-gallery-item elementor-gallery-item elementor-animated-content\" href=\"https:\/\/www.spaziomuseovespa.com\/wp-content\/uploads\/giardino-aranci-5.jpg\" data-elementor-open-lightbox=\"yes\" data-elementor-lightbox-slideshow=\"173a3bf\" data-e-action-hash=\"#elementor-action%3Aaction%3Dlightbox%26settings%3DeyJpZCI6MjczMiwidXJsIjoiaHR0cHM6XC9cL3d3dy5zcGF6aW9tdXNlb3Zlc3BhLmNvbVwvd3AtY29udGVudFwvdXBsb2Fkc1wvZ2lhcmRpbm8tYXJhbmNpLTUuanBnIiwic2xpZGVzaG93IjoiMTczYTNiZiJ9\">\n\t\t\t\t\t<div class=\"e-gallery-image elementor-gallery-item__image\" data-thumbnail=\"https:\/\/www.spaziomuseovespa.com\/wp-content\/uploads\/giardino-aranci-5-768x346.jpg\" data-width=\"768\" data-height=\"346\" aria-label=\"Giardino degli Aranci Tour Bike Scooter Vespa Tuk Tuk Rome\" role=\"img\" ><\/div>\n\t\t\t\t\t\t\t\t\t\t\t<div class=\"elementor-gallery-item__overlay\"><\/div>\n\t\t\t\t\t\t\t\t\t\t\t\t\t\t<\/a>\n\t\t\t\t\t<\/div>\n\t\t\t\t\t<\/div>\n\t\t\t\t<\/div>\n\t\t\t\t\t<\/div>\n\t\t\t\t<\/div>\n\t\t<div class=\"elementor-element elementor-element-f0bc0b9 e-flex e-con-boxed e-con e-parent\" data-id=\"f0bc0b9\" data-element_type=\"container\">\n\t\t\t\t\t<div class=\"e-con-inner\">\n\t\t\t\t<div class=\"elementor-element elementor-element-29190b6 elementor-widget elementor-widget-heading\" data-id=\"29190b6\" data-element_type=\"widget\" data-widget_type=\"heading.default\">\n\t\t\t\t<div class=\"elementor-widget-container\">\n\t\t\t\t\t<h2 class=\"elementor-heading-title elementor-size-default\">Curiosit\u00e9<\/h2>\t\t\t\t<\/div>\n\t\t\t\t<\/div>\n\t\t\t\t<div class=\"elementor-element elementor-element-7da5c7b elementor-widget elementor-widget-text-editor\" data-id=\"7da5c7b\" data-element_type=\"widget\" data-widget_type=\"text-editor.default\">\n\t\t\t\t<div class=\"elementor-widget-container\">\n\t\t\t\t\t\t\t\t\t<p><strong>Origines m\u00e9di\u00e9vales<\/strong> : La r\u00e9gion \u00e9tait autrefois occup\u00e9e par une forteresse m\u00e9di\u00e9vale appartenant \u00e0 la famille Savelli. Les vestiges des murs de fortification sont encore visibles et conf\u00e8rent au jardin un charme historique unique. <\/p>\n<p><strong>Design moderne<\/strong>&nbsp;: Malgr\u00e9 ses origines anciennes, le jardin tel que nous le voyons aujourd\u2019hui a \u00e9t\u00e9 con\u00e7u dans les ann\u00e9es 30 du XXe si\u00e8cle par l\u2019architecte Raffaele De Vico, qui s\u2019est occup\u00e9 de l\u2019arrangement et de la plantation d\u2019orangers amers.<\/p>\n<p><strong>Vue panoramique unique<\/strong> : Le point de vue du jardin offre l\u2019une des meilleures vues de Rome, avec le Tibre qui coule en contrebas, le quartier du Trastevere, le Panth\u00e9on et la basilique Saint-Pierre au loin. La vue est particuli\u00e8rement impressionnante au coucher du soleil. <\/p>\n<p><strong>Villa del Priorato di Malta et le trou de serrure<\/strong> : Le c\u00e9l\u00e8bre \u00ab&nbsp;trou de serrure&nbsp;\u00bb est situ\u00e9 \u00e0 proximit\u00e9 de la Villa del Priorato di Malta. En regardant \u00e0 travers la serrure de la porte, vous pouvez voir le d\u00f4me de Saint-Pierre parfaitement encadr\u00e9 par les jardins de la villa. La vue est le r\u00e9sultat d\u2019une combinaison de perspectives soigneusement planifi\u00e9e et attire chaque jour de nombreux touristes.  <\/p>\n<p><strong>Lieu de paix et de d\u00e9tente : <\/strong>Contrairement \u00e0 d\u2019autres zones touristiques de Rome, le jardin des orangers est un coin de tranquillit\u00e9, o\u00f9 les Romains et les visiteurs peuvent se promener parmi les arbres, lire un livre ou simplement profiter du calme du parc.<\/p>\n<p><strong>L\u00e9gendes:<\/strong> On dit que les orangers sont n\u00e9s d\u2019un semis apport\u00e9 par saint Dominique de Guzm\u00e1n, fondateur de l\u2019ordre dominicain, lorsqu\u2019il vivait \u00e0 Rome au XIIIe si\u00e8cle. Bien qu\u2019il n\u2019y ait pas de preuve historique certaine de cela, la l\u00e9gende ajoute une touche mystique suppl\u00e9mentaire \u00e0 l\u2019endroit. <\/p>\n<p><strong>\u00c9v\u00e9nements et culture<\/strong>&nbsp;: Le jardin accueille occasionnellement de petits \u00e9v\u00e9nements culturels et des concerts. C\u2019est une destination populaire pour les photographes et les artistes pour sa lumi\u00e8re et ses vues exceptionnelles. <\/p>\n<p><strong>Perspective du d\u00f4me de Saint-Pierre<\/strong> : La vue du d\u00f4me de Saint-Pierre depuis le point de vue du jardin des orangers est con\u00e7ue pour \u00eatre beaucoup plus proche qu\u2019elle ne l\u2019est r\u00e9ellement. Cet effet de perspective rend le panorama vraiment unique et spectaculaire, attirant de nombreux photographes et artistes. <\/p>\n<p><strong>Le nom Parco Savello<\/strong>&nbsp;: Bien qu\u2019il soit connu sous le nom de Jardin des Orangers, son nom officiel est Parco Savello, car il est situ\u00e9 sur l\u2019ancienne fortification de la famille Savelli, qui occupait la r\u00e9gion au Moyen \u00c2ge.<\/p>\n<\/p>\n<p><strong>Inspiration des jardins arabes<\/strong> : Les orangers amers, plant\u00e9s pour l\u2019esth\u00e9tique et le parfum, rappellent les jardins arabes, c\u00e9l\u00e8bres pour l\u2019utilisation des agrumes. Ce d\u00e9tail fait du parc un lieu enchanteur, avec un parfum particulier qui peut \u00eatre per\u00e7u surtout au printemps. <\/p>\n<p><strong>Sc\u00e8ne de films c\u00e9l\u00e8bres<\/strong> : Le jardin des orangers a \u00e9t\u00e9 choisi comme lieu de tournage de diverses productions cin\u00e9matographiques italiennes et internationales. Par exemple, dans le film de Paolo Sorrentino *La Grande Bellezza&rsquo;, certaines sc\u00e8nes se d\u00e9roulent ici, ajoutant au charme du lieu dans le cadre de l\u2019histoire du cin\u00e9ma. <\/p>\n<p><strong>Orangers aux fruits non comestibles<\/strong> : Les arbres du jardin produisent des oranges am\u00e8res, qui \u00e9taient autrefois utilis\u00e9es \u00e0 des fins ornementales ou m\u00e9dicinales. Les oranges ne sont pas comestibles mais ajoutent un charme exotique au parc, notamment lors de la floraison. <\/p>\n<p><strong>Un lieu de rassemblement pour les Romains<\/strong> : Bien qu\u2019il soit populaire aupr\u00e8s des touristes, le jardin des orangers est \u00e9galement un lieu de rassemblement pour les Romains, qui le consid\u00e8rent comme un espace de calme et de m\u00e9ditation. Il est courant de voir des couples, des familles et des amis profiter de la vue et de la paix du parc, surtout au coucher du soleil. <\/p>\n<p><strong>Coucher de soleil incroyable<\/strong>&nbsp;: L\u2019un des meilleurs moments pour visiter le jardin des orangers est le coucher du soleil, lorsque le ciel est teint\u00e9 de couleurs chaudes et que la lumi\u00e8re se refl\u00e8te sur les d\u00f4mes et les toits de Rome, cr\u00e9ant une atmosph\u00e8re magique.<\/p>\n<p>Ce jardin est l\u2019un des secrets les mieux gard\u00e9s de la ville, offrant une exp\u00e9rience inoubliable pour ceux qui recherchent un c\u00f4t\u00e9 plus calme et plus romantique de Rome.<\/p>\n\t\t\t\t\t\t\t\t<\/div>\n\t\t\t\t<\/div>\n\t\t\t\t\t<\/div>\n\t\t\t\t<\/div>\n\t\t<div class=\"elementor-element elementor-element-bf53420 riga_tour e-flex e-con-boxed e-con e-parent\" data-id=\"bf53420\" data-element_type=\"container\">\n\t\t\t\t\t<div class=\"e-con-inner\">\n\t\t\t\t<div class=\"elementor-element elementor-element-92c26d8 elementor-widget elementor-widget-heading\" data-id=\"92c26d8\" data-element_type=\"widget\" data-widget_type=\"heading.default\">\n\t\t\t\t<div class=\"elementor-widget-container\">\n\t\t\t\t\t<h2 class=\"elementor-heading-title elementor-size-default\">Choisissez votre tour en Vespa pr\u00e9f\u00e9r\u00e9 pour visiter Rome<\/h2>\t\t\t\t<\/div>\n\t\t\t\t<\/div>\n\t\t\t\t<div class=\"elementor-element elementor-element-c4fd3fd elementor-widget elementor-widget-template\" data-id=\"c4fd3fd\" data-element_type=\"widget\" data-widget_type=\"template.default\">\n\t\t\t\t<div class=\"elementor-widget-container\">\n\t\t\t\t\t\t\t<div class=\"elementor-template\">\n\t\t\t\t\t<div data-elementor-type=\"section\" data-elementor-id=\"1966\" class=\"elementor elementor-1966 elementor-1687\" data-elementor-post-type=\"elementor_library\">\n\t\t\t<div class=\"elementor-element elementor-element-1497235 riga_tour e-flex e-con-boxed e-con e-parent\" data-id=\"1497235\" data-element_type=\"container\">\n\t\t\t\t\t<div class=\"e-con-inner\">\n\t\t<div class=\"elementor-element elementor-element-586e2e8 e-con-full e-flex e-con e-child\" data-id=\"586e2e8\" data-element_type=\"container\">\n\t\t<div class=\"elementor-element elementor-element-6b49b07 e-con-full e-flex e-con e-child\" data-id=\"6b49b07\" data-element_type=\"container\">\n\t\t\t\t<div class=\"elementor-element elementor-element-fc87d99 elementor-widget elementor-widget-image\" data-id=\"fc87d99\" data-element_type=\"widget\" data-widget_type=\"image.default\">\n\t\t\t\t<div class=\"elementor-widget-container\">\n\t\t\t\t\t\t\t\t\t\t\t\t<figure class=\"wp-caption\">\n\t\t\t\t\t\t\t\t\t\t\t<a href=\"https:\/\/www.spaziomuseovespa.com\/vespa-tour-grand-tour-di-roma\/\">\n\t\t\t\t\t\t\t<img decoding=\"async\" width=\"600\" height=\"469\" src=\"https:\/\/www.spaziomuseovespa.com\/wp-content\/uploads\/gran_tour_roma.jpg\" class=\"attachment-medium_large size-medium_large wp-image-442\" alt=\"\" srcset=\"https:\/\/www.spaziomuseovespa.com\/wp-content\/uploads\/gran_tour_roma.jpg 600w, https:\/\/www.spaziomuseovespa.com\/wp-content\/uploads\/gran_tour_roma-300x235.jpg 300w\" sizes=\"(max-width: 600px) 100vw, 600px\" \/>\t\t\t\t\t\t\t\t<\/a>\n\t\t\t\t\t\t\t\t\t\t\t<figcaption class=\"widget-image-caption wp-caption-text\">Vespa tour<br>Grand tour de Rome<\/figcaption>\n\t\t\t\t\t\t\t\t\t\t<\/figure>\n\t\t\t\t\t\t\t\t\t<\/div>\n\t\t\t\t<\/div>\n\t\t\t\t<\/div>\n\t\t<div class=\"elementor-element elementor-element-daa5749 e-con-full e-flex e-con e-child\" data-id=\"daa5749\" data-element_type=\"container\">\n\t\t\t\t<div class=\"elementor-element elementor-element-11cf106 elementor-widget elementor-widget-image\" data-id=\"11cf106\" data-element_type=\"widget\" data-widget_type=\"image.default\">\n\t\t\t\t<div class=\"elementor-widget-container\">\n\t\t\t\t\t\t\t\t\t\t\t\t<figure class=\"wp-caption\">\n\t\t\t\t\t\t\t\t\t\t\t<a href=\"https:\/\/www.spaziomuseovespa.com\/vespa-tour-rome-movie-sets\/\">\n\t\t\t\t\t\t\t<img decoding=\"async\" width=\"600\" height=\"469\" src=\"https:\/\/www.spaziomuseovespa.com\/wp-content\/uploads\/tour_rome_movie_set.jpg\" class=\"attachment-medium_large size-medium_large wp-image-427\" alt=\"\" srcset=\"https:\/\/www.spaziomuseovespa.com\/wp-content\/uploads\/tour_rome_movie_set.jpg 600w, https:\/\/www.spaziomuseovespa.com\/wp-content\/uploads\/tour_rome_movie_set-300x235.jpg 300w\" sizes=\"(max-width: 600px) 100vw, 600px\" \/>\t\t\t\t\t\t\t\t<\/a>\n\t\t\t\t\t\t\t\t\t\t\t<figcaption class=\"widget-image-caption wp-caption-text\">Vespa tour<br>Rome Movie Set<\/figcaption>\n\t\t\t\t\t\t\t\t\t\t<\/figure>\n\t\t\t\t\t\t\t\t\t<\/div>\n\t\t\t\t<\/div>\n\t\t\t\t<\/div>\n\t\t<div class=\"elementor-element elementor-element-912acab e-con-full e-flex e-con e-child\" data-id=\"912acab\" data-element_type=\"container\">\n\t\t\t\t<div class=\"elementor-element elementor-element-0846c51 elementor-widget elementor-widget-image\" data-id=\"0846c51\" data-element_type=\"widget\" data-widget_type=\"image.default\">\n\t\t\t\t<div class=\"elementor-widget-container\">\n\t\t\t\t\t\t\t\t\t\t\t\t<figure class=\"wp-caption\">\n\t\t\t\t\t\t\t\t\t\t\t<a href=\"https:\/\/www.spaziomuseovespa.com\/vespa-tour-castelli-romani\/\">\n\t\t\t\t\t\t\t<img loading=\"lazy\" decoding=\"async\" width=\"600\" height=\"469\" src=\"https:\/\/www.spaziomuseovespa.com\/wp-content\/uploads\/Il-Tour-dei-Castelli-Romani.jpg\" class=\"attachment-medium_large size-medium_large wp-image-437\" alt=\"\" srcset=\"https:\/\/www.spaziomuseovespa.com\/wp-content\/uploads\/Il-Tour-dei-Castelli-Romani.jpg 600w, https:\/\/www.spaziomuseovespa.com\/wp-content\/uploads\/Il-Tour-dei-Castelli-Romani-300x235.jpg 300w\" sizes=\"(max-width: 600px) 100vw, 600px\" \/>\t\t\t\t\t\t\t\t<\/a>\n\t\t\t\t\t\t\t\t\t\t\t<figcaption class=\"widget-image-caption wp-caption-text\">Vespa tour<br>Castelli Romani<\/figcaption>\n\t\t\t\t\t\t\t\t\t\t<\/figure>\n\t\t\t\t\t\t\t\t\t<\/div>\n\t\t\t\t<\/div>\n\t\t\t\t<\/div>\n\t\t<div class=\"elementor-element elementor-element-4853cba e-con-full e-flex e-con e-child\" data-id=\"4853cba\" data-element_type=\"container\">\n\t\t\t\t<div class=\"elementor-element elementor-element-4f272a1 elementor-widget elementor-widget-image\" data-id=\"4f272a1\" data-element_type=\"widget\" data-widget_type=\"image.default\">\n\t\t\t\t<div class=\"elementor-widget-container\">\n\t\t\t\t\t\t\t\t\t\t\t\t<figure class=\"wp-caption\">\n\t\t\t\t\t\t\t\t\t\t\t<a href=\"https:\/\/www.spaziomuseovespa.com\/vespa-tour-roma-moderna-e-ostia-antica\/\">\n\t\t\t\t\t\t\t<img loading=\"lazy\" decoding=\"async\" width=\"600\" height=\"469\" src=\"https:\/\/www.spaziomuseovespa.com\/wp-content\/uploads\/Vespa-Tour-Roma-moderna-e-Ostia-Antica.jpg\" class=\"attachment-medium_large size-medium_large wp-image-432\" alt=\"\" srcset=\"https:\/\/www.spaziomuseovespa.com\/wp-content\/uploads\/Vespa-Tour-Roma-moderna-e-Ostia-Antica.jpg 600w, https:\/\/www.spaziomuseovespa.com\/wp-content\/uploads\/Vespa-Tour-Roma-moderna-e-Ostia-Antica-300x235.jpg 300w\" sizes=\"(max-width: 600px) 100vw, 600px\" \/>\t\t\t\t\t\t\t\t<\/a>\n\t\t\t\t\t\t\t\t\t\t\t<figcaption class=\"widget-image-caption wp-caption-text\">Vespa tour<br>Roma Moderna e Ostia Antica<\/figcaption>\n\t\t\t\t\t\t\t\t\t\t<\/figure>\n\t\t\t\t\t\t\t\t\t<\/div>\n\t\t\t\t<\/div>\n\t\t\t\t<\/div>\n\t\t\t\t<\/div>\n\t\t\t\t\t<\/div>\n\t\t\t\t<\/div>\n\t\t\t\t<\/div>\n\t\t\t\t<\/div>\n\t\t\t\t\t\t<\/div>\n\t\t\t\t<\/div>\n\t\t\t\t\t<\/div>\n\t\t\t\t<\/div>\n\t\t<div class=\"elementor-element elementor-element-cd60265 e-flex e-con-boxed e-con e-parent\" data-id=\"cd60265\" data-element_type=\"container\">\n\t\t\t\t\t<div class=\"e-con-inner\">\n\t\t\t\t<div class=\"elementor-element elementor-element-3cd9b2f elementor-widget elementor-widget-heading\" data-id=\"3cd9b2f\" data-element_type=\"widget\" data-widget_type=\"heading.default\">\n\t\t\t\t<div class=\"elementor-widget-container\">\n\t\t\t\t\t<h2 class=\"elementor-heading-title elementor-size-default\">... et si vous \u00eates un conducteur exp\u00e9riment\u00e9, louez votre Vespa pour d\u00e9couvrir les merveilles de Rome.<\/h2>\t\t\t\t<\/div>\n\t\t\t\t<\/div>\n\t\t\t\t<div class=\"elementor-element elementor-element-f6a4780 elementor-widget elementor-widget-template\" data-id=\"f6a4780\" data-element_type=\"widget\" data-widget_type=\"template.default\">\n\t\t\t\t<div class=\"elementor-widget-container\">\n\t\t\t\t\t\t\t<div class=\"elementor-template\">\n\t\t\t\t\t<div data-elementor-type=\"section\" data-elementor-id=\"1964\" class=\"elementor elementor-1964 elementor-1698\" data-elementor-post-type=\"elementor_library\">\n\t\t\t<div class=\"elementor-element elementor-element-ab87375 e-flex e-con-boxed e-con e-parent\" data-id=\"ab87375\" data-element_type=\"container\">\n\t\t\t\t\t<div class=\"e-con-inner\">\n\t\t<div class=\"elementor-element elementor-element-6eef2e6 e-con-full e-flex e-con e-child\" data-id=\"6eef2e6\" data-element_type=\"container\">\n\t\t<div class=\"elementor-element elementor-element-341e335 e-con-full e-flex e-con e-child\" data-id=\"341e335\" data-element_type=\"container\">\n\t\t\t\t<div class=\"elementor-element elementor-element-56b5421 elementor-widget elementor-widget-image\" data-id=\"56b5421\" data-element_type=\"widget\" data-widget_type=\"image.default\">\n\t\t\t\t<div class=\"elementor-widget-container\">\n\t\t\t\t\t\t\t\t\t\t\t\t\t\t\t\t<a href=\"https:\/\/bicibaci.com\/fr\/\" target=\"_blank\">\n\t\t\t\t\t\t\t<img loading=\"lazy\" decoding=\"async\" width=\"200\" height=\"49\" src=\"https:\/\/www.spaziomuseovespa.com\/wp-content\/uploads\/bicibaci-logo-2023.webp\" class=\"attachment-medium_large size-medium_large wp-image-582\" alt=\"\" \/>\t\t\t\t\t\t\t\t<\/a>\n\t\t\t\t\t\t\t\t\t\t\t\t\t\t\t<\/div>\n\t\t\t\t<\/div>\n\t\t\t\t<div class=\"elementor-element elementor-element-99c90bf elementor-widget elementor-widget-heading\" data-id=\"99c90bf\" data-element_type=\"widget\" data-widget_type=\"heading.default\">\n\t\t\t\t<div class=\"elementor-widget-container\">\n\t\t\t\t\t<h2 class=\"elementor-heading-title elementor-size-default\"><a href=\"https:\/\/bicibaci.com\/fr\/\" target=\"_blank\">bicibaci.com\/fr\/<\/a><\/h2>\t\t\t\t<\/div>\n\t\t\t\t<\/div>\n\t\t\t\t<div class=\"elementor-element elementor-element-5ebd6b2 elementor-widget elementor-widget-heading\" data-id=\"5ebd6b2\" data-element_type=\"widget\" data-widget_type=\"heading.default\">\n\t\t\t\t<div class=\"elementor-widget-container\">\n\t\t\t\t\t<div class=\"elementor-heading-title elementor-size-default\">Votre partenaire id\u00e9al<\/div>\t\t\t\t<\/div>\n\t\t\t\t<\/div>\n\t\t\t\t<\/div>\n\t\t<div class=\"elementor-element elementor-element-8778fe8 e-con-full e-flex e-con e-child\" data-id=\"8778fe8\" data-element_type=\"container\">\n\t\t\t\t<div class=\"elementor-element elementor-element-c00a063 elementor-widget elementor-widget-image\" data-id=\"c00a063\" data-element_type=\"widget\" data-widget_type=\"image.default\">\n\t\t\t\t<div class=\"elementor-widget-container\">\n\t\t\t\t\t\t\t\t\t\t\t\t\t\t\t\t<a href=\"https:\/\/bicibaci.com\/prodotto\/scooter-categoria-b1\/\" target=\"_blank\">\n\t\t\t\t\t\t\t<img loading=\"lazy\" decoding=\"async\" width=\"600\" height=\"471\" src=\"https:\/\/www.spaziomuseovespa.com\/wp-content\/uploads\/scooter_cat_b1.jpg\" class=\"attachment-medium_large size-medium_large wp-image-562\" alt=\"\" srcset=\"https:\/\/www.spaziomuseovespa.com\/wp-content\/uploads\/scooter_cat_b1.jpg 600w, https:\/\/www.spaziomuseovespa.com\/wp-content\/uploads\/scooter_cat_b1-300x236.jpg 300w\" sizes=\"(max-width: 600px) 100vw, 600px\" \/>\t\t\t\t\t\t\t\t<\/a>\n\t\t\t\t\t\t\t\t\t\t\t\t\t\t\t<\/div>\n\t\t\t\t<\/div>\n\t\t\t\t<\/div>\n\t\t<div class=\"elementor-element elementor-element-b1f717e e-con-full e-flex e-con e-child\" data-id=\"b1f717e\" data-element_type=\"container\">\n\t\t\t\t<div class=\"elementor-element elementor-element-c4d5fb6 elementor-widget elementor-widget-image\" data-id=\"c4d5fb6\" data-element_type=\"widget\" data-widget_type=\"image.default\">\n\t\t\t\t<div class=\"elementor-widget-container\">\n\t\t\t\t\t\t\t\t\t\t\t\t\t\t\t\t<a href=\"https:\/\/bicibaci.com\/prodotto\/scooter-categoria-e\/\" target=\"_blank\">\n\t\t\t\t\t\t\t<img loading=\"lazy\" decoding=\"async\" width=\"600\" height=\"471\" src=\"https:\/\/www.spaziomuseovespa.com\/wp-content\/uploads\/vespa_red_cat_E.jpg\" class=\"attachment-medium_large size-medium_large wp-image-577\" alt=\"\" srcset=\"https:\/\/www.spaziomuseovespa.com\/wp-content\/uploads\/vespa_red_cat_E.jpg 600w, https:\/\/www.spaziomuseovespa.com\/wp-content\/uploads\/vespa_red_cat_E-300x236.jpg 300w\" sizes=\"(max-width: 600px) 100vw, 600px\" \/>\t\t\t\t\t\t\t\t<\/a>\n\t\t\t\t\t\t\t\t\t\t\t\t\t\t\t<\/div>\n\t\t\t\t<\/div>\n\t\t\t\t<\/div>\n\t\t<div class=\"elementor-element elementor-element-6868fe3 e-con-full e-flex e-con e-child\" data-id=\"6868fe3\" data-element_type=\"container\">\n\t\t\t\t<div class=\"elementor-element elementor-element-763973b elementor-widget elementor-widget-image\" data-id=\"763973b\" data-element_type=\"widget\" data-widget_type=\"image.default\">\n\t\t\t\t<div class=\"elementor-widget-container\">\n\t\t\t\t\t\t\t\t\t\t\t\t\t\t\t\t<a href=\"https:\/\/bicibaci.com\/prodotto\/vespa-street-art\/\" target=\"_blank\">\n\t\t\t\t\t\t\t<img loading=\"lazy\" decoding=\"async\" width=\"600\" height=\"471\" src=\"https:\/\/www.spaziomuseovespa.com\/wp-content\/uploads\/vespa-street-art.jpg\" class=\"attachment-medium_large size-medium_large wp-image-572\" alt=\"\" srcset=\"https:\/\/www.spaziomuseovespa.com\/wp-content\/uploads\/vespa-street-art.jpg 600w, https:\/\/www.spaziomuseovespa.com\/wp-content\/uploads\/vespa-street-art-300x236.jpg 300w\" sizes=\"(max-width: 600px) 100vw, 600px\" \/>\t\t\t\t\t\t\t\t<\/a>\n\t\t\t\t\t\t\t\t\t\t\t\t\t\t\t<\/div>\n\t\t\t\t<\/div>\n\t\t\t\t<\/div>\n\t\t<div class=\"elementor-element elementor-element-7c7d8ac e-con-full e-flex e-con e-child\" data-id=\"7c7d8ac\" data-element_type=\"container\">\n\t\t\t\t<div class=\"elementor-element elementor-element-69c1f6c elementor-widget elementor-widget-image\" data-id=\"69c1f6c\" data-element_type=\"widget\" data-widget_type=\"image.default\">\n\t\t\t\t<div class=\"elementor-widget-container\">\n\t\t\t\t\t\t\t\t\t\t\t\t\t\t\t\t<a href=\"https:\/\/bicibaci.com\/prodotto\/scooter-categoria-f\/\" target=\"_blank\">\n\t\t\t\t\t\t\t<img loading=\"lazy\" decoding=\"async\" width=\"600\" height=\"471\" src=\"https:\/\/www.spaziomuseovespa.com\/wp-content\/uploads\/vespa_red_cat_F.jpg\" class=\"attachment-medium_large size-medium_large wp-image-567\" alt=\"\" srcset=\"https:\/\/www.spaziomuseovespa.com\/wp-content\/uploads\/vespa_red_cat_F.jpg 600w, https:\/\/www.spaziomuseovespa.com\/wp-content\/uploads\/vespa_red_cat_F-300x236.jpg 300w\" sizes=\"(max-width: 600px) 100vw, 600px\" \/>\t\t\t\t\t\t\t\t<\/a>\n\t\t\t\t\t\t\t\t\t\t\t\t\t\t\t<\/div>\n\t\t\t\t<\/div>\n\t\t\t\t<\/div>\n\t\t\t\t<\/div>\n\t\t\t\t\t<\/div>\n\t\t\t\t<\/div>\n\t\t\t\t<\/div>\n\t\t\t\t<\/div>\n\t\t\t\t\t\t<\/div>\n\t\t\t\t<\/div>\n\t\t\t\t\t<\/div>\n\t\t\t\t<\/div>\n\t\t\t\t<\/div>\n\t\t","protected":false},"excerpt":{"rendered":"<p>D\u00e9couvrez le charme de Rome avec une visite exclusive du jardin des orangers en Vespa, \u00e0 v\u00e9lo, en scooter ou en tuk tuk. Des vues imprenables et une exp\u00e9rience m\u00e9morable ! Bici Baci votre partenaire id\u00e9al pour d\u00e9couvrir Rome &#8211; Visite et location en Vespa, V\u00e9lo, E-bike, Scooter, Tuk Tuk &#8211; En savoir plus Ce [&hellip;]<\/p>\n","protected":false},"author":1,"featured_media":2750,"parent":3366,"menu_order":0,"comment_status":"closed","ping_status":"closed","template":"","meta":{"footnotes":""},"luogo_monumento":[74],"class_list":["post-3744","page","type-page","status-publish","has-post-thumbnail","hentry","luogo_monumento-roma-colli-e-quartieri-fr"],"yoast_head":"<!-- This site is optimized with the Yoast SEO plugin v26.7 - https:\/\/yoast.com\/wordpress\/plugins\/seo\/ -->\n<title>Giardino degli Aranci - Spazio Museo Vespa | Visites et locations Vespa \u00e0 Rome<\/title>\n<meta name=\"description\" content=\"D\u00e9couvrez Giardino degli Aranci, location ou visite en vespa, v\u00e9lo, scooter, tuk tuk \u00e0 Rome, Bici Baci est votre partenaire id\u00e9al\" \/>\n<meta name=\"robots\" content=\"index, follow, max-snippet:-1, max-image-preview:large, max-video-preview:-1\" \/>\n<link rel=\"canonical\" href=\"https:\/\/www.spaziomuseovespa.com\/fr\/decouvrez-rome-et-ses-monuments\/giardino-degli-aranci\/\" \/>\n<meta property=\"og:locale\" content=\"fr_FR\" \/>\n<meta property=\"og:type\" content=\"article\" \/>\n<meta property=\"og:title\" content=\"Giardino degli Aranci - Spazio Museo Vespa | Visites et locations Vespa \u00e0 Rome\" \/>\n<meta property=\"og:description\" content=\"D\u00e9couvrez Giardino degli Aranci, location ou visite en vespa, v\u00e9lo, scooter, tuk tuk \u00e0 Rome, Bici Baci est votre partenaire id\u00e9al\" \/>\n<meta property=\"og:url\" content=\"https:\/\/www.spaziomuseovespa.com\/fr\/decouvrez-rome-et-ses-monuments\/giardino-degli-aranci\/\" \/>\n<meta property=\"og:site_name\" content=\"Spazio Museo Vespa\" \/>\n<meta property=\"article:modified_time\" content=\"2024-10-25T11:48:18+00:00\" \/>\n<meta property=\"og:image\" content=\"https:\/\/www.spaziomuseovespa.com\/wp-content\/uploads\/giardino-aranci.jpg\" \/>\n\t<meta property=\"og:image:width\" content=\"1920\" \/>\n\t<meta property=\"og:image:height\" content=\"1080\" \/>\n\t<meta property=\"og:image:type\" content=\"image\/jpeg\" \/>\n<meta name=\"twitter:card\" content=\"summary_large_image\" \/>\n<meta name=\"twitter:label1\" content=\"Dur\u00e9e de lecture estim\u00e9e\" \/>\n\t<meta name=\"twitter:data1\" content=\"5 minutes\" \/>\n<script type=\"application\/ld+json\" class=\"yoast-schema-graph\">{\"@context\":\"https:\/\/schema.org\",\"@graph\":[{\"@type\":\"WebPage\",\"@id\":\"https:\/\/www.spaziomuseovespa.com\/fr\/decouvrez-rome-et-ses-monuments\/giardino-degli-aranci\/\",\"url\":\"https:\/\/www.spaziomuseovespa.com\/fr\/decouvrez-rome-et-ses-monuments\/giardino-degli-aranci\/\",\"name\":\"Giardino degli Aranci - Spazio Museo Vespa | Visites et locations Vespa \u00e0 Rome\",\"isPartOf\":{\"@id\":\"https:\/\/www.spaziomuseovespa.com\/fr\/#website\"},\"primaryImageOfPage\":{\"@id\":\"https:\/\/www.spaziomuseovespa.com\/fr\/decouvrez-rome-et-ses-monuments\/giardino-degli-aranci\/#primaryimage\"},\"image\":{\"@id\":\"https:\/\/www.spaziomuseovespa.com\/fr\/decouvrez-rome-et-ses-monuments\/giardino-degli-aranci\/#primaryimage\"},\"thumbnailUrl\":\"https:\/\/www.spaziomuseovespa.com\/wp-content\/uploads\/giardino-aranci.jpg\",\"datePublished\":\"2024-10-11T08:11:10+00:00\",\"dateModified\":\"2024-10-25T11:48:18+00:00\",\"description\":\"D\u00e9couvrez Giardino degli Aranci, location ou visite en vespa, v\u00e9lo, scooter, tuk tuk \u00e0 Rome, Bici Baci est votre partenaire id\u00e9al\",\"breadcrumb\":{\"@id\":\"https:\/\/www.spaziomuseovespa.com\/fr\/decouvrez-rome-et-ses-monuments\/giardino-degli-aranci\/#breadcrumb\"},\"inLanguage\":\"fr-FR\",\"potentialAction\":[{\"@type\":\"ReadAction\",\"target\":[\"https:\/\/www.spaziomuseovespa.com\/fr\/decouvrez-rome-et-ses-monuments\/giardino-degli-aranci\/\"]}]},{\"@type\":\"ImageObject\",\"inLanguage\":\"fr-FR\",\"@id\":\"https:\/\/www.spaziomuseovespa.com\/fr\/decouvrez-rome-et-ses-monuments\/giardino-degli-aranci\/#primaryimage\",\"url\":\"https:\/\/www.spaziomuseovespa.com\/wp-content\/uploads\/giardino-aranci.jpg\",\"contentUrl\":\"https:\/\/www.spaziomuseovespa.com\/wp-content\/uploads\/giardino-aranci.jpg\",\"width\":1920,\"height\":1080,\"caption\":\"Giardino degli Aranci Tour Bike Scooter Vespa Tuk Tuk Rome\"},{\"@type\":\"BreadcrumbList\",\"@id\":\"https:\/\/www.spaziomuseovespa.com\/fr\/decouvrez-rome-et-ses-monuments\/giardino-degli-aranci\/#breadcrumb\",\"itemListElement\":[{\"@type\":\"ListItem\",\"position\":1,\"name\":\"Home\",\"item\":\"https:\/\/www.spaziomuseovespa.com\/fr\/homepage\/\"},{\"@type\":\"ListItem\",\"position\":2,\"name\":\"D\u00e9couvrez Rome et ses monuments\",\"item\":\"https:\/\/www.spaziomuseovespa.com\/fr\/decouvrez-rome-et-ses-monuments\/\"},{\"@type\":\"ListItem\",\"position\":3,\"name\":\"Giardino degli Aranci\"}]},{\"@type\":\"WebSite\",\"@id\":\"https:\/\/www.spaziomuseovespa.com\/fr\/#website\",\"url\":\"https:\/\/www.spaziomuseovespa.com\/fr\/\",\"name\":\"Spazio Museo Vespa\",\"description\":\"\",\"publisher\":{\"@id\":\"https:\/\/www.spaziomuseovespa.com\/fr\/#organization\"},\"potentialAction\":[{\"@type\":\"SearchAction\",\"target\":{\"@type\":\"EntryPoint\",\"urlTemplate\":\"https:\/\/www.spaziomuseovespa.com\/fr\/?s={search_term_string}\"},\"query-input\":{\"@type\":\"PropertyValueSpecification\",\"valueRequired\":true,\"valueName\":\"search_term_string\"}}],\"inLanguage\":\"fr-FR\"},{\"@type\":\"Organization\",\"@id\":\"https:\/\/www.spaziomuseovespa.com\/fr\/#organization\",\"name\":\"Spazio Museo Vespa\",\"url\":\"https:\/\/www.spaziomuseovespa.com\/fr\/\",\"logo\":{\"@type\":\"ImageObject\",\"inLanguage\":\"fr-FR\",\"@id\":\"https:\/\/www.spaziomuseovespa.com\/fr\/#\/schema\/logo\/image\/\",\"url\":\"https:\/\/www.spaziomuseovespa.com\/wp-content\/uploads\/logo.png\",\"contentUrl\":\"https:\/\/www.spaziomuseovespa.com\/wp-content\/uploads\/logo.png\",\"width\":322,\"height\":95,\"caption\":\"Spazio Museo Vespa\"},\"image\":{\"@id\":\"https:\/\/www.spaziomuseovespa.com\/fr\/#\/schema\/logo\/image\/\"}}]}<\/script>\n<!-- \/ Yoast SEO plugin. -->","yoast_head_json":{"title":"Giardino degli Aranci - Spazio Museo Vespa | Visites et locations Vespa \u00e0 Rome","description":"D\u00e9couvrez Giardino degli Aranci, location ou visite en vespa, v\u00e9lo, scooter, tuk tuk \u00e0 Rome, Bici Baci est votre partenaire id\u00e9al","robots":{"index":"index","follow":"follow","max-snippet":"max-snippet:-1","max-image-preview":"max-image-preview:large","max-video-preview":"max-video-preview:-1"},"canonical":"https:\/\/www.spaziomuseovespa.com\/fr\/decouvrez-rome-et-ses-monuments\/giardino-degli-aranci\/","og_locale":"fr_FR","og_type":"article","og_title":"Giardino degli Aranci - Spazio Museo Vespa | Visites et locations Vespa \u00e0 Rome","og_description":"D\u00e9couvrez Giardino degli Aranci, location ou visite en vespa, v\u00e9lo, scooter, tuk tuk \u00e0 Rome, Bici Baci est votre partenaire id\u00e9al","og_url":"https:\/\/www.spaziomuseovespa.com\/fr\/decouvrez-rome-et-ses-monuments\/giardino-degli-aranci\/","og_site_name":"Spazio Museo Vespa","article_modified_time":"2024-10-25T11:48:18+00:00","og_image":[{"width":1920,"height":1080,"url":"https:\/\/www.spaziomuseovespa.com\/wp-content\/uploads\/giardino-aranci.jpg","type":"image\/jpeg"}],"twitter_card":"summary_large_image","twitter_misc":{"Dur\u00e9e de lecture estim\u00e9e":"5 minutes"},"schema":{"@context":"https:\/\/schema.org","@graph":[{"@type":"WebPage","@id":"https:\/\/www.spaziomuseovespa.com\/fr\/decouvrez-rome-et-ses-monuments\/giardino-degli-aranci\/","url":"https:\/\/www.spaziomuseovespa.com\/fr\/decouvrez-rome-et-ses-monuments\/giardino-degli-aranci\/","name":"Giardino degli Aranci - Spazio Museo Vespa | Visites et locations Vespa \u00e0 Rome","isPartOf":{"@id":"https:\/\/www.spaziomuseovespa.com\/fr\/#website"},"primaryImageOfPage":{"@id":"https:\/\/www.spaziomuseovespa.com\/fr\/decouvrez-rome-et-ses-monuments\/giardino-degli-aranci\/#primaryimage"},"image":{"@id":"https:\/\/www.spaziomuseovespa.com\/fr\/decouvrez-rome-et-ses-monuments\/giardino-degli-aranci\/#primaryimage"},"thumbnailUrl":"https:\/\/www.spaziomuseovespa.com\/wp-content\/uploads\/giardino-aranci.jpg","datePublished":"2024-10-11T08:11:10+00:00","dateModified":"2024-10-25T11:48:18+00:00","description":"D\u00e9couvrez Giardino degli Aranci, location ou visite en vespa, v\u00e9lo, scooter, tuk tuk \u00e0 Rome, Bici Baci est votre partenaire id\u00e9al","breadcrumb":{"@id":"https:\/\/www.spaziomuseovespa.com\/fr\/decouvrez-rome-et-ses-monuments\/giardino-degli-aranci\/#breadcrumb"},"inLanguage":"fr-FR","potentialAction":[{"@type":"ReadAction","target":["https:\/\/www.spaziomuseovespa.com\/fr\/decouvrez-rome-et-ses-monuments\/giardino-degli-aranci\/"]}]},{"@type":"ImageObject","inLanguage":"fr-FR","@id":"https:\/\/www.spaziomuseovespa.com\/fr\/decouvrez-rome-et-ses-monuments\/giardino-degli-aranci\/#primaryimage","url":"https:\/\/www.spaziomuseovespa.com\/wp-content\/uploads\/giardino-aranci.jpg","contentUrl":"https:\/\/www.spaziomuseovespa.com\/wp-content\/uploads\/giardino-aranci.jpg","width":1920,"height":1080,"caption":"Giardino degli Aranci Tour Bike Scooter Vespa Tuk Tuk Rome"},{"@type":"BreadcrumbList","@id":"https:\/\/www.spaziomuseovespa.com\/fr\/decouvrez-rome-et-ses-monuments\/giardino-degli-aranci\/#breadcrumb","itemListElement":[{"@type":"ListItem","position":1,"name":"Home","item":"https:\/\/www.spaziomuseovespa.com\/fr\/homepage\/"},{"@type":"ListItem","position":2,"name":"D\u00e9couvrez Rome et ses monuments","item":"https:\/\/www.spaziomuseovespa.com\/fr\/decouvrez-rome-et-ses-monuments\/"},{"@type":"ListItem","position":3,"name":"Giardino degli Aranci"}]},{"@type":"WebSite","@id":"https:\/\/www.spaziomuseovespa.com\/fr\/#website","url":"https:\/\/www.spaziomuseovespa.com\/fr\/","name":"Spazio Museo Vespa","description":"","publisher":{"@id":"https:\/\/www.spaziomuseovespa.com\/fr\/#organization"},"potentialAction":[{"@type":"SearchAction","target":{"@type":"EntryPoint","urlTemplate":"https:\/\/www.spaziomuseovespa.com\/fr\/?s={search_term_string}"},"query-input":{"@type":"PropertyValueSpecification","valueRequired":true,"valueName":"search_term_string"}}],"inLanguage":"fr-FR"},{"@type":"Organization","@id":"https:\/\/www.spaziomuseovespa.com\/fr\/#organization","name":"Spazio Museo Vespa","url":"https:\/\/www.spaziomuseovespa.com\/fr\/","logo":{"@type":"ImageObject","inLanguage":"fr-FR","@id":"https:\/\/www.spaziomuseovespa.com\/fr\/#\/schema\/logo\/image\/","url":"https:\/\/www.spaziomuseovespa.com\/wp-content\/uploads\/logo.png","contentUrl":"https:\/\/www.spaziomuseovespa.com\/wp-content\/uploads\/logo.png","width":322,"height":95,"caption":"Spazio Museo Vespa"},"image":{"@id":"https:\/\/www.spaziomuseovespa.com\/fr\/#\/schema\/logo\/image\/"}}]}},"_links":{"self":[{"href":"https:\/\/www.spaziomuseovespa.com\/fr\/wp-json\/wp\/v2\/pages\/3744","targetHints":{"allow":["GET"]}}],"collection":[{"href":"https:\/\/www.spaziomuseovespa.com\/fr\/wp-json\/wp\/v2\/pages"}],"about":[{"href":"https:\/\/www.spaziomuseovespa.com\/fr\/wp-json\/wp\/v2\/types\/page"}],"author":[{"embeddable":true,"href":"https:\/\/www.spaziomuseovespa.com\/fr\/wp-json\/wp\/v2\/users\/1"}],"replies":[{"embeddable":true,"href":"https:\/\/www.spaziomuseovespa.com\/fr\/wp-json\/wp\/v2\/comments?post=3744"}],"version-history":[{"count":0,"href":"https:\/\/www.spaziomuseovespa.com\/fr\/wp-json\/wp\/v2\/pages\/3744\/revisions"}],"up":[{"embeddable":true,"href":"https:\/\/www.spaziomuseovespa.com\/fr\/wp-json\/wp\/v2\/pages\/3366"}],"wp:featuredmedia":[{"embeddable":true,"href":"https:\/\/www.spaziomuseovespa.com\/fr\/wp-json\/wp\/v2\/media\/2750"}],"wp:attachment":[{"href":"https:\/\/www.spaziomuseovespa.com\/fr\/wp-json\/wp\/v2\/media?parent=3744"}],"wp:term":[{"taxonomy":"luogo_monumento","embeddable":true,"href":"https:\/\/www.spaziomuseovespa.com\/fr\/wp-json\/wp\/v2\/luogo_monumento?post=3744"}],"curies":[{"name":"wp","href":"https:\/\/api.w.org\/{rel}","templated":true}]}}