{"id":4026,"date":"2024-10-10T13:15:10","date_gmt":"2024-10-10T11:15:10","guid":{"rendered":"https:\/\/www.spaziomuseovespa.com\/decouvrez-rome-et-ses-monuments\/terme-di-caracalla\/"},"modified":"2024-10-25T13:48:28","modified_gmt":"2024-10-25T11:48:28","slug":"terme-di-caracalla","status":"publish","type":"page","link":"https:\/\/www.spaziomuseovespa.com\/fr\/decouvrez-rome-et-ses-monuments\/terme-di-caracalla\/","title":{"rendered":"Terme di Caracalla"},"content":{"rendered":"\t\t<div data-elementor-type=\"wp-page\" data-elementor-id=\"4026\" class=\"elementor elementor-4026 elementor-1582\" data-elementor-post-type=\"page\">\n\t\t\t\t<div class=\"elementor-element elementor-element-a2c7424 e-flex e-con-boxed e-con e-parent\" data-id=\"a2c7424\" data-element_type=\"container\" data-settings=\"{&quot;background_background&quot;:&quot;classic&quot;}\">\n\t\t\t\t\t<div class=\"e-con-inner\">\n\t\t\t\t<div class=\"elementor-element elementor-element-495600d elementor-widget elementor-widget-heading\" data-id=\"495600d\" data-element_type=\"widget\" data-widget_type=\"heading.default\">\n\t\t\t\t<div class=\"elementor-widget-container\">\n\t\t\t\t\t<h1 class=\"elementor-heading-title elementor-size-default\">Terme di Caracalla<\/h1>\t\t\t\t<\/div>\n\t\t\t\t<\/div>\n\t\t\t\t\t<\/div>\n\t\t\t\t<\/div>\n\t\t<div class=\"elementor-element elementor-element-fb4dc40 e-flex e-con-boxed e-con e-parent\" data-id=\"fb4dc40\" data-element_type=\"container\">\n\t\t\t\t\t<div class=\"e-con-inner\">\n\t\t\t\t<div class=\"elementor-element elementor-element-e2c4372 elementor-widget elementor-widget-text-editor\" data-id=\"e2c4372\" data-element_type=\"widget\" data-widget_type=\"text-editor.default\">\n\t\t\t\t<div class=\"elementor-widget-container\">\n\t\t\t\t\t\t\t\t\t<p>Explorez Rome d\u2019une mani\u00e8re unique et d\u00e9couvrez les thermes de Caracalla, avec un merveilleux tour \u00e0 v\u00e9lo, vivez une aventure inoubliable au c\u0153ur de Rome sur une Vespa. D\u00e9couvrez Rome de mani\u00e8re \u00e9cologique&nbsp;: participez \u00e0 notre visite en tuk tuk \u00e9lectrique au d\u00e9part de ce bel endroit. <\/p>\n\t\t\t\t\t\t\t\t<\/div>\n\t\t\t\t<\/div>\n\t\t\t\t\t<\/div>\n\t\t\t\t<\/div>\n\t\t<div class=\"elementor-element elementor-element-c43058d e-flex e-con-boxed e-con e-parent\" data-id=\"c43058d\" data-element_type=\"container\">\n\t\t\t\t\t<div class=\"e-con-inner\">\n\t\t\t\t<div class=\"elementor-element elementor-element-7b26ddd elementor-align-center elementor-mobile-align-center elementor-widget elementor-widget-button\" data-id=\"7b26ddd\" data-element_type=\"widget\" data-widget_type=\"button.default\">\n\t\t\t\t<div class=\"elementor-widget-container\">\n\t\t\t\t\t\t\t\t\t<div class=\"elementor-button-wrapper\">\n\t\t\t\t\t<a class=\"elementor-button elementor-button-link elementor-size-sm\" href=\"https:\/\/bicibaci.com\/fr\/\" target=\"_blank\">\n\t\t\t\t\t\t<span class=\"elementor-button-content-wrapper\">\n\t\t\t\t\t\t\t\t\t<span class=\"elementor-button-text\">Bici Baci votre partenaire id\u00e9al pour d\u00e9couvrir Rome - Visite et location en Vespa, V\u00e9lo, E-bike, Scooter, Tuk Tuk - En savoir plus  <\/span>\n\t\t\t\t\t<\/span>\n\t\t\t\t\t<\/a>\n\t\t\t\t<\/div>\n\t\t\t\t\t\t\t\t<\/div>\n\t\t\t\t<\/div>\n\t\t\t\t\t<\/div>\n\t\t\t\t<\/div>\n\t\t<div class=\"elementor-element elementor-element-c1f16f6 e-flex e-con-boxed e-con e-parent\" data-id=\"c1f16f6\" data-element_type=\"container\">\n\t\t\t\t\t<div class=\"e-con-inner\">\n\t\t\t\t<div class=\"elementor-element elementor-element-bd6e412 elementor-widget elementor-widget-image\" data-id=\"bd6e412\" data-element_type=\"widget\" data-widget_type=\"image.default\">\n\t\t\t\t<div class=\"elementor-widget-container\">\n\t\t\t\t\t\t\t\t\t\t\t\t<figure class=\"wp-caption\">\n\t\t\t\t\t\t\t\t\t\t\t<a href=\"https:\/\/www.spaziomuseovespa.com\/wp-content\/uploads\/terme-di-caracalla-0.jpg\" data-elementor-open-lightbox=\"yes\" data-e-action-hash=\"#elementor-action%3Aaction%3Dlightbox%26settings%3DeyJpZCI6NDg2NCwidXJsIjoiaHR0cHM6XC9cL3d3dy5zcGF6aW9tdXNlb3Zlc3BhLmNvbVwvd3AtY29udGVudFwvdXBsb2Fkc1wvdGVybWUtZGktY2FyYWNhbGxhLTAuanBnIn0%3D\">\n\t\t\t\t\t\t\t<img fetchpriority=\"high\" decoding=\"async\" width=\"1920\" height=\"1080\" src=\"https:\/\/www.spaziomuseovespa.com\/wp-content\/uploads\/terme-di-caracalla-0.jpg\" class=\"attachment-full size-full wp-image-4864\" alt=\"Terme di Caracalla\" srcset=\"https:\/\/www.spaziomuseovespa.com\/wp-content\/uploads\/terme-di-caracalla-0.jpg 1920w, https:\/\/www.spaziomuseovespa.com\/wp-content\/uploads\/terme-di-caracalla-0-300x169.jpg 300w, https:\/\/www.spaziomuseovespa.com\/wp-content\/uploads\/terme-di-caracalla-0-1024x576.jpg 1024w, https:\/\/www.spaziomuseovespa.com\/wp-content\/uploads\/terme-di-caracalla-0-768x432.jpg 768w, https:\/\/www.spaziomuseovespa.com\/wp-content\/uploads\/terme-di-caracalla-0-1536x864.jpg 1536w\" sizes=\"(max-width: 1920px) 100vw, 1920px\" \/>\t\t\t\t\t\t\t\t<\/a>\n\t\t\t\t\t\t\t\t\t\t\t<figcaption class=\"widget-image-caption wp-caption-text\"><\/figcaption>\n\t\t\t\t\t\t\t\t\t\t<\/figure>\n\t\t\t\t\t\t\t\t\t<\/div>\n\t\t\t\t<\/div>\n\t\t\t\t\t<\/div>\n\t\t\t\t<\/div>\n\t\t<div class=\"elementor-element elementor-element-c10a9b9 e-flex e-con-boxed e-con e-parent\" data-id=\"c10a9b9\" data-element_type=\"container\">\n\t\t\t\t\t<div class=\"e-con-inner\">\n\t\t\t\t<div class=\"elementor-element elementor-element-1e06551 elementor-widget elementor-widget-heading\" data-id=\"1e06551\" data-element_type=\"widget\" data-widget_type=\"heading.default\">\n\t\t\t\t<div class=\"elementor-widget-container\">\n\t\t\t\t\t<h2 class=\"elementor-heading-title elementor-size-default\">Ce qu\u2019il faut savoir sur les thermes de Caracalla<\/h2>\t\t\t\t<\/div>\n\t\t\t\t<\/div>\n\t\t\t\t<div class=\"elementor-element elementor-element-e7f071c elementor-widget elementor-widget-text-editor\" data-id=\"e7f071c\" data-element_type=\"widget\" data-widget_type=\"text-editor.default\">\n\t\t\t\t<div class=\"elementor-widget-container\">\n\t\t\t\t\t\t\t\t\t<p>Les thermes de Caracalla, ou thermes de Caracalla, sont l\u2019un des complexes thermaux les plus impressionnants de la Rome antique, situ\u00e9 dans la capitale italienne. Voici quelques points cl\u00e9s sur les thermes de Caracalla : <\/p>\n<p><strong>Architecture et design<\/strong> : Construits entre 212 et 216 apr\u00e8s JC sous le r\u00e8gne de l\u2019empereur Caracalla, ces thermes occupaient une superficie d\u2019environ 13 hectares et pouvaient accueillir des milliers de visiteurs. Le complexe comprenait de grandes piscines, des bains chauds et froids (caldarium et frigidarium) et un certain nombre d\u2019installations pour l\u2019exercice et la d\u00e9tente. <\/p>\n<p><strong>D\u00e9coration<\/strong> : Les thermes \u00e9taient c\u00e9l\u00e8bres pour leurs superbes mosa\u00efques, sculptures et \u00e9l\u00e9ments architecturaux. De nombreux chefs-d\u2019\u0153uvre originaux peuvent encore \u00eatre admir\u00e9s aujourd\u2019hui dans divers mus\u00e9es. Mosa\u00efques : Les sols \u00e9taient d\u00e9cor\u00e9s de repr\u00e9sentations complexes de sc\u00e8nes mythologiques et de la vie quotidienne. Certaines mosa\u00efques repr\u00e9sentaient des animaux et des figures mythologiques, d\u00e9montrant l\u2019habilet\u00e9 artistique des artisans romains. Sculptures : Le complexe abritait \u00e9galement de nombreuses statues, dont beaucoup repr\u00e9sentaient des dieux, des h\u00e9ros et des personnages historiques, dont certaines sont aujourd\u2019hui conserv\u00e9es dans des mus\u00e9es.    <\/p>\n<p><strong>Ing\u00e9nierie innovante<\/strong>&nbsp;: Les bains ont \u00e9t\u00e9 \u00e9quip\u00e9s de syst\u00e8mes de chauffage sophistiqu\u00e9s (hypocauste) qui faisaient circuler l\u2019air chaud sous les sols et \u00e0 l\u2019int\u00e9rieur des murs, assurant un environnement de baignade confortable.<\/p>\n<p><strong>Importance culturelle<\/strong> : En plus de la baignade, les thermes de Caracalla servaient de centre social o\u00f9 les gens pouvaient se rassembler, socialiser et participer \u00e0 des activit\u00e9s r\u00e9cr\u00e9atives, refl\u00e9tant l\u2019importance des thermes dans la culture romaine.<\/p>\n<p><strong>D\u00e9clin et pr\u00e9servation<\/strong> : Les thermes sont tomb\u00e9s en d\u00e9su\u00e9tude apr\u00e8s le d\u00e9clin de l\u2019Empire romain, mais sont rest\u00e9s un objet de fascination. Aujourd\u2019hui, ils constituent un site arch\u00e9ologique important et attirent de nombreux visiteurs int\u00e9ress\u00e9s par l\u2019histoire de la Rome antique. La visite des thermes de Caracalla offre une occasion unique d\u2019explorer la grandeur de l\u2019ing\u00e9nierie romaine et les coutumes sociales de la Rome antique.  <\/p>\n<p><strong>Structure et fonctionnalit\u00e9<\/strong><\/p>\n<p><strong>Zones principales<\/strong>&nbsp;: Le complexe a \u00e9t\u00e9 divis\u00e9 en plusieurs sections, notamment&nbsp;:<\/p>\n<p><strong>Gymnase<\/strong>&nbsp;: Zones d\u2019exercice, avec des espaces ouverts et couverts.<\/p>\n<p><strong>Bains<\/strong> : Ils comprenaient le caldarium (bain chaud), le tepidarium (bain chaud) et le frigidarium (bain froid).<\/p>\n<p><strong>Biblioth\u00e8que et salles de lecture<\/strong> : Lieux o\u00f9 les visiteurs pouvaient se d\u00e9tendre et lire.<\/p>\n<p><strong>Technologie et innovations<\/strong><\/p>\n<p><strong>Syst\u00e8mes hydrauliques<\/strong> : Les thermes de Caracalla \u00e9taient aliment\u00e9s par un syst\u00e8me sophistiqu\u00e9 d\u2019aqueducs qui apportaient de l\u2019eau douce, \u00e9galement en utilisant un syst\u00e8me de collecte des eaux us\u00e9es.<\/p>\n<p><strong>Chauffage<\/strong>&nbsp;: Le syst\u00e8me d\u2019hypocauste a non seulement chauff\u00e9 l\u2019eau, mais aussi l\u2019air dans les chambres, cr\u00e9ant un environnement confortable et confortable pour les baigneurs.<\/p>\n<p><strong>Utilisation dans la soci\u00e9t\u00e9 romaine<\/strong><\/p>\n<p><strong>Rituels sociaux<\/strong> : Les spas n\u2019\u00e9taient pas seulement un endroit pour se laver, mais aussi pour socialiser. De nombreux Romains y passaient des heures, rencontrant des amis et discutant d\u2019affaires ou de politique. <\/p>\n<p><strong>Activit\u00e9s culturelles<\/strong> : En plus de la baignade, il \u00e9tait courant d\u2019assister \u00e0 des conf\u00e9rences, des d\u00e9bats et m\u00eame des repr\u00e9sentations th\u00e9\u00e2trales \u00e0 l\u2019int\u00e9rieur des thermes.<\/p>\n<p><strong>Site arch\u00e9ologique et red\u00e9couverte<\/strong><\/p>\n<p><strong>Fouilles et restauration : Les thermes<\/strong> de Caracalla ont \u00e9t\u00e9 red\u00e9couverts \u00e0 la Renaissance et au XIXe si\u00e8cle, avec des efforts de restauration qui ont permis de pr\u00e9server et de mettre en valeur le site.<\/p>\n<p><strong>\u00c9v\u00e9nements modernes<\/strong>&nbsp;: Aujourd\u2019hui, les thermes de Caracalla accueillent des \u00e9v\u00e9nements culturels, tels que des concerts et des op\u00e9ras, en profitant de la merveilleuse acoustique et de la beaut\u00e9 du lieu.<\/p>\n\t\t\t\t\t\t\t\t<\/div>\n\t\t\t\t<\/div>\n\t\t\t\t\t<\/div>\n\t\t\t\t<\/div>\n\t\t<div class=\"elementor-element elementor-element-de6f7f4 e-flex e-con-boxed e-con e-parent\" data-id=\"de6f7f4\" data-element_type=\"container\">\n\t\t\t\t\t<div class=\"e-con-inner\">\n\t\t\t\t\t<\/div>\n\t\t\t\t<\/div>\n\t\t<div class=\"elementor-element elementor-element-f0bc0b9 e-flex e-con-boxed e-con e-parent\" data-id=\"f0bc0b9\" data-element_type=\"container\">\n\t\t\t\t\t<div class=\"e-con-inner\">\n\t\t\t\t<div class=\"elementor-element elementor-element-29190b6 elementor-widget elementor-widget-heading\" data-id=\"29190b6\" data-element_type=\"widget\" data-widget_type=\"heading.default\">\n\t\t\t\t<div class=\"elementor-widget-container\">\n\t\t\t\t\t<h2 class=\"elementor-heading-title elementor-size-default\">Curiosit\u00e9<\/h2>\t\t\t\t<\/div>\n\t\t\t\t<\/div>\n\t\t\t\t<div class=\"elementor-element elementor-element-7da5c7b elementor-widget elementor-widget-text-editor\" data-id=\"7da5c7b\" data-element_type=\"widget\" data-widget_type=\"text-editor.default\">\n\t\t\t\t<div class=\"elementor-widget-container\">\n\t\t\t\t\t\t\t\t\t<p><strong>Dimensions impressionnantes : <\/strong>Les thermes de Caracalla \u00e9taient immenses, couvrant une superficie d\u2019environ 13 hectares, ce qui en faisait l\u2019une des plus grandes installations thermales de la Rome antique. On estime qu\u2019ils pourraient accueillir jusqu\u2019\u00e0 1 600 baigneurs en m\u00eame temps. <\/p>\n<p><strong>Une ville dans son ensemble : <\/strong>En plus des bains, le complexe comprenait \u00e9galement des jardins, des gymnases, des biblioth\u00e8ques et des salles de lecture, cr\u00e9ant ainsi un v\u00e9ritable centre culturel et social.<\/p>\n<p><strong>Co\u00fbts de construction : <\/strong>La construction des thermes de Caracalla a co\u00fbt\u00e9 une \u00e9norme somme d\u2019argent pour l\u2019\u00e9poque : on estime que le co\u00fbt \u00e9tait d\u2019environ 2 millions de sesterces, un chiffre consid\u00e9rable qui d\u00e9montre l\u2019engagement de l\u2019empereur.<\/p>\n<p><strong>Eau chaude: <\/strong>Les thermes utilisaient un syst\u00e8me de chauffage innovant qui utilisait l\u2019eau chaude de l\u2019aqueduc Acqua Marcia. L\u2019eau chaude \u00e9tait chauff\u00e9e par le syst\u00e8me d\u2019hypocauste, qui utilisait des fum\u00e9es et de la chaleur pour chauffer les pi\u00e8ces. <\/p>\n<p><strong>Lieu de rendez-vous : <\/strong>Les bains \u00e9taient bien plus que de simples bains : ils \u00e9taient un lieu de rencontre et de socialisation. Les Romains se r\u00e9unissaient pour discuter d\u2019affaires, se faire des amis et m\u00eame participer \u00e0 des d\u00e9bats philosophiques. <\/p>\n<p><strong>Ruines visibles aujourd\u2019hui : <\/strong>Bien que de nombreuses parties des bains aient \u00e9t\u00e9 perdues, les structures principales et certaines d\u00e9corations sont encore visibles. Les ruines offrent un aper\u00e7u fascinant de la grandeur et du design de l\u2019architecture romaine. <\/p>\n<p><strong>Red\u00e9couverte \u00e0 la Renaissance : <\/strong>Apr\u00e8s des si\u00e8cles d\u2019oubli, les thermes de Caracalla ont \u00e9t\u00e9 red\u00e9couverts \u00e0 la Renaissance. Les artistes et les architectes ont \u00e9t\u00e9 inspir\u00e9s par leur grandeur, et certaines de leurs caract\u00e9ristiques ont influenc\u00e9 l\u2019architecture de la Renaissance. <\/p>\n<p><strong>\u00c9v\u00e9nements modernes : <\/strong>Aujourd\u2019hui, les thermes de Caracalla accueillent des \u00e9v\u00e9nements culturels, notamment des concerts et des op\u00e9ras en plein air, en profitant de leur acoustique et de leur sc\u00e9nographie historique. Ces \u00e9v\u00e9nements offrent une exp\u00e9rience unique, m\u00ealant histoire et culture contemporaine. Qui ne se souvient pas de la repr\u00e9sentation du 7 juillet 1990, les <strong>Trois T\u00e9nors<\/strong> Jos\u00e9 Carreras, Pl\u00e1cido Domingo et Luciano Pavarotti se sont produits lors d\u2019un concert extraordinaire aux <strong>Thermes de Caracalla<\/strong>.  <\/p>\n<p><strong>L\u00e9gende de Caracalla : <\/strong>Le nom \u00ab&nbsp;Caracalla&nbsp;\u00bb vient d\u2019un type particulier de manteau que portait l\u2019empereur. On dit que son vrai nom \u00e9tait Marcus Aurelius Antoninus Bassianus, mais le surnom vient de son style vestimentaire. <\/p>\n<p><strong>Rayonnement culturel : <\/strong>Les spas ont influenc\u00e9 les spas modernes et les spas du monde entier, qui continuent de promouvoir le concept de relaxation et de socialisation par le bien-\u00eatre.<\/p>\n\t\t\t\t\t\t\t\t<\/div>\n\t\t\t\t<\/div>\n\t\t\t\t\t<\/div>\n\t\t\t\t<\/div>\n\t\t<div class=\"elementor-element elementor-element-84402f8 riga_tour e-flex e-con-boxed e-con e-parent\" data-id=\"84402f8\" data-element_type=\"container\">\n\t\t\t\t\t<div class=\"e-con-inner\">\n\t\t\t\t<div class=\"elementor-element elementor-element-69f559c elementor-widget elementor-widget-heading\" data-id=\"69f559c\" data-element_type=\"widget\" data-widget_type=\"heading.default\">\n\t\t\t\t<div class=\"elementor-widget-container\">\n\t\t\t\t\t<h2 class=\"elementor-heading-title elementor-size-default\">Choisissez votre tour en Vespa pr\u00e9f\u00e9r\u00e9 pour visiter Rome<\/h2>\t\t\t\t<\/div>\n\t\t\t\t<\/div>\n\t\t\t\t<div class=\"elementor-element elementor-element-ee7aae0 elementor-widget elementor-widget-template\" data-id=\"ee7aae0\" data-element_type=\"widget\" data-widget_type=\"template.default\">\n\t\t\t\t<div class=\"elementor-widget-container\">\n\t\t\t\t\t\t\t<div class=\"elementor-template\">\n\t\t\t\t\t<div data-elementor-type=\"section\" data-elementor-id=\"1966\" class=\"elementor elementor-1966 elementor-1687\" data-elementor-post-type=\"elementor_library\">\n\t\t\t<div class=\"elementor-element elementor-element-1497235 riga_tour e-flex e-con-boxed e-con e-parent\" data-id=\"1497235\" data-element_type=\"container\">\n\t\t\t\t\t<div class=\"e-con-inner\">\n\t\t<div class=\"elementor-element elementor-element-586e2e8 e-con-full e-flex e-con e-child\" data-id=\"586e2e8\" data-element_type=\"container\">\n\t\t<div class=\"elementor-element elementor-element-6b49b07 e-con-full e-flex e-con e-child\" data-id=\"6b49b07\" data-element_type=\"container\">\n\t\t\t\t<div class=\"elementor-element elementor-element-fc87d99 elementor-widget elementor-widget-image\" data-id=\"fc87d99\" data-element_type=\"widget\" data-widget_type=\"image.default\">\n\t\t\t\t<div class=\"elementor-widget-container\">\n\t\t\t\t\t\t\t\t\t\t\t\t<figure class=\"wp-caption\">\n\t\t\t\t\t\t\t\t\t\t\t<a href=\"https:\/\/www.spaziomuseovespa.com\/vespa-tour-grand-tour-di-roma\/\">\n\t\t\t\t\t\t\t<img decoding=\"async\" width=\"600\" height=\"469\" src=\"https:\/\/www.spaziomuseovespa.com\/wp-content\/uploads\/gran_tour_roma.jpg\" class=\"attachment-medium_large size-medium_large wp-image-442\" alt=\"\" srcset=\"https:\/\/www.spaziomuseovespa.com\/wp-content\/uploads\/gran_tour_roma.jpg 600w, https:\/\/www.spaziomuseovespa.com\/wp-content\/uploads\/gran_tour_roma-300x235.jpg 300w\" sizes=\"(max-width: 600px) 100vw, 600px\" \/>\t\t\t\t\t\t\t\t<\/a>\n\t\t\t\t\t\t\t\t\t\t\t<figcaption class=\"widget-image-caption wp-caption-text\">Vespa tour<br>Grand tour de Rome<\/figcaption>\n\t\t\t\t\t\t\t\t\t\t<\/figure>\n\t\t\t\t\t\t\t\t\t<\/div>\n\t\t\t\t<\/div>\n\t\t\t\t<\/div>\n\t\t<div class=\"elementor-element elementor-element-daa5749 e-con-full e-flex e-con e-child\" data-id=\"daa5749\" data-element_type=\"container\">\n\t\t\t\t<div class=\"elementor-element elementor-element-11cf106 elementor-widget elementor-widget-image\" data-id=\"11cf106\" data-element_type=\"widget\" data-widget_type=\"image.default\">\n\t\t\t\t<div class=\"elementor-widget-container\">\n\t\t\t\t\t\t\t\t\t\t\t\t<figure class=\"wp-caption\">\n\t\t\t\t\t\t\t\t\t\t\t<a href=\"https:\/\/www.spaziomuseovespa.com\/vespa-tour-rome-movie-sets\/\">\n\t\t\t\t\t\t\t<img decoding=\"async\" width=\"600\" height=\"469\" src=\"https:\/\/www.spaziomuseovespa.com\/wp-content\/uploads\/tour_rome_movie_set.jpg\" class=\"attachment-medium_large size-medium_large wp-image-427\" alt=\"\" srcset=\"https:\/\/www.spaziomuseovespa.com\/wp-content\/uploads\/tour_rome_movie_set.jpg 600w, https:\/\/www.spaziomuseovespa.com\/wp-content\/uploads\/tour_rome_movie_set-300x235.jpg 300w\" sizes=\"(max-width: 600px) 100vw, 600px\" \/>\t\t\t\t\t\t\t\t<\/a>\n\t\t\t\t\t\t\t\t\t\t\t<figcaption class=\"widget-image-caption wp-caption-text\">Vespa tour<br>Rome Movie Set<\/figcaption>\n\t\t\t\t\t\t\t\t\t\t<\/figure>\n\t\t\t\t\t\t\t\t\t<\/div>\n\t\t\t\t<\/div>\n\t\t\t\t<\/div>\n\t\t<div class=\"elementor-element elementor-element-912acab e-con-full e-flex e-con e-child\" data-id=\"912acab\" data-element_type=\"container\">\n\t\t\t\t<div class=\"elementor-element elementor-element-0846c51 elementor-widget elementor-widget-image\" data-id=\"0846c51\" data-element_type=\"widget\" data-widget_type=\"image.default\">\n\t\t\t\t<div class=\"elementor-widget-container\">\n\t\t\t\t\t\t\t\t\t\t\t\t<figure class=\"wp-caption\">\n\t\t\t\t\t\t\t\t\t\t\t<a href=\"https:\/\/www.spaziomuseovespa.com\/vespa-tour-castelli-romani\/\">\n\t\t\t\t\t\t\t<img loading=\"lazy\" decoding=\"async\" width=\"600\" height=\"469\" src=\"https:\/\/www.spaziomuseovespa.com\/wp-content\/uploads\/Il-Tour-dei-Castelli-Romani.jpg\" class=\"attachment-medium_large size-medium_large wp-image-437\" alt=\"\" srcset=\"https:\/\/www.spaziomuseovespa.com\/wp-content\/uploads\/Il-Tour-dei-Castelli-Romani.jpg 600w, https:\/\/www.spaziomuseovespa.com\/wp-content\/uploads\/Il-Tour-dei-Castelli-Romani-300x235.jpg 300w\" sizes=\"(max-width: 600px) 100vw, 600px\" \/>\t\t\t\t\t\t\t\t<\/a>\n\t\t\t\t\t\t\t\t\t\t\t<figcaption class=\"widget-image-caption wp-caption-text\">Vespa tour<br>Castelli Romani<\/figcaption>\n\t\t\t\t\t\t\t\t\t\t<\/figure>\n\t\t\t\t\t\t\t\t\t<\/div>\n\t\t\t\t<\/div>\n\t\t\t\t<\/div>\n\t\t<div class=\"elementor-element elementor-element-4853cba e-con-full e-flex e-con e-child\" data-id=\"4853cba\" data-element_type=\"container\">\n\t\t\t\t<div class=\"elementor-element elementor-element-4f272a1 elementor-widget elementor-widget-image\" data-id=\"4f272a1\" data-element_type=\"widget\" data-widget_type=\"image.default\">\n\t\t\t\t<div class=\"elementor-widget-container\">\n\t\t\t\t\t\t\t\t\t\t\t\t<figure class=\"wp-caption\">\n\t\t\t\t\t\t\t\t\t\t\t<a href=\"https:\/\/www.spaziomuseovespa.com\/vespa-tour-roma-moderna-e-ostia-antica\/\">\n\t\t\t\t\t\t\t<img loading=\"lazy\" decoding=\"async\" width=\"600\" height=\"469\" src=\"https:\/\/www.spaziomuseovespa.com\/wp-content\/uploads\/Vespa-Tour-Roma-moderna-e-Ostia-Antica.jpg\" class=\"attachment-medium_large size-medium_large wp-image-432\" alt=\"\" srcset=\"https:\/\/www.spaziomuseovespa.com\/wp-content\/uploads\/Vespa-Tour-Roma-moderna-e-Ostia-Antica.jpg 600w, https:\/\/www.spaziomuseovespa.com\/wp-content\/uploads\/Vespa-Tour-Roma-moderna-e-Ostia-Antica-300x235.jpg 300w\" sizes=\"(max-width: 600px) 100vw, 600px\" \/>\t\t\t\t\t\t\t\t<\/a>\n\t\t\t\t\t\t\t\t\t\t\t<figcaption class=\"widget-image-caption wp-caption-text\">Vespa tour<br>Roma Moderna e Ostia Antica<\/figcaption>\n\t\t\t\t\t\t\t\t\t\t<\/figure>\n\t\t\t\t\t\t\t\t\t<\/div>\n\t\t\t\t<\/div>\n\t\t\t\t<\/div>\n\t\t\t\t<\/div>\n\t\t\t\t\t<\/div>\n\t\t\t\t<\/div>\n\t\t\t\t<\/div>\n\t\t\t\t<\/div>\n\t\t\t\t\t\t<\/div>\n\t\t\t\t<\/div>\n\t\t\t\t\t<\/div>\n\t\t\t\t<\/div>\n\t\t<div class=\"elementor-element elementor-element-33f6ea2 e-flex e-con-boxed e-con e-parent\" data-id=\"33f6ea2\" data-element_type=\"container\">\n\t\t\t\t\t<div class=\"e-con-inner\">\n\t\t\t\t<div class=\"elementor-element elementor-element-240f557 elementor-widget elementor-widget-heading\" data-id=\"240f557\" data-element_type=\"widget\" data-widget_type=\"heading.default\">\n\t\t\t\t<div class=\"elementor-widget-container\">\n\t\t\t\t\t<h2 class=\"elementor-heading-title elementor-size-default\">... et si vous \u00eates un conducteur exp\u00e9riment\u00e9, louez votre Vespa pour d\u00e9couvrir les merveilles de Rome.<\/h2>\t\t\t\t<\/div>\n\t\t\t\t<\/div>\n\t\t\t\t<div class=\"elementor-element elementor-element-aa55ad7 elementor-widget elementor-widget-template\" data-id=\"aa55ad7\" data-element_type=\"widget\" data-widget_type=\"template.default\">\n\t\t\t\t<div class=\"elementor-widget-container\">\n\t\t\t\t\t\t\t<div class=\"elementor-template\">\n\t\t\t\t\t<div data-elementor-type=\"section\" data-elementor-id=\"1964\" class=\"elementor elementor-1964 elementor-1698\" data-elementor-post-type=\"elementor_library\">\n\t\t\t<div class=\"elementor-element elementor-element-ab87375 e-flex e-con-boxed e-con e-parent\" data-id=\"ab87375\" data-element_type=\"container\">\n\t\t\t\t\t<div class=\"e-con-inner\">\n\t\t<div class=\"elementor-element elementor-element-6eef2e6 e-con-full e-flex e-con e-child\" data-id=\"6eef2e6\" data-element_type=\"container\">\n\t\t<div class=\"elementor-element elementor-element-341e335 e-con-full e-flex e-con e-child\" data-id=\"341e335\" data-element_type=\"container\">\n\t\t\t\t<div class=\"elementor-element elementor-element-56b5421 elementor-widget elementor-widget-image\" data-id=\"56b5421\" data-element_type=\"widget\" data-widget_type=\"image.default\">\n\t\t\t\t<div class=\"elementor-widget-container\">\n\t\t\t\t\t\t\t\t\t\t\t\t\t\t\t\t<a href=\"https:\/\/bicibaci.com\/fr\/\" target=\"_blank\">\n\t\t\t\t\t\t\t<img loading=\"lazy\" decoding=\"async\" width=\"200\" height=\"49\" src=\"https:\/\/www.spaziomuseovespa.com\/wp-content\/uploads\/bicibaci-logo-2023.webp\" class=\"attachment-medium_large size-medium_large wp-image-582\" alt=\"\" \/>\t\t\t\t\t\t\t\t<\/a>\n\t\t\t\t\t\t\t\t\t\t\t\t\t\t\t<\/div>\n\t\t\t\t<\/div>\n\t\t\t\t<div class=\"elementor-element elementor-element-99c90bf elementor-widget elementor-widget-heading\" data-id=\"99c90bf\" data-element_type=\"widget\" data-widget_type=\"heading.default\">\n\t\t\t\t<div class=\"elementor-widget-container\">\n\t\t\t\t\t<h2 class=\"elementor-heading-title elementor-size-default\"><a href=\"https:\/\/bicibaci.com\/fr\/\" target=\"_blank\">bicibaci.com\/fr\/<\/a><\/h2>\t\t\t\t<\/div>\n\t\t\t\t<\/div>\n\t\t\t\t<div class=\"elementor-element elementor-element-5ebd6b2 elementor-widget elementor-widget-heading\" data-id=\"5ebd6b2\" data-element_type=\"widget\" data-widget_type=\"heading.default\">\n\t\t\t\t<div class=\"elementor-widget-container\">\n\t\t\t\t\t<div class=\"elementor-heading-title elementor-size-default\">Votre partenaire id\u00e9al<\/div>\t\t\t\t<\/div>\n\t\t\t\t<\/div>\n\t\t\t\t<\/div>\n\t\t<div class=\"elementor-element elementor-element-8778fe8 e-con-full e-flex e-con e-child\" data-id=\"8778fe8\" data-element_type=\"container\">\n\t\t\t\t<div class=\"elementor-element elementor-element-c00a063 elementor-widget elementor-widget-image\" data-id=\"c00a063\" data-element_type=\"widget\" data-widget_type=\"image.default\">\n\t\t\t\t<div class=\"elementor-widget-container\">\n\t\t\t\t\t\t\t\t\t\t\t\t\t\t\t\t<a href=\"https:\/\/bicibaci.com\/prodotto\/scooter-categoria-b1\/\" target=\"_blank\">\n\t\t\t\t\t\t\t<img loading=\"lazy\" decoding=\"async\" width=\"600\" height=\"471\" src=\"https:\/\/www.spaziomuseovespa.com\/wp-content\/uploads\/scooter_cat_b1.jpg\" class=\"attachment-medium_large size-medium_large wp-image-562\" alt=\"\" srcset=\"https:\/\/www.spaziomuseovespa.com\/wp-content\/uploads\/scooter_cat_b1.jpg 600w, https:\/\/www.spaziomuseovespa.com\/wp-content\/uploads\/scooter_cat_b1-300x236.jpg 300w\" sizes=\"(max-width: 600px) 100vw, 600px\" \/>\t\t\t\t\t\t\t\t<\/a>\n\t\t\t\t\t\t\t\t\t\t\t\t\t\t\t<\/div>\n\t\t\t\t<\/div>\n\t\t\t\t<\/div>\n\t\t<div class=\"elementor-element elementor-element-b1f717e e-con-full e-flex e-con e-child\" data-id=\"b1f717e\" data-element_type=\"container\">\n\t\t\t\t<div class=\"elementor-element elementor-element-c4d5fb6 elementor-widget elementor-widget-image\" data-id=\"c4d5fb6\" data-element_type=\"widget\" data-widget_type=\"image.default\">\n\t\t\t\t<div class=\"elementor-widget-container\">\n\t\t\t\t\t\t\t\t\t\t\t\t\t\t\t\t<a href=\"https:\/\/bicibaci.com\/prodotto\/scooter-categoria-e\/\" target=\"_blank\">\n\t\t\t\t\t\t\t<img loading=\"lazy\" decoding=\"async\" width=\"600\" height=\"471\" src=\"https:\/\/www.spaziomuseovespa.com\/wp-content\/uploads\/vespa_red_cat_E.jpg\" class=\"attachment-medium_large size-medium_large wp-image-577\" alt=\"\" srcset=\"https:\/\/www.spaziomuseovespa.com\/wp-content\/uploads\/vespa_red_cat_E.jpg 600w, https:\/\/www.spaziomuseovespa.com\/wp-content\/uploads\/vespa_red_cat_E-300x236.jpg 300w\" sizes=\"(max-width: 600px) 100vw, 600px\" \/>\t\t\t\t\t\t\t\t<\/a>\n\t\t\t\t\t\t\t\t\t\t\t\t\t\t\t<\/div>\n\t\t\t\t<\/div>\n\t\t\t\t<\/div>\n\t\t<div class=\"elementor-element elementor-element-6868fe3 e-con-full e-flex e-con e-child\" data-id=\"6868fe3\" data-element_type=\"container\">\n\t\t\t\t<div class=\"elementor-element elementor-element-763973b elementor-widget elementor-widget-image\" data-id=\"763973b\" data-element_type=\"widget\" data-widget_type=\"image.default\">\n\t\t\t\t<div class=\"elementor-widget-container\">\n\t\t\t\t\t\t\t\t\t\t\t\t\t\t\t\t<a href=\"https:\/\/bicibaci.com\/prodotto\/vespa-street-art\/\" target=\"_blank\">\n\t\t\t\t\t\t\t<img loading=\"lazy\" decoding=\"async\" width=\"600\" height=\"471\" src=\"https:\/\/www.spaziomuseovespa.com\/wp-content\/uploads\/vespa-street-art.jpg\" class=\"attachment-medium_large size-medium_large wp-image-572\" alt=\"\" srcset=\"https:\/\/www.spaziomuseovespa.com\/wp-content\/uploads\/vespa-street-art.jpg 600w, https:\/\/www.spaziomuseovespa.com\/wp-content\/uploads\/vespa-street-art-300x236.jpg 300w\" sizes=\"(max-width: 600px) 100vw, 600px\" \/>\t\t\t\t\t\t\t\t<\/a>\n\t\t\t\t\t\t\t\t\t\t\t\t\t\t\t<\/div>\n\t\t\t\t<\/div>\n\t\t\t\t<\/div>\n\t\t<div class=\"elementor-element elementor-element-7c7d8ac e-con-full e-flex e-con e-child\" data-id=\"7c7d8ac\" data-element_type=\"container\">\n\t\t\t\t<div class=\"elementor-element elementor-element-69c1f6c elementor-widget elementor-widget-image\" data-id=\"69c1f6c\" data-element_type=\"widget\" data-widget_type=\"image.default\">\n\t\t\t\t<div class=\"elementor-widget-container\">\n\t\t\t\t\t\t\t\t\t\t\t\t\t\t\t\t<a href=\"https:\/\/bicibaci.com\/prodotto\/scooter-categoria-f\/\" target=\"_blank\">\n\t\t\t\t\t\t\t<img loading=\"lazy\" decoding=\"async\" width=\"600\" height=\"471\" src=\"https:\/\/www.spaziomuseovespa.com\/wp-content\/uploads\/vespa_red_cat_F.jpg\" class=\"attachment-medium_large size-medium_large wp-image-567\" alt=\"\" srcset=\"https:\/\/www.spaziomuseovespa.com\/wp-content\/uploads\/vespa_red_cat_F.jpg 600w, https:\/\/www.spaziomuseovespa.com\/wp-content\/uploads\/vespa_red_cat_F-300x236.jpg 300w\" sizes=\"(max-width: 600px) 100vw, 600px\" \/>\t\t\t\t\t\t\t\t<\/a>\n\t\t\t\t\t\t\t\t\t\t\t\t\t\t\t<\/div>\n\t\t\t\t<\/div>\n\t\t\t\t<\/div>\n\t\t\t\t<\/div>\n\t\t\t\t\t<\/div>\n\t\t\t\t<\/div>\n\t\t\t\t<\/div>\n\t\t\t\t<\/div>\n\t\t\t\t\t\t<\/div>\n\t\t\t\t<\/div>\n\t\t\t\t\t<\/div>\n\t\t\t\t<\/div>\n\t\t\t\t<\/div>\n\t\t","protected":false},"excerpt":{"rendered":"<p>Explorez Rome d\u2019une mani\u00e8re unique et d\u00e9couvrez les thermes de Caracalla, avec un merveilleux tour \u00e0 v\u00e9lo, vivez une aventure inoubliable au c\u0153ur de Rome sur une Vespa. D\u00e9couvrez Rome de mani\u00e8re \u00e9cologique&nbsp;: participez \u00e0 notre visite en tuk tuk \u00e9lectrique au d\u00e9part de ce bel endroit. Bici Baci votre partenaire id\u00e9al pour d\u00e9couvrir Rome [&hellip;]<\/p>\n","protected":false},"author":1,"featured_media":4864,"parent":3366,"menu_order":0,"comment_status":"closed","ping_status":"closed","template":"","meta":{"footnotes":""},"luogo_monumento":[51],"class_list":["post-4026","page","type-page","status-publish","has-post-thumbnail","hentry","luogo_monumento-roma-antica-fr"],"yoast_head":"<!-- This site is optimized with the Yoast SEO plugin v26.7 - https:\/\/yoast.com\/wordpress\/plugins\/seo\/ -->\n<title>Terme di Caracalla - Spazio Museo Vespa | Visites et locations Vespa \u00e0 Rome<\/title>\n<meta name=\"description\" content=\"D\u00e9couvrez Terme di Caracalla, location ou visite en vespa, v\u00e9lo, scooter, tuk tuk \u00e0 Rome, Bici Baci est votre partenaire id\u00e9al\" \/>\n<meta name=\"robots\" content=\"index, follow, max-snippet:-1, max-image-preview:large, max-video-preview:-1\" \/>\n<link rel=\"canonical\" href=\"https:\/\/www.spaziomuseovespa.com\/fr\/decouvrez-rome-et-ses-monuments\/terme-di-caracalla\/\" \/>\n<meta property=\"og:locale\" content=\"fr_FR\" \/>\n<meta property=\"og:type\" content=\"article\" \/>\n<meta property=\"og:title\" content=\"Terme di Caracalla - Spazio Museo Vespa | Visites et locations Vespa \u00e0 Rome\" \/>\n<meta property=\"og:description\" content=\"D\u00e9couvrez Terme di Caracalla, location ou visite en vespa, v\u00e9lo, scooter, tuk tuk \u00e0 Rome, Bici Baci est votre partenaire id\u00e9al\" \/>\n<meta property=\"og:url\" content=\"https:\/\/www.spaziomuseovespa.com\/fr\/decouvrez-rome-et-ses-monuments\/terme-di-caracalla\/\" \/>\n<meta property=\"og:site_name\" content=\"Spazio Museo Vespa\" \/>\n<meta property=\"article:modified_time\" content=\"2024-10-25T11:48:28+00:00\" \/>\n<meta property=\"og:image\" content=\"https:\/\/www.spaziomuseovespa.com\/wp-content\/uploads\/terme-di-caracalla-0.jpg\" \/>\n\t<meta property=\"og:image:width\" content=\"1920\" \/>\n\t<meta property=\"og:image:height\" content=\"1080\" \/>\n\t<meta property=\"og:image:type\" content=\"image\/jpeg\" \/>\n<meta name=\"twitter:card\" content=\"summary_large_image\" \/>\n<meta name=\"twitter:label1\" content=\"Dur\u00e9e de lecture estim\u00e9e\" \/>\n\t<meta name=\"twitter:data1\" content=\"6 minutes\" \/>\n<script type=\"application\/ld+json\" class=\"yoast-schema-graph\">{\"@context\":\"https:\/\/schema.org\",\"@graph\":[{\"@type\":\"WebPage\",\"@id\":\"https:\/\/www.spaziomuseovespa.com\/fr\/decouvrez-rome-et-ses-monuments\/terme-di-caracalla\/\",\"url\":\"https:\/\/www.spaziomuseovespa.com\/fr\/decouvrez-rome-et-ses-monuments\/terme-di-caracalla\/\",\"name\":\"Terme di Caracalla - Spazio Museo Vespa | Visites et locations Vespa \u00e0 Rome\",\"isPartOf\":{\"@id\":\"https:\/\/www.spaziomuseovespa.com\/fr\/#website\"},\"primaryImageOfPage\":{\"@id\":\"https:\/\/www.spaziomuseovespa.com\/fr\/decouvrez-rome-et-ses-monuments\/terme-di-caracalla\/#primaryimage\"},\"image\":{\"@id\":\"https:\/\/www.spaziomuseovespa.com\/fr\/decouvrez-rome-et-ses-monuments\/terme-di-caracalla\/#primaryimage\"},\"thumbnailUrl\":\"https:\/\/www.spaziomuseovespa.com\/wp-content\/uploads\/terme-di-caracalla-0.jpg\",\"datePublished\":\"2024-10-10T11:15:10+00:00\",\"dateModified\":\"2024-10-25T11:48:28+00:00\",\"description\":\"D\u00e9couvrez Terme di Caracalla, location ou visite en vespa, v\u00e9lo, scooter, tuk tuk \u00e0 Rome, Bici Baci est votre partenaire id\u00e9al\",\"breadcrumb\":{\"@id\":\"https:\/\/www.spaziomuseovespa.com\/fr\/decouvrez-rome-et-ses-monuments\/terme-di-caracalla\/#breadcrumb\"},\"inLanguage\":\"fr-FR\",\"potentialAction\":[{\"@type\":\"ReadAction\",\"target\":[\"https:\/\/www.spaziomuseovespa.com\/fr\/decouvrez-rome-et-ses-monuments\/terme-di-caracalla\/\"]}]},{\"@type\":\"ImageObject\",\"inLanguage\":\"fr-FR\",\"@id\":\"https:\/\/www.spaziomuseovespa.com\/fr\/decouvrez-rome-et-ses-monuments\/terme-di-caracalla\/#primaryimage\",\"url\":\"https:\/\/www.spaziomuseovespa.com\/wp-content\/uploads\/terme-di-caracalla-0.jpg\",\"contentUrl\":\"https:\/\/www.spaziomuseovespa.com\/wp-content\/uploads\/terme-di-caracalla-0.jpg\",\"width\":1920,\"height\":1080,\"caption\":\"Terme di Caracalla\"},{\"@type\":\"BreadcrumbList\",\"@id\":\"https:\/\/www.spaziomuseovespa.com\/fr\/decouvrez-rome-et-ses-monuments\/terme-di-caracalla\/#breadcrumb\",\"itemListElement\":[{\"@type\":\"ListItem\",\"position\":1,\"name\":\"Home\",\"item\":\"https:\/\/www.spaziomuseovespa.com\/fr\/homepage\/\"},{\"@type\":\"ListItem\",\"position\":2,\"name\":\"D\u00e9couvrez Rome et ses monuments\",\"item\":\"https:\/\/www.spaziomuseovespa.com\/fr\/decouvrez-rome-et-ses-monuments\/\"},{\"@type\":\"ListItem\",\"position\":3,\"name\":\"Terme di Caracalla\"}]},{\"@type\":\"WebSite\",\"@id\":\"https:\/\/www.spaziomuseovespa.com\/fr\/#website\",\"url\":\"https:\/\/www.spaziomuseovespa.com\/fr\/\",\"name\":\"Spazio Museo Vespa\",\"description\":\"\",\"publisher\":{\"@id\":\"https:\/\/www.spaziomuseovespa.com\/fr\/#organization\"},\"potentialAction\":[{\"@type\":\"SearchAction\",\"target\":{\"@type\":\"EntryPoint\",\"urlTemplate\":\"https:\/\/www.spaziomuseovespa.com\/fr\/?s={search_term_string}\"},\"query-input\":{\"@type\":\"PropertyValueSpecification\",\"valueRequired\":true,\"valueName\":\"search_term_string\"}}],\"inLanguage\":\"fr-FR\"},{\"@type\":\"Organization\",\"@id\":\"https:\/\/www.spaziomuseovespa.com\/fr\/#organization\",\"name\":\"Spazio Museo Vespa\",\"url\":\"https:\/\/www.spaziomuseovespa.com\/fr\/\",\"logo\":{\"@type\":\"ImageObject\",\"inLanguage\":\"fr-FR\",\"@id\":\"https:\/\/www.spaziomuseovespa.com\/fr\/#\/schema\/logo\/image\/\",\"url\":\"https:\/\/www.spaziomuseovespa.com\/wp-content\/uploads\/logo.png\",\"contentUrl\":\"https:\/\/www.spaziomuseovespa.com\/wp-content\/uploads\/logo.png\",\"width\":322,\"height\":95,\"caption\":\"Spazio Museo Vespa\"},\"image\":{\"@id\":\"https:\/\/www.spaziomuseovespa.com\/fr\/#\/schema\/logo\/image\/\"}}]}<\/script>\n<!-- \/ Yoast SEO plugin. -->","yoast_head_json":{"title":"Terme di Caracalla - Spazio Museo Vespa | Visites et locations Vespa \u00e0 Rome","description":"D\u00e9couvrez Terme di Caracalla, location ou visite en vespa, v\u00e9lo, scooter, tuk tuk \u00e0 Rome, Bici Baci est votre partenaire id\u00e9al","robots":{"index":"index","follow":"follow","max-snippet":"max-snippet:-1","max-image-preview":"max-image-preview:large","max-video-preview":"max-video-preview:-1"},"canonical":"https:\/\/www.spaziomuseovespa.com\/fr\/decouvrez-rome-et-ses-monuments\/terme-di-caracalla\/","og_locale":"fr_FR","og_type":"article","og_title":"Terme di Caracalla - Spazio Museo Vespa | Visites et locations Vespa \u00e0 Rome","og_description":"D\u00e9couvrez Terme di Caracalla, location ou visite en vespa, v\u00e9lo, scooter, tuk tuk \u00e0 Rome, Bici Baci est votre partenaire id\u00e9al","og_url":"https:\/\/www.spaziomuseovespa.com\/fr\/decouvrez-rome-et-ses-monuments\/terme-di-caracalla\/","og_site_name":"Spazio Museo Vespa","article_modified_time":"2024-10-25T11:48:28+00:00","og_image":[{"width":1920,"height":1080,"url":"https:\/\/www.spaziomuseovespa.com\/wp-content\/uploads\/terme-di-caracalla-0.jpg","type":"image\/jpeg"}],"twitter_card":"summary_large_image","twitter_misc":{"Dur\u00e9e de lecture estim\u00e9e":"6 minutes"},"schema":{"@context":"https:\/\/schema.org","@graph":[{"@type":"WebPage","@id":"https:\/\/www.spaziomuseovespa.com\/fr\/decouvrez-rome-et-ses-monuments\/terme-di-caracalla\/","url":"https:\/\/www.spaziomuseovespa.com\/fr\/decouvrez-rome-et-ses-monuments\/terme-di-caracalla\/","name":"Terme di Caracalla - Spazio Museo Vespa | Visites et locations Vespa \u00e0 Rome","isPartOf":{"@id":"https:\/\/www.spaziomuseovespa.com\/fr\/#website"},"primaryImageOfPage":{"@id":"https:\/\/www.spaziomuseovespa.com\/fr\/decouvrez-rome-et-ses-monuments\/terme-di-caracalla\/#primaryimage"},"image":{"@id":"https:\/\/www.spaziomuseovespa.com\/fr\/decouvrez-rome-et-ses-monuments\/terme-di-caracalla\/#primaryimage"},"thumbnailUrl":"https:\/\/www.spaziomuseovespa.com\/wp-content\/uploads\/terme-di-caracalla-0.jpg","datePublished":"2024-10-10T11:15:10+00:00","dateModified":"2024-10-25T11:48:28+00:00","description":"D\u00e9couvrez Terme di Caracalla, location ou visite en vespa, v\u00e9lo, scooter, tuk tuk \u00e0 Rome, Bici Baci est votre partenaire id\u00e9al","breadcrumb":{"@id":"https:\/\/www.spaziomuseovespa.com\/fr\/decouvrez-rome-et-ses-monuments\/terme-di-caracalla\/#breadcrumb"},"inLanguage":"fr-FR","potentialAction":[{"@type":"ReadAction","target":["https:\/\/www.spaziomuseovespa.com\/fr\/decouvrez-rome-et-ses-monuments\/terme-di-caracalla\/"]}]},{"@type":"ImageObject","inLanguage":"fr-FR","@id":"https:\/\/www.spaziomuseovespa.com\/fr\/decouvrez-rome-et-ses-monuments\/terme-di-caracalla\/#primaryimage","url":"https:\/\/www.spaziomuseovespa.com\/wp-content\/uploads\/terme-di-caracalla-0.jpg","contentUrl":"https:\/\/www.spaziomuseovespa.com\/wp-content\/uploads\/terme-di-caracalla-0.jpg","width":1920,"height":1080,"caption":"Terme di Caracalla"},{"@type":"BreadcrumbList","@id":"https:\/\/www.spaziomuseovespa.com\/fr\/decouvrez-rome-et-ses-monuments\/terme-di-caracalla\/#breadcrumb","itemListElement":[{"@type":"ListItem","position":1,"name":"Home","item":"https:\/\/www.spaziomuseovespa.com\/fr\/homepage\/"},{"@type":"ListItem","position":2,"name":"D\u00e9couvrez Rome et ses monuments","item":"https:\/\/www.spaziomuseovespa.com\/fr\/decouvrez-rome-et-ses-monuments\/"},{"@type":"ListItem","position":3,"name":"Terme di Caracalla"}]},{"@type":"WebSite","@id":"https:\/\/www.spaziomuseovespa.com\/fr\/#website","url":"https:\/\/www.spaziomuseovespa.com\/fr\/","name":"Spazio Museo Vespa","description":"","publisher":{"@id":"https:\/\/www.spaziomuseovespa.com\/fr\/#organization"},"potentialAction":[{"@type":"SearchAction","target":{"@type":"EntryPoint","urlTemplate":"https:\/\/www.spaziomuseovespa.com\/fr\/?s={search_term_string}"},"query-input":{"@type":"PropertyValueSpecification","valueRequired":true,"valueName":"search_term_string"}}],"inLanguage":"fr-FR"},{"@type":"Organization","@id":"https:\/\/www.spaziomuseovespa.com\/fr\/#organization","name":"Spazio Museo Vespa","url":"https:\/\/www.spaziomuseovespa.com\/fr\/","logo":{"@type":"ImageObject","inLanguage":"fr-FR","@id":"https:\/\/www.spaziomuseovespa.com\/fr\/#\/schema\/logo\/image\/","url":"https:\/\/www.spaziomuseovespa.com\/wp-content\/uploads\/logo.png","contentUrl":"https:\/\/www.spaziomuseovespa.com\/wp-content\/uploads\/logo.png","width":322,"height":95,"caption":"Spazio Museo Vespa"},"image":{"@id":"https:\/\/www.spaziomuseovespa.com\/fr\/#\/schema\/logo\/image\/"}}]}},"_links":{"self":[{"href":"https:\/\/www.spaziomuseovespa.com\/fr\/wp-json\/wp\/v2\/pages\/4026","targetHints":{"allow":["GET"]}}],"collection":[{"href":"https:\/\/www.spaziomuseovespa.com\/fr\/wp-json\/wp\/v2\/pages"}],"about":[{"href":"https:\/\/www.spaziomuseovespa.com\/fr\/wp-json\/wp\/v2\/types\/page"}],"author":[{"embeddable":true,"href":"https:\/\/www.spaziomuseovespa.com\/fr\/wp-json\/wp\/v2\/users\/1"}],"replies":[{"embeddable":true,"href":"https:\/\/www.spaziomuseovespa.com\/fr\/wp-json\/wp\/v2\/comments?post=4026"}],"version-history":[{"count":0,"href":"https:\/\/www.spaziomuseovespa.com\/fr\/wp-json\/wp\/v2\/pages\/4026\/revisions"}],"up":[{"embeddable":true,"href":"https:\/\/www.spaziomuseovespa.com\/fr\/wp-json\/wp\/v2\/pages\/3366"}],"wp:featuredmedia":[{"embeddable":true,"href":"https:\/\/www.spaziomuseovespa.com\/fr\/wp-json\/wp\/v2\/media\/4864"}],"wp:attachment":[{"href":"https:\/\/www.spaziomuseovespa.com\/fr\/wp-json\/wp\/v2\/media?parent=4026"}],"wp:term":[{"taxonomy":"luogo_monumento","embeddable":true,"href":"https:\/\/www.spaziomuseovespa.com\/fr\/wp-json\/wp\/v2\/luogo_monumento?post=4026"}],"curies":[{"name":"wp","href":"https:\/\/api.w.org\/{rel}","templated":true}]}}