{"id":3525,"date":"2024-10-10T13:20:10","date_gmt":"2024-10-10T11:20:10","guid":{"rendered":"https:\/\/www.spaziomuseovespa.com\/ontdek-rome-en-zijn-monumenten\/colonna-di-marco-aurelio\/"},"modified":"2024-10-25T13:48:30","modified_gmt":"2024-10-25T11:48:30","slug":"colonna-di-marco-aurelio","status":"publish","type":"page","link":"https:\/\/www.spaziomuseovespa.com\/nl\/ontdek-rome-en-zijn-monumenten\/colonna-di-marco-aurelio\/","title":{"rendered":"Colonna di Marco Aurelio"},"content":{"rendered":"\t\t<div data-elementor-type=\"wp-page\" data-elementor-id=\"3525\" class=\"elementor elementor-3525 elementor-1583\" data-elementor-post-type=\"page\">\n\t\t\t\t<div class=\"elementor-element elementor-element-a2c7424 e-flex e-con-boxed e-con e-parent\" data-id=\"a2c7424\" data-element_type=\"container\" data-settings=\"{&quot;background_background&quot;:&quot;classic&quot;}\">\n\t\t\t\t\t<div class=\"e-con-inner\">\n\t\t\t\t<div class=\"elementor-element elementor-element-495600d elementor-widget elementor-widget-heading\" data-id=\"495600d\" data-element_type=\"widget\" data-widget_type=\"heading.default\">\n\t\t\t\t<div class=\"elementor-widget-container\">\n\t\t\t\t\t<h1 class=\"elementor-heading-title elementor-size-default\">Colonna di Marco Aurelio<\/h1>\t\t\t\t<\/div>\n\t\t\t\t<\/div>\n\t\t\t\t\t<\/div>\n\t\t\t\t<\/div>\n\t\t<div class=\"elementor-element elementor-element-fb4dc40 e-flex e-con-boxed e-con e-parent\" data-id=\"fb4dc40\" data-element_type=\"container\">\n\t\t\t\t\t<div class=\"e-con-inner\">\n\t\t\t\t<div class=\"elementor-element elementor-element-e2c4372 elementor-widget elementor-widget-text-editor\" data-id=\"e2c4372\" data-element_type=\"widget\" data-widget_type=\"text-editor.default\">\n\t\t\t\t<div class=\"elementor-widget-container\">\n\t\t\t\t\t\t\t\t\t<p>Verken Rome op twee wielen: fietstocht om de zuil van Marcus Aurelius en historische monumenten te ontdekken! Ervaar Rome als een echte local! Vespa-tour naar de Zuil van Marcus Aurelius, een reis naar het hart van de Romeinse geschiedenis. Ontdek Rome op een unieke manier met een tuk-tuk tour: van de Zuil van Marcus Aurelius tot de verborgen schatten van de eeuwige stad!   <\/p>\n\t\t\t\t\t\t\t\t<\/div>\n\t\t\t\t<\/div>\n\t\t\t\t\t<\/div>\n\t\t\t\t<\/div>\n\t\t<div class=\"elementor-element elementor-element-c43058d e-flex e-con-boxed e-con e-parent\" data-id=\"c43058d\" data-element_type=\"container\">\n\t\t\t\t\t<div class=\"e-con-inner\">\n\t\t\t\t<div class=\"elementor-element elementor-element-7b26ddd elementor-align-center elementor-mobile-align-center elementor-widget elementor-widget-button\" data-id=\"7b26ddd\" data-element_type=\"widget\" data-widget_type=\"button.default\">\n\t\t\t\t<div class=\"elementor-widget-container\">\n\t\t\t\t\t\t\t\t\t<div class=\"elementor-button-wrapper\">\n\t\t\t\t\t<a class=\"elementor-button elementor-button-link elementor-size-sm\" href=\"https:\/\/bicibaci.com\/nl\/\" target=\"_blank\">\n\t\t\t\t\t\t<span class=\"elementor-button-content-wrapper\">\n\t\t\t\t\t\t\t\t\t<span class=\"elementor-button-text\">Bici Baci, uw ideale partner om Rome te ontdekken - Tour en verhuur per Vespa, Fiets, E-bike, Scooter, Tuk Tuk - Meer informatie  <\/span>\n\t\t\t\t\t<\/span>\n\t\t\t\t\t<\/a>\n\t\t\t\t<\/div>\n\t\t\t\t\t\t\t\t<\/div>\n\t\t\t\t<\/div>\n\t\t\t\t\t<\/div>\n\t\t\t\t<\/div>\n\t\t<div class=\"elementor-element elementor-element-c1f16f6 e-flex e-con-boxed e-con e-parent\" data-id=\"c1f16f6\" data-element_type=\"container\">\n\t\t\t\t\t<div class=\"e-con-inner\">\n\t\t\t\t<div class=\"elementor-element elementor-element-bd6e412 elementor-widget elementor-widget-image\" data-id=\"bd6e412\" data-element_type=\"widget\" data-widget_type=\"image.default\">\n\t\t\t\t<div class=\"elementor-widget-container\">\n\t\t\t\t\t\t\t\t\t\t\t\t<figure class=\"wp-caption\">\n\t\t\t\t\t\t\t\t\t\t\t<a href=\"https:\/\/www.spaziomuseovespa.com\/wp-content\/uploads\/Colonna-di-Marco-Aurelio-0.jpg\" data-elementor-open-lightbox=\"yes\" data-e-action-hash=\"#elementor-action%3Aaction%3Dlightbox%26settings%3DeyJpZCI6NDM0MSwidXJsIjoiaHR0cHM6XC9cL3d3dy5zcGF6aW9tdXNlb3Zlc3BhLmNvbVwvd3AtY29udGVudFwvdXBsb2Fkc1wvQ29sb25uYS1kaS1NYXJjby1BdXJlbGlvLTAuanBnIn0%3D\">\n\t\t\t\t\t\t\t<img fetchpriority=\"high\" decoding=\"async\" width=\"1920\" height=\"1080\" src=\"https:\/\/www.spaziomuseovespa.com\/wp-content\/uploads\/Colonna-di-Marco-Aurelio-0.jpg\" class=\"attachment-full size-full wp-image-4341\" alt=\"Colonna di Marco Aurelio\" srcset=\"https:\/\/www.spaziomuseovespa.com\/wp-content\/uploads\/Colonna-di-Marco-Aurelio-0.jpg 1920w, https:\/\/www.spaziomuseovespa.com\/wp-content\/uploads\/Colonna-di-Marco-Aurelio-0-300x169.jpg 300w, https:\/\/www.spaziomuseovespa.com\/wp-content\/uploads\/Colonna-di-Marco-Aurelio-0-1024x576.jpg 1024w, https:\/\/www.spaziomuseovespa.com\/wp-content\/uploads\/Colonna-di-Marco-Aurelio-0-768x432.jpg 768w, https:\/\/www.spaziomuseovespa.com\/wp-content\/uploads\/Colonna-di-Marco-Aurelio-0-1536x864.jpg 1536w\" sizes=\"(max-width: 1920px) 100vw, 1920px\" \/>\t\t\t\t\t\t\t\t<\/a>\n\t\t\t\t\t\t\t\t\t\t\t<figcaption class=\"widget-image-caption wp-caption-text\"><\/figcaption>\n\t\t\t\t\t\t\t\t\t\t<\/figure>\n\t\t\t\t\t\t\t\t\t<\/div>\n\t\t\t\t<\/div>\n\t\t\t\t\t<\/div>\n\t\t\t\t<\/div>\n\t\t<div class=\"elementor-element elementor-element-c10a9b9 e-flex e-con-boxed e-con e-parent\" data-id=\"c10a9b9\" data-element_type=\"container\">\n\t\t\t\t\t<div class=\"e-con-inner\">\n\t\t\t\t<div class=\"elementor-element elementor-element-1e06551 elementor-widget elementor-widget-heading\" data-id=\"1e06551\" data-element_type=\"widget\" data-widget_type=\"heading.default\">\n\t\t\t\t<div class=\"elementor-widget-container\">\n\t\t\t\t\t<h2 class=\"elementor-heading-title elementor-size-default\">Wat je moet weten over de Zuil van Marcus Aurelius<\/h2>\t\t\t\t<\/div>\n\t\t\t\t<\/div>\n\t\t\t\t<div class=\"elementor-element elementor-element-e7f071c elementor-widget elementor-widget-text-editor\" data-id=\"e7f071c\" data-element_type=\"widget\" data-widget_type=\"text-editor.default\">\n\t\t\t\t<div class=\"elementor-widget-container\">\n\t\t\t\t\t\t\t\t\t<p>De Zuil van Marcus Aurelius is een van de meest indrukwekkende en historisch belangrijke monumenten in Rome, gelegen aan het Piazza Colonna. Het werd gebouwd om de militaire overwinningen van keizer Marcus Aurelius op de Germaanse en Sarmatische bevolking tussen 172 en 175 na Christus te vieren. <\/p>\n<p><strong>Structuur<\/strong>: De zuil is ongeveer 29,6 meter hoog en bestaat uit 27 blokken Carrara-marmer, uitgehouwen om sc\u00e8nes uit de militaire campagnes van de keizer weer te geven. De sc\u00e8nes zijn gerangschikt in een doorlopend spiraalvormig reli\u00ebf, dat de veldslagen en overwinningen illustreert. <\/p>\n<p><strong>Stijl<\/strong>: De zuil is ge\u00efnspireerd op de beroemde Zuil van Trajanus, maar heeft een latere kunststijl en een andere expressieve taal. De gebeeldhouwde figuren zijn groter en minder gedetailleerd dan in de Zuil van Trajanus, met een grotere nadruk op de energie van de sc\u00e8nes en de dramatische intensiteit van de afgebeelde gebeurtenissen. <\/p>\n<p><strong>Inscriptie en restauratie<\/strong>: Ondanks restauraties in de loop van de tijd zijn er geen originele inscripties die de eerste inwijding met zekerheid kunnen bevestigen. De zuil werd echter duidelijk opgericht om Marcus Aurelius te verheerlijken, en in 1589 liet paus Sixtus V er een standbeeld van St. Paulus op plaatsen, ter vervanging van het originele standbeeld van de keizer, dat nu verloren is gegaan. <\/p>\n<p><strong>Iconografie en sculpturen: <\/strong>De zuil bevat een reeks reli\u00ebfs die de Marcomannische oorlogen beschrijven, een reeks conflicten die langs de noordgrens van het Romeinse Rijk werden uitgevochten. De reli\u00ebfs zijn uitgehouwen in een spiraalvormige band die zich 21 keer om de zuil wikkelt, waardoor een doorlopend visueel verhaal ontstaat. De sc\u00e8nes verbeelden veldslagen, offers, toespraken en momenten van rust van de Romeinse troepen. In het bijzonder worden momenten met een grote emotionele en symbolische impact belicht, zoals de aflevering van het Wonder van de Regen, waarin een wonderbaarlijke storm het Romeinse leger redt van het beleg van de barbaren. Dit wonder, toegeschreven aan goddelijk ingrijpen, wordt vaak ge\u00efnterpreteerd als bewijs van de hulp van de goden aan de keizer.    <\/p>\n<p><strong>Interne structuur: <\/strong>In de zuil bevindt zich een wenteltrap met 203 treden waarmee u de top kunt bereiken. De trap werd gebruikt om toegang te krijgen tot het originele standbeeld van Marcus Aurelius en voor het onderhoud van de zuil zelf. De zuil wordt verlicht door een reeks kleine ramen langs het pad van de trap, die dienden om natuurlijk licht binnen te laten.  <\/p>\n<p><strong>Artistieke invloeden en geschiedenis van de restauratie:<\/strong> De zuil van Marcus Aurelius wordt vaak vergeleken met de zuil van Trajanus vanwege de gelijkenis in structuur en reli\u00ebfverhaal. In vergelijking met de zuil van Trajanus zijn de figuren op de zuil van Marcus Aurelius echter groter en minder verfijnd, wat een meer expressieve stijl vertegenwoordigt die de artistieke en culturele veranderingen van die tijd weerspiegelt. Door de eeuwen heen heeft de zuil verschillende restauraties ondergaan. Tijdens de Middeleeuwen werd het gedeeltelijk verlaten, maar werd het vervolgens gerestaureerd door paus Sixtus V in 1589, die een standbeeld van St. Paulus aan de top van de zuil toevoegde, ter vervanging van het oorspronkelijke standbeeld van de keizer, dat nu verloren is gegaan.   <\/p>\n<p><strong>Historische betekenis: <\/strong>De zuil vertegenwoordigt niet alleen een feestelijk monument, maar ook een gedetailleerde historische bron die ons vertelt over de militaire tactieken, gebruiken en politieke visie uit de tijd van Marcus Aurelius. Het is een bewijs van de Romeinse veerkracht en militaire capaciteiten, evenals de waarde die de keizer hechtte aan zijn imago als leider en beschermer van het rijk. Bovendien weerspiegelt het monument een belangrijke fase in de geschiedenis van Rome, toen de verdediging van het rijk langs de noordelijke grenzen steeds dringender werd. Deze conflicten en het visuele verhaal van de zuil benadrukken de moeilijkheden die Marcus Aurelius ondervond bij het handhaven van de stabiliteit van het rijk.   <\/p>\n<\/p>\n<p>De Zuil van Marcus Aurelius is daarom niet alleen een architectonisch en artistiek wonder, maar ook een symbool van Romeinse macht en spiritualiteit, dat geleerden en bezoekers van over de hele wereld blijft fascineren.<\/p>\n\t\t\t\t\t\t\t\t<\/div>\n\t\t\t\t<\/div>\n\t\t\t\t\t<\/div>\n\t\t\t\t<\/div>\n\t\t<div class=\"elementor-element elementor-element-de6f7f4 e-flex e-con-boxed e-con e-parent\" data-id=\"de6f7f4\" data-element_type=\"container\">\n\t\t\t\t\t<div class=\"e-con-inner\">\n\t\t\t\t\t<\/div>\n\t\t\t\t<\/div>\n\t\t<div class=\"elementor-element elementor-element-f0bc0b9 e-flex e-con-boxed e-con e-parent\" data-id=\"f0bc0b9\" data-element_type=\"container\">\n\t\t\t\t\t<div class=\"e-con-inner\">\n\t\t\t\t<div class=\"elementor-element elementor-element-29190b6 elementor-widget elementor-widget-heading\" data-id=\"29190b6\" data-element_type=\"widget\" data-widget_type=\"heading.default\">\n\t\t\t\t<div class=\"elementor-widget-container\">\n\t\t\t\t\t<h2 class=\"elementor-heading-title elementor-size-default\">Nieuwsgierigheid<\/h2>\t\t\t\t<\/div>\n\t\t\t\t<\/div>\n\t\t\t\t<div class=\"elementor-element elementor-element-7da5c7b elementor-widget elementor-widget-text-editor\" data-id=\"7da5c7b\" data-element_type=\"widget\" data-widget_type=\"text-editor.default\">\n\t\t\t\t<div class=\"elementor-widget-container\">\n\t\t\t\t\t\t\t\t\t<p><strong>Mirakel van de regen en het &#8220;Legio Fulminata&#8221;: <\/strong>Een van de meest merkwaardige afleveringen die op de zuil zijn afgebeeld, is het &#8220;Wonder van de regen&#8221;. Volgens de legende werd het Romeinse leger, in moeilijkheden tijdens een veldslag tegen de Quadi, gered van een wonderbaarlijke storm die hun tegenstanders trof, water gaf aan de Romeinen en de vijanden terroriseerde. Deze episode werd ge\u00efnterpreteerd als goddelijke interventie. Sommige latere christelijke bronnen schreven het toe aan de gebeden van christelijke soldaten van het Legio Fulminata (&#8220;bliksemlegioen&#8221;), hoewel Marcus Aurelius zelf de gebeurtenis toeschreef aan Jupiter, de god van bliksem en regen.   <\/p>\n<p><strong>Details van de enqu\u00eates:<\/strong> De reli\u00ebfs van de zuil zijn uiterst gedetailleerd: het is mogelijk om niet alleen de soldaten en hun harnassen te observeren, maar ook de vijanden afgebeeld met kleding en wapens die typisch zijn voor de Germaanse en Sarmatische stammen. Zelfs de gevangenen en sc\u00e8nes uit het dagelijks leven in het Romeinse kamp, zoals de bouw van vestingwerken, zijn opgenomen. Bovendien tonen sommige sc\u00e8nes de verwoesting die het Romeinse leger aanricht in vijandelijke dorpen, een zeldzaam aspect in Romeinse monumenten, meestal meer gericht op de glorie van de keizer en het leger.  <\/p>\n<p><strong>De cijfers op grotere schaal:<\/strong> In tegenstelling tot de zuil van Trajanus zijn de figuren op de zuil van Marcus Aurelius groter van schaal en veel expressiever. Deze verandering weerspiegelt een stilistische evolutie van het tijdperk, met een grotere nadruk op emotie en drama, in plaats van anatomische details en klassieke proporties. Deze stilistische keuze geeft de partituur een intensere en dramatischere toon, die de moeilijkheidsgraad en heldhaftigheid van de militaire campagnes van de keizer accentueert.  <\/p>\n<p><strong>Het verloren standbeeld van Marcus Aurelius: <\/strong>Oorspronkelijk stond er een bronzen standbeeld van keizer Marcus Aurelius op de top van de zuil. Het oorspronkelijke standbeeld is echter door de eeuwen heen verloren gegaan en tegenwoordig staat er op zijn plaats een standbeeld van St. Paulus, daar geplaatst door paus Sixtus V in 1589. Deze vervanging maakte deel uit van een project van &#8220;kerstening&#8221; van oude monumenten, om ze aan te passen aan de waarden van het katholieke Rome.  <\/p>\n<p><strong>Interieur Alleen toegankelijk voor pauselijke bewaarders:<\/strong> De zuil is hol en bevat een wenteltrap die naar boven leidt. In de afgelopen eeuwen hadden alleen pauselijke bewaarders en geautoriseerd personeel toegang tot het interieur voor onderhoud. Tegenwoordig is interne toegang alleen voorbehouden aan restaurateurs en bevoegde autoriteiten, dus het is zeldzaam om de zuil te kunnen beklimmen.  <\/p>\n<p><strong>Kopie van de basisreli\u00ebfs: <\/strong>Om het publiek in staat te stellen de gedetailleerde reli\u00ebfs te waarderen zonder omhoog te hoeven kijken, werd in 1955 een gipsen kopie van de reli\u00ebfs gemaakt die zich nu in de **Vaticaanse Musea** bevindt. Hierdoor kunnen wetenschappers en bezoekers de sc\u00e8nes in detail observeren zonder het gebruik van een verrekijker of zoom. <\/p>\n<p><strong>Oprichting van de zuil in het centrum van Rome:<\/strong> De zuil van Marcus Aurelius bevindt zich op het Piazza Colonna, in het hart van Rome, vlakbij Palazzo Chigi (zetel van de Italiaanse regering). Dit maakt het een van de best bewaarde en gemakkelijkst toegankelijke oude monumenten, evenals een symbool van de historische continu\u00efteit van de stad Rome. <\/p>\n\t\t\t\t\t\t\t\t<\/div>\n\t\t\t\t<\/div>\n\t\t\t\t\t<\/div>\n\t\t\t\t<\/div>\n\t\t<div class=\"elementor-element elementor-element-38c57a8 riga_tour e-flex e-con-boxed e-con e-parent\" data-id=\"38c57a8\" data-element_type=\"container\">\n\t\t\t\t\t<div class=\"e-con-inner\">\n\t\t\t\t<div class=\"elementor-element elementor-element-a39d7f5 elementor-widget elementor-widget-heading\" data-id=\"a39d7f5\" data-element_type=\"widget\" data-widget_type=\"heading.default\">\n\t\t\t\t<div class=\"elementor-widget-container\">\n\t\t\t\t\t<h2 class=\"elementor-heading-title elementor-size-default\">Kies je favoriete Vespa-tour om Rome te bezoeken<\/h2>\t\t\t\t<\/div>\n\t\t\t\t<\/div>\n\t\t\t\t<div class=\"elementor-element elementor-element-cb772ca elementor-widget elementor-widget-template\" data-id=\"cb772ca\" data-element_type=\"widget\" data-widget_type=\"template.default\">\n\t\t\t\t<div class=\"elementor-widget-container\">\n\t\t\t\t\t\t\t<div class=\"elementor-template\">\n\t\t\t\t\t<div data-elementor-type=\"section\" data-elementor-id=\"1970\" class=\"elementor elementor-1970 elementor-1687\" data-elementor-post-type=\"elementor_library\">\n\t\t\t<div class=\"elementor-element elementor-element-1497235 riga_tour e-flex e-con-boxed e-con e-parent\" data-id=\"1497235\" data-element_type=\"container\">\n\t\t\t\t\t<div class=\"e-con-inner\">\n\t\t<div class=\"elementor-element elementor-element-586e2e8 e-con-full e-flex e-con e-child\" data-id=\"586e2e8\" data-element_type=\"container\">\n\t\t<div class=\"elementor-element elementor-element-6b49b07 e-con-full e-flex e-con e-child\" data-id=\"6b49b07\" data-element_type=\"container\">\n\t\t\t\t<div class=\"elementor-element elementor-element-fc87d99 elementor-widget elementor-widget-image\" data-id=\"fc87d99\" data-element_type=\"widget\" data-widget_type=\"image.default\">\n\t\t\t\t<div class=\"elementor-widget-container\">\n\t\t\t\t\t\t\t\t\t\t\t\t<figure class=\"wp-caption\">\n\t\t\t\t\t\t\t\t\t\t\t<a href=\"https:\/\/www.spaziomuseovespa.com\/vespa-tour-grand-tour-di-roma\/\">\n\t\t\t\t\t\t\t<img decoding=\"async\" width=\"600\" height=\"469\" src=\"https:\/\/www.spaziomuseovespa.com\/wp-content\/uploads\/gran_tour_roma.jpg\" class=\"attachment-medium_large size-medium_large wp-image-440\" alt=\"\" srcset=\"https:\/\/www.spaziomuseovespa.com\/wp-content\/uploads\/gran_tour_roma.jpg 600w, https:\/\/www.spaziomuseovespa.com\/wp-content\/uploads\/gran_tour_roma-300x235.jpg 300w\" sizes=\"(max-width: 600px) 100vw, 600px\" \/>\t\t\t\t\t\t\t\t<\/a>\n\t\t\t\t\t\t\t\t\t\t\t<figcaption class=\"widget-image-caption wp-caption-text\">Vespa tour<br>Grote tour door Rome<\/figcaption>\n\t\t\t\t\t\t\t\t\t\t<\/figure>\n\t\t\t\t\t\t\t\t\t<\/div>\n\t\t\t\t<\/div>\n\t\t\t\t<\/div>\n\t\t<div class=\"elementor-element elementor-element-daa5749 e-con-full e-flex e-con e-child\" data-id=\"daa5749\" data-element_type=\"container\">\n\t\t\t\t<div class=\"elementor-element elementor-element-11cf106 elementor-widget elementor-widget-image\" data-id=\"11cf106\" data-element_type=\"widget\" data-widget_type=\"image.default\">\n\t\t\t\t<div class=\"elementor-widget-container\">\n\t\t\t\t\t\t\t\t\t\t\t\t<figure class=\"wp-caption\">\n\t\t\t\t\t\t\t\t\t\t\t<a href=\"https:\/\/www.spaziomuseovespa.com\/vespa-tour-rome-movie-sets\/\">\n\t\t\t\t\t\t\t<img decoding=\"async\" width=\"600\" height=\"469\" src=\"https:\/\/www.spaziomuseovespa.com\/wp-content\/uploads\/tour_rome_movie_set.jpg\" class=\"attachment-medium_large size-medium_large wp-image-425\" alt=\"\" srcset=\"https:\/\/www.spaziomuseovespa.com\/wp-content\/uploads\/tour_rome_movie_set.jpg 600w, https:\/\/www.spaziomuseovespa.com\/wp-content\/uploads\/tour_rome_movie_set-300x235.jpg 300w\" sizes=\"(max-width: 600px) 100vw, 600px\" \/>\t\t\t\t\t\t\t\t<\/a>\n\t\t\t\t\t\t\t\t\t\t\t<figcaption class=\"widget-image-caption wp-caption-text\">Vespa tour<br>Roma Movie Set<\/figcaption>\n\t\t\t\t\t\t\t\t\t\t<\/figure>\n\t\t\t\t\t\t\t\t\t<\/div>\n\t\t\t\t<\/div>\n\t\t\t\t<\/div>\n\t\t<div class=\"elementor-element elementor-element-912acab e-con-full e-flex e-con e-child\" data-id=\"912acab\" data-element_type=\"container\">\n\t\t\t\t<div class=\"elementor-element elementor-element-0846c51 elementor-widget elementor-widget-image\" data-id=\"0846c51\" data-element_type=\"widget\" data-widget_type=\"image.default\">\n\t\t\t\t<div class=\"elementor-widget-container\">\n\t\t\t\t\t\t\t\t\t\t\t\t<figure class=\"wp-caption\">\n\t\t\t\t\t\t\t\t\t\t\t<a href=\"https:\/\/www.spaziomuseovespa.com\/vespa-tour-castelli-romani\/\">\n\t\t\t\t\t\t\t<img loading=\"lazy\" decoding=\"async\" width=\"600\" height=\"469\" src=\"https:\/\/www.spaziomuseovespa.com\/wp-content\/uploads\/Il-Tour-dei-Castelli-Romani.jpg\" class=\"attachment-medium_large size-medium_large wp-image-435\" alt=\"\" srcset=\"https:\/\/www.spaziomuseovespa.com\/wp-content\/uploads\/Il-Tour-dei-Castelli-Romani.jpg 600w, https:\/\/www.spaziomuseovespa.com\/wp-content\/uploads\/Il-Tour-dei-Castelli-Romani-300x235.jpg 300w\" sizes=\"(max-width: 600px) 100vw, 600px\" \/>\t\t\t\t\t\t\t\t<\/a>\n\t\t\t\t\t\t\t\t\t\t\t<figcaption class=\"widget-image-caption wp-caption-text\">Vespa tour<br>Castelli Romani<\/figcaption>\n\t\t\t\t\t\t\t\t\t\t<\/figure>\n\t\t\t\t\t\t\t\t\t<\/div>\n\t\t\t\t<\/div>\n\t\t\t\t<\/div>\n\t\t<div class=\"elementor-element elementor-element-4853cba e-con-full e-flex e-con e-child\" data-id=\"4853cba\" data-element_type=\"container\">\n\t\t\t\t<div class=\"elementor-element elementor-element-4f272a1 elementor-widget elementor-widget-image\" data-id=\"4f272a1\" data-element_type=\"widget\" data-widget_type=\"image.default\">\n\t\t\t\t<div class=\"elementor-widget-container\">\n\t\t\t\t\t\t\t\t\t\t\t\t<figure class=\"wp-caption\">\n\t\t\t\t\t\t\t\t\t\t\t<a href=\"https:\/\/www.spaziomuseovespa.com\/vespa-tour-roma-moderna-e-ostia-antica\/\">\n\t\t\t\t\t\t\t<img loading=\"lazy\" decoding=\"async\" width=\"600\" height=\"469\" src=\"https:\/\/www.spaziomuseovespa.com\/wp-content\/uploads\/Vespa-Tour-Roma-moderna-e-Ostia-Antica.jpg\" class=\"attachment-medium_large size-medium_large wp-image-430\" alt=\"\" srcset=\"https:\/\/www.spaziomuseovespa.com\/wp-content\/uploads\/Vespa-Tour-Roma-moderna-e-Ostia-Antica.jpg 600w, https:\/\/www.spaziomuseovespa.com\/wp-content\/uploads\/Vespa-Tour-Roma-moderna-e-Ostia-Antica-300x235.jpg 300w\" sizes=\"(max-width: 600px) 100vw, 600px\" \/>\t\t\t\t\t\t\t\t<\/a>\n\t\t\t\t\t\t\t\t\t\t\t<figcaption class=\"widget-image-caption wp-caption-text\">Vespa tour<br>Rome en Ostia Antica<\/figcaption>\n\t\t\t\t\t\t\t\t\t\t<\/figure>\n\t\t\t\t\t\t\t\t\t<\/div>\n\t\t\t\t<\/div>\n\t\t\t\t<\/div>\n\t\t\t\t<\/div>\n\t\t\t\t\t<\/div>\n\t\t\t\t<\/div>\n\t\t\t\t<\/div>\n\t\t\t\t<\/div>\n\t\t\t\t\t\t<\/div>\n\t\t\t\t<\/div>\n\t\t\t\t\t<\/div>\n\t\t\t\t<\/div>\n\t\t<div class=\"elementor-element elementor-element-fbe5593 e-flex e-con-boxed e-con e-parent\" data-id=\"fbe5593\" data-element_type=\"container\">\n\t\t\t\t\t<div class=\"e-con-inner\">\n\t\t\t\t<div class=\"elementor-element elementor-element-9a1da9e elementor-widget elementor-widget-heading\" data-id=\"9a1da9e\" data-element_type=\"widget\" data-widget_type=\"heading.default\">\n\t\t\t\t<div class=\"elementor-widget-container\">\n\t\t\t\t\t<h2 class=\"elementor-heading-title elementor-size-default\">... en als je een ervaren chauffeur bent, huur dan een Vespa om de wonderen van Rome te ontdekken.<\/h2>\t\t\t\t<\/div>\n\t\t\t\t<\/div>\n\t\t\t\t<div class=\"elementor-element elementor-element-144e12e elementor-widget elementor-widget-template\" data-id=\"144e12e\" data-element_type=\"widget\" data-widget_type=\"template.default\">\n\t\t\t\t<div class=\"elementor-widget-container\">\n\t\t\t\t\t\t\t<div class=\"elementor-template\">\n\t\t\t\t\t<div data-elementor-type=\"section\" data-elementor-id=\"1959\" class=\"elementor elementor-1959 elementor-1698\" data-elementor-post-type=\"elementor_library\">\n\t\t\t<div class=\"elementor-element elementor-element-ab87375 e-flex e-con-boxed e-con e-parent\" data-id=\"ab87375\" data-element_type=\"container\">\n\t\t\t\t\t<div class=\"e-con-inner\">\n\t\t<div class=\"elementor-element elementor-element-6eef2e6 e-con-full e-flex e-con e-child\" data-id=\"6eef2e6\" data-element_type=\"container\">\n\t\t<div class=\"elementor-element elementor-element-341e335 e-con-full e-flex e-con e-child\" data-id=\"341e335\" data-element_type=\"container\">\n\t\t\t\t<div class=\"elementor-element elementor-element-56b5421 elementor-widget elementor-widget-image\" data-id=\"56b5421\" data-element_type=\"widget\" data-widget_type=\"image.default\">\n\t\t\t\t<div class=\"elementor-widget-container\">\n\t\t\t\t\t\t\t\t\t\t\t\t\t\t\t\t<a href=\"https:\/\/bicibaci.com\/nl\/\" target=\"_blank\">\n\t\t\t\t\t\t\t<img loading=\"lazy\" decoding=\"async\" width=\"200\" height=\"49\" src=\"https:\/\/www.spaziomuseovespa.com\/wp-content\/uploads\/bicibaci-logo-2023.webp\" class=\"attachment-medium_large size-medium_large wp-image-580\" alt=\"\" \/>\t\t\t\t\t\t\t\t<\/a>\n\t\t\t\t\t\t\t\t\t\t\t\t\t\t\t<\/div>\n\t\t\t\t<\/div>\n\t\t\t\t<div class=\"elementor-element elementor-element-99c90bf elementor-widget elementor-widget-heading\" data-id=\"99c90bf\" data-element_type=\"widget\" data-widget_type=\"heading.default\">\n\t\t\t\t<div class=\"elementor-widget-container\">\n\t\t\t\t\t<h2 class=\"elementor-heading-title elementor-size-default\"><a href=\"https:\/\/bicibaci.com\/nl\/\" target=\"_blank\">bicibaci.com\/nl<\/a><\/h2>\t\t\t\t<\/div>\n\t\t\t\t<\/div>\n\t\t\t\t<div class=\"elementor-element elementor-element-5ebd6b2 elementor-widget elementor-widget-heading\" data-id=\"5ebd6b2\" data-element_type=\"widget\" data-widget_type=\"heading.default\">\n\t\t\t\t<div class=\"elementor-widget-container\">\n\t\t\t\t\t<div class=\"elementor-heading-title elementor-size-default\">Je ideale partner<\/div>\t\t\t\t<\/div>\n\t\t\t\t<\/div>\n\t\t\t\t<\/div>\n\t\t<div class=\"elementor-element elementor-element-8778fe8 e-con-full e-flex e-con e-child\" data-id=\"8778fe8\" data-element_type=\"container\">\n\t\t\t\t<div class=\"elementor-element elementor-element-c00a063 elementor-widget elementor-widget-image\" data-id=\"c00a063\" data-element_type=\"widget\" data-widget_type=\"image.default\">\n\t\t\t\t<div class=\"elementor-widget-container\">\n\t\t\t\t\t\t\t\t\t\t\t\t\t\t\t\t<a href=\"https:\/\/bicibaci.com\/nl\/product\/scooter-category-b1\/\" target=\"_blank\">\n\t\t\t\t\t\t\t<img loading=\"lazy\" decoding=\"async\" width=\"600\" height=\"471\" src=\"https:\/\/www.spaziomuseovespa.com\/wp-content\/uploads\/scooter_cat_b1.jpg\" class=\"attachment-medium_large size-medium_large wp-image-560\" alt=\"\" srcset=\"https:\/\/www.spaziomuseovespa.com\/wp-content\/uploads\/scooter_cat_b1.jpg 600w, https:\/\/www.spaziomuseovespa.com\/wp-content\/uploads\/scooter_cat_b1-300x236.jpg 300w\" sizes=\"(max-width: 600px) 100vw, 600px\" \/>\t\t\t\t\t\t\t\t<\/a>\n\t\t\t\t\t\t\t\t\t\t\t\t\t\t\t<\/div>\n\t\t\t\t<\/div>\n\t\t\t\t<\/div>\n\t\t<div class=\"elementor-element elementor-element-b1f717e e-con-full e-flex e-con e-child\" data-id=\"b1f717e\" data-element_type=\"container\">\n\t\t\t\t<div class=\"elementor-element elementor-element-c4d5fb6 elementor-widget elementor-widget-image\" data-id=\"c4d5fb6\" data-element_type=\"widget\" data-widget_type=\"image.default\">\n\t\t\t\t<div class=\"elementor-widget-container\">\n\t\t\t\t\t\t\t\t\t\t\t\t\t\t\t\t<a href=\"https:\/\/bicibaci.com\/nl\/product\/scooter-category-e\/\" target=\"_blank\">\n\t\t\t\t\t\t\t<img loading=\"lazy\" decoding=\"async\" width=\"600\" height=\"471\" src=\"https:\/\/www.spaziomuseovespa.com\/wp-content\/uploads\/vespa_red_cat_E.jpg\" class=\"attachment-medium_large size-medium_large wp-image-575\" alt=\"\" srcset=\"https:\/\/www.spaziomuseovespa.com\/wp-content\/uploads\/vespa_red_cat_E.jpg 600w, https:\/\/www.spaziomuseovespa.com\/wp-content\/uploads\/vespa_red_cat_E-300x236.jpg 300w\" sizes=\"(max-width: 600px) 100vw, 600px\" \/>\t\t\t\t\t\t\t\t<\/a>\n\t\t\t\t\t\t\t\t\t\t\t\t\t\t\t<\/div>\n\t\t\t\t<\/div>\n\t\t\t\t<\/div>\n\t\t<div class=\"elementor-element elementor-element-6868fe3 e-con-full e-flex e-con e-child\" data-id=\"6868fe3\" data-element_type=\"container\">\n\t\t\t\t<div class=\"elementor-element elementor-element-763973b elementor-widget elementor-widget-image\" data-id=\"763973b\" data-element_type=\"widget\" data-widget_type=\"image.default\">\n\t\t\t\t<div class=\"elementor-widget-container\">\n\t\t\t\t\t\t\t\t\t\t\t\t\t\t\t\t<a href=\"https:\/\/bicibaci.com\/nl\/product\/vespa-street-art\/\" target=\"_blank\">\n\t\t\t\t\t\t\t<img loading=\"lazy\" decoding=\"async\" width=\"600\" height=\"471\" src=\"https:\/\/www.spaziomuseovespa.com\/wp-content\/uploads\/vespa-street-art.jpg\" class=\"attachment-medium_large size-medium_large wp-image-570\" alt=\"\" srcset=\"https:\/\/www.spaziomuseovespa.com\/wp-content\/uploads\/vespa-street-art.jpg 600w, https:\/\/www.spaziomuseovespa.com\/wp-content\/uploads\/vespa-street-art-300x236.jpg 300w\" sizes=\"(max-width: 600px) 100vw, 600px\" \/>\t\t\t\t\t\t\t\t<\/a>\n\t\t\t\t\t\t\t\t\t\t\t\t\t\t\t<\/div>\n\t\t\t\t<\/div>\n\t\t\t\t<\/div>\n\t\t<div class=\"elementor-element elementor-element-7c7d8ac e-con-full e-flex e-con e-child\" data-id=\"7c7d8ac\" data-element_type=\"container\">\n\t\t\t\t<div class=\"elementor-element elementor-element-69c1f6c elementor-widget elementor-widget-image\" data-id=\"69c1f6c\" data-element_type=\"widget\" data-widget_type=\"image.default\">\n\t\t\t\t<div class=\"elementor-widget-container\">\n\t\t\t\t\t\t\t\t\t\t\t\t\t\t\t\t<a href=\"https:\/\/bicibaci.com\/nl\/product\/scooter-category-f\/\" target=\"_blank\">\n\t\t\t\t\t\t\t<img loading=\"lazy\" decoding=\"async\" width=\"600\" height=\"471\" src=\"https:\/\/www.spaziomuseovespa.com\/wp-content\/uploads\/vespa_red_cat_F.jpg\" class=\"attachment-medium_large size-medium_large wp-image-565\" alt=\"\" srcset=\"https:\/\/www.spaziomuseovespa.com\/wp-content\/uploads\/vespa_red_cat_F.jpg 600w, https:\/\/www.spaziomuseovespa.com\/wp-content\/uploads\/vespa_red_cat_F-300x236.jpg 300w\" sizes=\"(max-width: 600px) 100vw, 600px\" \/>\t\t\t\t\t\t\t\t<\/a>\n\t\t\t\t\t\t\t\t\t\t\t\t\t\t\t<\/div>\n\t\t\t\t<\/div>\n\t\t\t\t<\/div>\n\t\t\t\t<\/div>\n\t\t\t\t\t<\/div>\n\t\t\t\t<\/div>\n\t\t\t\t<\/div>\n\t\t\t\t<\/div>\n\t\t\t\t\t\t<\/div>\n\t\t\t\t<\/div>\n\t\t\t\t\t<\/div>\n\t\t\t\t<\/div>\n\t\t\t\t<\/div>\n\t\t","protected":false},"excerpt":{"rendered":"<p>Verken Rome op twee wielen: fietstocht om de zuil van Marcus Aurelius en historische monumenten te ontdekken! Ervaar Rome als een echte local! Vespa-tour naar de Zuil van Marcus Aurelius, een reis naar het hart van de Romeinse geschiedenis. Ontdek Rome op een unieke manier met een tuk-tuk tour: van de Zuil van Marcus Aurelius [&hellip;]<\/p>\n","protected":false},"author":1,"featured_media":4341,"parent":3375,"menu_order":0,"comment_status":"closed","ping_status":"closed","template":"","meta":{"footnotes":""},"luogo_monumento":[48],"class_list":["post-3525","page","type-page","status-publish","has-post-thumbnail","hentry","luogo_monumento-roma-antica-nl"],"yoast_head":"<!-- This site is optimized with the Yoast SEO plugin v26.7 - https:\/\/yoast.com\/wordpress\/plugins\/seo\/ -->\n<title>Colonna di Marco Aurelio - Spazio Museo Vespa | Vespa-rondleidingen en -verhuur in Rome<\/title>\n<meta name=\"description\" content=\"Ontdek Colonna di Marco Aurelio, verhuur of tour per vespa, fiets, scooter, tuk tuk in Rome, Bici Baci is uw ideale partner\" \/>\n<meta name=\"robots\" content=\"index, follow, max-snippet:-1, max-image-preview:large, max-video-preview:-1\" \/>\n<link rel=\"canonical\" href=\"https:\/\/www.spaziomuseovespa.com\/nl\/ontdek-rome-en-zijn-monumenten\/colonna-di-marco-aurelio\/\" \/>\n<meta property=\"og:locale\" content=\"nl_NL\" \/>\n<meta property=\"og:type\" content=\"article\" \/>\n<meta property=\"og:title\" content=\"Colonna di Marco Aurelio - Spazio Museo Vespa | Vespa-rondleidingen en -verhuur in Rome\" \/>\n<meta property=\"og:description\" content=\"Ontdek Colonna di Marco Aurelio, verhuur of tour per vespa, fiets, scooter, tuk tuk in Rome, Bici Baci is uw ideale partner\" \/>\n<meta property=\"og:url\" content=\"https:\/\/www.spaziomuseovespa.com\/nl\/ontdek-rome-en-zijn-monumenten\/colonna-di-marco-aurelio\/\" \/>\n<meta property=\"og:site_name\" content=\"Spazio Museo Vespa\" \/>\n<meta property=\"article:modified_time\" content=\"2024-10-25T11:48:30+00:00\" \/>\n<meta property=\"og:image\" content=\"https:\/\/www.spaziomuseovespa.com\/wp-content\/uploads\/Colonna-di-Marco-Aurelio-0.jpg\" \/>\n\t<meta property=\"og:image:width\" content=\"1920\" \/>\n\t<meta property=\"og:image:height\" content=\"1080\" \/>\n\t<meta property=\"og:image:type\" content=\"image\/jpeg\" \/>\n<meta name=\"twitter:card\" content=\"summary_large_image\" \/>\n<meta name=\"twitter:label1\" content=\"Geschatte leestijd\" \/>\n\t<meta name=\"twitter:data1\" content=\"7 minuten\" \/>\n<script type=\"application\/ld+json\" class=\"yoast-schema-graph\">{\"@context\":\"https:\/\/schema.org\",\"@graph\":[{\"@type\":\"WebPage\",\"@id\":\"https:\/\/www.spaziomuseovespa.com\/nl\/ontdek-rome-en-zijn-monumenten\/colonna-di-marco-aurelio\/\",\"url\":\"https:\/\/www.spaziomuseovespa.com\/nl\/ontdek-rome-en-zijn-monumenten\/colonna-di-marco-aurelio\/\",\"name\":\"Colonna di Marco Aurelio - Spazio Museo Vespa | Vespa-rondleidingen en -verhuur in Rome\",\"isPartOf\":{\"@id\":\"https:\/\/www.spaziomuseovespa.com\/nl\/#website\"},\"primaryImageOfPage\":{\"@id\":\"https:\/\/www.spaziomuseovespa.com\/nl\/ontdek-rome-en-zijn-monumenten\/colonna-di-marco-aurelio\/#primaryimage\"},\"image\":{\"@id\":\"https:\/\/www.spaziomuseovespa.com\/nl\/ontdek-rome-en-zijn-monumenten\/colonna-di-marco-aurelio\/#primaryimage\"},\"thumbnailUrl\":\"https:\/\/www.spaziomuseovespa.com\/wp-content\/uploads\/Colonna-di-Marco-Aurelio-0.jpg\",\"datePublished\":\"2024-10-10T11:20:10+00:00\",\"dateModified\":\"2024-10-25T11:48:30+00:00\",\"description\":\"Ontdek Colonna di Marco Aurelio, verhuur of tour per vespa, fiets, scooter, tuk tuk in Rome, Bici Baci is uw ideale partner\",\"breadcrumb\":{\"@id\":\"https:\/\/www.spaziomuseovespa.com\/nl\/ontdek-rome-en-zijn-monumenten\/colonna-di-marco-aurelio\/#breadcrumb\"},\"inLanguage\":\"nl-NL\",\"potentialAction\":[{\"@type\":\"ReadAction\",\"target\":[\"https:\/\/www.spaziomuseovespa.com\/nl\/ontdek-rome-en-zijn-monumenten\/colonna-di-marco-aurelio\/\"]}]},{\"@type\":\"ImageObject\",\"inLanguage\":\"nl-NL\",\"@id\":\"https:\/\/www.spaziomuseovespa.com\/nl\/ontdek-rome-en-zijn-monumenten\/colonna-di-marco-aurelio\/#primaryimage\",\"url\":\"https:\/\/www.spaziomuseovespa.com\/wp-content\/uploads\/Colonna-di-Marco-Aurelio-0.jpg\",\"contentUrl\":\"https:\/\/www.spaziomuseovespa.com\/wp-content\/uploads\/Colonna-di-Marco-Aurelio-0.jpg\",\"width\":1920,\"height\":1080,\"caption\":\"Colonna di Marco Aurelio\"},{\"@type\":\"BreadcrumbList\",\"@id\":\"https:\/\/www.spaziomuseovespa.com\/nl\/ontdek-rome-en-zijn-monumenten\/colonna-di-marco-aurelio\/#breadcrumb\",\"itemListElement\":[{\"@type\":\"ListItem\",\"position\":1,\"name\":\"Home\",\"item\":\"https:\/\/www.spaziomuseovespa.com\/nl\/homepage\/\"},{\"@type\":\"ListItem\",\"position\":2,\"name\":\"Ontdek Rome en zijn monumenten\",\"item\":\"https:\/\/www.spaziomuseovespa.com\/nl\/ontdek-rome-en-zijn-monumenten\/\"},{\"@type\":\"ListItem\",\"position\":3,\"name\":\"Colonna di Marco Aurelio\"}]},{\"@type\":\"WebSite\",\"@id\":\"https:\/\/www.spaziomuseovespa.com\/nl\/#website\",\"url\":\"https:\/\/www.spaziomuseovespa.com\/nl\/\",\"name\":\"Spazio Museo Vespa\",\"description\":\"\",\"publisher\":{\"@id\":\"https:\/\/www.spaziomuseovespa.com\/nl\/#organization\"},\"potentialAction\":[{\"@type\":\"SearchAction\",\"target\":{\"@type\":\"EntryPoint\",\"urlTemplate\":\"https:\/\/www.spaziomuseovespa.com\/nl\/?s={search_term_string}\"},\"query-input\":{\"@type\":\"PropertyValueSpecification\",\"valueRequired\":true,\"valueName\":\"search_term_string\"}}],\"inLanguage\":\"nl-NL\"},{\"@type\":\"Organization\",\"@id\":\"https:\/\/www.spaziomuseovespa.com\/nl\/#organization\",\"name\":\"Spazio Museo Vespa\",\"url\":\"https:\/\/www.spaziomuseovespa.com\/nl\/\",\"logo\":{\"@type\":\"ImageObject\",\"inLanguage\":\"nl-NL\",\"@id\":\"https:\/\/www.spaziomuseovespa.com\/nl\/#\/schema\/logo\/image\/\",\"url\":\"https:\/\/www.spaziomuseovespa.com\/wp-content\/uploads\/logo.png\",\"contentUrl\":\"https:\/\/www.spaziomuseovespa.com\/wp-content\/uploads\/logo.png\",\"width\":322,\"height\":95,\"caption\":\"Spazio Museo Vespa\"},\"image\":{\"@id\":\"https:\/\/www.spaziomuseovespa.com\/nl\/#\/schema\/logo\/image\/\"}}]}<\/script>\n<!-- \/ Yoast SEO plugin. -->","yoast_head_json":{"title":"Colonna di Marco Aurelio - Spazio Museo Vespa | Vespa-rondleidingen en -verhuur in Rome","description":"Ontdek Colonna di Marco Aurelio, verhuur of tour per vespa, fiets, scooter, tuk tuk in Rome, Bici Baci is uw ideale partner","robots":{"index":"index","follow":"follow","max-snippet":"max-snippet:-1","max-image-preview":"max-image-preview:large","max-video-preview":"max-video-preview:-1"},"canonical":"https:\/\/www.spaziomuseovespa.com\/nl\/ontdek-rome-en-zijn-monumenten\/colonna-di-marco-aurelio\/","og_locale":"nl_NL","og_type":"article","og_title":"Colonna di Marco Aurelio - Spazio Museo Vespa | Vespa-rondleidingen en -verhuur in Rome","og_description":"Ontdek Colonna di Marco Aurelio, verhuur of tour per vespa, fiets, scooter, tuk tuk in Rome, Bici Baci is uw ideale partner","og_url":"https:\/\/www.spaziomuseovespa.com\/nl\/ontdek-rome-en-zijn-monumenten\/colonna-di-marco-aurelio\/","og_site_name":"Spazio Museo Vespa","article_modified_time":"2024-10-25T11:48:30+00:00","og_image":[{"width":1920,"height":1080,"url":"https:\/\/www.spaziomuseovespa.com\/wp-content\/uploads\/Colonna-di-Marco-Aurelio-0.jpg","type":"image\/jpeg"}],"twitter_card":"summary_large_image","twitter_misc":{"Geschatte leestijd":"7 minuten"},"schema":{"@context":"https:\/\/schema.org","@graph":[{"@type":"WebPage","@id":"https:\/\/www.spaziomuseovespa.com\/nl\/ontdek-rome-en-zijn-monumenten\/colonna-di-marco-aurelio\/","url":"https:\/\/www.spaziomuseovespa.com\/nl\/ontdek-rome-en-zijn-monumenten\/colonna-di-marco-aurelio\/","name":"Colonna di Marco Aurelio - Spazio Museo Vespa | Vespa-rondleidingen en -verhuur in Rome","isPartOf":{"@id":"https:\/\/www.spaziomuseovespa.com\/nl\/#website"},"primaryImageOfPage":{"@id":"https:\/\/www.spaziomuseovespa.com\/nl\/ontdek-rome-en-zijn-monumenten\/colonna-di-marco-aurelio\/#primaryimage"},"image":{"@id":"https:\/\/www.spaziomuseovespa.com\/nl\/ontdek-rome-en-zijn-monumenten\/colonna-di-marco-aurelio\/#primaryimage"},"thumbnailUrl":"https:\/\/www.spaziomuseovespa.com\/wp-content\/uploads\/Colonna-di-Marco-Aurelio-0.jpg","datePublished":"2024-10-10T11:20:10+00:00","dateModified":"2024-10-25T11:48:30+00:00","description":"Ontdek Colonna di Marco Aurelio, verhuur of tour per vespa, fiets, scooter, tuk tuk in Rome, Bici Baci is uw ideale partner","breadcrumb":{"@id":"https:\/\/www.spaziomuseovespa.com\/nl\/ontdek-rome-en-zijn-monumenten\/colonna-di-marco-aurelio\/#breadcrumb"},"inLanguage":"nl-NL","potentialAction":[{"@type":"ReadAction","target":["https:\/\/www.spaziomuseovespa.com\/nl\/ontdek-rome-en-zijn-monumenten\/colonna-di-marco-aurelio\/"]}]},{"@type":"ImageObject","inLanguage":"nl-NL","@id":"https:\/\/www.spaziomuseovespa.com\/nl\/ontdek-rome-en-zijn-monumenten\/colonna-di-marco-aurelio\/#primaryimage","url":"https:\/\/www.spaziomuseovespa.com\/wp-content\/uploads\/Colonna-di-Marco-Aurelio-0.jpg","contentUrl":"https:\/\/www.spaziomuseovespa.com\/wp-content\/uploads\/Colonna-di-Marco-Aurelio-0.jpg","width":1920,"height":1080,"caption":"Colonna di Marco Aurelio"},{"@type":"BreadcrumbList","@id":"https:\/\/www.spaziomuseovespa.com\/nl\/ontdek-rome-en-zijn-monumenten\/colonna-di-marco-aurelio\/#breadcrumb","itemListElement":[{"@type":"ListItem","position":1,"name":"Home","item":"https:\/\/www.spaziomuseovespa.com\/nl\/homepage\/"},{"@type":"ListItem","position":2,"name":"Ontdek Rome en zijn monumenten","item":"https:\/\/www.spaziomuseovespa.com\/nl\/ontdek-rome-en-zijn-monumenten\/"},{"@type":"ListItem","position":3,"name":"Colonna di Marco Aurelio"}]},{"@type":"WebSite","@id":"https:\/\/www.spaziomuseovespa.com\/nl\/#website","url":"https:\/\/www.spaziomuseovespa.com\/nl\/","name":"Spazio Museo Vespa","description":"","publisher":{"@id":"https:\/\/www.spaziomuseovespa.com\/nl\/#organization"},"potentialAction":[{"@type":"SearchAction","target":{"@type":"EntryPoint","urlTemplate":"https:\/\/www.spaziomuseovespa.com\/nl\/?s={search_term_string}"},"query-input":{"@type":"PropertyValueSpecification","valueRequired":true,"valueName":"search_term_string"}}],"inLanguage":"nl-NL"},{"@type":"Organization","@id":"https:\/\/www.spaziomuseovespa.com\/nl\/#organization","name":"Spazio Museo Vespa","url":"https:\/\/www.spaziomuseovespa.com\/nl\/","logo":{"@type":"ImageObject","inLanguage":"nl-NL","@id":"https:\/\/www.spaziomuseovespa.com\/nl\/#\/schema\/logo\/image\/","url":"https:\/\/www.spaziomuseovespa.com\/wp-content\/uploads\/logo.png","contentUrl":"https:\/\/www.spaziomuseovespa.com\/wp-content\/uploads\/logo.png","width":322,"height":95,"caption":"Spazio Museo Vespa"},"image":{"@id":"https:\/\/www.spaziomuseovespa.com\/nl\/#\/schema\/logo\/image\/"}}]}},"_links":{"self":[{"href":"https:\/\/www.spaziomuseovespa.com\/nl\/wp-json\/wp\/v2\/pages\/3525","targetHints":{"allow":["GET"]}}],"collection":[{"href":"https:\/\/www.spaziomuseovespa.com\/nl\/wp-json\/wp\/v2\/pages"}],"about":[{"href":"https:\/\/www.spaziomuseovespa.com\/nl\/wp-json\/wp\/v2\/types\/page"}],"author":[{"embeddable":true,"href":"https:\/\/www.spaziomuseovespa.com\/nl\/wp-json\/wp\/v2\/users\/1"}],"replies":[{"embeddable":true,"href":"https:\/\/www.spaziomuseovespa.com\/nl\/wp-json\/wp\/v2\/comments?post=3525"}],"version-history":[{"count":0,"href":"https:\/\/www.spaziomuseovespa.com\/nl\/wp-json\/wp\/v2\/pages\/3525\/revisions"}],"up":[{"embeddable":true,"href":"https:\/\/www.spaziomuseovespa.com\/nl\/wp-json\/wp\/v2\/pages\/3375"}],"wp:featuredmedia":[{"embeddable":true,"href":"https:\/\/www.spaziomuseovespa.com\/nl\/wp-json\/wp\/v2\/media\/4341"}],"wp:attachment":[{"href":"https:\/\/www.spaziomuseovespa.com\/nl\/wp-json\/wp\/v2\/media?parent=3525"}],"wp:term":[{"taxonomy":"luogo_monumento","embeddable":true,"href":"https:\/\/www.spaziomuseovespa.com\/nl\/wp-json\/wp\/v2\/luogo_monumento?post=3525"}],"curies":[{"name":"wp","href":"https:\/\/api.w.org\/{rel}","templated":true}]}}